{"id":30207,"date":"2025-07-22T11:26:37","date_gmt":"2025-07-22T09:26:37","guid":{"rendered":"https:\/\/www.savoiaterme.it\/easy-day-ingresso-giornaliero-spa-savoia\/"},"modified":"2026-03-27T12:20:58","modified_gmt":"2026-03-27T11:20:58","slug":"easy-day-tageszugang-spa-savoia","status":"publish","type":"page","link":"https:\/\/www.savoiaterme.it\/de\/easy-day-tageszugang-spa-savoia\/","title":{"rendered":"Easy Day \u2013 Tageszugang SPA Savoia"},"content":{"rendered":"<div  class=\"grids-section grids-is-advanced\" style=\"--_gs-gap-desktop:0px 0px;--_gs-m-desktop:0 0 0 0;--_gs-p-desktop:0 0 0 0;--_gs-bg-desktop:transparent none;--_gs-bg-xp-desktop:0px;--_gs-zi-desktop:auto;--_gs-d-desktop:none;--_gs-mw-desktop:calc(100% - 0 - 0);--_gs-gap-tablet:0px 0px;--_gs-m-tablet:0 0 0 0;--_gs-p-tablet:0 0 0 0;--_gs-bg-tablet:transparent none;--_gs-bg-xp-tablet:0px;--_gs-zi-tablet:auto;--_gs-d-tablet:none;--_gs-mw-tablet:calc(100% - 0 - 0);--_gs-gap-mobile:0px 0px;--_gs-m-mobile:0 0 0 0;--_gs-p-mobile:0 0 0 0;--_gs-bg-mobile:transparent none;--_gs-bg-xp-mobile:0px;--_gs-zi-mobile:auto;--_gs-d-mobile:none;--_gs-mw-mobile:calc(100% - 0 - 0);--_gs-columns:12;--_gs-rows:6\"><div class=\"grids-s-w_i\">\n<div class=\"grids-area\" style=\"--_ga-column:2\/12;--_ga-row:1\/7;--_ga-m-desktop:0 0 0 0;--_ga-p-desktop:0 0 0 0;--_ga-bg-desktop:transparent none;--_ga-zi-desktop:auto;--_ga-d-desktop:flex;--_ga-mw-desktop:calc(100% - 0 - 0);--_ga-m-tablet:0 0 0 0;--_ga-p-tablet:0 0 0 0;--_ga-bg-tablet:transparent none;--_ga-zi-tablet:auto;--_ga-d-tablet:flex;--_ga-mw-tablet:calc(100% - 0 - 0);--_ga-m-mobile:0 0 0 0;--_ga-p-mobile:0 0 0 0;--_ga-bg-mobile:transparent none;--_ga-zi-mobile:auto;--_ga-d-mobile:flex;--_ga-mw-mobile:calc(100% - 0 - 0)\">\n\n<h2 class=\"wp-block-heading has-text-align-center\"><strong>Alla scoperta del comfort assoluto<\/strong><\/h2>\n\n<\/div>\n<\/div><\/div>\n\n<div  class=\"grids-section grids-is-advanced\" style=\"--_gs-gap-desktop:0px 0px;--_gs-m-desktop:0 0 0 0;--_gs-p-desktop:0 0 0 0;--_gs-bg-desktop:transparent none;--_gs-bg-xp-desktop:0px;--_gs-zi-desktop:auto;--_gs-d-desktop:block;--_gs-mw-desktop:calc(100% - 0 - 0);--_gs-gap-tablet:0px 0px;--_gs-m-tablet:0 0 0 0;--_gs-p-tablet:0 0 0 0;--_gs-bg-tablet:transparent none;--_gs-bg-xp-tablet:0px;--_gs-zi-tablet:auto;--_gs-d-tablet:block;--_gs-mw-tablet:calc(100% - 0 - 0);--_gs-gap-mobile:0px 0px;--_gs-m-mobile:0 0 0 0;--_gs-p-mobile:0 0 0 0;--_gs-bg-mobile:transparent none;--_gs-bg-xp-mobile:0px;--_gs-zi-mobile:auto;--_gs-d-mobile:block;--_gs-mw-mobile:calc(100% - 0 - 0);--_gs-columns:12;--_gs-rows:6\"><div class=\"grids-s-w_i\">\n<div class=\"grids-area\" style=\"--_ga-column:2\/12;--_ga-row:1\/7;--_ga-m-desktop:0 0 0 0;--_ga-p-desktop:0 0 0 0;--_ga-bg-desktop:transparent none;--_ga-zi-desktop:auto;--_ga-d-desktop:flex;--_ga-mw-desktop:calc(100% - 0 - 0);--_ga-m-tablet:0 0 0 0;--_ga-p-tablet:0 0 0 0;--_ga-bg-tablet:transparent none;--_ga-zi-tablet:auto;--_ga-d-tablet:flex;--_ga-mw-tablet:calc(100% - 0 - 0);--_ga-m-mobile:0 0 0 0;--_ga-p-mobile:0 0 0 0;--_ga-bg-mobile:transparent none;--_ga-zi-mobile:auto;--_ga-d-mobile:flex;--_ga-mw-mobile:calc(100% - 0 - 0)\">\n\n<h2 class=\"wp-block-heading\">\ud83c\udf3f Wohlbefinden ohne Grenzen \u2013 auch ohne \u00dcbernachtung.<\/h2>\n\n\n\n<p>Entdecken Sie eine Oase der Entspannung inmitten der Euganeischen H\u00fcgel: Das <strong>Hotel Savoia Therm\u00e6 &amp; SPA<\/strong> \u00f6ffnet seine exklusive Wellness-Oase auch ohne Zimmerbuchung. Ein umfassendes Thermalerlebnis erwartet Sie im Herzen von Abano Terme, wo jedes Detail darauf ausgelegt ist, K\u00f6rper und Geist zu regenerieren.<br>Lassen Sie sich von der W\u00e4rme des Thermalwassers verw\u00f6hnen, tauchen Sie ein in eine beruhigende Atmosph\u00e4re und vergessen Sie den Alltagsstress. Ob Sie sich eine Auszeit unter der Woche g\u00f6nnen oder ein besonderes Wochenende verbringen m\u00f6chten \u2013 <strong>Easy Day<\/strong> ist die perfekte L\u00f6sung.<\/p>\n\n<\/div>\n<\/div><\/div>\n\n<div  class=\"grids-section grids-is-advanced\" style=\"--_gs-gap-desktop:0px 0px;--_gs-m-desktop:0 0 0 0;--_gs-p-desktop:0 0 0 0;--_gs-bg-desktop:transparent none;--_gs-bg-xp-desktop:0px;--_gs-zi-desktop:auto;--_gs-d-desktop:block;--_gs-mw-desktop:calc(100% - 0 - 0);--_gs-gap-tablet:0px 0px;--_gs-m-tablet:0 0 0 0;--_gs-p-tablet:0 0 0 0;--_gs-bg-tablet:transparent none;--_gs-bg-xp-tablet:0px;--_gs-zi-tablet:auto;--_gs-d-tablet:block;--_gs-mw-tablet:calc(100% - 0 - 0);--_gs-gap-mobile:0px 0px;--_gs-m-mobile:0 0 0 0;--_gs-p-mobile:0 0 0 0;--_gs-bg-mobile:transparent none;--_gs-bg-xp-mobile:0px;--_gs-zi-mobile:auto;--_gs-d-mobile:block;--_gs-mw-mobile:calc(100% - 0 - 0);--_gs-columns:12;--_gs-rows:6\"><div class=\"grids-s-w_i\">\n<div class=\"grids-area\" style=\"--_ga-column:2\/7;--_ga-row:1\/7;--_ga-m-desktop:0 0 0 0;--_ga-p-desktop:0 0 0 0;--_ga-bg-desktop:transparent none;--_ga-zi-desktop:auto;--_ga-d-desktop:flex;--_ga-mw-desktop:calc(100% - 0 - 0);--_ga-m-tablet:0 0 0 0;--_ga-p-tablet:0 0 0 0;--_ga-bg-tablet:transparent none;--_ga-zi-tablet:auto;--_ga-d-tablet:flex;--_ga-mw-tablet:calc(100% - 0 - 0);--_ga-m-mobile:0 0 0 0;--_ga-p-mobile:0 0 0 0;--_ga-bg-mobile:transparent none;--_ga-zi-mobile:auto;--_ga-d-mobile:flex;--_ga-mw-mobile:calc(100% - 0 - 0)\">\n\n<h2 class=\"wp-block-heading\">\ud83c\udfca\u200d\u2642\ufe0f Was der Tageszugang Easy Day bietet:<\/h2>\n\n\n\n<ul class=\"wp-block-list\">\n<li>Freier <strong>Zugang zu 3 Thermalbecken<\/strong> (2 davon verbunden) mit Hydromassage-Stationen und Nackenduschen, aktiv von <strong>9:00 bis 22:00 Uhr<\/strong><\/li>\n\n\n\n<li>Zugang zum SPA von <strong>10:00 bis 21:00<\/strong> <strong>Uhr<\/strong> mit:\n<ul class=\"wp-block-list\">\n<li>Sauna<\/li>\n\n\n\n<li>Dampfbad<\/li>\n\n\n\n<li>Erlebnisduschen<\/li>\n\n\n\n<li>Sensorischer Tunnel mit Kneipp-Pfad<\/li>\n<\/ul>\n<\/li>\n\n\n\n<li><strong>Tecnogym\u00ae Fitnessraum<\/strong> \u2013 ausgestattet f\u00fcr Ihr aktives Wohlbefinden<\/li>\n\n\n\n<li>Teilnahme an <strong>Aquagym<\/strong> im Thermalbecken von Dienstag bis Samstag<\/li>\n\n\n\n<li><strong>Pers\u00f6nlicher Schrank mit Code<\/strong><\/li>\n\n\n\n<li><strong>Bademantel und Handtuch inklusive<\/strong><\/li>\n\n\n\n<li>Wellness-Kr\u00e4utertees in der <strong>Beauty Farm<\/strong> und <strong>Lebensbrunnen<\/strong> mit nat\u00fcrlichem Wasser aus Abano Terme zur freien Verf\u00fcgung<\/li>\n<\/ul>\n\n<\/div>\n\n<div class=\"grids-area\" style=\"--_ga-column:8\/12;--_ga-row:1\/7;--_ga-m-desktop:0 0 0 0;--_ga-p-desktop:0 0 0 0;--_ga-bg-desktop:transparent none;--_ga-zi-desktop:auto;--_ga-d-desktop:flex;--_ga-mw-desktop:calc(100% - 0 - 0);--_ga-m-tablet:0 0 0 0;--_ga-p-tablet:0 0 0 0;--_ga-bg-tablet:transparent none;--_ga-zi-tablet:auto;--_ga-d-tablet:flex;--_ga-mw-tablet:calc(100% - 0 - 0);--_ga-m-mobile:0 0 0 0;--_ga-p-mobile:0 0 0 0;--_ga-bg-mobile:transparent none;--_ga-zi-mobile:auto;--_ga-d-mobile:flex;--_ga-mw-mobile:calc(100% - 0 - 0)\">\n\n<h2 class=\"wp-block-heading\">\ud83d\udcb6 Preise Easy Day (pro Person)<\/h2>\n\n\n\n<p>NEU! Sie k\u00f6nnen den Preis in <strong>3 Monatsraten mit Scalapay<\/strong> aufteilen.<\/p>\n\n\n\n<ul class=\"wp-block-list\">\n<li><strong>Montag \u2013 Freitag<\/strong>: 40,00\u202f\u20ac<\/li>\n\n\n\n<li><strong>Samstag \u2013 Sonntag<\/strong>: 50,00\u202f\u20ac<\/li>\n\n\n\n<li><strong>Feiertage<\/strong>: 55,00\u202f\u20ac<\/li>\n<\/ul>\n\n<\/div>\n<\/div><\/div>\n\n<div  class=\"grids-section grids-is-advanced\" style=\"--_gs-gap-desktop:0px 0px;--_gs-m-desktop:0 0 0 0;--_gs-p-desktop:0 0 0 0;--_gs-bg-desktop:transparent none;--_gs-bg-xp-desktop:0px;--_gs-zi-desktop:auto;--_gs-d-desktop:block;--_gs-mw-desktop:calc(100% - 0 - 0);--_gs-gap-tablet:0px 0px;--_gs-m-tablet:0 0 0 0;--_gs-p-tablet:0 0 0 0;--_gs-bg-tablet:transparent none;--_gs-bg-xp-tablet:0px;--_gs-zi-tablet:auto;--_gs-d-tablet:block;--_gs-mw-tablet:calc(100% - 0 - 0);--_gs-gap-mobile:0px 0px;--_gs-m-mobile:0 0 0 0;--_gs-p-mobile:0 0 0 0;--_gs-bg-mobile:transparent none;--_gs-bg-xp-mobile:0px;--_gs-zi-mobile:auto;--_gs-d-mobile:block;--_gs-mw-mobile:calc(100% - 0 - 0);--_gs-columns:12;--_gs-rows:6\"><div class=\"grids-s-w_i\">\n<div class=\"grids-area\" style=\"--_ga-column:2\/12;--_ga-row:1\/7;--_ga-m-desktop:0 0 0 0;--_ga-p-desktop:0 0 0 0;--_ga-bg-desktop:transparent none;--_ga-zi-desktop:auto;--_ga-d-desktop:flex;--_ga-mw-desktop:calc(100% - 0 - 0);--_ga-m-tablet:0 0 0 0;--_ga-p-tablet:0 0 0 0;--_ga-bg-tablet:transparent none;--_ga-zi-tablet:auto;--_ga-d-tablet:flex;--_ga-mw-tablet:calc(100% - 0 - 0);--_ga-m-mobile:0 0 0 0;--_ga-p-mobile:0 0 0 0;--_ga-bg-mobile:transparent none;--_ga-zi-mobile:auto;--_ga-d-mobile:flex;--_ga-mw-mobile:calc(100% - 0 - 0)\">\n\n<h3 class=\"wp-block-heading has-text-align-center\"><strong>\ud83c\udf9f\ufe0f Ein Tag nur f\u00fcr Sie<\/strong><\/h3>\n\n\n\n<p class=\"has-text-align-center\">G\u00f6nnen Sie sich eine Auszeit ganz f\u00fcr sich allein oder teilen Sie sie mit einem geliebten Menschen.<br>Der Easy Day Gutschein ist 12 Monate g\u00fcltig und erm\u00f6glicht es, den Termin sp\u00e4ter je nach Verf\u00fcgbarkeit zu buchen.<\/p>\n\n\n\n<a href=\"https:\/\/www.simplebooking.it\/ibe\/minishop\/?hid=5688&amp;lang=de&amp;_ga=2.58432682.1653274968.1631085932-2069797801.1561632741&amp;_gl=1*ojuxx2*_ga*Mzk2OTM5MzIwLjE3NDEzMzc0MDI.*_ga_5L86TC9VW3*czE3NTMxNjU1MzQkbzUxJGcxJHQxNzUzMTY3MTMzJGo2MCRsMCRoNTQ3OTI3NTY4#product&amp;productId=131\" target=\"blank\" class=\"btn only-borders broken_link\" style=\"margin:20px auto!important;\" rel=\"noopener\">Easy Day Gutschein kaufen<\/a>\n\n\n<a href=\"#\" class=\"btn btn-share \" container-id=\"sharingButtons_2\">\n    Teilen sie die erfahrung    <i class=\"far fa-share-alt\"><\/i>\n<\/a>\n\n<a href=\"#\" class=\"btn-share sharing-button\" container-id=\"sharingButtons_2\">\n    <i class=\"far fa-share-alt\"><\/i>\n<\/a>\n\n<div class=\"sharing-buttons-content\" id=\"sharingButtons_2\">\n    <div class=\"content\">\n        <span class=\"close\"><i class=\"fas fa-times\"><\/i><\/span>\n        <span class=\"title\">Teilen Sie es mit Ihrem Schatz<\/span>\n\n        <a href=\"https:\/\/api.whatsapp.com\/send?text=Ich+habe+das+perfekte+Erlebnis+f%C3%BCr+einen+Spa-Ausflug+gefunden%21+https%3A%2F%2Fwww.savoiaterme.it%2Fde%2Feasy-day-tageszugang-spa-savoia%2F%3Futm_source%3Dshare_button%26utm_medium%3Dshare_button_website%26utm_campaign%3Dshare_button\" class=\"btn-share-social\" target=\"_blank\">\n            <i class=\"fab fa-whatsapp\"><\/i>\n            WhatsApp        <\/a>\n        <a href=\"https:\/\/t.me\/share\/url?url=https%3A%2F%2Fwww.savoiaterme.it%2Fde%2Feasy-day-tageszugang-spa-savoia%2F%3Futm_source%3Dshare_button%26utm_medium%3Dshare_button_website%26utm_campaign%3Dshare_button&text=Ich+habe+das+perfekte+Erlebnis+f%C3%BCr+einen+Spa-Ausflug+gefunden%21\" class=\"btn-share-social\" target=\"_blank\">\n            <i class=\"fab fa-telegram-plane\"><\/i>\n            Telegram        <\/a>\n        <a href=\"mailto:?subject=Ich+habe+das+perfekte+Erlebnis+f%C3%BCr+einen+Spa-Ausflug+gefunden%21&body=https%3A%2F%2Fwww.savoiaterme.it%2Fde%2Feasy-day-tageszugang-spa-savoia%2F%3Futm_source%3Dshare_button%26utm_medium%3Dshare_button_website%26utm_campaign%3Dshare_button\" class=\"btn-share-social\" target=\"_blank\">\n            <i class=\"fas fa-envelope\"><\/i>\n            Mail        <\/a>\n\n        <span class=\"title\">Informieren Sie Ihre Freunde \u00fcber das Angebot<\/span>\n\n                    <a href=\"https:\/\/www.facebook.com\/sharer\/sharer.php?u=https%3A%2F%2Fwww.savoiaterme.it%2Fde%2Feasy-day-tageszugang-spa-savoia%2F%3Futm_source%3Dshare_button%26utm_medium%3Dshare_button_website%26utm_campaign%3Dshare_button&quote=\" class=\"btn-share-social\" target=\"_blank\">\n                <i class=\"fab fa-facebook\"><\/i>\n                Facebook            <\/a>\n        \n        <a href=\"https:\/\/www.savoiaterme.it\/de\/easy-day-tageszugang-spa-savoia\/?utm_source=share_button&utm_medium=share_button_website&utm_campaign=share_button\" class=\"btn-share-social btn-copy-clipboard\" target=\"_blank\" copied-text=\"Kopiert!\">\n            <i class=\"fal fa-link\"><\/i>\n            Link kopieren        <\/a>\n    <\/div>\n<\/div>\n\n<\/div>\n<\/div><\/div>\n\n<div  class=\"grids-section grids-is-advanced alignfull\" style=\"--_gs-gap-desktop:0px 0px;--_gs-m-desktop:0 0 0 0;--_gs-p-desktop:0 0 0 0;--_gs-bg-desktop:transparent none;--_gs-bg-xp-desktop:0px;--_gs-zi-desktop:auto;--_gs-d-desktop:block;--_gs-mw-desktop:calc(100% - 0 - 0);--_gs-gap-tablet:0px 0px;--_gs-m-tablet:0 0 0 0;--_gs-p-tablet:0 0 0 0;--_gs-bg-tablet:transparent none;--_gs-bg-xp-tablet:0px;--_gs-zi-tablet:auto;--_gs-d-tablet:block;--_gs-mw-tablet:calc(100% - 0 - 0);--_gs-gap-mobile:0px 0px;--_gs-m-mobile:10px 0 20px 0;--_gs-p-mobile:0 20px 0 20px;--_gs-bg-mobile:transparent none;--_gs-bg-xp-mobile:0px;--_gs-zi-mobile:auto;--_gs-d-mobile:block;--_gs-mw-mobile:calc(100% - 0 - 0);--_gs-columns:12;--_gs-rows:6\"><div class=\"grids-s-w_i\">\n<div class=\"grids-area\" style=\"--_ga-column:2\/7;--_ga-row:1\/7;--_ga-va:center;--_ga-m-desktop:0 20px 0 0;--_ga-p-desktop:0 0 0 0;--_ga-bg-desktop:transparent none;--_ga-zi-desktop:auto;--_ga-d-desktop:flex;--_ga-mw-desktop:calc(100% - 0 - 20px);--_ga-m-tablet:0 0px 0 0;--_ga-p-tablet:0 0 0 0;--_ga-bg-tablet:transparent none;--_ga-zi-tablet:auto;--_ga-d-tablet:flex;--_ga-mw-tablet:calc(100% - 0 - 0px);--_ga-m-mobile:0 0px 0 0;--_ga-p-mobile:20px 0 20px 0;--_ga-bg-mobile:transparent none;--_ga-zi-mobile:auto;--_ga-d-mobile:flex;--_ga-mw-mobile:calc(100% - 0 - 0px)\">\n\n<h2 class=\"wp-block-heading\" id=\"spa-oasi-del-relax\"><strong>\ud83c\udf74 Mittagspause zwischen Genuss und Wohlbefinden<\/strong><\/h2>\n\n\n\n<p>Ein Mittagessen w\u00e4hrend Ihres Easy Day geh\u00f6rt zum Wohlf\u00fchlerlebnis dazu.<br><br>\ud83e\udd57 <strong>The Club Bar<\/strong><br>Direkt neben dem Wellnessbereich \u2013 perfekt f\u00fcr eine leichte und schnelle Pause. Frische Salate, Gourmet-Sandwiches und kalte Speisen, bequem im Bademantel zu genie\u00dfen \u2013 zwischen zwei Anwendungen.<br>\ud83d\udc49 <a href=\"https:\/\/savoiaguest.savoiaterme.it\/de\/bar-menue\/\" target=\"_blank\" rel=\"noreferrer noopener\">Zum Men\u00fc der Club Bar<\/a><br><br>\ud83c\udf7d\ufe0f <strong>Restaurant \u201eIl Savoiardo\u201c<\/strong><br>F\u00fcr alle, die ein vollst\u00e4ndiges kulinarisches Erlebnis suchen, bietet Il Savoiardo ein \u00c0-la-carte-Men\u00fc, inspiriert von der venezianischen und mediterranen K\u00fcche \u2013 in einem eleganten, entspannten Ambiente.<br>\ud83d\udc49 <a href=\"https:\/\/savoiaguest.savoiaterme.it\/de\/restaurant-menue\/\" target=\"_blank\" rel=\"noreferrer noopener\">Zum Tagesmen\u00fc<\/a><\/p>\n\n<\/div>\n\n<div class=\"grids-area\" style=\"--_ga-column:7\/12;--_ga-row:1\/7;--_ga-va:center;--_ga-m-desktop:0 0 0 20px;--_ga-p-desktop:0 0 0 0;--_ga-bg-desktop:transparent none;--_ga-zi-desktop:auto;--_ga-d-desktop:flex;--_ga-mw-desktop:calc(100% - 20px - 0);--_ga-m-tablet:0 0 0 0px;--_ga-p-tablet:0 0 0 0;--_ga-bg-tablet:transparent none;--_ga-zi-tablet:auto;--_ga-d-tablet:flex;--_ga-mw-tablet:calc(100% - 0px - 0);--_ga-m-mobile:0 0 0 0px;--_ga-p-mobile:0 0 0 0;--_ga-bg-mobile:transparent none;--_ga-zi-mobile:auto;--_ga-d-mobile:flex;--_ga-mw-mobile:calc(100% - 0px - 0)\">\n\n    <div class=\"custom-gallery-wrapper\">\n                <span class=\"enable-fullscreen\" onclick=\"showHideFotorama('custom-gallery_1', 0);\">\n            <i class=\"far fa-expand\"><\/i>\n        <\/span>\n                            <figure class=\"full-width gallery-wrapper-image gallery-wrapper-image-0\" onclick=\"showHideFotorama('custom-gallery_1', 0);\" style=\"background-color: #a17e6e;\">\n                <img decoding=\"async\" class=\"gallery-wrapper-image-small\" src=\"https:\/\/www.savoiaterme.it\/wp-content\/uploads\/2021\/10\/cucina-gourmet-ristorante-savoiardo-hotel-savoia-terme-abano.jpg\">\n            <\/figure>\n                                <figure class=\"full-width gallery-wrapper-image gallery-wrapper-image-1\" onclick=\"showHideFotorama('custom-gallery_1', 1);\" style=\"background-color: #7b7565;\">\n                <img decoding=\"async\" class=\"gallery-wrapper-image-small\" src=\"https:\/\/www.savoiaterme.it\/wp-content\/uploads\/2021\/10\/bar-gallery-piscina-aperitivo-hotel-savoia-terme-abano.jpg\">\n            <\/figure>\n                                <figure class=\"full-width gallery-wrapper-image gallery-wrapper-image-2\" onclick=\"showHideFotorama('custom-gallery_1', 2);\" style=\"background-color: #c39e82;\">\n                <img decoding=\"async\" class=\"gallery-wrapper-image-small\" src=\"https:\/\/www.savoiaterme.it\/wp-content\/uploads\/2021\/10\/cucina-gourmet-gallery-tartare-hotel-savoia-terme-abano.jpg\">\n            <\/figure>\n                        <\/div>\n\n    <div style=\"width:1px;height:1px;position:absolute;\" name=\"fotorama\" id=\"custom-gallery_1\" class=\"fotorama\" data-width=\"100%\"  data-nav=\"thumbs\"  data-allowfullscreen=\"true\" >\n                    <img decoding=\"async\" src=\"https:\/\/www.savoiaterme.it\/wp-content\/uploads\/2021\/10\/cucina-gourmet-ristorante-savoiardo-hotel-savoia-terme-abano.jpg\" class=\"attachment-full skip-lazy\" \/>\n                    <img decoding=\"async\" src=\"https:\/\/www.savoiaterme.it\/wp-content\/uploads\/2021\/10\/bar-gallery-piscina-aperitivo-hotel-savoia-terme-abano.jpg\" class=\"attachment-full skip-lazy\" \/>\n                    <img decoding=\"async\" src=\"https:\/\/www.savoiaterme.it\/wp-content\/uploads\/2021\/10\/cucina-gourmet-gallery-tartare-hotel-savoia-terme-abano.jpg\" class=\"attachment-full skip-lazy\" \/>\n            <\/div>\n\n\n\n<\/div>\n<\/div><\/div>\n\n<div  class=\"grids-section grids-is-advanced\" style=\"--_gs-gap-desktop:0px 0px;--_gs-m-desktop:0 0 0 0;--_gs-p-desktop:0 0 0 0;--_gs-bg-desktop:transparent none;--_gs-bg-xp-desktop:0px;--_gs-zi-desktop:auto;--_gs-d-desktop:block;--_gs-mw-desktop:calc(100% - 0 - 0);--_gs-gap-tablet:0px 0px;--_gs-m-tablet:0 0 0 0;--_gs-p-tablet:0 0 0 0;--_gs-bg-tablet:transparent none;--_gs-bg-xp-tablet:0px;--_gs-zi-tablet:auto;--_gs-d-tablet:block;--_gs-mw-tablet:calc(100% - 0 - 0);--_gs-gap-mobile:0px 0px;--_gs-m-mobile:0 0 0 0;--_gs-p-mobile:0 0 0 0;--_gs-bg-mobile:transparent none;--_gs-bg-xp-mobile:0px;--_gs-zi-mobile:auto;--_gs-d-mobile:block;--_gs-mw-mobile:calc(100% - 0 - 0);--_gs-columns:12;--_gs-rows:6\"><div class=\"grids-s-w_i\">\n<div class=\"grids-area\" style=\"--_ga-column:8\/12;--_ga-row:1\/7;--_ga-va:center;--_ga-m-desktop:0 0 0 0;--_ga-p-desktop:0 0 0 0;--_ga-bg-desktop:transparent none;--_ga-zi-desktop:auto;--_ga-d-desktop:flex;--_ga-mw-desktop:calc(100% - 0 - 0);--_ga-m-tablet:0 0 0 0;--_ga-p-tablet:0 0 0 0;--_ga-bg-tablet:transparent none;--_ga-zi-tablet:auto;--_ga-d-tablet:flex;--_ga-mw-tablet:calc(100% - 0 - 0);--_ga-m-mobile:0 0 0 0;--_ga-p-mobile:0 0 0 0;--_ga-bg-mobile:transparent none;--_ga-zi-mobile:auto;--_ga-d-mobile:flex;--_ga-mw-mobile:calc(100% - 0 - 0)\">\n\n<h3 class=\"wp-block-heading\"><strong>\ud83d\udc86\u200d\u2640\ufe0f SPA-Behandlungen: G\u00f6nnen Sie sich einen noch besondereren Moment<\/strong><\/h3>\n\n\n\n<p>Wenn Sie Ihren Easy Day mit einer exklusiven Behandlung bereichern m\u00f6chten, steht Ihnen unser SPA-Team gerne zur Seite, um das passende Angebot f\u00fcr Sie zu finden. Entspannende Massagen, revitalisierende Rituale, Gesichts- und K\u00f6rperbehandlungen \u2013 lassen Sie sich von den ge\u00fcbten H\u00e4nden unserer Mitarbeiterinnen in einer intimen und eleganten Atmosph\u00e4re verw\u00f6hnen.<br><br>\ud83d\udce7 Buchen Sie Ihre Behandlung per E-Mail an <a href=\"mailto:spa@savoiaterme.it\">spa@savoiaterme.it<\/a><br>\ud83d\udcde Oder rufen Sie uns an unter <strong><a href=\"tel:+390498231111\">+39 049 82 31 111<\/a><\/strong> (Durchwahl 2)<br>\ud83d\udc49 <a href=\"https:\/\/www.savoiaterme.it\/de\/spa-menu\/\">Alle verf\u00fcgbaren Behandlungen im SPA-Men\u00fc entdecken<\/a><\/p>\n\n<\/div>\n\n<div class=\"grids-area\" style=\"--_ga-column:2\/7;--_ga-row:1\/7;--_ga-m-desktop:0 0 0 0;--_ga-p-desktop:0 0 0 0;--_ga-bg-desktop:transparent none;--_ga-zi-desktop:auto;--_ga-d-desktop:flex;--_ga-mw-desktop:calc(100% - 0 - 0);--_ga-m-tablet:0 0 0 0;--_ga-p-tablet:0 0 0 0;--_ga-bg-tablet:transparent none;--_ga-zi-tablet:auto;--_ga-d-tablet:flex;--_ga-mw-tablet:calc(100% - 0 - 0);--_ga-m-mobile:0 0 0 0;--_ga-p-mobile:0 0 0 0;--_ga-bg-mobile:transparent none;--_ga-zi-mobile:auto;--_ga-d-mobile:flex;--_ga-mw-mobile:calc(100% - 0 - 0)\">\n\n    <div class=\"custom-gallery-wrapper\">\n                <span class=\"enable-fullscreen\" onclick=\"showHideFotorama('custom-gallery_2', 0);\">\n            <i class=\"far fa-expand\"><\/i>\n        <\/span>\n                            <figure class=\"full-width gallery-wrapper-image gallery-wrapper-image-0\" onclick=\"showHideFotorama('custom-gallery_2', 0);\" style=\"background-color: #8e0e24;\">\n                <img decoding=\"async\" class=\"gallery-wrapper-image-small\" src=\"https:\/\/www.savoiaterme.it\/wp-content\/uploads\/2023\/09\/uomo-in-doccia-nella-spa-allhotel-savoia-terme.jpg\">\n            <\/figure>\n                                <figure class=\"full-width gallery-wrapper-image gallery-wrapper-image-1\" onclick=\"showHideFotorama('custom-gallery_2', 1);\" style=\"background-color: #382b5b;\">\n                <img decoding=\"async\" class=\"gallery-wrapper-image-small\" src=\"https:\/\/www.savoiaterme.it\/wp-content\/uploads\/2023\/09\/signora-in-zona-spa-emozionale-allhotel-savoia-di-abano-terme.jpg\">\n            <\/figure>\n                                <figure class=\"full-width gallery-wrapper-image gallery-wrapper-image-2\" onclick=\"showHideFotorama('custom-gallery_2', 2);\" style=\"background-color: #606b58;\">\n                <img decoding=\"async\" class=\"gallery-wrapper-image-small\" src=\"https:\/\/www.savoiaterme.it\/wp-content\/uploads\/2024\/02\/spa-wellness-savoia-6.jpg\">\n            <\/figure>\n                        <\/div>\n\n    <div style=\"width:1px;height:1px;position:absolute;\" name=\"fotorama\" id=\"custom-gallery_2\" class=\"fotorama\" data-width=\"100%\"  data-nav=\"thumbs\"  data-allowfullscreen=\"true\" >\n                    <img decoding=\"async\" src=\"https:\/\/www.savoiaterme.it\/wp-content\/uploads\/2023\/09\/uomo-in-doccia-nella-spa-allhotel-savoia-terme.jpg\" class=\"attachment-full skip-lazy\" \/>\n                    <img decoding=\"async\" src=\"https:\/\/www.savoiaterme.it\/wp-content\/uploads\/2023\/09\/signora-in-zona-spa-emozionale-allhotel-savoia-di-abano-terme.jpg\" class=\"attachment-full skip-lazy\" \/>\n                    <img decoding=\"async\" src=\"https:\/\/www.savoiaterme.it\/wp-content\/uploads\/2024\/02\/spa-wellness-savoia-6.jpg\" class=\"attachment-full skip-lazy\" \/>\n            <\/div>\n\n\n\n<\/div>\n<\/div><\/div>\n\n<div  class=\"grids-section grids-is-advanced\" style=\"--_gs-gap-desktop:0px 0px;--_gs-m-desktop:0 0 0 0;--_gs-p-desktop:0 0 0 0;--_gs-bg-desktop:transparent none;--_gs-bg-xp-desktop:0px;--_gs-zi-desktop:auto;--_gs-d-desktop:block;--_gs-mw-desktop:calc(100% - 0 - 0);--_gs-gap-tablet:0px 0px;--_gs-m-tablet:0 0 0 0;--_gs-p-tablet:0 0 0 0;--_gs-bg-tablet:transparent none;--_gs-bg-xp-tablet:0px;--_gs-zi-tablet:auto;--_gs-d-tablet:block;--_gs-mw-tablet:calc(100% - 0 - 0);--_gs-gap-mobile:0px 0px;--_gs-m-mobile:0 0 0 0;--_gs-p-mobile:0 0 0 0;--_gs-bg-mobile:transparent none;--_gs-bg-xp-mobile:0px;--_gs-zi-mobile:auto;--_gs-d-mobile:block;--_gs-mw-mobile:calc(100% - 0 - 0);--_gs-columns:12;--_gs-rows:6\"><div class=\"grids-s-w_i\">\n<div class=\"grids-area\" style=\"--_ga-column:2\/7;--_ga-row:1\/3;--_ga-m-desktop:0 0 0 0;--_ga-p-desktop:0 0 0 0;--_ga-bg-desktop:transparent none;--_ga-zi-desktop:auto;--_ga-d-desktop:flex;--_ga-mw-desktop:calc(100% - 0 - 0);--_ga-m-tablet:0 0 0 0;--_ga-p-tablet:0 0 0 0;--_ga-bg-tablet:transparent none;--_ga-zi-tablet:auto;--_ga-d-tablet:flex;--_ga-mw-tablet:calc(100% - 0 - 0);--_ga-m-mobile:0 0 0 0;--_ga-p-mobile:0 0 0 0;--_ga-bg-mobile:transparent none;--_ga-zi-mobile:auto;--_ga-d-mobile:flex;--_ga-mw-mobile:calc(100% - 0 - 0)\">\n\n<h3 class=\"wp-block-heading\"><strong>\u2139\ufe0f N\u00fctzliche Informationen<\/strong><\/h3>\n\n\n\n<ul class=\"wp-block-list\">\n<li><strong>Reservierungen nur kurzfristig m\u00f6glich<\/strong><\/li>\n\n\n\n<li><strong>Zugang ab 13 Jahren nur<\/strong> in Begleitung der Eltern<\/li>\n\n\n\n<li>Ein g\u00fcltiger Ausweis ist beim Check-in erforderlich<\/li>\n\n\n\n<li>Springen, Ballspielen oder Laufen ist nicht gestattet, um die Ruhe f\u00fcr alle G\u00e4ste zu gew\u00e4hrleisten<\/li>\n\n\n\n<li>Wir bitten darum, leise zu sprechen und das Mobiltelefon im SPA auszuschalten oder lautlos zu stellen<\/li>\n\n\n\n<li>Der Zugang zum SPA ist unter 18 Jahren nicht gestattet<\/li>\n\n\n\n<li>Badekappen sind nicht verpflichtend<\/li>\n<\/ul>\n\n<\/div>\n\n<div class=\"grids-area\" style=\"--_ga-column:8\/12;--_ga-row:1\/3;--_ga-m-desktop:0 0 0 0;--_ga-p-desktop:0 0 0 0;--_ga-bg-desktop:transparent none;--_ga-zi-desktop:auto;--_ga-d-desktop:flex;--_ga-mw-desktop:calc(100% - 0 - 0);--_ga-m-tablet:0 0 0 0;--_ga-p-tablet:0 0 0 0;--_ga-bg-tablet:transparent none;--_ga-zi-tablet:auto;--_ga-d-tablet:flex;--_ga-mw-tablet:calc(100% - 0 - 0);--_ga-m-mobile:0 0 0 0;--_ga-p-mobile:0 0 0 0;--_ga-bg-mobile:transparent none;--_ga-zi-mobile:auto;--_ga-d-mobile:flex;--_ga-mw-mobile:calc(100% - 0 - 0)\">\n\n<h3 class=\"wp-block-heading\"><strong>\ud83d\udcc5 Als Feiertage gelten folgende Termine:<\/strong><\/h3>\n\n\n\n<ul class=\"wp-block-list\">\n<li><strong>OSTERN<\/strong>: 4., 5., 6. April<\/li>\n\n\n\n<li><strong>TAG DER BEFREIUNG<\/strong>: 25. April<\/li>\n\n\n\n<li><strong>TAG DER ARBEIT<\/strong>: 1., 2. Mai<\/li>\n\n\n\n<li><strong>FERRAGOSTO<\/strong>: 14., 15., 16. August<\/li>\n\n\n\n<li><strong>ALLERHEILIGEN<\/strong>: 31. Oktober, 1. November<\/li>\n\n\n\n<li><strong>FEST DER UNBEFLECKTEN EMPF\u00c4NGNIS<\/strong>: 5., 6., 7., 8. Dezember<\/li>\n\n\n\n<li><strong>WEIHNACHTEN UND NEUJAHR<\/strong>: vom 24. Dezember 2026 bis 10. Januar 2027<\/li>\n<\/ul>\n\n<\/div>\n\n<div class=\"grids-area\" style=\"--_ga-column:2\/12;--_ga-row:4\/7;--_ga-m-desktop:0 0 0 0;--_ga-p-desktop:0 0 0 0;--_ga-bg-desktop:transparent none;--_ga-zi-desktop:auto;--_ga-d-desktop:flex;--_ga-mw-desktop:calc(100% - 0 - 0);--_ga-m-tablet:0 0 0 0;--_ga-p-tablet:0 0 0 0;--_ga-bg-tablet:transparent none;--_ga-zi-tablet:auto;--_ga-d-tablet:flex;--_ga-mw-tablet:calc(100% - 0 - 0);--_ga-m-mobile:0 0 0 0;--_ga-p-mobile:0 0 0 0;--_ga-bg-mobile:transparent none;--_ga-zi-mobile:auto;--_ga-d-mobile:flex;--_ga-mw-mobile:calc(100% - 0 - 0)\">\n\n<div style=\"height:50px\" aria-hidden=\"true\" class=\"wp-block-spacer\"><\/div>\n\n\n\n<a href=\"https:\/\/www.simplebooking.it\/ibe\/minishop\/?hid=5688&amp;lang=de&amp;_ga=2.58432682.1653274968.1631085932-2069797801.1561632741&amp;_gl=1*ojuxx2*_ga*Mzk2OTM5MzIwLjE3NDEzMzc0MDI.*_ga_5L86TC9VW3*czE3NTMxNjU1MzQkbzUxJGcxJHQxNzUzMTY3MTMzJGo2MCRsMCRoNTQ3OTI3NTY4#product&amp;productId=131\" target=\"blank\" class=\"btn only-borders broken_link\" style=\"margin:20px auto!important;\" rel=\"noopener\">Buchen Sie jetzt Ihren SPA-Tag<\/a>\n\n<\/div>\n<\/div><\/div>\n\n<div  class=\"grids-section grids-is-advanced alignfull\" style=\"--_gs-gap-desktop:0px 0px;--_gs-m-desktop:0 0 0 0;--_gs-p-desktop:0 0 0 0;--_gs-bg-desktop:transparent none;--_gs-bg-xp-desktop:0px;--_gs-zi-desktop:auto;--_gs-d-desktop:none;--_gs-mw-desktop:calc(100% - 0 - 0);--_gs-gap-tablet:0px 0px;--_gs-m-tablet:0 0 0 0;--_gs-p-tablet:0 0 0 0;--_gs-bg-tablet:transparent none;--_gs-bg-xp-tablet:0px;--_gs-zi-tablet:auto;--_gs-d-tablet:none;--_gs-mw-tablet:calc(100% - 0 - 0);--_gs-gap-mobile:0px 0px;--_gs-m-mobile:10px 0 20px 0;--_gs-p-mobile:0 20px 0 20px;--_gs-bg-mobile:transparent none;--_gs-bg-xp-mobile:0px;--_gs-zi-mobile:auto;--_gs-d-mobile:none;--_gs-mw-mobile:calc(100% - 0 - 0);--_gs-columns:12;--_gs-rows:6\"><div class=\"grids-s-w_i\">\n<div class=\"grids-area\" style=\"--_ga-column:2\/7;--_ga-row:1\/3;--_ga-m-desktop:0 0 0 0;--_ga-p-desktop:0 0 0 0;--_ga-bg-desktop:transparent none;--_ga-zi-desktop:auto;--_ga-d-desktop:flex;--_ga-mw-desktop:calc(100% - 0 - 0);--_ga-m-tablet:0 0 0 0;--_ga-p-tablet:0 0 0 0;--_ga-bg-tablet:transparent none;--_ga-zi-tablet:auto;--_ga-d-tablet:flex;--_ga-mw-tablet:calc(100% - 0 - 0);--_ga-m-mobile:0 0 0 0;--_ga-p-mobile:0 0 0 0;--_ga-bg-mobile:transparent none;--_ga-zi-mobile:auto;--_ga-d-mobile:flex;--_ga-mw-mobile:calc(100% - 0 - 0)\">\n\n<h3 class=\"wp-block-heading\"><strong>\u2139\ufe0f Informazioni utili<\/strong><\/h3>\n\n\n\n<ul class=\"wp-block-list\">\n<li><em>Prenotazione <strong>solo sotto data<\/strong><\/em><\/li>\n\n\n\n<li><em>Accesso <strong>consentito a partire dai 13 anni<\/strong> se accompagnati dai genitori<\/em><\/li>\n\n\n\n<li><em>\u00c8 necessario esibire un documento d\u2019identit\u00e0 valido al check-in<\/em><\/li>\n\n\n\n<li><em>Non \u00e8 consentito tuffarsi, giocare a palla o correre, per garantire la serenit\u00e0 di tutti gli ospiti<\/em><\/li>\n\n\n\n<li><em>Si richiede di mantenere toni di voce bassi e spegnere o silenziare il cellulare all\u2019interno della SPA<\/em><\/li>\n\n\n\n<li><em>L\u2019accesso alla SPA non \u00e8 consentito ai minori di 18 anni<\/em><\/li>\n\n\n\n<li><em>La cuffia non \u00e8 obbligatoria<\/em><\/li>\n<\/ul>\n\n\n\n<div style=\"height:30px\" aria-hidden=\"true\" class=\"wp-block-spacer\"><\/div>\n\n\n\n<h3 class=\"wp-block-heading\"><strong>\ud83d\udcc5 Date considerate festive:<\/strong><\/h3>\n\n\n\n<ul class=\"wp-block-list\">\n<li><strong>Pasqua<\/strong>: 20 e 21 aprile<\/li>\n\n\n\n<li><strong>Festa della Liberazione<\/strong>: 25 aprile<\/li>\n\n\n\n<li><strong>Festa dei Lavoratori<\/strong>: 1 maggio<\/li>\n\n\n\n<li><strong>Festa della Repubblica<\/strong>: 31 maggio e 1\u00b0 giugno<\/li>\n\n\n\n<li><strong>Ferragosto<\/strong>: 14, 15, 16, 17 agosto<\/li>\n\n\n\n<li><strong>Ognissanti<\/strong>: dal 31 ottobre al 5 novembre<\/li>\n\n\n\n<li><strong>Immacolata<\/strong>: dal 5 all\u20198 dicembre<\/li>\n\n\n\n<li><strong>Periodo natalizio\/capodanno<\/strong>: dal 22 dicembre al 6 gennaio 2026<\/li>\n<\/ul>\n\n<\/div>\n\n<div class=\"grids-area\" style=\"--_ga-column:7\/12;--_ga-row:1\/7;--_ga-va:center;--_ga-m-desktop:0 0 0 20px;--_ga-p-desktop:0 0 0 0;--_ga-bg-desktop:transparent none;--_ga-zi-desktop:auto;--_ga-d-desktop:flex;--_ga-mw-desktop:calc(100% - 20px - 0);--_ga-m-tablet:0 0 0 0px;--_ga-p-tablet:0 0 0 0;--_ga-bg-tablet:transparent none;--_ga-zi-tablet:auto;--_ga-d-tablet:flex;--_ga-mw-tablet:calc(100% - 0px - 0);--_ga-m-mobile:0 0 0 0px;--_ga-p-mobile:0 0 0 0;--_ga-bg-mobile:transparent none;--_ga-zi-mobile:auto;--_ga-d-mobile:flex;--_ga-mw-mobile:calc(100% - 0px - 0)\">\n\n    <div class=\"custom-gallery-wrapper\">\n                <span class=\"enable-fullscreen\" onclick=\"showHideFotorama('custom-gallery_3', 0);\">\n            <i class=\"far fa-expand\"><\/i>\n        <\/span>\n                            <figure class=\"full-width gallery-wrapper-image gallery-wrapper-image-0\" onclick=\"showHideFotorama('custom-gallery_3', 0);\" style=\"background-color: #5e2d25;\">\n                <img decoding=\"async\" class=\"gallery-wrapper-image-small\" src=\"https:\/\/www.savoiaterme.it\/wp-content\/uploads\/2022\/02\/savoia-terme-abano-spa-gift-4.jpg\">\n            <\/figure>\n                                <figure class=\"full-width gallery-wrapper-image gallery-wrapper-image-1\" onclick=\"showHideFotorama('custom-gallery_3', 1);\" style=\"background-color: #8e5340;\">\n                <img decoding=\"async\" class=\"gallery-wrapper-image-small\" src=\"https:\/\/www.savoiaterme.it\/wp-content\/uploads\/2023\/09\/signora-si-fa-spalmare-il-fango-sul-braccio-allhotel-savoia-terme.jpg\">\n            <\/figure>\n                                <figure class=\"full-width gallery-wrapper-image gallery-wrapper-image-2\" onclick=\"showHideFotorama('custom-gallery_3', 2);\" style=\"background-color: #b99c98;\">\n                <img decoding=\"async\" class=\"gallery-wrapper-image-small\" src=\"https:\/\/www.savoiaterme.it\/wp-content\/uploads\/2021\/10\/DAY-SPA-2-hotel-savoia-terme-abano-terme.jpg\">\n            <\/figure>\n                        <\/div>\n\n    <div style=\"width:1px;height:1px;position:absolute;\" name=\"fotorama\" id=\"custom-gallery_3\" class=\"fotorama\" data-width=\"100%\"  data-nav=\"thumbs\"  data-allowfullscreen=\"true\" >\n                    <img decoding=\"async\" src=\"https:\/\/www.savoiaterme.it\/wp-content\/uploads\/2022\/02\/savoia-terme-abano-spa-gift-4.jpg\" class=\"attachment-full skip-lazy\" \/>\n                    <img decoding=\"async\" src=\"https:\/\/www.savoiaterme.it\/wp-content\/uploads\/2023\/09\/signora-si-fa-spalmare-il-fango-sul-braccio-allhotel-savoia-terme.jpg\" class=\"attachment-full skip-lazy\" \/>\n                    <img decoding=\"async\" src=\"https:\/\/www.savoiaterme.it\/wp-content\/uploads\/2021\/10\/DAY-SPA-2-hotel-savoia-terme-abano-terme.jpg\" class=\"attachment-full skip-lazy\" \/>\n            <\/div>\n\n\n\n<\/div>\n<\/div><\/div>\n\n<div  class=\"grids-section grids-is-advanced\" style=\"--_gs-gap-desktop:0px 0px;--_gs-m-desktop:0 0 0 0;--_gs-p-desktop:0 0 0 0;--_gs-bg-desktop:transparent none;--_gs-bg-xp-desktop:0px;--_gs-zi-desktop:auto;--_gs-d-desktop:none;--_gs-mw-desktop:calc(100% - 0 - 0);--_gs-gap-tablet:0px 0px;--_gs-m-tablet:0 0 0 0;--_gs-p-tablet:0 0 0 0;--_gs-bg-tablet:transparent none;--_gs-bg-xp-tablet:0px;--_gs-zi-tablet:auto;--_gs-d-tablet:none;--_gs-mw-tablet:calc(100% - 0 - 0);--_gs-gap-mobile:0px 0px;--_gs-m-mobile:0 0 0 0;--_gs-p-mobile:0 0 0 0;--_gs-bg-mobile:transparent none;--_gs-bg-xp-mobile:0px;--_gs-zi-mobile:auto;--_gs-d-mobile:none;--_gs-mw-mobile:calc(100% - 0 - 0);--_gs-columns:12;--_gs-rows:6\"><div class=\"grids-s-w_i\">\n<div class=\"grids-area\" style=\"--_ga-column:2\/7;--_ga-row:1\/3;--_ga-m-desktop:0 0 0 0;--_ga-p-desktop:0 0 0 0;--_ga-bg-desktop:transparent none;--_ga-zi-desktop:auto;--_ga-d-desktop:flex;--_ga-mw-desktop:calc(100% - 0 - 0);--_ga-m-tablet:0 0 0 0;--_ga-p-tablet:0 0 0 0;--_ga-bg-tablet:transparent none;--_ga-zi-tablet:auto;--_ga-d-tablet:flex;--_ga-mw-tablet:calc(100% - 0 - 0);--_ga-m-mobile:0 0 0 0;--_ga-p-mobile:0 0 0 0;--_ga-bg-mobile:transparent none;--_ga-zi-mobile:auto;--_ga-d-mobile:flex;--_ga-mw-mobile:calc(100% - 0 - 0)\">\n\n<h3 class=\"wp-block-heading\"><strong>\u2139\ufe0f Informazioni utili<\/strong><\/h3>\n\n\n\n<ul class=\"wp-block-list\">\n<li><em>Prenotazione <strong>solo sotto data<\/strong><\/em><\/li>\n\n\n\n<li><em>Accesso <strong>consentito a partire dai 13 anni<\/strong> se accompagnati dai genitori<\/em><\/li>\n\n\n\n<li><em>\u00c8 necessario esibire un documento d\u2019identit\u00e0 valido al check-in<\/em><\/li>\n\n\n\n<li><em>Non \u00e8 consentito tuffarsi, giocare a palla o correre, per garantire la serenit\u00e0 di tutti gli ospiti<\/em><\/li>\n\n\n\n<li><em>Si richiede di mantenere toni di voce bassi e spegnere o silenziare il cellulare all\u2019interno della SPA<\/em><\/li>\n\n\n\n<li><em>L\u2019accesso alla SPA non \u00e8 consentito ai minori di 18 anni<\/em><\/li>\n\n\n\n<li><em>La cuffia non \u00e8 obbligatoria<\/em><\/li>\n<\/ul>\n\n\n\n<div style=\"height:30px\" aria-hidden=\"true\" class=\"wp-block-spacer\"><\/div>\n\n\n\n<h3 class=\"wp-block-heading\"><strong>\ud83d\udcc5 Date considerate festive:<\/strong><\/h3>\n\n\n\n<ul class=\"wp-block-list\">\n<li><strong>Pasqua<\/strong>: 20 e 21 aprile<\/li>\n\n\n\n<li><strong>Festa della Liberazione<\/strong>: 25 aprile<\/li>\n\n\n\n<li><strong>Festa dei Lavoratori<\/strong>: 1 maggio<\/li>\n\n\n\n<li><strong>Festa della Repubblica<\/strong>: 31 maggio e 1\u00b0 giugno<\/li>\n\n\n\n<li><strong>Ferragosto<\/strong>: 14, 15, 16, 17 agosto<\/li>\n\n\n\n<li><strong>Ognissanti<\/strong>: dal 31 ottobre al 5 novembre<\/li>\n\n\n\n<li><strong>Immacolata<\/strong>: dal 5 all\u20198 dicembre<\/li>\n\n\n\n<li><strong>Periodo natalizio\/capodanno<\/strong>: dal 22 dicembre al 6 gennaio 2026<\/li>\n<\/ul>\n\n<\/div>\n\n<div class=\"grids-area\" style=\"--_ga-column:8\/12;--_ga-row:1\/7;--_ga-va:center;--_ga-m-desktop:0 0 0 0;--_ga-p-desktop:0 0 0 0;--_ga-bg-desktop:transparent none;--_ga-zi-desktop:auto;--_ga-d-desktop:flex;--_ga-mw-desktop:calc(100% - 0 - 0);--_ga-m-tablet:0 0 0 0;--_ga-p-tablet:0 0 0 0;--_ga-bg-tablet:transparent none;--_ga-zi-tablet:auto;--_ga-d-tablet:flex;--_ga-mw-tablet:calc(100% - 0 - 0);--_ga-m-mobile:0 0 0 0;--_ga-p-mobile:0 0 0 0;--_ga-bg-mobile:transparent none;--_ga-zi-mobile:auto;--_ga-d-mobile:flex;--_ga-mw-mobile:calc(100% - 0 - 0)\">\n\n<figure class=\"wp-block-image size-full\"><img style=\"background-color: #7a5b3e;\" loading=\"lazy\" decoding=\"async\" width=\"1800\" height=\"1200\" src=\"https:\/\/www.savoiaterme.it\/wp-content\/uploads\/2024\/02\/spa-wellness-savoia-1.jpg\" alt=\"\" class=\"wp-image-21693\" srcset=\"https:\/\/www.savoiaterme.it\/wp-content\/uploads\/2024\/02\/spa-wellness-savoia-1.jpg 1800w, https:\/\/www.savoiaterme.it\/wp-content\/uploads\/2024\/02\/spa-wellness-savoia-1-300x200.jpg 300w, https:\/\/www.savoiaterme.it\/wp-content\/uploads\/2024\/02\/spa-wellness-savoia-1-1024x683.jpg 1024w, https:\/\/www.savoiaterme.it\/wp-content\/uploads\/2024\/02\/spa-wellness-savoia-1-768x512.jpg 768w, https:\/\/www.savoiaterme.it\/wp-content\/uploads\/2024\/02\/spa-wellness-savoia-1-1536x1024.jpg 1536w, https:\/\/www.savoiaterme.it\/wp-content\/uploads\/2024\/02\/spa-wellness-savoia-1-1568x1045.jpg 1568w\" sizes=\"auto, (max-width: 1800px) 100vw, 1800px\" \/><\/figure>\n\n<\/div>\n<\/div><\/div>\n\n<div  class=\"grids-section grids-is-advanced\" style=\"--_gs-gap-desktop:0px 0px;--_gs-m-desktop:0 0 0 0;--_gs-p-desktop:0 0 0 0;--_gs-bg-desktop:transparent none;--_gs-bg-xp-desktop:0px;--_gs-zi-desktop:auto;--_gs-d-desktop:none;--_gs-mw-desktop:calc(100% - 0 - 0);--_gs-gap-tablet:0px 0px;--_gs-m-tablet:0 0 0 0;--_gs-p-tablet:0 0 0 0;--_gs-bg-tablet:transparent none;--_gs-bg-xp-tablet:0px;--_gs-zi-tablet:auto;--_gs-d-tablet:none;--_gs-mw-tablet:calc(100% - 0 - 0);--_gs-gap-mobile:0px 0px;--_gs-m-mobile:0 0 0 0;--_gs-p-mobile:0 0 0 0;--_gs-bg-mobile:transparent none;--_gs-bg-xp-mobile:0px;--_gs-zi-mobile:auto;--_gs-d-mobile:none;--_gs-mw-mobile:calc(100% - 0 - 0);--_gs-columns:12;--_gs-rows:6\"><div class=\"grids-s-w_i\">\n<div class=\"grids-area\" style=\"--_ga-column:2\/12;--_ga-row:1\/7;--_ga-m-desktop:0 0 0 0;--_ga-p-desktop:0 0 0 0;--_ga-bg-desktop:transparent none;--_ga-zi-desktop:auto;--_ga-d-desktop:flex;--_ga-mw-desktop:calc(100% - 0 - 0);--_ga-m-tablet:0 0 0 0;--_ga-p-tablet:0 0 0 0;--_ga-bg-tablet:transparent none;--_ga-zi-tablet:auto;--_ga-d-tablet:flex;--_ga-mw-tablet:calc(100% - 0 - 0);--_ga-m-mobile:0 0 0 0;--_ga-p-mobile:0 0 0 0;--_ga-bg-mobile:transparent none;--_ga-zi-mobile:auto;--_ga-d-mobile:flex;--_ga-mw-mobile:calc(100% - 0 - 0)\">\n\n<a href=\"https:\/\/www.simplebooking.it\/ibe\/minishop\/?hid=5688&amp;lang=it&amp;_ga=2.58432682.1653274968.1631085932-2069797801.1561632741&amp;_gl=1*ojuxx2*_ga*Mzk2OTM5MzIwLjE3NDEzMzc0MDI.*_ga_5L86TC9VW3*czE3NTMxNjU1MzQkbzUxJGcxJHQxNzUzMTY3MTMzJGo2MCRsMCRoNTQ3OTI3NTY4#product&amp;productId=131\" target=\"blank\" class=\"btn only-borders broken_link\" style=\"margin:auto!important;\" rel=\"noopener\">Prenota ora la tua giornata alla spa<\/a>\n\n<\/div>\n<\/div><\/div>\n\n<div  class=\"grids-section grids-is-advanced\" style=\"--_gs-gap-desktop:0px 0px;--_gs-m-desktop:0 0 0 0;--_gs-p-desktop:0 0 0 0;--_gs-bg-desktop:transparent none;--_gs-bg-xp-desktop:0px;--_gs-zi-desktop:auto;--_gs-d-desktop:none;--_gs-mw-desktop:calc(100% - 0 - 0);--_gs-gap-tablet:0px 0px;--_gs-m-tablet:0 0 0 0;--_gs-p-tablet:0 0 0 0;--_gs-bg-tablet:transparent none;--_gs-bg-xp-tablet:0px;--_gs-zi-tablet:auto;--_gs-d-tablet:none;--_gs-mw-tablet:calc(100% - 0 - 0);--_gs-gap-mobile:0px 0px;--_gs-m-mobile:0 0 0 0;--_gs-p-mobile:0 0 0 0;--_gs-bg-mobile:transparent none;--_gs-bg-xp-mobile:0px;--_gs-zi-mobile:auto;--_gs-d-mobile:none;--_gs-mw-mobile:calc(100% - 0 - 0);--_gs-columns:12;--_gs-rows:6\"><div class=\"grids-s-w_i\">\n<div class=\"grids-area\" style=\"--_ga-column:2\/12;--_ga-row:1\/2;--_ga-m-desktop:40px 0 0 0;--_ga-p-desktop:0 0 0 0;--_ga-bg-desktop:transparent none;--_ga-zi-desktop:auto;--_ga-d-desktop:flex;--_ga-mw-desktop:calc(100% - 0 - 0);--_ga-m-tablet:40px 0 0 0;--_ga-p-tablet:0 0 0 0;--_ga-bg-tablet:transparent none;--_ga-zi-tablet:auto;--_ga-d-tablet:flex;--_ga-mw-tablet:calc(100% - 0 - 0);--_ga-m-mobile:40px 0 0 0;--_ga-p-mobile:0 0 0 0;--_ga-bg-mobile:transparent none;--_ga-zi-mobile:auto;--_ga-d-mobile:flex;--_ga-mw-mobile:calc(100% - 0 - 0)\">\n\n<h2 class=\"wp-block-heading has-text-align-center\" id=\"day-spa\">Day Spa<\/h2>\n\n\n\n<h3 class=\"wp-block-heading has-text-align-center\" id=\"con-camera-d-appoggio\">con camera d&#8217;appoggio<\/h3>\n\n\n\n<p class=\"has-text-align-center\"><strong>ATTENZIONE: siamo CHIUSI per la pausa stagionale dal 7 luglio al 24 luglio 2025 <\/strong>e <strong>dal 7 gennaio al 19 marzo 2026<\/strong><\/p>\n\n<\/div>\n\n<div class=\"grids-area\" style=\"--_ga-column:2\/12;--_ga-row:2\/3;--_ga-m-desktop:0 0 0 0;--_ga-p-desktop:0 0 0 0;--_ga-bg-desktop:transparent none;--_ga-zi-desktop:auto;--_ga-d-desktop:flex;--_ga-mw-desktop:calc(100% - 0 - 0);--_ga-m-tablet:0 0 0 0;--_ga-p-tablet:0 0 0 0;--_ga-bg-tablet:transparent none;--_ga-zi-tablet:auto;--_ga-d-tablet:flex;--_ga-mw-tablet:calc(100% - 0 - 0);--_ga-m-mobile:0 0 0 0;--_ga-p-mobile:0 0 0 0;--_ga-bg-mobile:transparent none;--_ga-zi-mobile:auto;--_ga-d-mobile:flex;--_ga-mw-mobile:calc(100% - 0 - 0)\">\n\r\n<div class=\"snodo-list-container\">\r\n\t\t\t\t<div class=\"snodo-list-container-single \">\r\n\t\t\t\t<a   class=\"snodo-list-container-single-img\" title=\"Easy Day \u2013 Ingresso Giornaliero SPA Savoia\">\r\n\t\t\t\t\t<figure class=\"full-width\">\r\n\t\t\t\t\t\t<img decoding=\"async\" src=\"https:\/\/www.savoiaterme.it\/wp-content\/uploads\/2021\/10\/easy-all-day-hotel-savoia-terme-abano-terme-banner.jpg\" \/>\r\n\t\t\t\t\t<\/figure>\r\n\t\t\t\t<\/a>\r\n\t\t\t\t\r\n\t\t\t\t<a   class=\"snodo-list-container-single-title\" title=\"Easy Day \u2013 Ingresso Giornaliero SPA Savoia\">\r\n\t\t\t\t\t<h3>Easy Day \u2013 Ingresso Giornaliero SPA Savoia<\/h3>\r\n\t\t\t\t<\/a>\r\n\r\n\t\t\t\t<div class=\"snodo-list-container-single-subtitle\">\r\n\t\t\t\t\t\t\t\t\t<\/div>\r\n\r\n\t\t\t\t<div class=\"snodo-list-container-single-short-description\">\r\n\t\t\t\t\t<p>Benessere totale senza soggiorno: piscine termali, SPA, fitness e relax nel cuore di Abano Terme.<br \/>\n<strong>A partire da \u20ac40<\/strong><\/p>\n<p><a class=\"btn only-borders\" style=\"display: block; text-align: center; margin: 20px auto !important; padding: 0;\" href=\"https:\/\/www.savoiaterme.it\/it\/easy-day-ingresso-giornaliero-spa-savoia\/\" rel=\"noopener\">Scopri i dettagli<\/a><\/p>\n\t\t\t\t<\/div>\r\n\r\n\t\t\t\t\t\t\t<\/div>\r\n\t\t\t\t\t\t<div class=\"snodo-list-container-single \">\r\n\t\t\t\t<a   class=\"snodo-list-container-single-img\" title=\"Easy Break \u2013 Ingresso Pomeridiano SPA Savoia\">\r\n\t\t\t\t\t<figure class=\"full-width\">\r\n\t\t\t\t\t\t<img decoding=\"async\" src=\"https:\/\/www.savoiaterme.it\/wp-content\/uploads\/2021\/10\/piscina-termale-esterna-abano-terme-hotel-savoia.jpg\" \/>\r\n\t\t\t\t\t<\/figure>\r\n\t\t\t\t<\/a>\r\n\t\t\t\t\r\n\t\t\t\t<a   class=\"snodo-list-container-single-title\" title=\"Easy Break \u2013 Ingresso Pomeridiano SPA Savoia\">\r\n\t\t\t\t\t<h3>Easy Break \u2013 Ingresso Pomeridiano SPA Savoia<\/h3>\r\n\t\t\t\t<\/a>\r\n\r\n\t\t\t\t<div class=\"snodo-list-container-single-subtitle\">\r\n\t\t\t\t\t\t\t\t\t<\/div>\r\n\r\n\t\t\t\t<div class=\"snodo-list-container-single-short-description\">\r\n\t\t\t\t\t<p>Il tuo pomeriggio di relax: piscine termali, SPA e benessere senza soggiorno, dalle 14:00 alle 22:00.<br \/>\n<strong>A partire da \u20ac35.<\/strong><br \/>\n<a class=\"btn only-borders\" style=\"display: block; text-align: center; margin: 20px auto !important; padding: 0;\" href=\"https:\/\/www.savoiaterme.it\/it\/easy-break-ingresso-pomeridiano-spa-savoia\/\" rel=\"noopener\">Scopri i dettagli<\/a><\/p>\n\t\t\t\t<\/div>\r\n\r\n\t\t\t\t\t\t\t<\/div>\r\n\t\t\t\t\t\t<div class=\"snodo-list-container-single \">\r\n\t\t\t\t<a   class=\"snodo-list-container-single-img\" title=\"Pool Night \u2013 Ingresso Serale SPA Savoia\">\r\n\t\t\t\t\t<figure class=\"full-width\">\r\n\t\t\t\t\t\t<img decoding=\"async\" src=\"https:\/\/www.savoiaterme.it\/wp-content\/uploads\/2022\/01\/piscine-termali-abano-terme-hotel-savoia-terme-1024x683-1.jpg\" \/>\r\n\t\t\t\t\t<\/figure>\r\n\t\t\t\t<\/a>\r\n\t\t\t\t\r\n\t\t\t\t<a   class=\"snodo-list-container-single-title\" title=\"Pool Night \u2013 Ingresso Serale SPA Savoia\">\r\n\t\t\t\t\t<h3>Pool Night \u2013 Ingresso Serale SPA Savoia<\/h3>\r\n\t\t\t\t<\/a>\r\n\r\n\t\t\t\t<div class=\"snodo-list-container-single-subtitle\">\r\n\t\t\t\t\t\t\t\t\t<\/div>\r\n\r\n\t\t\t\t<div class=\"snodo-list-container-single-short-description\">\r\n\t\t\t\t\t<p>Dalle 18 alle 22, vivi la magia delle piscine termali e della SPA sotto le stelle.<br \/>\n<strong>A partire da \u20ac30.<\/strong><br \/>\n<a class=\"btn only-borders\" style=\"display: block; text-align: center; margin: 20px auto !important; padding: 0;\" href=\"https:\/\/www.savoiaterme.it\/it\/pool-night-ingresso-serale-spa-savoia\/\" rel=\"noopener\">Scopri i dettagli<\/a><\/p>\n\t\t\t\t<\/div>\r\n\r\n\t\t\t\t\t\t\t<\/div>\r\n\t\t\t\r\n\t<\/div>\r\n\r\n\n\n<\/div>\n<\/div><\/div>","protected":false},"excerpt":{"rendered":"","protected":false},"author":26,"featured_media":3686,"parent":0,"menu_order":0,"comment_status":"closed","ping_status":"closed","template":"","meta":{"_acf_changed":false,"advgb_blocks_editor_width":"","advgb_blocks_columns_visual_guide":"","footnotes":""},"class_list":["post-30207","page","type-page","status-publish","has-post-thumbnail","hentry","entry"],"acf":{"page_custom_gallery":[{"page_custom_gallery_label":"","page_custom_gallery_photos":[4570,4672,4565]},{"page_custom_gallery_label":"","page_custom_gallery_photos":[17996,17991,21749]},{"page_custom_gallery_label":"","page_custom_gallery_photos":[8123,18399,3725]}],"element_single_page":[{"element_page_image":3686,"element_page_title":"Easy Day \u2013 Ingresso Giornaliero SPA Savoia","element_page_subtitle":"","element_page_content":"Benessere totale senza soggiorno: piscine termali, SPA, fitness e relax nel cuore di Abano Terme.\r\n<strong>A partire da \u20ac40<\/strong>\r\n\r\n<a class=\"btn only-borders\" style=\"display: block; text-align: center; margin: 20px auto !important; padding: 0;\" href=\"https:\/\/www.savoiaterme.it\/it\/easy-day-ingresso-giornaliero-spa-savoia\/\" rel=\"noopener\">Scopri i dettagli<\/a>","element_page_cta_content":" ","element_page_cta_link":"","element_page_cta_target_blank":false},{"element_page_image":4087,"element_page_title":"Easy Break \u2013 Ingresso Pomeridiano SPA Savoia","element_page_subtitle":"","element_page_content":"Il tuo pomeriggio di relax: piscine termali, SPA e benessere senza soggiorno, dalle 14:00 alle 22:00.\r\n<strong>A partire da \u20ac35.<\/strong>\r\n<a class=\"btn only-borders\" style=\"display: block; text-align: center; margin: 20px auto !important; padding: 0;\" href=\"https:\/\/www.savoiaterme.it\/it\/easy-break-ingresso-pomeridiano-spa-savoia\/\" rel=\"noopener\">Scopri i dettagli<\/a>","element_page_cta_content":"prenota","element_page_cta_link":"","element_page_cta_target_blank":false},{"element_page_image":7623,"element_page_title":"Pool Night \u2013 Ingresso Serale SPA Savoia","element_page_subtitle":"","element_page_content":"Dalle 18 alle 22, vivi la magia delle piscine termali e della SPA sotto le stelle.\r\n<strong>A partire da \u20ac30.<\/strong>\r\n<a class=\"btn only-borders\" style=\"display: block; text-align: center; margin: 20px auto !important; padding: 0;\" href=\"https:\/\/www.savoiaterme.it\/it\/pool-night-ingresso-serale-spa-savoia\/\" rel=\"noopener\">Scopri i dettagli<\/a>","element_page_cta_content":"prenota","element_page_cta_link":"","element_page_cta_target_blank":false}],"second_element_single_page":null},"yoast_head":"<!-- This site is optimized with the Yoast SEO plugin v25.7 - https:\/\/yoast.com\/wordpress\/plugins\/seo\/ -->\n<title>Tageszugang SPA in Abano Terme \u2013 Easy Day | Hotel Savoia<\/title>\n<meta name=\"description\" content=\"G\u00f6nnen Sie sich einen Tag der Entspannung in Abano Terme: Thermalbecken, SPA und Wellnessbehandlungen \u2013 ganz ohne \u00dcbernachtung. Entdecken Sie Easy Day im Hotel Savoia.\" \/>\n<meta name=\"robots\" content=\"index, follow, max-snippet:-1, max-image-preview:large, max-video-preview:-1\" \/>\n<link rel=\"canonical\" href=\"https:\/\/www.savoiaterme.it\/de\/easy-day-tageszugang-spa-savoia\/\" \/>\n<meta property=\"og:locale\" content=\"de_DE\" \/>\n<meta property=\"og:type\" content=\"article\" \/>\n<meta property=\"og:title\" content=\"Tageszugang SPA in Abano Terme \u2013 Easy Day | Hotel Savoia\" \/>\n<meta property=\"og:description\" content=\"G\u00f6nnen Sie sich einen Tag der Entspannung in Abano Terme: Thermalbecken, SPA und Wellnessbehandlungen \u2013 ganz ohne \u00dcbernachtung. Entdecken Sie Easy Day im Hotel Savoia.\" \/>\n<meta property=\"og:url\" content=\"https:\/\/www.savoiaterme.it\/de\/easy-day-tageszugang-spa-savoia\/\" \/>\n<meta property=\"og:site_name\" content=\"Hotel Savoia Therm\u00e6 &amp; Spa\" \/>\n<meta property=\"article:modified_time\" content=\"2026-03-27T11:20:58+00:00\" \/>\n<meta property=\"og:image\" content=\"https:\/\/www.savoiaterme.it\/wp-content\/uploads\/2021\/10\/easy-all-day-hotel-savoia-terme-abano-terme-banner.jpg\" \/>\n\t<meta property=\"og:image:width\" content=\"2000\" \/>\n\t<meta property=\"og:image:height\" content=\"714\" \/>\n\t<meta property=\"og:image:type\" content=\"image\/jpeg\" \/>\n<meta name=\"twitter:card\" content=\"summary_large_image\" \/>\n<meta name=\"twitter:label1\" content=\"Gesch\u00e4tzte Lesezeit\" \/>\n\t<meta name=\"twitter:data1\" content=\"5\u00a0Minuten\" \/>\n<script type=\"application\/ld+json\" class=\"yoast-schema-graph\">{\"@context\":\"https:\/\/schema.org\",\"@graph\":[{\"@type\":\"WebPage\",\"@id\":\"https:\/\/www.savoiaterme.it\/de\/easy-day-tageszugang-spa-savoia\/\",\"url\":\"https:\/\/www.savoiaterme.it\/de\/easy-day-tageszugang-spa-savoia\/\",\"name\":\"Tageszugang SPA in Abano Terme \u2013 Easy Day | Hotel Savoia\",\"isPartOf\":{\"@id\":\"https:\/\/www.savoiaterme.it\/de\/#website\"},\"primaryImageOfPage\":{\"@id\":\"https:\/\/www.savoiaterme.it\/de\/easy-day-tageszugang-spa-savoia\/#primaryimage\"},\"image\":{\"@id\":\"https:\/\/www.savoiaterme.it\/de\/easy-day-tageszugang-spa-savoia\/#primaryimage\"},\"thumbnailUrl\":\"https:\/\/www.savoiaterme.it\/wp-content\/uploads\/2021\/10\/easy-all-day-hotel-savoia-terme-abano-terme-banner.jpg\",\"datePublished\":\"2025-07-22T09:26:37+00:00\",\"dateModified\":\"2026-03-27T11:20:58+00:00\",\"description\":\"G\u00f6nnen Sie sich einen Tag der Entspannung in Abano Terme: Thermalbecken, SPA und Wellnessbehandlungen \u2013 ganz ohne \u00dcbernachtung. Entdecken Sie Easy Day im Hotel Savoia.\",\"breadcrumb\":{\"@id\":\"https:\/\/www.savoiaterme.it\/de\/easy-day-tageszugang-spa-savoia\/#breadcrumb\"},\"inLanguage\":\"de\",\"potentialAction\":[{\"@type\":\"ReadAction\",\"target\":[\"https:\/\/www.savoiaterme.it\/de\/easy-day-tageszugang-spa-savoia\/\"]}]},{\"@type\":\"ImageObject\",\"inLanguage\":\"de\",\"@id\":\"https:\/\/www.savoiaterme.it\/de\/easy-day-tageszugang-spa-savoia\/#primaryimage\",\"url\":\"https:\/\/www.savoiaterme.it\/wp-content\/uploads\/2021\/10\/easy-all-day-hotel-savoia-terme-abano-terme-banner.jpg\",\"contentUrl\":\"https:\/\/www.savoiaterme.it\/wp-content\/uploads\/2021\/10\/easy-all-day-hotel-savoia-terme-abano-terme-banner.jpg\",\"width\":2000,\"height\":714},{\"@type\":\"BreadcrumbList\",\"@id\":\"https:\/\/www.savoiaterme.it\/de\/easy-day-tageszugang-spa-savoia\/#breadcrumb\",\"itemListElement\":[{\"@type\":\"ListItem\",\"position\":1,\"name\":\"\",\"item\":\"https:\/\/www.savoiaterme.it\/de\/\"},{\"@type\":\"ListItem\",\"position\":2,\"name\":\"Easy Day \u2013 Tageszugang SPA Savoia\"}]},{\"@type\":\"WebSite\",\"@id\":\"https:\/\/www.savoiaterme.it\/de\/#website\",\"url\":\"https:\/\/www.savoiaterme.it\/de\/\",\"name\":\"Hotel Savoia Therm\u00e6 &amp; Spa\",\"description\":\"ABANO TERME\",\"potentialAction\":[{\"@type\":\"SearchAction\",\"target\":{\"@type\":\"EntryPoint\",\"urlTemplate\":\"https:\/\/www.savoiaterme.it\/de\/?s={search_term_string}\"},\"query-input\":{\"@type\":\"PropertyValueSpecification\",\"valueRequired\":true,\"valueName\":\"search_term_string\"}}],\"inLanguage\":\"de\"}]}<\/script>\n<!-- \/ Yoast SEO plugin. -->","yoast_head_json":{"title":"Tageszugang SPA in Abano Terme \u2013 Easy Day | Hotel Savoia","description":"G\u00f6nnen Sie sich einen Tag der Entspannung in Abano Terme: Thermalbecken, SPA und Wellnessbehandlungen \u2013 ganz ohne \u00dcbernachtung. Entdecken Sie Easy Day im Hotel Savoia.","robots":{"index":"index","follow":"follow","max-snippet":"max-snippet:-1","max-image-preview":"max-image-preview:large","max-video-preview":"max-video-preview:-1"},"canonical":"https:\/\/www.savoiaterme.it\/de\/easy-day-tageszugang-spa-savoia\/","og_locale":"de_DE","og_type":"article","og_title":"Tageszugang SPA in Abano Terme \u2013 Easy Day | Hotel Savoia","og_description":"G\u00f6nnen Sie sich einen Tag der Entspannung in Abano Terme: Thermalbecken, SPA und Wellnessbehandlungen \u2013 ganz ohne \u00dcbernachtung. Entdecken Sie Easy Day im Hotel Savoia.","og_url":"https:\/\/www.savoiaterme.it\/de\/easy-day-tageszugang-spa-savoia\/","og_site_name":"Hotel Savoia Therm\u00e6 &amp; Spa","article_modified_time":"2026-03-27T11:20:58+00:00","og_image":[{"width":2000,"height":714,"url":"https:\/\/www.savoiaterme.it\/wp-content\/uploads\/2021\/10\/easy-all-day-hotel-savoia-terme-abano-terme-banner.jpg","type":"image\/jpeg"}],"twitter_card":"summary_large_image","twitter_misc":{"Gesch\u00e4tzte Lesezeit":"5\u00a0Minuten"},"schema":{"@context":"https:\/\/schema.org","@graph":[{"@type":"WebPage","@id":"https:\/\/www.savoiaterme.it\/de\/easy-day-tageszugang-spa-savoia\/","url":"https:\/\/www.savoiaterme.it\/de\/easy-day-tageszugang-spa-savoia\/","name":"Tageszugang SPA in Abano Terme \u2013 Easy Day | Hotel Savoia","isPartOf":{"@id":"https:\/\/www.savoiaterme.it\/de\/#website"},"primaryImageOfPage":{"@id":"https:\/\/www.savoiaterme.it\/de\/easy-day-tageszugang-spa-savoia\/#primaryimage"},"image":{"@id":"https:\/\/www.savoiaterme.it\/de\/easy-day-tageszugang-spa-savoia\/#primaryimage"},"thumbnailUrl":"https:\/\/www.savoiaterme.it\/wp-content\/uploads\/2021\/10\/easy-all-day-hotel-savoia-terme-abano-terme-banner.jpg","datePublished":"2025-07-22T09:26:37+00:00","dateModified":"2026-03-27T11:20:58+00:00","description":"G\u00f6nnen Sie sich einen Tag der Entspannung in Abano Terme: Thermalbecken, SPA und Wellnessbehandlungen \u2013 ganz ohne \u00dcbernachtung. Entdecken Sie Easy Day im Hotel Savoia.","breadcrumb":{"@id":"https:\/\/www.savoiaterme.it\/de\/easy-day-tageszugang-spa-savoia\/#breadcrumb"},"inLanguage":"de","potentialAction":[{"@type":"ReadAction","target":["https:\/\/www.savoiaterme.it\/de\/easy-day-tageszugang-spa-savoia\/"]}]},{"@type":"ImageObject","inLanguage":"de","@id":"https:\/\/www.savoiaterme.it\/de\/easy-day-tageszugang-spa-savoia\/#primaryimage","url":"https:\/\/www.savoiaterme.it\/wp-content\/uploads\/2021\/10\/easy-all-day-hotel-savoia-terme-abano-terme-banner.jpg","contentUrl":"https:\/\/www.savoiaterme.it\/wp-content\/uploads\/2021\/10\/easy-all-day-hotel-savoia-terme-abano-terme-banner.jpg","width":2000,"height":714},{"@type":"BreadcrumbList","@id":"https:\/\/www.savoiaterme.it\/de\/easy-day-tageszugang-spa-savoia\/#breadcrumb","itemListElement":[{"@type":"ListItem","position":1,"name":"","item":"https:\/\/www.savoiaterme.it\/de\/"},{"@type":"ListItem","position":2,"name":"Easy Day \u2013 Tageszugang SPA Savoia"}]},{"@type":"WebSite","@id":"https:\/\/www.savoiaterme.it\/de\/#website","url":"https:\/\/www.savoiaterme.it\/de\/","name":"Hotel Savoia Therm\u00e6 &amp; Spa","description":"ABANO TERME","potentialAction":[{"@type":"SearchAction","target":{"@type":"EntryPoint","urlTemplate":"https:\/\/www.savoiaterme.it\/de\/?s={search_term_string}"},"query-input":{"@type":"PropertyValueSpecification","valueRequired":true,"valueName":"search_term_string"}}],"inLanguage":"de"}]}},"coauthors":[],"author_meta":{"author_link":"https:\/\/www.savoiaterme.it\/de\/author\/mattia\/","display_name":"mattia"},"relative_dates":{"created":"Posted 9\u00a0Monaten ago","modified":"Updated 1\u00a0Monat ago"},"absolute_dates":{"created":"Posted on Juli 22, 2025","modified":"Updated on M\u00e4rz 27, 2026"},"absolute_dates_time":{"created":"Posted on Juli 22, 2025 11:26 a.m.","modified":"Updated on M\u00e4rz 27, 2026 12:20 p.m."},"featured_img_caption":"","featured_img":"https:\/\/www.savoiaterme.it\/wp-content\/uploads\/2021\/10\/easy-all-day-hotel-savoia-terme-abano-terme-banner-1568x560.jpg","series_order":"","_links":{"self":[{"href":"https:\/\/www.savoiaterme.it\/de\/wp-json\/wp\/v2\/pages\/30207","targetHints":{"allow":["GET"]}}],"collection":[{"href":"https:\/\/www.savoiaterme.it\/de\/wp-json\/wp\/v2\/pages"}],"about":[{"href":"https:\/\/www.savoiaterme.it\/de\/wp-json\/wp\/v2\/types\/page"}],"author":[{"embeddable":true,"href":"https:\/\/www.savoiaterme.it\/de\/wp-json\/wp\/v2\/users\/26"}],"replies":[{"embeddable":true,"href":"https:\/\/www.savoiaterme.it\/de\/wp-json\/wp\/v2\/comments?post=30207"}],"version-history":[{"count":10,"href":"https:\/\/www.savoiaterme.it\/de\/wp-json\/wp\/v2\/pages\/30207\/revisions"}],"predecessor-version":[{"id":33762,"href":"https:\/\/www.savoiaterme.it\/de\/wp-json\/wp\/v2\/pages\/30207\/revisions\/33762"}],"wp:featuredmedia":[{"embeddable":true,"href":"https:\/\/www.savoiaterme.it\/de\/wp-json\/wp\/v2\/media\/3686"}],"wp:attachment":[{"href":"https:\/\/www.savoiaterme.it\/de\/wp-json\/wp\/v2\/media?parent=30207"}],"curies":[{"name":"wp","href":"https:\/\/api.w.org\/{rel}","templated":true}]}}