{"id":33618,"date":"2026-03-06T14:57:33","date_gmt":"2026-03-06T13:57:33","guid":{"rendered":"https:\/\/www.savoiaterme.it\/menu-di-pasqua-2026\/"},"modified":"2026-03-06T17:06:31","modified_gmt":"2026-03-06T16:06:31","slug":"ostermenu-2026","status":"publish","type":"page","link":"https:\/\/www.savoiaterme.it\/de\/ostermenu-2026\/","title":{"rendered":"Ostermen\u00fc 2026"},"content":{"rendered":"<div  class=\"grids-section image-boxed-blur-background grids-is-advanced alignfull\" style=\"--_gs-gap-desktop:0px 0px;--_gs-m-desktop:0 0 0 0;--_gs-p-desktop:0 0 0 0;--_gs-bg-desktop:transparent url(https:\/\/www.savoiaterme.it\/wp-content\/uploads\/2026\/03\/sfondo-menu-di-pasqua.webp) no-repeat 50% 50%  \/ cover;--_gs-bg-xp-desktop:0px;--_gs-zi-desktop:auto;--_gs-d-desktop:block;--_gs-mw-desktop:calc(100% - 0 - 0);--_gs-gap-tablet:0px 0px;--_gs-m-tablet:0 0 0 0;--_gs-p-tablet:0 0 0 0;--_gs-bg-tablet:transparent url(https:\/\/www.savoiaterme.it\/wp-content\/uploads\/2026\/03\/sfondo-menu-di-pasqua.webp) no-repeat 50% 50%  \/ cover;--_gs-bg-xp-tablet:0px;--_gs-zi-tablet:auto;--_gs-d-tablet:block;--_gs-mw-tablet:calc(100% - 0 - 0);--_gs-gap-mobile:0px 0px;--_gs-m-mobile:0 0 0 0;--_gs-p-mobile:0 0 0 0;--_gs-bg-mobile:transparent url(https:\/\/www.savoiaterme.it\/wp-content\/uploads\/2026\/03\/sfondo-menu-di-pasqua.webp) no-repeat 50% 50%  \/ cover;--_gs-bg-xp-mobile:0px;--_gs-zi-mobile:auto;--_gs-d-mobile:block;--_gs-mw-mobile:calc(100% - 0 - 0);--_gs-columns:12;--_gs-rows:14\"><div class=\"grids-s-w_i\">\n<div class=\"grids-area\" style=\"--_ga-column:5\/9;--_ga-row:1\/15;--_ga-m-desktop:0 0 0 0;--_ga-p-desktop:0 50px 0 50px;--_ga-bg-desktop:transparent none;--_ga-zi-desktop:auto;--_ga-d-desktop:flex;--_ga-mw-desktop:calc(100% - 0 - 0);--_ga-m-tablet:0 0 0 0;--_ga-p-tablet:0 50px 0 50px;--_ga-bg-tablet:transparent none;--_ga-zi-tablet:auto;--_ga-d-tablet:flex;--_ga-mw-tablet:calc(100% - 0 - 0);--_ga-m-mobile:0 0 0 0;--_ga-p-mobile:0 20px 0 20px;--_ga-bg-mobile:transparent none;--_ga-zi-mobile:auto;--_ga-d-mobile:flex;--_ga-mw-mobile:calc(100% - 0 - 0)\">\n\n<div style=\"text-align:center;margin-bottom:20px;\">\n<lord-icon src=\"https:\/\/cdn.lordicon.com\/lmukodkg.json\" trigger=\"loop\" colors=\"primary:#F6E29F,secondary:#F6E29F\" style=\"width:100px;height:100px\"><\/lord-icon>\n<\/div>\n\n\n\n<h1 class=\"wp-block-heading has-text-align-center has-text-color\" style=\"color:#f6e29f\"><strong>Oster-Mittagessen<\/strong><\/h1>\n\n\n\n<h2 class=\"wp-block-heading has-text-align-center has-text-color\" style=\"color:#fff7e1\"><strong>Restaurant Il Savoiardo \u2013 Abano Terme<br>5. April 2026<\/strong><\/h2>\n\n\n\n<p class=\"has-text-align-center has-white-color has-text-color\">\nDie Direktion und das gesamte Team w\u00fcnschen Ihnen Frohe Ostern\n<\/p>\n\n\n\n<h3 class=\"wp-block-heading has-text-align-center has-text-color\" style=\"color:#fff7e1\"><strong>MEN\u00dc<\/strong><\/h3>\n\n\n\n<p class=\"has-text-align-center has-white-color has-text-color\">\nDer \u201eChic\u201c Oster-Aperitif mit Spezialit\u00e4ten vom Land und aus dem Meer an der Bar \u201eThe Club\u201c\n<\/p>\n\n\n\n<h3 class=\"wp-block-heading has-text-align-center title-margin-top has-text-color\" style=\"color:#fff7e1\"><strong>VORSPEISE NACH WAHL<\/strong><\/h3>\n\n\n\n<p class=\"has-text-align-center has-white-color has-text-color\">\n<strong style=\"color:#F6E19F\">Rustikales Bl\u00e4tterteiggeb\u00e4ck nach \u201ePasqualina\u201c-Art<\/strong><br>\nmit knackigem Salat aus gr\u00fcnem Spargel und Ei-Mimosa\n<br><br>\n<strong style=\"color:#F6E19F\">Ger\u00e4ucherte Lachssegel<\/strong><br>\nmit cremigem Blauschimmelk\u00e4se mit Brennnesseln und ger\u00f6steten Mandeln\n<\/p>\n\n\n\n<h3 class=\"wp-block-heading has-text-align-center title-margin-top has-text-color\" style=\"color:#fff7e1\"><strong>ERSTER GANG NACH WAHL<\/strong><\/h3>\n\n\n\n<p class=\"has-text-align-center has-white-color has-text-color\">\n<strong style=\"color:#F6E19F\">\u201eAbbadesse\u201c-Risotto mit Franciacorta<\/strong><br>\nWildkr\u00e4uter und cremige B\u00fcffel-Stracciatella\n<br><br>\n<strong style=\"color:#F6E19F\">Wei\u00dfe und gr\u00fcne Lasagnette<\/strong><br>\nmit Lammragout, gegrilltem Kochschinken und Zucchinibl\u00fcten\n<\/p>\n\n\n\n<h3 class=\"wp-block-heading has-text-align-center title-margin-top has-text-color\" style=\"color:#fff7e1\"><strong>HAUPTGANG NACH WAHL<\/strong><\/h3>\n\n\n\n<p class=\"has-text-align-center has-white-color has-text-color\">\n<strong style=\"color:#F6E19F\">Honigglasierte Kalbsnuss<\/strong><br>\nmit Pilzsauce und einer feinen Note von Tr\u00fcffel\u00f6l\n<br><br>\n<strong style=\"color:#F6E19F\">Wolfsbarsch-Tournedo<\/strong><br>\nmit Jakobsmuscheln und Edamame-Bohnen\n<br><br>\nBeilage: <strong>Gratinierte Artischocke<\/strong>\n<\/p>\n\n\n\n<h3 class=\"wp-block-heading has-text-align-center title-margin-top has-text-color\" style=\"color:#fff7e1\"><strong>PRE-DESSERT<\/strong><\/h3>\n\n\n\n<p class=\"has-text-align-center has-white-color has-text-color\">\nErdbeer-, Fiordilatte- und Sambuca-Sorbet\n<\/p>\n\n\n\n<h3 class=\"wp-block-heading has-text-align-center title-margin-top has-text-color\" style=\"color:#fff7e1\"><strong>DESSERTBUFFET DER S\u00dcSSEN VERF\u00dcHRUNGEN<\/strong><\/h3>\n\n\n\n<p class=\"has-text-align-center has-white-color has-text-color\">\nVariation von frischen Fr\u00fcchten der Saison\n<br><br>\nTraditionelle Oster-Colomba mit passenden Saucen\n<br><br>\nSchokoladen-Osterei und s\u00fc\u00dfe Osterk\u00f6stlichkeiten\n<\/p>\n\n\n\n<div style=\"text-align:center;margin-top:10px;margin-bottom:20px;\">\n<lord-icon src=\"https:\/\/cdn.lordicon.com\/oiqhztxg.json\" trigger=\"loop\" colors=\"primary:#F6E29F,secondary:#F6E29F\" style=\"width:75px;height:75px\"><\/lord-icon>\n<\/div>\n\n\n\n<h3 class=\"wp-block-heading has-text-align-center has-text-color\" style=\"color:#fff7e1\"><strong>Empfehlungen des Sommeliers<\/strong><\/h3>\n\n\n\n<p class=\"has-text-align-center has-white-color has-text-color\">\n<strong style=\"color:#F6E19F\">Wei\u00dfweine<\/strong><br>\nSauvignon del Collio DOC Felluga<br>\nPinot Grigio Ramato DOC Gaierhof\n<br><br>\n<strong style=\"color:#F6E19F\">Rotweine<\/strong><br>\nMerlot dei Colli Euganei DOC \u201eMalter\u00e8n\u201c Sengiari<br>\nCabernet dei Colli Euganei DOC \u201eGirapoggio\u201c Zanovello\n<br><br>\n<strong style=\"color:#F6E19F\">Schaumweine<\/strong><br>\nSpumante Cuv\u00e9e Sergio Mionetto Luxury Ed. Extra Dry<br>\nFior D\u2019Arancio Spumante Dolce DOCG Borin\n<\/p>\n\n\n\n<h3 class=\"wp-block-heading has-text-align-center has-text-color\" style=\"color:#fff7e1\"><strong>Unser Team<\/strong><\/h3>\n\n\n\n<p class=\"has-text-align-center has-white-color has-text-color\">\nK\u00fcchenchef: <strong style=\"color:#F6E19F\">Andrea Dan<\/strong><br>\nMa\u00eetre: <strong style=\"color:#F6E19F\">Cristiano Gallimberti<\/strong><br>\nSommelier: <strong style=\"color:#F6E19F\">Giancarlo Dima<\/strong><br>\nHead Barman: <strong style=\"color:#F6E19F\">Stefano Marchioro<\/strong>\n<\/p>\n\n\n\n<a href=\"https:\/\/www.savoiaterme.it\/de\/ostern-2026\/\" class=\"btn btn-center\" rel=\"noopener\">ENTDECKEN SIE DAS FESTPROGRAMM<\/a>\n\n<\/div>\n<\/div><\/div>","protected":false},"excerpt":{"rendered":"","protected":false},"author":26,"featured_media":28190,"parent":0,"menu_order":0,"comment_status":"closed","ping_status":"closed","template":"","meta":{"_acf_changed":false,"advgb_blocks_editor_width":"","advgb_blocks_columns_visual_guide":"","footnotes":""},"class_list":["post-33618","page","type-page","status-publish","has-post-thumbnail","hentry","entry"],"acf":{"page_custom_gallery":null,"element_single_page":null,"second_element_single_page":null},"yoast_head":"<!-- This site is optimized with the Yoast SEO plugin v25.7 - https:\/\/yoast.com\/wordpress\/plugins\/seo\/ -->\n<title>Ostermen\u00fc 2026 - Hotel Savoia Therm\u00e6 &amp; Spa<\/title>\n<meta name=\"robots\" content=\"noindex, follow\" \/>\n<meta property=\"og:locale\" content=\"de_DE\" \/>\n<meta property=\"og:type\" content=\"article\" \/>\n<meta property=\"og:title\" content=\"Ostermen\u00fc 2026 - Hotel Savoia Therm\u00e6 &amp; Spa\" \/>\n<meta property=\"og:url\" content=\"https:\/\/www.savoiaterme.it\/de\/ostermenu-2026\/\" \/>\n<meta property=\"og:site_name\" content=\"Hotel Savoia Therm\u00e6 &amp; Spa\" \/>\n<meta property=\"article:modified_time\" content=\"2026-03-06T16:06:31+00:00\" \/>\n<meta property=\"og:image\" content=\"https:\/\/www.savoiaterme.it\/wp-content\/uploads\/2025\/02\/immagine-pasqua-savoia-2.webp\" \/>\n\t<meta property=\"og:image:width\" content=\"1792\" \/>\n\t<meta property=\"og:image:height\" content=\"1024\" \/>\n\t<meta property=\"og:image:type\" content=\"image\/webp\" \/>\n<meta name=\"twitter:card\" content=\"summary_large_image\" \/>\n<meta name=\"twitter:label1\" content=\"Gesch\u00e4tzte Lesezeit\" \/>\n\t<meta name=\"twitter:data1\" content=\"2\u00a0Minuten\" \/>\n<script type=\"application\/ld+json\" class=\"yoast-schema-graph\">{\"@context\":\"https:\/\/schema.org\",\"@graph\":[{\"@type\":\"WebPage\",\"@id\":\"https:\/\/www.savoiaterme.it\/de\/ostermenu-2026\/\",\"url\":\"https:\/\/www.savoiaterme.it\/de\/ostermenu-2026\/\",\"name\":\"Ostermen\u00fc 2026 - Hotel Savoia Therm\u00e6 &amp; Spa\",\"isPartOf\":{\"@id\":\"https:\/\/www.savoiaterme.it\/de\/#website\"},\"primaryImageOfPage\":{\"@id\":\"https:\/\/www.savoiaterme.it\/de\/ostermenu-2026\/#primaryimage\"},\"image\":{\"@id\":\"https:\/\/www.savoiaterme.it\/de\/ostermenu-2026\/#primaryimage\"},\"thumbnailUrl\":\"https:\/\/www.savoiaterme.it\/wp-content\/uploads\/2025\/02\/immagine-pasqua-savoia-2.webp\",\"datePublished\":\"2026-03-06T13:57:33+00:00\",\"dateModified\":\"2026-03-06T16:06:31+00:00\",\"breadcrumb\":{\"@id\":\"https:\/\/www.savoiaterme.it\/de\/ostermenu-2026\/#breadcrumb\"},\"inLanguage\":\"de\",\"potentialAction\":[{\"@type\":\"ReadAction\",\"target\":[\"https:\/\/www.savoiaterme.it\/de\/ostermenu-2026\/\"]}]},{\"@type\":\"ImageObject\",\"inLanguage\":\"de\",\"@id\":\"https:\/\/www.savoiaterme.it\/de\/ostermenu-2026\/#primaryimage\",\"url\":\"https:\/\/www.savoiaterme.it\/wp-content\/uploads\/2025\/02\/immagine-pasqua-savoia-2.webp\",\"contentUrl\":\"https:\/\/www.savoiaterme.it\/wp-content\/uploads\/2025\/02\/immagine-pasqua-savoia-2.webp\",\"width\":1792,\"height\":1024},{\"@type\":\"BreadcrumbList\",\"@id\":\"https:\/\/www.savoiaterme.it\/de\/ostermenu-2026\/#breadcrumb\",\"itemListElement\":[{\"@type\":\"ListItem\",\"position\":1,\"name\":\"\",\"item\":\"https:\/\/www.savoiaterme.it\/de\/\"},{\"@type\":\"ListItem\",\"position\":2,\"name\":\"Ostermen\u00fc 2026\"}]},{\"@type\":\"WebSite\",\"@id\":\"https:\/\/www.savoiaterme.it\/de\/#website\",\"url\":\"https:\/\/www.savoiaterme.it\/de\/\",\"name\":\"Hotel Savoia Therm\u00e6 &amp; Spa\",\"description\":\"ABANO TERME\",\"potentialAction\":[{\"@type\":\"SearchAction\",\"target\":{\"@type\":\"EntryPoint\",\"urlTemplate\":\"https:\/\/www.savoiaterme.it\/de\/?s={search_term_string}\"},\"query-input\":{\"@type\":\"PropertyValueSpecification\",\"valueRequired\":true,\"valueName\":\"search_term_string\"}}],\"inLanguage\":\"de\"}]}<\/script>\n<!-- \/ Yoast SEO plugin. -->","yoast_head_json":{"title":"Ostermen\u00fc 2026 - Hotel Savoia Therm\u00e6 &amp; Spa","robots":{"index":"noindex","follow":"follow"},"og_locale":"de_DE","og_type":"article","og_title":"Ostermen\u00fc 2026 - Hotel Savoia Therm\u00e6 &amp; Spa","og_url":"https:\/\/www.savoiaterme.it\/de\/ostermenu-2026\/","og_site_name":"Hotel Savoia Therm\u00e6 &amp; Spa","article_modified_time":"2026-03-06T16:06:31+00:00","og_image":[{"width":1792,"height":1024,"url":"https:\/\/www.savoiaterme.it\/wp-content\/uploads\/2025\/02\/immagine-pasqua-savoia-2.webp","type":"image\/webp"}],"twitter_card":"summary_large_image","twitter_misc":{"Gesch\u00e4tzte Lesezeit":"2\u00a0Minuten"},"schema":{"@context":"https:\/\/schema.org","@graph":[{"@type":"WebPage","@id":"https:\/\/www.savoiaterme.it\/de\/ostermenu-2026\/","url":"https:\/\/www.savoiaterme.it\/de\/ostermenu-2026\/","name":"Ostermen\u00fc 2026 - Hotel Savoia Therm\u00e6 &amp; Spa","isPartOf":{"@id":"https:\/\/www.savoiaterme.it\/de\/#website"},"primaryImageOfPage":{"@id":"https:\/\/www.savoiaterme.it\/de\/ostermenu-2026\/#primaryimage"},"image":{"@id":"https:\/\/www.savoiaterme.it\/de\/ostermenu-2026\/#primaryimage"},"thumbnailUrl":"https:\/\/www.savoiaterme.it\/wp-content\/uploads\/2025\/02\/immagine-pasqua-savoia-2.webp","datePublished":"2026-03-06T13:57:33+00:00","dateModified":"2026-03-06T16:06:31+00:00","breadcrumb":{"@id":"https:\/\/www.savoiaterme.it\/de\/ostermenu-2026\/#breadcrumb"},"inLanguage":"de","potentialAction":[{"@type":"ReadAction","target":["https:\/\/www.savoiaterme.it\/de\/ostermenu-2026\/"]}]},{"@type":"ImageObject","inLanguage":"de","@id":"https:\/\/www.savoiaterme.it\/de\/ostermenu-2026\/#primaryimage","url":"https:\/\/www.savoiaterme.it\/wp-content\/uploads\/2025\/02\/immagine-pasqua-savoia-2.webp","contentUrl":"https:\/\/www.savoiaterme.it\/wp-content\/uploads\/2025\/02\/immagine-pasqua-savoia-2.webp","width":1792,"height":1024},{"@type":"BreadcrumbList","@id":"https:\/\/www.savoiaterme.it\/de\/ostermenu-2026\/#breadcrumb","itemListElement":[{"@type":"ListItem","position":1,"name":"","item":"https:\/\/www.savoiaterme.it\/de\/"},{"@type":"ListItem","position":2,"name":"Ostermen\u00fc 2026"}]},{"@type":"WebSite","@id":"https:\/\/www.savoiaterme.it\/de\/#website","url":"https:\/\/www.savoiaterme.it\/de\/","name":"Hotel Savoia Therm\u00e6 &amp; Spa","description":"ABANO TERME","potentialAction":[{"@type":"SearchAction","target":{"@type":"EntryPoint","urlTemplate":"https:\/\/www.savoiaterme.it\/de\/?s={search_term_string}"},"query-input":{"@type":"PropertyValueSpecification","valueRequired":true,"valueName":"search_term_string"}}],"inLanguage":"de"}]}},"coauthors":[],"author_meta":{"author_link":"https:\/\/www.savoiaterme.it\/de\/author\/mattia\/","display_name":"mattia"},"relative_dates":{"created":"Posted 2\u00a0Monaten ago","modified":"Updated 2\u00a0Monaten ago"},"absolute_dates":{"created":"Posted on M\u00e4rz 6, 2026","modified":"Updated on M\u00e4rz 6, 2026"},"absolute_dates_time":{"created":"Posted on M\u00e4rz 6, 2026 2:57 p.m.","modified":"Updated on M\u00e4rz 6, 2026 5:06 p.m."},"featured_img_caption":"","featured_img":"https:\/\/www.savoiaterme.it\/wp-content\/uploads\/2025\/02\/immagine-pasqua-savoia-2-1568x896.webp","series_order":"","_links":{"self":[{"href":"https:\/\/www.savoiaterme.it\/de\/wp-json\/wp\/v2\/pages\/33618","targetHints":{"allow":["GET"]}}],"collection":[{"href":"https:\/\/www.savoiaterme.it\/de\/wp-json\/wp\/v2\/pages"}],"about":[{"href":"https:\/\/www.savoiaterme.it\/de\/wp-json\/wp\/v2\/types\/page"}],"author":[{"embeddable":true,"href":"https:\/\/www.savoiaterme.it\/de\/wp-json\/wp\/v2\/users\/26"}],"replies":[{"embeddable":true,"href":"https:\/\/www.savoiaterme.it\/de\/wp-json\/wp\/v2\/comments?post=33618"}],"version-history":[{"count":2,"href":"https:\/\/www.savoiaterme.it\/de\/wp-json\/wp\/v2\/pages\/33618\/revisions"}],"predecessor-version":[{"id":33629,"href":"https:\/\/www.savoiaterme.it\/de\/wp-json\/wp\/v2\/pages\/33618\/revisions\/33629"}],"wp:featuredmedia":[{"embeddable":true,"href":"https:\/\/www.savoiaterme.it\/de\/wp-json\/wp\/v2\/media\/28190"}],"wp:attachment":[{"href":"https:\/\/www.savoiaterme.it\/de\/wp-json\/wp\/v2\/media?parent=33618"}],"curies":[{"name":"wp","href":"https:\/\/api.w.org\/{rel}","templated":true}]}}