{"id":33916,"date":"2026-02-27T11:02:47","date_gmt":"2026-02-27T10:02:47","guid":{"rendered":"https:\/\/savoia.promoservicebeta.com\/veranstaltungen\/"},"modified":"2026-08-26T12:10:18","modified_gmt":"2026-08-26T10:10:18","slug":"veranstaltungen","status":"publish","type":"page","link":"https:\/\/www.savoiaterme.it\/de\/veranstaltungen\/","title":{"rendered":"Veranstaltungen"},"content":{"rendered":"\t\t<div data-elementor-type=\"wp-page\" data-elementor-id=\"33916\" class=\"elementor elementor-33916 elementor-375\" data-elementor-post-type=\"page\">\n\t\t\t\t<div class=\"elementor-element elementor-element-359e77f1 e-flex e-con-boxed e-con e-parent\" data-id=\"359e77f1\" data-element_type=\"container\" data-e-type=\"container\">\n\t\t\t\t\t<div class=\"e-con-inner\">\n\t\t<div class=\"elementor-element elementor-element-205ac2 e-con-full e-flex e-con e-child\" data-id=\"205ac2\" data-element_type=\"container\" data-e-type=\"container\">\n\t\t\t\t<div class=\"elementor-element elementor-element-6b2fe8c3 size-42 elementor-widget elementor-widget-heading\" data-id=\"6b2fe8c3\" data-element_type=\"widget\" data-e-type=\"widget\" data-widget_type=\"heading.default\">\n\t\t\t\t\t<h2 class=\"elementor-heading-title elementor-size-default\">Veranstaltungen in den Euganeischen H\u00fcgeln<\/h2>\t\t\t\t<\/div>\n\t\t\t\t<div class=\"elementor-element elementor-element-7e811e77 elementor-widget elementor-widget-text-editor\" data-id=\"7e811e77\" data-element_type=\"widget\" data-e-type=\"widget\" data-widget_type=\"text-editor.default\">\n\t\t\t\t\t\t\t\t\t<p><em><strong>Veranstaltungen, Festivals, Ausstellungen und vieles mehr\u2026<\/strong><\/em><\/p><p>Der Veranstaltungskalender der Euganeischen H\u00fcgel bietet eine F\u00fclle au\u00dfergew\u00f6hnlicher Veranstaltungen.<\/p><p><strong>Erleben Sie die Region<\/strong> bei Dorffesten und Volksfesten, Verkostungen, kulturellen Veranstaltungen und Ausstellungen, die Ihnen die Geschichte und Kultur dieser einzigartigen Region n\u00e4herbringen werden\u2026<\/p><p>Entdecken Sie alle Veranstaltungen, die w\u00e4hrend Ihres Besuchs bei uns stattfinden werden!<\/p>\t\t\t\t\t\t\t\t<\/div>\n\t\t\t\t<\/div>\n\t\t<div class=\"elementor-element elementor-element-76adace e-con-full e-flex e-con e-child\" data-id=\"76adace\" data-element_type=\"container\" data-e-type=\"container\">\n\t\t<a class=\"elementor-element elementor-element-631cc647 e-con-full cont-foto-box e-flex e-con e-child\" data-id=\"631cc647\" data-element_type=\"container\" data-e-type=\"container\">\n\t\t\t\t<div class=\"elementor-element elementor-element-74d2346d elementor-widget elementor-widget-image\" data-id=\"74d2346d\" data-element_type=\"widget\" data-e-type=\"widget\" data-widget_type=\"image.default\">\n\t\t\t\t\t\t\t\t\t\t\t\t\t\t\t<img fetchpriority=\"high\" decoding=\"async\" width=\"880\" height=\"770\" src=\"https:\/\/www.savoiaterme.it\/wp-content\/uploads\/2026\/05\/Due-ospiti-al-bar-dellHotel-Savoia-Therme-Spa-880x770.jpg\" class=\"attachment-box-link-foto size-box-link-foto wp-image-33919\" alt=\"G\u00e4ste sto\u00dfen in der Hotelbar an\" \/>\t\t\t\t\t\t\t\t\t\t\t\t\t\t\t<\/div>\n\t\t\t\t<\/a>\n\t\t\t\t<\/div>\n\t\t\t\t\t<\/div>\n\t\t\t\t<\/div>\n\t\t<div class=\"elementor-element elementor-element-388b6e8 e-flex e-con-boxed e-con e-parent\" data-id=\"388b6e8\" data-element_type=\"container\" data-e-type=\"container\">\n\t\t\t\t\t<div class=\"e-con-inner\">\n\t\t\t\t<div class=\"elementor-element elementor-element-2bf0494 elementor-widget elementor-widget-shortcode\" data-id=\"2bf0494\" data-element_type=\"widget\" data-e-type=\"widget\" data-widget_type=\"shortcode.default\">\n\t\t\t\t\t\t\t<div class=\"elementor-shortcode\">\n<div id=\"dmsContainer_1\" style=\"min-height:250px\"><\/div>\n\n<script>\n    window.dw = window.dw ||    function () { (dw.q = dw.q || []).push(arguments) };\n            dw('onFilterOverride', '55aca79e-95d3-430b-aa58-cc31da10a85e', function (event) {\n            if (event && event.filter) {\n                var filterObject = {\n                    filterEvent: {\n                        locations : [\"b12ab94a-ea0f-473c-b08f-dabc3701145f\",\"a8e3e379-6ddf-4038-b1c9-c1e79cab7f4b\",\"883353c3-3c00-44a3-bc57-e2169cbec88b\",\"c345f6be-3372-4a41-91c1-b8a1f47e7f50\",\"50cfd402-9a18-4359-a1ac-dd73e64f9f3d\",\"b1a16b04-c238-4d71-abeb-267f676299b4\",\"777ee8d9-44ec-485e-8444-b0aa4b6c99a1\",\"48aae26c-ea67-431d-a30e-f895ac8f3a3e\",\"a620d233-4d33-4fda-ba08-20325ee3f8bb\",\"bd6e5778-1a35-4db0-8f40-274e7ab5d323\",\"bdfb1610-dd9c-4c80-aff0-dc4d94e7dcd4\",\"efcf5b22-2ce4-40cf-82ec-dab0e8fdd58f\",\"9b3a00f8-421a-4956-838b-5a3e10fe9387\",\"6a46ba6b-d58d-4b74-a68b-64568ce046bd\",\"69fa45ef-c4ec-40f5-835e-8f6d24f487b6\",\"dc98ce4a-bf6a-4a15-bddd-aa7b7ad1ae63\",\"abac427e-cea0-4927-b805-4c0a1ed464a6\",\"625b903c-ec54-4ce6-8ac1-fbb3e1347ce9\",\"ca06409b-ad94-482b-afd4-4aca5ec1b81a\",\"f2c679c5-15a4-4664-873d-2f8b74147ce3\",\"8a86a560-d8e2-4bad-94ec-32e6d5b33f6e\",\"9b6007a6-9990-46c3-904d-31e5313ef060\",\"0a9b1d0d-ebc5-4c2a-b427-36d1eb17fb44\",\"6b088ace-935c-45c9-a0e5-af747cc094e5\",\"f1bd964a-069c-461a-9e52-3ec0e29e8093\",\"adc476d3-6a26-4c7d-9aef-3433cc0065ea\",\"179448af-bac3-41b3-8a51-e9a4d9d9f383\",\"74eff9c9-2c54-4ef6-87e7-d05003c8ef92\",\"baf54a4b-9030-418c-b312-29aa2fc43823\",\"b5b328d3-5db5-40af-86b9-93b3d69c73a1\",\"182ce32a-49f4-401d-8e97-1d253a3f0379\",\"7b715278-fb6d-4d16-b06f-0187033bf7a4\"],\n                    }\n                }\n                Object.assign(event.filter, filterObject)\n            }\n        });\n    \n    dw('settings','55aca79e-95d3-430b-aa58-cc31da10a85e',\n    {\n                \"lang\": 'de',\n        \"allowScrollOnApplicationStart\" : true,\n        \"target\": \"dmsContainer_1\",\n        \"loadingAnimationColor\": {\n            \"main\": '#F3E8F2',\n            \"alt\": '#86267A'\n        }\n    });\n    dw('onPageChange', '55aca79e-95d3-430b-aa58-cc31da10a85e', () => {\n        \/\/console.log('page changed event');\n    });\n<\/script>\n<script async src=\"https:\/\/resc.deskline.net\/DW5\/start\/TERMECOLLI\/55aca79e-95d3-430b-aa58-cc31da10a85e\/index.js\"><\/script><\/div>\n\t\t\t\t\t\t<\/div>\n\t\t\t\t\t<\/div>\n\t\t\t\t<\/div>\n\t\t\t\t<\/div>\n\t\t","protected":false},"excerpt":{"rendered":"<p>Veranstaltungen in den Euganeischen H\u00fcgeln Veranstaltungen, Festivals, Ausstellungen und vieles mehr\u2026 Der Veranstaltungskalender der Euganeischen H\u00fcgel bietet eine F\u00fclle au\u00dfergew\u00f6hnlicher Veranstaltungen. Erleben Sie die Region bei Dorffesten und Volksfesten, Verkostungen, kulturellen Veranstaltungen und Ausstellungen, die Ihnen die Geschichte und Kultur dieser einzigartigen Region n\u00e4herbringen werden\u2026 Entdecken Sie alle Veranstaltungen, die w\u00e4hrend Ihres Besuchs bei uns [&hellip;]<\/p>\n","protected":false},"author":2,"featured_media":33918,"parent":0,"menu_order":155,"comment_status":"closed","ping_status":"closed","template":"","meta":{"_acf_changed":false,"footnotes":""},"class_list":["post-33916","page","type-page","status-publish","has-post-thumbnail","hentry"],"acf":[],"yoast_head":"<!-- This site is optimized with the Yoast SEO plugin v28.3 - https:\/\/yoast.com\/product\/yoast-seo-wordpress\/ -->\n<title>Veranstaltungen in den Euganeischen H\u00fcgeln | Hotel Savoia Therm\u00e6 &amp; Spa<\/title>\n<meta name=\"description\" content=\"Entdecken Sie die Veranstaltungen in den Euganeischen H\u00fcgeln \u2013 von Volksfesten \u00fcber Ausstellungen und Verkostungen bis hin zu kulturellen Veranstaltungen. Sehen Sie sich den Veranstaltungskalender an.\" \/>\n<meta name=\"robots\" content=\"index, follow, max-snippet:-1, max-image-preview:large, max-video-preview:-1\" \/>\n<link rel=\"canonical\" href=\"https:\/\/www.savoiaterme.it\/de\/veranstaltungen\/\" \/>\n<meta property=\"og:locale\" content=\"de_DE\" \/>\n<meta property=\"og:type\" content=\"article\" \/>\n<meta property=\"og:title\" content=\"Veranstaltungen in den Euganeischen H\u00fcgeln | Hotel Savoia Therm\u00e6 &amp; Spa\" \/>\n<meta property=\"og:description\" content=\"Entdecken Sie die Veranstaltungen in den Euganeischen H\u00fcgeln \u2013 von Volksfesten \u00fcber Ausstellungen und Verkostungen bis hin zu kulturellen Veranstaltungen. Sehen Sie sich den Veranstaltungskalender an.\" \/>\n<meta property=\"og:url\" content=\"https:\/\/www.savoiaterme.it\/de\/veranstaltungen\/\" \/>\n<meta property=\"og:site_name\" content=\"Hotel Savoia Therm\u00e6 &amp; Spa - 4 stelle - Abano Terme\" \/>\n<meta property=\"article:publisher\" content=\"https:\/\/www.facebook.com\/savoiaterme\/\" \/>\n<meta property=\"article:modified_time\" content=\"2026-08-26T10:10:18+00:00\" \/>\n<meta property=\"og:image\" content=\"https:\/\/www.savoiaterme.it\/wp-content\/uploads\/2026\/05\/Una-Serata-di-Danza-allHotel-Savoia-Therme.jpg\" \/>\n\t<meta property=\"og:image:width\" content=\"1600\" \/>\n\t<meta property=\"og:image:height\" content=\"1067\" \/>\n\t<meta property=\"og:image:type\" content=\"image\/jpeg\" \/>\n<meta name=\"twitter:card\" content=\"summary_large_image\" \/>\n<meta name=\"twitter:label1\" content=\"Gesch\u00e4tzte Lesezeit\" \/>\n\t<meta name=\"twitter:data1\" content=\"1\u00a0Minute\" \/>\n<script type=\"application\/ld+json\" class=\"yoast-schema-graph\">{\"@context\":\"https:\\\/\\\/schema.org\",\"@graph\":[{\"@type\":\"WebPage\",\"@id\":\"https:\\\/\\\/www.savoiaterme.it\\\/de\\\/veranstaltungen\\\/\",\"url\":\"https:\\\/\\\/www.savoiaterme.it\\\/de\\\/veranstaltungen\\\/\",\"name\":\"Veranstaltungen in den Euganeischen H\u00fcgeln | Hotel Savoia Therm\u00e6 & Spa\",\"isPartOf\":{\"@id\":\"https:\\\/\\\/www.savoiaterme.it\\\/de\\\/#website\"},\"primaryImageOfPage\":{\"@id\":\"https:\\\/\\\/www.savoiaterme.it\\\/de\\\/veranstaltungen\\\/#primaryimage\"},\"image\":{\"@id\":\"https:\\\/\\\/www.savoiaterme.it\\\/de\\\/veranstaltungen\\\/#primaryimage\"},\"thumbnailUrl\":\"https:\\\/\\\/www.savoiaterme.it\\\/wp-content\\\/uploads\\\/2026\\\/05\\\/Una-Serata-di-Danza-allHotel-Savoia-Therme.jpg\",\"datePublished\":\"2026-02-27T10:02:47+00:00\",\"dateModified\":\"2026-08-26T10:10:18+00:00\",\"description\":\"Entdecken Sie die Veranstaltungen in den Euganeischen H\u00fcgeln \u2013 von Volksfesten \u00fcber Ausstellungen und Verkostungen bis hin zu kulturellen Veranstaltungen. Sehen Sie sich den Veranstaltungskalender an.\",\"breadcrumb\":{\"@id\":\"https:\\\/\\\/www.savoiaterme.it\\\/de\\\/veranstaltungen\\\/#breadcrumb\"},\"inLanguage\":\"de\",\"potentialAction\":[{\"@type\":\"ReadAction\",\"target\":[\"https:\\\/\\\/www.savoiaterme.it\\\/de\\\/veranstaltungen\\\/\"]}]},{\"@type\":\"ImageObject\",\"inLanguage\":\"de\",\"@id\":\"https:\\\/\\\/www.savoiaterme.it\\\/de\\\/veranstaltungen\\\/#primaryimage\",\"url\":\"https:\\\/\\\/www.savoiaterme.it\\\/wp-content\\\/uploads\\\/2026\\\/05\\\/Una-Serata-di-Danza-allHotel-Savoia-Therme.jpg\",\"contentUrl\":\"https:\\\/\\\/www.savoiaterme.it\\\/wp-content\\\/uploads\\\/2026\\\/05\\\/Una-Serata-di-Danza-allHotel-Savoia-Therme.jpg\",\"width\":1600,\"height\":1067,\"caption\":\"Ein Tanzabend im Hotel Savoia Therme\"},{\"@type\":\"BreadcrumbList\",\"@id\":\"https:\\\/\\\/www.savoiaterme.it\\\/de\\\/veranstaltungen\\\/#breadcrumb\",\"itemListElement\":[{\"@type\":\"ListItem\",\"position\":1,\"name\":\"Home\",\"item\":\"https:\\\/\\\/www.savoiaterme.it\\\/de\\\/\"},{\"@type\":\"ListItem\",\"position\":2,\"name\":\"Veranstaltungen\"}]},{\"@type\":\"WebSite\",\"@id\":\"https:\\\/\\\/www.savoiaterme.it\\\/de\\\/#website\",\"url\":\"https:\\\/\\\/www.savoiaterme.it\\\/de\\\/\",\"name\":\"Hotel Savoia Therm\u00e6 & Spa - 4 stelle - Abano Terme\",\"description\":\"Hotel Savoia sorge ai piedi dei Colli Euganei. Uno dei pi\u00f9 affascinanti terme e Spa a 4 stelle nel cuore di Abano terme.\",\"publisher\":{\"@id\":\"https:\\\/\\\/www.savoiaterme.it\\\/de\\\/#organization\"},\"potentialAction\":[{\"@type\":\"SearchAction\",\"target\":{\"@type\":\"EntryPoint\",\"urlTemplate\":\"https:\\\/\\\/www.savoiaterme.it\\\/de\\\/?s={search_term_string}\"},\"query-input\":{\"@type\":\"PropertyValueSpecification\",\"valueRequired\":true,\"valueName\":\"search_term_string\"}}],\"inLanguage\":\"de\"},{\"@type\":\"Organization\",\"@id\":\"https:\\\/\\\/www.savoiaterme.it\\\/de\\\/#organization\",\"name\":\"Savoia Thermae & Spa\",\"url\":\"https:\\\/\\\/www.savoiaterme.it\\\/de\\\/\",\"logo\":{\"@type\":\"ImageObject\",\"inLanguage\":\"de\",\"@id\":\"https:\\\/\\\/www.savoiaterme.it\\\/de\\\/#\\\/schema\\\/logo\\\/image\\\/\",\"url\":\"https:\\\/\\\/www.savoiaterme.it\\\/wp-content\\\/uploads\\\/2026\\\/03\\\/Logo_Savoia_2026.svg\",\"contentUrl\":\"https:\\\/\\\/www.savoiaterme.it\\\/wp-content\\\/uploads\\\/2026\\\/03\\\/Logo_Savoia_2026.svg\",\"width\":218,\"height\":101,\"caption\":\"Savoia Thermae & Spa\"},\"image\":{\"@id\":\"https:\\\/\\\/www.savoiaterme.it\\\/de\\\/#\\\/schema\\\/logo\\\/image\\\/\"},\"sameAs\":[\"https:\\\/\\\/www.facebook.com\\\/savoiaterme\\\/\",\"https:\\\/\\\/www.instagram.com\\\/savoiatermeabano\\\/\"]}]}<\/script>\n<!-- \/ Yoast SEO plugin. -->","yoast_head_json":{"title":"Veranstaltungen in den Euganeischen H\u00fcgeln | Hotel Savoia Therm\u00e6 & Spa","description":"Entdecken Sie die Veranstaltungen in den Euganeischen H\u00fcgeln \u2013 von Volksfesten \u00fcber Ausstellungen und Verkostungen bis hin zu kulturellen Veranstaltungen. Sehen Sie sich den Veranstaltungskalender an.","robots":{"index":"index","follow":"follow","max-snippet":"max-snippet:-1","max-image-preview":"max-image-preview:large","max-video-preview":"max-video-preview:-1"},"canonical":"https:\/\/www.savoiaterme.it\/de\/veranstaltungen\/","og_locale":"de_DE","og_type":"article","og_title":"Veranstaltungen in den Euganeischen H\u00fcgeln | Hotel Savoia Therm\u00e6 & Spa","og_description":"Entdecken Sie die Veranstaltungen in den Euganeischen H\u00fcgeln \u2013 von Volksfesten \u00fcber Ausstellungen und Verkostungen bis hin zu kulturellen Veranstaltungen. Sehen Sie sich den Veranstaltungskalender an.","og_url":"https:\/\/www.savoiaterme.it\/de\/veranstaltungen\/","og_site_name":"Hotel Savoia Therm\u00e6 &amp; Spa - 4 stelle - Abano Terme","article_publisher":"https:\/\/www.facebook.com\/savoiaterme\/","article_modified_time":"2026-08-26T10:10:18+00:00","og_image":[{"width":1600,"height":1067,"url":"https:\/\/www.savoiaterme.it\/wp-content\/uploads\/2026\/05\/Una-Serata-di-Danza-allHotel-Savoia-Therme.jpg","type":"image\/jpeg"}],"twitter_card":"summary_large_image","twitter_misc":{"Gesch\u00e4tzte Lesezeit":"1\u00a0Minute"},"schema":{"@context":"https:\/\/schema.org","@graph":[{"@type":"WebPage","@id":"https:\/\/www.savoiaterme.it\/de\/veranstaltungen\/","url":"https:\/\/www.savoiaterme.it\/de\/veranstaltungen\/","name":"Veranstaltungen in den Euganeischen H\u00fcgeln | Hotel Savoia Therm\u00e6 & Spa","isPartOf":{"@id":"https:\/\/www.savoiaterme.it\/de\/#website"},"primaryImageOfPage":{"@id":"https:\/\/www.savoiaterme.it\/de\/veranstaltungen\/#primaryimage"},"image":{"@id":"https:\/\/www.savoiaterme.it\/de\/veranstaltungen\/#primaryimage"},"thumbnailUrl":"https:\/\/www.savoiaterme.it\/wp-content\/uploads\/2026\/05\/Una-Serata-di-Danza-allHotel-Savoia-Therme.jpg","datePublished":"2026-02-27T10:02:47+00:00","dateModified":"2026-08-26T10:10:18+00:00","description":"Entdecken Sie die Veranstaltungen in den Euganeischen H\u00fcgeln \u2013 von Volksfesten \u00fcber Ausstellungen und Verkostungen bis hin zu kulturellen Veranstaltungen. Sehen Sie sich den Veranstaltungskalender an.","breadcrumb":{"@id":"https:\/\/www.savoiaterme.it\/de\/veranstaltungen\/#breadcrumb"},"inLanguage":"de","potentialAction":[{"@type":"ReadAction","target":["https:\/\/www.savoiaterme.it\/de\/veranstaltungen\/"]}]},{"@type":"ImageObject","inLanguage":"de","@id":"https:\/\/www.savoiaterme.it\/de\/veranstaltungen\/#primaryimage","url":"https:\/\/www.savoiaterme.it\/wp-content\/uploads\/2026\/05\/Una-Serata-di-Danza-allHotel-Savoia-Therme.jpg","contentUrl":"https:\/\/www.savoiaterme.it\/wp-content\/uploads\/2026\/05\/Una-Serata-di-Danza-allHotel-Savoia-Therme.jpg","width":1600,"height":1067,"caption":"Ein Tanzabend im Hotel Savoia Therme"},{"@type":"BreadcrumbList","@id":"https:\/\/www.savoiaterme.it\/de\/veranstaltungen\/#breadcrumb","itemListElement":[{"@type":"ListItem","position":1,"name":"Home","item":"https:\/\/www.savoiaterme.it\/de\/"},{"@type":"ListItem","position":2,"name":"Veranstaltungen"}]},{"@type":"WebSite","@id":"https:\/\/www.savoiaterme.it\/de\/#website","url":"https:\/\/www.savoiaterme.it\/de\/","name":"Hotel Savoia Therm\u00e6 & Spa - 4 stelle - Abano Terme","description":"Hotel Savoia sorge ai piedi dei Colli Euganei. Uno dei pi\u00f9 affascinanti terme e Spa a 4 stelle nel cuore di Abano terme.","publisher":{"@id":"https:\/\/www.savoiaterme.it\/de\/#organization"},"potentialAction":[{"@type":"SearchAction","target":{"@type":"EntryPoint","urlTemplate":"https:\/\/www.savoiaterme.it\/de\/?s={search_term_string}"},"query-input":{"@type":"PropertyValueSpecification","valueRequired":true,"valueName":"search_term_string"}}],"inLanguage":"de"},{"@type":"Organization","@id":"https:\/\/www.savoiaterme.it\/de\/#organization","name":"Savoia Thermae & Spa","url":"https:\/\/www.savoiaterme.it\/de\/","logo":{"@type":"ImageObject","inLanguage":"de","@id":"https:\/\/www.savoiaterme.it\/de\/#\/schema\/logo\/image\/","url":"https:\/\/www.savoiaterme.it\/wp-content\/uploads\/2026\/03\/Logo_Savoia_2026.svg","contentUrl":"https:\/\/www.savoiaterme.it\/wp-content\/uploads\/2026\/03\/Logo_Savoia_2026.svg","width":218,"height":101,"caption":"Savoia Thermae & Spa"},"image":{"@id":"https:\/\/www.savoiaterme.it\/de\/#\/schema\/logo\/image\/"},"sameAs":["https:\/\/www.facebook.com\/savoiaterme\/","https:\/\/www.instagram.com\/savoiatermeabano\/"]}]}},"_links":{"self":[{"href":"https:\/\/www.savoiaterme.it\/de\/wp-json\/wp\/v2\/pages\/33916","targetHints":{"allow":["GET"]}}],"collection":[{"href":"https:\/\/www.savoiaterme.it\/de\/wp-json\/wp\/v2\/pages"}],"about":[{"href":"https:\/\/www.savoiaterme.it\/de\/wp-json\/wp\/v2\/types\/page"}],"author":[{"embeddable":true,"href":"https:\/\/www.savoiaterme.it\/de\/wp-json\/wp\/v2\/users\/2"}],"replies":[{"embeddable":true,"href":"https:\/\/www.savoiaterme.it\/de\/wp-json\/wp\/v2\/comments?post=33916"}],"version-history":[{"count":6,"href":"https:\/\/www.savoiaterme.it\/de\/wp-json\/wp\/v2\/pages\/33916\/revisions"}],"predecessor-version":[{"id":35731,"href":"https:\/\/www.savoiaterme.it\/de\/wp-json\/wp\/v2\/pages\/33916\/revisions\/35731"}],"wp:featuredmedia":[{"embeddable":true,"href":"https:\/\/www.savoiaterme.it\/de\/wp-json\/wp\/v2\/media\/33918"}],"wp:attachment":[{"href":"https:\/\/www.savoiaterme.it\/de\/wp-json\/wp\/v2\/media?parent=33916"}],"curies":[{"name":"wp","href":"https:\/\/api.w.org\/{rel}","templated":true}]}}