{"id":34122,"date":"2026-03-18T08:51:01","date_gmt":"2026-03-18T07:51:01","guid":{"rendered":"https:\/\/savoia.promoservicebeta.com\/por-fesr-der-region-venetien\/"},"modified":"2026-07-17T09:28:15","modified_gmt":"2026-07-17T07:28:15","slug":"por-fesr-der-region-venetien","status":"publish","type":"page","link":"https:\/\/www.savoiaterme.it\/de\/por-fesr-der-region-venetien\/","title":{"rendered":"POR FESR der Region Venetien"},"content":{"rendered":"\t\t<div data-elementor-type=\"wp-page\" data-elementor-id=\"34122\" class=\"elementor elementor-34122 elementor-671\" data-elementor-post-type=\"page\">\n\t\t\t\t<div class=\"elementor-element elementor-element-1d07f0e5 e-flex e-con-boxed e-con e-parent\" data-id=\"1d07f0e5\" data-element_type=\"container\" data-e-type=\"container\">\n\t\t\t\t\t<div class=\"e-con-inner\">\n\t\t<div class=\"elementor-element elementor-element-376dffc1 e-con-full e-flex e-con e-child\" data-id=\"376dffc1\" data-element_type=\"container\" data-e-type=\"container\">\n\t\t<div class=\"elementor-element elementor-element-52c0f18a e-con-full e-flex e-con e-child\" data-id=\"52c0f18a\" data-element_type=\"container\" data-e-type=\"container\">\n\t\t<div class=\"elementor-element elementor-element-204d5bb8 e-con-full e-flex e-con e-child\" data-id=\"204d5bb8\" data-element_type=\"container\" data-e-type=\"container\">\n\t\t\t\t<div class=\"elementor-element elementor-element-28d82715 elementor-widget__width-inherit elementor-widget elementor-widget-heading\" data-id=\"28d82715\" data-element_type=\"widget\" data-e-type=\"widget\" data-widget_type=\"heading.default\">\n\t\t\t\t\t<h1 class=\"elementor-heading-title elementor-size-default\">POR FESR Region Venetien<\/h1>\t\t\t\t<\/div>\n\t\t\t\t<\/div>\n\t\t\t\t<div class=\"elementor-element elementor-element-41775068 elementor-widget elementor-widget-text-editor\" data-id=\"41775068\" data-element_type=\"widget\" data-e-type=\"widget\" data-widget_type=\"text-editor.default\">\n\t\t\t\t\t\t\t\t\t<p><strong>Ma\u00dfnahme 3.3.4, Unterpunkt C<\/strong><br\/>\u201eF\u00f6rderung der Wettbewerbsf\u00e4higkeit von Unternehmen in Tourismusdestinationen durch Ma\u00dfnahmen zur Qualifizierung des Angebots sowie zur Produkt- und Dienstleistungsinnovation auf strategischer und organisatorischer Ebene\u201c; \u201eInnovative Investitionen im Bereich der Beherbergungsbetriebe\u201c<\/p>\t\t\t\t\t\t\t\t<\/div>\n\t\t\t\t<\/div>\n\t\t<div class=\"elementor-element elementor-element-20881a1 e-con-full e-flex e-con e-child\" data-id=\"20881a1\" data-element_type=\"container\" data-e-type=\"container\">\n\t\t\t\t<div class=\"elementor-element elementor-element-1f8e133 elementor-widget elementor-widget-image\" data-id=\"1f8e133\" data-element_type=\"widget\" data-e-type=\"widget\" data-widget_type=\"image.default\">\n\t\t\t\t\t\t\t\t\t\t\t\t\t\t\t<img fetchpriority=\"high\" decoding=\"async\" width=\"800\" height=\"308\" src=\"https:\/\/www.savoiaterme.it\/wp-content\/uploads\/2026\/07\/POR-FESR_01_LOGO_Colori_Verticale-1024x394.png\" class=\"attachment-large size-large wp-image-34123\" alt=\"\" srcset=\"https:\/\/www.savoiaterme.it\/wp-content\/uploads\/2026\/07\/POR-FESR_01_LOGO_Colori_Verticale-1024x394.png 1024w, https:\/\/www.savoiaterme.it\/wp-content\/uploads\/2026\/07\/POR-FESR_01_LOGO_Colori_Verticale-300x115.png 300w, https:\/\/www.savoiaterme.it\/wp-content\/uploads\/2026\/07\/POR-FESR_01_LOGO_Colori_Verticale-768x295.png 768w, https:\/\/www.savoiaterme.it\/wp-content\/uploads\/2026\/07\/POR-FESR_01_LOGO_Colori_Verticale-1536x591.png 1536w, https:\/\/www.savoiaterme.it\/wp-content\/uploads\/2026\/07\/POR-FESR_01_LOGO_Colori_Verticale.png 2000w\" sizes=\"(max-width: 800px) 100vw, 800px\" \/>\t\t\t\t\t\t\t\t\t\t\t\t\t\t\t<\/div>\n\t\t\t\t<\/div>\n\t\t\t\t<\/div>\n\t\t\t\t\t<\/div>\n\t\t\t\t<\/div>\n\t\t<div class=\"elementor-element elementor-element-8f24a6d e-flex e-con-boxed e-con e-parent\" data-id=\"8f24a6d\" data-element_type=\"container\" data-e-type=\"container\">\n\t\t\t\t\t<div class=\"e-con-inner\">\n\t\t<div class=\"elementor-element elementor-element-63d6256 e-con-full e-flex e-con e-child\" data-id=\"63d6256\" data-element_type=\"container\" data-e-type=\"container\">\n\t\t<div class=\"elementor-element elementor-element-3472a3d e-con-full e-flex e-con e-child\" data-id=\"3472a3d\" data-element_type=\"container\" data-e-type=\"container\">\n\t\t<div class=\"elementor-element elementor-element-073821c e-con-full e-flex e-con e-child\" data-id=\"073821c\" data-element_type=\"container\" data-e-type=\"container\">\n\t\t\t\t<div class=\"elementor-element elementor-element-e19e240 elementor-widget elementor-widget-heading\" data-id=\"e19e240\" data-element_type=\"widget\" data-e-type=\"widget\" data-widget_type=\"heading.default\">\n\t\t\t\t\t<h3 class=\"elementor-heading-title elementor-size-default\">Investitionen im Rahmen der COVID-Ma\u00dfnahmen f\u00fcr ein sichereres Hotel<\/h3>\t\t\t\t<\/div>\n\t\t\t\t<\/div>\n\t\t\t\t<div class=\"elementor-element elementor-element-3418fdf elementor-widget elementor-widget-text-editor\" data-id=\"3418fdf\" data-element_type=\"widget\" data-e-type=\"widget\" data-widget_type=\"text-editor.default\">\n\t\t\t\t\t\t\t\t\t<p>In \u00dcbereinstimmung mit den gesundheitlichen Vorschriften und Protokollen hat das Hotel Savoia Thermae &#038; SPA Anschaffungen und Investitionen get\u00e4tigt, um die Sicherheit seiner Mitarbeiter und G\u00e4ste zu gew\u00e4hrleisten; die Anschaffungen wurden get\u00e4tigt, um:<\/p><ul><li>Desinfektionsmittel;<\/li><li>Pers\u00f6nliche Schutzausr\u00fcstung und Desinfektionsmittel;<\/li><li>Ausstattung und Einrichtung, verbunden mit einer entsprechenden Anpassung der R\u00e4umlichkeiten, um einen m\u00f6glichst gro\u00dfen Abstand zwischen den Personen zu gew\u00e4hrleisten.<\/li><\/ul><p> <\/p><p><strong>Bewilligter Zuschuss: 11.234,00 \u20ac<\/strong><\/p>\t\t\t\t\t\t\t\t<\/div>\n\t\t\t\t<\/div>\n\t\t<div class=\"elementor-element elementor-element-57f6ee0 e-con-full e-flex e-con e-child\" data-id=\"57f6ee0\" data-element_type=\"container\" data-e-type=\"container\">\n\t\t\t\t<div class=\"elementor-element elementor-element-25ba2e4 elementor-widget elementor-widget-heading\" data-id=\"25ba2e4\" data-element_type=\"widget\" data-e-type=\"widget\" data-widget_type=\"heading.default\">\n\t\t\t\t\t<h3 class=\"elementor-heading-title elementor-size-default\">Investitionen f\u00fcr eine st\u00e4rkere Digitalisierung des Hotels Savoia<\/h3>\t\t\t\t<\/div>\n\t\t\t\t<div class=\"elementor-element elementor-element-c2462d0 elementor-widget elementor-widget-text-editor\" data-id=\"c2462d0\" data-element_type=\"widget\" data-e-type=\"widget\" data-widget_type=\"text-editor.default\">\n\t\t\t\t\t\t\t\t\t<p>Das Hotel Savoia hat zahlreiche digitale Ger\u00e4te angeschafft, um einen m\u00f6glichst gro\u00dfen Abstand zwischen Mitarbeitern und G\u00e4sten zu gew\u00e4hrleisten und die Arbeit im Homeoffice zu f\u00f6rdern. Dar\u00fcber hinaus wurden Ma\u00dfnahmen an der Website vorgenommen, um diese an die Sicherheitsstandards anzupassen und die Benutzerfreundlichkeit zu verbessern. <\/p><p><strong>Bewilligter Zuschuss: 6.000,00 \u20ac<\/strong><\/p>\t\t\t\t\t\t\t\t<\/div>\n\t\t\t\t<\/div>\n\t\t\t\t<\/div>\n\t\t\t\t\t<\/div>\n\t\t\t\t<\/div>\n\t\t\t\t<\/div>\n\t\t","protected":false},"excerpt":{"rendered":"<p>POR FESR Region Venetien Ma\u00dfnahme 3.3.4, Unterpunkt C\u201eF\u00f6rderung der Wettbewerbsf\u00e4higkeit von Unternehmen in Tourismusdestinationen durch Ma\u00dfnahmen zur Qualifizierung des Angebots sowie zur Produkt- und Dienstleistungsinnovation auf strategischer und organisatorischer Ebene\u201c; \u201eInnovative Investitionen im Bereich der Beherbergungsbetriebe\u201c Investitionen im Rahmen der COVID-Ma\u00dfnahmen f\u00fcr ein sichereres Hotel In \u00dcbereinstimmung mit den gesundheitlichen Vorschriften und Protokollen hat das [&hellip;]<\/p>\n","protected":false},"author":2,"featured_media":0,"parent":0,"menu_order":119,"comment_status":"closed","ping_status":"closed","template":"","meta":{"_acf_changed":false,"footnotes":""},"class_list":["post-34122","page","type-page","status-publish","hentry"],"acf":[],"yoast_head":"<!-- This site is optimized with the Yoast SEO plugin v28.3 - https:\/\/yoast.com\/product\/yoast-seo-wordpress\/ -->\n<title>POR FESR der Region Venetien - Hotel Savoia Therm\u00e6 &amp; Spa - 4 stelle - Abano Terme<\/title>\n<meta name=\"robots\" content=\"index, follow, max-snippet:-1, max-image-preview:large, max-video-preview:-1\" \/>\n<link rel=\"canonical\" href=\"https:\/\/www.savoiaterme.it\/de\/por-fesr-der-region-venetien\/\" \/>\n<meta property=\"og:locale\" content=\"de_DE\" \/>\n<meta property=\"og:type\" content=\"article\" \/>\n<meta property=\"og:title\" content=\"POR FESR der Region Venetien - Hotel Savoia Therm\u00e6 &amp; Spa - 4 stelle - Abano Terme\" \/>\n<meta property=\"og:description\" content=\"POR FESR Region Venetien Ma\u00dfnahme 3.3.4, Unterpunkt C\u201eF\u00f6rderung der Wettbewerbsf\u00e4higkeit von Unternehmen in Tourismusdestinationen durch Ma\u00dfnahmen zur Qualifizierung des Angebots sowie zur Produkt- und Dienstleistungsinnovation auf strategischer und organisatorischer Ebene\u201c; \u201eInnovative Investitionen im Bereich der Beherbergungsbetriebe\u201c Investitionen im Rahmen der COVID-Ma\u00dfnahmen f\u00fcr ein sichereres Hotel In \u00dcbereinstimmung mit den gesundheitlichen Vorschriften und Protokollen hat das [&hellip;]\" \/>\n<meta property=\"og:url\" content=\"https:\/\/www.savoiaterme.it\/de\/por-fesr-der-region-venetien\/\" \/>\n<meta property=\"og:site_name\" content=\"Hotel Savoia Therm\u00e6 &amp; Spa - 4 stelle - Abano Terme\" \/>\n<meta property=\"article:publisher\" content=\"https:\/\/www.facebook.com\/savoiaterme\/\" \/>\n<meta property=\"article:modified_time\" content=\"2026-07-17T07:28:15+00:00\" \/>\n<meta property=\"og:image\" content=\"https:\/\/www.savoiaterme.it\/wp-content\/uploads\/2026\/07\/POR-FESR_01_LOGO_Colori_Verticale-1024x394.png\" \/>\n<meta name=\"twitter:card\" content=\"summary_large_image\" \/>\n<meta name=\"twitter:label1\" content=\"Gesch\u00e4tzte Lesezeit\" \/>\n\t<meta name=\"twitter:data1\" content=\"1\u00a0Minute\" \/>\n<script type=\"application\/ld+json\" class=\"yoast-schema-graph\">{\"@context\":\"https:\\\/\\\/schema.org\",\"@graph\":[{\"@type\":\"WebPage\",\"@id\":\"https:\\\/\\\/www.savoiaterme.it\\\/de\\\/por-fesr-der-region-venetien\\\/\",\"url\":\"https:\\\/\\\/www.savoiaterme.it\\\/de\\\/por-fesr-der-region-venetien\\\/\",\"name\":\"POR FESR der Region Venetien - Hotel Savoia Therm\u00e6 &amp; Spa - 4 stelle - Abano Terme\",\"isPartOf\":{\"@id\":\"https:\\\/\\\/www.savoiaterme.it\\\/de\\\/#website\"},\"primaryImageOfPage\":{\"@id\":\"https:\\\/\\\/www.savoiaterme.it\\\/de\\\/por-fesr-der-region-venetien\\\/#primaryimage\"},\"image\":{\"@id\":\"https:\\\/\\\/www.savoiaterme.it\\\/de\\\/por-fesr-der-region-venetien\\\/#primaryimage\"},\"thumbnailUrl\":\"https:\\\/\\\/www.savoiaterme.it\\\/wp-content\\\/uploads\\\/2026\\\/07\\\/POR-FESR_01_LOGO_Colori_Verticale-1024x394.png\",\"datePublished\":\"2026-03-18T07:51:01+00:00\",\"dateModified\":\"2026-07-17T07:28:15+00:00\",\"breadcrumb\":{\"@id\":\"https:\\\/\\\/www.savoiaterme.it\\\/de\\\/por-fesr-der-region-venetien\\\/#breadcrumb\"},\"inLanguage\":\"de\",\"potentialAction\":[{\"@type\":\"ReadAction\",\"target\":[\"https:\\\/\\\/www.savoiaterme.it\\\/de\\\/por-fesr-der-region-venetien\\\/\"]}]},{\"@type\":\"ImageObject\",\"inLanguage\":\"de\",\"@id\":\"https:\\\/\\\/www.savoiaterme.it\\\/de\\\/por-fesr-der-region-venetien\\\/#primaryimage\",\"url\":\"https:\\\/\\\/www.savoiaterme.it\\\/wp-content\\\/uploads\\\/2026\\\/07\\\/POR-FESR_01_LOGO_Colori_Verticale-1024x394.png\",\"contentUrl\":\"https:\\\/\\\/www.savoiaterme.it\\\/wp-content\\\/uploads\\\/2026\\\/07\\\/POR-FESR_01_LOGO_Colori_Verticale-1024x394.png\"},{\"@type\":\"BreadcrumbList\",\"@id\":\"https:\\\/\\\/www.savoiaterme.it\\\/de\\\/por-fesr-der-region-venetien\\\/#breadcrumb\",\"itemListElement\":[{\"@type\":\"ListItem\",\"position\":1,\"name\":\"Home\",\"item\":\"https:\\\/\\\/www.savoiaterme.it\\\/de\\\/\"},{\"@type\":\"ListItem\",\"position\":2,\"name\":\"POR FESR der Region Venetien\"}]},{\"@type\":\"WebSite\",\"@id\":\"https:\\\/\\\/www.savoiaterme.it\\\/de\\\/#website\",\"url\":\"https:\\\/\\\/www.savoiaterme.it\\\/de\\\/\",\"name\":\"Hotel Savoia Therm\u00e6 & Spa - 4 stelle - Abano Terme\",\"description\":\"Hotel Savoia sorge ai piedi dei Colli Euganei. Uno dei pi\u00f9 affascinanti terme e Spa a 4 stelle nel cuore di Abano terme.\",\"publisher\":{\"@id\":\"https:\\\/\\\/www.savoiaterme.it\\\/de\\\/#organization\"},\"potentialAction\":[{\"@type\":\"SearchAction\",\"target\":{\"@type\":\"EntryPoint\",\"urlTemplate\":\"https:\\\/\\\/www.savoiaterme.it\\\/de\\\/?s={search_term_string}\"},\"query-input\":{\"@type\":\"PropertyValueSpecification\",\"valueRequired\":true,\"valueName\":\"search_term_string\"}}],\"inLanguage\":\"de\"},{\"@type\":\"Organization\",\"@id\":\"https:\\\/\\\/www.savoiaterme.it\\\/de\\\/#organization\",\"name\":\"Savoia Thermae & Spa\",\"url\":\"https:\\\/\\\/www.savoiaterme.it\\\/de\\\/\",\"logo\":{\"@type\":\"ImageObject\",\"inLanguage\":\"de\",\"@id\":\"https:\\\/\\\/www.savoiaterme.it\\\/de\\\/#\\\/schema\\\/logo\\\/image\\\/\",\"url\":\"https:\\\/\\\/www.savoiaterme.it\\\/wp-content\\\/uploads\\\/2026\\\/03\\\/Logo_Savoia_2026.svg\",\"contentUrl\":\"https:\\\/\\\/www.savoiaterme.it\\\/wp-content\\\/uploads\\\/2026\\\/03\\\/Logo_Savoia_2026.svg\",\"width\":218,\"height\":101,\"caption\":\"Savoia Thermae & Spa\"},\"image\":{\"@id\":\"https:\\\/\\\/www.savoiaterme.it\\\/de\\\/#\\\/schema\\\/logo\\\/image\\\/\"},\"sameAs\":[\"https:\\\/\\\/www.facebook.com\\\/savoiaterme\\\/\",\"https:\\\/\\\/www.instagram.com\\\/savoiatermeabano\\\/\"]}]}<\/script>\n<!-- \/ Yoast SEO plugin. -->","yoast_head_json":{"title":"POR FESR der Region Venetien - Hotel Savoia Therm\u00e6 &amp; Spa - 4 stelle - Abano Terme","robots":{"index":"index","follow":"follow","max-snippet":"max-snippet:-1","max-image-preview":"max-image-preview:large","max-video-preview":"max-video-preview:-1"},"canonical":"https:\/\/www.savoiaterme.it\/de\/por-fesr-der-region-venetien\/","og_locale":"de_DE","og_type":"article","og_title":"POR FESR der Region Venetien - Hotel Savoia Therm\u00e6 &amp; Spa - 4 stelle - Abano Terme","og_description":"POR FESR Region Venetien Ma\u00dfnahme 3.3.4, Unterpunkt C\u201eF\u00f6rderung der Wettbewerbsf\u00e4higkeit von Unternehmen in Tourismusdestinationen durch Ma\u00dfnahmen zur Qualifizierung des Angebots sowie zur Produkt- und Dienstleistungsinnovation auf strategischer und organisatorischer Ebene\u201c; \u201eInnovative Investitionen im Bereich der Beherbergungsbetriebe\u201c Investitionen im Rahmen der COVID-Ma\u00dfnahmen f\u00fcr ein sichereres Hotel In \u00dcbereinstimmung mit den gesundheitlichen Vorschriften und Protokollen hat das [&hellip;]","og_url":"https:\/\/www.savoiaterme.it\/de\/por-fesr-der-region-venetien\/","og_site_name":"Hotel Savoia Therm\u00e6 &amp; Spa - 4 stelle - Abano Terme","article_publisher":"https:\/\/www.facebook.com\/savoiaterme\/","article_modified_time":"2026-07-17T07:28:15+00:00","og_image":[{"url":"https:\/\/www.savoiaterme.it\/wp-content\/uploads\/2026\/07\/POR-FESR_01_LOGO_Colori_Verticale-1024x394.png","type":"","width":"","height":""}],"twitter_card":"summary_large_image","twitter_misc":{"Gesch\u00e4tzte Lesezeit":"1\u00a0Minute"},"schema":{"@context":"https:\/\/schema.org","@graph":[{"@type":"WebPage","@id":"https:\/\/www.savoiaterme.it\/de\/por-fesr-der-region-venetien\/","url":"https:\/\/www.savoiaterme.it\/de\/por-fesr-der-region-venetien\/","name":"POR FESR der Region Venetien - Hotel Savoia Therm\u00e6 &amp; Spa - 4 stelle - Abano Terme","isPartOf":{"@id":"https:\/\/www.savoiaterme.it\/de\/#website"},"primaryImageOfPage":{"@id":"https:\/\/www.savoiaterme.it\/de\/por-fesr-der-region-venetien\/#primaryimage"},"image":{"@id":"https:\/\/www.savoiaterme.it\/de\/por-fesr-der-region-venetien\/#primaryimage"},"thumbnailUrl":"https:\/\/www.savoiaterme.it\/wp-content\/uploads\/2026\/07\/POR-FESR_01_LOGO_Colori_Verticale-1024x394.png","datePublished":"2026-03-18T07:51:01+00:00","dateModified":"2026-07-17T07:28:15+00:00","breadcrumb":{"@id":"https:\/\/www.savoiaterme.it\/de\/por-fesr-der-region-venetien\/#breadcrumb"},"inLanguage":"de","potentialAction":[{"@type":"ReadAction","target":["https:\/\/www.savoiaterme.it\/de\/por-fesr-der-region-venetien\/"]}]},{"@type":"ImageObject","inLanguage":"de","@id":"https:\/\/www.savoiaterme.it\/de\/por-fesr-der-region-venetien\/#primaryimage","url":"https:\/\/www.savoiaterme.it\/wp-content\/uploads\/2026\/07\/POR-FESR_01_LOGO_Colori_Verticale-1024x394.png","contentUrl":"https:\/\/www.savoiaterme.it\/wp-content\/uploads\/2026\/07\/POR-FESR_01_LOGO_Colori_Verticale-1024x394.png"},{"@type":"BreadcrumbList","@id":"https:\/\/www.savoiaterme.it\/de\/por-fesr-der-region-venetien\/#breadcrumb","itemListElement":[{"@type":"ListItem","position":1,"name":"Home","item":"https:\/\/www.savoiaterme.it\/de\/"},{"@type":"ListItem","position":2,"name":"POR FESR der Region Venetien"}]},{"@type":"WebSite","@id":"https:\/\/www.savoiaterme.it\/de\/#website","url":"https:\/\/www.savoiaterme.it\/de\/","name":"Hotel Savoia Therm\u00e6 & Spa - 4 stelle - Abano Terme","description":"Hotel Savoia sorge ai piedi dei Colli Euganei. Uno dei pi\u00f9 affascinanti terme e Spa a 4 stelle nel cuore di Abano terme.","publisher":{"@id":"https:\/\/www.savoiaterme.it\/de\/#organization"},"potentialAction":[{"@type":"SearchAction","target":{"@type":"EntryPoint","urlTemplate":"https:\/\/www.savoiaterme.it\/de\/?s={search_term_string}"},"query-input":{"@type":"PropertyValueSpecification","valueRequired":true,"valueName":"search_term_string"}}],"inLanguage":"de"},{"@type":"Organization","@id":"https:\/\/www.savoiaterme.it\/de\/#organization","name":"Savoia Thermae & Spa","url":"https:\/\/www.savoiaterme.it\/de\/","logo":{"@type":"ImageObject","inLanguage":"de","@id":"https:\/\/www.savoiaterme.it\/de\/#\/schema\/logo\/image\/","url":"https:\/\/www.savoiaterme.it\/wp-content\/uploads\/2026\/03\/Logo_Savoia_2026.svg","contentUrl":"https:\/\/www.savoiaterme.it\/wp-content\/uploads\/2026\/03\/Logo_Savoia_2026.svg","width":218,"height":101,"caption":"Savoia Thermae & Spa"},"image":{"@id":"https:\/\/www.savoiaterme.it\/de\/#\/schema\/logo\/image\/"},"sameAs":["https:\/\/www.facebook.com\/savoiaterme\/","https:\/\/www.instagram.com\/savoiatermeabano\/"]}]}},"_links":{"self":[{"href":"https:\/\/www.savoiaterme.it\/de\/wp-json\/wp\/v2\/pages\/34122","targetHints":{"allow":["GET"]}}],"collection":[{"href":"https:\/\/www.savoiaterme.it\/de\/wp-json\/wp\/v2\/pages"}],"about":[{"href":"https:\/\/www.savoiaterme.it\/de\/wp-json\/wp\/v2\/types\/page"}],"author":[{"embeddable":true,"href":"https:\/\/www.savoiaterme.it\/de\/wp-json\/wp\/v2\/users\/2"}],"replies":[{"embeddable":true,"href":"https:\/\/www.savoiaterme.it\/de\/wp-json\/wp\/v2\/comments?post=34122"}],"version-history":[{"count":1,"href":"https:\/\/www.savoiaterme.it\/de\/wp-json\/wp\/v2\/pages\/34122\/revisions"}],"predecessor-version":[{"id":34124,"href":"https:\/\/www.savoiaterme.it\/de\/wp-json\/wp\/v2\/pages\/34122\/revisions\/34124"}],"wp:attachment":[{"href":"https:\/\/www.savoiaterme.it\/de\/wp-json\/wp\/v2\/media?parent=34122"}],"curies":[{"name":"wp","href":"https:\/\/api.w.org\/{rel}","templated":true}]}}