{"id":34324,"date":"2026-02-27T10:58:15","date_gmt":"2026-02-27T09:58:15","guid":{"rendered":"https:\/\/savoia.promoservicebeta.com\/vertraglich-abgedeckte-kurbehandlungen\/"},"modified":"2026-08-31T15:04:51","modified_gmt":"2026-08-31T13:04:51","slug":"vertraglich-abgedeckte-kurbehandlungen","status":"publish","type":"page","link":"https:\/\/www.savoiaterme.it\/de\/vertraglich-abgedeckte-kurbehandlungen\/","title":{"rendered":"Vertraglich abgedeckte Kurbehandlungen"},"content":{"rendered":"\t\t<div data-elementor-type=\"wp-page\" data-elementor-id=\"34324\" class=\"elementor elementor-34324 elementor-361\" data-elementor-post-type=\"page\">\n\t\t\t\t<div class=\"elementor-element elementor-element-112b2d7c e-flex e-con-boxed e-con e-parent\" data-id=\"112b2d7c\" data-element_type=\"container\" data-e-type=\"container\">\n\t\t\t\t\t<div class=\"e-con-inner\">\n\t\t<div class=\"elementor-element elementor-element-75916f88 e-con-full e-flex e-con e-child\" data-id=\"75916f88\" data-element_type=\"container\" data-e-type=\"container\">\n\t\t\t\t<div class=\"elementor-element elementor-element-8399e6a size-42 elementor-widget elementor-widget-heading\" data-id=\"8399e6a\" data-element_type=\"widget\" data-e-type=\"widget\" data-widget_type=\"heading.default\">\n\t\t\t\t\t<h2 class=\"elementor-heading-title elementor-size-default\">Thermalbehandlungen im Rahmen der gesetzlichen Krankenversicherung: Was bedeutet das?<\/h2>\t\t\t\t<\/div>\n\t\t\t\t<div class=\"elementor-element elementor-element-294f4ef9 elementor-widget elementor-widget-text-editor\" data-id=\"294f4ef9\" data-element_type=\"widget\" data-e-type=\"widget\" data-widget_type=\"text-editor.default\">\n\t\t\t\t\t\t\t\t\t<p data-start=\"1940\" data-end=\"2131\">Im Rahmen <strong>der vertraglich vereinbarten Kurbehandlungen<\/strong> haben Sie \u00fcber den <strong>Nationalen Gesundheitsdienst<\/strong> Anspruch auf eine <strong>Kurbehandlung pro Jahr<\/strong>, entsprechend den Anweisungen Ihres Hausarztes.<\/p><p data-start=\"2133\" data-end=\"2475\">Im Thermalzentrum des Hotels Savoia Therm\u00e6 &amp; Spa in Abano Terme k\u00f6nnen Sie die Ihnen verordnete Kur in einer einladenden Atmosph\u00e4re und unter der Betreuung von <strong>qualifiziertem Personal<\/strong> absolvieren. Vor Beginn der Behandlungen findet <strong>eine \u00e4rztliche Thermaluntersuchung<\/strong> statt, die erforderlich ist, um Ihre Eignung f\u00fcr die Kur zu beurteilen und den Behandlungsplan korrekt festzulegen.<\/p>\t\t\t\t\t\t\t\t<\/div>\n\t\t\t\t<div class=\"elementor-element elementor-element-5d60d4b elementor-widget elementor-widget-button\" data-id=\"5d60d4b\" data-element_type=\"widget\" data-e-type=\"widget\" data-widget_type=\"button.default\">\n\t\t\t\t\t\t\t\t\t\t<a class=\"elementor-button elementor-button-link elementor-size-sm\" href=\"https:\/\/www.savoiaterme.it\/wp-content\/uploads\/2026\/05\/GUIDA-ALLA-PRESCRIZIONE-DELLE-CURE-TERMALI_ita.pdf\" target=\"_blank\">\n\t\t\t\t\t\t<span class=\"elementor-button-content-wrapper\">\n\t\t\t\t\t\t<span class=\"elementor-button-icon\">\n\t\t\t\t<svg xmlns=\"http:\/\/www.w3.org\/2000\/svg\" width=\"15\" height=\"20\" viewBox=\"0 0 15 20\" fill=\"none\"><g clip-path=\"url(#clip0_343_3527)\"><path d=\"M14.375 20C14.7188 20 15 19.7188 15 19.375C15 19.0312 14.7188 18.75 14.375 18.75H0.625C0.28125 18.75 0 19.0312 0 19.375C0 19.7188 0.28125 20 0.625 20H14.375ZM7.05859 14.8164C7.30078 15.0586 7.69922 15.0586 7.94141 14.8164L13.5664 9.19141C13.8086 8.94922 13.8086 8.55078 13.5664 8.30859C13.3242 8.06641 12.9258 8.06641 12.6836 8.30859L8.125 12.8672V0.625C8.125 0.28125 7.84375 0 7.5 0C7.15625 0 6.875 0.28125 6.875 0.625V12.8672L2.31641 8.30859C2.07422 8.06641 1.67578 8.06641 1.43359 8.30859C1.19141 8.55078 1.19141 8.94922 1.43359 9.19141L7.05859 14.8164Z\" fill=\"#86267A\"><\/path><\/g><defs><clipPath id=\"clip0_343_3527\"><rect width=\"15\" height=\"20\" fill=\"white\"><\/rect><\/clipPath><\/defs><\/svg>\t\t\t<\/span>\n\t\t\t\t\t\t\t\t\t<span class=\"elementor-button-text\">Leitfaden zur Verschreibung<\/span>\n\t\t\t\t\t<\/span>\n\t\t\t\t\t<\/a>\n\t\t\t\t\t\t\t\t<\/div>\n\t\t\t\t<\/div>\n\t\t<div class=\"elementor-element elementor-element-16d136a0 e-con-full e-flex e-con e-child\" data-id=\"16d136a0\" data-element_type=\"container\" data-e-type=\"container\">\n\t\t\t\t<div class=\"elementor-element elementor-element-40db6e11 elementor-pagination-position-inside carosello-vert elementor-widget elementor-widget-image-carousel\" data-id=\"40db6e11\" data-element_type=\"widget\" data-e-type=\"widget\" data-settings=\"{&quot;slides_to_show&quot;:&quot;1&quot;,&quot;navigation&quot;:&quot;dots&quot;,&quot;autoplay&quot;:&quot;yes&quot;,&quot;pause_on_hover&quot;:&quot;yes&quot;,&quot;pause_on_interaction&quot;:&quot;yes&quot;,&quot;autoplay_speed&quot;:5000,&quot;infinite&quot;:&quot;yes&quot;,&quot;effect&quot;:&quot;slide&quot;,&quot;speed&quot;:500}\" data-widget_type=\"image-carousel.default\">\n\t\t\t\t\t\t\t<div class=\"elementor-image-carousel-wrapper swiper\" role=\"region\" aria-roledescription=\"carousel\" aria-label=\"Carosello d&#039;immagini\" dir=\"ltr\">\n\t\t\t<div class=\"elementor-image-carousel swiper-wrapper\" aria-live=\"off\">\n\t\t\t\t\t\t\t\t<div class=\"swiper-slide\" role=\"group\" aria-roledescription=\"slide\" aria-label=\"1 von 4\"><a data-elementor-open-lightbox=\"yes\" data-elementor-lightbox-slideshow=\"40db6e11\" data-elementor-lightbox-title=\"Thermalbehandlung mit Schlamm\" data-elementor-lightbox-description=\"Eine Thermal-Schlammbehandlung umh\u00fcllt Sie mit sanfter Ber\u00fchrung und f\u00f6rdert so Entspannung und Wohlbefinden f\u00fcr K\u00f6rper und Geist.\" data-e-action-hash=\"#elementor-action%3Aaction%3Dlightbox%26settings%3DeyJpZCI6MzQzMzEsInVybCI6Imh0dHBzOlwvXC93d3cuc2F2b2lhdGVybWUuaXRcL3dwLWNvbnRlbnRcL3VwbG9hZHNcLzIwMjZcLzA1XC9UcmF0dGFtZW50by10ZXJtYWxlLWNvbi1mYW5nby5qcGciLCJzbGlkZXNob3ciOiI0MGRiNmUxMSJ9\" href=\"https:\/\/www.savoiaterme.it\/wp-content\/uploads\/2026\/05\/Trattamento-termale-con-fango.jpg\"><figure class=\"swiper-slide-inner\"><img decoding=\"async\" class=\"swiper-slide-image\" src=\"https:\/\/www.savoiaterme.it\/wp-content\/uploads\/2026\/05\/Trattamento-termale-con-fango-800x952.jpg\" alt=\"Entspannender Thermal-K\u00f6rperfango\" \/><\/figure><\/a><\/div><div class=\"swiper-slide\" role=\"group\" aria-roledescription=\"slide\" aria-label=\"2 von 4\"><a data-elementor-open-lightbox=\"yes\" data-elementor-lightbox-slideshow=\"40db6e11\" data-elementor-lightbox-title=\"Entspannung im Hotel Savoia Therme Spa\" data-elementor-lightbox-description=\"Ein entspannter Gast bl\u00e4ttert in einer Informationsbrosch\u00fcre \u00fcber Thermalbehandlungen und tr\u00e4gt dabei einen weichen wei\u00dfen Bademantel in den einladenden R\u00e4umen des Wellnesscenters.\" data-e-action-hash=\"#elementor-action%3Aaction%3Dlightbox%26settings%3DeyJpZCI6MzQwMTQsInVybCI6Imh0dHBzOlwvXC93d3cuc2F2b2lhdGVybWUuaXRcL3dwLWNvbnRlbnRcL3VwbG9hZHNcLzIwMjZcLzA1XC9SZWxheGluZy1hdC1Ib3RlbC1TYXZvaWEtVGhlcm1lLVNwYS5qcGciLCJzbGlkZXNob3ciOiI0MGRiNmUxMSJ9\" href=\"https:\/\/www.savoiaterme.it\/wp-content\/uploads\/2026\/05\/Relaxing-at-Hotel-Savoia-Therme-Spa.jpg\"><figure class=\"swiper-slide-inner\"><img decoding=\"async\" class=\"swiper-slide-image\" src=\"https:\/\/www.savoiaterme.it\/wp-content\/uploads\/2026\/05\/Relaxing-at-Hotel-Savoia-Therme-Spa-800x952.jpg\" alt=\"Ein Moment der Entspannung im Wellnesscenter.\" \/><\/figure><\/a><\/div><div class=\"swiper-slide\" role=\"group\" aria-roledescription=\"slide\" aria-label=\"3 von 4\"><a data-elementor-open-lightbox=\"yes\" data-elementor-lightbox-slideshow=\"40db6e11\" data-elementor-lightbox-title=\"Umh\u00fcllende Ruhe im Hotel Savoia Therme Spa\" data-elementor-lightbox-description=\"Ein entspannendes Erlebnis im Hotel Savoia Therme &amp; Spa, wo die nat\u00fcrliche W\u00e4rme des Thermalschlamms regenerierenden Komfort und ein umfassendes Wohlbefinden f\u00fcr K\u00f6rper und Geist bietet.\" data-e-action-hash=\"#elementor-action%3Aaction%3Dlightbox%26settings%3DeyJpZCI6MzQyOTAsInVybCI6Imh0dHBzOlwvXC93d3cuc2F2b2lhdGVybWUuaXRcL3dwLWNvbnRlbnRcL3VwbG9hZHNcLzIwMjZcLzA1XC9UcmFucXVpbGxpdGEtYXZ2b2xnZW50ZS1hbC1Ib3RlbC1TYXZvaWEtVGhlcm1lLVNwYS5qcGciLCJzbGlkZXNob3ciOiI0MGRiNmUxMSJ9\" href=\"https:\/\/www.savoiaterme.it\/wp-content\/uploads\/2026\/05\/Tranquillita-avvolgente-al-Hotel-Savoia-Therme-Spa.jpg\"><figure class=\"swiper-slide-inner\"><img decoding=\"async\" class=\"swiper-slide-image\" src=\"https:\/\/www.savoiaterme.it\/wp-content\/uploads\/2026\/05\/Tranquillita-avvolgente-al-Hotel-Savoia-Therme-Spa-800x952.jpg\" alt=\"Entspannung mit Thermalfango im Savoia\" \/><\/figure><\/a><\/div><div class=\"swiper-slide\" role=\"group\" aria-roledescription=\"slide\" aria-label=\"4 von 4\"><a data-elementor-open-lightbox=\"yes\" data-elementor-lightbox-slideshow=\"40db6e11\" data-elementor-lightbox-title=\"Entspannung im Thermalbad\" data-elementor-lightbox-description=\"Eine Frau taucht entspannt in ein Thermalbecken ein, das von sanftem Licht beleuchtet wird und von einer intimen und einladenden Atmosph\u00e4re umgeben ist.\" data-e-action-hash=\"#elementor-action%3Aaction%3Dlightbox%26settings%3DeyJpZCI6MzQzMzIsInVybCI6Imh0dHBzOlwvXC93d3cuc2F2b2lhdGVybWUuaXRcL3dwLWNvbnRlbnRcL3VwbG9hZHNcLzIwMjZcLzA1XC9SZWxheC1uZWxsYS1waXNjaW5hLXRlcm1hbGUuanBnIiwic2xpZGVzaG93IjoiNDBkYjZlMTEifQ%3D%3D\" href=\"https:\/\/www.savoiaterme.it\/wp-content\/uploads\/2026\/05\/Relax-nella-piscina-termale.jpg\"><figure class=\"swiper-slide-inner\"><img decoding=\"async\" class=\"swiper-slide-image\" src=\"https:\/\/www.savoiaterme.it\/wp-content\/uploads\/2026\/05\/Relax-nella-piscina-termale-800x952.jpg\" alt=\"Thermalbad mit gem\u00fctlicher Atmosph\u00e4re.\" \/><\/figure><\/a><\/div>\t\t\t<\/div>\n\t\t\t\t\t\t\t\n\t\t\t\t\t\t\t\t\t<div class=\"swiper-pagination\"><\/div>\n\t\t\t\t\t\t\t\t\t<\/div>\n\t\t\t\t\t\t<\/div>\n\t\t\t\t<\/div>\n\t\t\t\t\t<\/div>\n\t\t\t\t<\/div>\n\t\t<div class=\"elementor-element elementor-element-2a9efa1a e-flex e-con-boxed e-con e-parent\" data-id=\"2a9efa1a\" data-element_type=\"container\" data-e-type=\"container\" data-settings=\"{&quot;background_background&quot;:&quot;classic&quot;}\">\n\t\t\t\t\t<div class=\"e-con-inner\">\n\t\t\t\t<div class=\"elementor-element elementor-element-d2e719b size-42 elementor-widget elementor-widget-heading\" data-id=\"d2e719b\" data-element_type=\"widget\" data-e-type=\"widget\" data-widget_type=\"heading.default\">\n\t\t\t\t\t<h2 class=\"elementor-heading-title elementor-size-default\">Welche Kurbehandlungen werden von der Krankenkasse erstattet?<\/h2>\t\t\t\t<\/div>\n\t\t\t\t<div class=\"elementor-element elementor-element-c0b0c73 elementor-widget__width-initial elementor-widget elementor-widget-text-editor\" data-id=\"c0b0c73\" data-element_type=\"widget\" data-e-type=\"widget\" data-widget_type=\"text-editor.default\">\n\t\t\t\t\t\t\t\t\t<p>Die in unserem Thermalzentrum angebotenen, von der Krankenkasse erstatteten Thermalkuren umfassen <strong>spezifische Kurprogramme f\u00fcr den Knochen- und Gelenkapparat sowie die Atemwege<\/strong>, die stets auf \u00e4rztliche Verordnung hin durchgef\u00fchrt werden.<\/p>\t\t\t\t\t\t\t\t<\/div>\n\t\t\t\t<div class=\"elementor-element elementor-element-5c0bb8eb elementor-widget elementor-widget-shortcode\" data-id=\"5c0bb8eb\" data-element_type=\"widget\" data-e-type=\"widget\" data-widget_type=\"shortcode.default\">\n\t\t\t\t\t\t\t<div class=\"elementor-shortcode\">    <div class=\"slider-container reverse-column\" id=\"slider-verticale-1\">\n        <div class=\"slides\">\n                                <div class=\"slide-item\">\n                        <h2 class=\"slide-title\">Schlammbad-Therapiezyklus<\/h2>\n                        <div class=\"slide-description\"><p data-start=\"3591\" data-end=\"3840\">Die <strong>Schlamm- und Badetherapie<\/strong> ist f\u00fcr Personen geeignet, die eine Kur mit <strong>reifem Schlamm und Thermalb\u00e4dern<\/strong> absolvieren m\u00fcssen. Sie geh\u00f6rt zu den repr\u00e4sentativsten Kuranwendungen der Thermen von Abano und wird gem\u00e4\u00df den Anweisungen des Kurarztes durchgef\u00fchrt.<\/p>\n<h3 data-section-id=\"159s7q8\" data-start=\"3842\" data-end=\"3866\">Der Zyklus umfasst<\/h3>\n<ul data-start=\"3867\" data-end=\"3984\">\n<li data-section-id=\"5tphk8\" data-start=\"3867\" data-end=\"3894\">1 \u00e4rztliche Kuruntersuchung<\/li>\n<li data-section-id=\"1c6o1po\" data-start=\"3895\" data-end=\"3937\">12 Anwendungen mit reifem Schlamm (D.O.C.)<\/li>\n<li data-section-id=\"1w6lv6f\" data-start=\"3938\" data-end=\"3984\">12 B\u00e4der in Thermalwasser<\/li>\n<\/ul>\n<\/div>\n                                                <a href=\"https:\/\/www.savoiaterme.it\/de\/schlammbehandlungen-und-thermalbaeder\/\" class=\"slide-button\">\n                            Entdecken Sie Schlammb\u00e4der und Thermalb\u00e4der                        <\/a>\n                                                                            <div class=\"slide-mobile-media slide-image-wrapper\">\n                                                                                                            <a href=\"https:\/\/www.savoiaterme.it\/de\/schlammbehandlungen-und-thermalbaeder\/\">\n                                            <img decoding=\"async\" src=\"https:\/\/www.savoiaterme.it\/wp-content\/uploads\/2026\/05\/Trattamento-di-Fango-Terapeutico-al-Centro-Benessere.jpg\" alt=\"Esperienza rilassante con fango termale.\" class=\"slide-mobile-image\">\n                                        <\/a>\n                                                                                                                                <\/div>\n                                                \n                    <\/div>\n                                    <div class=\"slide-item\">\n                        <h2 class=\"slide-title\">Inhalations- und Aerosoltherapie<\/h2>\n                        <div class=\"slide-description\"><p data-start=\"4120\" data-end=\"4325\">Bei den Inhalationstherapien wird Thermalwasser f\u00fcr Behandlungen der Atemwege verwendet. Der Behandlungsablauf richtet sich nach der \u00e4rztlichen Verordnung und kann<strong> Inhalationen, Aerosolbehandlungen und Nasenduschen<\/strong> umfassen.<\/p>\n<h3 data-section-id=\"159s7q8\" data-start=\"4327\" data-end=\"4351\">Der Zyklus umfasst<\/h3>\n<ul data-start=\"4352\" data-end=\"4466\">\n<li data-section-id=\"5tphk8\" data-start=\"4352\" data-end=\"4379\">1 \u00e4rztliche Kuruntersuchung<\/li>\n<li data-section-id=\"1ny92fv\" data-start=\"4380\" data-end=\"4397\">12 Inhalationen<\/li>\n<li data-section-id=\"nq8ygx\" data-start=\"4398\" data-end=\"4430\">12 Aerosolbehandlungen mit Thermalwasser<\/li>\n<li data-section-id=\"1v72gda\" data-start=\"4431\" data-end=\"4466\">12 Nasenduschen mit Thermalwasser<\/li>\n<\/ul>\n<\/div>\n                                                <a href=\"https:\/\/www.savoiaterme.it\/de\/inhalationstherapien\/\" class=\"slide-button\">\n                            Erfahren Sie mehr \u00fcber Inhalationstherapien                        <\/a>\n                                                                            <div class=\"slide-mobile-media slide-video\">\n                                                                                                            <a href=\"https:\/\/www.savoiaterme.it\/de\/inhalationstherapien\/\">\n                                            <video class=\"slide-html5-video\" muted loop autoplay playsinline webkit-playsinline preload=\"metadata\" poster=\"https:\/\/www.savoiaterme.it\/wp-content\/uploads\/2026\/05\/Terapia-inalatoria-in-spa-termale-1.jpg\"><source src=\"https:\/\/www.savoiaterme.it\/wp-content\/uploads\/2026\/06\/Terapia-inalatoria-in-spa-termale.mp4\" type=\"video\/mp4\"><\/video>                                        <\/a>\n                                                                                                                                <\/div>\n                                                \n                    <\/div>\n                                    <\/div>\n        \n        <div class=\"slider-images\">\n                                <div class=\"slide-media-item slide-image-wrapper\" data-slide-index=\"0\">\n                                                                                <a href=\"https:\/\/www.savoiaterme.it\/de\/schlammbehandlungen-und-thermalbaeder\/\">\n                                <img decoding=\"async\" src=\"https:\/\/www.savoiaterme.it\/wp-content\/uploads\/2026\/05\/Trattamento-di-Fango-Terapeutico-al-Centro-Benessere.jpg\" alt=\"Esperienza rilassante con fango termale.\" class=\"slide-image\">\n                            <\/a>\n                                                                        <\/div>\n                                                        <div class=\"slide-media-item slide-video\" data-slide-index=\"1\">\n                                                                                <a href=\"https:\/\/www.savoiaterme.it\/de\/inhalationstherapien\/\">\n                                <video class=\"slide-html5-video\" muted loop autoplay playsinline webkit-playsinline preload=\"metadata\" poster=\"https:\/\/www.savoiaterme.it\/wp-content\/uploads\/2026\/05\/Terapia-inalatoria-in-spa-termale-1.jpg\"><source src=\"https:\/\/www.savoiaterme.it\/wp-content\/uploads\/2026\/06\/Terapia-inalatoria-in-spa-termale.mp4\" type=\"video\/mp4\"><\/video>                            <\/a>\n                                                                        <\/div>\n                                                        <\/div>\n    <\/div>\n<script>\ndocument.addEventListener('DOMContentLoaded', function() {\n    const sliderContainers = document.querySelectorAll('.slider-container');\n\n    sliderContainers.forEach(sliderContainer => {\n        if (sliderContainer.dataset.sliderInitialized === 'true') {\n            return;\n        }\n\n        sliderContainer.dataset.sliderInitialized = 'true';\n\n        const slides = sliderContainer.querySelectorAll('.slide-item');\n        const mediaItems = sliderContainer.querySelectorAll('.slide-media-item');\n        const mobileMediaItems = sliderContainer.querySelectorAll('.slide-mobile-media');\n        const imageCtas = sliderContainer.querySelectorAll('.slide-image-cta');\n\n        const pauseMediaItem = function(mediaItem) {\n            if (!mediaItem) {\n                return;\n            }\n\n            const iframe = mediaItem.querySelector('iframe[data-embed-src]');\n\n            if (iframe) {\n                iframe.setAttribute('src', '');\n            }\n\n            const video = mediaItem.querySelector('video');\n\n            if (video) {\n                video.pause();\n\n                try {\n                    video.currentTime = 0;\n                } catch (error) {\n                }\n            }\n        };\n\n        const playMediaItem = function(mediaItem) {\n            if (!mediaItem) {\n                return;\n            }\n\n            const iframe = mediaItem.querySelector('iframe[data-embed-src]');\n\n            if (iframe) {\n                const embedSrc = iframe.dataset.embedSrc || '';\n\n                if (embedSrc) {\n                    iframe.setAttribute('src', embedSrc);\n                }\n            }\n\n            const video = mediaItem.querySelector('video');\n\n            if (video) {\n                video.muted = true;\n                video.loop = true;\n                video.autoplay = true;\n                video.playsInline = true;\n\n                const playPromise = video.play();\n\n                if (playPromise && typeof playPromise.catch === 'function') {\n                    playPromise.catch(function() {});\n                }\n            }\n        };\n\n        const activateSlide = function(index) {\n            slides.forEach(s => s.classList.remove('active'));\n            mediaItems.forEach(function(mediaItem) {\n                mediaItem.classList.remove('active');\n                pauseMediaItem(mediaItem);\n            });\n            mobileMediaItems.forEach(function(mediaItem) {\n                mediaItem.classList.remove('active');\n                pauseMediaItem(mediaItem);\n            });\n            imageCtas.forEach(cta => cta.classList.remove('active'));\n\n            if (slides[index]) {\n                slides[index].classList.add('active');\n            }\n\n            const mediaItem = sliderContainer.querySelector('.slide-media-item[data-slide-index=\"' + index + '\"]');\n\n            if (mediaItem) {\n                mediaItem.classList.add('active');\n\n                if (mediaItem.offsetParent !== null) {\n                    playMediaItem(mediaItem);\n                }\n            }\n\n            const mobileMediaItem = slides[index] ? slides[index].querySelector('.slide-mobile-media') : null;\n\n            if (mobileMediaItem) {\n                mobileMediaItem.classList.add('active');\n\n                if (mobileMediaItem.offsetParent !== null) {\n                    playMediaItem(mobileMediaItem);\n                }\n            }\n\n            const imageCta = sliderContainer.querySelector('.slide-image-cta[data-slide-index=\"' + index + '\"]');\n\n            if (imageCta) {\n                imageCta.classList.add('active');\n            }\n        };\n\n        let initialIndex = 0;\n\n        if (mediaItems.length > 0) {\n            const firstMediaIndex = Number.parseInt(mediaItems[0].dataset.slideIndex || '0', 10);\n\n            if (!Number.isNaN(firstMediaIndex)) {\n                initialIndex = firstMediaIndex;\n            }\n        }\n\n        if (!slides[initialIndex] && slides[0]) {\n            initialIndex = 0;\n        }\n\n        activateSlide(initialIndex);\n\n        slides.forEach((slide, index) => {\n            slide.addEventListener('click', function() {\n                activateSlide(index);\n            });\n        });\n    });\n});\n<\/script>\n<\/div>\n\t\t\t\t\t\t<\/div>\n\t\t\t\t\t<\/div>\n\t\t\t\t<\/div>\n\t\t<div class=\"elementor-element elementor-element-1964b242 e-flex e-con-boxed e-con e-parent\" data-id=\"1964b242\" data-element_type=\"container\" data-e-type=\"container\" data-settings=\"{&quot;background_background&quot;:&quot;classic&quot;}\">\n\t\t\t\t\t<div class=\"e-con-inner\">\n\t\t<div class=\"elementor-element elementor-element-1ddd865e e-con-full e-flex e-con e-child\" data-id=\"1ddd865e\" data-element_type=\"container\" data-e-type=\"container\">\n\t\t\t\t<div class=\"elementor-element elementor-element-232b7883 size-42 elementor-widget elementor-widget-heading\" data-id=\"232b7883\" data-element_type=\"widget\" data-e-type=\"widget\" data-widget_type=\"heading.default\">\n\t\t\t\t\t<h2 class=\"elementor-heading-title elementor-size-default\">Ein anerkanntes Thermalzentrum in Abano Terme<\/h2>\t\t\t\t<\/div>\n\t\t\t\t<div class=\"elementor-element elementor-element-58fdcd5b elementor-widget elementor-widget-text-editor\" data-id=\"58fdcd5b\" data-element_type=\"widget\" data-e-type=\"widget\" data-widget_type=\"text-editor.default\">\n\t\t\t\t\t\t\t\t\t<p>Das Hotel Savoia Therm\u00e6 &amp; Spa ist <strong>vom Gesundheitsministerium<\/strong> als Gesundheitseinrichtung der <strong>\u201ePrima Categoria Superior\u201c<\/strong> <strong>anerkannt.<\/strong>\u00a0Diese Anerkennung best\u00e4tigt den therapeutischen Wert der Thermalkuren sowie die Rolle des Thermalzentrums bei der Pr\u00e4vention, Behandlung und Rehabilitation.<\/p><p>Die Kurtradition von Abano verbindet sich mit einer sorgf\u00e4ltigen und professionellen Organisation, bei der jeder Kurzyklus mit gr\u00f6\u00dfter Sorgfalt begleitet wird \u2013 von der ersten \u00e4rztlichen Untersuchung bis zur Durchf\u00fchrung der verordneten Behandlungen.<\/p>\t\t\t\t\t\t\t\t<\/div>\n\t\t\t\t<div class=\"elementor-element elementor-element-8050aa6 elementor-widget elementor-widget-image\" data-id=\"8050aa6\" data-element_type=\"widget\" data-e-type=\"widget\" data-widget_type=\"image.default\">\n\t\t\t\t\t\t\t\t\t\t\t\t\t\t\t<img fetchpriority=\"high\" decoding=\"async\" width=\"580\" height=\"580\" src=\"https:\/\/www.savoiaterme.it\/wp-content\/uploads\/2026\/07\/logo-brevetto-europeo_centro-studi-termali-pietro-d-abano.png\" class=\"attachment-full size-full wp-image-34330\" alt=\"\" srcset=\"https:\/\/www.savoiaterme.it\/wp-content\/uploads\/2026\/07\/logo-brevetto-europeo_centro-studi-termali-pietro-d-abano.png 580w, https:\/\/www.savoiaterme.it\/wp-content\/uploads\/2026\/07\/logo-brevetto-europeo_centro-studi-termali-pietro-d-abano-300x300.png 300w, https:\/\/www.savoiaterme.it\/wp-content\/uploads\/2026\/07\/logo-brevetto-europeo_centro-studi-termali-pietro-d-abano-150x150.png 150w\" sizes=\"(max-width: 580px) 100vw, 580px\" \/>\t\t\t\t\t\t\t\t\t\t\t\t\t\t\t<\/div>\n\t\t\t\t<\/div>\n\t\t<div class=\"elementor-element elementor-element-6b8061e5 e-con-full e-flex e-con e-child\" data-id=\"6b8061e5\" data-element_type=\"container\" data-e-type=\"container\">\n\t\t<a class=\"elementor-element elementor-element-3e3ba6fb e-con-full cont-foto-box e-flex e-con e-child\" data-id=\"3e3ba6fb\" data-element_type=\"container\" data-e-type=\"container\">\n\t\t\t\t<div class=\"elementor-element elementor-element-1ce7a775 elementor-absolute testo-box-link elementor-widget-mobile__width-initial elementor-widget elementor-widget-text-editor\" data-id=\"1ce7a775\" data-element_type=\"widget\" data-e-type=\"widget\" data-settings=\"{&quot;_position&quot;:&quot;absolute&quot;}\" data-widget_type=\"text-editor.default\">\n\t\t\t\t\t\t\t\t\t<p>Anerkanntes Thermalzentrum<\/p>\t\t\t\t\t\t\t\t<\/div>\n\t\t\t\t<div class=\"elementor-element elementor-element-723b67a6 elementor-widget elementor-widget-image\" data-id=\"723b67a6\" data-element_type=\"widget\" data-e-type=\"widget\" data-widget_type=\"image.default\">\n\t\t\t\t\t\t\t\t\t\t\t\t\t\t\t<img decoding=\"async\" width=\"880\" height=\"770\" src=\"https:\/\/www.savoiaterme.it\/wp-content\/uploads\/2026\/05\/Rituale-di-Benessere-al-Hotel-Savoia-Therme-Spa-880x770.jpg\" class=\"attachment-box-link-foto size-box-link-foto wp-image-34333\" alt=\"Wohlbefinden und Entspannung in einer Thermalumgebung.\" \/>\t\t\t\t\t\t\t\t\t\t\t\t\t\t\t<\/div>\n\t\t\t\t<\/a>\n\t\t\t\t<\/div>\n\t\t\t\t\t<\/div>\n\t\t\t\t<\/div>\n\t\t<div class=\"elementor-element elementor-element-7912fe3 e-flex e-con-boxed e-con e-parent\" data-id=\"7912fe3\" data-element_type=\"container\" data-e-type=\"container\">\n\t\t\t\t\t<div class=\"e-con-inner\">\n\t\t<div class=\"elementor-element elementor-element-72bdce0 e-con-full e-flex e-con e-child\" data-id=\"72bdce0\" data-element_type=\"container\" data-e-type=\"container\">\n\t\t\t\t<div class=\"elementor-element elementor-element-c824289 size-42 elementor-widget elementor-widget-heading\" data-id=\"c824289\" data-element_type=\"widget\" data-e-type=\"widget\" data-widget_type=\"heading.default\">\n\t\t\t\t\t<h2 class=\"elementor-heading-title elementor-size-default\">Dr. Maristella Vezz\u00f9<\/h2>\t\t\t\t<\/div>\n\t\t\t\t<div class=\"elementor-element elementor-element-df1b230 elementor-widget elementor-widget-text-editor\" data-id=\"df1b230\" data-element_type=\"widget\" data-e-type=\"widget\" data-widget_type=\"text-editor.default\">\n\t\t\t\t\t\t\t\t\t<div class=\"attachment-container unknown\"><div class=\"text-box-container ng-star-inserted\" data-test-id=\"text-box-container\"><div class=\"text-box-content\"><div class=\"text-box-text gds-body-l\" dir=\"auto\" data-test-id=\"text-box-text\">Das Hotel Savoia &amp; Spa in Abano Terme begr\u00fc\u00dft Dr. Maristella Vezz\u00f9 in seinem \u00c4rzteteam. Als Fach\u00e4rztin \u00fcbernimmt sie die medizinischen Aufnahmeuntersuchungen f\u00fcr die Kuranwendungen des Hauses. Ihre Pr\u00e4senz garantiert <strong>qualifizierte Betreuung und ma\u00dfgeschneiderte Therapieprogramme<\/strong>: von der Fangotherapie und Inhalationskuren bis hin zur Wasserrehabilitation und Hydrokinesitherapie \u2013 f\u00fcr einen wirksamen Kuraufenthalt im Zeichen von Gesundheit, Pr\u00e4vention und Regeneration.<\/div><\/div><\/div><\/div>\t\t\t\t\t\t\t\t<\/div>\n\t\t\t\t<\/div>\n\t\t<div class=\"elementor-element elementor-element-f5692e3 e-con-full e-flex e-con e-child\" data-id=\"f5692e3\" data-element_type=\"container\" data-e-type=\"container\">\n\t\t<a class=\"elementor-element elementor-element-dda6068 e-con-full cont-foto-box e-flex e-con e-child\" data-id=\"dda6068\" data-element_type=\"container\" data-e-type=\"container\">\n\t\t\t\t<div class=\"elementor-element elementor-element-c5fa0c7 elementor-absolute testo-box-link elementor-widget-mobile__width-initial elementor-widget elementor-widget-text-editor\" data-id=\"c5fa0c7\" data-element_type=\"widget\" data-e-type=\"widget\" data-settings=\"{&quot;_position&quot;:&quot;absolute&quot;}\" data-widget_type=\"text-editor.default\">\n\t\t\t\t\t\t\t\t\t<p>Zuh\u00f6ren und Empathie<\/p>\t\t\t\t\t\t\t\t<\/div>\n\t\t\t\t<div class=\"elementor-element elementor-element-4e86572 elementor-widget elementor-widget-image\" data-id=\"4e86572\" data-element_type=\"widget\" data-e-type=\"widget\" data-widget_type=\"image.default\">\n\t\t\t\t\t\t\t\t\t\t\t\t\t\t\t<img decoding=\"async\" width=\"880\" height=\"770\" src=\"https:\/\/www.savoiaterme.it\/wp-content\/uploads\/2026\/08\/Consulto-benessere-allHotel-Savoia-Therme-Spa-1-880x770.jpg\" class=\"attachment-box-link-foto size-box-link-foto wp-image-35924\" alt=\"\" \/>\t\t\t\t\t\t\t\t\t\t\t\t\t\t\t<\/div>\n\t\t\t\t<\/a>\n\t\t\t\t<\/div>\n\t\t\t\t\t<\/div>\n\t\t\t\t<\/div>\n\t\t<div class=\"elementor-element elementor-element-8277009 e-flex e-con-boxed e-con e-parent\" data-id=\"8277009\" data-element_type=\"container\" data-e-type=\"container\">\n\t\t\t\t\t<div class=\"e-con-inner\">\n\t\t\t\t<div class=\"elementor-element elementor-element-7d338a6 size-42 elementor-widget elementor-widget-heading\" data-id=\"7d338a6\" data-element_type=\"widget\" data-e-type=\"widget\" data-widget_type=\"heading.default\">\n\t\t\t\t\t<h3 class=\"elementor-heading-title elementor-size-default\">So erhalten Sie Zugang zu vertraglich vereinbarten Kurbehandlungen<\/h3>\t\t\t\t<\/div>\n\t\t\t\t<div class=\"elementor-element elementor-element-197bf1b elementor-widget__width-initial elementor-widget elementor-widget-text-editor\" data-id=\"197bf1b\" data-element_type=\"widget\" data-e-type=\"widget\" data-widget_type=\"text-editor.default\">\n\t\t\t\t\t\t\t\t\t<p data-start=\"214\" data-end=\"441\">Der Zugang zu den vom Nationalen Gesundheitsdienst anerkannten Thermalbehandlungen ist ganz einfach: Sie m\u00fcssen lediglich die <strong>erforderlichen Unterlagen<\/strong> mitbringen und <strong>die Behandlungsreihe<\/strong> im Thermalzentrum des Hotels Savoia Therm\u00e6 &#038; Spa <strong>buchen<\/strong>.<\/p>\t\t\t\t\t\t\t\t<\/div>\n\t\t<div class=\"elementor-element elementor-element-fd4accc e-con-full e-flex e-con e-child\" data-id=\"fd4accc\" data-element_type=\"container\" data-e-type=\"container\">\n\t\t<div class=\"elementor-element elementor-element-785e4ae e-con-full e-flex e-con e-child\" data-id=\"785e4ae\" data-element_type=\"container\" data-e-type=\"container\">\n\t\t<div class=\"elementor-element elementor-element-1e47ae5 e-con-full e-flex e-con e-child\" data-id=\"1e47ae5\" data-element_type=\"container\" data-e-type=\"container\">\n\t\t\t\t<div class=\"elementor-element elementor-element-cb5c0c3 elementor-widget elementor-widget-image\" data-id=\"cb5c0c3\" data-element_type=\"widget\" data-e-type=\"widget\" data-widget_type=\"image.default\">\n\t\t\t\t\t\t\t\t\t\t\t\t\t\t\t<img loading=\"lazy\" decoding=\"async\" width=\"880\" height=\"770\" src=\"https:\/\/www.savoiaterme.it\/wp-content\/uploads\/2026\/05\/Trattamento-termale-con-fango-880x770.jpg\" class=\"attachment-box-link-foto size-box-link-foto wp-image-34331\" alt=\"Entspannender Thermal-K\u00f6rperfango\" \/>\t\t\t\t\t\t\t\t\t\t\t\t\t\t\t<\/div>\n\t\t\t\t<div class=\"elementor-element elementor-element-6cb8847 elementor-widget elementor-widget-heading\" data-id=\"6cb8847\" data-element_type=\"widget\" data-e-type=\"widget\" data-widget_type=\"heading.default\">\n\t\t\t\t\t<h4 class=\"elementor-heading-title elementor-size-default\">\u00c4rztliche Verordnung und Terminvereinbarung<\/h4>\t\t\t\t<\/div>\n\t\t\t\t<div class=\"elementor-element elementor-element-d221c18 elementor-widget elementor-widget-heading\" data-id=\"d221c18\" data-element_type=\"widget\" data-e-type=\"widget\" data-widget_type=\"heading.default\">\n\t\t\t\t\t<p class=\"elementor-heading-title elementor-size-default\">Wenden Sie sich bitte an Ihren Hausarzt, um<b>eine \u00dcberweisung<\/b> zu erhalten, in der <b>die Erkrankung, die gew\u00fcnschte Therapie, die Anzahl der Sitzungen und gegebenenfalls die Befreiung<\/b> von der Zuzahlung angegeben sein m\u00fcssen. Sobald Sie die \u00dcberweisung erhalten haben, kontaktieren Sie uns bitte, um die Verf\u00fcgbarkeit, den gew\u00fcnschten Zeitraum und die Behandlungszeiten zu kl\u00e4ren. <\/p>\t\t\t\t<\/div>\n\t\t\t\t<div class=\"elementor-element elementor-element-18fe13a elementor-widget elementor-widget-button\" data-id=\"18fe13a\" data-element_type=\"widget\" data-e-type=\"widget\" data-widget_type=\"button.default\">\n\t\t\t\t\t\t\t\t\t\t<a class=\"elementor-button elementor-button-link elementor-size-sm\" href=\"https:\/\/www.savoiaterme.it\/de\/kontakt\/\">\n\t\t\t\t\t\t<span class=\"elementor-button-content-wrapper\">\n\t\t\t\t\t\t\t\t\t<span class=\"elementor-button-text\">Kontaktieren Sie uns<\/span>\n\t\t\t\t\t<\/span>\n\t\t\t\t\t<\/a>\n\t\t\t\t\t\t\t\t<\/div>\n\t\t\t\t<\/div>\n\t\t<div class=\"elementor-element elementor-element-956325d e-con-full e-flex e-con e-child\" data-id=\"956325d\" data-element_type=\"container\" data-e-type=\"container\">\n\t\t\t\t<div class=\"elementor-element elementor-element-0c71531 elementor-widget elementor-widget-image\" data-id=\"0c71531\" data-element_type=\"widget\" data-e-type=\"widget\" data-widget_type=\"image.default\">\n\t\t\t\t\t\t\t\t\t\t\t\t\t\t\t<img loading=\"lazy\" decoding=\"async\" width=\"880\" height=\"770\" src=\"https:\/\/www.savoiaterme.it\/wp-content\/uploads\/2026\/05\/Consulenza-Medica-al-Savoia-Therme-Spa-880x770.jpg\" class=\"attachment-box-link-foto size-box-link-foto wp-image-34120\" alt=\"Medizinische Beratung in einer entspannten Atmosph\u00e4re.\" \/>\t\t\t\t\t\t\t\t\t\t\t\t\t\t\t<\/div>\n\t\t\t\t<div class=\"elementor-element elementor-element-08b0e2e elementor-widget elementor-widget-heading\" data-id=\"08b0e2e\" data-element_type=\"widget\" data-e-type=\"widget\" data-widget_type=\"heading.default\">\n\t\t\t\t\t<h4 class=\"elementor-heading-title elementor-size-default\">Aufnahme und \u00e4rztliche Untersuchung im Kurzentrum<\/h4>\t\t\t\t<\/div>\n\t\t\t\t<div class=\"elementor-element elementor-element-34453ba elementor-widget elementor-widget-heading\" data-id=\"34453ba\" data-element_type=\"widget\" data-e-type=\"widget\" data-widget_type=\"heading.default\">\n\t\t\t\t\t<p class=\"elementor-heading-title elementor-size-default\">Am Tag Ihrer Ankunft bitten wir Sie, die <b>erforderlichen Unterlagen<\/b> vorzulegen: die Original\u00fcberweisung, Ihre Gesundheitskarte, Ihren Personalausweis sowie gegebenenfalls eine Bescheinigung \u00fcber die Befreiung von den Kosten. Vor Beginn der Behandlungen ist eine <b>obligatorische \u00e4rztliche Untersuchung durch den Kurarzt<\/b> vorgesehen, um Ihre Eignung f\u00fcr die Behandlungen zu best\u00e4tigen. <\/p>\t\t\t\t<\/div>\n\t\t\t\t<\/div>\n\t\t<div class=\"elementor-element elementor-element-e5dc97e e-con-full e-flex e-con e-child\" data-id=\"e5dc97e\" data-element_type=\"container\" data-e-type=\"container\">\n\t\t\t\t<div class=\"elementor-element elementor-element-e1c06fa elementor-widget elementor-widget-image\" data-id=\"e1c06fa\" data-element_type=\"widget\" data-e-type=\"widget\" data-widget_type=\"image.default\">\n\t\t\t\t\t\t\t\t\t\t\t\t\t\t\t<img loading=\"lazy\" decoding=\"async\" width=\"880\" height=\"770\" src=\"https:\/\/www.savoiaterme.it\/wp-content\/uploads\/2026\/05\/Trattamento-terapeutico-al-fango-termale-880x770.jpg\" class=\"attachment-box-link-foto size-box-link-foto wp-image-34335\" alt=\"Thermalfango f\u00fcr vollkommene Entspannung\" \/>\t\t\t\t\t\t\t\t\t\t\t\t\t\t\t<\/div>\n\t\t\t\t<div class=\"elementor-element elementor-element-92e1085 elementor-widget elementor-widget-heading\" data-id=\"92e1085\" data-element_type=\"widget\" data-e-type=\"widget\" data-widget_type=\"heading.default\">\n\t\t\t\t\t<h4 class=\"elementor-heading-title elementor-size-default\">Beginn der Behandlungsreihe<\/h4>\t\t\t\t<\/div>\n\t\t\t\t<div class=\"elementor-element elementor-element-4361972 elementor-widget elementor-widget-heading\" data-id=\"4361972\" data-element_type=\"widget\" data-e-type=\"widget\" data-widget_type=\"heading.default\">\n\t\t\t\t\t<p class=\"elementor-heading-title elementor-size-default\">Nach der \u00e4rztlichen Untersuchung k\u00f6nnen Sie <b>mit der Kurbehandlung<\/b> gem\u00e4\u00df dem mit dem Kurzentrum vereinbarten Programm beginnen. Die Behandlungen finden regelm\u00e4\u00dfig statt, wobei die \u00e4rztlichen Anweisungen und die bei der Buchung festgelegten Termine einzuhalten sind. <\/p>\t\t\t\t<\/div>\n\t\t\t\t<\/div>\n\t\t\t\t<\/div>\n\t\t\t\t<\/div>\n\t\t\t\t\t<\/div>\n\t\t\t\t<\/div>\n\t\t<div class=\"elementor-element elementor-element-8b2f8b8 e-flex e-con-boxed e-con e-parent\" data-id=\"8b2f8b8\" data-element_type=\"container\" data-e-type=\"container\">\n\t\t\t\t\t<div class=\"e-con-inner\">\n\t\t<div class=\"elementor-element elementor-element-7c0877d e-con-full e-flex e-con e-child\" data-id=\"7c0877d\" data-element_type=\"container\" data-e-type=\"container\">\n\t\t\t\t<div class=\"elementor-element elementor-element-a61fed6 size-42 elementor-widget elementor-widget-heading\" data-id=\"a61fed6\" data-element_type=\"widget\" data-e-type=\"widget\" data-widget_type=\"heading.default\">\n\t\t\t\t\t<h2 class=\"elementor-heading-title elementor-size-default\">Sie k\u00f6nnen die vertraglich vereinbarten Behandlungen auch in Anspruch nehmen, ohne in einem Hotel zu \u00fcbernachten<\/h2>\t\t\t\t<\/div>\n\t\t\t\t<div class=\"elementor-element elementor-element-ac9b8ef elementor-widget elementor-widget-text-editor\" data-id=\"ac9b8ef\" data-element_type=\"widget\" data-e-type=\"widget\" data-widget_type=\"text-editor.default\">\n\t\t\t\t\t\t\t\t\t<p data-start=\"8343\" data-end=\"8622\"><strong>Die vertraglich vereinbarten Thermalkuren<\/strong> k\u00f6nnen auch <strong>ohne \u00dcbernachtung<\/strong> im Hotel Savoia Therm\u00e6 &#038; Spa in Anspruch genommen werden. Diese M\u00f6glichkeit ist ideal f\u00fcr Personen, die in der N\u00e4he von Abano Terme wohnen, bereits in der Gegend zu Gast sind oder das Thermalzentrum ausschlie\u00dflich f\u00fcr die Behandlungsreihe nutzen m\u00f6chten. <\/p><p data-start=\"8624\" data-end=\"8774\">W\u00e4hrend ihres Aufenthalts k\u00f6nnen externe G\u00e4ste die <strong>Leistungen im Rahmen der ambulanten Behandlung<\/strong> in Anspruch nehmen, sofern diese verf\u00fcgbar sind und die internen Bestimmungen dies zulassen.<\/p>\t\t\t\t\t\t\t\t<\/div>\n\t\t\t\t<div class=\"elementor-element elementor-element-c6d6949 elementor-widget elementor-widget-button\" data-id=\"c6d6949\" data-element_type=\"widget\" data-e-type=\"widget\" data-widget_type=\"button.default\">\n\t\t\t\t\t\t\t\t\t\t<a class=\"elementor-button elementor-button-link elementor-size-sm\" href=\"https:\/\/www.savoiaterme.it\/de\/thermalbehandlungen-ohne-uebernachtung\/\">\n\t\t\t\t\t\t<span class=\"elementor-button-content-wrapper\">\n\t\t\t\t\t\t\t\t\t<span class=\"elementor-button-text\">Behandlungen ohne station\u00e4ren Aufenthalt<\/span>\n\t\t\t\t\t<\/span>\n\t\t\t\t\t<\/a>\n\t\t\t\t\t\t\t\t<\/div>\n\t\t\t\t<\/div>\n\t\t<div class=\"elementor-element elementor-element-13c109e e-con-full e-flex e-con e-child\" data-id=\"13c109e\" data-element_type=\"container\" data-e-type=\"container\">\n\t\t<a class=\"elementor-element elementor-element-af654c9 e-con-full cont-foto-box e-flex e-con e-child\" data-id=\"af654c9\" data-element_type=\"container\" data-e-type=\"container\">\n\t\t\t\t<div class=\"elementor-element elementor-element-c303087 elementor-absolute testo-box-link elementor-widget-mobile__width-initial elementor-widget elementor-widget-text-editor\" data-id=\"c303087\" data-element_type=\"widget\" data-e-type=\"widget\" data-settings=\"{&quot;_position&quot;:&quot;absolute&quot;}\" data-widget_type=\"text-editor.default\">\n\t\t\t\t\t\t\t\t\t<p>Thermalbehandlungen ohne \u00dcbernachtung<\/p>\t\t\t\t\t\t\t\t<\/div>\n\t\t\t\t<div class=\"elementor-element elementor-element-e91f01a elementor-widget elementor-widget-image\" data-id=\"e91f01a\" data-element_type=\"widget\" data-e-type=\"widget\" data-widget_type=\"image.default\">\n\t\t\t\t\t\t\t\t\t\t\t\t\t\t\t<img loading=\"lazy\" decoding=\"async\" width=\"880\" height=\"770\" src=\"https:\/\/www.savoiaterme.it\/wp-content\/uploads\/2026\/07\/Rilassante-esperienza-in-piscina-termale-880x770.jpg\" class=\"attachment-box-link-foto size-box-link-foto wp-image-34329\" alt=\"Ein entspannendes Thermalbad und ein Cocktail.\" \/>\t\t\t\t\t\t\t\t\t\t\t\t\t\t\t<\/div>\n\t\t\t\t<\/a>\n\t\t\t\t<\/div>\n\t\t\t\t\t<\/div>\n\t\t\t\t<\/div>\n\t\t<div class=\"elementor-element elementor-element-15027a89 e-flex e-con-boxed e-con e-parent\" data-id=\"15027a89\" data-element_type=\"container\" data-e-type=\"container\" data-settings=\"{&quot;background_background&quot;:&quot;classic&quot;}\">\n\t\t\t\t\t<div class=\"e-con-inner\">\n\t\t<div class=\"elementor-element elementor-element-1cd64999 e-con-full e-flex e-con e-child\" data-id=\"1cd64999\" data-element_type=\"container\" data-e-type=\"container\">\n\t\t\t\t<div class=\"elementor-element elementor-element-b8780b6 elementor-widget elementor-widget-image\" data-id=\"b8780b6\" data-element_type=\"widget\" data-e-type=\"widget\" data-widget_type=\"image.default\">\n\t\t\t\t\t\t\t\t\t\t\t\t\t\t\t<img loading=\"lazy\" decoding=\"async\" width=\"122\" height=\"28\" src=\"https:\/\/www.savoiaterme.it\/wp-content\/uploads\/2026\/03\/savoia-pattern.png\" class=\"attachment-large size-large wp-image-32283\" alt=\"\" \/>\t\t\t\t\t\t\t\t\t\t\t\t\t\t\t<\/div>\n\t\t\t\t<div class=\"elementor-element elementor-element-5f189cb4 size-42 elementor-widget elementor-widget-heading\" data-id=\"5f189cb4\" data-element_type=\"widget\" data-e-type=\"widget\" data-widget_type=\"heading.default\">\n\t\t\t\t\t<h2 class=\"elementor-heading-title elementor-size-default\">Die h\u00e4ufigsten Fragen<\/h2>\t\t\t\t<\/div>\n\t\t\t\t<div class=\"elementor-element elementor-element-7698dd9f elementor-widget__width-initial mb-0 elementor-widget elementor-widget-text-editor\" data-id=\"7698dd9f\" data-element_type=\"widget\" data-e-type=\"widget\" data-widget_type=\"text-editor.default\">\n\t\t\t\t\t\t\t\t\t<p>Machen Sie Ihre <strong>Reise<\/strong> mit einer <strong>ma\u00dfgeschneiderten<\/strong> \u00dcberraschung <strong>zu etwas ganz Besonderem<\/strong>: eine liebevolle Geste, ein spektakul\u00e4res Detail oder ein Moment, der ganz Ihrem Partner gewidmet ist.<\/p>\t\t\t\t\t\t\t\t<\/div>\n\t\t\t\t<div class=\"elementor-element elementor-element-683009b4 elementor-widget__width-inherit faq-camere elementor-widget elementor-widget-shortcode\" data-id=\"683009b4\" data-element_type=\"widget\" data-e-type=\"widget\" data-widget_type=\"shortcode.default\">\n\t\t\t\t\t\t\t<div class=\"elementor-shortcode\"><div class=\"faq-container\"><div class=\"faq-category-or-spa\"><h2 class=\"faq-category-title-or\">Kurg\u00e4nge<\/h2><div class=\"faq-accordion-or\">\n                <div class=\"accordion-or\">\n                    <div class=\"accordion-header-or\">\n                        <span class=\"accordion-question-or\">Wo befindet sich das Spa und wann ist es ge\u00f6ffnet?<\/span>\n                        <span class=\"accordion-icon-or\"><svg fill=\"#39414D\" xmlns=\"http:\/\/www.w3.org\/2000\/svg\" width=\"24\" height=\"24\" viewBox=\"0 0 24 24\"><path fill=\"none\" d=\"M0,0h24v24H0V0z\"><\/path><path d=\"M12,2C6.48,2,2,6.48,2,12s4.48,10,10,10s10-4.48,10-10S17.52,2,12,2z M17,13h-4v4h-2v-4H7v-2h4V7h2v4h4V13z\"><\/path><\/svg><\/span> <!-- Icona SVG o simbolo -->\n                    <\/div>\n                    <div class=\"accordion-content-or\">\n                        <p>Es befindet sich im Erdgeschoss und ist mit den entsprechenden Aufz\u00fcgen bequem zu erreichen. \u00d6ffnungszeiten: jeden Tag, am Morgen.<\/p>\n                    <\/div>\n                <\/div>\n                \n                <div class=\"accordion-or\">\n                    <div class=\"accordion-header-or\">\n                        <span class=\"accordion-question-or\">Wo befinden sich die Thermalbecken des Hotels und wann sind sie ge\u00f6ffnet?<\/span>\n                        <span class=\"accordion-icon-or\"><svg fill=\"#39414D\" xmlns=\"http:\/\/www.w3.org\/2000\/svg\" width=\"24\" height=\"24\" viewBox=\"0 0 24 24\"><path fill=\"none\" d=\"M0,0h24v24H0V0z\"><\/path><path d=\"M12,2C6.48,2,2,6.48,2,12s4.48,10,10,10s10-4.48,10-10S17.52,2,12,2z M17,13h-4v4h-2v-4H7v-2h4V7h2v4h4V13z\"><\/path><\/svg><\/span> <!-- Icona SVG o simbolo -->\n                    <\/div>\n                    <div class=\"accordion-content-or\">\n                        <p>Sie befinden sich im Erdgeschoss und sind mit den entsprechenden Aufz\u00fcgen bequem zu erreichen. Sie sind t\u00e4glich von 8:00 bis 23:00 Uhr ge\u00f6ffnet. Wir bieten Ihnen drei herrliche Pools: THERMAE, den warmen Innenpool, und AURUM, den warmen Au\u00dfenpool, die miteinander verbunden sind und \u00fcber Thermalwasser mit einer Temperatur von 34-36\u00b0C (32-34\u00b0C in den Sommermonaten) verf\u00fcgen, sowie einen dritten Pool, GLACIA, den k\u00fchlen Au\u00dfenpool mit Thermalwasser von 27-29\u00b0C. Unsere Thermalb\u00e4der haben eine wertvolle therapeutische Wirkung, daher empfehlen wir Ihnen, sie jeweils nur f\u00fcr kurze Zeit zu nutzen.<\/p>\n                    <\/div>\n                <\/div>\n                \n                <div class=\"accordion-or\">\n                    <div class=\"accordion-header-or\">\n                        <span class=\"accordion-question-or\">Welche Kuranwendungen gibt es im Hotel Savoia Therm\u00e6 &amp; Spa und wie kann ich sie auf Rezept in Anspruch nehmen?<\/span>\n                        <span class=\"accordion-icon-or\"><svg fill=\"#39414D\" xmlns=\"http:\/\/www.w3.org\/2000\/svg\" width=\"24\" height=\"24\" viewBox=\"0 0 24 24\"><path fill=\"none\" d=\"M0,0h24v24H0V0z\"><\/path><path d=\"M12,2C6.48,2,2,6.48,2,12s4.48,10,10,10s10-4.48,10-10S17.52,2,12,2z M17,13h-4v4h-2v-4H7v-2h4V7h2v4h4V13z\"><\/path><\/svg><\/span> <!-- Icona SVG o simbolo -->\n                    <\/div>\n                    <div class=\"accordion-content-or\">\n                        <p>Das italienische Gesundheitsministerium hat die wichtige therapeutische und rehabilitative Wirkung von Thermalbehandlungen bei zahlreichen Erkrankungen anerkannt und das Hotel Savoia Therm\u00e6 &amp; Spa mit der Einstufung <b>Prima Categoria Super<\/b> ausgezeichnet.Zu den wichtigsten angebotenen Behandlungen geh\u00f6ren:<ul> <li><b>FANGOBEHANDLUNGEN + THERMALB\u00c4DER:<\/b> empfohlen bei Osteoarthrose, verbreiteter Arthrose, extraartikul\u00e4ren rheumatischen Erkrankungen und weiteren Beschwerden, die f\u00fcr eine Fango- und Thermalbadtherapie geeignet sind; <\/li><li><b>INHALATIONEN + AEROSOLBEHANDLUNGEN:<\/b> empfohlen bei Bronchitis, Rhinitis, Pharyngitis, Laryngitis, Sinusitis und weiteren Erkrankungen der Atemwege. <\/li><\/ul>Die konventionierten Thermalbehandlungen k\u00f6nnen <b>einmal pro Jahr<\/b> mit einer Verordnung des Hausarztes in Anspruch genommen werden. Die auf dem entsprechenden ASL-Formular ausgestellte Verordnung muss die Erkrankung, den verordneten Behandlungszyklus sowie den entsprechenden <b>nationalen Behandlungscode<\/b> eindeutig angeben:<ul> <li><b>89.90.2<\/b> f\u00fcr Fangobehandlungen + Thermalb\u00e4der; <\/li><li><b>89.91.2<\/b> f\u00fcr Inhalationstherapien. <\/li><\/ul>Pro Kalenderjahr wird nur ein Behandlungszyklus \u00fcbernommen, wahlweise <b>12 Fangobehandlungen + 12 therapeutische Thermalb\u00e4der<\/b> oder <b>12 Inhalationen + 12 Aerosolbehandlungen<\/b>.Die Verordnung ist f\u00fcr das laufende Kalenderjahr g\u00fcltig, und der Behandlungszyklus muss innerhalb eines Zeitraums von h\u00f6chstens <b>60 Tagen<\/b> abgeschlossen werden.Inhalationstherapien im Rahmen der ASL-Konvention sind ausschlie\u00dflich G\u00e4sten vorbehalten, die im Hotel Savoia Therm\u00e6 &amp; Spa \u00fcbernachten. Externe G\u00e4ste k\u00f6nnen Inhalationstherapien jedoch auch ohne ASL-Konvention in Anspruch nehmen. Der Preis betr\u00e4gt <b>10,00 \u20ac pro Behandlung<\/b> zuz\u00fcglich <b>36,00 \u20ac f\u00fcr die \u00e4rztliche Untersuchung<\/b>. Fangobehandlungen und Thermalb\u00e4der im Rahmen der ASL-Konvention stehen hingegen auch externen G\u00e4sten zur Verf\u00fcgung.Die ASL-Zuzahlung ist nicht im Paketpreis enthalten und betr\u00e4gt <b>55,00 \u20ac<\/b>, beziehungsweise <b>3,10 \u20ac<\/b> f\u00fcr Personen, die aus gesundheitlichen Gr\u00fcnden oder aufgrund von Alter und Einkommen von der Zuzahlung befreit sind.Zur Erg\u00e4nzung des Thermal- und Regenerationsprogramms stehen au\u00dferdem zus\u00e4tzliche Leistungen wie <b>Ozontherapie und Massagen<\/b> gegen Aufpreis zur Verf\u00fcgung.<\/p>\n                    <\/div>\n                <\/div>\n                \n                <div class=\"accordion-or\">\n                    <div class=\"accordion-header-or\">\n                        <span class=\"accordion-question-or\">Wo befindet sich THERMAE das Hallenbad und wie erreiche ich es?<\/span>\n                        <span class=\"accordion-icon-or\"><svg fill=\"#39414D\" xmlns=\"http:\/\/www.w3.org\/2000\/svg\" width=\"24\" height=\"24\" viewBox=\"0 0 24 24\"><path fill=\"none\" d=\"M0,0h24v24H0V0z\"><\/path><path d=\"M12,2C6.48,2,2,6.48,2,12s4.48,10,10,10s10-4.48,10-10S17.52,2,12,2z M17,13h-4v4h-2v-4H7v-2h4V7h2v4h4V13z\"><\/path><\/svg><\/span> <!-- Icona SVG o simbolo -->\n                    <\/div>\n                    <div class=\"accordion-content-or\">\n                        <p>THERMAE Unser einladendes Hallenbad befindet sich im Erdgeschoss, eingebettet im Herzen des Thermalzentrums. Gehen Sie von der Rezeption aus einfach in die Kurabteilung und folgen Sie dem Flur auf der linken Seite bis zum Ende: Dieser reizvolle Weg f\u00fchrt Sie direkt zur Entspannung der Pools und des Spas. Auf dem Weg, kurz bevor Sie in das warme Thermalwasser eintauchen, finden Sie auch unseren modernen Fitnessraum.<\/p>\n                    <\/div>\n                <\/div>\n                \n                <div class=\"accordion-or\">\n                    <div class=\"accordion-header-or\">\n                        <span class=\"accordion-question-or\">Ist der Zugang zu den Thermalb\u00e4dern f\u00fcr Tagesg\u00e4ste, die nur Fango-Anwendungen erhalten, inbegriffen?<\/span>\n                        <span class=\"accordion-icon-or\"><svg fill=\"#39414D\" xmlns=\"http:\/\/www.w3.org\/2000\/svg\" width=\"24\" height=\"24\" viewBox=\"0 0 24 24\"><path fill=\"none\" d=\"M0,0h24v24H0V0z\"><\/path><path d=\"M12,2C6.48,2,2,6.48,2,12s4.48,10,10,10s10-4.48,10-10S17.52,2,12,2z M17,13h-4v4h-2v-4H7v-2h4V7h2v4h4V13z\"><\/path><\/svg><\/span> <!-- Icona SVG o simbolo -->\n                    <\/div>\n                    <div class=\"accordion-content-or\">\n                        <p>F\u00fcr Tagesg\u00e4ste, die unser Haus ausschlie\u00dflich f\u00fcr Fango-Anwendungen w\u00e4hlen (ohne Hotelaufenthalt), ist der direkte Zugang zu den Thermalb\u00e4dern nicht inbegriffen. Wir haben jedoch einen speziellen Vorzugspreis von nur \u20ac 15 pro Person f\u00fcr Sie reserviert, mit dem Sie Ihre Entspannung verl\u00e4ngern k\u00f6nnen, indem Sie ganze 3 Stunden Zugang zu den spektakul\u00e4ren Thermalb\u00e4dern und dem SPA erhalten.<\/p>\n                    <\/div>\n                <\/div>\n                <\/div><\/div><\/div>\n\n\n<script>\n    document.addEventListener(\"DOMContentLoaded\", function() {\n        const accordions = document.querySelectorAll(\".accordion-or\");\n        accordions.forEach(accordion => {\n            accordion.querySelector(\".accordion-header-or\").addEventListener(\"click\", function() {\n                this.classList.toggle(\"active\");\n                const content = this.nextElementSibling;\n                if (content.style.display === \"block\") {\n                    content.style.display = \"none\";\n                } else {\n                    content.style.display = \"block\";\n                }\n            });\n        });\n    });\n<\/script>\n<style>\n\/* 27.0 FAQ OPEN ROSETTA *\/\n\n\n.faq-container {\n    display: flex;\n    flex-wrap: wrap;\n    gap: 20px;   \n}\n\n.faq-category-or {\n    width: calc(50% - 20px); \/* Due colonne *\/\n    margin-bottom: 20px;\n}\n\nh2.faq-category-title-or {\n    font-size: 30px;\n    border-bottom: 1px solid #86267A;\n    padding-bottom: 15px;\n    margin-bottom: 30px;\n    padding-top: 30px;\n}\n\n.accordion-or {\n    border: 1px solid #ccc; \/* Bordino attorno all'accordion *\/\n    border-radius: 2px;\n    margin-bottom: 10px;\n    overflow: hidden;\n}\n\n.accordion-header-or {\n    display: flex;\n    justify-content: space-between;\n    align-items: center;\n    padding: 10px;\n    background-color: #ffffff;\n    cursor: pointer;\n}\n\n.accordion-question-or {\n    text-align: left;\n    flex-grow: 1; \/* Occupa tutto lo spazio disponibile *\/\n    line-height: 1.8;\n    font-size: 1.2em;\n    font-family: 'Reem Kufi', sans-serif !important;\n    color: #39414D !important;\n}\n\n.accordion-icon-or {\n    font-size: 12px;\n    margin-left: 10px;\n    transform: rotate(0);\n    transition: transform 0.3s;\n}\n\n.accordion-or.active .accordion-icon-or {\n    transform: rotate(180deg); \/* Ruota l'icona quando attivo *\/\n}\n\n.accordion-content-or {\n    padding: 10px;\n    display: none;\n    border-top: 1px solid #ccc; \/* Bordino tra domanda e risposta *\/\n}\n\n.faq-category-or-spa{\n    width: 100%;\n}\n\n<\/style>\n<\/div>\n\t\t\t\t\t\t<\/div>\n\t\t\t\t<div class=\"elementor-element elementor-element-372e9bf0 elementor-widget elementor-widget-heading\" data-id=\"372e9bf0\" data-element_type=\"widget\" data-e-type=\"widget\" data-widget_type=\"heading.default\">\n\t\t\t\t\t<div class=\"elementor-heading-title elementor-size-default\"><a href=\"https:\/\/www.savoiaterme.it\/de\/faq\/\">Alle anzeigen<\/a><\/div>\t\t\t\t<\/div>\n\t\t\t\t<\/div>\n\t\t\t\t\t<\/div>\n\t\t\t\t<\/div>\n\t\t\t\t<\/div>\n\t\t","protected":false},"excerpt":{"rendered":"<p>Thermalbehandlungen im Rahmen der gesetzlichen Krankenversicherung: Was bedeutet das? Im Rahmen der vertraglich vereinbarten Kurbehandlungen haben Sie \u00fcber den Nationalen Gesundheitsdienst Anspruch auf eine Kurbehandlung pro Jahr, entsprechend den Anweisungen Ihres Hausarztes. Im Thermalzentrum des Hotels Savoia Therm\u00e6 &amp; Spa in Abano Terme k\u00f6nnen Sie die Ihnen verordnete Kur in einer einladenden Atmosph\u00e4re und unter [&hellip;]<\/p>\n","protected":false},"author":2,"featured_media":34019,"parent":0,"menu_order":175,"comment_status":"closed","ping_status":"closed","template":"","meta":{"_acf_changed":false,"footnotes":""},"class_list":["post-34324","page","type-page","status-publish","has-post-thumbnail","hentry"],"acf":[],"yoast_head":"<!-- This site is optimized with the Yoast SEO plugin v28.3 - https:\/\/yoast.com\/product\/yoast-seo-wordpress\/ -->\n<title>Vertraglich vereinbarte Kurbehandlungen | Hotel Savoia Therm\u00e6 &amp; Spa<\/title>\n<meta name=\"description\" content=\"Vom staatlichen Gesundheitsdienst (SSN) anerkannte Kurbehandlungen in Abano Terme, einschlie\u00dflich Schlamm- und Balneotherapie sowie Inhalationen auf \u00e4rztliche Verordnung. Buchen Sie Ihre Kur.\" \/>\n<meta name=\"robots\" content=\"index, follow, max-snippet:-1, max-image-preview:large, max-video-preview:-1\" \/>\n<link rel=\"canonical\" href=\"https:\/\/www.savoiaterme.it\/de\/vertraglich-abgedeckte-kurbehandlungen\/\" \/>\n<meta property=\"og:locale\" content=\"de_DE\" \/>\n<meta property=\"og:type\" content=\"article\" \/>\n<meta property=\"og:title\" content=\"Vertraglich vereinbarte Kurbehandlungen | Hotel Savoia Therm\u00e6 &amp; Spa\" \/>\n<meta property=\"og:description\" content=\"Vom staatlichen Gesundheitsdienst (SSN) anerkannte Kurbehandlungen in Abano Terme, einschlie\u00dflich Schlamm- und Balneotherapie sowie Inhalationen auf \u00e4rztliche Verordnung. Buchen Sie Ihre Kur.\" \/>\n<meta property=\"og:url\" content=\"https:\/\/www.savoiaterme.it\/de\/vertraglich-abgedeckte-kurbehandlungen\/\" \/>\n<meta property=\"og:site_name\" content=\"Hotel Savoia Therm\u00e6 &amp; Spa - 4 stelle - Abano Terme\" \/>\n<meta property=\"article:publisher\" content=\"https:\/\/www.facebook.com\/savoiaterme\/\" \/>\n<meta property=\"article:modified_time\" content=\"2026-08-31T13:04:51+00:00\" \/>\n<meta property=\"og:image\" content=\"https:\/\/www.savoiaterme.it\/wp-content\/uploads\/2026\/07\/Trattamento-spa-con-fango.jpg\" \/>\n\t<meta property=\"og:image:width\" content=\"2000\" \/>\n\t<meta property=\"og:image:height\" content=\"1333\" \/>\n\t<meta property=\"og:image:type\" content=\"image\/jpeg\" \/>\n<meta name=\"twitter:card\" content=\"summary_large_image\" \/>\n<meta name=\"twitter:label1\" content=\"Gesch\u00e4tzte Lesezeit\" \/>\n\t<meta name=\"twitter:data1\" content=\"9\u00a0Minuten\" \/>\n<script type=\"application\/ld+json\" class=\"yoast-schema-graph\">{\"@context\":\"https:\\\/\\\/schema.org\",\"@graph\":[{\"@type\":\"WebPage\",\"@id\":\"https:\\\/\\\/www.savoiaterme.it\\\/de\\\/vertraglich-abgedeckte-kurbehandlungen\\\/\",\"url\":\"https:\\\/\\\/www.savoiaterme.it\\\/de\\\/vertraglich-abgedeckte-kurbehandlungen\\\/\",\"name\":\"Vertraglich vereinbarte Kurbehandlungen | Hotel Savoia Therm\u00e6 & Spa\",\"isPartOf\":{\"@id\":\"https:\\\/\\\/www.savoiaterme.it\\\/de\\\/#website\"},\"primaryImageOfPage\":{\"@id\":\"https:\\\/\\\/www.savoiaterme.it\\\/de\\\/vertraglich-abgedeckte-kurbehandlungen\\\/#primaryimage\"},\"image\":{\"@id\":\"https:\\\/\\\/www.savoiaterme.it\\\/de\\\/vertraglich-abgedeckte-kurbehandlungen\\\/#primaryimage\"},\"thumbnailUrl\":\"https:\\\/\\\/www.savoiaterme.it\\\/wp-content\\\/uploads\\\/2026\\\/07\\\/Trattamento-spa-con-fango.jpg\",\"datePublished\":\"2026-02-27T09:58:15+00:00\",\"dateModified\":\"2026-08-31T13:04:51+00:00\",\"description\":\"Vom staatlichen Gesundheitsdienst (SSN) anerkannte Kurbehandlungen in Abano Terme, einschlie\u00dflich Schlamm- und Balneotherapie sowie Inhalationen auf \u00e4rztliche Verordnung. Buchen Sie Ihre Kur.\",\"breadcrumb\":{\"@id\":\"https:\\\/\\\/www.savoiaterme.it\\\/de\\\/vertraglich-abgedeckte-kurbehandlungen\\\/#breadcrumb\"},\"inLanguage\":\"de\",\"potentialAction\":[{\"@type\":\"ReadAction\",\"target\":[\"https:\\\/\\\/www.savoiaterme.it\\\/de\\\/vertraglich-abgedeckte-kurbehandlungen\\\/\"]}]},{\"@type\":\"ImageObject\",\"inLanguage\":\"de\",\"@id\":\"https:\\\/\\\/www.savoiaterme.it\\\/de\\\/vertraglich-abgedeckte-kurbehandlungen\\\/#primaryimage\",\"url\":\"https:\\\/\\\/www.savoiaterme.it\\\/wp-content\\\/uploads\\\/2026\\\/07\\\/Trattamento-spa-con-fango.jpg\",\"contentUrl\":\"https:\\\/\\\/www.savoiaterme.it\\\/wp-content\\\/uploads\\\/2026\\\/07\\\/Trattamento-spa-con-fango.jpg\",\"width\":2000,\"height\":1333,\"caption\":\"Thermalfango-Behandlung in Abano Terme\"},{\"@type\":\"BreadcrumbList\",\"@id\":\"https:\\\/\\\/www.savoiaterme.it\\\/de\\\/vertraglich-abgedeckte-kurbehandlungen\\\/#breadcrumb\",\"itemListElement\":[{\"@type\":\"ListItem\",\"position\":1,\"name\":\"Home\",\"item\":\"https:\\\/\\\/www.savoiaterme.it\\\/de\\\/\"},{\"@type\":\"ListItem\",\"position\":2,\"name\":\"Vertraglich abgedeckte Kurbehandlungen\"}]},{\"@type\":\"WebSite\",\"@id\":\"https:\\\/\\\/www.savoiaterme.it\\\/de\\\/#website\",\"url\":\"https:\\\/\\\/www.savoiaterme.it\\\/de\\\/\",\"name\":\"Hotel Savoia Therm\u00e6 & Spa - 4 stelle - Abano Terme\",\"description\":\"Hotel Savoia sorge ai piedi dei Colli Euganei. Uno dei pi\u00f9 affascinanti terme e Spa a 4 stelle nel cuore di Abano terme.\",\"publisher\":{\"@id\":\"https:\\\/\\\/www.savoiaterme.it\\\/de\\\/#organization\"},\"potentialAction\":[{\"@type\":\"SearchAction\",\"target\":{\"@type\":\"EntryPoint\",\"urlTemplate\":\"https:\\\/\\\/www.savoiaterme.it\\\/de\\\/?s={search_term_string}\"},\"query-input\":{\"@type\":\"PropertyValueSpecification\",\"valueRequired\":true,\"valueName\":\"search_term_string\"}}],\"inLanguage\":\"de\"},{\"@type\":\"Organization\",\"@id\":\"https:\\\/\\\/www.savoiaterme.it\\\/de\\\/#organization\",\"name\":\"Savoia Thermae & Spa\",\"url\":\"https:\\\/\\\/www.savoiaterme.it\\\/de\\\/\",\"logo\":{\"@type\":\"ImageObject\",\"inLanguage\":\"de\",\"@id\":\"https:\\\/\\\/www.savoiaterme.it\\\/de\\\/#\\\/schema\\\/logo\\\/image\\\/\",\"url\":\"https:\\\/\\\/www.savoiaterme.it\\\/wp-content\\\/uploads\\\/2026\\\/03\\\/Logo_Savoia_2026.svg\",\"contentUrl\":\"https:\\\/\\\/www.savoiaterme.it\\\/wp-content\\\/uploads\\\/2026\\\/03\\\/Logo_Savoia_2026.svg\",\"width\":218,\"height\":101,\"caption\":\"Savoia Thermae & Spa\"},\"image\":{\"@id\":\"https:\\\/\\\/www.savoiaterme.it\\\/de\\\/#\\\/schema\\\/logo\\\/image\\\/\"},\"sameAs\":[\"https:\\\/\\\/www.facebook.com\\\/savoiaterme\\\/\",\"https:\\\/\\\/www.instagram.com\\\/savoiatermeabano\\\/\"]}]}<\/script>\n<!-- \/ Yoast SEO plugin. -->","yoast_head_json":{"title":"Vertraglich vereinbarte Kurbehandlungen | Hotel Savoia Therm\u00e6 & Spa","description":"Vom staatlichen Gesundheitsdienst (SSN) anerkannte Kurbehandlungen in Abano Terme, einschlie\u00dflich Schlamm- und Balneotherapie sowie Inhalationen auf \u00e4rztliche Verordnung. Buchen Sie Ihre Kur.","robots":{"index":"index","follow":"follow","max-snippet":"max-snippet:-1","max-image-preview":"max-image-preview:large","max-video-preview":"max-video-preview:-1"},"canonical":"https:\/\/www.savoiaterme.it\/de\/vertraglich-abgedeckte-kurbehandlungen\/","og_locale":"de_DE","og_type":"article","og_title":"Vertraglich vereinbarte Kurbehandlungen | Hotel Savoia Therm\u00e6 & Spa","og_description":"Vom staatlichen Gesundheitsdienst (SSN) anerkannte Kurbehandlungen in Abano Terme, einschlie\u00dflich Schlamm- und Balneotherapie sowie Inhalationen auf \u00e4rztliche Verordnung. Buchen Sie Ihre Kur.","og_url":"https:\/\/www.savoiaterme.it\/de\/vertraglich-abgedeckte-kurbehandlungen\/","og_site_name":"Hotel Savoia Therm\u00e6 &amp; Spa - 4 stelle - Abano Terme","article_publisher":"https:\/\/www.facebook.com\/savoiaterme\/","article_modified_time":"2026-08-31T13:04:51+00:00","og_image":[{"width":2000,"height":1333,"url":"https:\/\/www.savoiaterme.it\/wp-content\/uploads\/2026\/07\/Trattamento-spa-con-fango.jpg","type":"image\/jpeg"}],"twitter_card":"summary_large_image","twitter_misc":{"Gesch\u00e4tzte Lesezeit":"9\u00a0Minuten"},"schema":{"@context":"https:\/\/schema.org","@graph":[{"@type":"WebPage","@id":"https:\/\/www.savoiaterme.it\/de\/vertraglich-abgedeckte-kurbehandlungen\/","url":"https:\/\/www.savoiaterme.it\/de\/vertraglich-abgedeckte-kurbehandlungen\/","name":"Vertraglich vereinbarte Kurbehandlungen | Hotel Savoia Therm\u00e6 & Spa","isPartOf":{"@id":"https:\/\/www.savoiaterme.it\/de\/#website"},"primaryImageOfPage":{"@id":"https:\/\/www.savoiaterme.it\/de\/vertraglich-abgedeckte-kurbehandlungen\/#primaryimage"},"image":{"@id":"https:\/\/www.savoiaterme.it\/de\/vertraglich-abgedeckte-kurbehandlungen\/#primaryimage"},"thumbnailUrl":"https:\/\/www.savoiaterme.it\/wp-content\/uploads\/2026\/07\/Trattamento-spa-con-fango.jpg","datePublished":"2026-02-27T09:58:15+00:00","dateModified":"2026-08-31T13:04:51+00:00","description":"Vom staatlichen Gesundheitsdienst (SSN) anerkannte Kurbehandlungen in Abano Terme, einschlie\u00dflich Schlamm- und Balneotherapie sowie Inhalationen auf \u00e4rztliche Verordnung. Buchen Sie Ihre Kur.","breadcrumb":{"@id":"https:\/\/www.savoiaterme.it\/de\/vertraglich-abgedeckte-kurbehandlungen\/#breadcrumb"},"inLanguage":"de","potentialAction":[{"@type":"ReadAction","target":["https:\/\/www.savoiaterme.it\/de\/vertraglich-abgedeckte-kurbehandlungen\/"]}]},{"@type":"ImageObject","inLanguage":"de","@id":"https:\/\/www.savoiaterme.it\/de\/vertraglich-abgedeckte-kurbehandlungen\/#primaryimage","url":"https:\/\/www.savoiaterme.it\/wp-content\/uploads\/2026\/07\/Trattamento-spa-con-fango.jpg","contentUrl":"https:\/\/www.savoiaterme.it\/wp-content\/uploads\/2026\/07\/Trattamento-spa-con-fango.jpg","width":2000,"height":1333,"caption":"Thermalfango-Behandlung in Abano Terme"},{"@type":"BreadcrumbList","@id":"https:\/\/www.savoiaterme.it\/de\/vertraglich-abgedeckte-kurbehandlungen\/#breadcrumb","itemListElement":[{"@type":"ListItem","position":1,"name":"Home","item":"https:\/\/www.savoiaterme.it\/de\/"},{"@type":"ListItem","position":2,"name":"Vertraglich abgedeckte Kurbehandlungen"}]},{"@type":"WebSite","@id":"https:\/\/www.savoiaterme.it\/de\/#website","url":"https:\/\/www.savoiaterme.it\/de\/","name":"Hotel Savoia Therm\u00e6 & Spa - 4 stelle - Abano Terme","description":"Hotel Savoia sorge ai piedi dei Colli Euganei. Uno dei pi\u00f9 affascinanti terme e Spa a 4 stelle nel cuore di Abano terme.","publisher":{"@id":"https:\/\/www.savoiaterme.it\/de\/#organization"},"potentialAction":[{"@type":"SearchAction","target":{"@type":"EntryPoint","urlTemplate":"https:\/\/www.savoiaterme.it\/de\/?s={search_term_string}"},"query-input":{"@type":"PropertyValueSpecification","valueRequired":true,"valueName":"search_term_string"}}],"inLanguage":"de"},{"@type":"Organization","@id":"https:\/\/www.savoiaterme.it\/de\/#organization","name":"Savoia Thermae & Spa","url":"https:\/\/www.savoiaterme.it\/de\/","logo":{"@type":"ImageObject","inLanguage":"de","@id":"https:\/\/www.savoiaterme.it\/de\/#\/schema\/logo\/image\/","url":"https:\/\/www.savoiaterme.it\/wp-content\/uploads\/2026\/03\/Logo_Savoia_2026.svg","contentUrl":"https:\/\/www.savoiaterme.it\/wp-content\/uploads\/2026\/03\/Logo_Savoia_2026.svg","width":218,"height":101,"caption":"Savoia Thermae & Spa"},"image":{"@id":"https:\/\/www.savoiaterme.it\/de\/#\/schema\/logo\/image\/"},"sameAs":["https:\/\/www.facebook.com\/savoiaterme\/","https:\/\/www.instagram.com\/savoiatermeabano\/"]}]}},"_links":{"self":[{"href":"https:\/\/www.savoiaterme.it\/de\/wp-json\/wp\/v2\/pages\/34324","targetHints":{"allow":["GET"]}}],"collection":[{"href":"https:\/\/www.savoiaterme.it\/de\/wp-json\/wp\/v2\/pages"}],"about":[{"href":"https:\/\/www.savoiaterme.it\/de\/wp-json\/wp\/v2\/types\/page"}],"author":[{"embeddable":true,"href":"https:\/\/www.savoiaterme.it\/de\/wp-json\/wp\/v2\/users\/2"}],"replies":[{"embeddable":true,"href":"https:\/\/www.savoiaterme.it\/de\/wp-json\/wp\/v2\/comments?post=34324"}],"version-history":[{"count":18,"href":"https:\/\/www.savoiaterme.it\/de\/wp-json\/wp\/v2\/pages\/34324\/revisions"}],"predecessor-version":[{"id":35934,"href":"https:\/\/www.savoiaterme.it\/de\/wp-json\/wp\/v2\/pages\/34324\/revisions\/35934"}],"wp:featuredmedia":[{"embeddable":true,"href":"https:\/\/www.savoiaterme.it\/de\/wp-json\/wp\/v2\/media\/34019"}],"wp:attachment":[{"href":"https:\/\/www.savoiaterme.it\/de\/wp-json\/wp\/v2\/media?parent=34324"}],"curies":[{"name":"wp","href":"https:\/\/api.w.org\/{rel}","templated":true}]}}