{"id":34414,"date":"2026-02-27T10:55:45","date_gmt":"2026-02-27T09:55:45","guid":{"rendered":"https:\/\/savoia.promoservicebeta.com\/inhalationstherapien\/"},"modified":"2026-07-21T16:46:30","modified_gmt":"2026-07-21T14:46:30","slug":"inhalationstherapien","status":"publish","type":"page","link":"https:\/\/www.savoiaterme.it\/de\/inhalationstherapien\/","title":{"rendered":"Inhalationstherapien"},"content":{"rendered":"\t\t<div data-elementor-type=\"wp-page\" data-elementor-id=\"34414\" class=\"elementor elementor-34414 elementor-353\" data-elementor-post-type=\"page\">\n\t\t\t\t<div class=\"elementor-element elementor-element-6e9e34f0 e-flex e-con-boxed e-con e-parent\" data-id=\"6e9e34f0\" data-element_type=\"container\" data-e-type=\"container\">\n\t\t\t\t\t<div class=\"e-con-inner\">\n\t\t\t\t<div class=\"elementor-element elementor-element-27258ab7 elementor-widget__width-inherit elementor-widget elementor-widget-heading\" data-id=\"27258ab7\" data-element_type=\"widget\" data-e-type=\"widget\" data-widget_type=\"heading.default\">\n\t\t\t\t\t<h2 class=\"elementor-heading-title elementor-size-default\">Thermalwasser und wohltuende D\u00e4mpfe f\u00fcr die Atemwege<\/h2>\t\t\t\t<\/div>\n\t\t\t\t<div class=\"elementor-element elementor-element-3a5cb728 elementor-widget__width-initial elementor-widget elementor-widget-text-editor\" data-id=\"3a5cb728\" data-element_type=\"widget\" data-e-type=\"widget\" data-widget_type=\"text-editor.default\">\n\t\t\t\t\t\t\t\t\t<p>Die<strong> Inhalationstherapien<\/strong> in unserem Hotel nutzen <strong>das salz-, brom- und jodhaltige Thermalwasser von Abano Terme<\/strong>, um das Wohlbefinden der Atemwege auf nat\u00fcrliche Weise zu f\u00f6rdern. Inhalationen, Aerosolbehandlungen und Nasenduschen sind im Rahmen von Behandlungsprogrammen bei <strong>Sinusitis, Rhinitis, Pharyngitis und Bronchitis<\/strong> angezeigt, eignen sich aber auch f\u00fcr alle, die besser atmen und sich vor den Auswirkungen von Smog, Rauch und Jahreszeitenwechseln sch\u00fctzen m\u00f6chten. Die Behandlungen sind f\u00fcr Erwachsene und Jugendliche geeignet und werden in einer <strong>professionellen und kontrollierten Umgebung<\/strong> durchgef\u00fchrt.  <\/p>\t\t\t\t\t\t\t\t<\/div>\n\t\t\t\t\t<\/div>\n\t\t\t\t<\/div>\n\t\t<div class=\"elementor-element elementor-element-171fefea e-flex e-con-boxed e-con e-parent\" data-id=\"171fefea\" data-element_type=\"container\" data-e-type=\"container\" data-settings=\"{&quot;background_background&quot;:&quot;classic&quot;}\">\n\t\t\t\t\t<div class=\"e-con-inner\">\n\t\t<div class=\"elementor-element elementor-element-6d87970d e-con-full e-flex e-con e-child\" data-id=\"6d87970d\" data-element_type=\"container\" data-e-type=\"container\">\n\t\t\t\t<div class=\"elementor-element elementor-element-1f51525a elementor-widget__width-initial elementor-absolute bkg-glass elementor-hidden-desktop elementor-hidden-laptop elementor-hidden-tablet elementor-hidden-mobile elementor-widget elementor-widget-heading\" data-id=\"1f51525a\" data-element_type=\"widget\" data-e-type=\"widget\" data-settings=\"{&quot;_position&quot;:&quot;absolute&quot;}\" data-widget_type=\"heading.default\">\n\t\t\t\t\t<div class=\"elementor-heading-title elementor-size-default\">GESUNDHEIT DER ATEMWEGE<\/div>\t\t\t\t<\/div>\n\t\t\t\t<div class=\"elementor-element elementor-element-eef9b44 elementor-pagination-position-inside carosello-vert elementor-widget elementor-widget-image-carousel\" data-id=\"eef9b44\" data-element_type=\"widget\" data-e-type=\"widget\" data-settings=\"{&quot;slides_to_show&quot;:&quot;1&quot;,&quot;navigation&quot;:&quot;dots&quot;,&quot;autoplay&quot;:&quot;yes&quot;,&quot;pause_on_hover&quot;:&quot;yes&quot;,&quot;pause_on_interaction&quot;:&quot;yes&quot;,&quot;autoplay_speed&quot;:5000,&quot;infinite&quot;:&quot;yes&quot;,&quot;effect&quot;:&quot;slide&quot;,&quot;speed&quot;:500}\" data-widget_type=\"image-carousel.default\">\n\t\t\t\t\t\t\t<div class=\"elementor-image-carousel-wrapper swiper\" role=\"region\" aria-roledescription=\"carousel\" aria-label=\"Carosello d&#039;immagini\" dir=\"ltr\">\n\t\t\t<div class=\"elementor-image-carousel swiper-wrapper swiper-image-stretch\" aria-live=\"off\">\n\t\t\t\t\t\t\t\t<div class=\"swiper-slide\" role=\"group\" aria-roledescription=\"slide\" aria-label=\"1 von 2\"><a data-elementor-open-lightbox=\"yes\" data-elementor-lightbox-slideshow=\"eef9b44\" data-elementor-lightbox-title=\"Thermalbehandlungen in der Savoia-Therme-Spa\" data-elementor-lightbox-description=\"Ein Moment der Entspannung mit Inhalationstherapien in der renommierten Savoia Therme &amp; Spa, die ein wohltuendes und luxuri\u00f6ses Erlebnis bietet.\" data-e-action-hash=\"#elementor-action%3Aaction%3Dlightbox%26settings%3DeyJpZCI6MzQ0MTgsInVybCI6Imh0dHBzOlwvXC93d3cuc2F2b2lhdGVybWUuaXRcL3dwLWNvbnRlbnRcL3VwbG9hZHNcLzIwMjZcLzA1XC9UcmF0dGFtZW50aS10ZXJtYWxpLWFsLVNhdm9pYS1UaGVybWUtU3BhLmpwZyIsInNsaWRlc2hvdyI6ImVlZjliNDQifQ%3D%3D\" href=\"https:\/\/www.savoiaterme.it\/wp-content\/uploads\/2026\/05\/Trattamenti-termali-al-Savoia-Therme-Spa.jpg\"><figure class=\"swiper-slide-inner\"><img decoding=\"async\" class=\"swiper-slide-image\" src=\"https:\/\/www.savoiaterme.it\/wp-content\/uploads\/2026\/05\/Trattamenti-termali-al-Savoia-Therme-Spa-800x952.jpg\" alt=\"Inhalationstherapie in der Savoia Therme.\" \/><\/figure><\/a><\/div><div class=\"swiper-slide\" role=\"group\" aria-roledescription=\"slide\" aria-label=\"2 von 2\"><a data-elementor-open-lightbox=\"yes\" data-elementor-lightbox-slideshow=\"eef9b44\" data-elementor-lightbox-title=\"Inhalationstherapie im Thermalbad\" data-elementor-lightbox-description=\"Ein Mann in einem wei\u00dfen Bademantel entspannt sich w\u00e4hrend einer Inhalationstherapie. Die friedliche Atmosph\u00e4re strahlt Ruhe und Wohlbefinden aus, wie sie f\u00fcr das Thermalzentrum charakteristisch sind. \" data-e-action-hash=\"#elementor-action%3Aaction%3Dlightbox%26settings%3DeyJpZCI6MzQ0MTksInVybCI6Imh0dHBzOlwvXC93d3cuc2F2b2lhdGVybWUuaXRcL3dwLWNvbnRlbnRcL3VwbG9hZHNcLzIwMjZcLzA1XC9UZXJhcGlhLWluYWxhdG9yaWEtaW4tc3BhLXRlcm1hbGUuanBnIiwic2xpZGVzaG93IjoiZWVmOWI0NCJ9\" href=\"https:\/\/www.savoiaterme.it\/wp-content\/uploads\/2026\/05\/Terapia-inalatoria-in-spa-termale.jpg\"><figure class=\"swiper-slide-inner\"><img decoding=\"async\" class=\"swiper-slide-image\" src=\"https:\/\/www.savoiaterme.it\/wp-content\/uploads\/2026\/05\/Terapia-inalatoria-in-spa-termale-800x952.jpg\" alt=\"Mann im Bademantel bei einer Inhalationstherapie\" \/><\/figure><\/a><\/div>\t\t\t<\/div>\n\t\t\t\t\t\t\t\n\t\t\t\t\t\t\t\t\t<div class=\"swiper-pagination\"><\/div>\n\t\t\t\t\t\t\t\t\t<\/div>\n\t\t\t\t\t\t<\/div>\n\t\t\t\t<\/div>\n\t\t<div class=\"elementor-element elementor-element-625ba41d e-con-full e-flex e-con e-child\" data-id=\"625ba41d\" data-element_type=\"container\" data-e-type=\"container\">\n\t\t\t\t<div class=\"elementor-element elementor-element-ebc51cb size-42 elementor-widget elementor-widget-heading\" data-id=\"ebc51cb\" data-element_type=\"widget\" data-e-type=\"widget\" data-widget_type=\"heading.default\">\n\t\t\t\t\t<h2 class=\"elementor-heading-title elementor-size-default\">Die Vorteile der Inhalationstherapie<\/h2>\t\t\t\t<\/div>\n\t\t\t\t<div class=\"elementor-element elementor-element-9c5cb63 elementor-widget elementor-widget-text-editor\" data-id=\"9c5cb63\" data-element_type=\"widget\" data-e-type=\"widget\" data-widget_type=\"text-editor.default\">\n\t\t\t\t\t\t\t\t\t<p>Inhalationsbehandlungen helfen, <strong>die Atemwege zu befreien<\/strong>, f\u00f6rdern die Verfl\u00fcssigung des Schleims und tragen dazu bei, <strong>die Atemwege<\/strong> vor \u00e4u\u00dferen Reizstoffen <strong>zu sch\u00fctzen<\/strong>.<\/p>\t\t\t\t\t\t\t\t<\/div>\n\t\t<div class=\"elementor-element elementor-element-1251b717 e-con-full e-flex e-con e-child\" data-id=\"1251b717\" data-element_type=\"container\" data-e-type=\"container\">\n\t\t\t\t<div class=\"elementor-element elementor-element-46d1add elementor-widget elementor-widget-heading\" data-id=\"46d1add\" data-element_type=\"widget\" data-e-type=\"widget\" data-widget_type=\"heading.default\">\n\t\t\t\t\t<p class=\"elementor-heading-title elementor-size-default\">Befreit Nase und Rachen<\/p>\t\t\t\t<\/div>\n\t\t\t\t<\/div>\n\t\t<div class=\"elementor-element elementor-element-34ab1976 e-con-full e-flex e-con e-child\" data-id=\"34ab1976\" data-element_type=\"container\" data-e-type=\"container\">\n\t\t\t\t<div class=\"elementor-element elementor-element-693c1184 elementor-widget elementor-widget-heading\" data-id=\"693c1184\" data-element_type=\"widget\" data-e-type=\"widget\" data-widget_type=\"heading.default\">\n\t\t\t\t\t<p class=\"elementor-heading-title elementor-size-default\">L\u00f6st \u00fcbersch\u00fcssigen Schleim auf<\/p>\t\t\t\t<\/div>\n\t\t\t\t<\/div>\n\t\t<div class=\"elementor-element elementor-element-1f5973c3 e-con-full e-flex e-con e-child\" data-id=\"1f5973c3\" data-element_type=\"container\" data-e-type=\"container\">\n\t\t\t\t<div class=\"elementor-element elementor-element-1817f4ce elementor-widget elementor-widget-heading\" data-id=\"1817f4ce\" data-element_type=\"widget\" data-e-type=\"widget\" data-widget_type=\"heading.default\">\n\t\t\t\t\t<p class=\"elementor-heading-title elementor-size-default\">Befreit von Verunreinigungen (Smog und Staub)<\/p>\t\t\t\t<\/div>\n\t\t\t\t<\/div>\n\t\t<div class=\"elementor-element elementor-element-ddd706d e-con-full e-flex e-con e-child\" data-id=\"ddd706d\" data-element_type=\"container\" data-e-type=\"container\">\n\t\t\t\t<div class=\"elementor-element elementor-element-d1e4d09 elementor-widget elementor-widget-heading\" data-id=\"d1e4d09\" data-element_type=\"widget\" data-e-type=\"widget\" data-widget_type=\"heading.default\">\n\t\t\t\t\t<p class=\"elementor-heading-title elementor-size-default\">Beugt saisonalen Erkrankungen vor<\/p>\t\t\t\t<\/div>\n\t\t\t\t<\/div>\n\t\t\t\t<div class=\"elementor-element elementor-element-7951bbb3 elementor-widget elementor-widget-button\" data-id=\"7951bbb3\" data-element_type=\"widget\" data-e-type=\"widget\" data-widget_type=\"button.default\">\n\t\t\t\t\t\t\t\t\t\t<a class=\"elementor-button elementor-button-link elementor-size-sm\" href=\"https:\/\/www.savoiaterme.it\/de\/durchsuchen-sie-das-spa-menue\/\" target=\"_blank\">\n\t\t\t\t\t\t<span class=\"elementor-button-content-wrapper\">\n\t\t\t\t\t\t\t\t\t<span class=\"elementor-button-text\">Entdecken Sie alle Behandlungen<\/span>\n\t\t\t\t\t<\/span>\n\t\t\t\t\t<\/a>\n\t\t\t\t\t\t\t\t<\/div>\n\t\t\t\t<\/div>\n\t\t\t\t\t<\/div>\n\t\t\t\t<\/div>\n\t\t<div class=\"elementor-element elementor-element-22cc9f44 e-flex e-con-boxed e-con e-parent\" data-id=\"22cc9f44\" data-element_type=\"container\" data-e-type=\"container\" data-settings=\"{&quot;background_background&quot;:&quot;classic&quot;}\">\n\t\t\t\t\t<div class=\"e-con-inner\">\n\t\t\t\t<div class=\"elementor-element elementor-element-5c1f803d elementor-widget elementor-widget-shortcode\" data-id=\"5c1f803d\" data-element_type=\"widget\" data-e-type=\"widget\" data-widget_type=\"shortcode.default\">\n\t\t\t\t\t\t\t<div class=\"elementor-shortcode\">    <div class=\"slider-container reverse-column\" id=\"slider-verticale-1\">\n        <div class=\"slides\">\n                                <div class=\"slide-item\">\n                        <h2 class=\"slide-title\">Thermal-Schlammtherapie<\/h2>\n                        <div class=\"slide-description\"><p>Die Thermal-Schlammtherapie nutzt die Eigenschaften des Wassers und der gereiften Schlamme aus Abano, um <strong>das Wohlbefinden der Gelenke zu f\u00f6rdern<\/strong> und <strong>Verspannungen sowie Steifheit<\/strong> zu <strong>lindern<\/strong>.<\/p>\n<\/div>\n                                                <a href=\"https:\/\/www.savoiaterme.it\/de\/schlammbehandlungen-und-thermalbaeder\/\" class=\"slide-button\">\n                            Erfahren Sie mehr                        <\/a>\n                                                                            <div class=\"slide-mobile-media slide-image-wrapper\">\n                                                                                                            <a href=\"https:\/\/www.savoiaterme.it\/de\/schlammbehandlungen-und-thermalbaeder\/\">\n                                            <img decoding=\"async\" src=\"https:\/\/www.savoiaterme.it\/wp-content\/uploads\/2026\/05\/Trattamento-termale-rigenerante-allHotel-Savoia-Therme-Spa.jpg\" alt=\"Uomo in fangoterapia rilassante in spa\" class=\"slide-mobile-image\">\n                                        <\/a>\n                                                                                                                                        <span class=\"slide-mobile-image-cta\">Vorteile und Wohlbefinden<\/span>\n                                                            <\/div>\n                                                \n                    <\/div>\n                                    <div class=\"slide-item\">\n                        <h2 class=\"slide-title\">Rehabilitationsbehandlungen im Thermalwasser<\/h2>\n                        <div class=\"slide-description\"><p>Das Thermalwasser schafft ideale Bedingungen f\u00fcr <strong>Rehabilitations\u00fcbungen und die Wiederherstellung der Bewegungsf\u00e4higkeit, da<\/strong> es die Bewegungsabl\u00e4ufe unterst\u00fctzt und die Belastung der <strong>Gelenke<\/strong> verringert.<\/p>\n<\/div>\n                                                <a href=\"https:\/\/www.savoiaterme.it\/de\/rehabilitation-und-hydrokinesi\/\" class=\"slide-button\">\n                            Erfahren Sie mehr                        <\/a>\n                                                                            <div class=\"slide-mobile-media slide-video\">\n                                                                                                            <a href=\"https:\/\/www.savoiaterme.it\/de\/rehabilitation-und-hydrokinesi\/\">\n                                            <video class=\"slide-html5-video\" muted loop autoplay playsinline webkit-playsinline preload=\"metadata\" poster=\"https:\/\/www.savoiaterme.it\/wp-content\/uploads\/2026\/05\/Terapia-acquatica-rilassante-in-piscina-termale.jpg\"><source src=\"https:\/\/www.savoiaterme.it\/wp-content\/uploads\/2026\/06\/Riabilitazione-termale-Savoia.mp4\" type=\"video\/mp4\"><\/video>                                        <\/a>\n                                                                                                                                        <span class=\"slide-mobile-image-cta\">Wirksame Behandlung<\/span>\n                                                            <\/div>\n                                                \n                    <\/div>\n                                    <\/div>\n        \n        <div class=\"slider-images\">\n                                <div class=\"slide-media-item slide-image-wrapper\" data-slide-index=\"0\">\n                                                                                <a href=\"https:\/\/www.savoiaterme.it\/de\/schlammbehandlungen-und-thermalbaeder\/\">\n                                <img decoding=\"async\" src=\"https:\/\/www.savoiaterme.it\/wp-content\/uploads\/2026\/05\/Trattamento-termale-rigenerante-allHotel-Savoia-Therme-Spa.jpg\" alt=\"Uomo in fangoterapia rilassante in spa\" class=\"slide-image\">\n                            <\/a>\n                                                                        <\/div>\n                                            <div class=\"slide-image-cta\" data-slide-index=\"0\">\n                            <span>Vorteile und Wohlbefinden<\/span>\n                        <\/div>\n                                                        <div class=\"slide-media-item slide-video\" data-slide-index=\"1\">\n                                                                                <a href=\"https:\/\/www.savoiaterme.it\/de\/rehabilitation-und-hydrokinesi\/\">\n                                <video class=\"slide-html5-video\" muted loop autoplay playsinline webkit-playsinline preload=\"metadata\" poster=\"https:\/\/www.savoiaterme.it\/wp-content\/uploads\/2026\/05\/Terapia-acquatica-rilassante-in-piscina-termale.jpg\"><source src=\"https:\/\/www.savoiaterme.it\/wp-content\/uploads\/2026\/06\/Riabilitazione-termale-Savoia.mp4\" type=\"video\/mp4\"><\/video>                            <\/a>\n                                                                        <\/div>\n                                            <div class=\"slide-image-cta\" data-slide-index=\"1\">\n                            <span>Wirksame Behandlung<\/span>\n                        <\/div>\n                                                        <\/div>\n    <\/div>\n<script>\ndocument.addEventListener('DOMContentLoaded', function() {\n    const sliderContainers = document.querySelectorAll('.slider-container');\n\n    sliderContainers.forEach(sliderContainer => {\n        if (sliderContainer.dataset.sliderInitialized === 'true') {\n            return;\n        }\n\n        sliderContainer.dataset.sliderInitialized = 'true';\n\n        const slides = sliderContainer.querySelectorAll('.slide-item');\n        const mediaItems = sliderContainer.querySelectorAll('.slide-media-item');\n        const mobileMediaItems = sliderContainer.querySelectorAll('.slide-mobile-media');\n        const imageCtas = sliderContainer.querySelectorAll('.slide-image-cta');\n\n        const pauseMediaItem = function(mediaItem) {\n            if (!mediaItem) {\n                return;\n            }\n\n            const iframe = mediaItem.querySelector('iframe[data-embed-src]');\n\n            if (iframe) {\n                iframe.setAttribute('src', '');\n            }\n\n            const video = mediaItem.querySelector('video');\n\n            if (video) {\n                video.pause();\n\n                try {\n                    video.currentTime = 0;\n                } catch (error) {\n                }\n            }\n        };\n\n        const playMediaItem = function(mediaItem) {\n            if (!mediaItem) {\n                return;\n            }\n\n            const iframe = mediaItem.querySelector('iframe[data-embed-src]');\n\n            if (iframe) {\n                const embedSrc = iframe.dataset.embedSrc || '';\n\n                if (embedSrc) {\n                    iframe.setAttribute('src', embedSrc);\n                }\n            }\n\n            const video = mediaItem.querySelector('video');\n\n            if (video) {\n                video.muted = true;\n                video.loop = true;\n                video.autoplay = true;\n                video.playsInline = true;\n\n                const playPromise = video.play();\n\n                if (playPromise && typeof playPromise.catch === 'function') {\n                    playPromise.catch(function() {});\n                }\n            }\n        };\n\n        const activateSlide = function(index) {\n            slides.forEach(s => s.classList.remove('active'));\n            mediaItems.forEach(function(mediaItem) {\n                mediaItem.classList.remove('active');\n                pauseMediaItem(mediaItem);\n            });\n            mobileMediaItems.forEach(function(mediaItem) {\n                mediaItem.classList.remove('active');\n                pauseMediaItem(mediaItem);\n            });\n            imageCtas.forEach(cta => cta.classList.remove('active'));\n\n            if (slides[index]) {\n                slides[index].classList.add('active');\n            }\n\n            const mediaItem = sliderContainer.querySelector('.slide-media-item[data-slide-index=\"' + index + '\"]');\n\n            if (mediaItem) {\n                mediaItem.classList.add('active');\n\n                if (mediaItem.offsetParent !== null) {\n                    playMediaItem(mediaItem);\n                }\n            }\n\n            const mobileMediaItem = slides[index] ? slides[index].querySelector('.slide-mobile-media') : null;\n\n            if (mobileMediaItem) {\n                mobileMediaItem.classList.add('active');\n\n                if (mobileMediaItem.offsetParent !== null) {\n                    playMediaItem(mobileMediaItem);\n                }\n            }\n\n            const imageCta = sliderContainer.querySelector('.slide-image-cta[data-slide-index=\"' + index + '\"]');\n\n            if (imageCta) {\n                imageCta.classList.add('active');\n            }\n        };\n\n        let initialIndex = 0;\n\n        if (mediaItems.length > 0) {\n            const firstMediaIndex = Number.parseInt(mediaItems[0].dataset.slideIndex || '0', 10);\n\n            if (!Number.isNaN(firstMediaIndex)) {\n                initialIndex = firstMediaIndex;\n            }\n        }\n\n        if (!slides[initialIndex] && slides[0]) {\n            initialIndex = 0;\n        }\n\n        activateSlide(initialIndex);\n\n        slides.forEach((slide, index) => {\n            slide.addEventListener('click', function() {\n                activateSlide(index);\n            });\n        });\n    });\n});\n<\/script>\n<\/div>\n\t\t\t\t\t\t<\/div>\n\t\t\t\t\t<\/div>\n\t\t\t\t<\/div>\n\t\t<div class=\"elementor-element elementor-element-59dd2c28 e-flex e-con-boxed e-con e-parent\" data-id=\"59dd2c28\" data-element_type=\"container\" data-e-type=\"container\" data-settings=\"{&quot;background_background&quot;:&quot;classic&quot;}\">\n\t\t\t\t\t<div class=\"e-con-inner\">\n\t\t<div class=\"elementor-element elementor-element-32c08189 e-con-full e-flex e-con e-child\" data-id=\"32c08189\" data-element_type=\"container\" data-e-type=\"container\">\n\t\t\t\t<div class=\"elementor-element elementor-element-6e8a8a6b elementor-widget elementor-widget-image\" data-id=\"6e8a8a6b\" data-element_type=\"widget\" data-e-type=\"widget\" data-widget_type=\"image.default\">\n\t\t\t\t\t\t\t\t\t\t\t\t\t\t\t<img decoding=\"async\" width=\"122\" height=\"28\" src=\"https:\/\/www.savoiaterme.it\/wp-content\/uploads\/2026\/03\/savoia-pattern.png\" class=\"attachment-large size-large wp-image-32283\" alt=\"\" \/>\t\t\t\t\t\t\t\t\t\t\t\t\t\t\t<\/div>\n\t\t\t\t<div class=\"elementor-element elementor-element-67b59d05 size-42 elementor-widget elementor-widget-heading\" data-id=\"67b59d05\" data-element_type=\"widget\" data-e-type=\"widget\" data-widget_type=\"heading.default\">\n\t\t\t\t\t<h2 class=\"elementor-heading-title elementor-size-default\">Die h\u00e4ufigsten Fragen<\/h2>\t\t\t\t<\/div>\n\t\t\t\t<div class=\"elementor-element elementor-element-6f1a0133 elementor-widget__width-inherit faq-camere elementor-widget elementor-widget-shortcode\" data-id=\"6f1a0133\" data-element_type=\"widget\" data-e-type=\"widget\" data-widget_type=\"shortcode.default\">\n\t\t\t\t\t\t\t<div class=\"elementor-shortcode\"><div class=\"faq-container\"><div class=\"faq-category-or-spa\"><h2 class=\"faq-category-title-or\">Inhalationstherapien<\/h2><div class=\"faq-accordion-or\">\n                <div class=\"accordion-or\">\n                    <div class=\"accordion-header-or\">\n                        <span class=\"accordion-question-or\">Wo befindet sich die Abteilung f\u00fcr Inhalationstherapie und wie sind die \u00d6ffnungszeiten?<\/span>\n                        <span class=\"accordion-icon-or\"><svg fill=\"#39414D\" xmlns=\"http:\/\/www.w3.org\/2000\/svg\" width=\"24\" height=\"24\" viewBox=\"0 0 24 24\"><path fill=\"none\" d=\"M0,0h24v24H0V0z\"><\/path><path d=\"M12,2C6.48,2,2,6.48,2,12s4.48,10,10,10s10-4.48,10-10S17.52,2,12,2z M17,13h-4v4h-2v-4H7v-2h4V7h2v4h4V13z\"><\/path><\/svg><\/span> <!-- Icona SVG o simbolo -->\n                    <\/div>\n                    <div class=\"accordion-content-or\">\n                        <p>Es befindet sich in der Beauty Farm (erster Stock) und ist mit den entsprechenden Aufz\u00fcgen bequem zu erreichen. Es ist t\u00e4glich von 8:00 bis 12:30 Uhr und von 14:30 bis 18:00 Uhr ge\u00f6ffnet. Wir m\u00f6chten dich daran erinnern, dass f\u00fcr Inhalationsbehandlungen eine Reservierung erforderlich ist.<\/p>\n                    <\/div>\n                <\/div>\n                \n                <div class=\"accordion-or\">\n                    <div class=\"accordion-header-or\">\n                        <span class=\"accordion-question-or\">Arbeitet das Hotel Savoia Therm\u00e6 &amp; Spa mit der ASL f\u00fcr Kuranwendungen zusammen? Welche Therapien sind inbegriffen und wie hoch ist die Rezeptgeb\u00fchr (Ticket)?<\/span>\n                        <span class=\"accordion-icon-or\"><svg fill=\"#39414D\" xmlns=\"http:\/\/www.w3.org\/2000\/svg\" width=\"24\" height=\"24\" viewBox=\"0 0 24 24\"><path fill=\"none\" d=\"M0,0h24v24H0V0z\"><\/path><path d=\"M12,2C6.48,2,2,6.48,2,12s4.48,10,10,10s10-4.48,10-10S17.52,2,12,2z M17,13h-4v4h-2v-4H7v-2h4V7h2v4h4V13z\"><\/path><\/svg><\/span> <!-- Icona SVG o simbolo -->\n                    <\/div>\n                    <div class=\"accordion-content-or\">\n                        <p>Ja, das Hotel Savoia Therm\u00e6 &amp; Spa f\u00fchrt die lange Thermaltradition von Abano fort und ist f\u00fcr Inhalationstherapien, Fangobehandlungen und therapeutische Thermalb\u00e4der vollst\u00e4ndig mit der ASL konventioniert. Um die Behandlungen im Rahmen der ASL-Konvention in Anspruch nehmen zu k\u00f6nnen, muss die Verordnung des Hausarztes die Therapie, die Anzahl der Behandlungen, die spezifische Erkrankung sowie den entsprechenden <b>nationalen Behandlungscode<\/b> eindeutig angeben: <ul> <li><b>89.90.2<\/b> f\u00fcr Fango + Thermalb\u00e4der, bei Arthrose, Osteoporose oder extraartikul\u00e4ren rheumatischen Erkrankungen; <\/li><li><b>89.91.2<\/b> f\u00fcr Inhalationstherapien, bei Bronchitis, Rhinitis, Pharyngitis, Laryngitis oder Sinusitis. <\/li><\/ul>Die Konvention deckt <b>einen einzigen Behandlungszyklus pro Kalenderjahr<\/b> ab. Zur Wahl stehen <b>12 Fangobehandlungen und\/oder Thermalb\u00e4der<\/b> oder <b>12 Inhalationen + 12 Aerosolbehandlungen<\/b>. Inhalationstherapien im Rahmen der ASL-Konvention sind ausschlie\u00dflich Hotelg\u00e4sten vorbehalten. Externe G\u00e4ste k\u00f6nnen Inhalationstherapien jedoch auch ohne ASL-Konvention in Anspruch nehmen. Der Preis betr\u00e4gt <b>10,00 \u20ac pro Behandlung<\/b> zuz\u00fcglich <b>36,00 \u20ac f\u00fcr die \u00e4rztliche Untersuchung<\/b>. Fangobehandlungen und Thermalb\u00e4der im Rahmen der ASL-Konvention stehen hingegen auch externen G\u00e4sten zur Verf\u00fcgung. Die ASL-Zuzahlung betr\u00e4gt <b>55,00 \u20ac<\/b> und reduziert sich auf <b>3,10 \u20ac<\/b> f\u00fcr G\u00e4ste, die aufgrund von Alter und Einkommen oder aus gesundheitlichen Gr\u00fcnden von der Zuzahlung befreit sind.<\/p>\n                    <\/div>\n                <\/div>\n                \n                <div class=\"accordion-or\">\n                    <div class=\"accordion-header-or\">\n                        <span class=\"accordion-question-or\">Wo und wann kann ich den Hotelarzt finden?<\/span>\n                        <span class=\"accordion-icon-or\"><svg fill=\"#39414D\" xmlns=\"http:\/\/www.w3.org\/2000\/svg\" width=\"24\" height=\"24\" viewBox=\"0 0 24 24\"><path fill=\"none\" d=\"M0,0h24v24H0V0z\"><\/path><path d=\"M12,2C6.48,2,2,6.48,2,12s4.48,10,10,10s10-4.48,10-10S17.52,2,12,2z M17,13h-4v4h-2v-4H7v-2h4V7h2v4h4V13z\"><\/path><\/svg><\/span> <!-- Icona SVG o simbolo -->\n                    <\/div>\n                    <div class=\"accordion-content-or\">\n                        <p>Um Ihr Kurprogramm in aller Ruhe zu beginnen, empf\u00e4ngt Sie der \u00e4rztliche Leiter des Hauses jeden Morgen in der Arztpraxis im ersten Stock (Zimmer Nr. 11). F\u00fcr die genauen \u00d6ffnungszeiten oder andere Anliegen steht Ihnen unser Rezeptionsteam mit der gewohnt herzlichen Gastfreundschaft jederzeit gerne zur Verf\u00fcgung.<\/p>\n                    <\/div>\n                <\/div>\n                \n                <div class=\"accordion-or\">\n                    <div class=\"accordion-header-or\">\n                        <span class=\"accordion-question-or\">Welche Krankheiten k\u00f6nnen in Ihrer Therme behandelt werden?<\/span>\n                        <span class=\"accordion-icon-or\"><svg fill=\"#39414D\" xmlns=\"http:\/\/www.w3.org\/2000\/svg\" width=\"24\" height=\"24\" viewBox=\"0 0 24 24\"><path fill=\"none\" d=\"M0,0h24v24H0V0z\"><\/path><path d=\"M12,2C6.48,2,2,6.48,2,12s4.48,10,10,10s10-4.48,10-10S17.52,2,12,2z M17,13h-4v4h-2v-4H7v-2h4V7h2v4h4V13z\"><\/path><\/svg><\/span> <!-- Icona SVG o simbolo -->\n                    <\/div>\n                    <div class=\"accordion-content-or\">\n                        <p>Unsere reiche Kurtradition verbindet sich mit der medizinischen Wissenschaft, um Ihnen nachhaltiges Wohlbefinden zu schenken. Klicken Sie auf den folgenden Link, um den <a href=\"https:\/\/www.savoiaterme.it\/wp-content\/uploads\/2021\/10\/GUIDA-ALLA-PRESCRIZIONE-DELLE-CURE-TERMALI_ita.pdf\" target=\"_blank\">Leitfaden f\u00fcr die Verschreibung<\/a> einzusehen und zu erfahren, welche Krankheiten im Thermalbad behandelt werden k\u00f6nnen.<\/p>\n                    <\/div>\n                <\/div>\n                \n                <div class=\"accordion-or\">\n                    <div class=\"accordion-header-or\">\n                        <span class=\"accordion-question-or\">Wo befinden sich die Abteilungen f\u00fcr Massagen, Anwendungen und Kuren im Hotel?<\/span>\n                        <span class=\"accordion-icon-or\"><svg fill=\"#39414D\" xmlns=\"http:\/\/www.w3.org\/2000\/svg\" width=\"24\" height=\"24\" viewBox=\"0 0 24 24\"><path fill=\"none\" d=\"M0,0h24v24H0V0z\"><\/path><path d=\"M12,2C6.48,2,2,6.48,2,12s4.48,10,10,10s10-4.48,10-10S17.52,2,12,2z M17,13h-4v4h-2v-4H7v-2h4V7h2v4h4V13z\"><\/path><\/svg><\/span> <!-- Icona SVG o simbolo -->\n                    <\/div>\n                    <div class=\"accordion-content-or\">\n                        <p>Die Bereiche unseres Hauses sind so organisiert, dass sie Ihnen einen flie\u00dfenden und eleganten Ablauf bieten. Im ersten Stock erwartet Sie die exklusive Beauty Farm \u2013 eine Oase f\u00fcr Massagen, Sch\u00f6nheitsanwendungen und K\u00f6rperwohlbefinden, in der sich auch die moderne Inhalationsabteilung befindet. Im Erdgeschoss hingegen liegen die Kurabteilung f\u00fcr die Fango-Balneotherapie, der gut ausgestattete Fitnessraum, der SPA-Bereich und die malerischen Thermalb\u00e4der. Lassen Sie sich inspirieren und planen Sie Ihre Verw\u00f6hnmomente mit unserem SPA-Men\u00fc, das Sie hier finden: <a href=\"https:\/\/www.savoiaterme.it\/it\/spa-menu\/.\" target=\"_blank\">SPA Men\u00f9<\/a><\/p>\n                    <\/div>\n                <\/div>\n                <\/div><\/div><\/div>\n\n\n<script>\n    document.addEventListener(\"DOMContentLoaded\", function() {\n        const accordions = document.querySelectorAll(\".accordion-or\");\n        accordions.forEach(accordion => {\n            accordion.querySelector(\".accordion-header-or\").addEventListener(\"click\", function() {\n                this.classList.toggle(\"active\");\n                const content = this.nextElementSibling;\n                if (content.style.display === \"block\") {\n                    content.style.display = \"none\";\n                } else {\n                    content.style.display = \"block\";\n                }\n            });\n        });\n    });\n<\/script>\n<style>\n\/* 27.0 FAQ OPEN ROSETTA *\/\n\n\n.faq-container {\n    display: flex;\n    flex-wrap: wrap;\n    gap: 20px;   \n}\n\n.faq-category-or {\n    width: calc(50% - 20px); \/* Due colonne *\/\n    margin-bottom: 20px;\n}\n\nh2.faq-category-title-or {\n    font-size: 30px;\n    border-bottom: 1px solid #86267A;\n    padding-bottom: 15px;\n    margin-bottom: 30px;\n    padding-top: 30px;\n}\n\n.accordion-or {\n    border: 1px solid #ccc; \/* Bordino attorno all'accordion *\/\n    border-radius: 2px;\n    margin-bottom: 10px;\n    overflow: hidden;\n}\n\n.accordion-header-or {\n    display: flex;\n    justify-content: space-between;\n    align-items: center;\n    padding: 10px;\n    background-color: #ffffff;\n    cursor: pointer;\n}\n\n.accordion-question-or {\n    text-align: left;\n    flex-grow: 1; \/* Occupa tutto lo spazio disponibile *\/\n    line-height: 1.8;\n    font-size: 1.2em;\n    font-family: 'Reem Kufi', sans-serif !important;\n    color: #39414D !important;\n}\n\n.accordion-icon-or {\n    font-size: 12px;\n    margin-left: 10px;\n    transform: rotate(0);\n    transition: transform 0.3s;\n}\n\n.accordion-or.active .accordion-icon-or {\n    transform: rotate(180deg); \/* Ruota l'icona quando attivo *\/\n}\n\n.accordion-content-or {\n    padding: 10px;\n    display: none;\n    border-top: 1px solid #ccc; \/* Bordino tra domanda e risposta *\/\n}\n\n.faq-category-or-spa{\n    width: 100%;\n}\n\n<\/style>\n<\/div>\n\t\t\t\t\t\t<\/div>\n\t\t\t\t<div class=\"elementor-element elementor-element-7ac3a8c4 elementor-widget elementor-widget-heading\" data-id=\"7ac3a8c4\" data-element_type=\"widget\" data-e-type=\"widget\" data-widget_type=\"heading.default\">\n\t\t\t\t\t<div class=\"elementor-heading-title elementor-size-default\"><a href=\"https:\/\/www.savoiaterme.it\/de\/faq\/\">Alle anzeigen<\/a><\/div>\t\t\t\t<\/div>\n\t\t\t\t<\/div>\n\t\t\t\t\t<\/div>\n\t\t\t\t<\/div>\n\t\t\t\t<\/div>\n\t\t","protected":false},"excerpt":{"rendered":"<p>Thermalwasser und wohltuende D\u00e4mpfe f\u00fcr die Atemwege Die Inhalationstherapien in unserem Hotel nutzen das salz-, brom- und jodhaltige Thermalwasser von Abano Terme, um das Wohlbefinden der Atemwege auf nat\u00fcrliche Weise zu f\u00f6rdern. Inhalationen, Aerosolbehandlungen und Nasenduschen sind im Rahmen von Behandlungsprogrammen bei Sinusitis, Rhinitis, Pharyngitis und Bronchitis angezeigt, eignen sich aber auch f\u00fcr alle, die [&hellip;]<\/p>\n","protected":false},"author":2,"featured_media":34417,"parent":0,"menu_order":187,"comment_status":"closed","ping_status":"closed","template":"","meta":{"_acf_changed":false,"footnotes":""},"class_list":["post-34414","page","type-page","status-publish","has-post-thumbnail","hentry"],"acf":[],"yoast_head":"<!-- This site is optimized with the Yoast SEO plugin v28.3 - https:\/\/yoast.com\/product\/yoast-seo-wordpress\/ -->\n<title>Inhalationstherapien | Hotel Savoia Therm\u00e6 &amp; Spa<\/title>\n<meta name=\"description\" content=\"Inhalationstherapien in Abano Terme mit Salz-Brom-Jod-Wasser bei Sinusitis, Bronchitis und Rhinitis.\" \/>\n<meta name=\"robots\" content=\"index, follow, max-snippet:-1, max-image-preview:large, max-video-preview:-1\" \/>\n<link rel=\"canonical\" href=\"https:\/\/www.savoiaterme.it\/de\/inhalationstherapien\/\" \/>\n<meta property=\"og:locale\" content=\"de_DE\" \/>\n<meta property=\"og:type\" content=\"article\" \/>\n<meta property=\"og:title\" content=\"Inhalationstherapien | Hotel Savoia Therm\u00e6 &amp; Spa\" \/>\n<meta property=\"og:description\" content=\"Inhalationstherapien in Abano Terme mit Salz-Brom-Jod-Wasser bei Sinusitis, Bronchitis und Rhinitis.\" \/>\n<meta property=\"og:url\" content=\"https:\/\/www.savoiaterme.it\/de\/inhalationstherapien\/\" \/>\n<meta property=\"og:site_name\" content=\"Hotel Savoia Therm\u00e6 &amp; Spa - 4 stelle - Abano Terme\" \/>\n<meta property=\"article:publisher\" content=\"https:\/\/www.facebook.com\/savoiaterme\/\" \/>\n<meta property=\"article:modified_time\" content=\"2026-07-21T14:46:30+00:00\" \/>\n<meta property=\"og:image\" content=\"https:\/\/www.savoiaterme.it\/wp-content\/uploads\/2026\/05\/Sessione-di-inalazioni-termali-allHotel-Savoia-Therme-Spa.jpg\" \/>\n\t<meta property=\"og:image:width\" content=\"1620\" \/>\n\t<meta property=\"og:image:height\" content=\"1080\" \/>\n\t<meta property=\"og:image:type\" content=\"image\/jpeg\" \/>\n<meta name=\"twitter:card\" content=\"summary_large_image\" \/>\n<meta name=\"twitter:label1\" content=\"Gesch\u00e4tzte Lesezeit\" \/>\n\t<meta name=\"twitter:data1\" content=\"5\u00a0Minuten\" \/>\n<script type=\"application\/ld+json\" class=\"yoast-schema-graph\">{\"@context\":\"https:\\\/\\\/schema.org\",\"@graph\":[{\"@type\":\"WebPage\",\"@id\":\"https:\\\/\\\/www.savoiaterme.it\\\/de\\\/inhalationstherapien\\\/\",\"url\":\"https:\\\/\\\/www.savoiaterme.it\\\/de\\\/inhalationstherapien\\\/\",\"name\":\"Inhalationstherapien | Hotel Savoia Therm\u00e6 & Spa\",\"isPartOf\":{\"@id\":\"https:\\\/\\\/www.savoiaterme.it\\\/de\\\/#website\"},\"primaryImageOfPage\":{\"@id\":\"https:\\\/\\\/www.savoiaterme.it\\\/de\\\/inhalationstherapien\\\/#primaryimage\"},\"image\":{\"@id\":\"https:\\\/\\\/www.savoiaterme.it\\\/de\\\/inhalationstherapien\\\/#primaryimage\"},\"thumbnailUrl\":\"https:\\\/\\\/www.savoiaterme.it\\\/wp-content\\\/uploads\\\/2026\\\/05\\\/Sessione-di-inalazioni-termali-allHotel-Savoia-Therme-Spa.jpg\",\"datePublished\":\"2026-02-27T09:55:45+00:00\",\"dateModified\":\"2026-07-21T14:46:30+00:00\",\"description\":\"Inhalationstherapien in Abano Terme mit Salz-Brom-Jod-Wasser bei Sinusitis, Bronchitis und Rhinitis.\",\"breadcrumb\":{\"@id\":\"https:\\\/\\\/www.savoiaterme.it\\\/de\\\/inhalationstherapien\\\/#breadcrumb\"},\"inLanguage\":\"de\",\"potentialAction\":[{\"@type\":\"ReadAction\",\"target\":[\"https:\\\/\\\/www.savoiaterme.it\\\/de\\\/inhalationstherapien\\\/\"]}]},{\"@type\":\"ImageObject\",\"inLanguage\":\"de\",\"@id\":\"https:\\\/\\\/www.savoiaterme.it\\\/de\\\/inhalationstherapien\\\/#primaryimage\",\"url\":\"https:\\\/\\\/www.savoiaterme.it\\\/wp-content\\\/uploads\\\/2026\\\/05\\\/Sessione-di-inalazioni-termali-allHotel-Savoia-Therme-Spa.jpg\",\"contentUrl\":\"https:\\\/\\\/www.savoiaterme.it\\\/wp-content\\\/uploads\\\/2026\\\/05\\\/Sessione-di-inalazioni-termali-allHotel-Savoia-Therme-Spa.jpg\",\"width\":1620,\"height\":1080,\"caption\":\"Thermalinhalationsbehandlung im Hotel Savoia Therme & Spa\"},{\"@type\":\"BreadcrumbList\",\"@id\":\"https:\\\/\\\/www.savoiaterme.it\\\/de\\\/inhalationstherapien\\\/#breadcrumb\",\"itemListElement\":[{\"@type\":\"ListItem\",\"position\":1,\"name\":\"Home\",\"item\":\"https:\\\/\\\/www.savoiaterme.it\\\/de\\\/\"},{\"@type\":\"ListItem\",\"position\":2,\"name\":\"Inhalationstherapien\"}]},{\"@type\":\"WebSite\",\"@id\":\"https:\\\/\\\/www.savoiaterme.it\\\/de\\\/#website\",\"url\":\"https:\\\/\\\/www.savoiaterme.it\\\/de\\\/\",\"name\":\"Hotel Savoia Therm\u00e6 & Spa - 4 stelle - Abano Terme\",\"description\":\"Hotel Savoia sorge ai piedi dei Colli Euganei. Uno dei pi\u00f9 affascinanti terme e Spa a 4 stelle nel cuore di Abano terme.\",\"publisher\":{\"@id\":\"https:\\\/\\\/www.savoiaterme.it\\\/de\\\/#organization\"},\"potentialAction\":[{\"@type\":\"SearchAction\",\"target\":{\"@type\":\"EntryPoint\",\"urlTemplate\":\"https:\\\/\\\/www.savoiaterme.it\\\/de\\\/?s={search_term_string}\"},\"query-input\":{\"@type\":\"PropertyValueSpecification\",\"valueRequired\":true,\"valueName\":\"search_term_string\"}}],\"inLanguage\":\"de\"},{\"@type\":\"Organization\",\"@id\":\"https:\\\/\\\/www.savoiaterme.it\\\/de\\\/#organization\",\"name\":\"Savoia Thermae & Spa\",\"url\":\"https:\\\/\\\/www.savoiaterme.it\\\/de\\\/\",\"logo\":{\"@type\":\"ImageObject\",\"inLanguage\":\"de\",\"@id\":\"https:\\\/\\\/www.savoiaterme.it\\\/de\\\/#\\\/schema\\\/logo\\\/image\\\/\",\"url\":\"https:\\\/\\\/www.savoiaterme.it\\\/wp-content\\\/uploads\\\/2026\\\/03\\\/Logo_Savoia_2026.svg\",\"contentUrl\":\"https:\\\/\\\/www.savoiaterme.it\\\/wp-content\\\/uploads\\\/2026\\\/03\\\/Logo_Savoia_2026.svg\",\"width\":218,\"height\":101,\"caption\":\"Savoia Thermae & Spa\"},\"image\":{\"@id\":\"https:\\\/\\\/www.savoiaterme.it\\\/de\\\/#\\\/schema\\\/logo\\\/image\\\/\"},\"sameAs\":[\"https:\\\/\\\/www.facebook.com\\\/savoiaterme\\\/\",\"https:\\\/\\\/www.instagram.com\\\/savoiatermeabano\\\/\"]}]}<\/script>\n<!-- \/ Yoast SEO plugin. -->","yoast_head_json":{"title":"Inhalationstherapien | Hotel Savoia Therm\u00e6 & Spa","description":"Inhalationstherapien in Abano Terme mit Salz-Brom-Jod-Wasser bei Sinusitis, Bronchitis und Rhinitis.","robots":{"index":"index","follow":"follow","max-snippet":"max-snippet:-1","max-image-preview":"max-image-preview:large","max-video-preview":"max-video-preview:-1"},"canonical":"https:\/\/www.savoiaterme.it\/de\/inhalationstherapien\/","og_locale":"de_DE","og_type":"article","og_title":"Inhalationstherapien | Hotel Savoia Therm\u00e6 & Spa","og_description":"Inhalationstherapien in Abano Terme mit Salz-Brom-Jod-Wasser bei Sinusitis, Bronchitis und Rhinitis.","og_url":"https:\/\/www.savoiaterme.it\/de\/inhalationstherapien\/","og_site_name":"Hotel Savoia Therm\u00e6 &amp; Spa - 4 stelle - Abano Terme","article_publisher":"https:\/\/www.facebook.com\/savoiaterme\/","article_modified_time":"2026-07-21T14:46:30+00:00","og_image":[{"width":1620,"height":1080,"url":"https:\/\/www.savoiaterme.it\/wp-content\/uploads\/2026\/05\/Sessione-di-inalazioni-termali-allHotel-Savoia-Therme-Spa.jpg","type":"image\/jpeg"}],"twitter_card":"summary_large_image","twitter_misc":{"Gesch\u00e4tzte Lesezeit":"5\u00a0Minuten"},"schema":{"@context":"https:\/\/schema.org","@graph":[{"@type":"WebPage","@id":"https:\/\/www.savoiaterme.it\/de\/inhalationstherapien\/","url":"https:\/\/www.savoiaterme.it\/de\/inhalationstherapien\/","name":"Inhalationstherapien | Hotel Savoia Therm\u00e6 & Spa","isPartOf":{"@id":"https:\/\/www.savoiaterme.it\/de\/#website"},"primaryImageOfPage":{"@id":"https:\/\/www.savoiaterme.it\/de\/inhalationstherapien\/#primaryimage"},"image":{"@id":"https:\/\/www.savoiaterme.it\/de\/inhalationstherapien\/#primaryimage"},"thumbnailUrl":"https:\/\/www.savoiaterme.it\/wp-content\/uploads\/2026\/05\/Sessione-di-inalazioni-termali-allHotel-Savoia-Therme-Spa.jpg","datePublished":"2026-02-27T09:55:45+00:00","dateModified":"2026-07-21T14:46:30+00:00","description":"Inhalationstherapien in Abano Terme mit Salz-Brom-Jod-Wasser bei Sinusitis, Bronchitis und Rhinitis.","breadcrumb":{"@id":"https:\/\/www.savoiaterme.it\/de\/inhalationstherapien\/#breadcrumb"},"inLanguage":"de","potentialAction":[{"@type":"ReadAction","target":["https:\/\/www.savoiaterme.it\/de\/inhalationstherapien\/"]}]},{"@type":"ImageObject","inLanguage":"de","@id":"https:\/\/www.savoiaterme.it\/de\/inhalationstherapien\/#primaryimage","url":"https:\/\/www.savoiaterme.it\/wp-content\/uploads\/2026\/05\/Sessione-di-inalazioni-termali-allHotel-Savoia-Therme-Spa.jpg","contentUrl":"https:\/\/www.savoiaterme.it\/wp-content\/uploads\/2026\/05\/Sessione-di-inalazioni-termali-allHotel-Savoia-Therme-Spa.jpg","width":1620,"height":1080,"caption":"Thermalinhalationsbehandlung im Hotel Savoia Therme & Spa"},{"@type":"BreadcrumbList","@id":"https:\/\/www.savoiaterme.it\/de\/inhalationstherapien\/#breadcrumb","itemListElement":[{"@type":"ListItem","position":1,"name":"Home","item":"https:\/\/www.savoiaterme.it\/de\/"},{"@type":"ListItem","position":2,"name":"Inhalationstherapien"}]},{"@type":"WebSite","@id":"https:\/\/www.savoiaterme.it\/de\/#website","url":"https:\/\/www.savoiaterme.it\/de\/","name":"Hotel Savoia Therm\u00e6 & Spa - 4 stelle - Abano Terme","description":"Hotel Savoia sorge ai piedi dei Colli Euganei. Uno dei pi\u00f9 affascinanti terme e Spa a 4 stelle nel cuore di Abano terme.","publisher":{"@id":"https:\/\/www.savoiaterme.it\/de\/#organization"},"potentialAction":[{"@type":"SearchAction","target":{"@type":"EntryPoint","urlTemplate":"https:\/\/www.savoiaterme.it\/de\/?s={search_term_string}"},"query-input":{"@type":"PropertyValueSpecification","valueRequired":true,"valueName":"search_term_string"}}],"inLanguage":"de"},{"@type":"Organization","@id":"https:\/\/www.savoiaterme.it\/de\/#organization","name":"Savoia Thermae & Spa","url":"https:\/\/www.savoiaterme.it\/de\/","logo":{"@type":"ImageObject","inLanguage":"de","@id":"https:\/\/www.savoiaterme.it\/de\/#\/schema\/logo\/image\/","url":"https:\/\/www.savoiaterme.it\/wp-content\/uploads\/2026\/03\/Logo_Savoia_2026.svg","contentUrl":"https:\/\/www.savoiaterme.it\/wp-content\/uploads\/2026\/03\/Logo_Savoia_2026.svg","width":218,"height":101,"caption":"Savoia Thermae & Spa"},"image":{"@id":"https:\/\/www.savoiaterme.it\/de\/#\/schema\/logo\/image\/"},"sameAs":["https:\/\/www.facebook.com\/savoiaterme\/","https:\/\/www.instagram.com\/savoiatermeabano\/"]}]}},"_links":{"self":[{"href":"https:\/\/www.savoiaterme.it\/de\/wp-json\/wp\/v2\/pages\/34414","targetHints":{"allow":["GET"]}}],"collection":[{"href":"https:\/\/www.savoiaterme.it\/de\/wp-json\/wp\/v2\/pages"}],"about":[{"href":"https:\/\/www.savoiaterme.it\/de\/wp-json\/wp\/v2\/types\/page"}],"author":[{"embeddable":true,"href":"https:\/\/www.savoiaterme.it\/de\/wp-json\/wp\/v2\/users\/2"}],"replies":[{"embeddable":true,"href":"https:\/\/www.savoiaterme.it\/de\/wp-json\/wp\/v2\/comments?post=34414"}],"version-history":[{"count":11,"href":"https:\/\/www.savoiaterme.it\/de\/wp-json\/wp\/v2\/pages\/34414\/revisions"}],"predecessor-version":[{"id":35532,"href":"https:\/\/www.savoiaterme.it\/de\/wp-json\/wp\/v2\/pages\/34414\/revisions\/35532"}],"wp:featuredmedia":[{"embeddable":true,"href":"https:\/\/www.savoiaterme.it\/de\/wp-json\/wp\/v2\/media\/34417"}],"wp:attachment":[{"href":"https:\/\/www.savoiaterme.it\/de\/wp-json\/wp\/v2\/media?parent=34414"}],"curies":[{"name":"wp","href":"https:\/\/api.w.org\/{rel}","templated":true}]}}