{"id":34515,"date":"2026-02-27T10:43:17","date_gmt":"2026-02-27T09:43:17","guid":{"rendered":"https:\/\/savoia.promoservicebeta.com\/business\/"},"modified":"2026-08-25T14:33:27","modified_gmt":"2026-08-25T12:33:27","slug":"business","status":"publish","type":"page","link":"https:\/\/www.savoiaterme.it\/de\/business\/","title":{"rendered":"Business"},"content":{"rendered":"\t\t<div data-elementor-type=\"wp-page\" data-elementor-id=\"34515\" class=\"elementor elementor-34515 elementor-328\" data-elementor-post-type=\"page\">\n\t\t\t\t<div class=\"elementor-element elementor-element-92eec99 e-flex e-con-boxed e-con e-parent\" data-id=\"92eec99\" data-element_type=\"container\" data-e-type=\"container\">\n\t\t\t\t\t<div class=\"e-con-inner\">\n\t\t<div class=\"elementor-element elementor-element-6ce94559 e-con-full e-flex e-con e-child\" data-id=\"6ce94559\" data-element_type=\"container\" data-e-type=\"container\">\n\t\t\t\t<div class=\"elementor-element elementor-element-404ad90b elementor-widget elementor-widget-image\" data-id=\"404ad90b\" data-element_type=\"widget\" data-e-type=\"widget\" data-widget_type=\"image.default\">\n\t\t\t\t\t\t\t\t\t\t\t\t\t\t\t<img decoding=\"async\" width=\"122\" height=\"28\" src=\"https:\/\/www.savoiaterme.it\/wp-content\/uploads\/2026\/03\/savoia-pattern.png\" class=\"attachment-full size-full wp-image-32283\" alt=\"\" \/>\t\t\t\t\t\t\t\t\t\t\t\t\t\t\t<\/div>\n\t\t\t\t<div class=\"elementor-element elementor-element-202fa963 size-42 elementor-widget elementor-widget-heading\" data-id=\"202fa963\" data-element_type=\"widget\" data-e-type=\"widget\" data-widget_type=\"heading.default\">\n\t\t\t\t\t<h2 class=\"elementor-heading-title elementor-size-default\">Tagungs- und Veranstaltungsr\u00e4ume in Abano Terme<\/h2>\t\t\t\t<\/div>\n\t\t\t\t<div class=\"elementor-element elementor-element-380e66fe elementor-widget__width-initial elementor-widget elementor-widget-text-editor\" data-id=\"380e66fe\" data-element_type=\"widget\" data-e-type=\"widget\" data-widget_type=\"text-editor.default\">\n\t\t\t\t\t\t\t\t\t<p>Vielseitige R\u00e4umlichkeiten, ma\u00dfgeschneiderte Dienstleistungen und Thermal-Gastlichkeit f\u00fcr die Organisation von <strong>Gesch\u00e4ftstreffen, Kongressen, privaten Veranstaltungen<\/strong> und geselligen Anl\u00e4ssen in einem eleganten und funktionalen Ambiente.<\/p>\t\t\t\t\t\t\t\t<\/div>\n\t\t\t\t<\/div>\n\t\t\t\t<div class=\"elementor-element elementor-element-9bd8c3f elementor-widget elementor-widget-button\" data-id=\"9bd8c3f\" data-element_type=\"widget\" data-e-type=\"widget\" data-widget_type=\"button.default\">\n\t\t\t\t\t\t\t\t\t\t<a class=\"elementor-button elementor-button-link elementor-size-sm\" href=\"https:\/\/www.savoiaterme.it\/de\/kontakt\/\">\n\t\t\t\t\t\t<span class=\"elementor-button-content-wrapper\">\n\t\t\t\t\t\t\t\t\t<span class=\"elementor-button-text\">Informationen anfordern<\/span>\n\t\t\t\t\t<\/span>\n\t\t\t\t\t<\/a>\n\t\t\t\t\t\t\t\t<\/div>\n\t\t\t\t\t<\/div>\n\t\t\t\t<\/div>\n\t\t<div class=\"elementor-element elementor-element-52ccaa7c e-flex e-con-boxed e-con e-parent\" data-id=\"52ccaa7c\" data-element_type=\"container\" data-e-type=\"container\">\n\t\t\t\t\t<div class=\"e-con-inner\">\n\t\t<div class=\"elementor-element elementor-element-7919e2ad e-con-full e-flex e-con e-child\" data-id=\"7919e2ad\" data-element_type=\"container\" data-e-type=\"container\">\n\t\t\t\t<div class=\"elementor-element elementor-element-5af96592 elementor-widget elementor-widget-text-editor\" data-id=\"5af96592\" data-element_type=\"widget\" data-e-type=\"widget\" data-widget_type=\"text-editor.default\">\n\t\t\t\t\t\t\t\t\t<p>Eine Veranstaltung zu organisieren bedeutet, einen Ort auszuw\u00e4hlen, der Platz f\u00fcr Ihre G\u00e4ste bietet, die Arbeit erleichtert und jeden Moment des Tages optimal zur Geltung bringt. Im Hotel Savoia Therm\u00e6 &#038; Spa finden Firmenmeetings, Gesch\u00e4ftstreffen, Kongresse und private Veranstaltungen <strong>vielseitige R\u00e4umlichkeiten, organisatorische Unterst\u00fctzung und ma\u00dfgeschneiderte Dienstleistungen.<\/strong> <\/p><p>Die Lage <strong>im Herzen von Abano Terme<\/strong>, das hauseigene Restaurant, der private Parkplatz und die M\u00f6glichkeit, den Aufenthalt mit den Thermalb\u00e4dern zu verbinden, machen diese Unterkunft zu einer Rundum-L\u00f6sung f\u00fcr alle, die Wert auf Praktikabilit\u00e4t, Komfort und Liebe zum Detail legen.<\/p>\t\t\t\t\t\t\t\t<\/div>\n\t\t\t\t<\/div>\n\t\t<div class=\"elementor-element elementor-element-9ca719d e-con-full e-flex e-con e-child\" data-id=\"9ca719d\" data-element_type=\"container\" data-e-type=\"container\">\n\t\t<a class=\"elementor-element elementor-element-3feb7551 e-con-full cont-foto-box e-flex e-con e-child\" data-id=\"3feb7551\" data-element_type=\"container\" data-e-type=\"container\">\n\t\t\t\t<div class=\"elementor-element elementor-element-1a597be9 elementor-absolute testo-box-link elementor-widget-mobile__width-initial elementor-widget elementor-widget-text-editor\" data-id=\"1a597be9\" data-element_type=\"widget\" data-e-type=\"widget\" data-settings=\"{&quot;_position&quot;:&quot;absolute&quot;}\" data-widget_type=\"text-editor.default\">\n\t\t\t\t\t\t\t\t\t<p>Bleisure<\/p>\t\t\t\t\t\t\t\t<\/div>\n\t\t\t\t<div class=\"elementor-element elementor-element-763b0bef elementor-widget elementor-widget-image\" data-id=\"763b0bef\" data-element_type=\"widget\" data-e-type=\"widget\" data-widget_type=\"image.default\">\n\t\t\t\t\t\t\t\t\t\t\t\t\t\t\t<img fetchpriority=\"high\" decoding=\"async\" width=\"880\" height=\"770\" src=\"https:\/\/www.savoiaterme.it\/wp-content\/uploads\/2026\/05\/Elegante-bar-del-Hotel-Savoia-Therme-e-Spa-880x770.jpg\" class=\"attachment-box-link-foto size-box-link-foto wp-image-34522\" alt=\"Elegante Hotelbar mit moderner Einrichtung\" \/>\t\t\t\t\t\t\t\t\t\t\t\t\t\t\t<\/div>\n\t\t\t\t<\/a>\n\t\t\t\t<\/div>\n\t\t\t\t\t<\/div>\n\t\t\t\t<\/div>\n\t\t<div class=\"elementor-element elementor-element-2c314bd e-flex e-con-boxed e-con e-parent\" data-id=\"2c314bd\" data-element_type=\"container\" data-e-type=\"container\" data-settings=\"{&quot;background_background&quot;:&quot;classic&quot;}\">\n\t\t\t\t\t<div class=\"e-con-inner\">\n\t\t<div class=\"elementor-element elementor-element-51ae51f e-con-full e-flex e-con e-child\" data-id=\"51ae51f\" data-element_type=\"container\" data-e-type=\"container\">\n\t\t\t\t<div class=\"elementor-element elementor-element-78b4416d elementor-widget__width-initial elementor-absolute bkg-glass elementor-widget elementor-widget-heading\" data-id=\"78b4416d\" data-element_type=\"widget\" data-e-type=\"widget\" data-settings=\"{&quot;_position&quot;:&quot;absolute&quot;}\" data-widget_type=\"heading.default\">\n\t\t\t\t\t<div class=\"elementor-heading-title elementor-size-default\">TAGUNGEN &amp; WELLNESS<\/div>\t\t\t\t<\/div>\n\t\t\t\t<div class=\"elementor-element elementor-element-328aa18a elementor-pagination-position-inside carosello-vert elementor-widget elementor-widget-image-carousel\" data-id=\"328aa18a\" data-element_type=\"widget\" data-e-type=\"widget\" data-settings=\"{&quot;slides_to_show&quot;:&quot;1&quot;,&quot;navigation&quot;:&quot;dots&quot;,&quot;autoplay&quot;:&quot;yes&quot;,&quot;pause_on_hover&quot;:&quot;yes&quot;,&quot;pause_on_interaction&quot;:&quot;yes&quot;,&quot;autoplay_speed&quot;:5000,&quot;infinite&quot;:&quot;yes&quot;,&quot;effect&quot;:&quot;slide&quot;,&quot;speed&quot;:500}\" data-widget_type=\"image-carousel.default\">\n\t\t\t\t\t\t\t<div class=\"elementor-image-carousel-wrapper swiper\" role=\"region\" aria-roledescription=\"carousel\" aria-label=\"Carosello d&#039;immagini\" dir=\"ltr\">\n\t\t\t<div class=\"elementor-image-carousel swiper-wrapper swiper-image-stretch\" aria-live=\"off\">\n\t\t\t\t\t\t\t\t<div class=\"swiper-slide\" role=\"group\" aria-roledescription=\"slide\" aria-label=\"1 von 2\"><a data-elementor-open-lightbox=\"yes\" data-elementor-lightbox-slideshow=\"328aa18a\" data-elementor-lightbox-title=\"Gastfreundschaft und Professionalit\u00e4t im Savoia Therme &amp; Spa\" data-elementor-lightbox-description=\"Ein Mitarbeiter der Savoia Therme &amp; Spa empf\u00e4ngt einen Gast herzlich und mit ausgepr\u00e4gter Professionalit\u00e4t und vermittelt dabei die Exzellenz des Service sowie eine einladende Atmosph\u00e4re.\" data-e-action-hash=\"#elementor-action%3Aaction%3Dlightbox%26settings%3DeyJpZCI6MzM5ODQsInVybCI6Imh0dHBzOlwvXC93d3cuc2F2b2lhdGVybWUuaXRcL3dwLWNvbnRlbnRcL3VwbG9hZHNcLzIwMjZcLzA1XC9BY2NvZ2xpZW56YS1jYWxvcm9zYS1hbC1Ib3RlbC1TYXZvaWEtVGhlcm1lLWUtU3BhLmpwZyIsInNsaWRlc2hvdyI6IjMyOGFhMThhIn0%3D\" href=\"https:\/\/www.savoiaterme.it\/wp-content\/uploads\/2026\/05\/Accoglienza-calorosa-al-Hotel-Savoia-Therme-e-Spa.jpg\"><figure class=\"swiper-slide-inner\"><img decoding=\"async\" class=\"swiper-slide-image\" src=\"https:\/\/www.savoiaterme.it\/wp-content\/uploads\/2026\/05\/Accoglienza-calorosa-al-Hotel-Savoia-Therme-e-Spa-800x952.jpg\" alt=\"Ein herzlicher Empfang in der Savoia Therme &amp; Spa\" \/><\/figure><\/a><\/div><div class=\"swiper-slide\" role=\"group\" aria-roledescription=\"slide\" aria-label=\"2 von 2\"><a data-elementor-open-lightbox=\"yes\" data-elementor-lightbox-slideshow=\"328aa18a\" data-elementor-lightbox-title=\"Entspannung in den Thermalquellen\" data-elementor-lightbox-description=\"Eine ruhige und entspannende Atmosph\u00e4re. Ein Mann, der den Whirlpool im Schwimmbad genie\u00dft, spiegelt perfekt die Oase des Wohlbefindens wider, die das Hotel Savoia Therme &amp; Spa bietet. \" data-e-action-hash=\"#elementor-action%3Aaction%3Dlightbox%26settings%3DeyJpZCI6MzQ1MjMsInVybCI6Imh0dHBzOlwvXC93d3cuc2F2b2lhdGVybWUuaXRcL3dwLWNvbnRlbnRcL3VwbG9hZHNcLzIwMjZcLzA1XC9Fc3BlcmllbnphLWRpLWJlbmVzc2VyZS1uZWxsYS1waXNjaW5hLXRlcm1hbGUuanBnIiwic2xpZGVzaG93IjoiMzI4YWExOGEifQ%3D%3D\" href=\"https:\/\/www.savoiaterme.it\/wp-content\/uploads\/2026\/05\/Esperienza-di-benessere-nella-piscina-termale.jpg\"><figure class=\"swiper-slide-inner\"><img decoding=\"async\" class=\"swiper-slide-image\" src=\"https:\/\/www.savoiaterme.it\/wp-content\/uploads\/2026\/05\/Esperienza-di-benessere-nella-piscina-termale-800x952.jpg\" alt=\"Mann unter einem Wasserfall in einem Thermalbad\" \/><\/figure><\/a><\/div>\t\t\t<\/div>\n\t\t\t\t\t\t\t\n\t\t\t\t\t\t\t\t\t<div class=\"swiper-pagination\"><\/div>\n\t\t\t\t\t\t\t\t\t<\/div>\n\t\t\t\t\t\t<\/div>\n\t\t\t\t<\/div>\n\t\t<div class=\"elementor-element elementor-element-578ac989 e-con-full e-flex e-con e-child\" data-id=\"578ac989\" data-element_type=\"container\" data-e-type=\"container\">\n\t\t\t\t<div class=\"elementor-element elementor-element-40582cb3 size-42 elementor-widget elementor-widget-heading\" data-id=\"40582cb3\" data-element_type=\"widget\" data-e-type=\"widget\" data-widget_type=\"heading.default\">\n\t\t\t\t\t<h3 class=\"elementor-heading-title elementor-size-default\">Betriebsvereinbarungen<\/h3>\t\t\t\t<\/div>\n\t\t\t\t<div class=\"elementor-element elementor-element-2c371e2b elementor-widget elementor-widget-text-editor\" data-id=\"2c371e2b\" data-element_type=\"widget\" data-e-type=\"widget\" data-widget_type=\"text-editor.default\">\n\t\t\t\t\t\t\t\t\t<p>F\u00fcr diejenigen, die h\u00e4ufig gesch\u00e4ftlich unterwegs sind, bieten wir spezielle L\u00f6sungen f\u00fcr Unternehmen an, mit <strong>exklusiven Vorteilen<\/strong> und Dienstleistungen, die darauf ausgelegt sind, jeden Gesch\u00e4ftsaufenthalt zu vereinfachen: vom <strong>fr\u00fchen Fr\u00fchst\u00fcck bis zum schnellen Check-out<\/strong>, von kostenlosen Parkpl\u00e4tzen \u00fcber Tagungsr\u00e4ume bis hin zur M\u00f6glichkeit, sich in den Wellnessbereichen des Hotels einen <strong>Moment der Entspannung<\/strong> zu g\u00f6nnen.<\/p>\t\t\t\t\t\t\t\t<\/div>\n\t\t\t\t<div class=\"elementor-element elementor-element-1236ab96 elementor-widget elementor-widget-button\" data-id=\"1236ab96\" data-element_type=\"widget\" data-e-type=\"widget\" data-widget_type=\"button.default\">\n\t\t\t\t\t\t\t\t\t\t<a class=\"elementor-button elementor-button-link elementor-size-sm\" href=\"https:\/\/www.savoiaterme.it\/de\/kontakt\/\">\n\t\t\t\t\t\t<span class=\"elementor-button-content-wrapper\">\n\t\t\t\t\t\t\t\t\t<span class=\"elementor-button-text\">Kontaktieren Sie uns bez\u00fcglich einer Vereinbarung<\/span>\n\t\t\t\t\t<\/span>\n\t\t\t\t\t<\/a>\n\t\t\t\t\t\t\t\t<\/div>\n\t\t\t\t<\/div>\n\t\t\t\t\t<\/div>\n\t\t\t\t<\/div>\n\t\t<div class=\"elementor-element elementor-element-218e658e e-flex e-con-boxed e-con e-parent\" data-id=\"218e658e\" data-element_type=\"container\" data-e-type=\"container\" data-settings=\"{&quot;background_background&quot;:&quot;classic&quot;}\">\n\t\t\t\t\t<div class=\"e-con-inner\">\n\t\t\t\t<div class=\"elementor-element elementor-element-79bc1b5 size-42 elementor-widget elementor-widget-heading\" data-id=\"79bc1b5\" data-element_type=\"widget\" data-e-type=\"widget\" data-widget_type=\"heading.default\">\n\t\t\t\t\t<h2 class=\"elementor-heading-title elementor-size-default\"><span style=\"font-size: 41.7335px\">Die verf\u00fcgbaren R\u00e4ume<\/span><\/h2>\t\t\t\t<\/div>\n\t\t\t\t<div class=\"elementor-element elementor-element-5dc1460d elementor-widget elementor-widget-shortcode\" data-id=\"5dc1460d\" data-element_type=\"widget\" data-e-type=\"widget\" data-widget_type=\"shortcode.default\">\n\t\t\t\t\t\t\t<div class=\"elementor-shortcode\">    <div class=\"slider-container reverse-column\" id=\"slider-verticale-1\">\n        <div class=\"slides\">\n                                <div class=\"slide-item\">\n                        <h2 class=\"slide-title\">Tagungsraum Savoia<\/h2>\n                        <div class=\"slide-description\"><p><strong>Kapazit\u00e4t<\/strong>: bis zu 90\/100 Pl\u00e4tze<br \/>\n<strong>Fl\u00e4che<\/strong>: 140 m\u00b2 + m\u00f6gliche Erweiterung um 50 m\u00b2<br \/>\n<strong>Ideal f\u00fcr:<\/strong> Kongresse, Konferenzen, Gesch\u00e4ftstreffen, Pr\u00e4sentationen und Schulungen.<\/p>\n<p>Der Tagungsraum \u201eSavoia\u201c ist der wichtigste Raum f\u00fcr gesch\u00e4ftliche Veranstaltungen. Er ist ger\u00e4umig, gut ausgestattet und flexibel gestaltbar und erm\u00f6glicht die Organisation von Gesch\u00e4ftstreffen unterschiedlicher Gr\u00f6\u00dfe \u2013 unterst\u00fctzt durch das Hotelpersonal und die entsprechende technische Ausstattung. <\/p>\n<\/div>\n                                                                            <div class=\"slide-mobile-media slide-video\">\n                                                                                                            <video class=\"slide-html5-video\" muted loop autoplay playsinline webkit-playsinline preload=\"metadata\" poster=\"https:\/\/www.savoiaterme.it\/wp-content\/uploads\/2026\/05\/sala-meeting.png\"><source src=\"https:\/\/www.savoiaterme.it\/wp-content\/uploads\/2026\/07\/Sala-Conferenze-Savoia.mp4\" type=\"video\/mp4\"><\/video>                                                                                                                                        <span class=\"slide-mobile-image-cta\">Die gr\u00f6\u00dfte<\/span>\n                                                            <\/div>\n                                                \n                    <\/div>\n                                    <div class=\"slide-item\">\n                        <h2 class=\"slide-title\">Mehrzweckraum \/ Restaurant Todeschini<\/h2>\n                        <div class=\"slide-description\"><p><strong>Kapazit\u00e4t:<\/strong> bis zu 60\/80 Pl\u00e4tze<br \/>\n<strong>Fl\u00e4che:<\/strong> 190 m\u00b2<br \/>\n<strong>Ideal f\u00fcr:<\/strong> private Veranstaltungen, Gesch\u00e4ftsessen, Kaffeepausen, gesellige Anl\u00e4sse und Besprechungen mit Catering-Service.<\/p>\n<p>Der Mehrzwecksaal \u201eTodeschini\u201c vereint Funktionalit\u00e4t und Gem\u00fctlichkeit. Er eignet sich f\u00fcr gesch\u00e4ftliche und private Veranstaltungen, aber auch f\u00fcr individuell gestaltete Bewirtungsangebote, von Kaffeepausen bis hin zu Gesch\u00e4ftsessen. <\/p>\n<\/div>\n                                                                            <div class=\"slide-mobile-media slide-image-wrapper\">\n                                                                                                            <img decoding=\"async\" src=\"https:\/\/www.savoiaterme.it\/wp-content\/uploads\/2026\/07\/Ristorante-Elegante-allHotel-Savoia-Therme-Spa.jpg\" alt=\"Elegantes Restaurant im Hotel Savoia Therme\" class=\"slide-mobile-image\">\n                                                                                                                                        <span class=\"slide-mobile-image-cta\">Ideal f\u00fcr geschlossene Veranstaltungen<\/span>\n                                                            <\/div>\n                                                \n                    <\/div>\n                                    <\/div>\n        \n        <div class=\"slider-images\">\n                                <div class=\"slide-media-item slide-video\" data-slide-index=\"0\">\n                                                                                    <video class=\"slide-html5-video\" muted loop autoplay playsinline webkit-playsinline preload=\"metadata\" poster=\"https:\/\/www.savoiaterme.it\/wp-content\/uploads\/2026\/05\/sala-meeting.png\"><source src=\"https:\/\/www.savoiaterme.it\/wp-content\/uploads\/2026\/07\/Sala-Conferenze-Savoia.mp4\" type=\"video\/mp4\"><\/video>                                                                        <\/div>\n                                            <div class=\"slide-image-cta\" data-slide-index=\"0\">\n                            <span>Die gr\u00f6\u00dfte<\/span>\n                        <\/div>\n                                                        <div class=\"slide-media-item slide-image-wrapper\" data-slide-index=\"1\">\n                                                                                <img decoding=\"async\" src=\"https:\/\/www.savoiaterme.it\/wp-content\/uploads\/2026\/07\/Ristorante-Elegante-allHotel-Savoia-Therme-Spa.jpg\" alt=\"Elegantes Restaurant im Hotel Savoia Therme\" class=\"slide-image\">\n                                                                        <\/div>\n                                            <div class=\"slide-image-cta\" data-slide-index=\"1\">\n                            <span>Ideal f\u00fcr geschlossene Veranstaltungen<\/span>\n                        <\/div>\n                                                        <\/div>\n    <\/div>\n<script>\ndocument.addEventListener('DOMContentLoaded', function() {\n    const sliderContainers = document.querySelectorAll('.slider-container');\n\n    sliderContainers.forEach(sliderContainer => {\n        if (sliderContainer.dataset.sliderInitialized === 'true') {\n            return;\n        }\n\n        sliderContainer.dataset.sliderInitialized = 'true';\n\n        const slides = sliderContainer.querySelectorAll('.slide-item');\n        const mediaItems = sliderContainer.querySelectorAll('.slide-media-item');\n        const mobileMediaItems = sliderContainer.querySelectorAll('.slide-mobile-media');\n        const imageCtas = sliderContainer.querySelectorAll('.slide-image-cta');\n\n        const pauseMediaItem = function(mediaItem) {\n            if (!mediaItem) {\n                return;\n            }\n\n            const iframe = mediaItem.querySelector('iframe[data-embed-src]');\n\n            if (iframe) {\n                iframe.setAttribute('src', '');\n            }\n\n            const video = mediaItem.querySelector('video');\n\n            if (video) {\n                video.pause();\n\n                try {\n                    video.currentTime = 0;\n                } catch (error) {\n                }\n            }\n        };\n\n        const playMediaItem = function(mediaItem) {\n            if (!mediaItem) {\n                return;\n            }\n\n            const iframe = mediaItem.querySelector('iframe[data-embed-src]');\n\n            if (iframe) {\n                const embedSrc = iframe.dataset.embedSrc || '';\n\n                if (embedSrc) {\n                    iframe.setAttribute('src', embedSrc);\n                }\n            }\n\n            const video = mediaItem.querySelector('video');\n\n            if (video) {\n                video.muted = true;\n                video.loop = true;\n                video.autoplay = true;\n                video.playsInline = true;\n\n                const playPromise = video.play();\n\n                if (playPromise && typeof playPromise.catch === 'function') {\n                    playPromise.catch(function() {});\n                }\n            }\n        };\n\n        const activateSlide = function(index) {\n            slides.forEach(s => s.classList.remove('active'));\n            mediaItems.forEach(function(mediaItem) {\n                mediaItem.classList.remove('active');\n                pauseMediaItem(mediaItem);\n            });\n            mobileMediaItems.forEach(function(mediaItem) {\n                mediaItem.classList.remove('active');\n                pauseMediaItem(mediaItem);\n            });\n            imageCtas.forEach(cta => cta.classList.remove('active'));\n\n            if (slides[index]) {\n                slides[index].classList.add('active');\n            }\n\n            const mediaItem = sliderContainer.querySelector('.slide-media-item[data-slide-index=\"' + index + '\"]');\n\n            if (mediaItem) {\n                mediaItem.classList.add('active');\n\n                if (mediaItem.offsetParent !== null) {\n                    playMediaItem(mediaItem);\n                }\n            }\n\n            const mobileMediaItem = slides[index] ? slides[index].querySelector('.slide-mobile-media') : null;\n\n            if (mobileMediaItem) {\n                mobileMediaItem.classList.add('active');\n\n                if (mobileMediaItem.offsetParent !== null) {\n                    playMediaItem(mobileMediaItem);\n                }\n            }\n\n            const imageCta = sliderContainer.querySelector('.slide-image-cta[data-slide-index=\"' + index + '\"]');\n\n            if (imageCta) {\n                imageCta.classList.add('active');\n            }\n        };\n\n        let initialIndex = 0;\n\n        if (mediaItems.length > 0) {\n            const firstMediaIndex = Number.parseInt(mediaItems[0].dataset.slideIndex || '0', 10);\n\n            if (!Number.isNaN(firstMediaIndex)) {\n                initialIndex = firstMediaIndex;\n            }\n        }\n\n        if (!slides[initialIndex] && slides[0]) {\n            initialIndex = 0;\n        }\n\n        activateSlide(initialIndex);\n\n        slides.forEach((slide, index) => {\n            slide.addEventListener('click', function() {\n                activateSlide(index);\n            });\n        });\n    });\n});\n<\/script>\n<\/div>\n\t\t\t\t\t\t<\/div>\n\t\t\t\t\t<\/div>\n\t\t\t\t<\/div>\n\t\t<div class=\"elementor-element elementor-element-7a5d1967 e-flex e-con-boxed e-con e-parent\" data-id=\"7a5d1967\" data-element_type=\"container\" data-e-type=\"container\">\n\t\t\t\t\t<div class=\"e-con-inner\">\n\t\t<div class=\"elementor-element elementor-element-149a3fd9 e-con-full e-flex e-con e-child\" data-id=\"149a3fd9\" data-element_type=\"container\" data-e-type=\"container\">\n\t\t\t\t<div class=\"elementor-element elementor-element-4a8ef313 size-42 elementor-widget elementor-widget-heading\" data-id=\"4a8ef313\" data-element_type=\"widget\" data-e-type=\"widget\" data-widget_type=\"heading.default\">\n\t\t\t\t\t<h3 class=\"elementor-heading-title elementor-size-default\">Technik und Ausstattung f\u00fcr Ihre Veranstaltung<\/h3>\t\t\t\t<\/div>\n\t\t\t\t<div class=\"elementor-element elementor-element-1105111a elementor-widget__width-initial elementor-widget elementor-widget-text-editor\" data-id=\"1105111a\" data-element_type=\"widget\" data-e-type=\"widget\" data-widget_type=\"text-editor.default\">\n\t\t\t\t\t\t\t\t\t<p>Die R\u00e4ume k\u00f6nnen je nach den Anforderungen der Veranstaltung gestaltet und mit der <strong>erforderlichen Ausstattung<\/strong> f\u00fcr Pr\u00e4sentationen, Vortr\u00e4ge, Besprechungen und Schulungen versehen werden.<\/p>\t\t\t\t\t\t\t\t<\/div>\n\t\t\t\t<\/div>\n\t\t\t\t\t<\/div>\n\t\t\t\t<\/div>\n\t\t<div class=\"elementor-element elementor-element-537b997 e-flex e-con-boxed e-con e-parent\" data-id=\"537b997\" data-element_type=\"container\" data-e-type=\"container\">\n\t\t\t\t\t<div class=\"e-con-inner\">\n\t\t<div class=\"elementor-element elementor-element-0943da4 e-con-full e-flex e-con e-child\" data-id=\"0943da4\" data-element_type=\"container\" data-e-type=\"container\" data-settings=\"{&quot;background_background&quot;:&quot;classic&quot;}\">\n\t\t\t\t<div class=\"elementor-element elementor-element-2f35915 elementor-position-inline-start elementor-mobile-position-inline-start mb-0 elementor-view-default elementor-widget elementor-widget-icon-box\" data-id=\"2f35915\" data-element_type=\"widget\" data-e-type=\"widget\" data-widget_type=\"icon-box.default\">\n\t\t\t\t\t\t\t<div class=\"elementor-icon-box-wrapper\">\n\n\t\t\t\t\t\t<div class=\"elementor-icon-box-icon\">\n\t\t\t\t<span  class=\"elementor-icon\">\n\t\t\t\t<svg xmlns=\"http:\/\/www.w3.org\/2000\/svg\" viewBox=\"0 0 640 640\"><path d=\"M320 96C355.3 96 384 124.7 384 160L384 288C384 323.3 355.3 352 320 352C284.7 352 256 323.3 256 288L256 160C256 124.7 284.7 96 320 96zM224 160L224 288C224 341 267 384 320 384C373 384 416 341 416 288L416 160C416 107 373 64 320 64C267 64 224 107 224 160zM160 240C160 231.2 152.8 224 144 224C135.2 224 128 231.2 128 240L128 288C128 388.6 205.4 471.2 304 479.3L304 544L240 544C231.2 544 224 551.2 224 560C224 568.8 231.2 576 240 576L400 576C408.8 576 416 568.8 416 560C416 551.2 408.8 544 400 544L336 544L336 479.3C434.6 471.2 512 388.6 512 288L512 240C512 231.2 504.8 224 496 224C487.2 224 480 231.2 480 240L480 288C480 376.4 408.4 448 320 448C231.6 448 160 376.4 160 288L160 240z\"><\/path><\/svg>\t\t\t\t<\/span>\n\t\t\t<\/div>\n\t\t\t\n\t\t\t\t\t\t<div class=\"elementor-icon-box-content\">\n\n\t\t\t\t\t\t\t\t\t<h3 class=\"elementor-icon-box-title\">\n\t\t\t\t\t\t<span  >\n\t\t\t\t\t\t\tAudio und Video\t\t\t\t\t\t<\/span>\n\t\t\t\t\t<\/h3>\n\t\t\t\t\n\t\t\t\t\n\t\t\t<\/div>\n\t\t\t\n\t\t<\/div>\n\t\t\t\t\t\t<\/div>\n\t\t\t\t<div class=\"elementor-element elementor-element-cc49788 elementor-widget elementor-widget-text-editor\" data-id=\"cc49788\" data-element_type=\"widget\" data-e-type=\"widget\" data-widget_type=\"text-editor.default\">\n\t\t\t\t\t\t\t\t\t<ul><li>Full-HD-Deckenprojektor<\/li><li>Tragbarer Beamer<\/li><li>Bildschirm im 16:9-Format<\/li><li>Fest installiertes Mikrofon<\/li><li>Tragbares Mikrofon<\/li><li>Kopfb\u00fcgelmikrofon<\/li><\/ul>\t\t\t\t\t\t\t\t<\/div>\n\t\t\t\t<\/div>\n\t\t<div class=\"elementor-element elementor-element-c8b2123 e-con-full e-flex e-con e-child\" data-id=\"c8b2123\" data-element_type=\"container\" data-e-type=\"container\" data-settings=\"{&quot;background_background&quot;:&quot;classic&quot;}\">\n\t\t\t\t<div class=\"elementor-element elementor-element-c9c3445 elementor-position-inline-start elementor-mobile-position-inline-start mb-0 elementor-view-default elementor-widget elementor-widget-icon-box\" data-id=\"c9c3445\" data-element_type=\"widget\" data-e-type=\"widget\" data-widget_type=\"icon-box.default\">\n\t\t\t\t\t\t\t<div class=\"elementor-icon-box-wrapper\">\n\n\t\t\t\t\t\t<div class=\"elementor-icon-box-icon\">\n\t\t\t\t<span  class=\"elementor-icon\">\n\t\t\t\t<svg xmlns=\"http:\/\/www.w3.org\/2000\/svg\" viewBox=\"0 0 640 640\"><path d=\"M512 128L128 128C110.3 128 96 142.3 96 160L96 384L64 384L64 160C64 124.7 92.7 96 128 96L512 96C547.3 96 576 124.7 576 160L576 384L544 384L544 160C544 142.3 529.7 128 512 128zM87.1 512L552.9 512C580.9 512 604.1 491.1 607.6 464L32.5 464C36 491.1 59.1 512 87.2 512zM0 456.9C0 443.1 11.1 432 24.9 432L615.1 432C628.8 432 640 443.1 640 456.9C640 505 601 544 552.9 544L87.1 544C39 544 0 505 0 456.9z\"><\/path><\/svg>\t\t\t\t<\/span>\n\t\t\t<\/div>\n\t\t\t\n\t\t\t\t\t\t<div class=\"elementor-icon-box-content\">\n\n\t\t\t\t\t\t\t\t\t<h3 class=\"elementor-icon-box-title\">\n\t\t\t\t\t\t<span  >\n\t\t\t\t\t\t\tPr\u00e4sentationsunterlagen\t\t\t\t\t\t<\/span>\n\t\t\t\t\t<\/h3>\n\t\t\t\t\n\t\t\t\t\n\t\t\t<\/div>\n\t\t\t\n\t\t<\/div>\n\t\t\t\t\t\t<\/div>\n\t\t\t\t<div class=\"elementor-element elementor-element-f4847bd elementor-widget elementor-widget-text-editor\" data-id=\"f4847bd\" data-element_type=\"widget\" data-e-type=\"widget\" data-widget_type=\"text-editor.default\">\n\t\t\t\t\t\t\t\t\t<ul><li>Notebook<\/li><li>Pr\u00e4sentationsger\u00e4t mit Laserpointer<\/li><li>Flipchart<\/li><\/ul>\t\t\t\t\t\t\t\t<\/div>\n\t\t\t\t<\/div>\n\t\t<div class=\"elementor-element elementor-element-96019c3 e-con-full e-flex e-con e-child\" data-id=\"96019c3\" data-element_type=\"container\" data-e-type=\"container\" data-settings=\"{&quot;background_background&quot;:&quot;classic&quot;}\">\n\t\t\t\t<div class=\"elementor-element elementor-element-aa008e5 elementor-position-inline-start elementor-mobile-position-inline-start mb-0 elementor-view-default elementor-widget elementor-widget-icon-box\" data-id=\"aa008e5\" data-element_type=\"widget\" data-e-type=\"widget\" data-widget_type=\"icon-box.default\">\n\t\t\t\t\t\t\t<div class=\"elementor-icon-box-wrapper\">\n\n\t\t\t\t\t\t<div class=\"elementor-icon-box-icon\">\n\t\t\t\t<span  class=\"elementor-icon\">\n\t\t\t\t<svg xmlns=\"http:\/\/www.w3.org\/2000\/svg\" viewBox=\"0 0 640 640\"><path d=\"M320 96C443.7 96 544 196.3 544 320C544 443.7 443.7 544 320 544C196.3 544 96 443.7 96 320C96 196.3 196.3 96 320 96zM320 576C461.4 576 576 461.4 576 320C576 178.6 461.4 64 320 64C178.6 64 64 178.6 64 320C64 461.4 178.6 576 320 576zM272 416L256 416L256 448L384 448L384 416L336 416L336 288L256 288L256 320L304 320L304 416L272 416zM344 248L344 200L296 200L296 248L344 248z\"><\/path><\/svg>\t\t\t\t<\/span>\n\t\t\t<\/div>\n\t\t\t\n\t\t\t\t\t\t<div class=\"elementor-icon-box-content\">\n\n\t\t\t\t\t\t\t\t\t<h3 class=\"elementor-icon-box-title\">\n\t\t\t\t\t\t<span  >\n\t\t\t\t\t\t\tKomfort\t\t\t\t\t\t<\/span>\n\t\t\t\t\t<\/h3>\n\t\t\t\t\n\t\t\t\t\n\t\t\t<\/div>\n\t\t\t\n\t\t<\/div>\n\t\t\t\t\t\t<\/div>\n\t\t\t\t<div class=\"elementor-element elementor-element-e210531 elementor-widget elementor-widget-text-editor\" data-id=\"e210531\" data-element_type=\"widget\" data-e-type=\"widget\" data-widget_type=\"text-editor.default\">\n\t\t\t\t\t\t\t\t\t<ul><li><strong>Gro\u00dfer privater Parkplatz<\/strong>, \u00fcberdacht und im Freien<\/li><li>Klimaanlage<\/li><li><strong>WLAN<\/strong> im Hotel und im Kongresszentrum<\/li><li>R\u00e4umlichkeiten, die je nach Veranstaltung individuell gestaltet werden k\u00f6nnen<\/li><li>Transferservice<\/li><\/ul>\t\t\t\t\t\t\t\t<\/div>\n\t\t\t\t<\/div>\n\t\t\t\t\t<\/div>\n\t\t\t\t<\/div>\n\t\t<div class=\"elementor-element elementor-element-2b3f1b61 e-flex e-con-boxed e-con e-parent\" data-id=\"2b3f1b61\" data-element_type=\"container\" data-e-type=\"container\">\n\t\t\t\t\t<div class=\"e-con-inner\">\n\t\t<div class=\"elementor-element elementor-element-a9ba6c4 e-con-full e-flex e-con e-child\" data-id=\"a9ba6c4\" data-element_type=\"container\" data-e-type=\"container\">\n\t\t\t\t<div class=\"elementor-element elementor-element-63588155 size-42 elementor-widget elementor-widget-heading\" data-id=\"63588155\" data-element_type=\"widget\" data-e-type=\"widget\" data-widget_type=\"heading.default\">\n\t\t\t\t\t<h2 class=\"elementor-heading-title elementor-size-default\">Kaffeepausen, Gesch\u00e4ftsessen und individuell gestaltete Abendessen<\/h2>\t\t\t\t<\/div>\n\t\t\t\t<div class=\"elementor-element elementor-element-6aa96706 elementor-widget elementor-widget-text-editor\" data-id=\"6aa96706\" data-element_type=\"widget\" data-e-type=\"widget\" data-widget_type=\"text-editor.default\">\n\t\t\t\t\t\t\t\t\t<p>Jede Veranstaltung kann mit <strong>ma\u00dfgeschneiderten gastronomischen Angeboten<\/strong> abgerundet werden: Begr\u00fc\u00dfungsgetr\u00e4nke, Kaffeepausen, Gesch\u00e4ftsessen, Firmenabendessen, Galaabende und private Veranstaltungen. Das Restaurant Todeschini eignet sich ideal, um Tagungen und Gesch\u00e4ftstreffen mit gepflegten und individuell gestaltbaren geselligen Momenten zu erg\u00e4nzen. <\/p><p>F\u00fcr alle, die ein umfassenderes Erlebnis suchen, bietet das <strong>Restaurant \u201eIl Savoiardo\u201c<\/strong> eine K\u00fcche, die von der italienischen Tradition und internationalen Geschmacksrichtungen inspiriert ist, in einem eleganten und gem\u00fctlichen Ambiente.<\/p>\t\t\t\t\t\t\t\t<\/div>\n\t\t\t\t<div class=\"elementor-element elementor-element-178e6616 elementor-widget elementor-widget-button\" data-id=\"178e6616\" data-element_type=\"widget\" data-e-type=\"widget\" data-widget_type=\"button.default\">\n\t\t\t\t\t\t\t\t\t\t<a class=\"elementor-button elementor-button-link elementor-size-sm\" href=\"https:\/\/www.savoiaterme.it\/de\/restaurant-il-savoiardo\/\">\n\t\t\t\t\t\t<span class=\"elementor-button-content-wrapper\">\n\t\t\t\t\t\t\t\t\t<span class=\"elementor-button-text\">Entdecke die K\u00fcche<\/span>\n\t\t\t\t\t<\/span>\n\t\t\t\t\t<\/a>\n\t\t\t\t\t\t\t\t<\/div>\n\t\t\t\t<\/div>\n\t\t<div class=\"elementor-element elementor-element-4aba88dc e-con-full e-flex e-con e-child\" data-id=\"4aba88dc\" data-element_type=\"container\" data-e-type=\"container\">\n\t\t\t\t<div class=\"elementor-element elementor-element-38ed53f8 elementor-pagination-position-inside carosello-vert elementor-widget elementor-widget-image-carousel\" data-id=\"38ed53f8\" data-element_type=\"widget\" data-e-type=\"widget\" data-settings=\"{&quot;slides_to_show&quot;:&quot;1&quot;,&quot;navigation&quot;:&quot;dots&quot;,&quot;autoplay&quot;:&quot;yes&quot;,&quot;pause_on_hover&quot;:&quot;yes&quot;,&quot;pause_on_interaction&quot;:&quot;yes&quot;,&quot;autoplay_speed&quot;:5000,&quot;infinite&quot;:&quot;yes&quot;,&quot;effect&quot;:&quot;slide&quot;,&quot;speed&quot;:500}\" data-widget_type=\"image-carousel.default\">\n\t\t\t\t\t\t\t<div class=\"elementor-image-carousel-wrapper swiper\" role=\"region\" aria-roledescription=\"carousel\" aria-label=\"Carosello d&#039;immagini\" dir=\"ltr\">\n\t\t\t<div class=\"elementor-image-carousel swiper-wrapper\" aria-live=\"off\">\n\t\t\t\t\t\t\t\t<div class=\"swiper-slide\" role=\"group\" aria-roledescription=\"slide\" aria-label=\"1 von 2\"><a data-elementor-open-lightbox=\"yes\" data-elementor-lightbox-slideshow=\"38ed53f8\" data-elementor-lightbox-title=\"Eleganter Cocktail in der Hotelbar\" data-elementor-lightbox-description=\"Ein lebhafter und einladender Cocktail im Mittelpunkt l\u00e4sst die Figuren im Hintergrund in den Hintergrund treten und vermittelt so eine gem\u00fctliche und elegante Atmosph\u00e4re in der Hotelbar.\" data-e-action-hash=\"#elementor-action%3Aaction%3Dlightbox%26settings%3DeyJpZCI6MzQ1MjQsInVybCI6Imh0dHBzOlwvXC93d3cuc2F2b2lhdGVybWUuaXRcL3dwLWNvbnRlbnRcL3VwbG9hZHNcLzIwMjZcLzA1XC9CYXItZWxlZ2FudGUtcHJlc3NvLUhvdGVsLVNhdm9pYS1UaGVybWUtZS1TcGEuanBnIiwic2xpZGVzaG93IjoiMzhlZDUzZjgifQ%3D%3D\" href=\"https:\/\/www.savoiaterme.it\/wp-content\/uploads\/2026\/05\/Bar-elegante-presso-Hotel-Savoia-Therme-e-Spa.jpg\"><figure class=\"swiper-slide-inner\"><img decoding=\"async\" class=\"swiper-slide-image\" src=\"https:\/\/www.savoiaterme.it\/wp-content\/uploads\/2026\/05\/Bar-elegante-presso-Hotel-Savoia-Therme-e-Spa-800x952.jpg\" alt=\"Ein eleganter Cocktail in der Hotelbar\" \/><\/figure><\/a><\/div><div class=\"swiper-slide\" role=\"group\" aria-roledescription=\"slide\" aria-label=\"2 von 2\"><a data-elementor-open-lightbox=\"yes\" data-elementor-lightbox-slideshow=\"38ed53f8\" data-elementor-lightbox-title=\"Gourmetgericht im Hotel Savoia Therme &amp; Spa\" data-elementor-lightbox-description=\"Ein au\u00dfergew\u00f6hnlich ansprechend angerichtetes Gourmetgericht mit frischen und farbenfrohen Zutaten, das Ihnen im Hotel Savoia Therme &amp; Spa ein raffiniertes und unvergessliches kulinarisches Erlebnis verspricht.\" data-e-action-hash=\"#elementor-action%3Aaction%3Dlightbox%26settings%3DeyJpZCI6MzQ1MjUsInVybCI6Imh0dHBzOlwvXC93d3cuc2F2b2lhdGVybWUuaXRcL3dwLWNvbnRlbnRcL3VwbG9hZHNcLzIwMjZcLzA1XC9QaWF0dG8tZ291cm1ldC1hbC1yaXN0b3JhbnRlLUhvdGVsLVNhdm9pYS5qcGciLCJzbGlkZXNob3ciOiIzOGVkNTNmOCJ9\" href=\"https:\/\/www.savoiaterme.it\/wp-content\/uploads\/2026\/05\/Piatto-gourmet-al-ristorante-Hotel-Savoia.jpg\"><figure class=\"swiper-slide-inner\"><img decoding=\"async\" class=\"swiper-slide-image\" src=\"https:\/\/www.savoiaterme.it\/wp-content\/uploads\/2026\/05\/Piatto-gourmet-al-ristorante-Hotel-Savoia-800x952.jpg\" alt=\"Ein raffiniertes Gericht mit frischen Zutaten.\" \/><\/figure><\/a><\/div>\t\t\t<\/div>\n\t\t\t\t\t\t\t\n\t\t\t\t\t\t\t\t\t<div class=\"swiper-pagination\"><\/div>\n\t\t\t\t\t\t\t\t\t<\/div>\n\t\t\t\t\t\t<\/div>\n\t\t\t\t<\/div>\n\t\t\t\t\t<\/div>\n\t\t\t\t<\/div>\n\t\t<div class=\"elementor-element elementor-element-18144575 e-flex e-con-boxed e-con e-parent\" data-id=\"18144575\" data-element_type=\"container\" data-e-type=\"container\" data-settings=\"{&quot;background_background&quot;:&quot;classic&quot;}\">\n\t\t\t\t\t<div class=\"e-con-inner\">\n\t\t<div class=\"elementor-element elementor-element-2a12baf5 e-con-full e-flex e-con e-child\" data-id=\"2a12baf5\" data-element_type=\"container\" data-e-type=\"container\">\n\t\t\t\t<div class=\"elementor-element elementor-element-74badad9 elementor-widget elementor-widget-image\" data-id=\"74badad9\" data-element_type=\"widget\" data-e-type=\"widget\" data-widget_type=\"image.default\">\n\t\t\t\t\t\t\t\t\t\t\t\t\t\t\t<img decoding=\"async\" width=\"122\" height=\"28\" src=\"https:\/\/www.savoiaterme.it\/wp-content\/uploads\/2026\/03\/savoia-pattern.png\" class=\"attachment-large size-large wp-image-32283\" alt=\"\" \/>\t\t\t\t\t\t\t\t\t\t\t\t\t\t\t<\/div>\n\t\t\t\t<div class=\"elementor-element elementor-element-29bcf4b size-42 elementor-widget elementor-widget-heading\" data-id=\"29bcf4b\" data-element_type=\"widget\" data-e-type=\"widget\" data-widget_type=\"heading.default\">\n\t\t\t\t\t<h2 class=\"elementor-heading-title elementor-size-default\">Die h\u00e4ufigsten Fragen<\/h2>\t\t\t\t<\/div>\n\t\t\t\t<div class=\"elementor-element elementor-element-31f28e37 elementor-widget__width-initial mb-0 elementor-widget elementor-widget-text-editor\" data-id=\"31f28e37\" data-element_type=\"widget\" data-e-type=\"widget\" data-widget_type=\"text-editor.default\">\n\t\t\t\t\t\t\t\t\t<p>Machen Sie Ihre <strong>Reise<\/strong> mit einer <strong>ma\u00dfgeschneiderten<\/strong> \u00dcberraschung <strong>zu etwas ganz Besonderem<\/strong>: eine liebevolle Geste, ein spektakul\u00e4res Detail oder ein Moment, der ganz Ihrem Partner gewidmet ist.<\/p>\t\t\t\t\t\t\t\t<\/div>\n\t\t\t\t<div class=\"elementor-element elementor-element-2d466c3a elementor-widget__width-inherit faq-camere elementor-widget elementor-widget-shortcode\" data-id=\"2d466c3a\" data-element_type=\"widget\" data-e-type=\"widget\" data-widget_type=\"shortcode.default\">\n\t\t\t\t\t\t\t<div class=\"elementor-shortcode\"><div class=\"faq-container\"><div class=\"faq-category-or-spa\"><h2 class=\"faq-category-title-or\">Business<\/h2><div class=\"faq-accordion-or\">\n                <div class=\"accordion-or\">\n                    <div class=\"accordion-header-or\">\n                        <span class=\"accordion-question-or\">Welche Tagungsr\u00e4ume stehen im Hotel Savoia Therm\u00e6 &amp; Spa zur Verf\u00fcgung und wie gro\u00df ist deren Kapazit\u00e4t?<\/span>\n                        <span class=\"accordion-icon-or\"><svg fill=\"#39414D\" xmlns=\"http:\/\/www.w3.org\/2000\/svg\" width=\"24\" height=\"24\" viewBox=\"0 0 24 24\"><path fill=\"none\" d=\"M0,0h24v24H0V0z\"><\/path><path d=\"M12,2C6.48,2,2,6.48,2,12s4.48,10,10,10s10-4.48,10-10S17.52,2,12,2z M17,13h-4v4h-2v-4H7v-2h4V7h2v4h4V13z\"><\/path><\/svg><\/span> <!-- Icona SVG o simbolo -->\n                    <\/div>\n                    <div class=\"accordion-content-or\">\n                        <p>Wir bieten vielseitige R\u00e4ume f\u00fcr jede Veranstaltung: Der Tagungsraum Savoia (140 m\u00b2, um weitere 50 m\u00b2 erweiterbar) bietet bis zu 90\/100 Pl\u00e4tze und ist ideal f\u00fcr Kongresse und Schulungen. F\u00fcr gr\u00f6\u00dfere Events und Bankette stehen der Mehrzweckraum und das weitl\u00e4ufige Restaurant Todeschini zur Verf\u00fcgung.<\/p>\n                    <\/div>\n                <\/div>\n                \n                <div class=\"accordion-or\">\n                    <div class=\"accordion-header-or\">\n                        <span class=\"accordion-question-or\">Welche technische Ausstattung und Serviceleistungen sind f\u00fcr die Organisation einer Firmenveranstaltung inbegriffen?<\/span>\n                        <span class=\"accordion-icon-or\"><svg fill=\"#39414D\" xmlns=\"http:\/\/www.w3.org\/2000\/svg\" width=\"24\" height=\"24\" viewBox=\"0 0 24 24\"><path fill=\"none\" d=\"M0,0h24v24H0V0z\"><\/path><path d=\"M12,2C6.48,2,2,6.48,2,12s4.48,10,10,10s10-4.48,10-10S17.52,2,12,2z M17,13h-4v4h-2v-4H7v-2h4V7h2v4h4V13z\"><\/path><\/svg><\/span> <!-- Icona SVG o simbolo -->\n                    <\/div>\n                    <div class=\"accordion-content-or\">\n                        <p>Die R\u00e4ume bieten modernste Technik: ein komplettes Audio-\/Videosystem (Full-HD-Deckenbeamer oder tragbarer Beamer, 16:9-Leinwand, feste, kabellose und Kopfb\u00fcgelmikrofone) sowie Pr\u00e4sentationsmedien (Notebook, Laser-Presenter, Flipchart). Highspeed-WLAN, Klimaanlage, ein gro\u00dfer Privatparkplatz und ein Transferservice auf Anfrage sind inbegriffen.<\/p>\n                    <\/div>\n                <\/div>\n                \n                <div class=\"accordion-or\">\n                    <div class=\"accordion-header-or\">\n                        <span class=\"accordion-question-or\">Ist es m\u00f6glich, w\u00e4hrend Firmenveranstaltung Kaffeepausen, Gesch\u00e4ftsessen oder Firmendinner zu organisieren?<\/span>\n                        <span class=\"accordion-icon-or\"><svg fill=\"#39414D\" xmlns=\"http:\/\/www.w3.org\/2000\/svg\" width=\"24\" height=\"24\" viewBox=\"0 0 24 24\"><path fill=\"none\" d=\"M0,0h24v24H0V0z\"><\/path><path d=\"M12,2C6.48,2,2,6.48,2,12s4.48,10,10,10s10-4.48,10-10S17.52,2,12,2z M17,13h-4v4h-2v-4H7v-2h4V7h2v4h4V13z\"><\/path><\/svg><\/span> <!-- Icona SVG o simbolo -->\n                    <\/div>\n                    <div class=\"accordion-content-or\">\n                        <p>Ja, wir erstellen ma\u00dfgeschneiderte Gastronomieangebote f\u00fcr jeden Moment: Welcome Drinks, Kaffeepausen, Gesch\u00e4ftsessen und Gala-Dinner. Das Restaurant Todeschini eignet sich perfekt f\u00fcr gesellige Momente w\u00e4hrend der Tagung, w\u00e4hrend das Restaurant \u201eIl Savoiardo\u201c Sie in elegantem Ambiente mit traditionellen italienischen Gerichten und internationalen Aromen erwartet.<\/p>\n                    <\/div>\n                <\/div>\n                \n                <div class=\"accordion-or\">\n                    <div class=\"accordion-header-or\">\n                        <span class=\"accordion-question-or\">Bieten Sie spezielle Firmenvereinbarungen oder erm\u00e4\u00dfigte Tarife f\u00fcr Gesch\u00e4ftsreisende an?<\/span>\n                        <span class=\"accordion-icon-or\"><svg fill=\"#39414D\" xmlns=\"http:\/\/www.w3.org\/2000\/svg\" width=\"24\" height=\"24\" viewBox=\"0 0 24 24\"><path fill=\"none\" d=\"M0,0h24v24H0V0z\"><\/path><path d=\"M12,2C6.48,2,2,6.48,2,12s4.48,10,10,10s10-4.48,10-10S17.52,2,12,2z M17,13h-4v4h-2v-4H7v-2h4V7h2v4h4V13z\"><\/path><\/svg><\/span> <!-- Icona SVG o simbolo -->\n                    <\/div>\n                    <div class=\"accordion-content-or\">\n                        <p>Ja, wir bieten ma\u00dfgeschneiderte Firmenvereinbarungen mit exklusiven Vorteilen wie vorzeitigem Fr\u00fchst\u00fcck, Fast Check-out, kostenfreiem Parken und Zugang zu Tagungsr\u00e4umen. Zudem erm\u00f6glicht unser Bleisure-Konzept, Arbeit mit Vergn\u00fcgen zu verbinden und erholsame Momente in den Thermalb\u00e4dern und Wellnessbereichen des Hotels zu genie\u00dfen. Kontaktieren Sie uns, um Ihre Vereinbarung zu aktivieren.<\/p>\n                    <\/div>\n                <\/div>\n                <\/div><\/div><\/div>\n\n\n<script>\n    document.addEventListener(\"DOMContentLoaded\", function() {\n        const accordions = document.querySelectorAll(\".accordion-or\");\n        accordions.forEach(accordion => {\n            accordion.querySelector(\".accordion-header-or\").addEventListener(\"click\", function() {\n                this.classList.toggle(\"active\");\n                const content = this.nextElementSibling;\n                if (content.style.display === \"block\") {\n                    content.style.display = \"none\";\n                } else {\n                    content.style.display = \"block\";\n                }\n            });\n        });\n    });\n<\/script>\n<style>\n\/* 27.0 FAQ OPEN ROSETTA *\/\n\n\n.faq-container {\n    display: flex;\n    flex-wrap: wrap;\n    gap: 20px;   \n}\n\n.faq-category-or {\n    width: calc(50% - 20px); \/* Due colonne *\/\n    margin-bottom: 20px;\n}\n\nh2.faq-category-title-or {\n    font-size: 30px;\n    border-bottom: 1px solid #86267A;\n    padding-bottom: 15px;\n    margin-bottom: 30px;\n    padding-top: 30px;\n}\n\n.accordion-or {\n    border: 1px solid #ccc; \/* Bordino attorno all'accordion *\/\n    border-radius: 2px;\n    margin-bottom: 10px;\n    overflow: hidden;\n}\n\n.accordion-header-or {\n    display: flex;\n    justify-content: space-between;\n    align-items: center;\n    padding: 10px;\n    background-color: #ffffff;\n    cursor: pointer;\n}\n\n.accordion-question-or {\n    text-align: left;\n    flex-grow: 1; \/* Occupa tutto lo spazio disponibile *\/\n    line-height: 1.8;\n    font-size: 1.2em;\n    font-family: 'Reem Kufi', sans-serif !important;\n    color: #39414D !important;\n}\n\n.accordion-icon-or {\n    font-size: 12px;\n    margin-left: 10px;\n    transform: rotate(0);\n    transition: transform 0.3s;\n}\n\n.accordion-or.active .accordion-icon-or {\n    transform: rotate(180deg); \/* Ruota l'icona quando attivo *\/\n}\n\n.accordion-content-or {\n    padding: 10px;\n    display: none;\n    border-top: 1px solid #ccc; \/* Bordino tra domanda e risposta *\/\n}\n\n.faq-category-or-spa{\n    width: 100%;\n}\n\n<\/style>\n<\/div>\n\t\t\t\t\t\t<\/div>\n\t\t\t\t<div class=\"elementor-element elementor-element-b3a5f2a elementor-widget elementor-widget-heading\" data-id=\"b3a5f2a\" data-element_type=\"widget\" data-e-type=\"widget\" data-widget_type=\"heading.default\">\n\t\t\t\t\t<div class=\"elementor-heading-title elementor-size-default\"><a href=\"https:\/\/www.savoiaterme.it\/de\/faq\/\">Alle anzeigen<\/a><\/div>\t\t\t\t<\/div>\n\t\t\t\t<\/div>\n\t\t\t\t\t<\/div>\n\t\t\t\t<\/div>\n\t\t\t\t<\/div>\n\t\t","protected":false},"excerpt":{"rendered":"<p>Tagungs- und Veranstaltungsr\u00e4ume in Abano Terme Vielseitige R\u00e4umlichkeiten, ma\u00dfgeschneiderte Dienstleistungen und Thermal-Gastlichkeit f\u00fcr die Organisation von Gesch\u00e4ftstreffen, Kongressen, privaten Veranstaltungen und geselligen Anl\u00e4ssen in einem eleganten und funktionalen Ambiente. Informationen anfordern Eine Veranstaltung zu organisieren bedeutet, einen Ort auszuw\u00e4hlen, der Platz f\u00fcr Ihre G\u00e4ste bietet, die Arbeit erleichtert und jeden Moment des Tages optimal zur [&hellip;]<\/p>\n","protected":false},"author":2,"featured_media":32276,"parent":0,"menu_order":225,"comment_status":"closed","ping_status":"closed","template":"","meta":{"_acf_changed":false,"footnotes":""},"class_list":["post-34515","page","type-page","status-publish","has-post-thumbnail","hentry"],"acf":[],"yoast_head":"<!-- This site is optimized with the Yoast SEO plugin v28.3 - https:\/\/yoast.com\/product\/yoast-seo-wordpress\/ -->\n<title>Business | Hotel Savoia Therm\u00e6 &amp; Spa<\/title>\n<meta name=\"description\" content=\"Tagungsr\u00e4ume in Abano Terme f\u00fcr Meetings und Firmenveranstaltungen mit vielseitigen R\u00e4umlichkeiten, professioneller Technik und ma\u00dfgeschneiderten Dienstleistungen.\" \/>\n<meta name=\"robots\" content=\"index, follow, max-snippet:-1, max-image-preview:large, max-video-preview:-1\" \/>\n<link rel=\"canonical\" href=\"https:\/\/www.savoiaterme.it\/de\/business\/\" \/>\n<meta property=\"og:locale\" content=\"de_DE\" \/>\n<meta property=\"og:type\" content=\"article\" \/>\n<meta property=\"og:title\" content=\"Business | Hotel Savoia Therm\u00e6 &amp; Spa\" \/>\n<meta property=\"og:description\" content=\"Tagungsr\u00e4ume in Abano Terme f\u00fcr Meetings und Firmenveranstaltungen mit vielseitigen R\u00e4umlichkeiten, professioneller Technik und ma\u00dfgeschneiderten Dienstleistungen.\" \/>\n<meta property=\"og:url\" content=\"https:\/\/www.savoiaterme.it\/de\/business\/\" \/>\n<meta property=\"og:site_name\" content=\"Hotel Savoia Therm\u00e6 &amp; Spa - 4 stelle - Abano Terme\" \/>\n<meta property=\"article:publisher\" content=\"https:\/\/www.facebook.com\/savoiaterme\/\" \/>\n<meta property=\"article:modified_time\" content=\"2026-08-25T12:33:27+00:00\" \/>\n<meta property=\"og:image\" content=\"https:\/\/www.savoiaterme.it\/wp-content\/uploads\/2026\/05\/Moderna-sala-conferenze-nellHotel-Savoia-Therme-e-Spa.jpg\" \/>\n\t<meta property=\"og:image:width\" content=\"1200\" \/>\n\t<meta property=\"og:image:height\" content=\"801\" \/>\n\t<meta property=\"og:image:type\" content=\"image\/jpeg\" \/>\n<meta name=\"twitter:card\" content=\"summary_large_image\" \/>\n<meta name=\"twitter:label1\" content=\"Gesch\u00e4tzte Lesezeit\" \/>\n\t<meta name=\"twitter:data1\" content=\"6\u00a0Minuten\" \/>\n<script type=\"application\/ld+json\" class=\"yoast-schema-graph\">{\"@context\":\"https:\\\/\\\/schema.org\",\"@graph\":[{\"@type\":\"WebPage\",\"@id\":\"https:\\\/\\\/www.savoiaterme.it\\\/de\\\/business\\\/\",\"url\":\"https:\\\/\\\/www.savoiaterme.it\\\/de\\\/business\\\/\",\"name\":\"Business | Hotel Savoia Therm\u00e6 & Spa\",\"isPartOf\":{\"@id\":\"https:\\\/\\\/www.savoiaterme.it\\\/de\\\/#website\"},\"primaryImageOfPage\":{\"@id\":\"https:\\\/\\\/www.savoiaterme.it\\\/de\\\/business\\\/#primaryimage\"},\"image\":{\"@id\":\"https:\\\/\\\/www.savoiaterme.it\\\/de\\\/business\\\/#primaryimage\"},\"thumbnailUrl\":\"https:\\\/\\\/www.savoiaterme.it\\\/wp-content\\\/uploads\\\/2026\\\/05\\\/Moderna-sala-conferenze-nellHotel-Savoia-Therme-e-Spa.jpg\",\"datePublished\":\"2026-02-27T09:43:17+00:00\",\"dateModified\":\"2026-08-25T12:33:27+00:00\",\"description\":\"Tagungsr\u00e4ume in Abano Terme f\u00fcr Meetings und Firmenveranstaltungen mit vielseitigen R\u00e4umlichkeiten, professioneller Technik und ma\u00dfgeschneiderten Dienstleistungen.\",\"breadcrumb\":{\"@id\":\"https:\\\/\\\/www.savoiaterme.it\\\/de\\\/business\\\/#breadcrumb\"},\"inLanguage\":\"de\",\"potentialAction\":[{\"@type\":\"ReadAction\",\"target\":[\"https:\\\/\\\/www.savoiaterme.it\\\/de\\\/business\\\/\"]}]},{\"@type\":\"ImageObject\",\"inLanguage\":\"de\",\"@id\":\"https:\\\/\\\/www.savoiaterme.it\\\/de\\\/business\\\/#primaryimage\",\"url\":\"https:\\\/\\\/www.savoiaterme.it\\\/wp-content\\\/uploads\\\/2026\\\/05\\\/Moderna-sala-conferenze-nellHotel-Savoia-Therme-e-Spa.jpg\",\"contentUrl\":\"https:\\\/\\\/www.savoiaterme.it\\\/wp-content\\\/uploads\\\/2026\\\/05\\\/Moderna-sala-conferenze-nellHotel-Savoia-Therme-e-Spa.jpg\",\"width\":1200,\"height\":801,\"caption\":\"Konferenzsaal des Hotels Savoia Therme & Spa\"},{\"@type\":\"BreadcrumbList\",\"@id\":\"https:\\\/\\\/www.savoiaterme.it\\\/de\\\/business\\\/#breadcrumb\",\"itemListElement\":[{\"@type\":\"ListItem\",\"position\":1,\"name\":\"Home\",\"item\":\"https:\\\/\\\/www.savoiaterme.it\\\/de\\\/\"},{\"@type\":\"ListItem\",\"position\":2,\"name\":\"Business\"}]},{\"@type\":\"WebSite\",\"@id\":\"https:\\\/\\\/www.savoiaterme.it\\\/de\\\/#website\",\"url\":\"https:\\\/\\\/www.savoiaterme.it\\\/de\\\/\",\"name\":\"Hotel Savoia Therm\u00e6 & Spa - 4 stelle - Abano Terme\",\"description\":\"Hotel Savoia sorge ai piedi dei Colli Euganei. Uno dei pi\u00f9 affascinanti terme e Spa a 4 stelle nel cuore di Abano terme.\",\"publisher\":{\"@id\":\"https:\\\/\\\/www.savoiaterme.it\\\/de\\\/#organization\"},\"potentialAction\":[{\"@type\":\"SearchAction\",\"target\":{\"@type\":\"EntryPoint\",\"urlTemplate\":\"https:\\\/\\\/www.savoiaterme.it\\\/de\\\/?s={search_term_string}\"},\"query-input\":{\"@type\":\"PropertyValueSpecification\",\"valueRequired\":true,\"valueName\":\"search_term_string\"}}],\"inLanguage\":\"de\"},{\"@type\":\"Organization\",\"@id\":\"https:\\\/\\\/www.savoiaterme.it\\\/de\\\/#organization\",\"name\":\"Savoia Thermae & Spa\",\"url\":\"https:\\\/\\\/www.savoiaterme.it\\\/de\\\/\",\"logo\":{\"@type\":\"ImageObject\",\"inLanguage\":\"de\",\"@id\":\"https:\\\/\\\/www.savoiaterme.it\\\/de\\\/#\\\/schema\\\/logo\\\/image\\\/\",\"url\":\"https:\\\/\\\/www.savoiaterme.it\\\/wp-content\\\/uploads\\\/2026\\\/03\\\/Logo_Savoia_2026.svg\",\"contentUrl\":\"https:\\\/\\\/www.savoiaterme.it\\\/wp-content\\\/uploads\\\/2026\\\/03\\\/Logo_Savoia_2026.svg\",\"width\":218,\"height\":101,\"caption\":\"Savoia Thermae & Spa\"},\"image\":{\"@id\":\"https:\\\/\\\/www.savoiaterme.it\\\/de\\\/#\\\/schema\\\/logo\\\/image\\\/\"},\"sameAs\":[\"https:\\\/\\\/www.facebook.com\\\/savoiaterme\\\/\",\"https:\\\/\\\/www.instagram.com\\\/savoiatermeabano\\\/\"]}]}<\/script>\n<!-- \/ Yoast SEO plugin. -->","yoast_head_json":{"title":"Business | Hotel Savoia Therm\u00e6 & Spa","description":"Tagungsr\u00e4ume in Abano Terme f\u00fcr Meetings und Firmenveranstaltungen mit vielseitigen R\u00e4umlichkeiten, professioneller Technik und ma\u00dfgeschneiderten Dienstleistungen.","robots":{"index":"index","follow":"follow","max-snippet":"max-snippet:-1","max-image-preview":"max-image-preview:large","max-video-preview":"max-video-preview:-1"},"canonical":"https:\/\/www.savoiaterme.it\/de\/business\/","og_locale":"de_DE","og_type":"article","og_title":"Business | Hotel Savoia Therm\u00e6 & Spa","og_description":"Tagungsr\u00e4ume in Abano Terme f\u00fcr Meetings und Firmenveranstaltungen mit vielseitigen R\u00e4umlichkeiten, professioneller Technik und ma\u00dfgeschneiderten Dienstleistungen.","og_url":"https:\/\/www.savoiaterme.it\/de\/business\/","og_site_name":"Hotel Savoia Therm\u00e6 &amp; Spa - 4 stelle - Abano Terme","article_publisher":"https:\/\/www.facebook.com\/savoiaterme\/","article_modified_time":"2026-08-25T12:33:27+00:00","og_image":[{"width":1200,"height":801,"url":"https:\/\/www.savoiaterme.it\/wp-content\/uploads\/2026\/05\/Moderna-sala-conferenze-nellHotel-Savoia-Therme-e-Spa.jpg","type":"image\/jpeg"}],"twitter_card":"summary_large_image","twitter_misc":{"Gesch\u00e4tzte Lesezeit":"6\u00a0Minuten"},"schema":{"@context":"https:\/\/schema.org","@graph":[{"@type":"WebPage","@id":"https:\/\/www.savoiaterme.it\/de\/business\/","url":"https:\/\/www.savoiaterme.it\/de\/business\/","name":"Business | Hotel Savoia Therm\u00e6 & Spa","isPartOf":{"@id":"https:\/\/www.savoiaterme.it\/de\/#website"},"primaryImageOfPage":{"@id":"https:\/\/www.savoiaterme.it\/de\/business\/#primaryimage"},"image":{"@id":"https:\/\/www.savoiaterme.it\/de\/business\/#primaryimage"},"thumbnailUrl":"https:\/\/www.savoiaterme.it\/wp-content\/uploads\/2026\/05\/Moderna-sala-conferenze-nellHotel-Savoia-Therme-e-Spa.jpg","datePublished":"2026-02-27T09:43:17+00:00","dateModified":"2026-08-25T12:33:27+00:00","description":"Tagungsr\u00e4ume in Abano Terme f\u00fcr Meetings und Firmenveranstaltungen mit vielseitigen R\u00e4umlichkeiten, professioneller Technik und ma\u00dfgeschneiderten Dienstleistungen.","breadcrumb":{"@id":"https:\/\/www.savoiaterme.it\/de\/business\/#breadcrumb"},"inLanguage":"de","potentialAction":[{"@type":"ReadAction","target":["https:\/\/www.savoiaterme.it\/de\/business\/"]}]},{"@type":"ImageObject","inLanguage":"de","@id":"https:\/\/www.savoiaterme.it\/de\/business\/#primaryimage","url":"https:\/\/www.savoiaterme.it\/wp-content\/uploads\/2026\/05\/Moderna-sala-conferenze-nellHotel-Savoia-Therme-e-Spa.jpg","contentUrl":"https:\/\/www.savoiaterme.it\/wp-content\/uploads\/2026\/05\/Moderna-sala-conferenze-nellHotel-Savoia-Therme-e-Spa.jpg","width":1200,"height":801,"caption":"Konferenzsaal des Hotels Savoia Therme & Spa"},{"@type":"BreadcrumbList","@id":"https:\/\/www.savoiaterme.it\/de\/business\/#breadcrumb","itemListElement":[{"@type":"ListItem","position":1,"name":"Home","item":"https:\/\/www.savoiaterme.it\/de\/"},{"@type":"ListItem","position":2,"name":"Business"}]},{"@type":"WebSite","@id":"https:\/\/www.savoiaterme.it\/de\/#website","url":"https:\/\/www.savoiaterme.it\/de\/","name":"Hotel Savoia Therm\u00e6 & Spa - 4 stelle - Abano Terme","description":"Hotel Savoia sorge ai piedi dei Colli Euganei. Uno dei pi\u00f9 affascinanti terme e Spa a 4 stelle nel cuore di Abano terme.","publisher":{"@id":"https:\/\/www.savoiaterme.it\/de\/#organization"},"potentialAction":[{"@type":"SearchAction","target":{"@type":"EntryPoint","urlTemplate":"https:\/\/www.savoiaterme.it\/de\/?s={search_term_string}"},"query-input":{"@type":"PropertyValueSpecification","valueRequired":true,"valueName":"search_term_string"}}],"inLanguage":"de"},{"@type":"Organization","@id":"https:\/\/www.savoiaterme.it\/de\/#organization","name":"Savoia Thermae & Spa","url":"https:\/\/www.savoiaterme.it\/de\/","logo":{"@type":"ImageObject","inLanguage":"de","@id":"https:\/\/www.savoiaterme.it\/de\/#\/schema\/logo\/image\/","url":"https:\/\/www.savoiaterme.it\/wp-content\/uploads\/2026\/03\/Logo_Savoia_2026.svg","contentUrl":"https:\/\/www.savoiaterme.it\/wp-content\/uploads\/2026\/03\/Logo_Savoia_2026.svg","width":218,"height":101,"caption":"Savoia Thermae & Spa"},"image":{"@id":"https:\/\/www.savoiaterme.it\/de\/#\/schema\/logo\/image\/"},"sameAs":["https:\/\/www.facebook.com\/savoiaterme\/","https:\/\/www.instagram.com\/savoiatermeabano\/"]}]}},"_links":{"self":[{"href":"https:\/\/www.savoiaterme.it\/de\/wp-json\/wp\/v2\/pages\/34515","targetHints":{"allow":["GET"]}}],"collection":[{"href":"https:\/\/www.savoiaterme.it\/de\/wp-json\/wp\/v2\/pages"}],"about":[{"href":"https:\/\/www.savoiaterme.it\/de\/wp-json\/wp\/v2\/types\/page"}],"author":[{"embeddable":true,"href":"https:\/\/www.savoiaterme.it\/de\/wp-json\/wp\/v2\/users\/2"}],"replies":[{"embeddable":true,"href":"https:\/\/www.savoiaterme.it\/de\/wp-json\/wp\/v2\/comments?post=34515"}],"version-history":[{"count":7,"href":"https:\/\/www.savoiaterme.it\/de\/wp-json\/wp\/v2\/pages\/34515\/revisions"}],"predecessor-version":[{"id":35677,"href":"https:\/\/www.savoiaterme.it\/de\/wp-json\/wp\/v2\/pages\/34515\/revisions\/35677"}],"wp:featuredmedia":[{"embeddable":true,"href":"https:\/\/www.savoiaterme.it\/de\/wp-json\/wp\/v2\/media\/32276"}],"wp:attachment":[{"href":"https:\/\/www.savoiaterme.it\/de\/wp-json\/wp\/v2\/media?parent=34515"}],"curies":[{"name":"wp","href":"https:\/\/api.w.org\/{rel}","templated":true}]}}