{"id":34559,"date":"2025-09-18T08:03:38","date_gmt":"2025-09-18T06:03:38","guid":{"rendered":"https:\/\/savoia.promoservicebeta.com\/faq\/"},"modified":"2026-07-17T09:34:30","modified_gmt":"2026-07-17T07:34:30","slug":"faq","status":"publish","type":"page","link":"https:\/\/www.savoiaterme.it\/de\/faq\/","title":{"rendered":"FAQ"},"content":{"rendered":"\t\t<div data-elementor-type=\"wp-page\" data-elementor-id=\"34559\" class=\"elementor elementor-34559 elementor-24\" data-elementor-post-type=\"page\">\n\t\t\t\t<div class=\"elementor-element elementor-element-0766437 e-flex e-con-boxed e-con e-parent\" data-id=\"0766437\" data-element_type=\"container\" data-e-type=\"container\" data-settings=\"{&quot;background_background&quot;:&quot;classic&quot;}\">\n\t\t\t\t\t<div class=\"e-con-inner\">\n\t\t\t\t<div class=\"elementor-element elementor-element-f281bbb elementor-widget elementor-widget-heading\" data-id=\"f281bbb\" data-element_type=\"widget\" data-e-type=\"widget\" data-widget_type=\"heading.default\">\n\t\t\t\t\t<h1 class=\"elementor-heading-title elementor-size-default\">Die h\u00e4ufigsten Fragen\n<\/h1>\t\t\t\t<\/div>\n\t\t\t\t\t<\/div>\n\t\t\t\t<\/div>\n\t\t<div class=\"elementor-element elementor-element-00a72cc e-flex e-con-boxed e-con e-parent\" data-id=\"00a72cc\" data-element_type=\"container\" data-e-type=\"container\" data-settings=\"{&quot;background_background&quot;:&quot;classic&quot;}\">\n\t\t\t\t\t<div class=\"e-con-inner\">\n\t\t\t\t<div class=\"elementor-element elementor-element-fe72862 faq-accordion elementor-widget elementor-widget-shortcode\" data-id=\"fe72862\" data-element_type=\"widget\" data-e-type=\"widget\" data-widget_type=\"shortcode.default\">\n\t\t\t\t\t\t\t<div class=\"elementor-shortcode\"><div class=\"faq-container\"><div class=\"faq-category-or-spa\"><h2 class=\"faq-category-title-or\">Hotel Dienstleistungen<\/h2><div class=\"faq-accordion-or\">\n                <div class=\"accordion-or\">\n                    <div class=\"accordion-header-or\">\n                        <span class=\"accordion-question-or\">Wie kann ich die Infoguest Savoia App herunterladen, um meinen Aufenthalt im Hotel zu verwalten?<\/span>\n                        <span class=\"accordion-icon-or\"><svg fill=\"#39414D\" xmlns=\"http:\/\/www.w3.org\/2000\/svg\" width=\"24\" height=\"24\" viewBox=\"0 0 24 24\"><path fill=\"none\" d=\"M0,0h24v24H0V0z\"><\/path><path d=\"M12,2C6.48,2,2,6.48,2,12s4.48,10,10,10s10-4.48,10-10S17.52,2,12,2z M17,13h-4v4h-2v-4H7v-2h4V7h2v4h4V13z\"><\/path><\/svg><\/span> <!-- Icona SVG o simbolo -->\n                    <\/div>\n                    <div class=\"accordion-content-or\">\n                        <p>Infoguest Savoia ist die exklusive App, mit der Sie jedes Detail Ihres Wellnessurlaubs im Hotel Savoia Thermae &amp; Spa individuell gestalten und verwalten k\u00f6nnen. Um alle Vorteile zu entdecken und sie auf Ihr Smartphone herunterzuladen <a href=\"https:\/\/savoiaguest.savoiaterme.it\/\" target=\"_blank\">klicken Sie hier<\/a><\/p>\n                    <\/div>\n                <\/div>\n                \n                <div class=\"accordion-or\">\n                    <div class=\"accordion-header-or\">\n                        <span class=\"accordion-question-or\">Gibt es eine Gep\u00e4ckaufbewahrung<\/span>\n                        <span class=\"accordion-icon-or\"><svg fill=\"#39414D\" xmlns=\"http:\/\/www.w3.org\/2000\/svg\" width=\"24\" height=\"24\" viewBox=\"0 0 24 24\"><path fill=\"none\" d=\"M0,0h24v24H0V0z\"><\/path><path d=\"M12,2C6.48,2,2,6.48,2,12s4.48,10,10,10s10-4.48,10-10S17.52,2,12,2z M17,13h-4v4h-2v-4H7v-2h4V7h2v4h4V13z\"><\/path><\/svg><\/span> <!-- Icona SVG o simbolo -->\n                    <\/div>\n                    <div class=\"accordion-content-or\">\n                        <p><b>Neben der Rezeption<\/b> steht Ihnen ein praktischer Gep\u00e4ckraum zur Verf\u00fcgung: Sie k\u00f6nnen diesen am Anreisetag nutzen, bis Ihr Zimmer bezugsbereit ist, oder am Abreisetag, um Ihren <b>Wellnessurlaub<\/b> zu verl\u00e4ngern und ein letztes <b>entspanntes Wochenende<\/b> oder einen Spaziergang in Abano Terme zu genie\u00dfen.<\/p>\n                    <\/div>\n                <\/div>\n                \n                <div class=\"accordion-or\">\n                    <div class=\"accordion-header-or\">\n                        <span class=\"accordion-question-or\">Hat das Hotel einen Parkplatz?<\/span>\n                        <span class=\"accordion-icon-or\"><svg fill=\"#39414D\" xmlns=\"http:\/\/www.w3.org\/2000\/svg\" width=\"24\" height=\"24\" viewBox=\"0 0 24 24\"><path fill=\"none\" d=\"M0,0h24v24H0V0z\"><\/path><path d=\"M12,2C6.48,2,2,6.48,2,12s4.48,10,10,10s10-4.48,10-10S17.52,2,12,2z M17,13h-4v4h-2v-4H7v-2h4V7h2v4h4V13z\"><\/path><\/svg><\/span> <!-- Icona SVG o simbolo -->\n                    <\/div>\n                    <div class=\"accordion-content-or\">\n                        <p>Ja, das Hotel verf\u00fcgt \u00fcber einen gro\u00dfen, <b>kostenfreien<\/b> Privatparkplatz im Freien (\u00fcberdachte Stellpl\u00e4tze sind f\u00fcr 10,00 \u20ac pro Tag verf\u00fcgbar), um Ihnen eine komfortable Anreise zu garantieren. Sollte das Tor geschlossen sein, l\u00e4uten Sie einfach an der Klingel und unser Rezeptionsteam wird Ihnen sofort \u00f6ffnen; das Hotel befindet sich nicht in einer ZTL (verkehrsberuhigten Zone), sodass Ihr <b>Wellnessurlaub<\/b> in Abano Terme von Anfang an absolut stressfrei beginnt.<\/p>\n                    <\/div>\n                <\/div>\n                \n                <div class=\"accordion-or\">\n                    <div class=\"accordion-header-or\">\n                        <span class=\"accordion-question-or\">Welche Leistungen sind im Preis inbegriffen?<\/span>\n                        <span class=\"accordion-icon-or\"><svg fill=\"#39414D\" xmlns=\"http:\/\/www.w3.org\/2000\/svg\" width=\"24\" height=\"24\" viewBox=\"0 0 24 24\"><path fill=\"none\" d=\"M0,0h24v24H0V0z\"><\/path><path d=\"M12,2C6.48,2,2,6.48,2,12s4.48,10,10,10s10-4.48,10-10S17.52,2,12,2z M17,13h-4v4h-2v-4H7v-2h4V7h2v4h4V13z\"><\/path><\/svg><\/span> <!-- Icona SVG o simbolo -->\n                    <\/div>\n                    <div class=\"accordion-content-or\">\n                        <p>K\u00f6nnen w\u00e4hrend der Veranstaltung Kaffeepausen, Gesch\u00e4ftsessen oder Firmenessen organisiert werden?<\/p>\n                    <\/div>\n                <\/div>\n                \n                <div class=\"accordion-or\">\n                    <div class=\"accordion-header-or\">\n                        <span class=\"accordion-question-or\">Gibt es einen WLAN-Internetzugang?<\/span>\n                        <span class=\"accordion-icon-or\"><svg fill=\"#39414D\" xmlns=\"http:\/\/www.w3.org\/2000\/svg\" width=\"24\" height=\"24\" viewBox=\"0 0 24 24\"><path fill=\"none\" d=\"M0,0h24v24H0V0z\"><\/path><path d=\"M12,2C6.48,2,2,6.48,2,12s4.48,10,10,10s10-4.48,10-10S17.52,2,12,2z M17,13h-4v4h-2v-4H7v-2h4V7h2v4h4V13z\"><\/path><\/svg><\/span> <!-- Icona SVG o simbolo -->\n                    <\/div>\n                    <div class=\"accordion-content-or\">\n                        <p>Ja, das Hotel verf\u00fcgt \u00fcber ein <b>kostenfreies WLAN-Netzwerk in der gesamten Struktur<\/b>. F\u00fcr den Zugriff ist eine kurze Registrierung erforderlich, bei der Sie Ihren Vornamen, Nachnamen, Ihre Zimmernummer und Ihre E-Mail-Adresse in die entsprechenden Felder eintragen.<\/p>\n                    <\/div>\n                <\/div>\n                <\/div><\/div><div class=\"faq-category-or-spa\"><h2 class=\"faq-category-title-or\">Wellness zentrum<\/h2><div class=\"faq-accordion-or\">\n                <div class=\"accordion-or\">\n                    <div class=\"accordion-header-or\">\n                        <span class=\"accordion-question-or\">Wie warm sind die Pools im Sommer, wenn es hei\u00df ist?<\/span>\n                        <span class=\"accordion-icon-or\"><svg fill=\"#39414D\" xmlns=\"http:\/\/www.w3.org\/2000\/svg\" width=\"24\" height=\"24\" viewBox=\"0 0 24 24\"><path fill=\"none\" d=\"M0,0h24v24H0V0z\"><\/path><path d=\"M12,2C6.48,2,2,6.48,2,12s4.48,10,10,10s10-4.48,10-10S17.52,2,12,2z M17,13h-4v4h-2v-4H7v-2h4V7h2v4h4V13z\"><\/path><\/svg><\/span> <!-- Icona SVG o simbolo -->\n                    <\/div>\n                    <div class=\"accordion-content-or\">\n                        <p>Wenn es wie im Sommer hei\u00df ist, wird die Wassertemperatur der Thermalb\u00e4der des Hotels Savoia Therm\u00e6 &amp; Spa niedriger gehalten: Hallenbad: ca. 32-33\u00b0C; Au\u00dfenbecken: ca. 33\u00b0C; kleineres Au\u00dfenbecken: ca. 26-28\u00b0C. Diese Temperaturen erm\u00f6glichen auch bei Sommerhitze ein angenehmes Baden.<\/p>\n                    <\/div>\n                <\/div>\n                \n                <div class=\"accordion-or\">\n                    <div class=\"accordion-header-or\">\n                        <span class=\"accordion-question-or\">Wann und wo soll ich Spa-, Wellness- und Beauty-Behandlungen buchen?<\/span>\n                        <span class=\"accordion-icon-or\"><svg fill=\"#39414D\" xmlns=\"http:\/\/www.w3.org\/2000\/svg\" width=\"24\" height=\"24\" viewBox=\"0 0 24 24\"><path fill=\"none\" d=\"M0,0h24v24H0V0z\"><\/path><path d=\"M12,2C6.48,2,2,6.48,2,12s4.48,10,10,10s10-4.48,10-10S17.52,2,12,2z M17,13h-4v4h-2v-4H7v-2h4V7h2v4h4V13z\"><\/path><\/svg><\/span> <!-- Icona SVG o simbolo -->\n                    <\/div>\n                    <div class=\"accordion-content-or\">\n                        <p><b>Wir empfehlen, die Behandlungen bereits bei der Zimmerbuchung zu reservieren<\/b>, um eine gr\u00f6\u00dfere Verf\u00fcgbarkeit von Dienstleistungen und Zeiten zu gew\u00e4hrleisten. Behandlungen k\u00f6nnen telefonisch unter 049.82.31.111 und nach R\u00fccksprache mit den Leiterinnen des Wellnesscenters gebucht werden, die t\u00e4glich von 9:30 bis 13:00 Uhr und von 14:30 bis 18:00 Uhr erreichbar sind, oder indem Sie Ihre Anfrage per E-Mail an spa@savoiaterme.it senden.<\/p>\n                    <\/div>\n                <\/div>\n                \n                <div class=\"accordion-or\">\n                    <div class=\"accordion-header-or\">\n                        <span class=\"accordion-question-or\">Haben Kinder (13+) Zugang zum Wellnessbereich?<\/span>\n                        <span class=\"accordion-icon-or\"><svg fill=\"#39414D\" xmlns=\"http:\/\/www.w3.org\/2000\/svg\" width=\"24\" height=\"24\" viewBox=\"0 0 24 24\"><path fill=\"none\" d=\"M0,0h24v24H0V0z\"><\/path><path d=\"M12,2C6.48,2,2,6.48,2,12s4.48,10,10,10s10-4.48,10-10S17.52,2,12,2z M17,13h-4v4h-2v-4H7v-2h4V7h2v4h4V13z\"><\/path><\/svg><\/span> <!-- Icona SVG o simbolo -->\n                    <\/div>\n                    <div class=\"accordion-content-or\">\n                        <p>Jugendliche (13+) <b>haben freien Zugang<\/b> zu den Thermalb\u00e4dern und Ruhebereichen, sofern sie <b>von ihren Eltern begleitet werden<\/b> und die f\u00fcr das allgemeine Wohlbefinden erforderliche Ruhe einhalten. Der <b>Zutritt zum SPA<\/b> (Finnische Sauna, Dampfbad, Erlebnisduschen, Kneipp-Parcours) und zum Fitnessraum ist hingegen <b>nicht gestattet<\/b>.<\/p>\n                    <\/div>\n                <\/div>\n                \n                <div class=\"accordion-or\">\n                    <div class=\"accordion-header-or\">\n                        <span class=\"accordion-question-or\">Wie sind die \u00d6ffnungszeiten des Wellnesscenters?<\/span>\n                        <span class=\"accordion-icon-or\"><svg fill=\"#39414D\" xmlns=\"http:\/\/www.w3.org\/2000\/svg\" width=\"24\" height=\"24\" viewBox=\"0 0 24 24\"><path fill=\"none\" d=\"M0,0h24v24H0V0z\"><\/path><path d=\"M12,2C6.48,2,2,6.48,2,12s4.48,10,10,10s10-4.48,10-10S17.52,2,12,2z M17,13h-4v4h-2v-4H7v-2h4V7h2v4h4V13z\"><\/path><\/svg><\/span> <!-- Icona SVG o simbolo -->\n                    <\/div>\n                    <div class=\"accordion-content-or\">\n                        <p>Die \u00d6ffnungszeiten unseres Wellnesscenters sind wie folgt:* <b>Thermalb\u00e4der<\/b>: 8:00 \u2013 23:00 Uhr* <b>SPA \/ Nassbereich<\/b>: 10:00 \u2013 21:00 Uhr* <b>Fitnessraum<\/b>: 8:00 \u2013 23:00 Uhr<\/p>\n                    <\/div>\n                <\/div>\n                \n                <div class=\"accordion-or\">\n                    <div class=\"accordion-header-or\">\n                        <span class=\"accordion-question-or\">Ist eine Badekappe im Pool obligatorisch?<\/span>\n                        <span class=\"accordion-icon-or\"><svg fill=\"#39414D\" xmlns=\"http:\/\/www.w3.org\/2000\/svg\" width=\"24\" height=\"24\" viewBox=\"0 0 24 24\"><path fill=\"none\" d=\"M0,0h24v24H0V0z\"><\/path><path d=\"M12,2C6.48,2,2,6.48,2,12s4.48,10,10,10s10-4.48,10-10S17.52,2,12,2z M17,13h-4v4h-2v-4H7v-2h4V7h2v4h4V13z\"><\/path><\/svg><\/span> <!-- Icona SVG o simbolo -->\n                    <\/div>\n                    <div class=\"accordion-content-or\">\n                        <p>Nein, eine Badekappe ist in unseren Thermalb\u00e4dern nicht obligatorisch.<\/p>\n                    <\/div>\n                <\/div>\n                <\/div><\/div><div class=\"faq-category-or-spa\"><h2 class=\"faq-category-title-or\">Day Spa<\/h2><div class=\"faq-accordion-or\">\n                <div class=\"accordion-or\">\n                    <div class=\"accordion-header-or\">\n                        <span class=\"accordion-question-or\">Ist es m\u00f6glich, die Therme und das SPA als externe G\u00e4ste zu betreten?<\/span>\n                        <span class=\"accordion-icon-or\"><svg fill=\"#39414D\" xmlns=\"http:\/\/www.w3.org\/2000\/svg\" width=\"24\" height=\"24\" viewBox=\"0 0 24 24\"><path fill=\"none\" d=\"M0,0h24v24H0V0z\"><\/path><path d=\"M12,2C6.48,2,2,6.48,2,12s4.48,10,10,10s10-4.48,10-10S17.52,2,12,2z M17,13h-4v4h-2v-4H7v-2h4V7h2v4h4V13z\"><\/path><\/svg><\/span> <!-- Icona SVG o simbolo -->\n                    <\/div>\n                    <div class=\"accordion-content-or\">\n                        <p>Ja, der <b>Zugang zu den Pools ist je nach Verf\u00fcgbarkeit<\/b> auch f\u00fcr Tagesg\u00e4ste m\u00f6glich, einschlie\u00dflich der Inhaber von Geschenkgutscheinen. Die Preise variieren je nach Tag und Uhrzeit; f\u00fcr weitere Informationen <a href=\"https:\/\/www.savoiaterme.it\/it\/easy-all-day\/.\" target=\"_blank\">klicken Sie hier<\/a> Der Preis beinhaltet die Nutzung der Pools (miteinander verbundene Innen- und Au\u00dfenbecken mit Whirlpool sowie ein Au\u00dfenbecken mit Raumtemperatur) und des SPA (Finnische Sauna, Thermal-Dampfbad, Kneipp-Parcours, Erlebnisduschen) sowie einen abschlie\u00dfbaren Spind im speziellen Umkleideraum, einen Bademantel und ein Pooltuch. Jugendliche (13+) auf Anfrage.<\/p>\n                    <\/div>\n                <\/div>\n                \n                <div class=\"accordion-or\">\n                    <div class=\"accordion-header-or\">\n                        <span class=\"accordion-question-or\">Wie hoch ist der Preis f\u00fcr den Abendeintritt?<\/span>\n                        <span class=\"accordion-icon-or\"><svg fill=\"#39414D\" xmlns=\"http:\/\/www.w3.org\/2000\/svg\" width=\"24\" height=\"24\" viewBox=\"0 0 24 24\"><path fill=\"none\" d=\"M0,0h24v24H0V0z\"><\/path><path d=\"M12,2C6.48,2,2,6.48,2,12s4.48,10,10,10s10-4.48,10-10S17.52,2,12,2z M17,13h-4v4h-2v-4H7v-2h4V7h2v4h4V13z\"><\/path><\/svg><\/span> <!-- Icona SVG o simbolo -->\n                    <\/div>\n                    <div class=\"accordion-content-or\">\n                        <p>G\u00f6nnen Sie sich ein perfektes Relax-Wochenende oder eine erholsame Auszeit am Ende des Tages mit dem Abendeintritt in unsere Pools von 19:00 bis 22:00 Uhr und in das SPA von 19:00 bis 21:00 Uhr. Von Montag bis Freitag betr\u00e4gt der Preis \u20ac 30 pro Person, am Samstag und Sonntag \u20ac 40, w\u00e4hrend er an Feiertagen bei \u20ac 45 liegt. Um Ihnen h\u00f6chsten zeitgem\u00e4\u00dfen Komfort zu garantieren, sind ein flauschiges Handtuch und ein Bademantel immer im Preis inbegriffen. Trovi ulteriori informazioni alla pagina <a href=\"https:\/\/www.savoiaterme.it\/it\/spa\/day-spa\/.\" target=\"_blank\">Day Spa<\/a> Um die Verf\u00fcgbarkeit zu sichern und ein exklusives, unbeschwertes Erlebnis zu genie\u00dfen, empfehlen wir Ihnen, sich direkt mit dem Hotel in Verbindung zu setzen und Ihren Platz zu reservieren.<\/p>\n                    <\/div>\n                <\/div>\n                \n                <div class=\"accordion-or\">\n                    <div class=\"accordion-header-or\">\n                        <span class=\"accordion-question-or\">Wie hoch ist der Preis f\u00fcr den Nachmittagseintritt?<\/span>\n                        <span class=\"accordion-icon-or\"><svg fill=\"#39414D\" xmlns=\"http:\/\/www.w3.org\/2000\/svg\" width=\"24\" height=\"24\" viewBox=\"0 0 24 24\"><path fill=\"none\" d=\"M0,0h24v24H0V0z\"><\/path><path d=\"M12,2C6.48,2,2,6.48,2,12s4.48,10,10,10s10-4.48,10-10S17.52,2,12,2z M17,13h-4v4h-2v-4H7v-2h4V7h2v4h4V13z\"><\/path><\/svg><\/span> <!-- Icona SVG o simbolo -->\n                    <\/div>\n                    <div class=\"accordion-content-or\">\n                        <p>Wie hoch ist der Preis f\u00fcr den Nachmittagseintritt? Erleben Sie einen Nachmittag im Zeichen tiefster Entspannung. Der Nachmittagseintritt bietet Ihnen Zugang zu den Thermalb\u00e4dern von 14:00 bis 22:00 Uhr und zum SPA-Bereich von 14:00 bis 21:00 Uhr. Von Montag bis Freitag betr\u00e4gt der Preis \u20ac 35 pro Person, am Samstag und Sonntag \u20ac 45, und an Feiertagen \u20ac 50. Das kuschelige Wellness-Kit mit Handtuch und Bademantel ist immer inbegriffen, um Ihnen ein H\u00f6chstma\u00df an Liebe zum Detail zu bieten. Trovi ulteriori informazioni alla pagina <a href=\"https:\/\/www.savoiaterme.it\/it\/spa\/day-spa\/.\" target=\"_blank\">Day Spa<\/a> Die Pl\u00e4tze sind begrenzt, um die feine Atmosph\u00e4re unseres Thermal-Spas zu bewahren: Wir bitten Sie, sich direkt mit dem Hotel in Verbindung zu setzen, um die Verf\u00fcgbarkeit zu pr\u00fcfen.<\/p>\n                    <\/div>\n                <\/div>\n                \n                <div class=\"accordion-or\">\n                    <div class=\"accordion-header-or\">\n                        <span class=\"accordion-question-or\">Wie hoch ist der Preis f\u00fcr den Ganztageseintritt zum Day Spa (ohne \u00dcbernachtung) und wie kann ich die Verf\u00fcgbarkeit pr\u00fcfen?<\/span>\n                        <span class=\"accordion-icon-or\"><svg fill=\"#39414D\" xmlns=\"http:\/\/www.w3.org\/2000\/svg\" width=\"24\" height=\"24\" viewBox=\"0 0 24 24\"><path fill=\"none\" d=\"M0,0h24v24H0V0z\"><\/path><path d=\"M12,2C6.48,2,2,6.48,2,12s4.48,10,10,10s10-4.48,10-10S17.52,2,12,2z M17,13h-4v4h-2v-4H7v-2h4V7h2v4h4V13z\"><\/path><\/svg><\/span> <!-- Icona SVG o simbolo -->\n                    <\/div>\n                    <div class=\"accordion-content-or\">\n                        <p>Ein kompletter Wellnessurlaub an einem einzigen Tag: Unser Ganztageseintritt zum Day Spa, der f\u00fcr G\u00e4ste gedacht ist, die die Anlage ohne \u00dcbernachtung nutzen m\u00f6chten, bietet Ihnen Zugang zu den Thermalb\u00e4dern von 9:00 bis 22:00 Uhr und zum SPA von 10:00 bis 21:00 Uhr. Von Montag bis Freitag betr\u00e4gt der Preis \u20ac 40 pro Person, am Samstag und Sonntag \u20ac 50, und an Feiertagen \u20ac 55. Im Preis bereits enthalten ist der Verleih eines flauschigen Bademantels und Handtuchs, Symbole des typischen Savoia-Komforts. Trovi ulteriori Informationen alla pagina <a href=\"https:\/\/www.savoiaterme.it\/it\/spa\/day-spa\/.\" target=\"_blank\">Day Spa<\/a> Um ein exklusives Erlebnis und eine optimale Pflege der Bereiche zu gew\u00e4hrleisten, sind die Pl\u00e4tze f\u00fcr Tagesg\u00e4ste begrenzt. Wir bitten Sie daher, sich rechtzeitig mit uns in Verbindung zu setzen, um die Verf\u00fcgbarkeit f\u00fcr Ihren Wunschtag zu pr\u00fcfen.<\/p>\n                    <\/div>\n                <\/div>\n                \n                <div class=\"accordion-or\">\n                    <div class=\"accordion-header-or\">\n                        <span class=\"accordion-question-or\">Wie hoch sind die Preise f\u00fcr den Ganztages- oder Nachmittagseintritt f\u00fcr Tagesg\u00e4ste mit Kindern unter 13 Jahren?<\/span>\n                        <span class=\"accordion-icon-or\"><svg fill=\"#39414D\" xmlns=\"http:\/\/www.w3.org\/2000\/svg\" width=\"24\" height=\"24\" viewBox=\"0 0 24 24\"><path fill=\"none\" d=\"M0,0h24v24H0V0z\"><\/path><path d=\"M12,2C6.48,2,2,6.48,2,12s4.48,10,10,10s10-4.48,10-10S17.52,2,12,2z M17,13h-4v4h-2v-4H7v-2h4V7h2v4h4V13z\"><\/path><\/svg><\/span> <!-- Icona SVG o simbolo -->\n                    <\/div>\n                    <div class=\"accordion-content-or\">\n                        <p>Das Hotel Savoia Therm\u00e6 &amp; Spa hat sich f\u00fcr die Adult-Teen-Philosophie entschieden \u2013 ein Konzept, das unseren G\u00e4sten eine Atmosph\u00e4re von absoluter Ruhe, Stille und vollkommener Entspannung garantieren soll. Aus diesem Grund k\u00f6nnen wir Kinder unter 13 Jahren leider nicht aufnehmen, auch nicht f\u00fcr den Tageszugang als externe G\u00e4ste im Day Spa (weder nachmittags noch ganzt\u00e4gig, und unabh\u00e4ngig von der Buchung eines Tageszimmers).<\/p>\n                    <\/div>\n                <\/div>\n                <\/div><\/div><div class=\"faq-category-or-spa\"><h2 class=\"faq-category-title-or\">Buchung<\/h2><div class=\"faq-accordion-or\">\n                <div class=\"accordion-or\">\n                    <div class=\"accordion-header-or\">\n                        <span class=\"accordion-question-or\">Was ist eine Vorautorisierung?<\/span>\n                        <span class=\"accordion-icon-or\"><svg fill=\"#39414D\" xmlns=\"http:\/\/www.w3.org\/2000\/svg\" width=\"24\" height=\"24\" viewBox=\"0 0 24 24\"><path fill=\"none\" d=\"M0,0h24v24H0V0z\"><\/path><path d=\"M12,2C6.48,2,2,6.48,2,12s4.48,10,10,10s10-4.48,10-10S17.52,2,12,2z M17,13h-4v4h-2v-4H7v-2h4V7h2v4h4V13z\"><\/path><\/svg><\/span> <!-- Icona SVG o simbolo -->\n                    <\/div>\n                    <div class=\"accordion-content-or\">\n                        <p>Die Vorautorisierung <b>IST KEINE BELASTUNG<\/b>, sondern eine tempor\u00e4re Sperrung, um <b>die G\u00fcltigkeit und Deckung der Karte<\/b> zu pr\u00fcfen. Bei Wahl des Tarifs \u201eKostenlose Stornierung\u201c wird der Betrag der ersten Nacht blockiert; die Bedingungen variieren jedoch <b>je nach ausgew\u00e4hltem Angebot<\/b>. Das Hotel kann diese Pr\u00fcfung jederzeit durchf\u00fchren (bei Prepaid-Karten bitte das Guthaben pr\u00fcfen). Wenn die Vorautorisierung abgelehnt wird, haben Sie 24 Stunden Zeit, eine neue Karte vorzulegen, andernfalls wird die Buchung automatisch storniert. Beim Check-out k\u00f6nnen Sie nach Belieben bezahlen: Bei Barzahlung, EC-Karte oder einer anderen Karte wird das Hotel die Sperrung STORNIEREN (die Betr\u00e4ge sind in 48-72 Stunden wieder verf\u00fcgbar); alternativ k\u00f6nnen Sie den ABSCHLUSS der Vorautorisierung verlangen, um den Betrag direkt von der Buchungskarte abzubuchen, jedoch nur, wenn Sie der Karteninhaber sind und diese physisch an der Rezeption vorlegen. Achtung bei Bank-SMS: Diese melden Vorautorisierungen oft mit demselben Text wie einen echten Kauf, es handelt sich jedoch nur um eine tempor\u00e4re Sperrung, die im Kontoauszug als \u201evorautorisierte Transaktion\u201c oder \u201eausstehend\u201c erscheint.<\/p>\n                    <\/div>\n                <\/div>\n                \n                <div class=\"accordion-or\">\n                    <div class=\"accordion-header-or\">\n                        <span class=\"accordion-question-or\">Sind Haustiere erlaubt?<\/span>\n                        <span class=\"accordion-icon-or\"><svg fill=\"#39414D\" xmlns=\"http:\/\/www.w3.org\/2000\/svg\" width=\"24\" height=\"24\" viewBox=\"0 0 24 24\"><path fill=\"none\" d=\"M0,0h24v24H0V0z\"><\/path><path d=\"M12,2C6.48,2,2,6.48,2,12s4.48,10,10,10s10-4.48,10-10S17.52,2,12,2z M17,13h-4v4h-2v-4H7v-2h4V7h2v4h4V13z\"><\/path><\/svg><\/span> <!-- Icona SVG o simbolo -->\n                    <\/div>\n                    <div class=\"accordion-content-or\">\n                        <p>Unsere vierbeinigen Freunde <b>(kleine Hunde\/Katzen) sind herzlich willkommen!<\/b> Wir bieten Zimmer mit Parkettboden, und gegen eine Geb\u00fchr von <b>20\u20ac<\/b> ist ihnen ein besonderer Empfang garantiert. F\u00fcr den Komfort aller gelten einige <b>einfache Regeln<\/b>:* Leinenpflicht in den Gemeinschaftsbereichen;* Haustiere <b>haben keinen Zutritt zu den Pools (Innen-\/Au\u00dfenbereich), der Bar, dem Restaurant, dem Thermalzentrum und der Beauty Farm<\/b>;* <b>Nicht unbeaufsichtigt im Zimmer lassen<\/b>;* W\u00e4hrend der Reinigungszeiten (mit dem Personal abzusprechen) <b>in der Transportbox halten<\/b>;* Eventuelle <b>Sch\u00e4den werden in Rechnung gestellt<\/b>.Die <b>Tagesgeb\u00fchr<\/b> dient der Endreinigung bei der Abreise.<\/p>\n                    <\/div>\n                <\/div>\n                \n                <div class=\"accordion-or\">\n                    <div class=\"accordion-header-or\">\n                        <span class=\"accordion-question-or\">Gibt es Erm\u00e4\u00dfigungen f\u00fcr Jugendliche?<\/span>\n                        <span class=\"accordion-icon-or\"><svg fill=\"#39414D\" xmlns=\"http:\/\/www.w3.org\/2000\/svg\" width=\"24\" height=\"24\" viewBox=\"0 0 24 24\"><path fill=\"none\" d=\"M0,0h24v24H0V0z\"><\/path><path d=\"M12,2C6.48,2,2,6.48,2,12s4.48,10,10,10s10-4.48,10-10S17.52,2,12,2z M17,13h-4v4h-2v-4H7v-2h4V7h2v4h4V13z\"><\/path><\/svg><\/span> <!-- Icona SVG o simbolo -->\n                    <\/div>\n                    <div class=\"accordion-content-or\">\n                        <p>F\u00fcr ein <b>personalisiertes Angebot<\/b> f\u00fcr Ihren Familienaufenthalt geben Sie einfach das Alter des Kindes in das entsprechende Abfragefeld in der Leiste der \u201eOnline-Buchung\u201c ein.<\/p>\n                    <\/div>\n                <\/div>\n                \n                <div class=\"accordion-or\">\n                    <div class=\"accordion-header-or\">\n                        <span class=\"accordion-question-or\">Was bedeutet &#039;Hotel Adult-Teen&#039;?<\/span>\n                        <span class=\"accordion-icon-or\"><svg fill=\"#39414D\" xmlns=\"http:\/\/www.w3.org\/2000\/svg\" width=\"24\" height=\"24\" viewBox=\"0 0 24 24\"><path fill=\"none\" d=\"M0,0h24v24H0V0z\"><\/path><path d=\"M12,2C6.48,2,2,6.48,2,12s4.48,10,10,10s10-4.48,10-10S17.52,2,12,2z M17,13h-4v4h-2v-4H7v-2h4V7h2v4h4V13z\"><\/path><\/svg><\/span> <!-- Icona SVG o simbolo -->\n                    <\/div>\n                    <div class=\"accordion-content-or\">\n                        <p>Was bedeutet \u201eAdult-Teen Hotel\u201c? Das bedeutet, dass wir G\u00e4ste <b>ab 13 Jahren<\/b> willkommen hei\u00dfen. Unser Wunsch ist es, eine ruhige und entspannende Umgebung zu bieten, in der Paare, Singles und Eltern Momente der Intimit\u00e4t und des Friedens genie\u00dfen k\u00f6nnen.<\/p>\n                    <\/div>\n                <\/div>\n                \n                <div class=\"accordion-or\">\n                    <div class=\"accordion-header-or\">\n                        <span class=\"accordion-question-or\">Welche Kreditkarten werden akzeptiert?<\/span>\n                        <span class=\"accordion-icon-or\"><svg fill=\"#39414D\" xmlns=\"http:\/\/www.w3.org\/2000\/svg\" width=\"24\" height=\"24\" viewBox=\"0 0 24 24\"><path fill=\"none\" d=\"M0,0h24v24H0V0z\"><\/path><path d=\"M12,2C6.48,2,2,6.48,2,12s4.48,10,10,10s10-4.48,10-10S17.52,2,12,2z M17,13h-4v4h-2v-4H7v-2h4V7h2v4h4V13z\"><\/path><\/svg><\/span> <!-- Icona SVG o simbolo -->\n                    <\/div>\n                    <div class=\"accordion-content-or\">\n                        <p>Wir akzeptieren die folgenden Kreditkarten und Zahlungsmethoden: American Express, Visa, Euro\/Mastercard, CartaSi, Carte Bleue, Maestro, JCB und PayPal.<\/p>\n                    <\/div>\n                <\/div>\n                \n                <div class=\"accordion-or\">\n                    <div class=\"accordion-header-or\">\n                        <span class=\"accordion-question-or\">Haben Sie einen Kundendienst?<\/span>\n                        <span class=\"accordion-icon-or\"><svg fill=\"#39414D\" xmlns=\"http:\/\/www.w3.org\/2000\/svg\" width=\"24\" height=\"24\" viewBox=\"0 0 24 24\"><path fill=\"none\" d=\"M0,0h24v24H0V0z\"><\/path><path d=\"M12,2C6.48,2,2,6.48,2,12s4.48,10,10,10s10-4.48,10-10S17.52,2,12,2z M17,13h-4v4h-2v-4H7v-2h4V7h2v4h4V13z\"><\/path><\/svg><\/span> <!-- Icona SVG o simbolo -->\n                    <\/div>\n                    <div class=\"accordion-content-or\">\n                        <p>Nat\u00fcrlich. F\u00fcr Unterst\u00fctzung k\u00f6nnen Sie uns online \u00fcber den Live-Chat auf unserer Website, per E-Mail unter savoia@savoiaterme.it oder telefonisch unter 049 8231111 kontaktieren.<\/p>\n                    <\/div>\n                <\/div>\n                \n                <div class=\"accordion-or\">\n                    <div class=\"accordion-header-or\">\n                        <span class=\"accordion-question-or\">Ist es m\u00f6glich, Reservierungen online zu \u00e4ndern?<\/span>\n                        <span class=\"accordion-icon-or\"><svg fill=\"#39414D\" xmlns=\"http:\/\/www.w3.org\/2000\/svg\" width=\"24\" height=\"24\" viewBox=\"0 0 24 24\"><path fill=\"none\" d=\"M0,0h24v24H0V0z\"><\/path><path d=\"M12,2C6.48,2,2,6.48,2,12s4.48,10,10,10s10-4.48,10-10S17.52,2,12,2z M17,13h-4v4h-2v-4H7v-2h4V7h2v4h4V13z\"><\/path><\/svg><\/span> <!-- Icona SVG o simbolo -->\n                    <\/div>\n                    <div class=\"accordion-content-or\">\n                        <p>Ja, Sie k\u00f6nnen <b>Ihre Buchung selbstst\u00e4ndig<\/b> direkt auf unserer Website <b>\u00e4ndern oder stornieren<\/b>. Sie erhalten eine E-Mail zur Best\u00e4tigung der \u00c4nderung oder Stornierung. In jedem Fall steht Ihnen unser Kundenservice von 7:30 bis 21:30 Uhr zur Verf\u00fcgung.<\/p>\n                    <\/div>\n                <\/div>\n                \n                <div class=\"accordion-or\">\n                    <div class=\"accordion-header-or\">\n                        <span class=\"accordion-question-or\">Wie erfahre ich, ob meine Buchung best\u00e4tigt wurde?<\/span>\n                        <span class=\"accordion-icon-or\"><svg fill=\"#39414D\" xmlns=\"http:\/\/www.w3.org\/2000\/svg\" width=\"24\" height=\"24\" viewBox=\"0 0 24 24\"><path fill=\"none\" d=\"M0,0h24v24H0V0z\"><\/path><path d=\"M12,2C6.48,2,2,6.48,2,12s4.48,10,10,10s10-4.48,10-10S17.52,2,12,2z M17,13h-4v4h-2v-4H7v-2h4V7h2v4h4V13z\"><\/path><\/svg><\/span> <!-- Icona SVG o simbolo -->\n                    <\/div>\n                    <div class=\"accordion-content-or\">\n                        <p>Am Ende der Buchung <b>erhalten Sie eine automatisch generierte E-Mail mit der Best\u00e4tigungsnummer<\/b> und einer Zusammenfassung der reservierten Leistungen.<\/p>\n                    <\/div>\n                <\/div>\n                \n                <div class=\"accordion-or\">\n                    <div class=\"accordion-header-or\">\n                        <span class=\"accordion-question-or\">Brauche ich eine Kreditkarte, um zu buchen?<\/span>\n                        <span class=\"accordion-icon-or\"><svg fill=\"#39414D\" xmlns=\"http:\/\/www.w3.org\/2000\/svg\" width=\"24\" height=\"24\" viewBox=\"0 0 24 24\"><path fill=\"none\" d=\"M0,0h24v24H0V0z\"><\/path><path d=\"M12,2C6.48,2,2,6.48,2,12s4.48,10,10,10s10-4.48,10-10S17.52,2,12,2z M17,13h-4v4h-2v-4H7v-2h4V7h2v4h4V13z\"><\/path><\/svg><\/span> <!-- Icona SVG o simbolo -->\n                    <\/div>\n                    <div class=\"accordion-content-or\">\n                        <p>Ja, <b>f\u00fcr jede Buchung ist eine Kreditkarte erforderlich.<\/b> Bei Buchungen, die keine Vorauszahlung erfordern, dient sie als Garantie, und es erfolgen keine Belastungen, au\u00dfer im Falle einer nicht rechtzeitigen Stornierung.<\/p>\n                    <\/div>\n                <\/div>\n                \n                <div class=\"accordion-or\">\n                    <div class=\"accordion-header-or\">\n                        <span class=\"accordion-question-or\">Warum variieren die Preise von Tag zu Tag?<\/span>\n                        <span class=\"accordion-icon-or\"><svg fill=\"#39414D\" xmlns=\"http:\/\/www.w3.org\/2000\/svg\" width=\"24\" height=\"24\" viewBox=\"0 0 24 24\"><path fill=\"none\" d=\"M0,0h24v24H0V0z\"><\/path><path d=\"M12,2C6.48,2,2,6.48,2,12s4.48,10,10,10s10-4.48,10-10S17.52,2,12,2z M17,13h-4v4h-2v-4H7v-2h4V7h2v4h4V13z\"><\/path><\/svg><\/span> <!-- Icona SVG o simbolo -->\n                    <\/div>\n                    <div class=\"accordion-content-or\">\n                        <p>Die Preise variieren <b>je nach Zimmerverf\u00fcgbarkeit<\/b>, sodass sie sich je nach Nachfrage \u00e4ndern k\u00f6nnen. Im Allgemeinen gilt: <b>Je fr\u00fcher Sie buchen, desto besser ist der Tarif<\/b>, den Sie finden.<\/p>\n                    <\/div>\n                <\/div>\n                \n                <div class=\"accordion-or\">\n                    <div class=\"accordion-header-or\">\n                        <span class=\"accordion-question-or\">Warum ist es besser, \u00fcber unsere offizielle Website zu buchen als \u00fcber ein anderes Online-Portal (Es. Booking.com, Expedia)?<\/span>\n                        <span class=\"accordion-icon-or\"><svg fill=\"#39414D\" xmlns=\"http:\/\/www.w3.org\/2000\/svg\" width=\"24\" height=\"24\" viewBox=\"0 0 24 24\"><path fill=\"none\" d=\"M0,0h24v24H0V0z\"><\/path><path d=\"M12,2C6.48,2,2,6.48,2,12s4.48,10,10,10s10-4.48,10-10S17.52,2,12,2z M17,13h-4v4h-2v-4H7v-2h4V7h2v4h4V13z\"><\/path><\/svg><\/span> <!-- Icona SVG o simbolo -->\n                    <\/div>\n                    <div class=\"accordion-content-or\">\n                        <p>Wenn Sie direkt \u00fcber unsere offizielle Website buchen, profitieren Sie von gr\u00f6\u00dferen Vorteilen:* Zugang zu exklusiven Angeboten;* Kurtaxe inklusive;* Check-in ab 14:00 Uhr (statt ab 15:00 Uhr);* Check-out um 12:00 Uhr (statt um 10:30 Uhr);* Keine Anzahlung, Sie zahlen im Hotel;* Direkter Kontakt mit unserem Team.<\/p>\n                    <\/div>\n                <\/div>\n                \n                <div class=\"accordion-or\">\n                    <div class=\"accordion-header-or\">\n                        <span class=\"accordion-question-or\">Ist es m\u00f6glich, ein Online-Angebot zu erstellen?<\/span>\n                        <span class=\"accordion-icon-or\"><svg fill=\"#39414D\" xmlns=\"http:\/\/www.w3.org\/2000\/svg\" width=\"24\" height=\"24\" viewBox=\"0 0 24 24\"><path fill=\"none\" d=\"M0,0h24v24H0V0z\"><\/path><path d=\"M12,2C6.48,2,2,6.48,2,12s4.48,10,10,10s10-4.48,10-10S17.52,2,12,2z M17,13h-4v4h-2v-4H7v-2h4V7h2v4h4V13z\"><\/path><\/svg><\/span> <!-- Icona SVG o simbolo -->\n                    <\/div>\n                    <div class=\"accordion-content-or\">\n                        <p>Ein personalisiertes Angebot zu erhalten ist einfach, schnell und <b>unverbindlich<\/b>. Wenn Sie in der entsprechenden Leiste der \u201e<b>Online-Buchung<\/b>\u201c das <b>Anreise- und Abreisedatum<\/b>, die Anzahl der Erwachsenen\/Jugendlichen und die gew\u00fcnschte Verpflegung eingeben, k\u00f6nnen Sie <b>auf alle unsere Angebote zugreifen<\/b>.<\/p>\n                    <\/div>\n                <\/div>\n                \n                <div class=\"accordion-or\">\n                    <div class=\"accordion-header-or\">\n                        <span class=\"accordion-question-or\">Was sind die Zahlungs- und Stornierungsbedingungen?<\/span>\n                        <span class=\"accordion-icon-or\"><svg fill=\"#39414D\" xmlns=\"http:\/\/www.w3.org\/2000\/svg\" width=\"24\" height=\"24\" viewBox=\"0 0 24 24\"><path fill=\"none\" d=\"M0,0h24v24H0V0z\"><\/path><path d=\"M12,2C6.48,2,2,6.48,2,12s4.48,10,10,10s10-4.48,10-10S17.52,2,12,2z M17,13h-4v4h-2v-4H7v-2h4V7h2v4h4V13z\"><\/path><\/svg><\/span> <!-- Icona SVG o simbolo -->\n                    <\/div>\n                    <div class=\"accordion-content-or\">\n                        <p>Die Zahlungs- und Stornierungsbedingungen <b>variieren je nach ausgew\u00e4hltem Angebot<\/b>:* <b>Scalapay<\/b>: Eine Zahlungsmethode, mit der Sie in 3 bequemen monatlichen Raten zahlen k\u00f6nnen (die erste Rate zum Zeitpunkt des Kaufs, die zweite nach 1 Monat und die dritte nach 2 Monaten). Nicht r\u00fcckerstattbarer Tarif.* <b>Kostenlose Stornierung<\/b>: Die Buchung kann bis zu 48 Stunden vor dem Check-in (14:00 Uhr am Anreisetag) kostenlos ge\u00e4ndert oder storniert werden.* <b>BeSafe Rate Plus<\/b>: Tarif inklusive Versicherung, der eine R\u00fcckerstattung von bis zu 100 % des Aufenthalts bei Stornierung aufgrund unvorhergesehener Ereignisse, Deckung von Krankheitskosten, Assistance und vielem mehr garantiert. <a href=\"https:\/\/www.travel.besafesuite.com\/insurances\/besafe-plus\" target=\"_blank\">Lesen Sie das Informationsblatt<\/a><\/p>\n                    <\/div>\n                <\/div>\n                \n                <div class=\"accordion-or\">\n                    <div class=\"accordion-header-or\">\n                        <span class=\"accordion-question-or\">Ist es moglich, online zu buchen?<\/span>\n                        <span class=\"accordion-icon-or\"><svg fill=\"#39414D\" xmlns=\"http:\/\/www.w3.org\/2000\/svg\" width=\"24\" height=\"24\" viewBox=\"0 0 24 24\"><path fill=\"none\" d=\"M0,0h24v24H0V0z\"><\/path><path d=\"M12,2C6.48,2,2,6.48,2,12s4.48,10,10,10s10-4.48,10-10S17.52,2,12,2z M17,13h-4v4h-2v-4H7v-2h4V7h2v4h4V13z\"><\/path><\/svg><\/span> <!-- Icona SVG o simbolo -->\n                    <\/div>\n                    <div class=\"accordion-content-or\">\n                        <p>Ja, die Direktbuchung \u00fcber unsere Website ist <b>einfach und bequem<\/b>. Wenn Sie Ihre Daten in die Leiste der \u201e<b>Online-Buchung<\/b>\u201c eingeben, haben Sie Zugriff auf Verf\u00fcgbarkeit und Preise in Echtzeit. <b>Wir garantieren immer den besten Preis!<\/b><\/p>\n                    <\/div>\n                <\/div>\n                \n                <div class=\"accordion-or\">\n                    <div class=\"accordion-header-or\">\n                        <span class=\"accordion-question-or\">Wie kann ich die Anzahlung oder den Restbetrag f\u00fcr meinen Aufenthalt bezahlen?<\/span>\n                        <span class=\"accordion-icon-or\"><svg fill=\"#39414D\" xmlns=\"http:\/\/www.w3.org\/2000\/svg\" width=\"24\" height=\"24\" viewBox=\"0 0 24 24\"><path fill=\"none\" d=\"M0,0h24v24H0V0z\"><\/path><path d=\"M12,2C6.48,2,2,6.48,2,12s4.48,10,10,10s10-4.48,10-10S17.52,2,12,2z M17,13h-4v4h-2v-4H7v-2h4V7h2v4h4V13z\"><\/path><\/svg><\/span> <!-- Icona SVG o simbolo -->\n                    <\/div>\n                    <div class=\"accordion-content-or\">\n                        <p>Um deine Buchung zu best\u00e4tigen oder deinen Aufenthalt im Hotel Savoia Therm\u00e6 &amp; Spa zu bezahlen, kannst du unsere sichere Online-Plattform nutzen. Wir verwenden das Nexi XPay-System, eines der f\u00fchrenden Zahlungsnetzwerke in Italien, das hohe Sicherheitsstandards (PCI-DSS) und den Schutz sensibler Daten garantiert. Bitte beachte, dass keine Kreditkarteninformationen von unserem Hotel gespeichert werden. Du kannst die Transaktion direkt \u00fcber diesen Link durchf\u00fchren: <a href=\"https:\/\/www.savoiaterme.it\/it\/pagamento-online\/.\" target=\"_blank\">Online-Zahlung Aufenthalte<\/a><\/p>\n                    <\/div>\n                <\/div>\n                <\/div><\/div><div class=\"faq-category-or-spa\"><h2 class=\"faq-category-title-or\">Zimmer<\/h2><div class=\"faq-accordion-or\">\n                <div class=\"accordion-or\">\n                    <div class=\"accordion-header-or\">\n                        <span class=\"accordion-question-or\">Haben Sie nichtraucherzimmer?<\/span>\n                        <span class=\"accordion-icon-or\"><svg fill=\"#39414D\" xmlns=\"http:\/\/www.w3.org\/2000\/svg\" width=\"24\" height=\"24\" viewBox=\"0 0 24 24\"><path fill=\"none\" d=\"M0,0h24v24H0V0z\"><\/path><path d=\"M12,2C6.48,2,2,6.48,2,12s4.48,10,10,10s10-4.48,10-10S17.52,2,12,2z M17,13h-4v4h-2v-4H7v-2h4V7h2v4h4V13z\"><\/path><\/svg><\/span> <!-- Icona SVG o simbolo -->\n                    <\/div>\n                    <div class=\"accordion-content-or\">\n                        <p>Ja, unsere Zimmer <b>sind alle Nichtraucherzimmer<\/b>. F\u00fcr G\u00e4ste, die rauchen m\u00f6chten, stehen Zimmer mit Balkon zur Verf\u00fcgung.<\/p>\n                    <\/div>\n                <\/div>\n                \n                <div class=\"accordion-or\">\n                    <div class=\"accordion-header-or\">\n                        <span class=\"accordion-question-or\">Wann ist das Zimmer verf\u00fcgbar?<\/span>\n                        <span class=\"accordion-icon-or\"><svg fill=\"#39414D\" xmlns=\"http:\/\/www.w3.org\/2000\/svg\" width=\"24\" height=\"24\" viewBox=\"0 0 24 24\"><path fill=\"none\" d=\"M0,0h24v24H0V0z\"><\/path><path d=\"M12,2C6.48,2,2,6.48,2,12s4.48,10,10,10s10-4.48,10-10S17.52,2,12,2z M17,13h-4v4h-2v-4H7v-2h4V7h2v4h4V13z\"><\/path><\/svg><\/span> <!-- Icona SVG o simbolo -->\n                    <\/div>\n                    <div class=\"accordion-content-or\">\n                        <p>Das Zimmer steht Ihnen <b>am Anreisetag ab 14:00 Uhr zur Verf\u00fcgung<\/b> (an Br\u00fcckentagen und Feiertagen ab 15:30 Uhr). <b>Wir empfehlen, nicht vorlesend vor Mittag anzureisen<\/b> (besonders am Wochenende), da das Zimmer erst ab 14:00 Uhr garantiert ist (Bademantel und Handtuch werden zusammen mit dem Zimmer \u00fcbergeben).<\/p>\n                    <\/div>\n                <\/div>\n                \n                <div class=\"accordion-or\">\n                    <div class=\"accordion-header-or\">\n                        <span class=\"accordion-question-or\">Kann ich f\u00fcr meine Buchung ein Zimmer mit m\u00f6bliertem Balkon anfragen?<\/span>\n                        <span class=\"accordion-icon-or\"><svg fill=\"#39414D\" xmlns=\"http:\/\/www.w3.org\/2000\/svg\" width=\"24\" height=\"24\" viewBox=\"0 0 24 24\"><path fill=\"none\" d=\"M0,0h24v24H0V0z\"><\/path><path d=\"M12,2C6.48,2,2,6.48,2,12s4.48,10,10,10s10-4.48,10-10S17.52,2,12,2z M17,13h-4v4h-2v-4H7v-2h4V7h2v4h4V13z\"><\/path><\/svg><\/span> <!-- Icona SVG o simbolo -->\n                    <\/div>\n                    <div class=\"accordion-content-or\">\n                        <p>Wenn Sie Ihren Aufenthalt mit einem herrlichen Zimmer mit m\u00f6bliertem Balkon versch\u00f6nern m\u00f6chten, bitten wir Sie, dies direkt bei der Buchung anzugeben. Da es sich um einen exklusiven Komfort mit begrenzter Verf\u00fcgbarkeit handelt, wird ein Aufpreis von nur \u20ac 10 pro Nacht und Zimmer erhoben, um Ihnen diesen angenehmen Au\u00dfenbereich zu garantieren.<\/p>\n                    <\/div>\n                <\/div>\n                \n                <div class=\"accordion-or\">\n                    <div class=\"accordion-header-or\">\n                        <span class=\"accordion-question-or\">Wo befinden sich die Zimmer im Hotel?<\/span>\n                        <span class=\"accordion-icon-or\"><svg fill=\"#39414D\" xmlns=\"http:\/\/www.w3.org\/2000\/svg\" width=\"24\" height=\"24\" viewBox=\"0 0 24 24\"><path fill=\"none\" d=\"M0,0h24v24H0V0z\"><\/path><path d=\"M12,2C6.48,2,2,6.48,2,12s4.48,10,10,10s10-4.48,10-10S17.52,2,12,2z M17,13h-4v4h-2v-4H7v-2h4V7h2v4h4V13z\"><\/path><\/svg><\/span> <!-- Icona SVG o simbolo -->\n                    <\/div>\n                    <div class=\"accordion-content-or\">\n                        <p>Unsere eleganten Zimmer und Suiten befinden sich in den oberen Etagen des Geb\u00e4udes, perfekte Oasen der Ruhe und Privatsph\u00e4re. Sie k\u00f6nnen sie bequem mit den Aufz\u00fcgen neben der Rezeption oder im Thermalbereich in der N\u00e4he des Fitnessstudios erreichen. Bei Ihrer Ankunft hei\u00dft Sie unser Rezeptionsteam herzlich willkommen, teilt Ihnen Ihre Zimmernummer mit und weist Ihnen den Weg zu Ihrem Wellness-Aufenthalt.<\/p>\n                    <\/div>\n                <\/div>\n                \n                <div class=\"accordion-or\">\n                    <div class=\"accordion-header-or\">\n                        <span class=\"accordion-question-or\">Wie viele Zimmer und welche Zimmertypen gibt es im Hotel Savoia Therm\u00e6 &amp; Spa?<\/span>\n                        <span class=\"accordion-icon-or\"><svg fill=\"#39414D\" xmlns=\"http:\/\/www.w3.org\/2000\/svg\" width=\"24\" height=\"24\" viewBox=\"0 0 24 24\"><path fill=\"none\" d=\"M0,0h24v24H0V0z\"><\/path><path d=\"M12,2C6.48,2,2,6.48,2,12s4.48,10,10,10s10-4.48,10-10S17.52,2,12,2z M17,13h-4v4h-2v-4H7v-2h4V7h2v4h4V13z\"><\/path><\/svg><\/span> <!-- Icona SVG o simbolo -->\n                    <\/div>\n                    <div class=\"accordion-content-or\">\n                        <p>Das Hotel Savoia Therm\u00e6 &amp; Spa erwartet Sie mit 169 geschmackvoll eingerichteten Zimmern, die sich in 6 elegante Kategorien unterteilen und jedem Komfortwunsch gerecht werden. F\u00fcr ein wirklich exklusives Erlebnis empfehlen wir Ihnen unsere neuen SAVOIA-Zimmer: au\u00dfergew\u00f6hnlich helle R\u00e4ume mit zeitgem\u00e4\u00dfem Design und h\u00f6chstem Komfort. Besuchen Sie die Seite auf der Website, die <a href=\"https:\/\/www.savoiaterme.it\/it\/camere\/\" target=\"_blank\">unseren Zimmern<\/a> gewidmet ist, und finden Sie das passende Zimmer f\u00fcr Sie.<\/p>\n                    <\/div>\n                <\/div>\n                <\/div><\/div><div class=\"faq-category-or-spa\"><h2 class=\"faq-category-title-or\">Einchecken \/ Auschecken<\/h2><div class=\"faq-accordion-or\">\n                <div class=\"accordion-or\">\n                    <div class=\"accordion-header-or\">\n                        <span class=\"accordion-question-or\">Ist es m\u00f6glich, die Thermalbecken und das SPA nach dem Check-out zu nutzen?<\/span>\n                        <span class=\"accordion-icon-or\"><svg fill=\"#39414D\" xmlns=\"http:\/\/www.w3.org\/2000\/svg\" width=\"24\" height=\"24\" viewBox=\"0 0 24 24\"><path fill=\"none\" d=\"M0,0h24v24H0V0z\"><\/path><path d=\"M12,2C6.48,2,2,6.48,2,12s4.48,10,10,10s10-4.48,10-10S17.52,2,12,2z M17,13h-4v4h-2v-4H7v-2h4V7h2v4h4V13z\"><\/path><\/svg><\/span> <!-- Icona SVG o simbolo -->\n                    <\/div>\n                    <div class=\"accordion-content-or\">\n                        <p>Ja, wenn Sie die Thermalb\u00e4der und den SPA-Bereich am Abreisetag nach dem Check-out nutzen m\u00f6chten, wird ein <b>Aufpreis von 20,00 \u20ac pro Person<\/b> erhoben (ein Spind mit Code im speziellen Umkleideraum wird zur Verf\u00fcgung gestellt). F\u00fcr G\u00e4ste, die einen Late Check-out buchen, fallen keine zus\u00e4tzlichen Kosten an.<\/p>\n                    <\/div>\n                <\/div>\n                \n                <div class=\"accordion-or\">\n                    <div class=\"accordion-header-or\">\n                        <span class=\"accordion-question-or\">Wann muss ich das Zimmer am Abreisetag verlassen?<\/span>\n                        <span class=\"accordion-icon-or\"><svg fill=\"#39414D\" xmlns=\"http:\/\/www.w3.org\/2000\/svg\" width=\"24\" height=\"24\" viewBox=\"0 0 24 24\"><path fill=\"none\" d=\"M0,0h24v24H0V0z\"><\/path><path d=\"M12,2C6.48,2,2,6.48,2,12s4.48,10,10,10s10-4.48,10-10S17.52,2,12,2z M17,13h-4v4h-2v-4H7v-2h4V7h2v4h4V13z\"><\/path><\/svg><\/span> <!-- Icona SVG o simbolo -->\n                    <\/div>\n                    <div class=\"accordion-content-or\">\n                        <p>Das Zimmer muss <b>bis 12:00 Uhr<\/b> ger\u00e4umt werden, wenn die Buchung direkt \u00fcber die Website www.savoiaterme.it oder \u00fcber einen Mitarbeiter des Hotels vorgenommen wurde; bei allen anderen Buchungsarten muss der Check-out <b>bis 10:30 Uhr<\/b> erfolgen. Bei einem Late Check-out steht das Zimmer nach vorheriger Verf\u00fcgbarkeitsanfrage bis 21:00 Uhr zur Verf\u00fcgung.<\/p>\n                    <\/div>\n                <\/div>\n                \n                <div class=\"accordion-or\">\n                    <div class=\"accordion-header-or\">\n                        <span class=\"accordion-question-or\">Ist es m\u00f6glich, am Anreisetag in einem Restaurant zu Mittag zu essen, wenn das Zimmer noch nicht verf\u00fcgbar ist?<\/span>\n                        <span class=\"accordion-icon-or\"><svg fill=\"#39414D\" xmlns=\"http:\/\/www.w3.org\/2000\/svg\" width=\"24\" height=\"24\" viewBox=\"0 0 24 24\"><path fill=\"none\" d=\"M0,0h24v24H0V0z\"><\/path><path d=\"M12,2C6.48,2,2,6.48,2,12s4.48,10,10,10s10-4.48,10-10S17.52,2,12,2z M17,13h-4v4h-2v-4H7v-2h4V7h2v4h4V13z\"><\/path><\/svg><\/span> <!-- Icona SVG o simbolo -->\n                    <\/div>\n                    <div class=\"accordion-content-or\">\n                        <p>Ja, das ist m\u00f6glich. Die Vollpension <b>beginnt mit dem Abendessen am Anreisetag<\/b> und <b>endet mit dem Mittagessen am Abreisetag<\/b>. Eine gew\u00fcnschte <b>\u00c4nderung muss bis zum Vortag der Anreise mitgeteilt werden<\/b>, damit Sie unser Restaurant besuchen und von Anfang an ein k\u00f6stliches, von unserem K\u00fcchenchef zubereitetes Mittagessen genie\u00dfen k\u00f6nnen.<\/p>\n                    <\/div>\n                <\/div>\n                \n                <div class=\"accordion-or\">\n                    <div class=\"accordion-header-or\">\n                        <span class=\"accordion-question-or\">Welche gastronomischen Dienstleistungen bietet das Hotel an?<\/span>\n                        <span class=\"accordion-icon-or\"><svg fill=\"#39414D\" xmlns=\"http:\/\/www.w3.org\/2000\/svg\" width=\"24\" height=\"24\" viewBox=\"0 0 24 24\"><path fill=\"none\" d=\"M0,0h24v24H0V0z\"><\/path><path d=\"M12,2C6.48,2,2,6.48,2,12s4.48,10,10,10s10-4.48,10-10S17.52,2,12,2z M17,13h-4v4h-2v-4H7v-2h4V7h2v4h4V13z\"><\/path><\/svg><\/span> <!-- Icona SVG o simbolo -->\n                    <\/div>\n                    <div class=\"accordion-content-or\">\n                        <p>Fr\u00fchst\u00fcck 7:30 \u2013 10:00 Uhr | Mittagessen 12:30 \u2013 13:30 Uhr | Abendessen 19:30 \u2013 20:30 Uhr (Einlasszeiten).<b>Dresscode<\/b>:* FR\u00dcHST\u00dcCKSSAAL und BAR \u201eTHE CLUB\u201cDer Zutritt ist auch im <b>Bademantel<\/b> gestattet, jedoch <b>nur mit dem \u201eSAVOIA\u201c-Logo<\/b>.* RESTAURANT \u201eIL SAVOIARDO\u201cF\u00fcr <b>M\u00e4nner<\/b> sind <b>lange Hosen<\/b> erforderlich. Im Juni und August d\u00fcrfen <b>kurze Hosen NUR zum Mittagessen<\/b> getragen werden (keine Badebekleidung, Flip-Flops oder Unterhemden).<\/p>\n                    <\/div>\n                <\/div>\n                \n                <div class=\"accordion-or\">\n                    <div class=\"accordion-header-or\">\n                        <span class=\"accordion-question-or\">Gibt es einen Transferservice vom und zum Flughafen oder vom und zum Bahnhof?<\/span>\n                        <span class=\"accordion-icon-or\"><svg fill=\"#39414D\" xmlns=\"http:\/\/www.w3.org\/2000\/svg\" width=\"24\" height=\"24\" viewBox=\"0 0 24 24\"><path fill=\"none\" d=\"M0,0h24v24H0V0z\"><\/path><path d=\"M12,2C6.48,2,2,6.48,2,12s4.48,10,10,10s10-4.48,10-10S17.52,2,12,2z M17,13h-4v4h-2v-4H7v-2h4V7h2v4h4V13z\"><\/path><\/svg><\/span> <!-- Icona SVG o simbolo -->\n                    <\/div>\n                    <div class=\"accordion-content-or\">\n                        <p><b>Auf Anfrage<\/b> organisieren wir f\u00fcr dich Transfers von und zu den Flugh\u00e4fen Venedig oder Treviso. Vom Bahnhof Padua und Terme Euganee aus erreichst du das Hotel mit dem Taxi oder den Bussen der Linie \u201eColli\u201c. Unser Rezeptionsteam steht dir f\u00fcr weitere Informationen gerne zur Verf\u00fcgung!<\/p>\n                    <\/div>\n                <\/div>\n                \n                <div class=\"accordion-or\">\n                    <div class=\"accordion-header-or\">\n                        <span class=\"accordion-question-or\">Ist es m\u00f6glich, den Aufenthalt zu personalisieren?<\/span>\n                        <span class=\"accordion-icon-or\"><svg fill=\"#39414D\" xmlns=\"http:\/\/www.w3.org\/2000\/svg\" width=\"24\" height=\"24\" viewBox=\"0 0 24 24\"><path fill=\"none\" d=\"M0,0h24v24H0V0z\"><\/path><path d=\"M12,2C6.48,2,2,6.48,2,12s4.48,10,10,10s10-4.48,10-10S17.52,2,12,2z M17,13h-4v4h-2v-4H7v-2h4V7h2v4h4V13z\"><\/path><\/svg><\/span> <!-- Icona SVG o simbolo -->\n                    <\/div>\n                    <div class=\"accordion-content-or\">\n                        <p><b>Auf Anfrage<\/b> k\u00f6nnen wir dir verschiedene Zusatzleistungen empfehlen und organisieren, um deinen Urlaub individuell zu gestalten und aufzuwerten (Leistungen nicht im Zimmerpreis enthalten):* Mittag- oder Abendessen in unserem Restaurant (bei Buchung von \u00dcbernachtung mit Fr\u00fchst\u00fcck);* eine herzliche Begr\u00fc\u00dfung auf dem Zimmer (Prosecco, Obstkorb);* eine spezielle Torte, um deine besonderen Ereignisse zu feiern;* romantische Rosenbl\u00e4tter auf dem Bett;* Green-Fee-Reservierungen f\u00fcr Golfliebhaber;* ma\u00dfgeschneiderte Wellnessbehandlungen.<\/p>\n                    <\/div>\n                <\/div>\n                \n                <div class=\"accordion-or\">\n                    <div class=\"accordion-header-or\">\n                        <span class=\"accordion-question-or\">Welche Dienstleistungen f\u00fcr Behinderte bietet das Hotel?<\/span>\n                        <span class=\"accordion-icon-or\"><svg fill=\"#39414D\" xmlns=\"http:\/\/www.w3.org\/2000\/svg\" width=\"24\" height=\"24\" viewBox=\"0 0 24 24\"><path fill=\"none\" d=\"M0,0h24v24H0V0z\"><\/path><path d=\"M12,2C6.48,2,2,6.48,2,12s4.48,10,10,10s10-4.48,10-10S17.52,2,12,2z M17,13h-4v4h-2v-4H7v-2h4V7h2v4h4V13z\"><\/path><\/svg><\/span> <!-- Icona SVG o simbolo -->\n                    <\/div>\n                    <div class=\"accordion-content-or\">\n                        <p>Das Hotel Savoia Therm\u00e6 &amp; SPA ist eine <b>vollst\u00e4ndig barrierefreie Unterkunft ohne architektonische Hindernisse<\/b>. F\u00fcr unsere G\u00e4ste mit eingeschr\u00e4nkter Mobilit\u00e4t bieten wir:* ein 65 m\u00b2 gro\u00dfes Zimmer mit 2 B\u00e4dern, von denen eines f\u00fcr G\u00e4ste mit Behinderungen mit einer bodengleichen Dusche, einem Klappsitz und Haltegriffen zur Erleichterung der Fortbewegung ausgestattet ist;* einen rollstuhlgerechten Aufzug;* einen reservierten und kostenfreien Parkplatz (gegen Vorlage des entsprechenden Behindertenausweises);* einen elektrohydraulischen Lift f\u00fcr den einfachen Zugang in den Pool;* Handl\u00e4ufe entlang des gesamten Umfangs des Innen- und Au\u00dfenpools;* einen t\u00e4glich im Hotel anwesenden Arzt;* die Befreiung von der Kurtaxe gegen Vorlage der gesetzlichen Bescheinigung.<\/p>\n                    <\/div>\n                <\/div>\n                <\/div><\/div><div class=\"faq-category-or-spa\"><h2 class=\"faq-category-title-or\">Sch\u00f6nheit und SPA<\/h2><div class=\"faq-accordion-or\">\n                <div class=\"accordion-or\">\n                    <div class=\"accordion-header-or\">\n                        <span class=\"accordion-question-or\">Welche Regeln sollten im Spa befolgt werden ?<\/span>\n                        <span class=\"accordion-icon-or\"><svg fill=\"#39414D\" xmlns=\"http:\/\/www.w3.org\/2000\/svg\" width=\"24\" height=\"24\" viewBox=\"0 0 24 24\"><path fill=\"none\" d=\"M0,0h24v24H0V0z\"><\/path><path d=\"M12,2C6.48,2,2,6.48,2,12s4.48,10,10,10s10-4.48,10-10S17.52,2,12,2z M17,13h-4v4h-2v-4H7v-2h4V7h2v4h4V13z\"><\/path><\/svg><\/span> <!-- Icona SVG o simbolo -->\n                    <\/div>\n                    <div class=\"accordion-content-or\">\n                        <p>Um allen G\u00e4sten eine ruhige Atmosph\u00e4re in den Wellnessbereichen zu garantieren, bitten wir dich, mit ged\u00e4mpfter Stimme zu sprechen und dein Mobiltelefon auszuschalten oder stummzuschalten.<\/p>\n                    <\/div>\n                <\/div>\n                \n                <div class=\"accordion-or\">\n                    <div class=\"accordion-header-or\">\n                        <span class=\"accordion-question-or\">Wann ist es am besten die Behandlungen zu buchen ?<\/span>\n                        <span class=\"accordion-icon-or\"><svg fill=\"#39414D\" xmlns=\"http:\/\/www.w3.org\/2000\/svg\" width=\"24\" height=\"24\" viewBox=\"0 0 24 24\"><path fill=\"none\" d=\"M0,0h24v24H0V0z\"><\/path><path d=\"M12,2C6.48,2,2,6.48,2,12s4.48,10,10,10s10-4.48,10-10S17.52,2,12,2z M17,13h-4v4h-2v-4H7v-2h4V7h2v4h4V13z\"><\/path><\/svg><\/span> <!-- Icona SVG o simbolo -->\n                    <\/div>\n                    <div class=\"accordion-content-or\">\n                        <p>Wir empfehlen dir, die Zeiten deiner Kuren oder Behandlungen bereits vor deiner Anreise kostenlos zu reservieren. Sende dazu einfach eine E-Mail an spa@savoiaterme.it oder rufe uns unter der Nummer +39 049 823 11 11 an.<\/p>\n                    <\/div>\n                <\/div>\n                \n                <div class=\"accordion-or\">\n                    <div class=\"accordion-header-or\">\n                        <span class=\"accordion-question-or\">Wo befindet sich die Sch\u00f6nheitsfarm und wie sind die \u00d6ffnungszeiten?<\/span>\n                        <span class=\"accordion-icon-or\"><svg fill=\"#39414D\" xmlns=\"http:\/\/www.w3.org\/2000\/svg\" width=\"24\" height=\"24\" viewBox=\"0 0 24 24\"><path fill=\"none\" d=\"M0,0h24v24H0V0z\"><\/path><path d=\"M12,2C6.48,2,2,6.48,2,12s4.48,10,10,10s10-4.48,10-10S17.52,2,12,2z M17,13h-4v4h-2v-4H7v-2h4V7h2v4h4V13z\"><\/path><\/svg><\/span> <!-- Icona SVG o simbolo -->\n                    <\/div>\n                    <div class=\"accordion-content-or\">\n                        <p>Sie befindet sich im ersten Stock und ist mit den entsprechenden Aufz\u00fcgen bequem zu erreichen. Sie ist t\u00e4glich von 8:00 bis 18:00 Uhr ge\u00f6ffnet. Die SPA-Rezeption begr\u00fc\u00dft dich t\u00e4glich von 9:00 bis 13:00 Uhr und von 14:00 bis 18:00 Uhr.<\/p>\n                    <\/div>\n                <\/div>\n                \n                <div class=\"accordion-or\">\n                    <div class=\"accordion-header-or\">\n                        <span class=\"accordion-question-or\">Wo befindet sich das Spa und welche \u00d6ffnungszeiten hat es?<\/span>\n                        <span class=\"accordion-icon-or\"><svg fill=\"#39414D\" xmlns=\"http:\/\/www.w3.org\/2000\/svg\" width=\"24\" height=\"24\" viewBox=\"0 0 24 24\"><path fill=\"none\" d=\"M0,0h24v24H0V0z\"><\/path><path d=\"M12,2C6.48,2,2,6.48,2,12s4.48,10,10,10s10-4.48,10-10S17.52,2,12,2z M17,13h-4v4h-2v-4H7v-2h4V7h2v4h4V13z\"><\/path><\/svg><\/span> <!-- Icona SVG o simbolo -->\n                    <\/div>\n                    <div class=\"accordion-content-or\">\n                        <p>Sie befindet sich im Erdgeschoss im Bereich der Thermalb\u00e4der. Sie ist t\u00e4glich von 10:00 bis 21:00 Uhr ge\u00f6ffnet.Um maximale Hygiene und Sicherheit zu gew\u00e4hrleisten, bitten wir dich, das Pilzschutzspray am Eingang zu benutzen. Wir empfehlen dir, einen Badeanzug zu tragen, um alle unsere SPA-Angebote zu nutzen. Bitte denke daran, die Sauna ohne Hausschuhe zu betreten und eines der bereitgestellten wei\u00dfen Handt\u00fccher unter dich zu legen (um Verschwendung zu vermeiden). Wir raten von der Nutzung des SPA ab: auf n\u00fcchternen Magen oder mit zu vollem Magen, bei zu hohem oder zu niedrigem Blutdruck, bei Herz- oder Kreislaufbeschwerden, akuten Entz\u00fcndungen, f\u00fcr Tr\u00e4ger von Herzschrittmachern, bei Fieber, bei Hautentz\u00fcndungen, bei Krampfadern, w\u00e4hrend der Schwangerschaft oder w\u00e4hrend der Menstruation.<\/p>\n                    <\/div>\n                <\/div>\n                \n                <div class=\"accordion-or\">\n                    <div class=\"accordion-header-or\">\n                        <span class=\"accordion-question-or\">Wann findet die Wassergymnastik statt?<\/span>\n                        <span class=\"accordion-icon-or\"><svg fill=\"#39414D\" xmlns=\"http:\/\/www.w3.org\/2000\/svg\" width=\"24\" height=\"24\" viewBox=\"0 0 24 24\"><path fill=\"none\" d=\"M0,0h24v24H0V0z\"><\/path><path d=\"M12,2C6.48,2,2,6.48,2,12s4.48,10,10,10s10-4.48,10-10S17.52,2,12,2z M17,13h-4v4h-2v-4H7v-2h4V7h2v4h4V13z\"><\/path><\/svg><\/span> <!-- Icona SVG o simbolo -->\n                    <\/div>\n                    <div class=\"accordion-content-or\">\n                        <p>Die gemeinsamen Aquagymnastik-Kurse finden von Dienstag bis Freitag um 16:45 Uhr und am Samstag um 16:00 Uhr statt. Bitte beachten Sie, dass eventuelle Fahrplan\u00e4nderungen vom zust\u00e4ndigen Personal rechtzeitig bekannt gegeben werden.<\/p>\n                    <\/div>\n                <\/div>\n                \n                <div class=\"accordion-or\">\n                    <div class=\"accordion-header-or\">\n                        <span class=\"accordion-question-or\">Wo befindet sich das Fitnesscenter und welche \u00d6ffnungszeiten hat es?<\/span>\n                        <span class=\"accordion-icon-or\"><svg fill=\"#39414D\" xmlns=\"http:\/\/www.w3.org\/2000\/svg\" width=\"24\" height=\"24\" viewBox=\"0 0 24 24\"><path fill=\"none\" d=\"M0,0h24v24H0V0z\"><\/path><path d=\"M12,2C6.48,2,2,6.48,2,12s4.48,10,10,10s10-4.48,10-10S17.52,2,12,2z M17,13h-4v4h-2v-4H7v-2h4V7h2v4h4V13z\"><\/path><\/svg><\/span> <!-- Icona SVG o simbolo -->\n                    <\/div>\n                    <div class=\"accordion-content-or\">\n                        <p>Es befindet sich im Erdgeschoss, ist mit den entsprechenden Aufz\u00fcgen bequem zu erreichen und liegt direkt neben dem Thermalzentrum. Es ist t\u00e4glich von 8:00 bis 23:00 Uhr ge\u00f6ffnet.<\/p>\n                    <\/div>\n                <\/div>\n                \n                <div class=\"accordion-or\">\n                    <div class=\"accordion-header-or\">\n                        <span class=\"accordion-question-or\">Was geschieht, wenn ich versp\u00e4tet zu einer Behandlung erscheine?<\/span>\n                        <span class=\"accordion-icon-or\"><svg fill=\"#39414D\" xmlns=\"http:\/\/www.w3.org\/2000\/svg\" width=\"24\" height=\"24\" viewBox=\"0 0 24 24\"><path fill=\"none\" d=\"M0,0h24v24H0V0z\"><\/path><path d=\"M12,2C6.48,2,2,6.48,2,12s4.48,10,10,10s10-4.48,10-10S17.52,2,12,2z M17,13h-4v4h-2v-4H7v-2h4V7h2v4h4V13z\"><\/path><\/svg><\/span> <!-- Icona SVG o simbolo -->\n                    <\/div>\n                    <div class=\"accordion-content-or\">\n                        <p>Ein versp\u00e4tetes Eintreffen zu einer Behandlung verk\u00fcrzt leider die dir zur Verf\u00fcgung stehende Zeit, um Unannehmlichkeiten und Verz\u00f6gerungen f\u00fcr den nachfolgenden Gast zu vermeiden. Bitte beachte, dass dir in diesem Fall dennoch der volle Preis der Behandlung in Rechnung gestellt wird.<\/p>\n                    <\/div>\n                <\/div>\n                \n                <div class=\"accordion-or\">\n                    <div class=\"accordion-header-or\">\n                        <span class=\"accordion-question-or\">Kann ich eine Behandlung durch eine andere ersetzten?<\/span>\n                        <span class=\"accordion-icon-or\"><svg fill=\"#39414D\" xmlns=\"http:\/\/www.w3.org\/2000\/svg\" width=\"24\" height=\"24\" viewBox=\"0 0 24 24\"><path fill=\"none\" d=\"M0,0h24v24H0V0z\"><\/path><path d=\"M12,2C6.48,2,2,6.48,2,12s4.48,10,10,10s10-4.48,10-10S17.52,2,12,2z M17,13h-4v4h-2v-4H7v-2h4V7h2v4h4V13z\"><\/path><\/svg><\/span> <!-- Icona SVG o simbolo -->\n                    <\/div>\n                    <div class=\"accordion-content-or\">\n                        <p>Wenn du ein \u201ePaket\u201c gebucht hast, ist es m\u00f6glich, nur eine der enthaltenen Behandlungen zu ersetzen, indem du die Thermae &amp; SPA-Leiterinnen beim Einf\u00fchrungsgespr\u00e4ch zu Beginn deines Aufenthalts informierst. Wenn du eine oder mehrere \u201e\u00e0 la carte\u201c-Behandlungen (ohne Paket) gebucht hast, wird dir der Ersatz nur dann garantiert, wenn du die Thermae &amp; SPA-Leiterinnen bis 17:00 Uhr des Vortrags informierst. Andernfalls ist ein Austausch nur im Rahmen der Verf\u00fcgbarkeit des Zentrums m\u00f6glich.<\/p>\n                    <\/div>\n                <\/div>\n                \n                <div class=\"accordion-or\">\n                    <div class=\"accordion-header-or\">\n                        <span class=\"accordion-question-or\">Wenn ich eine Behandlung storniere?<\/span>\n                        <span class=\"accordion-icon-or\"><svg fill=\"#39414D\" xmlns=\"http:\/\/www.w3.org\/2000\/svg\" width=\"24\" height=\"24\" viewBox=\"0 0 24 24\"><path fill=\"none\" d=\"M0,0h24v24H0V0z\"><\/path><path d=\"M12,2C6.48,2,2,6.48,2,12s4.48,10,10,10s10-4.48,10-10S17.52,2,12,2z M17,13h-4v4h-2v-4H7v-2h4V7h2v4h4V13z\"><\/path><\/svg><\/span> <!-- Icona SVG o simbolo -->\n                    <\/div>\n                    <div class=\"accordion-content-or\">\n                        <p>Wir bitten dich, uns rechtzeitig zu informieren, wenn du einen Termin absagen oder verschieben m\u00f6chtest. Die Stornierung der Behandlung ist bis zu 12 Stunden vor Beginn kostenlos. Eine Absage nach diesem Ablauf o das Nichterscheinen f\u00fchrt zur Berechnung des vollen Preises der Behandlung.<\/p>\n                    <\/div>\n                <\/div>\n                \n                <div class=\"accordion-or\">\n                    <div class=\"accordion-header-or\">\n                        <span class=\"accordion-question-or\">Gibt es n\u00fctzliche Behandlungen w\u00e4hrend der Schwangerschaft?<\/span>\n                        <span class=\"accordion-icon-or\"><svg fill=\"#39414D\" xmlns=\"http:\/\/www.w3.org\/2000\/svg\" width=\"24\" height=\"24\" viewBox=\"0 0 24 24\"><path fill=\"none\" d=\"M0,0h24v24H0V0z\"><\/path><path d=\"M12,2C6.48,2,2,6.48,2,12s4.48,10,10,10s10-4.48,10-10S17.52,2,12,2z M17,13h-4v4h-2v-4H7v-2h4V7h2v4h4V13z\"><\/path><\/svg><\/span> <!-- Icona SVG o simbolo -->\n                    <\/div>\n                    <div class=\"accordion-content-or\">\n                        <p>Es gibt wohltuende Behandlungen, die w\u00e4hrend der Schwangerschaft durchgef\u00fchrt und dir empfohlen werden k\u00f6nnen. Es ist sehr wichtig, den Koordinatorinnen bei deiner Ankunft Bescheid zu geben, damit du jederzeit bestens betreut wirst und nur die f\u00fcr dich sichersten und geeignetsten Behandlungen erh\u00e4lst.<\/p>\n                    <\/div>\n                <\/div>\n                \n                <div class=\"accordion-or\">\n                    <div class=\"accordion-header-or\">\n                        <span class=\"accordion-question-or\">Wo befindet sich der Friseursalon?<\/span>\n                        <span class=\"accordion-icon-or\"><svg fill=\"#39414D\" xmlns=\"http:\/\/www.w3.org\/2000\/svg\" width=\"24\" height=\"24\" viewBox=\"0 0 24 24\"><path fill=\"none\" d=\"M0,0h24v24H0V0z\"><\/path><path d=\"M12,2C6.48,2,2,6.48,2,12s4.48,10,10,10s10-4.48,10-10S17.52,2,12,2z M17,13h-4v4h-2v-4H7v-2h4V7h2v4h4V13z\"><\/path><\/svg><\/span> <!-- Icona SVG o simbolo -->\n                    <\/div>\n                    <div class=\"accordion-content-or\">\n                        <p>Es befindet sich in der Beauty Farm (erster Stock) und steht sowohl f\u00fcr Sie als auch f\u00fcr Ihn zur Verf\u00fcgung. Um deinen Service zu garantieren, m\u00f6chten wir dich daran erinnern, dass eine Reservierung erw\u00fcnscht ist, indem du dich an die Rezeption der Beauty Farm wendest.<\/p>\n                    <\/div>\n                <\/div>\n                \n                <div class=\"accordion-or\">\n                    <div class=\"accordion-header-or\">\n                        <span class=\"accordion-question-or\">Wie kann ich die Ergebnisse der Behandlungen zu Hause erhalten?<\/span>\n                        <span class=\"accordion-icon-or\"><svg fill=\"#39414D\" xmlns=\"http:\/\/www.w3.org\/2000\/svg\" width=\"24\" height=\"24\" viewBox=\"0 0 24 24\"><path fill=\"none\" d=\"M0,0h24v24H0V0z\"><\/path><path d=\"M12,2C6.48,2,2,6.48,2,12s4.48,10,10,10s10-4.48,10-10S17.52,2,12,2z M17,13h-4v4h-2v-4H7v-2h4V7h2v4h4V13z\"><\/path><\/svg><\/span> <!-- Icona SVG o simbolo -->\n                    <\/div>\n                    <div class=\"accordion-content-or\">\n                        <p>Um dein Erlebnis auch zu Hause fortzusetzen und die Vorteile der erhaltenen Behandlungen durch die Heimpflege zu bewahren, kannst du die Produkte unserer Linien erwerben. Frage unsere \u201eBeauty Specialists\u201c um Rat.<\/p>\n                    <\/div>\n                <\/div>\n                <\/div><\/div><div class=\"faq-category-or-spa\"><h2 class=\"faq-category-title-or\">Kurg\u00e4nge<\/h2><div class=\"faq-accordion-or\">\n                <div class=\"accordion-or\">\n                    <div class=\"accordion-header-or\">\n                        <span class=\"accordion-question-or\">Wo befindet sich das Spa und wann ist es ge\u00f6ffnet?<\/span>\n                        <span class=\"accordion-icon-or\"><svg fill=\"#39414D\" xmlns=\"http:\/\/www.w3.org\/2000\/svg\" width=\"24\" height=\"24\" viewBox=\"0 0 24 24\"><path fill=\"none\" d=\"M0,0h24v24H0V0z\"><\/path><path d=\"M12,2C6.48,2,2,6.48,2,12s4.48,10,10,10s10-4.48,10-10S17.52,2,12,2z M17,13h-4v4h-2v-4H7v-2h4V7h2v4h4V13z\"><\/path><\/svg><\/span> <!-- Icona SVG o simbolo -->\n                    <\/div>\n                    <div class=\"accordion-content-or\">\n                        <p>Es befindet sich im Erdgeschoss und ist mit den entsprechenden Aufz\u00fcgen bequem zu erreichen. \u00d6ffnungszeiten: jeden Tag, am Morgen.<\/p>\n                    <\/div>\n                <\/div>\n                \n                <div class=\"accordion-or\">\n                    <div class=\"accordion-header-or\">\n                        <span class=\"accordion-question-or\">Wo befinden sich die Thermalbecken des Hotels und wann sind sie ge\u00f6ffnet?<\/span>\n                        <span class=\"accordion-icon-or\"><svg fill=\"#39414D\" xmlns=\"http:\/\/www.w3.org\/2000\/svg\" width=\"24\" height=\"24\" viewBox=\"0 0 24 24\"><path fill=\"none\" d=\"M0,0h24v24H0V0z\"><\/path><path d=\"M12,2C6.48,2,2,6.48,2,12s4.48,10,10,10s10-4.48,10-10S17.52,2,12,2z M17,13h-4v4h-2v-4H7v-2h4V7h2v4h4V13z\"><\/path><\/svg><\/span> <!-- Icona SVG o simbolo -->\n                    <\/div>\n                    <div class=\"accordion-content-or\">\n                        <p>Sie befinden sich im Erdgeschoss und sind mit den entsprechenden Aufz\u00fcgen bequem zu erreichen. Sie sind t\u00e4glich von 8:00 bis 23:00 Uhr ge\u00f6ffnet. Wir bieten Ihnen drei herrliche Pools: THERMAE, den warmen Innenpool, und AURUM, den warmen Au\u00dfenpool, die miteinander verbunden sind und \u00fcber Thermalwasser mit einer Temperatur von 34-36\u00b0C (32-34\u00b0C in den Sommermonaten) verf\u00fcgen, sowie einen dritten Pool, GLACIA, den k\u00fchlen Au\u00dfenpool mit Thermalwasser von 27-29\u00b0C. Unsere Thermalb\u00e4der haben eine wertvolle therapeutische Wirkung, daher empfehlen wir Ihnen, sie jeweils nur f\u00fcr kurze Zeit zu nutzen.<\/p>\n                    <\/div>\n                <\/div>\n                \n                <div class=\"accordion-or\">\n                    <div class=\"accordion-header-or\">\n                        <span class=\"accordion-question-or\">Welche Kuranwendungen gibt es im Hotel Savoia Therm\u00e6 &amp; Spa und wie kann ich sie auf Rezept in Anspruch nehmen?<\/span>\n                        <span class=\"accordion-icon-or\"><svg fill=\"#39414D\" xmlns=\"http:\/\/www.w3.org\/2000\/svg\" width=\"24\" height=\"24\" viewBox=\"0 0 24 24\"><path fill=\"none\" d=\"M0,0h24v24H0V0z\"><\/path><path d=\"M12,2C6.48,2,2,6.48,2,12s4.48,10,10,10s10-4.48,10-10S17.52,2,12,2z M17,13h-4v4h-2v-4H7v-2h4V7h2v4h4V13z\"><\/path><\/svg><\/span> <!-- Icona SVG o simbolo -->\n                    <\/div>\n                    <div class=\"accordion-content-or\">\n                        <p>Das italienische Gesundheitsministerium hat die wichtige therapeutische und rehabilitative Wirkung von Thermalbehandlungen bei zahlreichen Erkrankungen anerkannt und das Hotel Savoia Therm\u00e6 &amp; Spa mit der Einstufung <b>Prima Categoria Super<\/b> ausgezeichnet.Zu den wichtigsten angebotenen Behandlungen geh\u00f6ren:<ul> <li><b>FANGOBEHANDLUNGEN + THERMALB\u00c4DER:<\/b> empfohlen bei Osteoarthrose, verbreiteter Arthrose, extraartikul\u00e4ren rheumatischen Erkrankungen und weiteren Beschwerden, die f\u00fcr eine Fango- und Thermalbadtherapie geeignet sind; <\/li><li><b>INHALATIONEN + AEROSOLBEHANDLUNGEN:<\/b> empfohlen bei Bronchitis, Rhinitis, Pharyngitis, Laryngitis, Sinusitis und weiteren Erkrankungen der Atemwege. <\/li><\/ul>Die konventionierten Thermalbehandlungen k\u00f6nnen <b>einmal pro Jahr<\/b> mit einer Verordnung des Hausarztes in Anspruch genommen werden. Die auf dem entsprechenden ASL-Formular ausgestellte Verordnung muss die Erkrankung, den verordneten Behandlungszyklus sowie den entsprechenden <b>nationalen Behandlungscode<\/b> eindeutig angeben:<ul> <li><b>89.90.2<\/b> f\u00fcr Fangobehandlungen + Thermalb\u00e4der; <\/li><li><b>89.91.2<\/b> f\u00fcr Inhalationstherapien. <\/li><\/ul>Pro Kalenderjahr wird nur ein Behandlungszyklus \u00fcbernommen, wahlweise <b>12 Fangobehandlungen + 12 therapeutische Thermalb\u00e4der<\/b> oder <b>12 Inhalationen + 12 Aerosolbehandlungen<\/b>.Die Verordnung ist f\u00fcr das laufende Kalenderjahr g\u00fcltig, und der Behandlungszyklus muss innerhalb eines Zeitraums von h\u00f6chstens <b>60 Tagen<\/b> abgeschlossen werden.Inhalationstherapien im Rahmen der ASL-Konvention sind ausschlie\u00dflich G\u00e4sten vorbehalten, die im Hotel Savoia Therm\u00e6 &amp; Spa \u00fcbernachten. Externe G\u00e4ste k\u00f6nnen Inhalationstherapien jedoch auch ohne ASL-Konvention in Anspruch nehmen. Der Preis betr\u00e4gt <b>10,00 \u20ac pro Behandlung<\/b> zuz\u00fcglich <b>36,00 \u20ac f\u00fcr die \u00e4rztliche Untersuchung<\/b>. Fangobehandlungen und Thermalb\u00e4der im Rahmen der ASL-Konvention stehen hingegen auch externen G\u00e4sten zur Verf\u00fcgung.Die ASL-Zuzahlung ist nicht im Paketpreis enthalten und betr\u00e4gt <b>55,00 \u20ac<\/b>, beziehungsweise <b>3,10 \u20ac<\/b> f\u00fcr Personen, die aus gesundheitlichen Gr\u00fcnden oder aufgrund von Alter und Einkommen von der Zuzahlung befreit sind.Zur Erg\u00e4nzung des Thermal- und Regenerationsprogramms stehen au\u00dferdem zus\u00e4tzliche Leistungen wie <b>Ozontherapie und Massagen<\/b> gegen Aufpreis zur Verf\u00fcgung.<\/p>\n                    <\/div>\n                <\/div>\n                \n                <div class=\"accordion-or\">\n                    <div class=\"accordion-header-or\">\n                        <span class=\"accordion-question-or\">Wo befindet sich THERMAE das Hallenbad und wie erreiche ich es?<\/span>\n                        <span class=\"accordion-icon-or\"><svg fill=\"#39414D\" xmlns=\"http:\/\/www.w3.org\/2000\/svg\" width=\"24\" height=\"24\" viewBox=\"0 0 24 24\"><path fill=\"none\" d=\"M0,0h24v24H0V0z\"><\/path><path d=\"M12,2C6.48,2,2,6.48,2,12s4.48,10,10,10s10-4.48,10-10S17.52,2,12,2z M17,13h-4v4h-2v-4H7v-2h4V7h2v4h4V13z\"><\/path><\/svg><\/span> <!-- Icona SVG o simbolo -->\n                    <\/div>\n                    <div class=\"accordion-content-or\">\n                        <p>THERMAE Unser einladendes Hallenbad befindet sich im Erdgeschoss, eingebettet im Herzen des Thermalzentrums. Gehen Sie von der Rezeption aus einfach in die Kurabteilung und folgen Sie dem Flur auf der linken Seite bis zum Ende: Dieser reizvolle Weg f\u00fchrt Sie direkt zur Entspannung der Pools und des Spas. Auf dem Weg, kurz bevor Sie in das warme Thermalwasser eintauchen, finden Sie auch unseren modernen Fitnessraum.<\/p>\n                    <\/div>\n                <\/div>\n                \n                <div class=\"accordion-or\">\n                    <div class=\"accordion-header-or\">\n                        <span class=\"accordion-question-or\">Ist der Zugang zu den Thermalb\u00e4dern f\u00fcr Tagesg\u00e4ste, die nur Fango-Anwendungen erhalten, inbegriffen?<\/span>\n                        <span class=\"accordion-icon-or\"><svg fill=\"#39414D\" xmlns=\"http:\/\/www.w3.org\/2000\/svg\" width=\"24\" height=\"24\" viewBox=\"0 0 24 24\"><path fill=\"none\" d=\"M0,0h24v24H0V0z\"><\/path><path d=\"M12,2C6.48,2,2,6.48,2,12s4.48,10,10,10s10-4.48,10-10S17.52,2,12,2z M17,13h-4v4h-2v-4H7v-2h4V7h2v4h4V13z\"><\/path><\/svg><\/span> <!-- Icona SVG o simbolo -->\n                    <\/div>\n                    <div class=\"accordion-content-or\">\n                        <p>F\u00fcr Tagesg\u00e4ste, die unser Haus ausschlie\u00dflich f\u00fcr Fango-Anwendungen w\u00e4hlen (ohne Hotelaufenthalt), ist der direkte Zugang zu den Thermalb\u00e4dern nicht inbegriffen. Wir haben jedoch einen speziellen Vorzugspreis von nur \u20ac 15 pro Person f\u00fcr Sie reserviert, mit dem Sie Ihre Entspannung verl\u00e4ngern k\u00f6nnen, indem Sie ganze 3 Stunden Zugang zu den spektakul\u00e4ren Thermalb\u00e4dern und dem SPA erhalten.<\/p>\n                    <\/div>\n                <\/div>\n                <\/div><\/div><div class=\"faq-category-or-spa\"><h2 class=\"faq-category-title-or\">Inhalationstherapien<\/h2><div class=\"faq-accordion-or\">\n                <div class=\"accordion-or\">\n                    <div class=\"accordion-header-or\">\n                        <span class=\"accordion-question-or\">Wo befindet sich die Abteilung f\u00fcr Inhalationstherapie und wie sind die \u00d6ffnungszeiten?<\/span>\n                        <span class=\"accordion-icon-or\"><svg fill=\"#39414D\" xmlns=\"http:\/\/www.w3.org\/2000\/svg\" width=\"24\" height=\"24\" viewBox=\"0 0 24 24\"><path fill=\"none\" d=\"M0,0h24v24H0V0z\"><\/path><path d=\"M12,2C6.48,2,2,6.48,2,12s4.48,10,10,10s10-4.48,10-10S17.52,2,12,2z M17,13h-4v4h-2v-4H7v-2h4V7h2v4h4V13z\"><\/path><\/svg><\/span> <!-- Icona SVG o simbolo -->\n                    <\/div>\n                    <div class=\"accordion-content-or\">\n                        <p>Es befindet sich in der Beauty Farm (erster Stock) und ist mit den entsprechenden Aufz\u00fcgen bequem zu erreichen. Es ist t\u00e4glich von 8:00 bis 12:30 Uhr und von 14:30 bis 18:00 Uhr ge\u00f6ffnet. Wir m\u00f6chten dich daran erinnern, dass f\u00fcr Inhalationsbehandlungen eine Reservierung erforderlich ist.<\/p>\n                    <\/div>\n                <\/div>\n                \n                <div class=\"accordion-or\">\n                    <div class=\"accordion-header-or\">\n                        <span class=\"accordion-question-or\">Arbeitet das Hotel Savoia Therm\u00e6 &amp; Spa mit der ASL f\u00fcr Kuranwendungen zusammen? Welche Therapien sind inbegriffen und wie hoch ist die Rezeptgeb\u00fchr (Ticket)?<\/span>\n                        <span class=\"accordion-icon-or\"><svg fill=\"#39414D\" xmlns=\"http:\/\/www.w3.org\/2000\/svg\" width=\"24\" height=\"24\" viewBox=\"0 0 24 24\"><path fill=\"none\" d=\"M0,0h24v24H0V0z\"><\/path><path d=\"M12,2C6.48,2,2,6.48,2,12s4.48,10,10,10s10-4.48,10-10S17.52,2,12,2z M17,13h-4v4h-2v-4H7v-2h4V7h2v4h4V13z\"><\/path><\/svg><\/span> <!-- Icona SVG o simbolo -->\n                    <\/div>\n                    <div class=\"accordion-content-or\">\n                        <p>Ja, das Hotel Savoia Therm\u00e6 &amp; Spa f\u00fchrt die lange Thermaltradition von Abano fort und ist f\u00fcr Inhalationstherapien, Fangobehandlungen und therapeutische Thermalb\u00e4der vollst\u00e4ndig mit der ASL konventioniert. Um die Behandlungen im Rahmen der ASL-Konvention in Anspruch nehmen zu k\u00f6nnen, muss die Verordnung des Hausarztes die Therapie, die Anzahl der Behandlungen, die spezifische Erkrankung sowie den entsprechenden <b>nationalen Behandlungscode<\/b> eindeutig angeben: <ul> <li><b>89.90.2<\/b> f\u00fcr Fango + Thermalb\u00e4der, bei Arthrose, Osteoporose oder extraartikul\u00e4ren rheumatischen Erkrankungen; <\/li><li><b>89.91.2<\/b> f\u00fcr Inhalationstherapien, bei Bronchitis, Rhinitis, Pharyngitis, Laryngitis oder Sinusitis. <\/li><\/ul>Die Konvention deckt <b>einen einzigen Behandlungszyklus pro Kalenderjahr<\/b> ab. Zur Wahl stehen <b>12 Fangobehandlungen und\/oder Thermalb\u00e4der<\/b> oder <b>12 Inhalationen + 12 Aerosolbehandlungen<\/b>. Inhalationstherapien im Rahmen der ASL-Konvention sind ausschlie\u00dflich Hotelg\u00e4sten vorbehalten. Externe G\u00e4ste k\u00f6nnen Inhalationstherapien jedoch auch ohne ASL-Konvention in Anspruch nehmen. Der Preis betr\u00e4gt <b>10,00 \u20ac pro Behandlung<\/b> zuz\u00fcglich <b>36,00 \u20ac f\u00fcr die \u00e4rztliche Untersuchung<\/b>. Fangobehandlungen und Thermalb\u00e4der im Rahmen der ASL-Konvention stehen hingegen auch externen G\u00e4sten zur Verf\u00fcgung. Die ASL-Zuzahlung betr\u00e4gt <b>55,00 \u20ac<\/b> und reduziert sich auf <b>3,10 \u20ac<\/b> f\u00fcr G\u00e4ste, die aufgrund von Alter und Einkommen oder aus gesundheitlichen Gr\u00fcnden von der Zuzahlung befreit sind.<\/p>\n                    <\/div>\n                <\/div>\n                \n                <div class=\"accordion-or\">\n                    <div class=\"accordion-header-or\">\n                        <span class=\"accordion-question-or\">Wo und wann kann ich den Hotelarzt finden?<\/span>\n                        <span class=\"accordion-icon-or\"><svg fill=\"#39414D\" xmlns=\"http:\/\/www.w3.org\/2000\/svg\" width=\"24\" height=\"24\" viewBox=\"0 0 24 24\"><path fill=\"none\" d=\"M0,0h24v24H0V0z\"><\/path><path d=\"M12,2C6.48,2,2,6.48,2,12s4.48,10,10,10s10-4.48,10-10S17.52,2,12,2z M17,13h-4v4h-2v-4H7v-2h4V7h2v4h4V13z\"><\/path><\/svg><\/span> <!-- Icona SVG o simbolo -->\n                    <\/div>\n                    <div class=\"accordion-content-or\">\n                        <p>Um Ihr Kurprogramm in aller Ruhe zu beginnen, empf\u00e4ngt Sie der \u00e4rztliche Leiter des Hauses jeden Morgen in der Arztpraxis im ersten Stock (Zimmer Nr. 11). F\u00fcr die genauen \u00d6ffnungszeiten oder andere Anliegen steht Ihnen unser Rezeptionsteam mit der gewohnt herzlichen Gastfreundschaft jederzeit gerne zur Verf\u00fcgung.<\/p>\n                    <\/div>\n                <\/div>\n                \n                <div class=\"accordion-or\">\n                    <div class=\"accordion-header-or\">\n                        <span class=\"accordion-question-or\">Welche Krankheiten k\u00f6nnen in Ihrer Therme behandelt werden?<\/span>\n                        <span class=\"accordion-icon-or\"><svg fill=\"#39414D\" xmlns=\"http:\/\/www.w3.org\/2000\/svg\" width=\"24\" height=\"24\" viewBox=\"0 0 24 24\"><path fill=\"none\" d=\"M0,0h24v24H0V0z\"><\/path><path d=\"M12,2C6.48,2,2,6.48,2,12s4.48,10,10,10s10-4.48,10-10S17.52,2,12,2z M17,13h-4v4h-2v-4H7v-2h4V7h2v4h4V13z\"><\/path><\/svg><\/span> <!-- Icona SVG o simbolo -->\n                    <\/div>\n                    <div class=\"accordion-content-or\">\n                        <p>Unsere reiche Kurtradition verbindet sich mit der medizinischen Wissenschaft, um Ihnen nachhaltiges Wohlbefinden zu schenken. Klicken Sie auf den folgenden Link, um den <a href=\"https:\/\/www.savoiaterme.it\/wp-content\/uploads\/2021\/10\/GUIDA-ALLA-PRESCRIZIONE-DELLE-CURE-TERMALI_ita.pdf\" target=\"_blank\">Leitfaden f\u00fcr die Verschreibung<\/a> einzusehen und zu erfahren, welche Krankheiten im Thermalbad behandelt werden k\u00f6nnen.<\/p>\n                    <\/div>\n                <\/div>\n                \n                <div class=\"accordion-or\">\n                    <div class=\"accordion-header-or\">\n                        <span class=\"accordion-question-or\">Wo befinden sich die Abteilungen f\u00fcr Massagen, Anwendungen und Kuren im Hotel?<\/span>\n                        <span class=\"accordion-icon-or\"><svg fill=\"#39414D\" xmlns=\"http:\/\/www.w3.org\/2000\/svg\" width=\"24\" height=\"24\" viewBox=\"0 0 24 24\"><path fill=\"none\" d=\"M0,0h24v24H0V0z\"><\/path><path d=\"M12,2C6.48,2,2,6.48,2,12s4.48,10,10,10s10-4.48,10-10S17.52,2,12,2z M17,13h-4v4h-2v-4H7v-2h4V7h2v4h4V13z\"><\/path><\/svg><\/span> <!-- Icona SVG o simbolo -->\n                    <\/div>\n                    <div class=\"accordion-content-or\">\n                        <p>Die Bereiche unseres Hauses sind so organisiert, dass sie Ihnen einen flie\u00dfenden und eleganten Ablauf bieten. Im ersten Stock erwartet Sie die exklusive Beauty Farm \u2013 eine Oase f\u00fcr Massagen, Sch\u00f6nheitsanwendungen und K\u00f6rperwohlbefinden, in der sich auch die moderne Inhalationsabteilung befindet. Im Erdgeschoss hingegen liegen die Kurabteilung f\u00fcr die Fango-Balneotherapie, der gut ausgestattete Fitnessraum, der SPA-Bereich und die malerischen Thermalb\u00e4der. Lassen Sie sich inspirieren und planen Sie Ihre Verw\u00f6hnmomente mit unserem SPA-Men\u00fc, das Sie hier finden: <a href=\"https:\/\/www.savoiaterme.it\/it\/spa-menu\/.\" target=\"_blank\">SPA Men\u00f9<\/a><\/p>\n                    <\/div>\n                <\/div>\n                <\/div><\/div><div class=\"faq-category-or-spa\"><h2 class=\"faq-category-title-or\">Business<\/h2><div class=\"faq-accordion-or\">\n                <div class=\"accordion-or\">\n                    <div class=\"accordion-header-or\">\n                        <span class=\"accordion-question-or\">Welche Tagungsr\u00e4ume stehen im Hotel Savoia Therm\u00e6 &amp; Spa zur Verf\u00fcgung und wie gro\u00df ist deren Kapazit\u00e4t?<\/span>\n                        <span class=\"accordion-icon-or\"><svg fill=\"#39414D\" xmlns=\"http:\/\/www.w3.org\/2000\/svg\" width=\"24\" height=\"24\" viewBox=\"0 0 24 24\"><path fill=\"none\" d=\"M0,0h24v24H0V0z\"><\/path><path d=\"M12,2C6.48,2,2,6.48,2,12s4.48,10,10,10s10-4.48,10-10S17.52,2,12,2z M17,13h-4v4h-2v-4H7v-2h4V7h2v4h4V13z\"><\/path><\/svg><\/span> <!-- Icona SVG o simbolo -->\n                    <\/div>\n                    <div class=\"accordion-content-or\">\n                        <p>Wir bieten vielseitige R\u00e4ume f\u00fcr jede Veranstaltung: Der Tagungsraum Savoia (140 m\u00b2, um weitere 50 m\u00b2 erweiterbar) bietet bis zu 90\/100 Pl\u00e4tze und ist ideal f\u00fcr Kongresse und Schulungen. F\u00fcr gr\u00f6\u00dfere Events und Bankette stehen der Mehrzweckraum und das weitl\u00e4ufige Restaurant Todeschini zur Verf\u00fcgung.<\/p>\n                    <\/div>\n                <\/div>\n                \n                <div class=\"accordion-or\">\n                    <div class=\"accordion-header-or\">\n                        <span class=\"accordion-question-or\">Welche technische Ausstattung und Serviceleistungen sind f\u00fcr die Organisation einer Firmenveranstaltung inbegriffen?<\/span>\n                        <span class=\"accordion-icon-or\"><svg fill=\"#39414D\" xmlns=\"http:\/\/www.w3.org\/2000\/svg\" width=\"24\" height=\"24\" viewBox=\"0 0 24 24\"><path fill=\"none\" d=\"M0,0h24v24H0V0z\"><\/path><path d=\"M12,2C6.48,2,2,6.48,2,12s4.48,10,10,10s10-4.48,10-10S17.52,2,12,2z M17,13h-4v4h-2v-4H7v-2h4V7h2v4h4V13z\"><\/path><\/svg><\/span> <!-- Icona SVG o simbolo -->\n                    <\/div>\n                    <div class=\"accordion-content-or\">\n                        <p>Die R\u00e4ume bieten modernste Technik: ein komplettes Audio-\/Videosystem (Full-HD-Deckenbeamer oder tragbarer Beamer, 16:9-Leinwand, feste, kabellose und Kopfb\u00fcgelmikrofone) sowie Pr\u00e4sentationsmedien (Notebook, Laser-Presenter, Flipchart). Highspeed-WLAN, Klimaanlage, ein gro\u00dfer Privatparkplatz und ein Transferservice auf Anfrage sind inbegriffen.<\/p>\n                    <\/div>\n                <\/div>\n                \n                <div class=\"accordion-or\">\n                    <div class=\"accordion-header-or\">\n                        <span class=\"accordion-question-or\">Ist es m\u00f6glich, w\u00e4hrend Firmenveranstaltung Kaffeepausen, Gesch\u00e4ftsessen oder Firmendinner zu organisieren?<\/span>\n                        <span class=\"accordion-icon-or\"><svg fill=\"#39414D\" xmlns=\"http:\/\/www.w3.org\/2000\/svg\" width=\"24\" height=\"24\" viewBox=\"0 0 24 24\"><path fill=\"none\" d=\"M0,0h24v24H0V0z\"><\/path><path d=\"M12,2C6.48,2,2,6.48,2,12s4.48,10,10,10s10-4.48,10-10S17.52,2,12,2z M17,13h-4v4h-2v-4H7v-2h4V7h2v4h4V13z\"><\/path><\/svg><\/span> <!-- Icona SVG o simbolo -->\n                    <\/div>\n                    <div class=\"accordion-content-or\">\n                        <p>Ja, wir erstellen ma\u00dfgeschneiderte Gastronomieangebote f\u00fcr jeden Moment: Welcome Drinks, Kaffeepausen, Gesch\u00e4ftsessen und Gala-Dinner. Das Restaurant Todeschini eignet sich perfekt f\u00fcr gesellige Momente w\u00e4hrend der Tagung, w\u00e4hrend das Restaurant \u201eIl Savoiardo\u201c Sie in elegantem Ambiente mit traditionellen italienischen Gerichten und internationalen Aromen erwartet.<\/p>\n                    <\/div>\n                <\/div>\n                \n                <div class=\"accordion-or\">\n                    <div class=\"accordion-header-or\">\n                        <span class=\"accordion-question-or\">Bieten Sie spezielle Firmenvereinbarungen oder erm\u00e4\u00dfigte Tarife f\u00fcr Gesch\u00e4ftsreisende an?<\/span>\n                        <span class=\"accordion-icon-or\"><svg fill=\"#39414D\" xmlns=\"http:\/\/www.w3.org\/2000\/svg\" width=\"24\" height=\"24\" viewBox=\"0 0 24 24\"><path fill=\"none\" d=\"M0,0h24v24H0V0z\"><\/path><path d=\"M12,2C6.48,2,2,6.48,2,12s4.48,10,10,10s10-4.48,10-10S17.52,2,12,2z M17,13h-4v4h-2v-4H7v-2h4V7h2v4h4V13z\"><\/path><\/svg><\/span> <!-- Icona SVG o simbolo -->\n                    <\/div>\n                    <div class=\"accordion-content-or\">\n                        <p>Ja, wir bieten ma\u00dfgeschneiderte Firmenvereinbarungen mit exklusiven Vorteilen wie vorzeitigem Fr\u00fchst\u00fcck, Fast Check-out, kostenfreiem Parken und Zugang zu Tagungsr\u00e4umen. Zudem erm\u00f6glicht unser Bleisure-Konzept, Arbeit mit Vergn\u00fcgen zu verbinden und erholsame Momente in den Thermalb\u00e4dern und Wellnessbereichen des Hotels zu genie\u00dfen. Kontaktieren Sie uns, um Ihre Vereinbarung zu aktivieren.<\/p>\n                    <\/div>\n                <\/div>\n                <\/div><\/div><\/div>\n\n\n<script>\n    document.addEventListener(\"DOMContentLoaded\", function() {\n        const accordions = document.querySelectorAll(\".accordion-or\");\n        accordions.forEach(accordion => {\n            accordion.querySelector(\".accordion-header-or\").addEventListener(\"click\", function() {\n                this.classList.toggle(\"active\");\n                const content = this.nextElementSibling;\n                if (content.style.display === \"block\") {\n                    content.style.display = \"none\";\n                } else {\n                    content.style.display = \"block\";\n                }\n            });\n        });\n    });\n<\/script>\n<style>\n\/* 27.0 FAQ OPEN ROSETTA *\/\n\n\n.faq-container {\n    display: flex;\n    flex-wrap: wrap;\n    gap: 20px;   \n}\n\n.faq-category-or {\n    width: calc(50% - 20px); \/* Due colonne *\/\n    margin-bottom: 20px;\n}\n\nh2.faq-category-title-or {\n    font-size: 30px;\n    border-bottom: 1px solid #86267A;\n    padding-bottom: 15px;\n    margin-bottom: 30px;\n    padding-top: 30px;\n}\n\n.accordion-or {\n    border: 1px solid #ccc; \/* Bordino attorno all'accordion *\/\n    border-radius: 2px;\n    margin-bottom: 10px;\n    overflow: hidden;\n}\n\n.accordion-header-or {\n    display: flex;\n    justify-content: space-between;\n    align-items: center;\n    padding: 10px;\n    background-color: #ffffff;\n    cursor: pointer;\n}\n\n.accordion-question-or {\n    text-align: left;\n    flex-grow: 1; \/* Occupa tutto lo spazio disponibile *\/\n    line-height: 1.8;\n    font-size: 1.2em;\n    font-family: 'Reem Kufi', sans-serif !important;\n    color: #39414D !important;\n}\n\n.accordion-icon-or {\n    font-size: 12px;\n    margin-left: 10px;\n    transform: rotate(0);\n    transition: transform 0.3s;\n}\n\n.accordion-or.active .accordion-icon-or {\n    transform: rotate(180deg); \/* Ruota l'icona quando attivo *\/\n}\n\n.accordion-content-or {\n    padding: 10px;\n    display: none;\n    border-top: 1px solid #ccc; \/* Bordino tra domanda e risposta *\/\n}\n\n.faq-category-or-spa{\n    width: 100%;\n}\n\n<\/style>\n<\/div>\n\t\t\t\t\t\t<\/div>\n\t\t\t\t\t<\/div>\n\t\t\t\t<\/div>\n\t\t\t\t<\/div>\n\t\t","protected":false},"excerpt":{"rendered":"<p>Die h\u00e4ufigsten Fragen<\/p>\n","protected":false},"author":2,"featured_media":34130,"parent":0,"menu_order":254,"comment_status":"closed","ping_status":"closed","template":"","meta":{"_acf_changed":false,"footnotes":""},"class_list":["post-34559","page","type-page","status-publish","has-post-thumbnail","hentry"],"acf":[],"yoast_head":"<!-- This site is optimized with the Yoast SEO plugin v28.3 - https:\/\/yoast.com\/product\/yoast-seo-wordpress\/ -->\n<title>FAQ - Hotel Savoia Therm\u00e6 &amp; Spa - 4 stelle - Abano Terme<\/title>\n<meta name=\"robots\" content=\"index, follow, max-snippet:-1, max-image-preview:large, max-video-preview:-1\" \/>\n<link rel=\"canonical\" href=\"https:\/\/www.savoiaterme.it\/de\/faq\/\" \/>\n<meta property=\"og:locale\" content=\"de_DE\" \/>\n<meta property=\"og:type\" content=\"article\" \/>\n<meta property=\"og:title\" content=\"FAQ - Hotel Savoia Therm\u00e6 &amp; Spa - 4 stelle - Abano Terme\" \/>\n<meta property=\"og:description\" content=\"Die h\u00e4ufigsten Fragen\" \/>\n<meta property=\"og:url\" content=\"https:\/\/www.savoiaterme.it\/de\/faq\/\" \/>\n<meta property=\"og:site_name\" content=\"Hotel Savoia Therm\u00e6 &amp; Spa - 4 stelle - Abano Terme\" \/>\n<meta property=\"article:publisher\" content=\"https:\/\/www.facebook.com\/savoiaterme\/\" \/>\n<meta property=\"article:modified_time\" content=\"2026-07-17T07:34:30+00:00\" \/>\n<meta property=\"og:image\" content=\"https:\/\/www.savoiaterme.it\/wp-content\/uploads\/2025\/09\/banner-placeholder.png\" \/>\n\t<meta property=\"og:image:width\" content=\"1920\" \/>\n\t<meta property=\"og:image:height\" content=\"1080\" \/>\n\t<meta property=\"og:image:type\" content=\"image\/png\" \/>\n<meta name=\"twitter:card\" content=\"summary_large_image\" \/>\n<script type=\"application\/ld+json\" class=\"yoast-schema-graph\">{\"@context\":\"https:\\\/\\\/schema.org\",\"@graph\":[{\"@type\":\"WebPage\",\"@id\":\"https:\\\/\\\/www.savoiaterme.it\\\/de\\\/faq\\\/\",\"url\":\"https:\\\/\\\/www.savoiaterme.it\\\/de\\\/faq\\\/\",\"name\":\"FAQ - Hotel Savoia Therm\u00e6 &amp; Spa - 4 stelle - Abano Terme\",\"isPartOf\":{\"@id\":\"https:\\\/\\\/www.savoiaterme.it\\\/de\\\/#website\"},\"primaryImageOfPage\":{\"@id\":\"https:\\\/\\\/www.savoiaterme.it\\\/de\\\/faq\\\/#primaryimage\"},\"image\":{\"@id\":\"https:\\\/\\\/www.savoiaterme.it\\\/de\\\/faq\\\/#primaryimage\"},\"thumbnailUrl\":\"https:\\\/\\\/www.savoiaterme.it\\\/wp-content\\\/uploads\\\/2025\\\/09\\\/banner-placeholder.png\",\"datePublished\":\"2025-09-18T06:03:38+00:00\",\"dateModified\":\"2026-07-17T07:34:30+00:00\",\"breadcrumb\":{\"@id\":\"https:\\\/\\\/www.savoiaterme.it\\\/de\\\/faq\\\/#breadcrumb\"},\"inLanguage\":\"de\",\"potentialAction\":[{\"@type\":\"ReadAction\",\"target\":[\"https:\\\/\\\/www.savoiaterme.it\\\/de\\\/faq\\\/\"]}]},{\"@type\":\"ImageObject\",\"inLanguage\":\"de\",\"@id\":\"https:\\\/\\\/www.savoiaterme.it\\\/de\\\/faq\\\/#primaryimage\",\"url\":\"https:\\\/\\\/www.savoiaterme.it\\\/wp-content\\\/uploads\\\/2025\\\/09\\\/banner-placeholder.png\",\"contentUrl\":\"https:\\\/\\\/www.savoiaterme.it\\\/wp-content\\\/uploads\\\/2025\\\/09\\\/banner-placeholder.png\",\"width\":1920,\"height\":1080,\"caption\":\"lorem ipsum\"},{\"@type\":\"BreadcrumbList\",\"@id\":\"https:\\\/\\\/www.savoiaterme.it\\\/de\\\/faq\\\/#breadcrumb\",\"itemListElement\":[{\"@type\":\"ListItem\",\"position\":1,\"name\":\"Home\",\"item\":\"https:\\\/\\\/www.savoiaterme.it\\\/de\\\/\"},{\"@type\":\"ListItem\",\"position\":2,\"name\":\"FAQ\"}]},{\"@type\":\"WebSite\",\"@id\":\"https:\\\/\\\/www.savoiaterme.it\\\/de\\\/#website\",\"url\":\"https:\\\/\\\/www.savoiaterme.it\\\/de\\\/\",\"name\":\"Hotel Savoia Therm\u00e6 & Spa - 4 stelle - Abano Terme\",\"description\":\"Hotel Savoia sorge ai piedi dei Colli Euganei. Uno dei pi\u00f9 affascinanti terme e Spa a 4 stelle nel cuore di Abano terme.\",\"publisher\":{\"@id\":\"https:\\\/\\\/www.savoiaterme.it\\\/de\\\/#organization\"},\"potentialAction\":[{\"@type\":\"SearchAction\",\"target\":{\"@type\":\"EntryPoint\",\"urlTemplate\":\"https:\\\/\\\/www.savoiaterme.it\\\/de\\\/?s={search_term_string}\"},\"query-input\":{\"@type\":\"PropertyValueSpecification\",\"valueRequired\":true,\"valueName\":\"search_term_string\"}}],\"inLanguage\":\"de\"},{\"@type\":\"Organization\",\"@id\":\"https:\\\/\\\/www.savoiaterme.it\\\/de\\\/#organization\",\"name\":\"Savoia Thermae & Spa\",\"url\":\"https:\\\/\\\/www.savoiaterme.it\\\/de\\\/\",\"logo\":{\"@type\":\"ImageObject\",\"inLanguage\":\"de\",\"@id\":\"https:\\\/\\\/www.savoiaterme.it\\\/de\\\/#\\\/schema\\\/logo\\\/image\\\/\",\"url\":\"https:\\\/\\\/www.savoiaterme.it\\\/wp-content\\\/uploads\\\/2026\\\/03\\\/Logo_Savoia_2026.svg\",\"contentUrl\":\"https:\\\/\\\/www.savoiaterme.it\\\/wp-content\\\/uploads\\\/2026\\\/03\\\/Logo_Savoia_2026.svg\",\"width\":218,\"height\":101,\"caption\":\"Savoia Thermae & Spa\"},\"image\":{\"@id\":\"https:\\\/\\\/www.savoiaterme.it\\\/de\\\/#\\\/schema\\\/logo\\\/image\\\/\"},\"sameAs\":[\"https:\\\/\\\/www.facebook.com\\\/savoiaterme\\\/\",\"https:\\\/\\\/www.instagram.com\\\/savoiatermeabano\\\/\"]}]}<\/script>\n<!-- \/ Yoast SEO plugin. -->","yoast_head_json":{"title":"FAQ - Hotel Savoia Therm\u00e6 &amp; Spa - 4 stelle - Abano Terme","robots":{"index":"index","follow":"follow","max-snippet":"max-snippet:-1","max-image-preview":"max-image-preview:large","max-video-preview":"max-video-preview:-1"},"canonical":"https:\/\/www.savoiaterme.it\/de\/faq\/","og_locale":"de_DE","og_type":"article","og_title":"FAQ - Hotel Savoia Therm\u00e6 &amp; Spa - 4 stelle - Abano Terme","og_description":"Die h\u00e4ufigsten Fragen","og_url":"https:\/\/www.savoiaterme.it\/de\/faq\/","og_site_name":"Hotel Savoia Therm\u00e6 &amp; Spa - 4 stelle - Abano Terme","article_publisher":"https:\/\/www.facebook.com\/savoiaterme\/","article_modified_time":"2026-07-17T07:34:30+00:00","og_image":[{"width":1920,"height":1080,"url":"https:\/\/www.savoiaterme.it\/wp-content\/uploads\/2025\/09\/banner-placeholder.png","type":"image\/png"}],"twitter_card":"summary_large_image","schema":{"@context":"https:\/\/schema.org","@graph":[{"@type":"WebPage","@id":"https:\/\/www.savoiaterme.it\/de\/faq\/","url":"https:\/\/www.savoiaterme.it\/de\/faq\/","name":"FAQ - Hotel Savoia Therm\u00e6 &amp; Spa - 4 stelle - Abano Terme","isPartOf":{"@id":"https:\/\/www.savoiaterme.it\/de\/#website"},"primaryImageOfPage":{"@id":"https:\/\/www.savoiaterme.it\/de\/faq\/#primaryimage"},"image":{"@id":"https:\/\/www.savoiaterme.it\/de\/faq\/#primaryimage"},"thumbnailUrl":"https:\/\/www.savoiaterme.it\/wp-content\/uploads\/2025\/09\/banner-placeholder.png","datePublished":"2025-09-18T06:03:38+00:00","dateModified":"2026-07-17T07:34:30+00:00","breadcrumb":{"@id":"https:\/\/www.savoiaterme.it\/de\/faq\/#breadcrumb"},"inLanguage":"de","potentialAction":[{"@type":"ReadAction","target":["https:\/\/www.savoiaterme.it\/de\/faq\/"]}]},{"@type":"ImageObject","inLanguage":"de","@id":"https:\/\/www.savoiaterme.it\/de\/faq\/#primaryimage","url":"https:\/\/www.savoiaterme.it\/wp-content\/uploads\/2025\/09\/banner-placeholder.png","contentUrl":"https:\/\/www.savoiaterme.it\/wp-content\/uploads\/2025\/09\/banner-placeholder.png","width":1920,"height":1080,"caption":"lorem ipsum"},{"@type":"BreadcrumbList","@id":"https:\/\/www.savoiaterme.it\/de\/faq\/#breadcrumb","itemListElement":[{"@type":"ListItem","position":1,"name":"Home","item":"https:\/\/www.savoiaterme.it\/de\/"},{"@type":"ListItem","position":2,"name":"FAQ"}]},{"@type":"WebSite","@id":"https:\/\/www.savoiaterme.it\/de\/#website","url":"https:\/\/www.savoiaterme.it\/de\/","name":"Hotel Savoia Therm\u00e6 & Spa - 4 stelle - Abano Terme","description":"Hotel Savoia sorge ai piedi dei Colli Euganei. Uno dei pi\u00f9 affascinanti terme e Spa a 4 stelle nel cuore di Abano terme.","publisher":{"@id":"https:\/\/www.savoiaterme.it\/de\/#organization"},"potentialAction":[{"@type":"SearchAction","target":{"@type":"EntryPoint","urlTemplate":"https:\/\/www.savoiaterme.it\/de\/?s={search_term_string}"},"query-input":{"@type":"PropertyValueSpecification","valueRequired":true,"valueName":"search_term_string"}}],"inLanguage":"de"},{"@type":"Organization","@id":"https:\/\/www.savoiaterme.it\/de\/#organization","name":"Savoia Thermae & Spa","url":"https:\/\/www.savoiaterme.it\/de\/","logo":{"@type":"ImageObject","inLanguage":"de","@id":"https:\/\/www.savoiaterme.it\/de\/#\/schema\/logo\/image\/","url":"https:\/\/www.savoiaterme.it\/wp-content\/uploads\/2026\/03\/Logo_Savoia_2026.svg","contentUrl":"https:\/\/www.savoiaterme.it\/wp-content\/uploads\/2026\/03\/Logo_Savoia_2026.svg","width":218,"height":101,"caption":"Savoia Thermae & Spa"},"image":{"@id":"https:\/\/www.savoiaterme.it\/de\/#\/schema\/logo\/image\/"},"sameAs":["https:\/\/www.facebook.com\/savoiaterme\/","https:\/\/www.instagram.com\/savoiatermeabano\/"]}]}},"_links":{"self":[{"href":"https:\/\/www.savoiaterme.it\/de\/wp-json\/wp\/v2\/pages\/34559","targetHints":{"allow":["GET"]}}],"collection":[{"href":"https:\/\/www.savoiaterme.it\/de\/wp-json\/wp\/v2\/pages"}],"about":[{"href":"https:\/\/www.savoiaterme.it\/de\/wp-json\/wp\/v2\/types\/page"}],"author":[{"embeddable":true,"href":"https:\/\/www.savoiaterme.it\/de\/wp-json\/wp\/v2\/users\/2"}],"replies":[{"embeddable":true,"href":"https:\/\/www.savoiaterme.it\/de\/wp-json\/wp\/v2\/comments?post=34559"}],"version-history":[{"count":1,"href":"https:\/\/www.savoiaterme.it\/de\/wp-json\/wp\/v2\/pages\/34559\/revisions"}],"predecessor-version":[{"id":34560,"href":"https:\/\/www.savoiaterme.it\/de\/wp-json\/wp\/v2\/pages\/34559\/revisions\/34560"}],"wp:featuredmedia":[{"embeddable":true,"href":"https:\/\/www.savoiaterme.it\/de\/wp-json\/wp\/v2\/media\/34130"}],"wp:attachment":[{"href":"https:\/\/www.savoiaterme.it\/de\/wp-json\/wp\/v2\/media?parent=34559"}],"curies":[{"name":"wp","href":"https:\/\/api.w.org\/{rel}","templated":true}]}}