{"id":4894,"date":"2022-04-20T14:42:26","date_gmt":"2022-04-20T12:42:26","guid":{"rendered":"https:\/\/www.savoiaterme.it\/?page_id=4894"},"modified":"2024-03-12T19:19:14","modified_gmt":"2024-03-12T18:19:14","slug":"tagungraeume","status":"publish","type":"page","link":"https:\/\/www.savoiaterme.it\/de\/hotel\/tagungraeume\/","title":{"rendered":"Tagungsr\u00e4ume in Abano Terme"},"content":{"rendered":"<div  class=\"grids-section grids-is-advanced alignfull\" style=\"--_gs-gap-desktop:0px 0px;--_gs-m-desktop:0 0 0 0;--_gs-p-desktop:0 0 0 0;--_gs-bg-desktop:#f7f6f8 none;--_gs-bg-xp-desktop:0px;--_gs-zi-desktop:auto;--_gs-d-desktop:block;--_gs-mw-desktop:calc(100% - 0 - 0);--_gs-gap-tablet:0px 0px;--_gs-m-tablet:0 0 0 0;--_gs-p-tablet:0 0 0 0;--_gs-bg-tablet:#f7f6f8 none;--_gs-bg-xp-tablet:0px;--_gs-zi-tablet:auto;--_gs-d-tablet:block;--_gs-mw-tablet:calc(100% - 0 - 0);--_gs-gap-mobile:0px 0px;--_gs-m-mobile:0 0 0 0;--_gs-p-mobile:0 0 0 0;--_gs-bg-mobile:#f7f6f8 none;--_gs-bg-xp-mobile:0px;--_gs-zi-mobile:auto;--_gs-d-mobile:block;--_gs-mw-mobile:calc(100% - 0 - 0);--_gs-columns:12;--_gs-rows:6\"><div class=\"grids-s-w_i\">\n<div class=\"grids-area\" style=\"--_ga-column:2\/12;--_ga-row:1\/5;--_ga-m-desktop:0 0 0 0;--_ga-p-desktop:10px 10px 10px 10px;--_ga-bg-desktop:transparent none;--_ga-zi-desktop:auto;--_ga-d-desktop:flex;--_ga-mw-desktop:calc(100% - 0 - 0);--_ga-m-tablet:0 0 0 0;--_ga-p-tablet:10px 10px 10px 10px;--_ga-bg-tablet:transparent none;--_ga-zi-tablet:auto;--_ga-d-tablet:flex;--_ga-mw-tablet:calc(100% - 0 - 0);--_ga-m-mobile:0 0 0 0;--_ga-p-mobile:10px 10px 10px 10px;--_ga-bg-mobile:transparent none;--_ga-zi-mobile:auto;--_ga-d-mobile:flex;--_ga-mw-mobile:calc(100% - 0 - 0)\">\n\n<p>Das Hotel Savoia Therm\u00e6 &amp; Spa ist mit&nbsp;<strong>zwei gro\u00dfen Konferenzr\u00e4umen&nbsp;<\/strong>ausgestattet. Der ideale Ort f\u00fcr die Organisation von<strong>&nbsp;privaten und gesch\u00e4ftlichen<\/strong>&nbsp;Veranstaltungen in Abano Terme.<\/p>\n\n\n\n<p>Wir stellen unseren G\u00e4sten&nbsp;<strong>vielseitige R\u00e4ume<\/strong>,&nbsp;<strong>Personal<\/strong>&nbsp;und&nbsp;<strong>Ausr\u00fcstung<\/strong>&nbsp;zur Verf\u00fcgung, um alle ihre Bed\u00fcrfnisse zu erf\u00fcllen.<\/p>\n\n\n\n<p>Wir bieten ma\u00dfgeschneiderte Dienstleistungen f\u00fcr&nbsp;<strong>Willkommensdrinks<\/strong>,&nbsp;<strong>Kaffeepausen<\/strong>,&nbsp;<strong>Mittagessen<\/strong>&nbsp;und&nbsp;<strong>Abendessen<\/strong>&nbsp;sowie&nbsp;<strong>Galaabende und private Veranstaltungen<\/strong>.<\/p>\n\n\n\n<p>Alle R\u00e4ume werden&nbsp;<strong>nach den jeweiligen Bed\u00fcrfnissen<\/strong>&nbsp;ausgestattet, w\u00e4hrend unser qualifiziertes und mehrsprachiges Personal immer zur Stelle und bereit sein wird, eine&nbsp;<strong>einwandfreie Organisation&nbsp;<\/strong>zu gew\u00e4hrleisten.<\/p>\n\n\n\n<p>Die Konferenzr\u00e4ume sind mit&nbsp;<strong>Umluftsystemen<\/strong>&nbsp;ausgestattet, welche maximale&nbsp;<strong>Sicherheit<\/strong>&nbsp;gegen die \u00dcbertragung von Covid 19 gew\u00e4hrleisten.<\/p>\n\n<\/div>\n<\/div><\/div>\n\n<div  class=\"grids-section grids-is-advanced alignfull\" style=\"--_gs-gap-desktop:0px 0px;--_gs-m-desktop:0 0 0 0;--_gs-p-desktop:0 0 0 0;--_gs-bg-desktop:transparent none;--_gs-bg-xp-desktop:0px;--_gs-zi-desktop:auto;--_gs-d-desktop:block;--_gs-mw-desktop:calc(100% - 0 - 0);--_gs-gap-tablet:0px 0px;--_gs-m-tablet:0 0 0 0;--_gs-p-tablet:0 0 0 0;--_gs-bg-tablet:transparent none;--_gs-bg-xp-tablet:0px;--_gs-zi-tablet:auto;--_gs-d-tablet:block;--_gs-mw-tablet:calc(100% - 0 - 0);--_gs-gap-mobile:0px 0px;--_gs-m-mobile:20px 0 20px 0;--_gs-p-mobile:0 0 0 0;--_gs-bg-mobile:transparent none;--_gs-bg-xp-mobile:0px;--_gs-zi-mobile:auto;--_gs-d-mobile:block;--_gs-mw-mobile:calc(100% - 0 - 0);--_gs-columns:12;--_gs-rows:6\"><div class=\"grids-s-w_i\">\n<div class=\"grids-area\" style=\"--_ga-column:2\/7;--_ga-row:1\/7;--_ga-va:center;--_ga-m-desktop:0 20px 0 0;--_ga-p-desktop:0 0 0 0;--_ga-bg-desktop:transparent none;--_ga-zi-desktop:auto;--_ga-d-desktop:flex;--_ga-mw-desktop:calc(100% - 0 - 20px);--_ga-m-tablet:0 20px 0 0;--_ga-p-tablet:0 0 0 0;--_ga-bg-tablet:transparent none;--_ga-zi-tablet:auto;--_ga-d-tablet:flex;--_ga-mw-tablet:calc(100% - 0 - 20px);--_ga-m-mobile:0 20px 0 0;--_ga-p-mobile:20px 0 20px 0;--_ga-bg-mobile:transparent none;--_ga-zi-mobile:auto;--_ga-d-mobile:flex;--_ga-mw-mobile:calc(100% - 0 - 20px)\">\n\n<h2 class=\"wp-block-heading\" id=\"due-sale-congressi\"><meta charset=\"utf-8\">Zwei Tagungsr\u00e4ume<\/h2>\n\n\n\n<div style=\"height:20px\" aria-hidden=\"true\" class=\"wp-block-spacer\"><\/div>\n\n\n\n<h3 class=\"wp-block-heading\" id=\"sala-meeting-savoia\">Tagungssaal Savoia<\/h3>\n\n\n\n<p>Mit einer Kapazit\u00e4t von bis zu&nbsp;<strong>90\/100 Pl\u00e4tzen<\/strong>.<\/p>\n\n\n\n<div style=\"height:20px\" aria-hidden=\"true\" class=\"wp-block-spacer\"><\/div>\n\n\n\n<h3 class=\"wp-block-heading\" id=\"sala-polivalente-ristorante-todeschini\">Mehrzwecksaal \/ Restaurant Todeschini<\/h3>\n\n\n\n<p>Mit einer Kapazit\u00e4t von bis zu&nbsp;<strong>60\/80 Pl\u00e4tzen<\/strong>.<\/p>\n\n\n\n<div style=\"height:40px\" aria-hidden=\"true\" class=\"wp-block-spacer\"><\/div>\n\n\n\n<h2 class=\"wp-block-heading\" id=\"vuoi-prenotare-la-sala\">M\u00f6chten Sie den Saal reservieren?<\/h2>\n\n\n\n<p>Informationen unter der Nummer <a href=\"tel:+390498231111\">0039 049 823 11 11<\/a> oder auf Anfrage per Mail an <a href=\"mailto:info@savoiaterme.it\">info@savoiaterme.it<\/a>.<\/p>\n\n<\/div>\n\n<div class=\"grids-area\" style=\"--_ga-column:7\/12;--_ga-row:1\/7;--_ga-va:center;--_ga-m-desktop:0 0 0 20px;--_ga-p-desktop:0 0 0 0;--_ga-bg-desktop:transparent none;--_ga-zi-desktop:auto;--_ga-d-desktop:flex;--_ga-mw-desktop:calc(100% - 20px - 0);--_ga-m-tablet:0 0 0 20px;--_ga-p-tablet:0 0 0 0;--_ga-bg-tablet:transparent none;--_ga-zi-tablet:auto;--_ga-d-tablet:flex;--_ga-mw-tablet:calc(100% - 20px - 0);--_ga-m-mobile:0 0 0 0px;--_ga-p-mobile:0 0 0 0;--_ga-bg-mobile:transparent none;--_ga-zi-mobile:auto;--_ga-d-mobile:flex;--_ga-mw-mobile:calc(100% - 0px - 0)\">\n\n<figure class=\"wp-block-image size-large image-background-overlay-effect\"><img style=\"background-color: #908177;\" loading=\"lazy\" decoding=\"async\" width=\"1024\" height=\"683\" src=\"https:\/\/www.savoiaterme.it\/wp-content\/uploads\/2021\/10\/sale-congressi-abano-terme-hotel-savoia-terme-1024x683.jpg\" alt=\"\" class=\"wp-image-4908\" srcset=\"https:\/\/www.savoiaterme.it\/wp-content\/uploads\/2021\/10\/sale-congressi-abano-terme-hotel-savoia-terme-1024x683.jpg 1024w, https:\/\/www.savoiaterme.it\/wp-content\/uploads\/2021\/10\/sale-congressi-abano-terme-hotel-savoia-terme-300x200.jpg 300w, https:\/\/www.savoiaterme.it\/wp-content\/uploads\/2021\/10\/sale-congressi-abano-terme-hotel-savoia-terme-768x512.jpg 768w, https:\/\/www.savoiaterme.it\/wp-content\/uploads\/2021\/10\/sale-congressi-abano-terme-hotel-savoia-terme-1536x1024.jpg 1536w, https:\/\/www.savoiaterme.it\/wp-content\/uploads\/2021\/10\/sale-congressi-abano-terme-hotel-savoia-terme-1568x1045.jpg 1568w, https:\/\/www.savoiaterme.it\/wp-content\/uploads\/2021\/10\/sale-congressi-abano-terme-hotel-savoia-terme.jpg 1800w\" sizes=\"auto, (max-width: 1024px) 100vw, 1024px\" \/><\/figure>\n\n<\/div>\n<\/div><\/div>\n\n<div  class=\"grids-section grids-is-advanced alignwide\" style=\"--_gs-gap-desktop:0px 0px;--_gs-m-desktop:0 0 0 0;--_gs-p-desktop:0 0 0 0;--_gs-bg-desktop:#ded6d2 none;--_gs-bg-xp-desktop:0px;--_gs-zi-desktop:auto;--_gs-d-desktop:block;--_gs-mw-desktop:calc(100% - 0 - 0);--_gs-gap-tablet:0px 0px;--_gs-m-tablet:0 0 0 0;--_gs-p-tablet:0 0 0 0;--_gs-bg-tablet:#ded6d2 none;--_gs-bg-xp-tablet:0px;--_gs-zi-tablet:auto;--_gs-d-tablet:block;--_gs-mw-tablet:calc(100% - 0 - 0);--_gs-gap-mobile:0px 0px;--_gs-m-mobile:0 0 0 0;--_gs-p-mobile:0 0 0 0;--_gs-bg-mobile:#ded6d2 none;--_gs-bg-xp-mobile:0px;--_gs-zi-mobile:auto;--_gs-d-mobile:block;--_gs-mw-mobile:calc(100% - 0 - 0);--_gs-columns:12;--_gs-rows:6\"><div class=\"grids-s-w_i\">\n<div class=\"grids-area\" style=\"--_ga-column:1\/14;--_ga-row:1\/8;--_ga-m-desktop:0 0 0 0;--_ga-p-desktop:0 0 0 0;--_ga-bg-desktop:transparent none;--_ga-zi-desktop:auto;--_ga-d-desktop:flex;--_ga-mw-desktop:calc(100% - 0 - 0);--_ga-m-tablet:0 0 0 0;--_ga-p-tablet:0 0 0 0;--_ga-bg-tablet:transparent none;--_ga-zi-tablet:auto;--_ga-d-tablet:flex;--_ga-mw-tablet:calc(100% - 0 - 0);--_ga-m-mobile:0 0 0 0;--_ga-p-mobile:0 0 0 0;--_ga-bg-mobile:transparent none;--_ga-zi-mobile:auto;--_ga-d-mobile:flex;--_ga-mw-mobile:calc(100% - 0 - 0)\">\n<div  class=\"grids-section grids-is-advanced\" style=\"--_gs-gap-desktop:0px 0px;--_gs-m-desktop:0 0 0 0;--_gs-p-desktop:0 0 0 0;--_gs-bg-desktop:transparent none;--_gs-bg-xp-desktop:0px;--_gs-zi-desktop:auto;--_gs-d-desktop:block;--_gs-mw-desktop:calc(100% - 0 - 0);--_gs-gap-tablet:0px 0px;--_gs-m-tablet:0 0 0 0;--_gs-p-tablet:0 0 0 0;--_gs-bg-tablet:transparent none;--_gs-bg-xp-tablet:0px;--_gs-zi-tablet:auto;--_gs-d-tablet:block;--_gs-mw-tablet:calc(100% - 0 - 0);--_gs-gap-mobile:0px 0px;--_gs-m-mobile:0 0 0 0;--_gs-p-mobile:0 0 0 0;--_gs-bg-mobile:transparent none;--_gs-bg-xp-mobile:0px;--_gs-zi-mobile:auto;--_gs-d-mobile:block;--_gs-mw-mobile:calc(100% - 0 - 0);--_gs-columns:12;--_gs-rows:6\"><div class=\"grids-s-w_i\">\n<div class=\"grids-area\" style=\"--_ga-column:2\/12;--_ga-row:1\/2;--_ga-m-desktop:0 0 0 0;--_ga-p-desktop:0 0 0 0;--_ga-bg-desktop:transparent none;--_ga-zi-desktop:auto;--_ga-d-desktop:flex;--_ga-mw-desktop:calc(100% - 0 - 0);--_ga-m-tablet:0 0 0 0;--_ga-p-tablet:0 0 0 0;--_ga-bg-tablet:transparent none;--_ga-zi-tablet:auto;--_ga-d-tablet:flex;--_ga-mw-tablet:calc(100% - 0 - 0);--_ga-m-mobile:0 0 0 0;--_ga-p-mobile:0 0 0 0;--_ga-bg-mobile:transparent none;--_ga-zi-mobile:auto;--_ga-d-mobile:flex;--_ga-mw-mobile:calc(100% - 0 - 0)\">\n\n<h2 class=\"wp-block-heading has-text-align-center\" id=\"piantina-e-collocazione-della-sala-conferenze\">Grundriss und Lage des Konferenzraums<\/h2>\n\n<\/div>\n\n<div class=\"grids-area\" style=\"--_ga-column:2\/7;--_ga-row:2\/7;--_ga-m-desktop:0 0 0 0;--_ga-p-desktop:0 0 0 0;--_ga-bg-desktop:transparent none;--_ga-zi-desktop:auto;--_ga-d-desktop:flex;--_ga-mw-desktop:calc(100% - 0 - 0);--_ga-m-tablet:0 0 0 0;--_ga-p-tablet:0 0 0 0;--_ga-bg-tablet:transparent none;--_ga-zi-tablet:auto;--_ga-d-tablet:flex;--_ga-mw-tablet:calc(100% - 0 - 0);--_ga-m-mobile:0 0 0 0;--_ga-p-mobile:0 0 0 0;--_ga-bg-mobile:transparent none;--_ga-zi-mobile:auto;--_ga-d-mobile:flex;--_ga-mw-mobile:calc(100% - 0 - 0)\">\n\n<figure class=\"wp-block-image size-full\"><img style=\"background-color: #d6cbcb;\" loading=\"lazy\" decoding=\"async\" width=\"538\" height=\"274\" src=\"https:\/\/www.savoiaterme.it\/wp-content\/uploads\/2021\/10\/mappa-sale-meeting-hotel-savoia-abano-terme_2.jpeg\" alt=\"\" class=\"wp-image-4927\" srcset=\"https:\/\/www.savoiaterme.it\/wp-content\/uploads\/2021\/10\/mappa-sale-meeting-hotel-savoia-abano-terme_2.jpeg 538w, https:\/\/www.savoiaterme.it\/wp-content\/uploads\/2021\/10\/mappa-sale-meeting-hotel-savoia-abano-terme_2-300x153.jpeg 300w\" sizes=\"auto, (max-width: 538px) 100vw, 538px\" \/><\/figure>\n\n<\/div>\n\n<div class=\"grids-area\" style=\"--_ga-column:7\/12;--_ga-row:2\/7;--_ga-m-desktop:0 0 0 0;--_ga-p-desktop:0 0 0 0;--_ga-bg-desktop:transparent none;--_ga-zi-desktop:auto;--_ga-d-desktop:flex;--_ga-mw-desktop:calc(100% - 0 - 0);--_ga-m-tablet:0 0 0 0;--_ga-p-tablet:0 0 0 0;--_ga-bg-tablet:transparent none;--_ga-zi-tablet:auto;--_ga-d-tablet:flex;--_ga-mw-tablet:calc(100% - 0 - 0);--_ga-m-mobile:0 0 0 0;--_ga-p-mobile:0 0 0 0;--_ga-bg-mobile:transparent none;--_ga-zi-mobile:auto;--_ga-d-mobile:flex;--_ga-mw-mobile:calc(100% - 0 - 0)\">\n\n<p><strong>EI <\/strong>&#8211; Eingang von innen<br><strong>EE<\/strong> &#8211; Eingang von au\u00dfen (Portikus)<br><strong>1A<\/strong> &#8211;  Tagungssaal Savoia&nbsp; &#8211; 140 m\u00b2 (16 x 7,5\/9,5 m)<br><strong>1B<\/strong> &#8211; Erweiterung Saal Savoia &#8211; 50 m\u00b2 (10 x 5 m)<br><strong>2<\/strong> &#8211; Mehrzwecksaal \/ Restaurant Todeschini &#8211; 190 m\u00b2 (13 x 15,5 m)<br><strong>3<\/strong> &#8211; Hall &#8211; 60 m\u00b2 (8 x 7,5 m)<br><strong>4<\/strong> &#8211; Sekretariat<br><strong>5<\/strong> &#8211;  Antike Thermen &#8222;Sorgente Montirone&#8220; <\/p>\n\n\n\n<h4 class=\"wp-block-heading\" id=\"responsabile-area-congressi-dott-bettin-simone\"><strong>Leiter des Kongressbereichs<\/strong>: Dr. Bettin Simone<\/h4>\n\n<\/div>\n<\/div><\/div>\n<\/div>\n<\/div><\/div>\n\n\n<div style=\"height:40px\" aria-hidden=\"true\" class=\"wp-block-spacer\"><\/div>\n\n\n<div  class=\"grids-section grids-is-advanced alignwide\" style=\"--_gs-gap-desktop:0px 0px;--_gs-m-desktop:0 0 0 0;--_gs-p-desktop:0 0 0 0;--_gs-bg-desktop:transparent none;--_gs-bg-xp-desktop:0px;--_gs-zi-desktop:auto;--_gs-d-desktop:block;--_gs-mw-desktop:calc(100% - 0 - 0);--_gs-gap-tablet:0px 0px;--_gs-m-tablet:0 0 0 0;--_gs-p-tablet:0 0 0 0;--_gs-bg-tablet:transparent none;--_gs-bg-xp-tablet:0px;--_gs-zi-tablet:auto;--_gs-d-tablet:block;--_gs-mw-tablet:calc(100% - 0 - 0);--_gs-gap-mobile:0px 0px;--_gs-m-mobile:0 0 0 0;--_gs-p-mobile:0 0 0 0;--_gs-bg-mobile:transparent none;--_gs-bg-xp-mobile:0px;--_gs-zi-mobile:auto;--_gs-d-mobile:block;--_gs-mw-mobile:calc(100% - 0 - 0);--_gs-columns:12;--_gs-rows:6\"><div class=\"grids-s-w_i\">\n<div class=\"grids-area\" style=\"--_ga-column:2\/7;--_ga-row:1\/7;--_ga-m-desktop:0 20px 0 0;--_ga-p-desktop:0 0 0 0;--_ga-bg-desktop:transparent none;--_ga-zi-desktop:auto;--_ga-d-desktop:flex;--_ga-mw-desktop:calc(100% - 0 - 20px);--_ga-m-tablet:0 20px 0 0;--_ga-p-tablet:0 0 0 0;--_ga-bg-tablet:transparent none;--_ga-zi-tablet:auto;--_ga-d-tablet:flex;--_ga-mw-tablet:calc(100% - 0 - 20px);--_ga-m-mobile:0 0px 0 0;--_ga-p-mobile:0 0 0 0;--_ga-bg-mobile:transparent none;--_ga-zi-mobile:auto;--_ga-d-mobile:flex;--_ga-mw-mobile:calc(100% - 0 - 0px)\">\n\n<h2 class=\"wp-block-heading\" id=\"i-servizi-delle-sale-congressi-e-meeting\">Serviceleistungen der Konferenz\u2013 und Tagungsr\u00e4ume<\/h2>\n\n\n\n<ul class=\"wp-block-list\">\n<li><strong>Klimaanlage<\/strong><\/li>\n\n\n\n<li><strong>Notebook PC<\/strong>: Windows 10 \u2013 Intel\u00ae Core\u2122 i5 7200U \u2013 8GB RAM<\/li>\n\n\n\n<li><strong>Deckenvideoprojektor<\/strong>\u00a0SONY Full HD WUXGA 1900&#215;1200 WLAN\/HDMI mit 5.800 Lumen (Saal Savoia)<\/li>\n\n\n\n<li><strong>Bildschirm<\/strong>&nbsp;16:9 mit&nbsp;<strong>100 Zoll&nbsp;<\/strong>(239 x 135 m)<\/li>\n\n\n\n<li><strong>tragbarer Videoprojektor<\/strong>\u00a0EPSON Full HD WUXGA 1900&#215;1200 HDMI mit 3.200 Lumen<\/li>\n\n\n\n<li><strong>Presenter<\/strong>&nbsp;(Laserpointer und Diashows)<\/li>\n\n\n\n<li><strong>Flipchart<\/strong><\/li>\n\n\n\n<li>Festes&nbsp;<strong>Mikrofon<\/strong><\/li>\n\n\n\n<li>Handmikrofon<\/li>\n\n\n\n<li>Kopfb\u00fcgelmikrofon<\/li>\n<\/ul>\n\n<\/div>\n\n<div class=\"grids-area\" style=\"--_ga-column:7\/12;--_ga-row:1\/7;--_ga-m-desktop:0 0 0 20px;--_ga-p-desktop:0 0 0 0;--_ga-bg-desktop:transparent none;--_ga-zi-desktop:auto;--_ga-d-desktop:flex;--_ga-mw-desktop:calc(100% - 20px - 0);--_ga-m-tablet:0 0 0 20px;--_ga-p-tablet:0 0 0 0;--_ga-bg-tablet:transparent none;--_ga-zi-tablet:auto;--_ga-d-tablet:flex;--_ga-mw-tablet:calc(100% - 20px - 0);--_ga-m-mobile:0 0 0 0px;--_ga-p-mobile:0 0 0 0;--_ga-bg-mobile:transparent none;--_ga-zi-mobile:auto;--_ga-d-mobile:flex;--_ga-mw-mobile:calc(100% - 0px - 0)\">\n\n<h2 class=\"wp-block-heading\" id=\"i-servizi-a-disposizionedegli-ospiti\">Serviceleistungen f\u00fcr unsere G\u00e4ste<\/h2>\n\n\n\n<ul class=\"wp-block-list\">\n<li>Gro\u00dfer&nbsp;<strong>Privatparkplatz<\/strong>&nbsp;(\u00fcberdacht und nicht \u00fcberdacht)<\/li>\n\n\n\n<li><strong>WLAN<\/strong>&nbsp;im gesamten Hotel und Konferenzzentrum<\/li>\n\n\n\n<li><strong>W\u00e4sche-\/B\u00fcgelservice<\/strong>&nbsp;(9:00-15:00 Uhr)<\/li>\n\n\n\n<li>Organisation des&nbsp;<strong>Transfers<\/strong>&nbsp;zu und von den&nbsp;<strong>Bahnh\u00f6fen<\/strong>&nbsp;in Padua und den Terme Euganee<\/li>\n\n\n\n<li>Organisation des&nbsp;<strong>Transfers<\/strong>&nbsp;von und zu den&nbsp;<strong>Flugh\u00e4fen<\/strong>&nbsp;von Venedig, Verona, Treviso und Bologna<\/li>\n\n\n\n<li><strong>gef\u00fchrte Ausfl\u00fcge<\/strong>&nbsp;nach: Padua, Venedig, Vicenza, Verona und die Euganeischen H\u00fcgel<\/li>\n<\/ul>\n\n<\/div>\n<\/div><\/div>\n\n<div  class=\"grids-section grids-is-advanced alignfull\" style=\"--_gs-gap-desktop:0px 0px;--_gs-m-desktop:0 0 0 0;--_gs-p-desktop:0 0 0 0;--_gs-bg-desktop:transparent none;--_gs-bg-xp-desktop:0px;--_gs-zi-desktop:auto;--_gs-d-desktop:block;--_gs-mw-desktop:calc(100% - 0 - 0);--_gs-gap-tablet:0px 0px;--_gs-m-tablet:0 0 0 0;--_gs-p-tablet:0 0 0 0;--_gs-bg-tablet:transparent none;--_gs-bg-xp-tablet:0px;--_gs-zi-tablet:auto;--_gs-d-tablet:block;--_gs-mw-tablet:calc(100% - 0 - 0);--_gs-gap-mobile:0px 0px;--_gs-m-mobile:20px 0 20px 0;--_gs-p-mobile:0 0 0 0;--_gs-bg-mobile:transparent none;--_gs-bg-xp-mobile:0px;--_gs-zi-mobile:auto;--_gs-d-mobile:block;--_gs-mw-mobile:calc(100% - 0 - 0);--_gs-columns:12;--_gs-rows:6\"><div class=\"grids-s-w_i\">\n<div class=\"grids-area\" style=\"--_ga-column:2\/7;--_ga-row:1\/7;--_ga-va:center;--_ga-m-desktop:0 20px 0 0;--_ga-p-desktop:0 0 0 0;--_ga-bg-desktop:transparent none;--_ga-zi-desktop:auto;--_ga-d-desktop:flex;--_ga-mw-desktop:calc(100% - 0 - 20px);--_ga-m-tablet:0 20px 0 0;--_ga-p-tablet:0 0 0 0;--_ga-bg-tablet:transparent none;--_ga-zi-tablet:auto;--_ga-d-tablet:flex;--_ga-mw-tablet:calc(100% - 0 - 20px);--_ga-m-mobile:0 0px 0 0;--_ga-p-mobile:0 0 0 0;--_ga-bg-mobile:transparent none;--_ga-zi-mobile:auto;--_ga-d-mobile:flex;--_ga-mw-mobile:calc(100% - 0 - 0px)\">\n\n<h2 class=\"wp-block-heading\" id=\"sala-meeting-e-ristorante\">Tagungssaal und Restaurant<\/h2>\n\n\n\n<p>Das Hotel Savoia Therm\u00e6 &amp; Spa bietet seinen G\u00e4sten verschiedene M\u00f6glichkeiten, zu Mittag oder zu Abend zu essen und die k\u00f6stlichen Gerichte unseres K\u00fcchenchefs zu genie\u00dfen.<\/p>\n\n\n\n<p>Das Restaurant&nbsp;<strong>\u201eTodeschini\u201c<\/strong>, ideal f\u00fcr&nbsp;<strong>Versammlungen<\/strong>&nbsp;und&nbsp;<strong>private Veranstaltungen<\/strong>, bietet&nbsp;<strong>personalisierte<\/strong>&nbsp;Wunschmen\u00fcs und verschiedene Arten von Veranstaltungen.<\/p>\n\n\n\n<p>Angefangen bei&nbsp;<strong>Willkommensdrinks<\/strong>&nbsp;und&nbsp;<strong>Kaffeepausen<\/strong>, bis hin zu k\u00f6stlichen Mittagessen, Abendessen und echten Privatpartys mit musikalischer Untermalung.<\/p>\n\n\n\n<p>Im&nbsp;<strong>Restaurant \u201eIl Savoiardo\u201c<\/strong>, dem Hauptrestaurant des Hotels, finden Sie ein stets originelles&nbsp;<strong>Men\u00fc \u00e0 la carte<\/strong>, das sich an der italienischen Tradition und internationalen Geschmacksrichtungen inspiriert.<\/p>\n\n\n\n<\/div>\n\n<div class=\"grids-area\" style=\"--_ga-column:7\/12;--_ga-row:1\/7;--_ga-va:center;--_ga-m-desktop:0 0 0 20px;--_ga-p-desktop:0 0 0 0;--_ga-bg-desktop:transparent none;--_ga-zi-desktop:auto;--_ga-d-desktop:flex;--_ga-mw-desktop:calc(100% - 20px - 0);--_ga-m-tablet:0 0 0 20px;--_ga-p-tablet:0 0 0 0;--_ga-bg-tablet:transparent none;--_ga-zi-tablet:auto;--_ga-d-tablet:flex;--_ga-mw-tablet:calc(100% - 20px - 0);--_ga-m-mobile:0 0 0 0px;--_ga-p-mobile:0 0 0 0;--_ga-bg-mobile:transparent none;--_ga-zi-mobile:auto;--_ga-d-mobile:flex;--_ga-mw-mobile:calc(100% - 0px - 0)\">\n\n    <div class=\"custom-gallery-wrapper\">\n                <span class=\"enable-fullscreen\" onclick=\"showHideFotorama('custom-gallery_1', 0);\">\n            <i class=\"far fa-expand\"><\/i>\n        <\/span>\n                            <figure class=\"full-width gallery-wrapper-image gallery-wrapper-image-0\" onclick=\"showHideFotorama('custom-gallery_1', 0);\" style=\"background-color: #968778;\">\n                <img decoding=\"async\" class=\"gallery-wrapper-image-small\" src=\"https:\/\/www.savoiaterme.it\/wp-content\/uploads\/2021\/10\/sala-congressi-todeschini-hotel-savoia-terme-abano.jpg\">\n            <\/figure>\n                                <figure class=\"full-width gallery-wrapper-image gallery-wrapper-image-1\" onclick=\"showHideFotorama('custom-gallery_1', 1);\" style=\"background-color: #95775d;\">\n                <img decoding=\"async\" class=\"gallery-wrapper-image-small\" src=\"https:\/\/www.savoiaterme.it\/wp-content\/uploads\/2022\/02\/coffee-break-meeting-savoia.jpg\">\n            <\/figure>\n                                <figure class=\"full-width gallery-wrapper-image gallery-wrapper-image-2\" onclick=\"showHideFotorama('custom-gallery_1', 2);\" style=\"background-color: #a69174;\">\n                <img decoding=\"async\" class=\"gallery-wrapper-image-small\" src=\"https:\/\/www.savoiaterme.it\/wp-content\/uploads\/2022\/02\/ristorante-il-savoiardo-antipasto-hotel-savoia-terme-abano.jpg\">\n            <\/figure>\n                        <\/div>\n\n    <div style=\"width:1px;height:1px;position:absolute;\" name=\"fotorama\" id=\"custom-gallery_1\" class=\"fotorama\" data-width=\"100%\"  data-nav=\"thumbs\"  data-allowfullscreen=\"true\" >\n                    <img decoding=\"async\" src=\"https:\/\/www.savoiaterme.it\/wp-content\/uploads\/2021\/10\/sala-congressi-todeschini-hotel-savoia-terme-abano.jpg\" class=\"attachment-full skip-lazy\" \/>\n                    <img decoding=\"async\" src=\"https:\/\/www.savoiaterme.it\/wp-content\/uploads\/2022\/02\/coffee-break-meeting-savoia.jpg\" class=\"attachment-full skip-lazy\" \/>\n                    <img decoding=\"async\" src=\"https:\/\/www.savoiaterme.it\/wp-content\/uploads\/2022\/02\/ristorante-il-savoiardo-antipasto-hotel-savoia-terme-abano.jpg\" class=\"attachment-full skip-lazy\" \/>\n            <\/div>\n\n\n\n<\/div>\n<\/div><\/div>","protected":false},"excerpt":{"rendered":"","protected":false},"author":1,"featured_media":4901,"parent":2198,"menu_order":0,"comment_status":"closed","ping_status":"closed","template":"","meta":{"_acf_changed":false,"advgb_blocks_editor_width":"","advgb_blocks_columns_visual_guide":"","footnotes":""},"class_list":["post-4894","page","type-page","status-publish","has-post-thumbnail","hentry","entry"],"acf":{"page_custom_gallery":[{"page_custom_gallery_label":"","page_custom_gallery_photos":[4940,8096,8102]}],"element_single_page":null,"second_element_single_page":null},"yoast_head":"<!-- This site is optimized with the Yoast SEO plugin v25.7 - https:\/\/yoast.com\/wordpress\/plugins\/seo\/ -->\n<title>Tagungsr\u00e4ume in Abano Terme - Hotel Savoia Therm\u00e6 &amp; Spa<\/title>\n<meta name=\"description\" content=\"Das Hotel Savoia Therm\u00e6 &amp; SPA verf\u00fcgt \u00fcber 2 gro\u00dfe Konferenzs\u00e4le und ist ideal f\u00fcr die Organisation von privaten und gesch\u00e4ftlichen Veranstaltungen in Abano Terme.\" \/>\n<meta name=\"robots\" content=\"index, follow, max-snippet:-1, max-image-preview:large, max-video-preview:-1\" \/>\n<link rel=\"canonical\" href=\"https:\/\/www.savoiaterme.it\/de\/hotel\/tagungraeume\/\" \/>\n<meta property=\"og:locale\" content=\"de_DE\" \/>\n<meta property=\"og:type\" content=\"article\" \/>\n<meta property=\"og:title\" content=\"Tagungsr\u00e4ume in Abano Terme - Hotel Savoia Therm\u00e6 &amp; Spa\" \/>\n<meta property=\"og:description\" content=\"Das Hotel Savoia Therm\u00e6 &amp; SPA verf\u00fcgt \u00fcber 2 gro\u00dfe Konferenzs\u00e4le und ist ideal f\u00fcr die Organisation von privaten und gesch\u00e4ftlichen Veranstaltungen in Abano Terme.\" \/>\n<meta property=\"og:url\" content=\"https:\/\/www.savoiaterme.it\/de\/hotel\/tagungraeume\/\" \/>\n<meta property=\"og:site_name\" content=\"Hotel Savoia Therm\u00e6 &amp; Spa\" \/>\n<meta property=\"article:modified_time\" content=\"2024-03-12T18:19:14+00:00\" \/>\n<meta property=\"og:image\" content=\"https:\/\/www.savoiaterme.it\/wp-content\/uploads\/2021\/10\/sale-congressi-abano-terme-hotel-savoia-terme_banner.jpg\" \/>\n\t<meta property=\"og:image:width\" content=\"2000\" \/>\n\t<meta property=\"og:image:height\" content=\"714\" \/>\n\t<meta property=\"og:image:type\" content=\"image\/jpeg\" \/>\n<meta name=\"twitter:card\" content=\"summary_large_image\" \/>\n<meta name=\"twitter:label1\" content=\"Gesch\u00e4tzte Lesezeit\" \/>\n\t<meta name=\"twitter:data1\" content=\"3\u00a0Minuten\" \/>\n<script type=\"application\/ld+json\" class=\"yoast-schema-graph\">{\"@context\":\"https:\/\/schema.org\",\"@graph\":[{\"@type\":\"WebPage\",\"@id\":\"https:\/\/www.savoiaterme.it\/de\/hotel\/tagungraeume\/\",\"url\":\"https:\/\/www.savoiaterme.it\/de\/hotel\/tagungraeume\/\",\"name\":\"Tagungsr\u00e4ume in Abano Terme - Hotel Savoia Therm\u00e6 &amp; Spa\",\"isPartOf\":{\"@id\":\"https:\/\/www.savoiaterme.it\/de\/#website\"},\"primaryImageOfPage\":{\"@id\":\"https:\/\/www.savoiaterme.it\/de\/hotel\/tagungraeume\/#primaryimage\"},\"image\":{\"@id\":\"https:\/\/www.savoiaterme.it\/de\/hotel\/tagungraeume\/#primaryimage\"},\"thumbnailUrl\":\"https:\/\/www.savoiaterme.it\/wp-content\/uploads\/2021\/10\/sale-congressi-abano-terme-hotel-savoia-terme_banner.jpg\",\"datePublished\":\"2022-04-20T12:42:26+00:00\",\"dateModified\":\"2024-03-12T18:19:14+00:00\",\"description\":\"Das Hotel Savoia Therm\u00e6 & SPA verf\u00fcgt \u00fcber 2 gro\u00dfe Konferenzs\u00e4le und ist ideal f\u00fcr die Organisation von privaten und gesch\u00e4ftlichen Veranstaltungen in Abano Terme.\",\"breadcrumb\":{\"@id\":\"https:\/\/www.savoiaterme.it\/de\/hotel\/tagungraeume\/#breadcrumb\"},\"inLanguage\":\"de\",\"potentialAction\":[{\"@type\":\"ReadAction\",\"target\":[\"https:\/\/www.savoiaterme.it\/de\/hotel\/tagungraeume\/\"]}]},{\"@type\":\"ImageObject\",\"inLanguage\":\"de\",\"@id\":\"https:\/\/www.savoiaterme.it\/de\/hotel\/tagungraeume\/#primaryimage\",\"url\":\"https:\/\/www.savoiaterme.it\/wp-content\/uploads\/2021\/10\/sale-congressi-abano-terme-hotel-savoia-terme_banner.jpg\",\"contentUrl\":\"https:\/\/www.savoiaterme.it\/wp-content\/uploads\/2021\/10\/sale-congressi-abano-terme-hotel-savoia-terme_banner.jpg\",\"width\":2000,\"height\":714},{\"@type\":\"BreadcrumbList\",\"@id\":\"https:\/\/www.savoiaterme.it\/de\/hotel\/tagungraeume\/#breadcrumb\",\"itemListElement\":[{\"@type\":\"ListItem\",\"position\":1,\"name\":\"\",\"item\":\"https:\/\/www.savoiaterme.it\/de\/\"},{\"@type\":\"ListItem\",\"position\":2,\"name\":\"Hotel Savoia Therm\u00e6 &amp; Spa\",\"item\":\"https:\/\/www.savoiaterme.it\/de\/hotel\/\"},{\"@type\":\"ListItem\",\"position\":3,\"name\":\"Tagungsr\u00e4ume in Abano Terme\"}]},{\"@type\":\"WebSite\",\"@id\":\"https:\/\/www.savoiaterme.it\/de\/#website\",\"url\":\"https:\/\/www.savoiaterme.it\/de\/\",\"name\":\"Hotel Savoia Therm\u00e6 &amp; Spa\",\"description\":\"ABANO TERME\",\"potentialAction\":[{\"@type\":\"SearchAction\",\"target\":{\"@type\":\"EntryPoint\",\"urlTemplate\":\"https:\/\/www.savoiaterme.it\/de\/?s={search_term_string}\"},\"query-input\":{\"@type\":\"PropertyValueSpecification\",\"valueRequired\":true,\"valueName\":\"search_term_string\"}}],\"inLanguage\":\"de\"}]}<\/script>\n<!-- \/ Yoast SEO plugin. -->","yoast_head_json":{"title":"Tagungsr\u00e4ume in Abano Terme - Hotel Savoia Therm\u00e6 &amp; Spa","description":"Das Hotel Savoia Therm\u00e6 & SPA verf\u00fcgt \u00fcber 2 gro\u00dfe Konferenzs\u00e4le und ist ideal f\u00fcr die Organisation von privaten und gesch\u00e4ftlichen Veranstaltungen in Abano Terme.","robots":{"index":"index","follow":"follow","max-snippet":"max-snippet:-1","max-image-preview":"max-image-preview:large","max-video-preview":"max-video-preview:-1"},"canonical":"https:\/\/www.savoiaterme.it\/de\/hotel\/tagungraeume\/","og_locale":"de_DE","og_type":"article","og_title":"Tagungsr\u00e4ume in Abano Terme - Hotel Savoia Therm\u00e6 &amp; Spa","og_description":"Das Hotel Savoia Therm\u00e6 & SPA verf\u00fcgt \u00fcber 2 gro\u00dfe Konferenzs\u00e4le und ist ideal f\u00fcr die Organisation von privaten und gesch\u00e4ftlichen Veranstaltungen in Abano Terme.","og_url":"https:\/\/www.savoiaterme.it\/de\/hotel\/tagungraeume\/","og_site_name":"Hotel Savoia Therm\u00e6 &amp; Spa","article_modified_time":"2024-03-12T18:19:14+00:00","og_image":[{"width":2000,"height":714,"url":"https:\/\/www.savoiaterme.it\/wp-content\/uploads\/2021\/10\/sale-congressi-abano-terme-hotel-savoia-terme_banner.jpg","type":"image\/jpeg"}],"twitter_card":"summary_large_image","twitter_misc":{"Gesch\u00e4tzte Lesezeit":"3\u00a0Minuten"},"schema":{"@context":"https:\/\/schema.org","@graph":[{"@type":"WebPage","@id":"https:\/\/www.savoiaterme.it\/de\/hotel\/tagungraeume\/","url":"https:\/\/www.savoiaterme.it\/de\/hotel\/tagungraeume\/","name":"Tagungsr\u00e4ume in Abano Terme - Hotel Savoia Therm\u00e6 &amp; Spa","isPartOf":{"@id":"https:\/\/www.savoiaterme.it\/de\/#website"},"primaryImageOfPage":{"@id":"https:\/\/www.savoiaterme.it\/de\/hotel\/tagungraeume\/#primaryimage"},"image":{"@id":"https:\/\/www.savoiaterme.it\/de\/hotel\/tagungraeume\/#primaryimage"},"thumbnailUrl":"https:\/\/www.savoiaterme.it\/wp-content\/uploads\/2021\/10\/sale-congressi-abano-terme-hotel-savoia-terme_banner.jpg","datePublished":"2022-04-20T12:42:26+00:00","dateModified":"2024-03-12T18:19:14+00:00","description":"Das Hotel Savoia Therm\u00e6 & SPA verf\u00fcgt \u00fcber 2 gro\u00dfe Konferenzs\u00e4le und ist ideal f\u00fcr die Organisation von privaten und gesch\u00e4ftlichen Veranstaltungen in Abano Terme.","breadcrumb":{"@id":"https:\/\/www.savoiaterme.it\/de\/hotel\/tagungraeume\/#breadcrumb"},"inLanguage":"de","potentialAction":[{"@type":"ReadAction","target":["https:\/\/www.savoiaterme.it\/de\/hotel\/tagungraeume\/"]}]},{"@type":"ImageObject","inLanguage":"de","@id":"https:\/\/www.savoiaterme.it\/de\/hotel\/tagungraeume\/#primaryimage","url":"https:\/\/www.savoiaterme.it\/wp-content\/uploads\/2021\/10\/sale-congressi-abano-terme-hotel-savoia-terme_banner.jpg","contentUrl":"https:\/\/www.savoiaterme.it\/wp-content\/uploads\/2021\/10\/sale-congressi-abano-terme-hotel-savoia-terme_banner.jpg","width":2000,"height":714},{"@type":"BreadcrumbList","@id":"https:\/\/www.savoiaterme.it\/de\/hotel\/tagungraeume\/#breadcrumb","itemListElement":[{"@type":"ListItem","position":1,"name":"","item":"https:\/\/www.savoiaterme.it\/de\/"},{"@type":"ListItem","position":2,"name":"Hotel Savoia Therm\u00e6 &amp; Spa","item":"https:\/\/www.savoiaterme.it\/de\/hotel\/"},{"@type":"ListItem","position":3,"name":"Tagungsr\u00e4ume in Abano Terme"}]},{"@type":"WebSite","@id":"https:\/\/www.savoiaterme.it\/de\/#website","url":"https:\/\/www.savoiaterme.it\/de\/","name":"Hotel Savoia Therm\u00e6 &amp; Spa","description":"ABANO TERME","potentialAction":[{"@type":"SearchAction","target":{"@type":"EntryPoint","urlTemplate":"https:\/\/www.savoiaterme.it\/de\/?s={search_term_string}"},"query-input":{"@type":"PropertyValueSpecification","valueRequired":true,"valueName":"search_term_string"}}],"inLanguage":"de"}]}},"coauthors":[],"author_meta":{"author_link":"https:\/\/www.savoiaterme.it\/de\/author\/sav014-t3rm294k\/","display_name":"sav014-t3rm294k"},"relative_dates":{"created":"Posted 4\u00a0Jahren ago","modified":"Updated 2\u00a0Jahren ago"},"absolute_dates":{"created":"Posted on April 20, 2022","modified":"Updated on M\u00e4rz 12, 2024"},"absolute_dates_time":{"created":"Posted on April 20, 2022 2:42 p.m.","modified":"Updated on M\u00e4rz 12, 2024 7:19 p.m."},"featured_img_caption":"","featured_img":"https:\/\/www.savoiaterme.it\/wp-content\/uploads\/2021\/10\/sale-congressi-abano-terme-hotel-savoia-terme_banner-1568x560.jpg","series_order":"","_links":{"self":[{"href":"https:\/\/www.savoiaterme.it\/de\/wp-json\/wp\/v2\/pages\/4894","targetHints":{"allow":["GET"]}}],"collection":[{"href":"https:\/\/www.savoiaterme.it\/de\/wp-json\/wp\/v2\/pages"}],"about":[{"href":"https:\/\/www.savoiaterme.it\/de\/wp-json\/wp\/v2\/types\/page"}],"author":[{"embeddable":true,"href":"https:\/\/www.savoiaterme.it\/de\/wp-json\/wp\/v2\/users\/1"}],"replies":[{"embeddable":true,"href":"https:\/\/www.savoiaterme.it\/de\/wp-json\/wp\/v2\/comments?post=4894"}],"version-history":[{"count":1,"href":"https:\/\/www.savoiaterme.it\/de\/wp-json\/wp\/v2\/pages\/4894\/revisions"}],"predecessor-version":[{"id":23270,"href":"https:\/\/www.savoiaterme.it\/de\/wp-json\/wp\/v2\/pages\/4894\/revisions\/23270"}],"up":[{"embeddable":true,"href":"https:\/\/www.savoiaterme.it\/de\/wp-json\/wp\/v2\/pages\/2198"}],"wp:featuredmedia":[{"embeddable":true,"href":"https:\/\/www.savoiaterme.it\/de\/wp-json\/wp\/v2\/media\/4901"}],"wp:attachment":[{"href":"https:\/\/www.savoiaterme.it\/de\/wp-json\/wp\/v2\/media?parent=4894"}],"curies":[{"name":"wp","href":"https:\/\/api.w.org\/{rel}","templated":true}]}}