{"id":8685,"date":"2021-10-04T10:47:06","date_gmt":"2021-10-04T08:47:06","guid":{"rendered":"https:\/\/www.savoiaterme.it\/day-spa\/"},"modified":"2026-04-30T09:48:34","modified_gmt":"2026-04-30T07:48:34","slug":"day-spa","status":"publish","type":"page","link":"https:\/\/www.savoiaterme.it\/de\/spa\/day-spa\/","title":{"rendered":"Day Spa &#038; Easy All Day"},"content":{"rendered":"<div  class=\"grids-section grids-is-advanced alignwide\" style=\"--_gs-gap-desktop:0px 0px;--_gs-m-desktop:0 0 20px 0;--_gs-p-desktop:0 0 0 0;--_gs-bg-desktop:#f7f6f8 none;--_gs-bg-xp-desktop:0px;--_gs-zi-desktop:auto;--_gs-d-desktop:block;--_gs-mw-desktop:calc(100% - 0 - 0);--_gs-gap-tablet:0px 0px;--_gs-m-tablet:0 0 20px 0;--_gs-p-tablet:0 0 0 0;--_gs-bg-tablet:#f7f6f8 none;--_gs-bg-xp-tablet:0px;--_gs-zi-tablet:auto;--_gs-d-tablet:block;--_gs-mw-tablet:calc(100% - 0 - 0);--_gs-gap-mobile:0px 0px;--_gs-m-mobile:0 0 20px 0;--_gs-p-mobile:0 0 0 0;--_gs-bg-mobile:#f7f6f8 none;--_gs-bg-xp-mobile:0px;--_gs-zi-mobile:auto;--_gs-d-mobile:block;--_gs-mw-mobile:calc(100% - 0 - 0);--_gs-columns:12;--_gs-rows:6\"><div class=\"grids-s-w_i\">\n<div class=\"grids-area\" style=\"--_ga-column:2\/12;--_ga-row:1\/2;--_ga-m-desktop:20px 0 0 0;--_ga-p-desktop:0 0 0 0;--_ga-bg-desktop:transparent none;--_ga-zi-desktop:auto;--_ga-d-desktop:flex;--_ga-mw-desktop:calc(100% - 0 - 0);--_ga-m-tablet:20px 0 0 0;--_ga-p-tablet:0 0 0 0;--_ga-bg-tablet:transparent none;--_ga-zi-tablet:auto;--_ga-d-tablet:flex;--_ga-mw-tablet:calc(100% - 0 - 0);--_ga-m-mobile:20px 0 0 0;--_ga-p-mobile:0 0 0 0;--_ga-bg-mobile:transparent none;--_ga-zi-mobile:auto;--_ga-d-mobile:flex;--_ga-mw-mobile:calc(100% - 0 - 0)\">\n\n<p><strong>ACHTUNG: Wir sind wegen der saisonalen Pause vom 7. Januar bis 19. M\u00e4rz und vom 6. Juli bis 23. Juli 2026 GESCHLOSSEN<\/strong>!<\/p>\n\n\n\n<h3 class=\"wp-block-heading\">G\u00f6nnen Sie sich eine regenerierende Erholungspause in einem der faszinierendsten Heilb\u00e4der und Thermen Abanos<\/h3>\n\n\n\n<p>Ein&nbsp;<strong>Tag&nbsp;<\/strong>ganz im Zeichen des Wohlbefindens dank der&nbsp;<strong>t\u00e4glichen<\/strong>&nbsp;<strong>Angebote<\/strong>&nbsp;des Hotels Savoia Therm\u00e6 &amp; Spa, ohne Zimmerbelegung.<\/p>\n\n\n\n<p>Sie haben die M\u00f6glichkeit, in das&nbsp;<strong>warme Wasser unserer Thermalpools&nbsp;<\/strong>mit&nbsp;<strong>Nackenduschen&nbsp;<\/strong>und&nbsp;<strong>Unterwassermassagen&nbsp;<\/strong>einzutauchen oder sich, umgeben vom Gr\u00fcn unseres gro\u00dfen Gartens, am Pool zu entspannen.<\/p>\n\n\n\n<p>Und f\u00fcr alle auf der Suche nach einem unvergesslichen Erlebnis werden unsere&nbsp;<strong>Massagen&nbsp;<\/strong>und&nbsp;<strong>Sch\u00f6nheitsrituale&nbsp;<\/strong>Sie in einen Zustand intensiven Wohlbefindens versetzen, der ewig zu w\u00e4hren scheint.<\/p>\n\n<\/div>\n<\/div><\/div>\n\n<div  class=\"grids-section image-boxed-blur-background grids-is-advanced alignfull\" style=\"--_gs-gap-desktop:0px 0px;--_gs-m-desktop:0 0 0 0;--_gs-p-desktop:0 0 0 0;--_gs-bg-desktop:transparent url(https:\/\/www.savoiaterme.it\/wp-content\/uploads\/2021\/10\/hotel-savoia-terme-abano-terme-programma-natale-2021.jpg) no-repeat 50% 50%  \/ cover;--_gs-bg-xp-desktop:0px;--_gs-zi-desktop:auto;--_gs-d-desktop:none;--_gs-mw-desktop:calc(100% - 0 - 0);--_gs-gap-tablet:0px 0px;--_gs-m-tablet:0 0 0 0;--_gs-p-tablet:0 0 0 0;--_gs-bg-tablet:transparent url(https:\/\/www.savoiaterme.it\/wp-content\/uploads\/2021\/10\/hotel-savoia-terme-abano-terme-programma-natale-2021.jpg) no-repeat 50% 50%  \/ cover;--_gs-bg-xp-tablet:0px;--_gs-zi-tablet:auto;--_gs-d-tablet:none;--_gs-mw-tablet:calc(100% - 0 - 0);--_gs-gap-mobile:0px 0px;--_gs-m-mobile:0 0 0 0;--_gs-p-mobile:0 0 0 0;--_gs-bg-mobile:transparent url(https:\/\/www.savoiaterme.it\/wp-content\/uploads\/2021\/10\/hotel-savoia-terme-abano-terme-programma-natale-2021.jpg) no-repeat 50% 50%  \/ cover;--_gs-bg-xp-mobile:0px;--_gs-zi-mobile:auto;--_gs-d-mobile:none;--_gs-mw-mobile:calc(100% - 0 - 0);--_gs-columns:12;--_gs-rows:6\"><div class=\"grids-s-w_i\">\n<div class=\"grids-area\" style=\"--_ga-column:5\/9;--_ga-row:1\/4;--_ga-m-desktop:0 0 0 0;--_ga-p-desktop:0 0 0 0;--_ga-bg-desktop:transparent none;--_ga-zi-desktop:auto;--_ga-d-desktop:flex;--_ga-mw-desktop:calc(100% - 0 - 0);--_ga-m-tablet:0 0 0 0;--_ga-p-tablet:0 0 0 0;--_ga-bg-tablet:transparent none;--_ga-zi-tablet:auto;--_ga-d-tablet:flex;--_ga-mw-tablet:calc(100% - 0 - 0);--_ga-m-mobile:0 0 0 0;--_ga-p-mobile:0 20px 0 20px;--_ga-bg-mobile:transparent none;--_ga-zi-mobile:auto;--_ga-d-mobile:flex;--_ga-mw-mobile:calc(100% - 0 - 0)\">\n\n<div style=\"text-align: center;\"><lord-icon src=\"https:\/\/cdn.lordicon.com\/elcmcjgg.json\" trigger=\"hover\" colors=\"primary:#ffffff,secondary:#ffffff\" style=\"width:150px;height:150px\">\r\n<\/lord-icon><\/div>\n\n\n\n<h2 class=\"wp-block-heading has-text-align-center\"><strong>Weihnachten in den Thermen von Abano<\/strong><\/h2>\n\n\n\n<p class=\"has-text-align-center\">Entspannung und Magie f\u00fcr ein besonderes <strong>Weihnachten<\/strong>!<br>Day SPA mit Pools, Sauna und Gourmet-Mittagessen: <strong>Entdecken Sie unser Angebot<\/strong>!<\/p>\n\n\n\n<p class=\"has-text-align-center\"><\/p>\n\n\n\n<a href=\"https:\/\/www.savoiaterme.it\/de\/?post_type=offer&amp;p=27191\" class=\"btn btn-center broken_link\" rel=\"noopener\">ENTDECKEN SIE DAS WEIHNACHTSANGEBOT<\/a>\n\n<\/div>\n<\/div><\/div>\n\n<div  class=\"grids-section image-boxed-blur-background grids-is-advanced alignfull\" style=\"--_gs-gap-desktop:0px 0px;--_gs-m-desktop:0 0 0 0;--_gs-p-desktop:80px 0 80px 0;--_gs-bg-desktop:transparent url(https:\/\/www.savoiaterme.it\/wp-content\/uploads\/2024\/05\/abano-zen-savoia-terme.jpg) no-repeat 50% 50%  \/ cover;--_gs-bg-xp-desktop:0px;--_gs-zi-desktop:auto;--_gs-d-desktop:block;--_gs-mw-desktop:calc(100% - 0 - 0);--_gs-gap-tablet:0px 0px;--_gs-m-tablet:0 0 0 0;--_gs-p-tablet:80px 0 80px 0;--_gs-bg-tablet:transparent url(https:\/\/www.savoiaterme.it\/wp-content\/uploads\/2024\/05\/abano-zen-savoia-terme.jpg) no-repeat 50% 50%  \/ cover;--_gs-bg-xp-tablet:0px;--_gs-zi-tablet:auto;--_gs-d-tablet:block;--_gs-mw-tablet:calc(100% - 0 - 0);--_gs-gap-mobile:0px 0px;--_gs-m-mobile:0 0 0 0;--_gs-p-mobile:80px 0 80px 0;--_gs-bg-mobile:transparent url(https:\/\/www.savoiaterme.it\/wp-content\/uploads\/2024\/05\/abano-zen-savoia-terme.jpg) no-repeat 50% 50%  \/ cover;--_gs-bg-xp-mobile:0px;--_gs-zi-mobile:auto;--_gs-d-mobile:block;--_gs-mw-mobile:calc(100% - 0 - 0);--_gs-columns:12;--_gs-rows:6\"><div class=\"grids-s-w_i\">\n<div class=\"grids-area\" style=\"--_ga-column:5\/9;--_ga-row:1\/4;--_ga-m-desktop:0 0 0 0;--_ga-p-desktop:0 0 0 0;--_ga-bg-desktop:transparent none;--_ga-zi-desktop:auto;--_ga-d-desktop:flex;--_ga-mw-desktop:calc(100% - 0 - 0);--_ga-m-tablet:0 0 0 0;--_ga-p-tablet:0 0 0 0;--_ga-bg-tablet:transparent none;--_ga-zi-tablet:auto;--_ga-d-tablet:flex;--_ga-mw-tablet:calc(100% - 0 - 0);--_ga-m-mobile:0 0 0 0;--_ga-p-mobile:0 20px 0 20px;--_ga-bg-mobile:transparent none;--_ga-zi-mobile:auto;--_ga-d-mobile:flex;--_ga-mw-mobile:calc(100% - 0 - 0)\">\n\n<div style=\"text-align: center;\">\n<script src=\"https:\/\/cdn.lordicon.com\/lordicon.js\"><\/script>\n<lord-icon\nsrc=\"https:\/\/cdn.lordicon.com\/gjpeglhr.json\"\n    trigger=\"loop\"\ncolors=\"primary:#ffffff,secondary:#ffffff\"\n    style=\"width:150px;height:150px\">\n<\/lord-icon>\n<\/div>\n\n\n\n<h2 class=\"wp-block-heading has-text-align-center\">\ud83c\udf3f Wohlbefinden, Harmonie, Neubeginn:<br>Entdecken Sie Abano Zen! \ud83c\udf3f<\/h2>\n\n\n\n<p class=\"has-text-align-center\"><strong>Vom 30. Mai bis 2. Juni 2026:<\/strong><br>Meditation, Yoga, Kl\u00e4nge und alte fern\u00f6stliche Therapien im Herzen von Abano Terme.<\/p>\n\n\n\n<a href=\"https:\/\/www.savoiaterme.it\/de\/abano-zen\/\" class=\"btn btn-center\" rel=\"noopener\">ENTDECKEN SIE DAS PROGRAMM VON ABANO ZEN<\/a>\n\n\n\n<a href=\"https:\/\/www.savoiaterme.it\/de\/angebot\/savoia-ayurveda\/\" class=\"btn btn-center\" rel=\"noopener\" target=\"_blank\">BUCHEN SIE JETZT IHREN WELLNESS-AUFENTHALT<\/a>\n\n<\/div>\n<\/div><\/div>\n\n<div  class=\"grids-section image-boxed-blur-background grids-is-advanced alignfull\" style=\"--_gs-gap-desktop:0px 0px;--_gs-m-desktop:0 0 0 0;--_gs-p-desktop:80px 0 80px 0;--_gs-bg-desktop:transparent url(https:\/\/www.savoiaterme.it\/wp-content\/uploads\/2025\/09\/Gemini_Generated_Image_djfpopdjfpopdjfp-Modificata-scaled.webp) no-repeat 50% 50%  \/ cover;--_gs-bg-xp-desktop:0px;--_gs-zi-desktop:auto;--_gs-d-desktop:none;--_gs-mw-desktop:calc(100% - 0 - 0);--_gs-gap-tablet:0px 0px;--_gs-m-tablet:0 0 0 0;--_gs-p-tablet:80px 0 80px 0;--_gs-bg-tablet:transparent url(https:\/\/www.savoiaterme.it\/wp-content\/uploads\/2025\/09\/Gemini_Generated_Image_djfpopdjfpopdjfp-Modificata-scaled.webp) no-repeat 50% 50%  \/ cover;--_gs-bg-xp-tablet:0px;--_gs-zi-tablet:auto;--_gs-d-tablet:none;--_gs-mw-tablet:calc(100% - 0 - 0);--_gs-gap-mobile:0px 0px;--_gs-m-mobile:0 0 0 0;--_gs-p-mobile:80px 0 80px 0;--_gs-bg-mobile:transparent url(https:\/\/www.savoiaterme.it\/wp-content\/uploads\/2025\/09\/Gemini_Generated_Image_djfpopdjfpopdjfp-Modificata-scaled.webp) no-repeat 50% 50%  \/ cover;--_gs-bg-xp-mobile:0px;--_gs-zi-mobile:auto;--_gs-d-mobile:none;--_gs-mw-mobile:calc(100% - 0 - 0);--_gs-columns:12;--_gs-rows:6\"><div class=\"grids-s-w_i\">\n<div class=\"grids-area\" style=\"--_ga-column:5\/9;--_ga-row:1\/4;--_ga-m-desktop:0 0 0 0;--_ga-p-desktop:0 0 0 0;--_ga-bg-desktop:transparent none;--_ga-zi-desktop:auto;--_ga-d-desktop:flex;--_ga-mw-desktop:calc(100% - 0 - 0);--_ga-m-tablet:0 0 0 0;--_ga-p-tablet:0 0 0 0;--_ga-bg-tablet:transparent none;--_ga-zi-tablet:auto;--_ga-d-tablet:flex;--_ga-mw-tablet:calc(100% - 0 - 0);--_ga-m-mobile:0 0 0 0;--_ga-p-mobile:0 20px 0 20px;--_ga-bg-mobile:transparent none;--_ga-zi-mobile:auto;--_ga-d-mobile:flex;--_ga-mw-mobile:calc(100% - 0 - 0)\">\n\n<div style=\"text-align: center;\">\n<script src=\"https:\/\/cdn.lordicon.com\/lordicon.js\"><\/script>\n<lord-icon\nsrc=\"https:\/\/cdn.lordicon.com\/amtwmsnc.json\"\n    trigger=\"loop\"\ncolors=\"primary:#ffffff,secondary:#ffffff\"\n    style=\"width:150px;height:150px\">\n<\/lord-icon>\n<\/div>\n\n\n\n<h2 class=\"wp-block-heading has-text-align-center\"><strong><strong>\ud83c\udf83 Herbstzauber &amp; Halloween-Entspannung \ud83c\udf83<\/strong><\/strong><\/h2>\n\n\n\n<p class=\"has-text-align-center\"><strong>Vom 31. Oktober bis 1. November 2025:<\/strong><br>Halloween-Themenabendessen, Live &amp; Dance-Abende und exklusives Wohlbefinden im Herzen von Abano Terme.<\/p>\n\n\n\n<a href=\"https:\/\/www.savoiaterme.it\/de\/ponte-di-ognissanti-2025\/\" class=\"btn btn-center\" rel=\"noopener\">ENTDECKE DAS PROGRAMM ZUM ALLERHEILIGEN-WOCHENENDE<\/a>\n\n\n\n<a href=\"https:\/\/simplebooking.savoiaterme.it\/ibe2\/hotel\/5688?lang=DE&amp;cur=EUR&amp;coupon=\" class=\"btn btn-center broken_link\" rel=\"noopener\" target=\"_blank\">JETZT BUCHEN<\/a>\n\n<\/div>\n<\/div><\/div>\n\n<div  class=\"grids-section image-boxed-blur-background grids-is-advanced alignfull\" style=\"--_gs-gap-desktop:0px 0px;--_gs-m-desktop:0 0 0 0;--_gs-p-desktop:80px 0 80px 0;--_gs-bg-desktop:transparent url(https:\/\/www.savoiaterme.it\/wp-content\/uploads\/2025\/08\/close-up-of-couple-in-lotus-position-practicing-me-2025-03-18-16-29-15-utc-scaled.webp) no-repeat 50% 50%  \/ cover;--_gs-bg-xp-desktop:0px;--_gs-zi-desktop:auto;--_gs-d-desktop:none;--_gs-mw-desktop:calc(100% - 0 - 0);--_gs-gap-tablet:0px 0px;--_gs-m-tablet:0 0 0 0;--_gs-p-tablet:80px 0 80px 0;--_gs-bg-tablet:transparent url(https:\/\/www.savoiaterme.it\/wp-content\/uploads\/2025\/08\/close-up-of-couple-in-lotus-position-practicing-me-2025-03-18-16-29-15-utc-scaled.webp) no-repeat 50% 50%  \/ cover;--_gs-bg-xp-tablet:0px;--_gs-zi-tablet:auto;--_gs-d-tablet:none;--_gs-mw-tablet:calc(100% - 0 - 0);--_gs-gap-mobile:0px 0px;--_gs-m-mobile:0 0 0 0;--_gs-p-mobile:80px 0 80px 0;--_gs-bg-mobile:transparent url(https:\/\/www.savoiaterme.it\/wp-content\/uploads\/2025\/08\/close-up-of-couple-in-lotus-position-practicing-me-2025-03-18-16-29-15-utc-scaled.webp) no-repeat 50% 50%  \/ cover;--_gs-bg-xp-mobile:0px;--_gs-zi-mobile:auto;--_gs-d-mobile:none;--_gs-mw-mobile:calc(100% - 0 - 0);--_gs-columns:12;--_gs-rows:6\"><div class=\"grids-s-w_i\">\n<div class=\"grids-area\" style=\"--_ga-column:5\/9;--_ga-row:1\/4;--_ga-m-desktop:0 0 0 0;--_ga-p-desktop:0 0 0 0;--_ga-bg-desktop:transparent none;--_ga-zi-desktop:auto;--_ga-d-desktop:flex;--_ga-mw-desktop:calc(100% - 0 - 0);--_ga-m-tablet:0 0 0 0;--_ga-p-tablet:0 0 0 0;--_ga-bg-tablet:transparent none;--_ga-zi-tablet:auto;--_ga-d-tablet:flex;--_ga-mw-tablet:calc(100% - 0 - 0);--_ga-m-mobile:0 0 0 0;--_ga-p-mobile:0 20px 0 20px;--_ga-bg-mobile:transparent none;--_ga-zi-mobile:auto;--_ga-d-mobile:flex;--_ga-mw-mobile:calc(100% - 0 - 0)\">\n\n<div style=\"text-align: center;\">\n<script src=\"https:\/\/cdn.lordicon.com\/lordicon.js\"><\/script>\n<lord-icon\nsrc=\"https:\/\/cdn.lordicon.com\/gjpeglhr.json\"\n    trigger=\"hover\"\ncolors=\"primary:#ffffff,secondary:#ffffff\"\n    style=\"width:150px;height:150px\">\n<\/lord-icon>\n<\/div>\n\n\n\n<h2 class=\"wp-block-heading has-text-align-center\">\ud83c\udf3f Wohlbefinden, Harmonie, Neubeginn:<br>Entdecke Savoia Zen! \ud83c\udf3f<\/h2>\n\n\n\n<p class=\"has-text-align-center\"><strong>Vom <strong>2. bis 8. September<\/strong> 2025:<\/strong><br>Meditation, Yoga, Kl\u00e4nge und alte orientalische Therapien im Herzen von Abano Terme.<\/p>\n\n\n\n<a href=\"https:\/\/www.savoiaterme.it\/de\/savoia-zen-2025\/\" class=\"btn btn-center\" rel=\"noopener\">ENTDECKE DAS PROGRAMM VON SAVOIA ZEN<\/a>\n\n\n\n<a href=\"https:\/\/www.savoiaterme.it\/de\/angebot\/savoia-ayurveda\/\" class=\"btn btn-center\" rel=\"noopener\" target=\"_blank\">BUCHE JETZT DEINEN WOHLF\u00dcHL-AUFENTHALT<\/a>\n\n<\/div>\n<\/div><\/div>\n\n<div  class=\"grids-section image-boxed-blur-background grids-is-advanced alignfull\" style=\"--_gs-gap-desktop:0px 0px;--_gs-m-desktop:0 0 0 0;--_gs-p-desktop:80px 0 80px 0;--_gs-bg-desktop:transparent url(https:\/\/www.savoiaterme.it\/wp-content\/uploads\/2025\/06\/agosto-hawaii-hotel-savoia-terme-2.webp) no-repeat 50% 50%  \/ cover;--_gs-bg-xp-desktop:0px;--_gs-zi-desktop:auto;--_gs-d-desktop:none;--_gs-mw-desktop:calc(100% - 0 - 0);--_gs-gap-tablet:0px 0px;--_gs-m-tablet:0 0 0 0;--_gs-p-tablet:80px 0 80px 0;--_gs-bg-tablet:transparent url(https:\/\/www.savoiaterme.it\/wp-content\/uploads\/2025\/06\/agosto-hawaii-hotel-savoia-terme-2.webp) no-repeat 50% 50%  \/ cover;--_gs-bg-xp-tablet:0px;--_gs-zi-tablet:auto;--_gs-d-tablet:none;--_gs-mw-tablet:calc(100% - 0 - 0);--_gs-gap-mobile:0px 0px;--_gs-m-mobile:0 0 0 0;--_gs-p-mobile:80px 0 80px 0;--_gs-bg-mobile:transparent url(https:\/\/www.savoiaterme.it\/wp-content\/uploads\/2025\/06\/agosto-hawaii-hotel-savoia-terme-2.webp) no-repeat 50% 50%  \/ cover;--_gs-bg-xp-mobile:0px;--_gs-zi-mobile:auto;--_gs-d-mobile:none;--_gs-mw-mobile:calc(100% - 0 - 0);--_gs-columns:12;--_gs-rows:6\"><div class=\"grids-s-w_i\">\n<div class=\"grids-area\" style=\"--_ga-column:5\/9;--_ga-row:1\/4;--_ga-m-desktop:0 0 0 0;--_ga-p-desktop:0 0 0 0;--_ga-bg-desktop:transparent none;--_ga-zi-desktop:auto;--_ga-d-desktop:flex;--_ga-mw-desktop:calc(100% - 0 - 0);--_ga-m-tablet:0 0 0 0;--_ga-p-tablet:0 0 0 0;--_ga-bg-tablet:transparent none;--_ga-zi-tablet:auto;--_ga-d-tablet:flex;--_ga-mw-tablet:calc(100% - 0 - 0);--_ga-m-mobile:0 0 0 0;--_ga-p-mobile:0 20px 0 20px;--_ga-bg-mobile:transparent none;--_ga-zi-mobile:auto;--_ga-d-mobile:flex;--_ga-mw-mobile:calc(100% - 0 - 0)\">\n\n<div style=\"text-align: center;\">\n<script src=\"https:\/\/cdn.lordicon.com\/lordicon.js\"><\/script>\n<lord-icon\nsrc=\"https:\/\/cdn.lordicon.com\/kmbgfvci.json\"\n    trigger=\"loop\"\ncolors=\"primary:#ffffff,secondary:#ffffff\"\n    style=\"width:150px;height:150px\">\n<\/lord-icon>\n<\/div>\n\n\n\n<h2 class=\"wp-block-heading has-text-align-center\">\ud83c\udf34 August und Ferragosto in den Thermen \ud83c\udf34<\/h2>\n\n\n\n<p class=\"has-text-align-center\"><strong>Musik, Genuss und Entspannung!<\/strong><br>Entdecke die exklusiven Events der Ferragosto-Woche und erlebe den Sommer mit uns \u2026<\/p>\n\n\n\n<a href=\"https:\/\/www.savoiaterme.it\/de\/august-und-ferragosto-2025-in-den-thermen\/\" class=\"btn btn-center\" rel=\"noopener\">ZUM AUGUST-PROGRAMM<\/a>\n\n\n\n<a href=\"https:\/\/simplebooking.savoiaterme.it\/ibe2\/hotel\/5688?lang=de&amp;cur=EUR\" class=\"btn btn-center broken_link\" rel=\"noopener\" target=\"_blank\">JETZT WELLNESS-AUFENTHALT BUCHEN<\/a>\n\n<\/div>\n<\/div><\/div>\n\n<div  class=\"grids-section image-boxed-blur-background grids-is-advanced alignfull\" style=\"--_gs-gap-desktop:0px 0px;--_gs-m-desktop:0 0 0 0;--_gs-p-desktop:0 0 0 0;--_gs-bg-desktop:transparent url(https:\/\/www.savoiaterme.it\/wp-content\/uploads\/2024\/05\/abano-zen-savoia-terme.jpg) no-repeat 50% 50%  \/ cover;--_gs-bg-xp-desktop:0px;--_gs-zi-desktop:auto;--_gs-d-desktop:none;--_gs-mw-desktop:calc(100% - 0 - 0);--_gs-gap-tablet:0px 0px;--_gs-m-tablet:0 0 0 0;--_gs-p-tablet:0 0 0 0;--_gs-bg-tablet:transparent url(https:\/\/www.savoiaterme.it\/wp-content\/uploads\/2024\/05\/abano-zen-savoia-terme.jpg) no-repeat 50% 50%  \/ cover;--_gs-bg-xp-tablet:0px;--_gs-zi-tablet:auto;--_gs-d-tablet:none;--_gs-mw-tablet:calc(100% - 0 - 0);--_gs-gap-mobile:0px 0px;--_gs-m-mobile:0 0 0 0;--_gs-p-mobile:0 0 0 0;--_gs-bg-mobile:transparent url(https:\/\/www.savoiaterme.it\/wp-content\/uploads\/2024\/05\/abano-zen-savoia-terme.jpg) no-repeat 50% 50%  \/ cover;--_gs-bg-xp-mobile:0px;--_gs-zi-mobile:auto;--_gs-d-mobile:none;--_gs-mw-mobile:calc(100% - 0 - 0);--_gs-columns:12;--_gs-rows:6\"><div class=\"grids-s-w_i\">\n<div class=\"grids-area\" style=\"--_ga-column:5\/9;--_ga-row:1\/4;--_ga-m-desktop:0 0 0 0;--_ga-p-desktop:0 0 0 0;--_ga-bg-desktop:transparent none;--_ga-zi-desktop:auto;--_ga-d-desktop:flex;--_ga-mw-desktop:calc(100% - 0 - 0);--_ga-m-tablet:0 0 0 0;--_ga-p-tablet:0 0 0 0;--_ga-bg-tablet:transparent none;--_ga-zi-tablet:auto;--_ga-d-tablet:flex;--_ga-mw-tablet:calc(100% - 0 - 0);--_ga-m-mobile:0 0 0 0;--_ga-p-mobile:0 20px 0 20px;--_ga-bg-mobile:transparent none;--_ga-zi-mobile:auto;--_ga-d-mobile:flex;--_ga-mw-mobile:calc(100% - 0 - 0)\">\n\n<div style=\"text-align: center;\"><lord-icon src=\"https:\/\/cdn.lordicon.com\/nvqxuepq.json\" trigger=\"loop\" colors=\"primary:#ffffff,secondary:#ffffff\" style=\"width:150px;height:150px\">\n<\/lord-icon><\/div>\n\n\n\n<h2 class=\"wp-block-heading has-text-align-center\">Entdecken Sie Ihr Wohlbefinden mit Meditation, Yoga und Ayurveda wieder<\/h2>\n\n\n\n<p class=\"has-text-align-center\">Kommen Sie und entdecken Sie <strong>Abano Zen<\/strong> im Herzen von Abano Terme vom&nbsp;31. Mai bis 9. Juni.<\/p>\n\n\n\n<a href=\"\/de\/?p=23616\" class=\"btn btn-center broken_link\" rel=\"noopener\">ABANO ZEN ENTDECKEN<\/a>\n\n<\/div>\n<\/div><\/div>\n\n<div  class=\"grids-section grids-is-advanced alignfull\" style=\"--_gs-gap-desktop:0px 0px;--_gs-m-desktop:0 0 0 0;--_gs-p-desktop:0 0 0 0;--_gs-bg-desktop:transparent none;--_gs-bg-xp-desktop:0px;--_gs-zi-desktop:auto;--_gs-d-desktop:block;--_gs-mw-desktop:calc(100% - 0 - 0);--_gs-gap-tablet:0px 0px;--_gs-m-tablet:0 0 0 0;--_gs-p-tablet:0 0 0 0;--_gs-bg-tablet:transparent none;--_gs-bg-xp-tablet:0px;--_gs-zi-tablet:auto;--_gs-d-tablet:block;--_gs-mw-tablet:calc(100% - 0 - 0);--_gs-gap-mobile:0px 0px;--_gs-m-mobile:20px 0 20px 0;--_gs-p-mobile:0 0 0 0;--_gs-bg-mobile:transparent none;--_gs-bg-xp-mobile:0px;--_gs-zi-mobile:auto;--_gs-d-mobile:block;--_gs-mw-mobile:calc(100% - 0 - 0);--_gs-columns:12;--_gs-rows:6\"><div class=\"grids-s-w_i\">\n<div class=\"grids-area\" style=\"--_ga-column:2\/7;--_ga-row:1\/7;--_ga-va:center;--_ga-m-desktop:0 20px 0 0;--_ga-p-desktop:0 0 0 0;--_ga-bg-desktop:transparent none;--_ga-zi-desktop:auto;--_ga-d-desktop:flex;--_ga-mw-desktop:calc(100% - 0 - 20px);--_ga-m-tablet:0 20px 0 0;--_ga-p-tablet:0 0 0 0;--_ga-bg-tablet:transparent none;--_ga-zi-tablet:auto;--_ga-d-tablet:flex;--_ga-mw-tablet:calc(100% - 0 - 20px);--_ga-m-mobile:0 20px 0 0;--_ga-p-mobile:20px 0 20px 0;--_ga-bg-mobile:transparent none;--_ga-zi-mobile:auto;--_ga-d-mobile:flex;--_ga-mw-mobile:calc(100% - 0 - 20px)\">\n\n<h2 class=\"wp-block-heading\" id=\"i-servizi-a-disposizione-dei-nostri-ospiti\">Serviceleistungen f\u00fcr unsere G\u00e4ste<\/h2>\n\n\n<div  class=\"grids-section grids-is-advanced\" style=\"--_gs-gap-desktop:0px 0px;--_gs-m-desktop:0 0 0 0;--_gs-p-desktop:0 0 0 0;--_gs-bg-desktop:transparent none;--_gs-bg-xp-desktop:0px;--_gs-zi-desktop:auto;--_gs-d-desktop:block;--_gs-mw-desktop:calc(100% - 0 - 0);--_gs-gap-tablet:0px 0px;--_gs-m-tablet:0 0 0 0;--_gs-p-tablet:0 0 0 0;--_gs-bg-tablet:transparent none;--_gs-bg-xp-tablet:0px;--_gs-zi-tablet:auto;--_gs-d-tablet:block;--_gs-mw-tablet:calc(100% - 0 - 0);--_gs-gap-mobile:0px 0px;--_gs-m-mobile:0 0 0 0;--_gs-p-mobile:0 0 0 0;--_gs-bg-mobile:transparent none;--_gs-bg-xp-mobile:0px;--_gs-zi-mobile:auto;--_gs-d-mobile:block;--_gs-mw-mobile:calc(100% - 0 - 0);--_gs-columns:12;--_gs-rows:6\"><div class=\"grids-s-w_i\">\n<div class=\"grids-area\" style=\"--_ga-column:1\/7;--_ga-row:1\/7;--_ga-m-desktop:0 20px 0 0;--_ga-p-desktop:0 0 0 0;--_ga-bg-desktop:transparent none;--_ga-zi-desktop:auto;--_ga-d-desktop:flex;--_ga-mw-desktop:calc(100% - 0 - 20px);--_ga-m-tablet:0 20px 0 0;--_ga-p-tablet:0 0 0 0;--_ga-bg-tablet:transparent none;--_ga-zi-tablet:auto;--_ga-d-tablet:flex;--_ga-mw-tablet:calc(100% - 0 - 20px);--_ga-m-mobile:0 20px 0 0;--_ga-p-mobile:0 0 0 0;--_ga-bg-mobile:transparent none;--_ga-zi-mobile:auto;--_ga-d-mobile:flex;--_ga-mw-mobile:calc(100% - 0 - 20px)\">\n\n<ul class=\"wp-block-list\">\n<li><strong>Thermalhallenbad, das<\/strong>&nbsp;mit einem Au\u00dfenbecken verbunden ist<\/li>\n\n\n\n<li>24 Unterwassermassagensstationen&nbsp;<strong>und Whirlpools<\/strong><\/li>\n\n\n\n<li><strong>Bottiche und Nackenduschen<\/strong><\/li>\n\n\n\n<li><strong>Sonnenliegen und Sonnenschirme<\/strong>&nbsp;am Pool und im Kurgarten<\/li>\n\n\n\n<li><strong>Sauna und Dampfbad<\/strong><\/li>\n<\/ul>\n\n<\/div>\n\n<div class=\"grids-area\" style=\"--_ga-column:7\/13;--_ga-row:1\/7;--_ga-m-desktop:0 0 0 20px;--_ga-p-desktop:0 0 0 0;--_ga-bg-desktop:transparent none;--_ga-zi-desktop:auto;--_ga-d-desktop:flex;--_ga-mw-desktop:calc(100% - 20px - 0);--_ga-m-tablet:0 0 0 20px;--_ga-p-tablet:0 0 0 0;--_ga-bg-tablet:transparent none;--_ga-zi-tablet:auto;--_ga-d-tablet:flex;--_ga-mw-tablet:calc(100% - 20px - 0);--_ga-m-mobile:0 0 0 0px;--_ga-p-mobile:0 0 0 0;--_ga-bg-mobile:transparent none;--_ga-zi-mobile:auto;--_ga-d-mobile:flex;--_ga-mw-mobile:calc(100% - 0px - 0)\">\n\n<ul class=\"wp-block-list\">\n<li><strong>Fitnessraum<\/strong>&nbsp;mit Tecnogym\u00ae-Ger\u00e4ten<\/li>\n\n\n\n<li><strong>Umkleider\u00e4ume<\/strong>&nbsp;mit kodierten Spinden und eigenen Toiletten\/Duschen<\/li>\n\n\n\n<li><strong>Handtuch und Bademantel<\/strong>&nbsp;kostenlos verf\u00fcgbar<\/li>\n\n\n\n<li>Flip-Flops 5,00 \u20ac<\/li>\n<\/ul>\n\n<\/div>\n<\/div><\/div>\n<\/div>\n\n<div class=\"grids-area\" style=\"--_ga-column:7\/12;--_ga-row:1\/7;--_ga-va:center;--_ga-m-desktop:0 0 0 20px;--_ga-p-desktop:0 0 0 0;--_ga-bg-desktop:transparent none;--_ga-zi-desktop:auto;--_ga-d-desktop:flex;--_ga-mw-desktop:calc(100% - 20px - 0);--_ga-m-tablet:0 0 0 20px;--_ga-p-tablet:0 0 0 0;--_ga-bg-tablet:transparent none;--_ga-zi-tablet:auto;--_ga-d-tablet:flex;--_ga-mw-tablet:calc(100% - 20px - 0);--_ga-m-mobile:0 0 0 20px;--_ga-p-mobile:0 0 0 0;--_ga-bg-mobile:transparent none;--_ga-zi-mobile:auto;--_ga-d-mobile:flex;--_ga-mw-mobile:calc(100% - 20px - 0)\">\n<IfSoTrigger tid='18050' class=''  style='display:inline-block;'><\/IfSoTrigger>\n\n<\/div>\n<\/div><\/div>\n\n<div  class=\"grids-section grids-is-advanced\" style=\"--_gs-gap-desktop:0px 0px;--_gs-m-desktop:0 0 0 0;--_gs-p-desktop:0 0 0 0;--_gs-bg-desktop:transparent none;--_gs-bg-xp-desktop:0px;--_gs-zi-desktop:auto;--_gs-d-desktop:block;--_gs-mw-desktop:calc(100% - 0 - 0);--_gs-gap-tablet:0px 0px;--_gs-m-tablet:0 0 0 0;--_gs-p-tablet:0 0 0 0;--_gs-bg-tablet:transparent none;--_gs-bg-xp-tablet:0px;--_gs-zi-tablet:auto;--_gs-d-tablet:block;--_gs-mw-tablet:calc(100% - 0 - 0);--_gs-gap-mobile:0px 0px;--_gs-m-mobile:0 0 0 0;--_gs-p-mobile:0 0 0 0;--_gs-bg-mobile:transparent none;--_gs-bg-xp-mobile:0px;--_gs-zi-mobile:auto;--_gs-d-mobile:block;--_gs-mw-mobile:calc(100% - 0 - 0);--_gs-columns:12;--_gs-rows:6\"><div class=\"grids-s-w_i\">\n<div class=\"grids-area\" style=\"--_ga-column:2\/12;--_ga-row:1\/2;--_ga-m-desktop:40px 0 0 0;--_ga-p-desktop:0 0 0 0;--_ga-bg-desktop:transparent none;--_ga-zi-desktop:auto;--_ga-d-desktop:flex;--_ga-mw-desktop:calc(100% - 0 - 0);--_ga-m-tablet:40px 0 0 0;--_ga-p-tablet:0 0 0 0;--_ga-bg-tablet:transparent none;--_ga-zi-tablet:auto;--_ga-d-tablet:flex;--_ga-mw-tablet:calc(100% - 0 - 0);--_ga-m-mobile:40px 0 0 0;--_ga-p-mobile:0 0 0 0;--_ga-bg-mobile:transparent none;--_ga-zi-mobile:auto;--_ga-d-mobile:flex;--_ga-mw-mobile:calc(100% - 0 - 0)\">\n\n<h2 class=\"wp-block-heading has-text-align-center\" id=\"day-spa\">Day Spa<\/h2>\n\n\n\n<h3 class=\"wp-block-heading has-text-align-center\" id=\"con-camera-d-appoggio\">mit Tageszimmer<\/h3>\n\n<\/div>\n\n<div class=\"grids-area\" style=\"--_ga-column:2\/12;--_ga-row:2\/3;--_ga-m-desktop:0 0 0 0;--_ga-p-desktop:0 0 0 0;--_ga-bg-desktop:transparent none;--_ga-zi-desktop:auto;--_ga-d-desktop:flex;--_ga-mw-desktop:calc(100% - 0 - 0);--_ga-m-tablet:0 0 0 0;--_ga-p-tablet:0 0 0 0;--_ga-bg-tablet:transparent none;--_ga-zi-tablet:auto;--_ga-d-tablet:flex;--_ga-mw-tablet:calc(100% - 0 - 0);--_ga-m-mobile:0 0 0 0;--_ga-p-mobile:0 0 0 0;--_ga-bg-mobile:transparent none;--_ga-zi-mobile:auto;--_ga-d-mobile:flex;--_ga-mw-mobile:calc(100% - 0 - 0)\">\n\r\n<div class=\"snodo-list-container\">\r\n\t\t\t\t<div class=\"snodo-list-container-single \">\r\n\t\t\t\t<a href=\"https:\/\/www.simplebooking.it\/ibe\/minishop\/?hid=5688&lang=IT&_ga=2.16991420.468136896.1632986091-2061064080.1568724142#product&productId=120\"  class=\"snodo-list-container-single-img\" title=\"Day Spa 0\">\r\n\t\t\t\t\t<figure class=\"full-width\">\r\n\t\t\t\t\t\t<img decoding=\"async\" src=\"https:\/\/www.savoiaterme.it\/wp-content\/uploads\/2021\/10\/DAY-SPA-0-hotel-savoia-terme-abano-terme.jpg\" \/>\r\n\t\t\t\t\t<\/figure>\r\n\t\t\t\t<\/a>\r\n\t\t\t\t\r\n\t\t\t\t<a href=\"https:\/\/www.simplebooking.it\/ibe\/minishop\/?hid=5688&lang=IT&_ga=2.16991420.468136896.1632986091-2061064080.1568724142#product&productId=120\"  class=\"snodo-list-container-single-title\" title=\"Day Spa 0\">\r\n\t\t\t\t\t<h3>Day Spa 0<\/h3>\r\n\t\t\t\t<\/a>\r\n\r\n\t\t\t\t<div class=\"snodo-list-container-single-subtitle\">\r\n\t\t\t\t\t\t\t\t\t<\/div>\r\n\r\n\t\t\t\t<div class=\"snodo-list-container-single-short-description\">\r\n\t\t\t\t\t<div class=\"grid-info\">\n<div class=\"single-info\">\n<p>&nbsp;<\/p>\n<div class=\"info-content\"><strong>SPA <\/strong><\/div>\n<\/div>\n<\/div>\n<ul>\n<li><strong>1 Tageszimmer im Hotel<\/strong> (von 10:00 bis 21:00 Uhr)<\/li>\n<li>\n<div><b><span lang=\"DE\">SPA-Kit\u00a0<\/span><\/b><span style=\"font-family: var(--list--font-family); color: var(--global--color-primary); font-size: var(--global--font-size-base); background-color: var(--global--color-background);\">mit Leihbademantel, Flip-Flops und Poolhandtuch<\/span><\/div>\n<\/li>\n<li>\n<div><b><span lang=\"DE\">SPA\u00a0<\/span><\/b><span style=\"font-family: var(--list--font-family); color: var(--global--color-primary); font-size: var(--global--font-size-base); background-color: var(--global--color-background);\">mit Sauna, Dampfbad, Erlebnisduschen, Sinnestunnel mit Kneipp-Anlage<\/span><\/div>\n<\/li>\n<li>\n<div><b><span lang=\"DE\">3 Thermalpools<\/span><\/b><span lang=\"DE\">, 2 davon kommunizierend, mit 24 Unterwassermassagestationen und Nackenduschen<\/span><\/div>\n<\/li>\n<\/ul>\n<p><a class=\"read-more-link\">Au\u00dferdem &#8230;<\/a><\/p>\n<div class=\"read-more-text\">\n<ul>\n<li>\n<div><b><span lang=\"DE\">Fitnessraum\u00a0<\/span><\/b><span style=\"font-family: var(--list--font-family); color: var(--global--color-primary); font-size: var(--global--font-size-base); background-color: var(--global--color-background);\">mit Tecnogym\u00ae-Ger\u00e4ten<\/span><\/div>\n<\/li>\n<li>\n<div><b><span lang=\"DE\">Wassergymnastik\u00a0<\/span><\/b><span style=\"font-family: var(--list--font-family); color: var(--global--color-primary); font-size: var(--global--font-size-base); background-color: var(--global--color-background);\">im Thermalpool<\/span><\/div>\n<\/li>\n<li>\n<div><b><span lang=\"DE\">Wohlf\u00fchltees\u00a0<\/span><\/b><span style=\"font-family: var(--list--font-family); color: var(--global--color-primary); font-size: var(--global--font-size-base); background-color: var(--global--color-background);\">in der Beauty Farm und Lebensbrunnen \u201eFontana di Vita\u201c mit nat\u00fcrlichem Wasser aus Abano Terme im SPA f\u00fcr Ihren Durst<\/span><\/div>\n<\/li>\n<\/ul>\n<p>und &#8230;<\/p>\n<ul>\n<li><strong>Kostenloser Parkplatz<\/strong>, nicht \u00fcberdacht<\/li>\n<li><strong>WLAN<\/strong><\/li>\n<li><strong><strong>Digital Guest<\/strong><\/strong><span style=\"font-family: var(--list--font-family); color: var(--global--color-primary); font-size: var(--global--font-size-base); background-color: var(--global--color-background);\">,<\/span><b style=\"font-family: var(--list--font-family); color: var(--global--color-primary); font-size: var(--global--font-size-base);\"> <\/b><span style=\"font-family: var(--list--font-family); color: var(--global--color-primary); font-size: var(--global--font-size-base); background-color: var(--global--color-background);\">die APP zur Verwaltung Ihrer Hotelerfahrung<\/span><\/li>\n<\/ul>\n<p><strong>PREIS PRO PERSON<\/strong><\/p>\n<p style=\"color: #86267a;\"><strong>NEU<\/strong>! Aufteilung der Kosten in <strong>3 monatliche Raten<\/strong> mit <strong>Scalapay<\/strong>.<\/p>\n<p><strong>Mo. &#8211; Fr.: <\/strong>55,00 \u20ac<br \/>\n<strong>Sa. &#8211; So.:<\/strong> 65,00 \u20ac<br \/>\n<strong>Feiertage: <\/strong>85,00 \u20ac<br \/>\n&nbsp;<br \/>\n<b>Die folgenden Termine gelten als Feiertage<\/b><strong>:<\/strong><\/p>\n<h6>OSTERN: 4., 5., 6. April <br \/>TAG DER BEFREIUNG: 25. April <br \/>TAG DER ARBEIT: 1., 2. Mai <br \/>FERRAGOSTO: 14., 15., 16. August <br \/>ALLERHEILIGEN: 31. Oktober, 1. November <br \/>FEST DER UNBEFLECKTEN EMPF\u00c4NGNIS: 5., 6., 7., 8. Dezember <br \/>WEIHNACHTEN UND NEUJAHR: vom 24. Dezember 2026 bis 10. Januar 2027<\/h6>\n<p> <strong>ACHTUNG:<\/strong> Reservierungen sind nur kurz vor dem gew\u00fcnschten Datum m\u00f6glich.<\/p>\n<p><strong>Der Zutritt ist ab 13 Jahren gestattet<\/strong><\/p>\n<\/div>\n<p>&nbsp;<\/p>\n\t\t\t\t<\/div>\r\n\r\n\t\t\t\t\t\t\t\t\t<a href=\"https:\/\/www.simplebooking.it\/ibe\/minishop\/?hid=5688&lang=IT&_ga=2.16991420.468136896.1632986091-2061064080.1568724142#product&productId=120\"  title=\"Day Spa 0\" class=\"btn snodo-list-container-single-button\">\r\n\t\t\t\t\t\tONLINE ERWERBEN\t\t\t\t\t<\/a>\r\n\t\t\t\t\t\t\t<\/div>\r\n\t\t\t\t\t\t<div class=\"snodo-list-container-single \">\r\n\t\t\t\t<a href=\"https:\/\/www.simplebooking.it\/ibe\/minishop\/?hid=5688&lang=IT&_ga=2.89334430.468136896.1632986091-2061064080.1568724142#product&productId=129\"  class=\"snodo-list-container-single-img\" title=\"Day Spa 1\">\r\n\t\t\t\t\t<figure class=\"full-width\">\r\n\t\t\t\t\t\t<img decoding=\"async\" src=\"https:\/\/www.savoiaterme.it\/wp-content\/uploads\/2021\/10\/DAY-SPA-1-hotel-savoia-terme-abano-terme.jpg\" \/>\r\n\t\t\t\t\t<\/figure>\r\n\t\t\t\t<\/a>\r\n\t\t\t\t\r\n\t\t\t\t<a href=\"https:\/\/www.simplebooking.it\/ibe\/minishop\/?hid=5688&lang=IT&_ga=2.89334430.468136896.1632986091-2061064080.1568724142#product&productId=129\"  class=\"snodo-list-container-single-title\" title=\"Day Spa 1\">\r\n\t\t\t\t\t<h3>Day Spa 1<\/h3>\r\n\t\t\t\t<\/a>\r\n\r\n\t\t\t\t<div class=\"snodo-list-container-single-subtitle\">\r\n\t\t\t\t\t\t\t\t\t<\/div>\r\n\r\n\t\t\t\t<div class=\"snodo-list-container-single-short-description\">\r\n\t\t\t\t\t<div class=\"grid-info\">\n<div class=\"single-info\">\n<p>&nbsp;<\/p>\n<div class=\"info-content\"><strong>SPA &#8211; MITTAGESSEN<\/strong><\/div>\n<\/div>\n<\/div>\n<ul>\n<li><strong><strong>1 Tageszimmer im Hotel\u00a0<\/strong><\/strong><span style=\"font-family: var(--list--font-family); color: var(--global--color-primary); font-size: var(--global--font-size-base); background-color: var(--global--color-background);\">(von 10:00 bis 21:00 Uhr)<\/span><\/li>\n<li><strong><strong>1\u00a0<\/strong><\/strong><b style=\"font-family: var(--list--font-family); color: var(--global--color-primary); font-size: var(--global--font-size-base);\"><span lang=\"DE\">Mittagessen\u00a0<\/span><\/b><span style=\"font-family: var(--list--font-family); color: var(--global--color-primary); font-size: var(--global--font-size-base); background-color: var(--global--color-background);\">in unserem <\/span><b style=\"font-family: var(--list--font-family); color: var(--global--color-primary); font-size: var(--global--font-size-base);\">Restaurant \u201eIl Savoiardo\u201c<\/b><span style=\"font-family: var(--list--font-family); color: var(--global--color-primary); font-size: var(--global--font-size-base); background-color: var(--global--color-background);\"> (Eintritt von 12:30 bis 13:30), ohne Getr\u00e4nke<\/span><\/li>\n<li>\n<div><b><span lang=\"DE\">SPA-Kit\u00a0<\/span><\/b><span style=\"font-family: var(--list--font-family); color: var(--global--color-primary); font-size: var(--global--font-size-base); background-color: var(--global--color-background);\">mit Leihbademantel, Flip-Flops und Poolhandtuch<\/span><\/div>\n<\/li>\n<li>\n<div><b><span lang=\"DE\">SPA\u00a0<\/span><\/b><span style=\"font-family: var(--list--font-family); color: var(--global--color-primary); font-size: var(--global--font-size-base); background-color: var(--global--color-background);\">mit Sauna, Dampfbad, Erlebnisduschen, Sinnestunnel mit Kneipp-Anlage<\/span><\/div>\n<\/li>\n<\/ul>\n<p><a class=\"read-more-link\">Au\u00dferdem &#8230;<\/a><\/p>\n<div class=\"read-more-text\">\n<ul>\n<li>\n<div><b><span lang=\"DE\">3 Thermalpools<\/span><\/b><span lang=\"DE\">, 2 davon kommunizierend, mit 24 Unterwassermassagestationen und Nackenduschen<\/span><\/div>\n<\/li>\n<li>\n<div><b><span lang=\"DE\">Fitnessraum\u00a0<\/span><\/b><span style=\"font-family: var(--list--font-family); color: var(--global--color-primary); font-size: var(--global--font-size-base); background-color: var(--global--color-background);\">mit Tecnogym\u00ae-Ger\u00e4ten<\/span><\/div>\n<\/li>\n<li>\n<div><b><span lang=\"DE\">Wassergymnastik\u00a0<\/span><\/b><span style=\"font-family: var(--list--font-family); color: var(--global--color-primary); font-size: var(--global--font-size-base); background-color: var(--global--color-background);\">im Thermalpool<\/span><\/div>\n<\/li>\n<li>\n<div><b><span lang=\"DE\">Wohlf\u00fchltees\u00a0<\/span><\/b><span style=\"font-family: var(--list--font-family); color: var(--global--color-primary); font-size: var(--global--font-size-base); background-color: var(--global--color-background);\">in der Beauty-Farm und Lebensbrunnen \u201eFontana di Vita\u201c mit nat\u00fcrlichem Wasser aus Abano Terme im SPA f\u00fcr Ihren Durst<\/span><\/div>\n<\/li>\n<\/ul>\n<p>und &#8230;<\/p>\n<ul>\n<li><strong>Kostenloser Parkplatz<\/strong>, nicht \u00fcberdacht<\/li>\n<li><strong>WLAN<\/strong><\/li>\n<li><strong><strong>Digital Guest<\/strong><\/strong><span style=\"font-family: var(--list--font-family); color: var(--global--color-primary); font-size: var(--global--font-size-base); background-color: var(--global--color-background);\">,<\/span><b style=\"font-family: var(--list--font-family); color: var(--global--color-primary); font-size: var(--global--font-size-base);\"> <\/b><span style=\"font-family: var(--list--font-family); color: var(--global--color-primary); font-size: var(--global--font-size-base); background-color: var(--global--color-background);\">die APP zur Verwaltung Ihrer Hotelerfahrung<\/span><\/li>\n<\/ul>\n<p><strong>PREIS PRO PERSON <\/strong><\/p>\n<p style=\"color: #86267a;\"><strong>NEU<\/strong>! Aufteilung der Kosten in <strong>3 monatliche Raten<\/strong> mit <strong>Scalapay<\/strong>.<\/p>\n<p><strong>Mo. &#8211; Fr.: <\/strong>85,00 \u20ac<br \/>\n<strong>Sa. &#8211; So.:<\/strong> 95,00 \u20ac<br \/>\n<strong>Feiertage:<\/strong> 115,00 \u20ac<br \/>\n&nbsp;<br \/>\n<b>Die folgenden Termine gelten als Feiertage<\/b><strong>:<\/strong><\/p>\n<h6>OSTERN: 4., 5., 6. April <br \/>TAG DER BEFREIUNG: 25. April <br \/>TAG DER ARBEIT: 1., 2. Mai <br \/>FERRAGOSTO: 14., 15., 16. August <br \/>ALLERHEILIGEN: 31. Oktober, 1. November <br \/>FEST DER UNBEFLECKTEN EMPF\u00c4NGNIS: 5., 6., 7., 8. Dezember <br \/>WEIHNACHTEN UND NEUJAHR: vom 24. Dezember 2026 bis 10. Januar 2027<\/h6>\n<p> <strong>ACHTUNG:<\/strong> Reservierungen sind nur kurz vor dem gew\u00fcnschten Datum m\u00f6glich.<\/p>\n<p><strong>Der Zutritt ist ab 13 Jahren gestattet<\/strong><\/p>\n<p>&nbsp;<\/p>\n<\/div>\n\t\t\t\t<\/div>\r\n\r\n\t\t\t\t\t\t\t\t\t<a href=\"https:\/\/www.simplebooking.it\/ibe\/minishop\/?hid=5688&lang=IT&_ga=2.89334430.468136896.1632986091-2061064080.1568724142#product&productId=129\"  title=\"Day Spa 1\" class=\"btn snodo-list-container-single-button\">\r\n\t\t\t\t\t\tONLINE ERWERBEN\t\t\t\t\t<\/a>\r\n\t\t\t\t\t\t\t<\/div>\r\n\t\t\t\t\t\t<div class=\"snodo-list-container-single \">\r\n\t\t\t\t<a href=\"https:\/\/www.simplebooking.it\/ibe\/minishop\/?hid=5688&lang=IT&_ga=2.121399693.468136896.1632986091-2061064080.1568724142#product&productId=130\"  class=\"snodo-list-container-single-img\" title=\"DAY SPA 2\">\r\n\t\t\t\t\t<figure class=\"full-width\">\r\n\t\t\t\t\t\t<img decoding=\"async\" src=\"https:\/\/www.savoiaterme.it\/wp-content\/uploads\/2021\/10\/DAY-SPA-2-hotel-savoia-terme-abano-terme.jpg\" \/>\r\n\t\t\t\t\t<\/figure>\r\n\t\t\t\t<\/a>\r\n\t\t\t\t\r\n\t\t\t\t<a href=\"https:\/\/www.simplebooking.it\/ibe\/minishop\/?hid=5688&lang=IT&_ga=2.121399693.468136896.1632986091-2061064080.1568724142#product&productId=130\"  class=\"snodo-list-container-single-title\" title=\"DAY SPA 2\">\r\n\t\t\t\t\t<h3>DAY SPA 2<\/h3>\r\n\t\t\t\t<\/a>\r\n\r\n\t\t\t\t<div class=\"snodo-list-container-single-subtitle\">\r\n\t\t\t\t\t\t\t\t\t<\/div>\r\n\r\n\t\t\t\t<div class=\"snodo-list-container-single-short-description\">\r\n\t\t\t\t\t<div class=\"grid-info\">\n<div class=\"single-info\">\n<p>&nbsp;<\/p>\n<div class=\"info-content\"><strong>SPA &#8211; MITTAGESSEN &#8211; MASSAGE 1 H<\/strong><\/div>\n<\/div>\n<\/div>\n<ul>\n<li>\n<div><b><span lang=\"DE\">1 Tageszimmer im Hotel\u00a0<\/span><\/b><span style=\"font-family: var(--list--font-family); color: var(--global--color-primary); font-size: var(--global--font-size-base); background-color: var(--global--color-background);\">(von 10:00 bis 21:00 Uhr)<\/span><\/div>\n<\/li>\n<li>\n<div><b><span lang=\"DE\">1 Mittagessen\u00a0<\/span><\/b><span style=\"font-family: var(--list--font-family); color: var(--global--color-primary); font-size: var(--global--font-size-base); background-color: var(--global--color-background);\">in unserem <\/span><b style=\"font-family: var(--list--font-family); color: var(--global--color-primary); font-size: var(--global--font-size-base);\">Restaurant \u201eIl Savoiardo\u201c<\/b><span style=\"font-family: var(--list--font-family); color: var(--global--color-primary); font-size: var(--global--font-size-base); background-color: var(--global--color-background);\"> (Eintritt von 12:30 bis 13:30 Uhr), ohne Getr\u00e4nke<\/span><\/div>\n<\/li>\n<li><strong><strong>1\u00a0<\/strong><\/strong><b style=\"font-family: var(--list--font-family); color: var(--global--color-primary); font-size: var(--global--font-size-base);\"><span lang=\"DE\">Antistress-Massage<\/span><\/b><span style=\"font-family: var(--list--font-family); color: var(--global--color-primary); font-size: var(--global--font-size-base); background-color: var(--global--color-background);\">, 50 Minuten<\/span><\/li>\n<li>\n<div><b><span lang=\"DE\">SPA-Kit\u00a0<\/span><\/b><span style=\"font-family: var(--list--font-family); color: var(--global--color-primary); font-size: var(--global--font-size-base); background-color: var(--global--color-background);\">mit Leihbademantel, Flip-Flops und Poolhandtuch<\/span><\/div>\n<\/li>\n<\/ul>\n<p><a class=\"read-more-link\">Au\u00dferdem &#8230;<\/a><\/p>\n<div class=\"read-more-text\">\n<ul>\n<li>\n<div><b><span lang=\"DE\">SPA\u00a0<\/span><\/b><span style=\"font-family: var(--list--font-family); color: var(--global--color-primary); font-size: var(--global--font-size-base); background-color: var(--global--color-background);\">mit Sauna, Dampfbad, Erlebnisduschen, Sinnestunnel mit Kneipp-Anlage<\/span><\/div>\n<\/li>\n<li>\n<div><b><span lang=\"DE\">3 Thermalpools<\/span><\/b><span lang=\"DE\">, 2 davon kommunizierend, mit 24 Unterwassermassagestationen und Nackenduschen<\/span><\/div>\n<\/li>\n<li>\n<div><b><span lang=\"DE\">Fitnessraum\u00a0<\/span><\/b><span style=\"font-family: var(--list--font-family); color: var(--global--color-primary); font-size: var(--global--font-size-base); background-color: var(--global--color-background);\">mit Tecnogym<\/span><sup style=\"font-family: var(--list--font-family); color: var(--global--color-primary);\">\u00ae<\/sup><span style=\"font-family: var(--list--font-family); color: var(--global--color-primary); font-size: var(--global--font-size-base); background-color: var(--global--color-background);\">-Ger\u00e4ten<\/span><\/div>\n<\/li>\n<li>\n<div><b><span lang=\"DE\">Wassergymnastik\u00a0<\/span><\/b><span style=\"font-family: var(--list--font-family); color: var(--global--color-primary); font-size: var(--global--font-size-base); background-color: var(--global--color-background);\">im Thermalpool<\/span><\/div>\n<\/li>\n<li>\n<div><b><span lang=\"DE\">Wohlf\u00fchltees\u00a0<\/span><\/b><span style=\"font-family: var(--list--font-family); color: var(--global--color-primary); font-size: var(--global--font-size-base); background-color: var(--global--color-background);\">in der Beauty Farm und Lebensbrunnen \u201eFontana di Vita\u201c mit nat\u00fcrlichem Wasser aus Abano Terme im SPA f\u00fcr Ihren Durst<\/span><\/div>\n<\/li>\n<\/ul>\n<div><span lang=\"DE\">und \u2026<\/span><\/div>\n<ul>\n<li>\n<div><span lang=\"DE\"><strong>Kostenloser Privatparkplatz<\/strong>, nicht \u00fcberdacht<\/span><\/div>\n<\/li>\n<li><strong>WLAN<\/strong><\/li>\n<li><strong>Digital Guest<\/strong>,<span style=\"font-family: var(--list--font-family); color: var(--global--color-primary); font-size: var(--global--font-size-base); background-color: var(--global--color-background);\">die APP zur Verwaltung Ihrer Hotelerfahrung<\/span><\/li>\n<\/ul>\n<p>PREIS PRO PERSON<\/p>\n<p style=\"color: #86267a;\"><strong>NEU<\/strong>! Aufteilung der Kosten in <strong>3 monatliche Raten<\/strong> mit <strong>Scalapay<\/strong>.<\/p>\n<p><strong>Mo. &#8211; Fr.: <\/strong>150,00 \u20ac<br \/>\n<strong>Sa. &#8211; So.:<\/strong> 160,00 \u20ac<br \/>\n<strong>Feiertage: <\/strong>180,00 \u20ac<br \/>\n&nbsp;<br \/>\n<b>Die folgenden Termine gelten als Feiertage<\/b><strong>:<\/strong><\/p>\n<h6>OSTERN: 4., 5., 6. April <br \/>TAG DER BEFREIUNG: 25. April <br \/>TAG DER ARBEIT: 1., 2. Mai <br \/>FERRAGOSTO: 14., 15., 16. August <br \/>ALLERHEILIGEN: 31. Oktober, 1. November <br \/>FEST DER UNBEFLECKTEN EMPF\u00c4NGNIS: 5., 6., 7., 8. Dezember <br \/>WEIHNACHTEN UND NEUJAHR: vom 24. Dezember 2026 bis 10. Januar 2027<\/h6>\n<p> <strong>ACHTUNG:<\/strong> Reservierungen sind nur kurz vor dem gew\u00fcnschten Datum m\u00f6glich.<\/p>\n<p><strong>Der Zutritt ist ab 13 Jahren gestattet<\/strong><\/p>\n<p>&nbsp;<\/p>\n<\/div>\n\t\t\t\t<\/div>\r\n\r\n\t\t\t\t\t\t\t\t\t<a href=\"https:\/\/www.simplebooking.it\/ibe\/minishop\/?hid=5688&lang=IT&_ga=2.121399693.468136896.1632986091-2061064080.1568724142#product&productId=130\"  title=\"DAY SPA 2\" class=\"btn snodo-list-container-single-button\">\r\n\t\t\t\t\t\tONLINE ERWERBEN\t\t\t\t\t<\/a>\r\n\t\t\t\t\t\t\t<\/div>\r\n\t\t\t\r\n\t<\/div>\r\n\r\n\n\n<\/div>\n<\/div><\/div>\n\n<div  class=\"grids-section grids-is-advanced alignfull advgb-dyn-ff4c8ff0\" style=\"--_gs-gap-desktop:0px 0px;--_gs-m-desktop:0 0 0 0;--_gs-p-desktop:0 0 0 0;--_gs-bg-desktop:#f7f6f8 none;--_gs-bg-xp-desktop:0px;--_gs-zi-desktop:auto;--_gs-d-desktop:none;--_gs-mw-desktop:calc(100% - 0 - 0);--_gs-gap-tablet:0px 0px;--_gs-m-tablet:0 0 0 0;--_gs-p-tablet:0 0 0 0;--_gs-bg-tablet:#f7f6f8 none;--_gs-bg-xp-tablet:0px;--_gs-zi-tablet:auto;--_gs-d-tablet:none;--_gs-mw-tablet:calc(100% - 0 - 0);--_gs-gap-mobile:0px 0px;--_gs-m-mobile:20px 0 20px 0;--_gs-p-mobile:0 0 0 0;--_gs-bg-mobile:#f7f6f8 none;--_gs-bg-xp-mobile:0px;--_gs-zi-mobile:auto;--_gs-d-mobile:none;--_gs-mw-mobile:calc(100% - 0 - 0);--_gs-columns:12;--_gs-rows:6\"><div class=\"grids-s-w_i\">\n<div class=\"grids-area\" style=\"--_ga-column:2\/7;--_ga-row:1\/7;--_ga-va:center;--_ga-m-desktop:0 20px 0 0;--_ga-p-desktop:0 0 0 0;--_ga-bg-desktop:transparent none;--_ga-zi-desktop:auto;--_ga-d-desktop:flex;--_ga-mw-desktop:calc(100% - 0 - 20px);--_ga-m-tablet:0 0px 0 0;--_ga-p-tablet:0 0 0 0;--_ga-bg-tablet:transparent none;--_ga-zi-tablet:auto;--_ga-d-tablet:flex;--_ga-mw-tablet:calc(100% - 0 - 0px);--_ga-m-mobile:0 0px 0 0;--_ga-p-mobile:20px 0 20px 0;--_ga-bg-mobile:transparent none;--_ga-zi-mobile:auto;--_ga-d-mobile:flex;--_ga-mw-mobile:calc(100% - 0 - 0px)\">\n\n<div style=\"height:10px\" aria-hidden=\"true\" class=\"wp-block-spacer\"><\/div>\n\n\n\n<h2 class=\"wp-block-heading\">Erleben Sie den Zauber von Weihnachten zwischen Wohlbefinden, Entspannung und der wohltuenden W\u00e4rme der Thermalquellen.<\/h2>\n\n\n\n<p>25 DEZEMBER 2025<\/p>\n\n\n\n<p><strong>Ein Tag voller purer Entspannung<\/strong><\/p>\n\n\n\n<h3 class=\"wp-block-heading has-text-color has-link-color wp-elements-803efa9bbb97205f2ce880fe702740cb\" style=\"color:#832579\"><strong>Das erwartet Sie\u2026<\/strong><\/h3>\n\n\n\n<ul class=\"wp-block-list\">\n<li><strong>1 Hotelzimmer zur Verf\u00fcgung<\/strong> (von 10:00 bis 21:00 Uhr)<\/li>\n\n\n\n<li><strong>SPA-Kit<\/strong> mit Bademantel, Hausschuhen, Poolhandtuch und SPA-Tasche<\/li>\n\n\n\n<li><strong>12:00 Uhr<\/strong> \u2013 Stilvoller Weihnachtsaperitif an der Bar \u201eThe Club\u201c<\/li>\n\n\n\n<li><strong>12:30 Uhr<\/strong> \u2013 Traditionelles Weihnachtsmittagessen mit Buffet typischer festlicher \u201eGenusss\u00fcnden\u201c<\/li>\n\n\n\n<li><strong>Freier Zugang zum SPA mit Sauna<\/strong>, Dampfbad, Erlebnisduschen, Sinnestunnel mit Kneipp-Parcours<\/li>\n\n\n\n<li><strong>Freier Zugang zu den 3 Thermalbecken<\/strong>, davon 2 miteinander verbunden, mit 24 Hydromassagepl\u00e4tzen und Nackenwasserf\u00e4llen<\/li>\n<\/ul>\n\n\n\n<p><strong>Ab \u20ac 145,00<\/strong><br>Der Zutritt ist<strong> ab 13 Jahren<\/strong> gestattet.<br>Ein g\u00fcltiger Ausweis ist erforderlich.<br><br>Zur Reservierung rufen Sie bitte die Nr. <a href=\"tel:+390498231111\">049 82 31 111<\/a> an oder schreiben Sie an <a href=\"mailto:info@savoiaterme.it\">info@savoiaterme.it<\/a><\/p>\n\n\n\n<a href=\"https:\/\/www.simplebooking.it\/ibe\/minishop\/?hid=5688&amp;lang=DE#\/product&amp;productId=3738\" id=\"spa\" class=\"btn broken_link\" target=\"_blank\" rel=\"noopener noreferrer\">\n   JETZT BUCHEN\n<\/a>\n\n<\/div>\n\n<div class=\"grids-area\" style=\"--_ga-column:7\/12;--_ga-row:1\/7;--_ga-va:center;--_ga-m-desktop:0 0 0 20px;--_ga-p-desktop:0 0 0 0;--_ga-bg-desktop:transparent none;--_ga-zi-desktop:auto;--_ga-d-desktop:flex;--_ga-mw-desktop:calc(100% - 20px - 0);--_ga-m-tablet:0 0 0 0px;--_ga-p-tablet:0 0 0 0;--_ga-bg-tablet:transparent none;--_ga-zi-tablet:auto;--_ga-d-tablet:flex;--_ga-mw-tablet:calc(100% - 0px - 0);--_ga-m-mobile:0 0 0 0px;--_ga-p-mobile:0 0 0 0;--_ga-bg-mobile:transparent none;--_ga-zi-mobile:auto;--_ga-d-mobile:flex;--_ga-mw-mobile:calc(100% - 0px - 0)\">\n\n<figure class=\"wp-block-image size-full image-background-overlay-effect\"><img style=\"background-color: #60405e;\" loading=\"lazy\" decoding=\"async\" width=\"1800\" height=\"1200\" src=\"https:\/\/www.savoiaterme.it\/wp-content\/uploads\/2025\/12\/NATALE-1800X1200.jpg\" alt=\"\" class=\"wp-image-32182\" srcset=\"https:\/\/www.savoiaterme.it\/wp-content\/uploads\/2025\/12\/NATALE-1800X1200.jpg 1800w, https:\/\/www.savoiaterme.it\/wp-content\/uploads\/2025\/12\/NATALE-1800X1200-300x200.jpg 300w, https:\/\/www.savoiaterme.it\/wp-content\/uploads\/2025\/12\/NATALE-1800X1200-1024x683.jpg 1024w, https:\/\/www.savoiaterme.it\/wp-content\/uploads\/2025\/12\/NATALE-1800X1200-768x512.jpg 768w, https:\/\/www.savoiaterme.it\/wp-content\/uploads\/2025\/12\/NATALE-1800X1200-1536x1024.jpg 1536w, https:\/\/www.savoiaterme.it\/wp-content\/uploads\/2025\/12\/NATALE-1800X1200-1568x1045.jpg 1568w\" sizes=\"auto, (max-width: 1800px) 100vw, 1800px\" \/><\/figure>\n\n<\/div>\n<\/div><\/div>\n\n<div  class=\"grids-section grids-is-advanced alignfull advgb-dyn-ff4c8ff0\" style=\"--_gs-gap-desktop:0px 0px;--_gs-m-desktop:0 0 0 0;--_gs-p-desktop:0 0 0 0;--_gs-bg-desktop:#f7f6f8 none;--_gs-bg-xp-desktop:0px;--_gs-zi-desktop:auto;--_gs-d-desktop:none;--_gs-mw-desktop:calc(100% - 0 - 0);--_gs-gap-tablet:0px 0px;--_gs-m-tablet:0 0 0 0;--_gs-p-tablet:0 0 0 0;--_gs-bg-tablet:#f7f6f8 none;--_gs-bg-xp-tablet:0px;--_gs-zi-tablet:auto;--_gs-d-tablet:none;--_gs-mw-tablet:calc(100% - 0 - 0);--_gs-gap-mobile:0px 0px;--_gs-m-mobile:20px 0 20px 0;--_gs-p-mobile:0 0 0 0;--_gs-bg-mobile:#f7f6f8 none;--_gs-bg-xp-mobile:0px;--_gs-zi-mobile:auto;--_gs-d-mobile:none;--_gs-mw-mobile:calc(100% - 0 - 0);--_gs-columns:12;--_gs-rows:6\"><div class=\"grids-s-w_i\">\n<div class=\"grids-area\" style=\"--_ga-column:2\/7;--_ga-row:1\/7;--_ga-va:center;--_ga-m-desktop:0 20px 0 0;--_ga-p-desktop:0 0 0 0;--_ga-bg-desktop:transparent none;--_ga-zi-desktop:auto;--_ga-d-desktop:flex;--_ga-mw-desktop:calc(100% - 0 - 20px);--_ga-m-tablet:0 0px 0 0;--_ga-p-tablet:0 0 0 0;--_ga-bg-tablet:transparent none;--_ga-zi-tablet:auto;--_ga-d-tablet:flex;--_ga-mw-tablet:calc(100% - 0 - 0px);--_ga-m-mobile:0 0px 0 0;--_ga-p-mobile:20px 0 20px 0;--_ga-bg-mobile:transparent none;--_ga-zi-mobile:auto;--_ga-d-mobile:flex;--_ga-mw-mobile:calc(100% - 0 - 0px)\">\n\n<div style=\"height:10px\" aria-hidden=\"true\" class=\"wp-block-spacer\"><\/div>\n\n\n\n<p class=\"has-text-color has-link-color wp-elements-c8e76f9e8c2991fbbcb8da4d9f94a430\" style=\"color:#832579\"><em><strong>Neu!<\/strong><\/em><\/p>\n\n\n\n<h2 class=\"wp-block-heading\">Day Spa &#8211; Special DJ-SET &#8217;70-&#8217;80-&#8217;90<\/h2>\n\n\n\n<p>16 AUGUST 2025<\/p>\n\n\n\n<p><em><strong>Verbringen Sie diesen Samstag mit uns!<\/strong><\/em><\/p>\n\n\n\n<p><strong>Schwimmb\u00e4der 9:00 \u2013 22:00 Uhr \u2013 Spa 10:00 \u2013 20:00 Uhr<\/strong><\/p>\n\n\n\n<div style=\"height:10px\" aria-hidden=\"true\" class=\"wp-block-spacer\"><\/div>\n\n\n\n<h3 class=\"wp-block-heading has-text-color has-link-color wp-elements-8b40090ebadb8c04ae35741f4766e5a1\" style=\"color:#832579\"><strong>Happy Hour &amp; DJ-SET (ab 17:00 Uhr)<\/strong><\/h3>\n\n\n\n<ul class=\"wp-block-list\">\n<li><strong>1 Hotelzimmer<\/strong> zur Verf\u00fcgung (von 10:00 bis 21:00 Uhr)<\/li>\n\n\n\n<li><strong>Spa-Set <\/strong>mit Bademantel, Hausschuhen, Poolhandtuch und Spa-Tasche<\/li>\n\n\n\n<li><strong>Spa<\/strong> mit Sauna, T\u00fcrkischem Bad, Erlebnisduschen, Sinnestunnel mit Kneipp-Parcours<\/li>\n\n\n\n<li><strong>3 Thermalbecken,<\/strong> davon 2 miteinander verbunden, mit 24 Hydromassage-Stationen und Nackenduschen<\/li>\n\n\n\n<li>Badekappe nicht erforderlich<\/li>\n<\/ul>\n\n\n\n<p><strong>65,00 \u20ac pro Person<\/strong><br>Zutritt ab <strong>13 Jahren gestattet<\/strong>.<br>Ein Ausweisdokument ist erforderlich.<\/p>\n\n\n\n<div style=\"height:10px\" aria-hidden=\"true\" class=\"wp-block-spacer\"><\/div>\n\n\n\n<p>Zur Buchung rufen Sie <a href=\"tel:+390498231111\">+39 049 82 31 111<\/a> an oder schreiben Sie an <a href=\"mailto:info@savoiaterme.it\">info@savoiaterme.it<\/a><\/p>\n\n\n\n<a href=\"https:\/\/www.savoiaterme.it\/de\/kontakte\/\" id=\"spa\" class=\"btn\">JETZT BUCHEN<\/a>\n\n<\/div>\n\n<div class=\"grids-area\" style=\"--_ga-column:7\/12;--_ga-row:1\/7;--_ga-va:center;--_ga-m-desktop:0 0 0 20px;--_ga-p-desktop:0 0 0 0;--_ga-bg-desktop:transparent none;--_ga-zi-desktop:auto;--_ga-d-desktop:flex;--_ga-mw-desktop:calc(100% - 20px - 0);--_ga-m-tablet:0 0 0 0px;--_ga-p-tablet:0 0 0 0;--_ga-bg-tablet:transparent none;--_ga-zi-tablet:auto;--_ga-d-tablet:flex;--_ga-mw-tablet:calc(100% - 0px - 0);--_ga-m-mobile:0 0 0 0px;--_ga-p-mobile:0 0 0 0;--_ga-bg-mobile:transparent none;--_ga-zi-mobile:auto;--_ga-d-mobile:flex;--_ga-mw-mobile:calc(100% - 0px - 0)\">\n\n<figure class=\"wp-block-image size-large image-background-overlay-effect\"><img style=\"background-color: #727362;\" loading=\"lazy\" decoding=\"async\" width=\"1024\" height=\"683\" src=\"https:\/\/www.savoiaterme.it\/wp-content\/uploads\/2024\/08\/easy-day-ferragosto-savoia-1024x683.jpg\" alt=\"\" class=\"wp-image-24747\" srcset=\"https:\/\/www.savoiaterme.it\/wp-content\/uploads\/2024\/08\/easy-day-ferragosto-savoia-1024x683.jpg 1024w, https:\/\/www.savoiaterme.it\/wp-content\/uploads\/2024\/08\/easy-day-ferragosto-savoia-300x200.jpg 300w, https:\/\/www.savoiaterme.it\/wp-content\/uploads\/2024\/08\/easy-day-ferragosto-savoia-768x512.jpg 768w, https:\/\/www.savoiaterme.it\/wp-content\/uploads\/2024\/08\/easy-day-ferragosto-savoia-1536x1024.jpg 1536w, https:\/\/www.savoiaterme.it\/wp-content\/uploads\/2024\/08\/easy-day-ferragosto-savoia-1568x1045.jpg 1568w, https:\/\/www.savoiaterme.it\/wp-content\/uploads\/2024\/08\/easy-day-ferragosto-savoia.jpg 1800w\" sizes=\"auto, (max-width: 1024px) 100vw, 1024px\" \/><\/figure>\n\n<\/div>\n<\/div><\/div>\n\n<div  id=\"easy-all-day\" class=\"grids-section grids-is-advanced\" style=\"--_gs-gap-desktop:0px 0px;--_gs-m-desktop:0 0 0 0;--_gs-p-desktop:0 0 0 0;--_gs-bg-desktop:transparent none;--_gs-bg-xp-desktop:0px;--_gs-zi-desktop:auto;--_gs-d-desktop:block;--_gs-mw-desktop:calc(100% - 0 - 0);--_gs-gap-tablet:0px 0px;--_gs-m-tablet:0 0 0 0;--_gs-p-tablet:0 0 0 0;--_gs-bg-tablet:transparent none;--_gs-bg-xp-tablet:0px;--_gs-zi-tablet:auto;--_gs-d-tablet:block;--_gs-mw-tablet:calc(100% - 0 - 0);--_gs-gap-mobile:0px 0px;--_gs-m-mobile:0 0 0 0;--_gs-p-mobile:0 0 0 0;--_gs-bg-mobile:transparent none;--_gs-bg-xp-mobile:0px;--_gs-zi-mobile:auto;--_gs-d-mobile:block;--_gs-mw-mobile:calc(100% - 0 - 0);--_gs-columns:12;--_gs-rows:6\"><div class=\"grids-s-w_i\">\n<div class=\"grids-area\" style=\"--_ga-column:2\/12;--_ga-row:1\/2;--_ga-m-desktop:0 0 0 0;--_ga-p-desktop:0 0 0 0;--_ga-bg-desktop:transparent none;--_ga-zi-desktop:auto;--_ga-d-desktop:flex;--_ga-mw-desktop:calc(100% - 0 - 0);--_ga-m-tablet:0 0 0 0;--_ga-p-tablet:0 0 0 0;--_ga-bg-tablet:transparent none;--_ga-zi-tablet:auto;--_ga-d-tablet:flex;--_ga-mw-tablet:calc(100% - 0 - 0);--_ga-m-mobile:0 0 0 0;--_ga-p-mobile:0 0 0 0;--_ga-bg-mobile:transparent none;--_ga-zi-mobile:auto;--_ga-d-mobile:flex;--_ga-mw-mobile:calc(100% - 0 - 0)\">\n\n<h2 class=\"wp-block-heading has-text-align-center\" id=\"easy-all-day\">Easy All Day<\/h2>\n\n\n\n<h3 class=\"wp-block-heading has-text-align-center\" id=\"senza-camera-d-appoggio\">ohne Tageszimmer<\/h3>\n\n<\/div>\n\n<div class=\"grids-area\" style=\"--_ga-column:2\/12;--_ga-row:2\/3;--_ga-m-desktop:0 0 0 0;--_ga-p-desktop:0 0 0 0;--_ga-bg-desktop:transparent none;--_ga-zi-desktop:auto;--_ga-d-desktop:flex;--_ga-mw-desktop:calc(100% - 0 - 0);--_ga-m-tablet:0 0 0 0;--_ga-p-tablet:0 0 0 0;--_ga-bg-tablet:transparent none;--_ga-zi-tablet:auto;--_ga-d-tablet:flex;--_ga-mw-tablet:calc(100% - 0 - 0);--_ga-m-mobile:0 0 0 0;--_ga-p-mobile:0 0 0 0;--_ga-bg-mobile:transparent none;--_ga-zi-mobile:auto;--_ga-d-mobile:flex;--_ga-mw-mobile:calc(100% - 0 - 0)\">\n\r\n<div class=\"snodo-list-container\">\r\n\t\t\t\t<div class=\"snodo-list-container-single \">\r\n\t\t\t\t<a   class=\"snodo-list-container-single-img\" title=\"Easy Day \u2013 Tageszugang SPA Savoia\">\r\n\t\t\t\t\t<figure class=\"full-width\">\r\n\t\t\t\t\t\t<img decoding=\"async\" src=\"https:\/\/www.savoiaterme.it\/wp-content\/uploads\/2021\/10\/easy-all-day-hotel-savoia-terme-abano-terme-banner.jpg\" \/>\r\n\t\t\t\t\t<\/figure>\r\n\t\t\t\t<\/a>\r\n\t\t\t\t\r\n\t\t\t\t<a   class=\"snodo-list-container-single-title\" title=\"Easy Day \u2013 Tageszugang SPA Savoia\">\r\n\t\t\t\t\t<h3>Easy Day \u2013 Tageszugang SPA Savoia<\/h3>\r\n\t\t\t\t<\/a>\r\n\r\n\t\t\t\t<div class=\"snodo-list-container-single-subtitle\">\r\n\t\t\t\t\t\t\t\t\t<\/div>\r\n\r\n\t\t\t\t<div class=\"snodo-list-container-single-short-description\">\r\n\t\t\t\t\t<p>Ganzheitliches Wohlbefinden ohne \u00dcbernachtung: Thermalbecken, SPA, Fitness und Entspannung im Herzen von Abano Terme.<br \/>\n<strong>Ab 40\u202f\u20ac<\/strong><\/p>\n<p><a class=\"btn only-borders\" style=\"display: block; text-align: center; margin: 20px auto !important; padding: 0;\" href=\"https:\/\/www.savoiaterme.it\/de\/easy-day-tageszugang-spa-savoia\/\" rel=\"noopener\">Details entdecken<\/a><\/p>\n\t\t\t\t<\/div>\r\n\r\n\t\t\t\t\t\t\t<\/div>\r\n\t\t\t\t\t\t<div class=\"snodo-list-container-single \">\r\n\t\t\t\t<a   class=\"snodo-list-container-single-img\" title=\"Easy Break \u2013 Nachmittagszugang SPA Savoia\">\r\n\t\t\t\t\t<figure class=\"full-width\">\r\n\t\t\t\t\t\t<img decoding=\"async\" src=\"https:\/\/www.savoiaterme.it\/wp-content\/uploads\/2025\/01\/Coppia-rilassata-in-piscina.webp\" \/>\r\n\t\t\t\t\t<\/figure>\r\n\t\t\t\t<\/a>\r\n\t\t\t\t\r\n\t\t\t\t<a   class=\"snodo-list-container-single-title\" title=\"Easy Break \u2013 Nachmittagszugang SPA Savoia\">\r\n\t\t\t\t\t<h3>Easy Break \u2013 Nachmittagszugang SPA Savoia<\/h3>\r\n\t\t\t\t<\/a>\r\n\r\n\t\t\t\t<div class=\"snodo-list-container-single-subtitle\">\r\n\t\t\t\t\t\t\t\t\t<\/div>\r\n\r\n\t\t\t\t<div class=\"snodo-list-container-single-short-description\">\r\n\t\t\t\t\t<p>Ihr entspannter Nachmittag: Thermalbecken, SPA und Wohlbefinden ohne \u00dcbernachtung, von 14:00 bis 22:00 Uhr.<br \/>\n<strong>Ab 35\u202f\u20ac<\/strong><br \/>\n<a class=\"btn only-borders\" style=\"display: block; text-align: center; margin: 20px auto !important; padding: 0;\" href=\"https:\/\/www.savoiaterme.it\/de\/easy-break-nachmittagszugang-spa-savoia\/\" rel=\"noopener\">Details entdecken<\/a><\/p>\n\t\t\t\t<\/div>\r\n\r\n\t\t\t\t\t\t\t<\/div>\r\n\t\t\t\t\t\t<div class=\"snodo-list-container-single \">\r\n\t\t\t\t<a   class=\"snodo-list-container-single-img\" title=\"Pool Night \u2013 <br>Abendlicher SPA-Zugang Savoia\">\r\n\t\t\t\t\t<figure class=\"full-width\">\r\n\t\t\t\t\t\t<img decoding=\"async\" src=\"https:\/\/www.savoiaterme.it\/wp-content\/uploads\/2022\/01\/piscine-termali-abano-terme-hotel-savoia-terme-1024x683-1.jpg\" \/>\r\n\t\t\t\t\t<\/figure>\r\n\t\t\t\t<\/a>\r\n\t\t\t\t\r\n\t\t\t\t<a   class=\"snodo-list-container-single-title\" title=\"Pool Night \u2013 <br>Abendlicher SPA-Zugang Savoia\">\r\n\t\t\t\t\t<h3>Pool Night \u2013 <br>Abendlicher SPA-Zugang Savoia<\/h3>\r\n\t\t\t\t<\/a>\r\n\r\n\t\t\t\t<div class=\"snodo-list-container-single-subtitle\">\r\n\t\t\t\t\t\t\t\t\t<\/div>\r\n\r\n\t\t\t\t<div class=\"snodo-list-container-single-short-description\">\r\n\t\t\t\t\t<p>Von 19:00 bis 22:00 Uhr \u2013 erleben Sie die Magie der Thermalbecken und des SPA unter dem Sternenhimmel.<br \/>\n<strong>Ab 30\u202f\u20ac<\/strong><br \/>\n<a class=\"btn only-borders\" style=\"display: block; text-align: center; margin: 20px auto !important; padding: 0;\" href=\"https:\/\/www.savoiaterme.it\/de\/pool-night-abendlicher-spa-zugang-savoia\/\" rel=\"noopener\">Details entdecken<\/a><\/p>\n\t\t\t\t<\/div>\r\n\r\n\t\t\t\t\t\t\t<\/div>\r\n\t\t\t\r\n\t<\/div>\r\n\r\n\n\n<\/div>\n<\/div><\/div>\n\n<div  class=\"grids-section grids-is-advanced alignwide\" style=\"--_gs-gap-desktop:0px 0px;--_gs-m-desktop:0 0 0 0;--_gs-p-desktop:0 0 0 0;--_gs-bg-desktop:transparent none;--_gs-bg-xp-desktop:0px;--_gs-zi-desktop:auto;--_gs-d-desktop:block;--_gs-mw-desktop:calc(100% - 0 - 0);--_gs-gap-tablet:0px 0px;--_gs-m-tablet:0 0 0 0;--_gs-p-tablet:0 0 0 0;--_gs-bg-tablet:transparent none;--_gs-bg-xp-tablet:0px;--_gs-zi-tablet:auto;--_gs-d-tablet:block;--_gs-mw-tablet:calc(100% - 0 - 0);--_gs-gap-mobile:0px 0px;--_gs-m-mobile:0 0 0 0;--_gs-p-mobile:0 0 0 0;--_gs-bg-mobile:transparent none;--_gs-bg-xp-mobile:0px;--_gs-zi-mobile:auto;--_gs-d-mobile:block;--_gs-mw-mobile:calc(100% - 0 - 0);--_gs-columns:12;--_gs-rows:6\"><div class=\"grids-s-w_i\">\n<div class=\"grids-area\" style=\"--_ga-column:1\/14;--_ga-row:1\/8;--_ga-m-desktop:0 0 0 0;--_ga-p-desktop:0 0 0 0;--_ga-bg-desktop:transparent none;--_ga-zi-desktop:auto;--_ga-d-desktop:flex;--_ga-mw-desktop:calc(100% - 0 - 0);--_ga-m-tablet:0 0 0 0;--_ga-p-tablet:0 0 0 0;--_ga-bg-tablet:transparent none;--_ga-zi-tablet:auto;--_ga-d-tablet:flex;--_ga-mw-tablet:calc(100% - 0 - 0);--_ga-m-mobile:0 0 0 0;--_ga-p-mobile:0 0 0 0;--_ga-bg-mobile:transparent none;--_ga-zi-mobile:auto;--_ga-d-mobile:flex;--_ga-mw-mobile:calc(100% - 0 - 0)\"><\/div>\n<\/div><\/div>\n\n<div  class=\"grids-section grids-is-advanced alignwide\" style=\"--_gs-gap-desktop:0px 0px;--_gs-m-desktop:0 0 0 0;--_gs-p-desktop:0 0 0 0;--_gs-bg-desktop:transparent none;--_gs-bg-xp-desktop:0px;--_gs-zi-desktop:auto;--_gs-d-desktop:block;--_gs-mw-desktop:calc(100% - 0 - 0);--_gs-gap-tablet:0px 0px;--_gs-m-tablet:0 0 0 0;--_gs-p-tablet:0 0 0 0;--_gs-bg-tablet:transparent none;--_gs-bg-xp-tablet:0px;--_gs-zi-tablet:auto;--_gs-d-tablet:block;--_gs-mw-tablet:calc(100% - 0 - 0);--_gs-gap-mobile:0px 0px;--_gs-m-mobile:0 0 0 0;--_gs-p-mobile:0 0 0 0;--_gs-bg-mobile:transparent none;--_gs-bg-xp-mobile:0px;--_gs-zi-mobile:auto;--_gs-d-mobile:block;--_gs-mw-mobile:calc(100% - 0 - 0);--_gs-columns:12;--_gs-rows:6\"><div class=\"grids-s-w_i\">\n<div class=\"grids-area btn-center\" style=\"--_ga-column:2\/12;--_ga-row:1\/2;--_ga-m-desktop:0 0 0 0;--_ga-p-desktop:0 0 0 0;--_ga-bg-desktop:transparent none;--_ga-zi-desktop:auto;--_ga-d-desktop:flex;--_ga-mw-desktop:calc(100% - 0 - 0);--_ga-m-tablet:0 0 0 0;--_ga-p-tablet:0 0 0 0;--_ga-bg-tablet:transparent none;--_ga-zi-tablet:auto;--_ga-d-tablet:flex;--_ga-mw-tablet:calc(100% - 0 - 0);--_ga-m-mobile:0 0 0 0;--_ga-p-mobile:0 0 0 0;--_ga-bg-mobile:transparent none;--_ga-zi-mobile:auto;--_ga-d-mobile:flex;--_ga-mw-mobile:calc(100% - 0 - 0)\">\n\n<h2 class=\"wp-block-heading has-text-align-center\" id=\"scopri-tutti-i-nostri-pacchetti-giornalieri-online\">Entdecken Sie alle unsere Tagesangebote online<\/h2>\n\n\n\n<a href=\"https:\/\/www.simplebooking.it\/ibe\/minishop\/?hid=5688&amp;lang=it&amp;_ga=2.58432682.1653274968.1631085932-2069797801.1561632741#\" class=\"btn btn-center broken_link\">Entdecken Sie die Tagespakete<\/a>\n\n<\/div>\n<\/div><\/div>\n\n<div  class=\"grids-section image-boxed-blur-background grids-is-advanced alignfull\" style=\"--_gs-gap-desktop:0px 0px;--_gs-m-desktop:0 0 0 0;--_gs-p-desktop:0 0 0 0;--_gs-bg-desktop:transparent url(https:\/\/www.savoiaterme.it\/wp-content\/uploads\/2021\/11\/savoia-sfondo.jpg) no-repeat 50% 50%  \/ cover;--_gs-bg-xp-desktop:0px;--_gs-zi-desktop:auto;--_gs-d-desktop:block;--_gs-mw-desktop:calc(100% - 0 - 0);--_gs-gap-tablet:0px 0px;--_gs-m-tablet:0 0 0 0;--_gs-p-tablet:0 0 0 0;--_gs-bg-tablet:transparent url(https:\/\/www.savoiaterme.it\/wp-content\/uploads\/2021\/11\/savoia-sfondo.jpg) no-repeat 50% 50%  \/ cover;--_gs-bg-xp-tablet:0px;--_gs-zi-tablet:auto;--_gs-d-tablet:block;--_gs-mw-tablet:calc(100% - 0 - 0);--_gs-gap-mobile:0px 0px;--_gs-m-mobile:0 0 0 0;--_gs-p-mobile:0 0 0 0;--_gs-bg-mobile:transparent url(https:\/\/www.savoiaterme.it\/wp-content\/uploads\/2021\/11\/savoia-sfondo.jpg) no-repeat 50% 50%  \/ cover;--_gs-bg-xp-mobile:0px;--_gs-zi-mobile:auto;--_gs-d-mobile:block;--_gs-mw-mobile:calc(100% - 0 - 0);--_gs-columns:12;--_gs-rows:6\"><div class=\"grids-s-w_i\">\n<div class=\"grids-area\" style=\"--_ga-column:5\/9;--_ga-row:1\/4;--_ga-m-desktop:0 0 0 0;--_ga-p-desktop:0 0 0 0;--_ga-bg-desktop:transparent none;--_ga-zi-desktop:auto;--_ga-d-desktop:flex;--_ga-mw-desktop:calc(100% - 0 - 0);--_ga-m-tablet:0 0 0 0;--_ga-p-tablet:0 0 0 0;--_ga-bg-tablet:transparent none;--_ga-zi-tablet:auto;--_ga-d-tablet:flex;--_ga-mw-tablet:calc(100% - 0 - 0);--_ga-m-mobile:0 0 0 0;--_ga-p-mobile:0 20px 0 20px;--_ga-bg-mobile:transparent none;--_ga-zi-mobile:auto;--_ga-d-mobile:flex;--_ga-mw-mobile:calc(100% - 0 - 0)\">\n\n<h2 class=\"wp-block-heading has-text-align-center\" id=\"momenti-magicida-vivere-al-savoia-spa\">Magische Momente im Savoia Spa<\/h2>\n\n\n\n<p class=\"has-text-align-center\">G\u00f6nnen Sie sich einen Tag Wohlbefinden,&nbsp;<strong>auch<\/strong>&nbsp;<strong>ohne \u00dcbernachtung<\/strong>!<\/p>\n\n\n\n<p class=\"has-text-align-center\">Das Wellnesszentrum im Hotel Savoia Therm\u00e6 &amp; Spa in Abano Terme bietet die M\u00f6glichkeit, Momente reiner Entspannung und<strong>&nbsp;einen Tag&nbsp;<\/strong>in unserem exklusiven Spa zu verbringen, ohne im Hotel zu \u00fcbernachten.<\/p>\n\n\n\n<a href=\"https:\/\/www.savoiaterme.it\/de\/spa\/spa-oasi-der-entspannung\/\" class=\"btn btn-center\">SAVOIA SPA<\/a>\n\n<\/div>\n<\/div><\/div>\n\n<div  class=\"grids-section grids-is-advanced alignfull\" style=\"--_gs-gap-desktop:0px 0px;--_gs-m-desktop:0 0 0 0;--_gs-p-desktop:0 0 0 0;--_gs-bg-desktop:transparent none;--_gs-bg-xp-desktop:0px;--_gs-zi-desktop:auto;--_gs-d-desktop:block;--_gs-mw-desktop:calc(100% - 0 - 0);--_gs-gap-tablet:0px 0px;--_gs-m-tablet:0 0 0 0;--_gs-p-tablet:0 0 0 0;--_gs-bg-tablet:transparent none;--_gs-bg-xp-tablet:0px;--_gs-zi-tablet:auto;--_gs-d-tablet:block;--_gs-mw-tablet:calc(100% - 0 - 0);--_gs-gap-mobile:0px 0px;--_gs-m-mobile:20px 0 20px 0;--_gs-p-mobile:0 0 0 0;--_gs-bg-mobile:transparent none;--_gs-bg-xp-mobile:0px;--_gs-zi-mobile:auto;--_gs-d-mobile:block;--_gs-mw-mobile:calc(100% - 0 - 0);--_gs-columns:12;--_gs-rows:6\"><div class=\"grids-s-w_i\">\n<div class=\"grids-area\" style=\"--_ga-column:2\/7;--_ga-row:1\/7;--_ga-va:center;--_ga-m-desktop:0 20px 0 0;--_ga-p-desktop:0 0 0 0;--_ga-bg-desktop:transparent none;--_ga-zi-desktop:auto;--_ga-d-desktop:flex;--_ga-mw-desktop:calc(100% - 0 - 20px);--_ga-m-tablet:0 20px 0 0;--_ga-p-tablet:0 0 0 0;--_ga-bg-tablet:transparent none;--_ga-zi-tablet:auto;--_ga-d-tablet:flex;--_ga-mw-tablet:calc(100% - 0 - 20px);--_ga-m-mobile:0 20px 0 0;--_ga-p-mobile:20px 0 20px 0;--_ga-bg-mobile:transparent none;--_ga-zi-mobile:auto;--_ga-d-mobile:flex;--_ga-mw-mobile:calc(100% - 0 - 20px)\">\n\n<h2 class=\"wp-block-heading\" id=\"i-sapori-del-savoia\">Die Aromen im Savoia<\/h2>\n\n\n\n<p>Ein&nbsp;<strong>leichtes Mittagessen<\/strong>&nbsp;in einer bezaubernden, gr\u00fcnen Umgebung? Lust auf einen&nbsp;<strong>Cocktail am Pool<\/strong>? \u201e<strong>The Club Bar&#8220;<\/strong>&nbsp;ist t\u00e4glich ge\u00f6ffnet, um unseren G\u00e4sten&nbsp;<strong>auch im Bademantel&nbsp;<\/strong>einen schnellen Imbiss zu bieten.<\/p>\n\n\n\n<p>Das Restaurant \u201e<strong>Il Savoiardo&#8220;<\/strong>&nbsp;\u00fcberrascht selbst raffinierteste Feinschmecker mit seiner \u201e<strong>Gourmetk\u00fcche&#8220;<\/strong>. Ein&nbsp;<strong>raffiniertes und ausgesuchtes Men\u00fc&nbsp;<\/strong>ist das Ergebnis einer gewissenhaften und leidenschaftlichen Arbeit mit sorgf\u00e4ltig ausgew\u00e4hlten Naturalien.<\/p>\n\n\n\n<p>Von der Pr\u00e4sentation der Gerichte bis zur Kreativit\u00e4t bei den Geschmackskombinationen wird auf jedes Detail viel Liebe angewandt, f\u00fcr eine K\u00fcche, die \u00fcber die Traditionen hinaus geht und jeden Tag neue Emotionen schenkt.<\/p>\n\n\n\n<div class=\"inline-buttons left-aligned\">\n<a href=\"https:\/\/www.savoiaterme.it\/de\/gourmet\/\" class=\"btn\">ENTDECKEN SIE UNSERE K\u00dcCHE<\/a>\n<a href=\"https:\/\/savoiaguest.savoiaterme.it\/de\/restaurant-menue\/\" target=\"blank\" class=\"btn only-borders\" rel=\"noopener\">ENTDECKEN SIE DIE TAGESKARTE IN DER APP<\/a>\n<\/div>\n\n<\/div>\n\n<div class=\"grids-area\" style=\"--_ga-column:7\/12;--_ga-row:1\/7;--_ga-va:center;--_ga-m-desktop:0 0 0 20px;--_ga-p-desktop:0 0 0 0;--_ga-bg-desktop:transparent none;--_ga-zi-desktop:auto;--_ga-d-desktop:flex;--_ga-mw-desktop:calc(100% - 20px - 0);--_ga-m-tablet:0 0 0 20px;--_ga-p-tablet:0 0 0 0;--_ga-bg-tablet:transparent none;--_ga-zi-tablet:auto;--_ga-d-tablet:flex;--_ga-mw-tablet:calc(100% - 20px - 0);--_ga-m-mobile:0 0 0 20px;--_ga-p-mobile:0 0 0 0;--_ga-bg-mobile:transparent none;--_ga-zi-mobile:auto;--_ga-d-mobile:flex;--_ga-mw-mobile:calc(100% - 20px - 0)\">\n<IfSoTrigger tid='18166' class=''  style='display:inline-block;'><\/IfSoTrigger>\n\n<\/div>\n<\/div><\/div>\n\n<div  class=\"grids-section grids-is-advanced alignwide\" style=\"--_gs-gap-desktop:0px 0px;--_gs-m-desktop:0 0 0 0;--_gs-p-desktop:0 0 0 0;--_gs-bg-desktop:transparent none;--_gs-bg-xp-desktop:0px;--_gs-zi-desktop:auto;--_gs-d-desktop:block;--_gs-mw-desktop:calc(100% - 0 - 0);--_gs-gap-tablet:0px 0px;--_gs-m-tablet:0 0 0 0;--_gs-p-tablet:0 0 0 0;--_gs-bg-tablet:transparent none;--_gs-bg-xp-tablet:0px;--_gs-zi-tablet:auto;--_gs-d-tablet:block;--_gs-mw-tablet:calc(100% - 0 - 0);--_gs-gap-mobile:0px 0px;--_gs-m-mobile:0 0 0 0;--_gs-p-mobile:0 0 0 0;--_gs-bg-mobile:transparent none;--_gs-bg-xp-mobile:0px;--_gs-zi-mobile:auto;--_gs-d-mobile:block;--_gs-mw-mobile:calc(100% - 0 - 0);--_gs-columns:12;--_gs-rows:6\"><div class=\"grids-s-w_i\">\n<div class=\"grids-area\" style=\"--_ga-column:2\/12;--_ga-row:1\/2;--_ga-m-desktop:0 0 0 0;--_ga-p-desktop:0 0 0 0;--_ga-bg-desktop:transparent none;--_ga-zi-desktop:auto;--_ga-d-desktop:flex;--_ga-mw-desktop:calc(100% - 0 - 0);--_ga-m-tablet:0 0 0 0;--_ga-p-tablet:0 0 0 0;--_ga-bg-tablet:transparent none;--_ga-zi-tablet:auto;--_ga-d-tablet:flex;--_ga-mw-tablet:calc(100% - 0 - 0);--_ga-m-mobile:0 0 0 0;--_ga-p-mobile:0 0 0 0;--_ga-bg-mobile:transparent none;--_ga-zi-mobile:auto;--_ga-d-mobile:flex;--_ga-mw-mobile:calc(100% - 0 - 0)\">\n\n<h2 class=\"wp-block-heading\" id=\"altre-informazioni\">Weitere Informationen<\/h2>\n\n\n\n<p>Damit sich alle entspannen und unsere Thermalpools und die Umgebung genie\u00dfen k\u00f6nnen,&nbsp;<strong>werden unsere G\u00e4ste gebeten,<\/strong>&nbsp;folgende Anweisungen&nbsp;<strong>zu befolgen<\/strong>:<\/p>\n\n<\/div>\n\n<div class=\"grids-area\" style=\"--_ga-column:2\/7;--_ga-row:2\/7;--_ga-m-desktop:0 20px 0 0;--_ga-p-desktop:0 0 0 0;--_ga-bg-desktop:transparent none;--_ga-zi-desktop:auto;--_ga-d-desktop:flex;--_ga-mw-desktop:calc(100% - 0 - 20px);--_ga-m-tablet:0 20px 0 0;--_ga-p-tablet:0 0 0 0;--_ga-bg-tablet:transparent none;--_ga-zi-tablet:auto;--_ga-d-tablet:flex;--_ga-mw-tablet:calc(100% - 0 - 20px);--_ga-m-mobile:0 20px 0 0;--_ga-p-mobile:0 0 0 0;--_ga-bg-mobile:transparent none;--_ga-zi-mobile:auto;--_ga-d-mobile:flex;--_ga-mw-mobile:calc(100% - 0 - 20px)\">\n\n<ul class=\"wp-block-list\">\n<li>Lesen Sie die im Schwimmbad ausgeh\u00e4ngten Regeln. Das Personal ist befugt, die Beachtung der Regeln durchzusetzen!<\/li>\n\n\n\n<li>Personen unter 18 ist der Zugang zum Spa nicht gestattet.<\/li>\n\n\n\n<li>Der Eintritt gilt vom Zeitpunkt des Zugangs bis zum Zeitpunkt des Verlassens. Es ist nicht gestattet, mehrmals am Tag ein\u2013 und auszugehen.<\/li>\n\n\n\n<li>Die Direktion haftet nicht f\u00fcr unbeaufsichtigte Gegenst\u00e4nde au\u00dferhalb der Spinde.<\/li>\n\n\n\n<li>Rauchen in den Hallenb\u00e4dern und in den Bereichen, die sie mit dem Hotel verbinden, ist nicht gestattet.<\/li>\n\n\n\n<li>Das Duschen vor dem Betreten des Wassers ist Pflicht.<\/li>\n\n\n\n<li>Springen, Ballspielen und Laufen sind aus R\u00fccksicht auf die Erholung der anderen und aus Sicherheitsgr\u00fcnden nicht erlaubt. Es ist wichtig, die Ruhe zu respektieren, L\u00e4rmbel\u00e4stigung zu vermeiden und Mobiltelefone und Stimmen leise zu halten.<\/li>\n\n\n\n<li>Um allen einen angenehmen Aufenthalt in unseren Pools zu erm\u00f6glichen, bitten wir Sie, dieUnterwassermassagestationen nicht zu lange zu besetzen und allen G\u00e4sten die Nutzung zu erm\u00f6glichen.<\/li>\n\n\n\n<li>Personen unter 18 ist der Zugang in den Abendstunden nicht gestattet.<\/li>\n<\/ul>\n\n<\/div>\n\n<div class=\"grids-area\" style=\"--_ga-column:7\/12;--_ga-row:2\/7;--_ga-m-desktop:0 0 0 20px;--_ga-p-desktop:0 0 0 0;--_ga-bg-desktop:transparent none;--_ga-zi-desktop:auto;--_ga-d-desktop:flex;--_ga-mw-desktop:calc(100% - 20px - 0);--_ga-m-tablet:0 0 0 20px;--_ga-p-tablet:0 0 0 0;--_ga-bg-tablet:transparent none;--_ga-zi-tablet:auto;--_ga-d-tablet:flex;--_ga-mw-tablet:calc(100% - 20px - 0);--_ga-m-mobile:0 0 0 0px;--_ga-p-mobile:0 0 0 0;--_ga-bg-mobile:transparent none;--_ga-zi-mobile:auto;--_ga-d-mobile:flex;--_ga-mw-mobile:calc(100% - 0px - 0)\">\n\n<ul class=\"wp-block-list\">\n<li>Jede Person darf nur eine Liege und eine Matte belegen.<\/li>\n\n\n\n<li>Der Verzehr eigener Speisen und Getr\u00e4nke ist \u00fcberall untersagt.<\/li>\n\n\n\n<li>Das Hallenbad mit salz-, brom\u2013 und jodhaltigem Thermalwasser hat eine maximale Tiefe von 140 Zentimetern und eine Temperatur von 34-36&nbsp;\u00b0C.<\/li>\n\n\n\n<li>Der Au\u00dfenpool mit salz-, brom\u2013 und jodhaltigem Thermalwasser hat eine maximale Tiefe von 140 Zentimetern und eine Temperatur von 34-36&nbsp;\u00b0C und ist mit dem Innenpool verbunden.<\/li>\n\n\n\n<li>Der kleine Au\u00dfenpool mit salz-, brom\u2013 und jodhaltigem Thermalwasser hat eine maximale Tiefe von 150 Zentimetern und eine Temperatur von 27-29&nbsp;\u00b0C.<\/li>\n\n\n\n<li>Wassergymnastik von Dienstag bis Freitag un 16:45 Uhr und Samstag um 16:00 Uhr.<\/li>\n\n\n\n<li>Fitnessraum: t\u00e4glich 08:30 \u2013 23:00 Uhr. Personen unter 14 haben keinen Zutritt zum Fitnessraum. W\u00e4hrend vom Hotel organisierten Aktivit\u00e4ten ist der Fitnessraum ausschlie\u00dflich diesen Aktivit\u00e4ten vorbehalten. Die Cardio-Ger\u00e4te im Fitnessstudio d\u00fcrfen h\u00f6chstens 20 Minuten pro Ger\u00e4t benutzt werden. Es ist verboten, den Fitnessraum in Badekleidung, Bademantel und Hausschuhen zu benutzen.<\/li>\n<\/ul>\n\n<\/div>\n<\/div><\/div>\n\n<div  class=\"grids-section grids-is-advanced alignwide\" style=\"--_gs-gap-desktop:0px 0px;--_gs-m-desktop:0 0 0 0;--_gs-p-desktop:0 0 0 0;--_gs-bg-desktop:transparent none;--_gs-bg-xp-desktop:0px;--_gs-zi-desktop:auto;--_gs-d-desktop:block;--_gs-mw-desktop:calc(100% - 0 - 0);--_gs-gap-tablet:0px 0px;--_gs-m-tablet:0 0 0 0;--_gs-p-tablet:0 0 0 0;--_gs-bg-tablet:transparent none;--_gs-bg-xp-tablet:0px;--_gs-zi-tablet:auto;--_gs-d-tablet:block;--_gs-mw-tablet:calc(100% - 0 - 0);--_gs-gap-mobile:0px 0px;--_gs-m-mobile:0 0 0 0;--_gs-p-mobile:0 0 0 0;--_gs-bg-mobile:transparent none;--_gs-bg-xp-mobile:0px;--_gs-zi-mobile:auto;--_gs-d-mobile:block;--_gs-mw-mobile:calc(100% - 0 - 0);--_gs-columns:12;--_gs-rows:6\"><div class=\"grids-s-w_i\">\n<div class=\"grids-area\" style=\"--_ga-column:2\/12;--_ga-row:1\/2;--_ga-m-desktop:0 0 -40px 0;--_ga-p-desktop:0 0 0 0;--_ga-bg-desktop:transparent none;--_ga-zi-desktop:auto;--_ga-d-desktop:flex;--_ga-mw-desktop:calc(100% - 0 - 0);--_ga-m-tablet:0 0 -40px 0;--_ga-p-tablet:0 0 0 0;--_ga-bg-tablet:transparent none;--_ga-zi-tablet:auto;--_ga-d-tablet:flex;--_ga-mw-tablet:calc(100% - 0 - 0);--_ga-m-mobile:0 0 -40px 0;--_ga-p-mobile:0 0 0 0;--_ga-bg-mobile:transparent none;--_ga-zi-mobile:auto;--_ga-d-mobile:flex;--_ga-mw-mobile:calc(100% - 0 - 0)\">\n\n<h2 class=\"wp-block-heading has-text-align-center\" id=\"scegli-un-indimenticabile-esperienza-nella-nostra-struttura\">W\u00e4hlen Sie eine unvergessliche Erfahrung in unserem Hotel<\/h2>\n\n<\/div>\n<\/div><\/div>\n\n<div  class=\"grids-section grids-is-advanced alignfull\" style=\"--_gs-gap-desktop:0px 0px;--_gs-m-desktop:0 0 0 0;--_gs-p-desktop:0 0 0 0;--_gs-bg-desktop:transparent none;--_gs-bg-xp-desktop:0px;--_gs-zi-desktop:auto;--_gs-d-desktop:block;--_gs-mw-desktop:calc(100% - 0 - 0);--_gs-gap-tablet:0px 0px;--_gs-m-tablet:0 0 0 0;--_gs-p-tablet:0 0 0 0;--_gs-bg-tablet:transparent none;--_gs-bg-xp-tablet:0px;--_gs-zi-tablet:auto;--_gs-d-tablet:block;--_gs-mw-tablet:calc(100% - 0 - 0);--_gs-gap-mobile:0px 0px;--_gs-m-mobile:0 0 0 0;--_gs-p-mobile:0 0 0 0;--_gs-bg-mobile:transparent none;--_gs-bg-xp-mobile:0px;--_gs-zi-mobile:auto;--_gs-d-mobile:block;--_gs-mw-mobile:calc(100% - 0 - 0);--_gs-columns:12;--_gs-rows:6\"><div class=\"grids-s-w_i\">\n<div class=\"grids-area\" style=\"--_ga-column:2\/12;--_ga-row:1\/7;--_ga-m-desktop:0 0 0 0;--_ga-p-desktop:0 0 0 0;--_ga-bg-desktop:transparent none;--_ga-zi-desktop:auto;--_ga-d-desktop:flex;--_ga-mw-desktop:calc(100% - 0 - 0);--_ga-m-tablet:0 0 0 0;--_ga-p-tablet:0 0 0 0;--_ga-bg-tablet:transparent none;--_ga-zi-tablet:auto;--_ga-d-tablet:flex;--_ga-mw-tablet:calc(100% - 0 - 0);--_ga-m-mobile:0 0 0 0;--_ga-p-mobile:0 0 0 0;--_ga-bg-mobile:transparent none;--_ga-zi-mobile:auto;--_ga-d-mobile:flex;--_ga-mw-mobile:calc(100% - 0 - 0)\">\n<IfSoTrigger tid='7883' class=''  style='display:inline-block;'><\/IfSoTrigger>\n\n<\/div>\n<\/div><\/div>\n\n<div  class=\"grids-section grids-is-advanced\" style=\"--_gs-gap-desktop:0px 0px;--_gs-m-desktop:0 0 0 0;--_gs-p-desktop:0 0 0 0;--_gs-bg-desktop:transparent none;--_gs-bg-xp-desktop:0px;--_gs-zi-desktop:auto;--_gs-d-desktop:block;--_gs-mw-desktop:calc(100% - 0 - 0);--_gs-gap-tablet:0px 0px;--_gs-m-tablet:0 0 0 0;--_gs-p-tablet:0 0 0 0;--_gs-bg-tablet:transparent none;--_gs-bg-xp-tablet:0px;--_gs-zi-tablet:auto;--_gs-d-tablet:block;--_gs-mw-tablet:calc(100% - 0 - 0);--_gs-gap-mobile:0px 0px;--_gs-m-mobile:0 0 0 0;--_gs-p-mobile:0 0 0 0;--_gs-bg-mobile:transparent none;--_gs-bg-xp-mobile:0px;--_gs-zi-mobile:auto;--_gs-d-mobile:block;--_gs-mw-mobile:calc(100% - 0 - 0);--_gs-columns:12;--_gs-rows:6\"><div class=\"grids-s-w_i\">\n<div class=\"grids-area\" style=\"--_ga-column:1\/13;--_ga-row:1\/7;--_ga-m-desktop:0 0 0 0;--_ga-p-desktop:0 0 0 0;--_ga-bg-desktop:transparent none;--_ga-zi-desktop:auto;--_ga-d-desktop:flex;--_ga-mw-desktop:calc(100% - 0 - 0);--_ga-m-tablet:0 0 0 0;--_ga-p-tablet:0 0 0 0;--_ga-bg-tablet:transparent none;--_ga-zi-tablet:auto;--_ga-d-tablet:flex;--_ga-mw-tablet:calc(100% - 0 - 0);--_ga-m-mobile:0 0 0 0;--_ga-p-mobile:0 0 0 0;--_ga-bg-mobile:transparent none;--_ga-zi-mobile:auto;--_ga-d-mobile:flex;--_ga-mw-mobile:calc(100% - 0 - 0)\">\n\r\n    <div class=\"related-pages-container\">\r\n                                    <div class=\"single-related-page-container\" style=\"background-image:url('https:\/\/www.savoiaterme.it\/wp-content\/uploads\/2021\/09\/spa-oasi-del-relax-hotel-savoia-terme-abano-banner.jpg');\">\r\n                    <a href=\"https:\/\/www.savoiaterme.it\/de\/spa\/spa-oasi-der-entspannung\/\" target=\"_blank\">\r\n                        <h2 class=\"related-page-title\">\r\n                            Spa Oasi del Relax                        <\/h2>\r\n                    <\/a>\r\n                <\/div>\r\n                                                <div class=\"single-related-page-container\" style=\"background-image:url('https:\/\/www.savoiaterme.it\/wp-content\/uploads\/2021\/09\/esperienze-in-spa-hotel-savoia-terme-abano-terme.jpg');\">\r\n                    <a href=\"https:\/\/www.savoiaterme.it\/de\/erfahrungen-im-spa\/\" target=\"_blank\">\r\n                        <h2 class=\"related-page-title\">\r\n                            Erfahrungen im Spa                        <\/h2>\r\n                    <\/a>\r\n                <\/div>\r\n                                                <div class=\"single-related-page-container\" style=\"background-image:url('https:\/\/www.savoiaterme.it\/wp-content\/uploads\/2021\/10\/piscine-termali-abano-terme-hotel-savoia-terme.jpg');\">\r\n                    <a href=\"https:\/\/www.savoiaterme.it\/de\/thermalbecken\/\" target=\"_blank\">\r\n                        <h2 class=\"related-page-title\">\r\n                            Thermalpools                        <\/h2>\r\n                    <\/a>\r\n                <\/div>\r\n                        <\/div>\r\n\n\n<\/div>\n<\/div><\/div>","protected":false},"excerpt":{"rendered":"","protected":false},"author":1,"featured_media":3686,"parent":8741,"menu_order":0,"comment_status":"closed","ping_status":"closed","template":"","meta":{"_acf_changed":false,"advgb_blocks_editor_width":"","advgb_blocks_columns_visual_guide":"","footnotes":""},"class_list":["post-8685","page","type-page","status-publish","has-post-thumbnail","hentry","entry"],"acf":{"page_custom_gallery":[{"page_custom_gallery_label":"BAR BIS MITTERNACHT GE\u00d6FFNET","page_custom_gallery_photos":[3668,3663,2585]},{"page_custom_gallery_label":"BAR BIS MITTERNACHT GE\u00d6FFNET","page_custom_gallery_photos":[17726,18025,18020]},{"page_custom_gallery_label":"BAR BIS MITTERNACHT GE\u00d6FFNET","page_custom_gallery_photos":[18045,18040,18030]}],"element_single_page":[{"element_page_image":3709,"element_page_title":"Day Spa 0","element_page_subtitle":"","element_page_content":"<div class=\"grid-info\">\r\n<div class=\"single-info\">\r\n\r\n&nbsp;\r\n<div class=\"info-content\"><strong>SPA <\/strong><\/div>\r\n<\/div>\r\n<\/div>\r\n<ul>\r\n \t<li><strong>1 Tageszimmer im Hotel<\/strong> (von 10:00 bis 21:00 Uhr)<\/li>\r\n \t<li>\r\n<div><b><span lang=\"DE\">SPA-Kit\u00a0<\/span><\/b><span style=\"font-family: var(--list--font-family); color: var(--global--color-primary); font-size: var(--global--font-size-base); background-color: var(--global--color-background);\">mit Leihbademantel, Flip-Flops und Poolhandtuch<\/span><\/div><\/li>\r\n \t<li>\r\n<div><b><span lang=\"DE\">SPA\u00a0<\/span><\/b><span style=\"font-family: var(--list--font-family); color: var(--global--color-primary); font-size: var(--global--font-size-base); background-color: var(--global--color-background);\">mit Sauna, Dampfbad, Erlebnisduschen, Sinnestunnel mit Kneipp-Anlage<\/span><\/div><\/li>\r\n \t<li>\r\n<div><b><span lang=\"DE\">3 Thermalpools<\/span><\/b><span lang=\"DE\">, 2 davon kommunizierend, mit 24 Unterwassermassagestationen und Nackenduschen<\/span><\/div><\/li>\r\n<\/ul>\r\n<a class=\"read-more-link\">Au\u00dferdem ...<\/a>\r\n<div class=\"read-more-text\">\r\n<ul>\r\n \t<li>\r\n<div><b><span lang=\"DE\">Fitnessraum\u00a0<\/span><\/b><span style=\"font-family: var(--list--font-family); color: var(--global--color-primary); font-size: var(--global--font-size-base); background-color: var(--global--color-background);\">mit Tecnogym\u00ae-Ger\u00e4ten<\/span><\/div><\/li>\r\n \t<li>\r\n<div><b><span lang=\"DE\">Wassergymnastik\u00a0<\/span><\/b><span style=\"font-family: var(--list--font-family); color: var(--global--color-primary); font-size: var(--global--font-size-base); background-color: var(--global--color-background);\">im Thermalpool<\/span><\/div><\/li>\r\n \t<li>\r\n<div><b><span lang=\"DE\">Wohlf\u00fchltees\u00a0<\/span><\/b><span style=\"font-family: var(--list--font-family); color: var(--global--color-primary); font-size: var(--global--font-size-base); background-color: var(--global--color-background);\">in der Beauty Farm und Lebensbrunnen \u201eFontana di Vita\u201c mit nat\u00fcrlichem Wasser aus Abano Terme im SPA f\u00fcr Ihren Durst<\/span><\/div><\/li>\r\n<\/ul>\r\nund ...\r\n<ul>\r\n \t<li><strong>Kostenloser Parkplatz<\/strong>, nicht \u00fcberdacht<\/li>\r\n \t<li><strong>WLAN<\/strong><\/li>\r\n \t<li><strong><strong>Digital Guest<\/strong><\/strong><span style=\"font-family: var(--list--font-family); color: var(--global--color-primary); font-size: var(--global--font-size-base); background-color: var(--global--color-background);\">,<\/span><b style=\"font-family: var(--list--font-family); color: var(--global--color-primary); font-size: var(--global--font-size-base);\"> <\/b><span style=\"font-family: var(--list--font-family); color: var(--global--color-primary); font-size: var(--global--font-size-base); background-color: var(--global--color-background);\">die APP zur Verwaltung Ihrer Hotelerfahrung<\/span><\/li>\r\n<\/ul>\r\n<strong>PREIS PRO PERSON<\/strong>\r\n<p style=\"color: #86267a;\"><strong>NEU<\/strong>! Aufteilung der Kosten in <strong>3 monatliche Raten<\/strong> mit <strong>Scalapay<\/strong>.<\/p>\r\n<strong>Mo. - Fr.: <\/strong>55,00 \u20ac\r\n<strong>Sa. - So.:<\/strong> 65,00 \u20ac\r\n<strong>Feiertage: <\/strong>85,00 \u20ac\r\n&nbsp;\r\n<b>Die folgenden Termine gelten als Feiertage<\/b><strong>:<\/strong>\r\n\r\n<h6>OSTERN: 4., 5., 6. April <br>TAG DER BEFREIUNG: 25. April <br>TAG DER ARBEIT: 1., 2. Mai <br>FERRAGOSTO: 14., 15., 16. August <br>ALLERHEILIGEN: 31. Oktober, 1. November <br>FEST DER UNBEFLECKTEN EMPF\u00c4NGNIS: 5., 6., 7., 8. Dezember <br>WEIHNACHTEN UND NEUJAHR: vom 24. Dezember 2026 bis 10. Januar 2027<\/h6> <strong>ACHTUNG:<\/strong> Reservierungen sind nur kurz vor dem gew\u00fcnschten Datum m\u00f6glich.\r\n\r\n<strong>Der Zutritt ist ab 13 Jahren gestattet<\/strong>\r\n\r\n<\/div>\r\n&nbsp;","element_page_cta_content":"ONLINE ERWERBEN","element_page_cta_link":"https:\/\/www.simplebooking.it\/ibe\/minishop\/?hid=5688&lang=IT&_ga=2.16991420.468136896.1632986091-2061064080.1568724142#product&productId=120","element_page_cta_target_blank":false},{"element_page_image":3716,"element_page_title":"Day Spa 1","element_page_subtitle":"","element_page_content":"<div class=\"grid-info\">\r\n<div class=\"single-info\">\r\n\r\n&nbsp;\r\n<div class=\"info-content\"><strong>SPA - MITTAGESSEN<\/strong><\/div>\r\n<\/div>\r\n<\/div>\r\n<ul>\r\n \t<li><strong><strong>1 Tageszimmer im Hotel\u00a0<\/strong><\/strong><span style=\"font-family: var(--list--font-family); color: var(--global--color-primary); font-size: var(--global--font-size-base); background-color: var(--global--color-background);\">(von 10:00 bis 21:00 Uhr)<\/span><\/li>\r\n \t<li><strong><strong>1\u00a0<\/strong><\/strong><b style=\"font-family: var(--list--font-family); color: var(--global--color-primary); font-size: var(--global--font-size-base);\"><span lang=\"DE\">Mittagessen\u00a0<\/span><\/b><span style=\"font-family: var(--list--font-family); color: var(--global--color-primary); font-size: var(--global--font-size-base); background-color: var(--global--color-background);\">in unserem <\/span><b style=\"font-family: var(--list--font-family); color: var(--global--color-primary); font-size: var(--global--font-size-base);\">Restaurant \u201eIl Savoiardo\u201c<\/b><span style=\"font-family: var(--list--font-family); color: var(--global--color-primary); font-size: var(--global--font-size-base); background-color: var(--global--color-background);\"> (Eintritt von 12:30 bis 13:30), ohne Getr\u00e4nke<\/span><\/li>\r\n \t<li>\r\n<div><b><span lang=\"DE\">SPA-Kit\u00a0<\/span><\/b><span style=\"font-family: var(--list--font-family); color: var(--global--color-primary); font-size: var(--global--font-size-base); background-color: var(--global--color-background);\">mit Leihbademantel, Flip-Flops und Poolhandtuch<\/span><\/div><\/li>\r\n \t<li>\r\n<div><b><span lang=\"DE\">SPA\u00a0<\/span><\/b><span style=\"font-family: var(--list--font-family); color: var(--global--color-primary); font-size: var(--global--font-size-base); background-color: var(--global--color-background);\">mit Sauna, Dampfbad, Erlebnisduschen, Sinnestunnel mit Kneipp-Anlage<\/span><\/div><\/li>\r\n<\/ul>\r\n<a class=\"read-more-link\">Au\u00dferdem ...<\/a>\r\n<div class=\"read-more-text\">\r\n<ul>\r\n \t<li>\r\n<div><b><span lang=\"DE\">3 Thermalpools<\/span><\/b><span lang=\"DE\">, 2 davon kommunizierend, mit 24 Unterwassermassagestationen und Nackenduschen<\/span><\/div><\/li>\r\n \t<li>\r\n<div><b><span lang=\"DE\">Fitnessraum\u00a0<\/span><\/b><span style=\"font-family: var(--list--font-family); color: var(--global--color-primary); font-size: var(--global--font-size-base); background-color: var(--global--color-background);\">mit Tecnogym\u00ae-Ger\u00e4ten<\/span><\/div><\/li>\r\n \t<li>\r\n<div><b><span lang=\"DE\">Wassergymnastik\u00a0<\/span><\/b><span style=\"font-family: var(--list--font-family); color: var(--global--color-primary); font-size: var(--global--font-size-base); background-color: var(--global--color-background);\">im Thermalpool<\/span><\/div><\/li>\r\n \t<li>\r\n<div><b><span lang=\"DE\">Wohlf\u00fchltees\u00a0<\/span><\/b><span style=\"font-family: var(--list--font-family); color: var(--global--color-primary); font-size: var(--global--font-size-base); background-color: var(--global--color-background);\">in der Beauty-Farm und Lebensbrunnen \u201eFontana di Vita\u201c mit nat\u00fcrlichem Wasser aus Abano Terme im SPA f\u00fcr Ihren Durst<\/span><\/div><\/li>\r\n<\/ul>\r\nund ...\r\n<ul>\r\n \t<li><strong>Kostenloser Parkplatz<\/strong>, nicht \u00fcberdacht<\/li>\r\n \t<li><strong>WLAN<\/strong><\/li>\r\n \t<li><strong><strong>Digital Guest<\/strong><\/strong><span style=\"font-family: var(--list--font-family); color: var(--global--color-primary); font-size: var(--global--font-size-base); background-color: var(--global--color-background);\">,<\/span><b style=\"font-family: var(--list--font-family); color: var(--global--color-primary); font-size: var(--global--font-size-base);\"> <\/b><span style=\"font-family: var(--list--font-family); color: var(--global--color-primary); font-size: var(--global--font-size-base); background-color: var(--global--color-background);\">die APP zur Verwaltung Ihrer Hotelerfahrung<\/span><\/li>\r\n<\/ul>\r\n<strong>PREIS PRO PERSON <\/strong>\r\n<p style=\"color: #86267a;\"><strong>NEU<\/strong>! Aufteilung der Kosten in <strong>3 monatliche Raten<\/strong> mit <strong>Scalapay<\/strong>.<\/p>\r\n<strong>Mo. - Fr.: <\/strong>85,00 \u20ac\r\n<strong>Sa. - So.:<\/strong> 95,00 \u20ac\r\n<strong>Feiertage:<\/strong> 115,00 \u20ac\r\n&nbsp;\r\n<b>Die folgenden Termine gelten als Feiertage<\/b><strong>:<\/strong>\r\n\r\n<h6>OSTERN: 4., 5., 6. April <br>TAG DER BEFREIUNG: 25. April <br>TAG DER ARBEIT: 1., 2. Mai <br>FERRAGOSTO: 14., 15., 16. August <br>ALLERHEILIGEN: 31. Oktober, 1. November <br>FEST DER UNBEFLECKTEN EMPF\u00c4NGNIS: 5., 6., 7., 8. Dezember <br>WEIHNACHTEN UND NEUJAHR: vom 24. Dezember 2026 bis 10. Januar 2027<\/h6> <strong>ACHTUNG:<\/strong> Reservierungen sind nur kurz vor dem gew\u00fcnschten Datum m\u00f6glich.\r\n\r\n<strong>Der Zutritt ist ab 13 Jahren gestattet<\/strong>\r\n\r\n&nbsp;\r\n\r\n<\/div>","element_page_cta_content":"ONLINE ERWERBEN","element_page_cta_link":"https:\/\/www.simplebooking.it\/ibe\/minishop\/?hid=5688&lang=IT&_ga=2.89334430.468136896.1632986091-2061064080.1568724142#product&productId=129","element_page_cta_target_blank":false},{"element_page_image":3725,"element_page_title":"DAY SPA 2","element_page_subtitle":"","element_page_content":"<div class=\"grid-info\">\r\n<div class=\"single-info\">\r\n\r\n&nbsp;\r\n<div class=\"info-content\"><strong>SPA - MITTAGESSEN - MASSAGE 1 H<\/strong><\/div>\r\n<\/div>\r\n<\/div>\r\n<ul>\r\n \t<li>\r\n<div><b><span lang=\"DE\">1 Tageszimmer im Hotel\u00a0<\/span><\/b><span style=\"font-family: var(--list--font-family); color: var(--global--color-primary); font-size: var(--global--font-size-base); background-color: var(--global--color-background);\">(von 10:00 bis 21:00 Uhr)<\/span><\/div><\/li>\r\n \t<li>\r\n<div><b><span lang=\"DE\">1 Mittagessen\u00a0<\/span><\/b><span style=\"font-family: var(--list--font-family); color: var(--global--color-primary); font-size: var(--global--font-size-base); background-color: var(--global--color-background);\">in unserem <\/span><b style=\"font-family: var(--list--font-family); color: var(--global--color-primary); font-size: var(--global--font-size-base);\">Restaurant \u201eIl Savoiardo\u201c<\/b><span style=\"font-family: var(--list--font-family); color: var(--global--color-primary); font-size: var(--global--font-size-base); background-color: var(--global--color-background);\"> (Eintritt von 12:30 bis 13:30 Uhr), ohne Getr\u00e4nke<\/span><\/div><\/li>\r\n \t<li><strong><strong>1\u00a0<\/strong><\/strong><b style=\"font-family: var(--list--font-family); color: var(--global--color-primary); font-size: var(--global--font-size-base);\"><span lang=\"DE\">Antistress-Massage<\/span><\/b><span style=\"font-family: var(--list--font-family); color: var(--global--color-primary); font-size: var(--global--font-size-base); background-color: var(--global--color-background);\">, 50 Minuten<\/span><\/li>\r\n \t<li>\r\n<div><b><span lang=\"DE\">SPA-Kit\u00a0<\/span><\/b><span style=\"font-family: var(--list--font-family); color: var(--global--color-primary); font-size: var(--global--font-size-base); background-color: var(--global--color-background);\">mit Leihbademantel, Flip-Flops und Poolhandtuch<\/span><\/div><\/li>\r\n<\/ul>\r\n<a class=\"read-more-link\">Au\u00dferdem ...<\/a>\r\n<div class=\"read-more-text\">\r\n<ul>\r\n \t<li>\r\n<div><b><span lang=\"DE\">SPA\u00a0<\/span><\/b><span style=\"font-family: var(--list--font-family); color: var(--global--color-primary); font-size: var(--global--font-size-base); background-color: var(--global--color-background);\">mit Sauna, Dampfbad, Erlebnisduschen, Sinnestunnel mit Kneipp-Anlage<\/span><\/div><\/li>\r\n \t<li>\r\n<div><b><span lang=\"DE\">3 Thermalpools<\/span><\/b><span lang=\"DE\">, 2 davon kommunizierend, mit 24 Unterwassermassagestationen und Nackenduschen<\/span><\/div><\/li>\r\n \t<li>\r\n<div><b><span lang=\"DE\">Fitnessraum\u00a0<\/span><\/b><span style=\"font-family: var(--list--font-family); color: var(--global--color-primary); font-size: var(--global--font-size-base); background-color: var(--global--color-background);\">mit Tecnogym<\/span><sup style=\"font-family: var(--list--font-family); color: var(--global--color-primary);\">\u00ae<\/sup><span style=\"font-family: var(--list--font-family); color: var(--global--color-primary); font-size: var(--global--font-size-base); background-color: var(--global--color-background);\">-Ger\u00e4ten<\/span><\/div><\/li>\r\n \t<li>\r\n<div><b><span lang=\"DE\">Wassergymnastik\u00a0<\/span><\/b><span style=\"font-family: var(--list--font-family); color: var(--global--color-primary); font-size: var(--global--font-size-base); background-color: var(--global--color-background);\">im Thermalpool<\/span><\/div><\/li>\r\n \t<li>\r\n<div><b><span lang=\"DE\">Wohlf\u00fchltees\u00a0<\/span><\/b><span style=\"font-family: var(--list--font-family); color: var(--global--color-primary); font-size: var(--global--font-size-base); background-color: var(--global--color-background);\">in der Beauty Farm und Lebensbrunnen \u201eFontana di Vita\u201c mit nat\u00fcrlichem Wasser aus Abano Terme im SPA f\u00fcr Ihren Durst<\/span><\/div><\/li>\r\n<\/ul>\r\n<div><span lang=\"DE\">und \u2026<\/span><\/div>\r\n<ul>\r\n \t<li>\r\n<div><span lang=\"DE\"><strong>Kostenloser Privatparkplatz<\/strong>, nicht \u00fcberdacht<\/span><\/div><\/li>\r\n \t<li><strong>WLAN<\/strong><\/li>\r\n \t<li><strong>Digital Guest<\/strong>,<span style=\"font-family: var(--list--font-family); color: var(--global--color-primary); font-size: var(--global--font-size-base); background-color: var(--global--color-background);\">die APP zur Verwaltung Ihrer Hotelerfahrung<\/span><\/li>\r\n<\/ul>\r\nPREIS PRO PERSON\r\n<p style=\"color: #86267a;\"><strong>NEU<\/strong>! Aufteilung der Kosten in <strong>3 monatliche Raten<\/strong> mit <strong>Scalapay<\/strong>.<\/p>\r\n<strong>Mo. - Fr.: <\/strong>150,00 \u20ac\r\n<strong>Sa. - So.:<\/strong> 160,00 \u20ac\r\n<strong>Feiertage: <\/strong>180,00 \u20ac\r\n&nbsp;\r\n<b>Die folgenden Termine gelten als Feiertage<\/b><strong>:<\/strong>\r\n\r\n<h6>OSTERN: 4., 5., 6. April <br>TAG DER BEFREIUNG: 25. April <br>TAG DER ARBEIT: 1., 2. Mai <br>FERRAGOSTO: 14., 15., 16. August <br>ALLERHEILIGEN: 31. Oktober, 1. November <br>FEST DER UNBEFLECKTEN EMPF\u00c4NGNIS: 5., 6., 7., 8. Dezember <br>WEIHNACHTEN UND NEUJAHR: vom 24. Dezember 2026 bis 10. Januar 2027<\/h6> <strong>ACHTUNG:<\/strong> Reservierungen sind nur kurz vor dem gew\u00fcnschten Datum m\u00f6glich.\r\n\r\n<strong>Der Zutritt ist ab 13 Jahren gestattet<\/strong>\r\n\r\n&nbsp;\r\n\r\n<\/div>","element_page_cta_content":"ONLINE ERWERBEN","element_page_cta_link":"https:\/\/www.simplebooking.it\/ibe\/minishop\/?hid=5688&lang=IT&_ga=2.121399693.468136896.1632986091-2061064080.1568724142#product&productId=130","element_page_cta_target_blank":false}],"second_element_single_page":[{"element_page_image":3686,"element_page_title":"Easy Day \u2013 Tageszugang SPA Savoia","element_page_subtitle":"","element_page_content":"Ganzheitliches Wohlbefinden ohne \u00dcbernachtung: Thermalbecken, SPA, Fitness und Entspannung im Herzen von Abano Terme.\r\n<strong>Ab 40\u202f\u20ac<\/strong>\r\n\r\n<a class=\"btn only-borders\" style=\"display: block; text-align: center; margin: 20px auto !important; padding: 0;\" href=\"https:\/\/www.savoiaterme.it\/de\/easy-day-tageszugang-spa-savoia\/\" rel=\"noopener\">Details entdecken<\/a>","element_page_cta_content":"","element_page_cta_link":"","element_page_cta_target_blank":false},{"element_page_image":27646,"element_page_title":"Easy Break \u2013 Nachmittagszugang SPA Savoia","element_page_subtitle":"","element_page_content":"Ihr entspannter Nachmittag: Thermalbecken, SPA und Wohlbefinden ohne \u00dcbernachtung, von 14:00 bis 22:00 Uhr.\r\n<strong>Ab 35\u202f\u20ac<\/strong>\r\n<a class=\"btn only-borders\" style=\"display: block; text-align: center; margin: 20px auto !important; padding: 0;\" href=\"https:\/\/www.savoiaterme.it\/de\/easy-break-nachmittagszugang-spa-savoia\/\" rel=\"noopener\">Details entdecken<\/a>","element_page_cta_content":"","element_page_cta_link":"","element_page_cta_target_blank":false},{"element_page_image":7623,"element_page_title":"Pool Night \u2013 <br>Abendlicher SPA-Zugang Savoia","element_page_subtitle":"","element_page_content":"Von 19:00 bis 22:00 Uhr \u2013 erleben Sie die Magie der Thermalbecken und des SPA unter dem Sternenhimmel.\r\n<strong>Ab 30\u202f\u20ac<\/strong>\r\n<a class=\"btn only-borders\" style=\"display: block; text-align: center; margin: 20px auto !important; padding: 0;\" href=\"https:\/\/www.savoiaterme.it\/de\/pool-night-abendlicher-spa-zugang-savoia\/\" rel=\"noopener\">Details entdecken<\/a>","element_page_cta_content":"","element_page_cta_link":"","element_page_cta_target_blank":false}]},"yoast_head":"<!-- This site is optimized with the Yoast SEO plugin v25.7 - https:\/\/yoast.com\/wordpress\/plugins\/seo\/ -->\n<title>Day Spa &amp; Easy All Day in Abano Terme - Hotel Savoia Therm\u00e6 &amp; Spa<\/title>\n<meta name=\"description\" content=\"G\u00f6nnen Sie sich einen Wohlf\u00fchltag in unserem exklusiven Spa mit Pools (bis 23 Uhr ge\u00f6ffnet), ohne \u00dcbernachtung im Hotel.\" \/>\n<meta name=\"robots\" content=\"index, follow, max-snippet:-1, max-image-preview:large, max-video-preview:-1\" \/>\n<link rel=\"canonical\" href=\"https:\/\/www.savoiaterme.it\/de\/spa\/day-spa\/\" \/>\n<meta property=\"og:locale\" content=\"de_DE\" \/>\n<meta property=\"og:type\" content=\"article\" \/>\n<meta property=\"og:title\" content=\"Day Spa &amp; Easy All Day in Abano Terme - Hotel Savoia Therm\u00e6 &amp; Spa\" \/>\n<meta property=\"og:description\" content=\"G\u00f6nnen Sie sich einen Wohlf\u00fchltag in unserem exklusiven Spa mit Pools (bis 23 Uhr ge\u00f6ffnet), ohne \u00dcbernachtung im Hotel.\" \/>\n<meta property=\"og:url\" content=\"https:\/\/www.savoiaterme.it\/de\/spa\/day-spa\/\" \/>\n<meta property=\"og:site_name\" content=\"Hotel Savoia Therm\u00e6 &amp; Spa\" \/>\n<meta property=\"article:modified_time\" content=\"2026-04-30T07:48:34+00:00\" \/>\n<meta property=\"og:image\" content=\"https:\/\/www.savoiaterme.it\/wp-content\/uploads\/2021\/10\/easy-all-day-hotel-savoia-terme-abano-terme-banner.jpg\" \/>\n\t<meta property=\"og:image:width\" content=\"2000\" \/>\n\t<meta property=\"og:image:height\" content=\"714\" \/>\n\t<meta property=\"og:image:type\" content=\"image\/jpeg\" \/>\n<meta name=\"twitter:card\" content=\"summary_large_image\" \/>\n<meta name=\"twitter:label1\" content=\"Gesch\u00e4tzte Lesezeit\" \/>\n\t<meta name=\"twitter:data1\" content=\"7\u00a0Minuten\" \/>\n<script type=\"application\/ld+json\" class=\"yoast-schema-graph\">{\"@context\":\"https:\/\/schema.org\",\"@graph\":[{\"@type\":\"WebPage\",\"@id\":\"https:\/\/www.savoiaterme.it\/de\/spa\/day-spa\/\",\"url\":\"https:\/\/www.savoiaterme.it\/de\/spa\/day-spa\/\",\"name\":\"Day Spa & Easy All Day in Abano Terme - Hotel Savoia Therm\u00e6 &amp; Spa\",\"isPartOf\":{\"@id\":\"https:\/\/www.savoiaterme.it\/de\/#website\"},\"primaryImageOfPage\":{\"@id\":\"https:\/\/www.savoiaterme.it\/de\/spa\/day-spa\/#primaryimage\"},\"image\":{\"@id\":\"https:\/\/www.savoiaterme.it\/de\/spa\/day-spa\/#primaryimage\"},\"thumbnailUrl\":\"https:\/\/www.savoiaterme.it\/wp-content\/uploads\/2021\/10\/easy-all-day-hotel-savoia-terme-abano-terme-banner.jpg\",\"datePublished\":\"2021-10-04T08:47:06+00:00\",\"dateModified\":\"2026-04-30T07:48:34+00:00\",\"description\":\"G\u00f6nnen Sie sich einen Wohlf\u00fchltag in unserem exklusiven Spa mit Pools (bis 23 Uhr ge\u00f6ffnet), ohne \u00dcbernachtung im Hotel.\",\"breadcrumb\":{\"@id\":\"https:\/\/www.savoiaterme.it\/de\/spa\/day-spa\/#breadcrumb\"},\"inLanguage\":\"de\",\"potentialAction\":[{\"@type\":\"ReadAction\",\"target\":[\"https:\/\/www.savoiaterme.it\/de\/spa\/day-spa\/\"]}]},{\"@type\":\"ImageObject\",\"inLanguage\":\"de\",\"@id\":\"https:\/\/www.savoiaterme.it\/de\/spa\/day-spa\/#primaryimage\",\"url\":\"https:\/\/www.savoiaterme.it\/wp-content\/uploads\/2021\/10\/easy-all-day-hotel-savoia-terme-abano-terme-banner.jpg\",\"contentUrl\":\"https:\/\/www.savoiaterme.it\/wp-content\/uploads\/2021\/10\/easy-all-day-hotel-savoia-terme-abano-terme-banner.jpg\",\"width\":2000,\"height\":714},{\"@type\":\"BreadcrumbList\",\"@id\":\"https:\/\/www.savoiaterme.it\/de\/spa\/day-spa\/#breadcrumb\",\"itemListElement\":[{\"@type\":\"ListItem\",\"position\":1,\"name\":\"\",\"item\":\"https:\/\/www.savoiaterme.it\/de\/\"},{\"@type\":\"ListItem\",\"position\":2,\"name\":\"Thermen und Spa\",\"item\":\"https:\/\/www.savoiaterme.it\/de\/spa\/\"},{\"@type\":\"ListItem\",\"position\":3,\"name\":\"Day Spa &#038; Easy All Day\"}]},{\"@type\":\"WebSite\",\"@id\":\"https:\/\/www.savoiaterme.it\/de\/#website\",\"url\":\"https:\/\/www.savoiaterme.it\/de\/\",\"name\":\"Hotel Savoia Therm\u00e6 &amp; Spa\",\"description\":\"ABANO TERME\",\"potentialAction\":[{\"@type\":\"SearchAction\",\"target\":{\"@type\":\"EntryPoint\",\"urlTemplate\":\"https:\/\/www.savoiaterme.it\/de\/?s={search_term_string}\"},\"query-input\":{\"@type\":\"PropertyValueSpecification\",\"valueRequired\":true,\"valueName\":\"search_term_string\"}}],\"inLanguage\":\"de\"}]}<\/script>\n<!-- \/ Yoast SEO plugin. -->","yoast_head_json":{"title":"Day Spa & Easy All Day in Abano Terme - Hotel Savoia Therm\u00e6 &amp; Spa","description":"G\u00f6nnen Sie sich einen Wohlf\u00fchltag in unserem exklusiven Spa mit Pools (bis 23 Uhr ge\u00f6ffnet), ohne \u00dcbernachtung im Hotel.","robots":{"index":"index","follow":"follow","max-snippet":"max-snippet:-1","max-image-preview":"max-image-preview:large","max-video-preview":"max-video-preview:-1"},"canonical":"https:\/\/www.savoiaterme.it\/de\/spa\/day-spa\/","og_locale":"de_DE","og_type":"article","og_title":"Day Spa & Easy All Day in Abano Terme - Hotel Savoia Therm\u00e6 &amp; Spa","og_description":"G\u00f6nnen Sie sich einen Wohlf\u00fchltag in unserem exklusiven Spa mit Pools (bis 23 Uhr ge\u00f6ffnet), ohne \u00dcbernachtung im Hotel.","og_url":"https:\/\/www.savoiaterme.it\/de\/spa\/day-spa\/","og_site_name":"Hotel Savoia Therm\u00e6 &amp; Spa","article_modified_time":"2026-04-30T07:48:34+00:00","og_image":[{"width":2000,"height":714,"url":"https:\/\/www.savoiaterme.it\/wp-content\/uploads\/2021\/10\/easy-all-day-hotel-savoia-terme-abano-terme-banner.jpg","type":"image\/jpeg"}],"twitter_card":"summary_large_image","twitter_misc":{"Gesch\u00e4tzte Lesezeit":"7\u00a0Minuten"},"schema":{"@context":"https:\/\/schema.org","@graph":[{"@type":"WebPage","@id":"https:\/\/www.savoiaterme.it\/de\/spa\/day-spa\/","url":"https:\/\/www.savoiaterme.it\/de\/spa\/day-spa\/","name":"Day Spa & Easy All Day in Abano Terme - Hotel Savoia Therm\u00e6 &amp; Spa","isPartOf":{"@id":"https:\/\/www.savoiaterme.it\/de\/#website"},"primaryImageOfPage":{"@id":"https:\/\/www.savoiaterme.it\/de\/spa\/day-spa\/#primaryimage"},"image":{"@id":"https:\/\/www.savoiaterme.it\/de\/spa\/day-spa\/#primaryimage"},"thumbnailUrl":"https:\/\/www.savoiaterme.it\/wp-content\/uploads\/2021\/10\/easy-all-day-hotel-savoia-terme-abano-terme-banner.jpg","datePublished":"2021-10-04T08:47:06+00:00","dateModified":"2026-04-30T07:48:34+00:00","description":"G\u00f6nnen Sie sich einen Wohlf\u00fchltag in unserem exklusiven Spa mit Pools (bis 23 Uhr ge\u00f6ffnet), ohne \u00dcbernachtung im Hotel.","breadcrumb":{"@id":"https:\/\/www.savoiaterme.it\/de\/spa\/day-spa\/#breadcrumb"},"inLanguage":"de","potentialAction":[{"@type":"ReadAction","target":["https:\/\/www.savoiaterme.it\/de\/spa\/day-spa\/"]}]},{"@type":"ImageObject","inLanguage":"de","@id":"https:\/\/www.savoiaterme.it\/de\/spa\/day-spa\/#primaryimage","url":"https:\/\/www.savoiaterme.it\/wp-content\/uploads\/2021\/10\/easy-all-day-hotel-savoia-terme-abano-terme-banner.jpg","contentUrl":"https:\/\/www.savoiaterme.it\/wp-content\/uploads\/2021\/10\/easy-all-day-hotel-savoia-terme-abano-terme-banner.jpg","width":2000,"height":714},{"@type":"BreadcrumbList","@id":"https:\/\/www.savoiaterme.it\/de\/spa\/day-spa\/#breadcrumb","itemListElement":[{"@type":"ListItem","position":1,"name":"","item":"https:\/\/www.savoiaterme.it\/de\/"},{"@type":"ListItem","position":2,"name":"Thermen und Spa","item":"https:\/\/www.savoiaterme.it\/de\/spa\/"},{"@type":"ListItem","position":3,"name":"Day Spa &#038; Easy All Day"}]},{"@type":"WebSite","@id":"https:\/\/www.savoiaterme.it\/de\/#website","url":"https:\/\/www.savoiaterme.it\/de\/","name":"Hotel Savoia Therm\u00e6 &amp; Spa","description":"ABANO TERME","potentialAction":[{"@type":"SearchAction","target":{"@type":"EntryPoint","urlTemplate":"https:\/\/www.savoiaterme.it\/de\/?s={search_term_string}"},"query-input":{"@type":"PropertyValueSpecification","valueRequired":true,"valueName":"search_term_string"}}],"inLanguage":"de"}]}},"coauthors":[],"author_meta":{"author_link":"https:\/\/www.savoiaterme.it\/de\/author\/sav014-t3rm294k\/","display_name":"sav014-t3rm294k"},"relative_dates":{"created":"Posted 5\u00a0Jahren ago","modified":"Updated 1\u00a0Tag ago"},"absolute_dates":{"created":"Posted on Oktober 4, 2021","modified":"Updated on April 30, 2026"},"absolute_dates_time":{"created":"Posted on Oktober 4, 2021 10:47 a.m.","modified":"Updated on April 30, 2026 9:48 a.m."},"featured_img_caption":"","featured_img":"https:\/\/www.savoiaterme.it\/wp-content\/uploads\/2021\/10\/easy-all-day-hotel-savoia-terme-abano-terme-banner-1568x560.jpg","series_order":"","_links":{"self":[{"href":"https:\/\/www.savoiaterme.it\/de\/wp-json\/wp\/v2\/pages\/8685","targetHints":{"allow":["GET"]}}],"collection":[{"href":"https:\/\/www.savoiaterme.it\/de\/wp-json\/wp\/v2\/pages"}],"about":[{"href":"https:\/\/www.savoiaterme.it\/de\/wp-json\/wp\/v2\/types\/page"}],"author":[{"embeddable":true,"href":"https:\/\/www.savoiaterme.it\/de\/wp-json\/wp\/v2\/users\/1"}],"replies":[{"embeddable":true,"href":"https:\/\/www.savoiaterme.it\/de\/wp-json\/wp\/v2\/comments?post=8685"}],"version-history":[{"count":37,"href":"https:\/\/www.savoiaterme.it\/de\/wp-json\/wp\/v2\/pages\/8685\/revisions"}],"predecessor-version":[{"id":34243,"href":"https:\/\/www.savoiaterme.it\/de\/wp-json\/wp\/v2\/pages\/8685\/revisions\/34243"}],"up":[{"embeddable":true,"href":"https:\/\/www.savoiaterme.it\/de\/wp-json\/wp\/v2\/pages\/8741"}],"wp:featuredmedia":[{"embeddable":true,"href":"https:\/\/www.savoiaterme.it\/de\/wp-json\/wp\/v2\/media\/3686"}],"wp:attachment":[{"href":"https:\/\/www.savoiaterme.it\/de\/wp-json\/wp\/v2\/media?parent=8685"}],"curies":[{"name":"wp","href":"https:\/\/api.w.org\/{rel}","templated":true}]}}