{"id":30206,"date":"2025-07-22T11:26:37","date_gmt":"2025-07-22T09:26:37","guid":{"rendered":"https:\/\/www.savoiaterme.it\/easy-day-ingresso-giornaliero-spa-savoia\/"},"modified":"2026-03-27T12:20:18","modified_gmt":"2026-03-27T11:20:18","slug":"easy-day-acces-journee-spa-savoia","status":"publish","type":"page","link":"https:\/\/www.savoiaterme.it\/fr\/easy-day-acces-journee-spa-savoia\/","title":{"rendered":"Easy Day \u2013 Acc\u00e8s Journ\u00e9e SPA Savoia"},"content":{"rendered":"<div  class=\"grids-section grids-is-advanced\" style=\"--_gs-gap-desktop:0px 0px;--_gs-m-desktop:0 0 0 0;--_gs-p-desktop:0 0 0 0;--_gs-bg-desktop:transparent none;--_gs-bg-xp-desktop:0px;--_gs-zi-desktop:auto;--_gs-d-desktop:none;--_gs-mw-desktop:calc(100% - 0 - 0);--_gs-gap-tablet:0px 0px;--_gs-m-tablet:0 0 0 0;--_gs-p-tablet:0 0 0 0;--_gs-bg-tablet:transparent none;--_gs-bg-xp-tablet:0px;--_gs-zi-tablet:auto;--_gs-d-tablet:none;--_gs-mw-tablet:calc(100% - 0 - 0);--_gs-gap-mobile:0px 0px;--_gs-m-mobile:0 0 0 0;--_gs-p-mobile:0 0 0 0;--_gs-bg-mobile:transparent none;--_gs-bg-xp-mobile:0px;--_gs-zi-mobile:auto;--_gs-d-mobile:none;--_gs-mw-mobile:calc(100% - 0 - 0);--_gs-columns:12;--_gs-rows:6\"><div class=\"grids-s-w_i\">\n<div class=\"grids-area\" style=\"--_ga-column:2\/12;--_ga-row:1\/7;--_ga-m-desktop:0 0 0 0;--_ga-p-desktop:0 0 0 0;--_ga-bg-desktop:transparent none;--_ga-zi-desktop:auto;--_ga-d-desktop:flex;--_ga-mw-desktop:calc(100% - 0 - 0);--_ga-m-tablet:0 0 0 0;--_ga-p-tablet:0 0 0 0;--_ga-bg-tablet:transparent none;--_ga-zi-tablet:auto;--_ga-d-tablet:flex;--_ga-mw-tablet:calc(100% - 0 - 0);--_ga-m-mobile:0 0 0 0;--_ga-p-mobile:0 0 0 0;--_ga-bg-mobile:transparent none;--_ga-zi-mobile:auto;--_ga-d-mobile:flex;--_ga-mw-mobile:calc(100% - 0 - 0)\">\n\n<h2 class=\"wp-block-heading has-text-align-center\"><strong>Alla scoperta del comfort assoluto<\/strong><\/h2>\n\n<\/div>\n<\/div><\/div>\n\n<div  class=\"grids-section grids-is-advanced\" style=\"--_gs-gap-desktop:0px 0px;--_gs-m-desktop:0 0 0 0;--_gs-p-desktop:0 0 0 0;--_gs-bg-desktop:transparent none;--_gs-bg-xp-desktop:0px;--_gs-zi-desktop:auto;--_gs-d-desktop:block;--_gs-mw-desktop:calc(100% - 0 - 0);--_gs-gap-tablet:0px 0px;--_gs-m-tablet:0 0 0 0;--_gs-p-tablet:0 0 0 0;--_gs-bg-tablet:transparent none;--_gs-bg-xp-tablet:0px;--_gs-zi-tablet:auto;--_gs-d-tablet:block;--_gs-mw-tablet:calc(100% - 0 - 0);--_gs-gap-mobile:0px 0px;--_gs-m-mobile:0 0 0 0;--_gs-p-mobile:0 0 0 0;--_gs-bg-mobile:transparent none;--_gs-bg-xp-mobile:0px;--_gs-zi-mobile:auto;--_gs-d-mobile:block;--_gs-mw-mobile:calc(100% - 0 - 0);--_gs-columns:12;--_gs-rows:6\"><div class=\"grids-s-w_i\">\n<div class=\"grids-area\" style=\"--_ga-column:2\/12;--_ga-row:1\/7;--_ga-m-desktop:0 0 0 0;--_ga-p-desktop:0 0 0 0;--_ga-bg-desktop:transparent none;--_ga-zi-desktop:auto;--_ga-d-desktop:flex;--_ga-mw-desktop:calc(100% - 0 - 0);--_ga-m-tablet:0 0 0 0;--_ga-p-tablet:0 0 0 0;--_ga-bg-tablet:transparent none;--_ga-zi-tablet:auto;--_ga-d-tablet:flex;--_ga-mw-tablet:calc(100% - 0 - 0);--_ga-m-mobile:0 0 0 0;--_ga-p-mobile:0 0 0 0;--_ga-bg-mobile:transparent none;--_ga-zi-mobile:auto;--_ga-d-mobile:flex;--_ga-mw-mobile:calc(100% - 0 - 0)\">\n\n<h2 class=\"wp-block-heading\">\ud83c\udf3f Bien-\u00eatre sans limites, m\u00eame sans nuit\u00e9e.<\/h2>\n\n\n\n<p>D\u00e9couvrez une oasis de d\u00e9tente au c\u0153ur des Collines Eugan\u00e9ennes : l\u2019Hotel Savoia Therm\u00e6 &amp; SPA ouvre les portes de son espace bien-\u00eatre exclusif, m\u00eame sans r\u00e9servation de chambre. Une exp\u00e9rience thermale compl\u00e8te vous attend au c\u0153ur d\u2019Abano Terme, o\u00f9 chaque d\u00e9tail est pens\u00e9 pour r\u00e9g\u00e9n\u00e9rer le corps et l\u2019esprit.<br>Laissez-vous envelopper par la chaleur des eaux thermales, plongez dans une atmosph\u00e8re apaisante et oubliez le stress du quotidien. Que vous ayez envie d\u2019une pause en semaine ou d\u2019une journ\u00e9e sp\u00e9ciale le week-end, <strong>Easy Day<\/strong> est la solution id\u00e9ale.<\/p>\n\n<\/div>\n<\/div><\/div>\n\n<div  class=\"grids-section grids-is-advanced\" style=\"--_gs-gap-desktop:0px 0px;--_gs-m-desktop:0 0 0 0;--_gs-p-desktop:0 0 0 0;--_gs-bg-desktop:transparent none;--_gs-bg-xp-desktop:0px;--_gs-zi-desktop:auto;--_gs-d-desktop:block;--_gs-mw-desktop:calc(100% - 0 - 0);--_gs-gap-tablet:0px 0px;--_gs-m-tablet:0 0 0 0;--_gs-p-tablet:0 0 0 0;--_gs-bg-tablet:transparent none;--_gs-bg-xp-tablet:0px;--_gs-zi-tablet:auto;--_gs-d-tablet:block;--_gs-mw-tablet:calc(100% - 0 - 0);--_gs-gap-mobile:0px 0px;--_gs-m-mobile:0 0 0 0;--_gs-p-mobile:0 0 0 0;--_gs-bg-mobile:transparent none;--_gs-bg-xp-mobile:0px;--_gs-zi-mobile:auto;--_gs-d-mobile:block;--_gs-mw-mobile:calc(100% - 0 - 0);--_gs-columns:12;--_gs-rows:6\"><div class=\"grids-s-w_i\">\n<div class=\"grids-area\" style=\"--_ga-column:2\/7;--_ga-row:1\/7;--_ga-m-desktop:0 0 0 0;--_ga-p-desktop:0 0 0 0;--_ga-bg-desktop:transparent none;--_ga-zi-desktop:auto;--_ga-d-desktop:flex;--_ga-mw-desktop:calc(100% - 0 - 0);--_ga-m-tablet:0 0 0 0;--_ga-p-tablet:0 0 0 0;--_ga-bg-tablet:transparent none;--_ga-zi-tablet:auto;--_ga-d-tablet:flex;--_ga-mw-tablet:calc(100% - 0 - 0);--_ga-m-mobile:0 0 0 0;--_ga-p-mobile:0 0 0 0;--_ga-bg-mobile:transparent none;--_ga-zi-mobile:auto;--_ga-d-mobile:flex;--_ga-mw-mobile:calc(100% - 0 - 0)\">\n\n<h2 class=\"wp-block-heading\">\ud83c\udfca\u200d\u2642\ufe0f Ce que comprend l\u2019acc\u00e8s journ\u00e9e Easy Day :<\/h2>\n\n\n\n<ul class=\"wp-block-list\">\n<li>Acc\u00e8s libre aux <strong>3 piscines thermales<\/strong> (2 communicantes), avec hydromassages et cascades cervicales, actives <strong>de 9h00 \u00e0 22h00<\/strong><\/li>\n\n\n\n<li>Acc\u00e8s au SPA de <strong>10h00 \u00e0 21h00<\/strong>, avec\u202f:\n<ul class=\"wp-block-list\">\n<li>Sauna<\/li>\n\n\n\n<li>Hammam<\/li>\n\n\n\n<li>Douches \u00e9motionnelles<\/li>\n\n\n\n<li>Tunnel sensoriel avec parcours Kneipp<\/li>\n<\/ul>\n<\/li>\n\n\n\n<li>Salle de <strong>fitness Tecnogym\u00ae<\/strong> \u00e9quip\u00e9e pour votre bien-\u00eatre actif<\/li>\n\n\n\n<li>S\u00e9ances <strong>d\u2019aquagym<\/strong> dans la piscine thermale du mardi au samedi<\/li>\n\n\n\n<li><strong>Casier personnel \u00e0 code<\/strong><\/li>\n\n\n\n<li><strong>Peignoir et serviette inclus<\/strong><\/li>\n\n\n\n<li>Infusions Bien-\u00catre \u00e0 la <strong>Beauty Farm<\/strong> et <strong>Fontaine de Vie<\/strong> avec eau naturelle d\u2019Abano Terme \u00e0 disposition<\/li>\n<\/ul>\n\n<\/div>\n\n<div class=\"grids-area\" style=\"--_ga-column:8\/12;--_ga-row:1\/7;--_ga-m-desktop:0 0 0 0;--_ga-p-desktop:0 0 0 0;--_ga-bg-desktop:transparent none;--_ga-zi-desktop:auto;--_ga-d-desktop:flex;--_ga-mw-desktop:calc(100% - 0 - 0);--_ga-m-tablet:0 0 0 0;--_ga-p-tablet:0 0 0 0;--_ga-bg-tablet:transparent none;--_ga-zi-tablet:auto;--_ga-d-tablet:flex;--_ga-mw-tablet:calc(100% - 0 - 0);--_ga-m-mobile:0 0 0 0;--_ga-p-mobile:0 0 0 0;--_ga-bg-mobile:transparent none;--_ga-zi-mobile:auto;--_ga-d-mobile:flex;--_ga-mw-mobile:calc(100% - 0 - 0)\">\n\n<h2 class=\"wp-block-heading\">\ud83d\udcb6 Tarifs Easy Day (par personne)<\/h2>\n\n\n\n<p>NOUVEAUT\u00c9\u202f! Vous pouvez r\u00e9gler en <strong>3 mensualit\u00e9s avec Scalapay.<\/strong><\/p>\n\n\n\n<ul class=\"wp-block-list\">\n<li><strong>Lundi \u2013 Vendredi<\/strong> : 40,00\u202f\u20ac<\/li>\n\n\n\n<li><strong>Samedi \u2013 Dimanche<\/strong> : 50,00\u202f\u20ac<\/li>\n\n\n\n<li><strong>Jours f\u00e9ri\u00e9s <\/strong>: 55,00\u202f\u20ac<\/li>\n<\/ul>\n\n<\/div>\n<\/div><\/div>\n\n<div  class=\"grids-section grids-is-advanced\" style=\"--_gs-gap-desktop:0px 0px;--_gs-m-desktop:0 0 0 0;--_gs-p-desktop:0 0 0 0;--_gs-bg-desktop:transparent none;--_gs-bg-xp-desktop:0px;--_gs-zi-desktop:auto;--_gs-d-desktop:block;--_gs-mw-desktop:calc(100% - 0 - 0);--_gs-gap-tablet:0px 0px;--_gs-m-tablet:0 0 0 0;--_gs-p-tablet:0 0 0 0;--_gs-bg-tablet:transparent none;--_gs-bg-xp-tablet:0px;--_gs-zi-tablet:auto;--_gs-d-tablet:block;--_gs-mw-tablet:calc(100% - 0 - 0);--_gs-gap-mobile:0px 0px;--_gs-m-mobile:0 0 0 0;--_gs-p-mobile:0 0 0 0;--_gs-bg-mobile:transparent none;--_gs-bg-xp-mobile:0px;--_gs-zi-mobile:auto;--_gs-d-mobile:block;--_gs-mw-mobile:calc(100% - 0 - 0);--_gs-columns:12;--_gs-rows:6\"><div class=\"grids-s-w_i\">\n<div class=\"grids-area\" style=\"--_ga-column:2\/12;--_ga-row:1\/7;--_ga-m-desktop:0 0 0 0;--_ga-p-desktop:0 0 0 0;--_ga-bg-desktop:transparent none;--_ga-zi-desktop:auto;--_ga-d-desktop:flex;--_ga-mw-desktop:calc(100% - 0 - 0);--_ga-m-tablet:0 0 0 0;--_ga-p-tablet:0 0 0 0;--_ga-bg-tablet:transparent none;--_ga-zi-tablet:auto;--_ga-d-tablet:flex;--_ga-mw-tablet:calc(100% - 0 - 0);--_ga-m-mobile:0 0 0 0;--_ga-p-mobile:0 0 0 0;--_ga-bg-mobile:transparent none;--_ga-zi-mobile:auto;--_ga-d-mobile:flex;--_ga-mw-mobile:calc(100% - 0 - 0)\">\n\n<h3 class=\"wp-block-heading has-text-align-center\"><strong>\ud83c\udf9f\ufe0f Une journ\u00e9e rien que pour vous<\/strong><\/h3>\n\n\n\n<p class=\"has-text-align-center\">Offrez-vous une parenth\u00e8se rien qu\u2019\u00e0 vous, ou partagez-la avec la personne que vous aimez.<br>Le voucher Easy Day est valable 12 mois et permet de r\u00e9server la date ult\u00e9rieurement, selon disponibilit\u00e9.<\/p>\n\n\n\n<a href=\"https:\/\/www.simplebooking.it\/ibe\/minishop\/?hid=5688&amp;lang=fr&amp;_ga=2.58432682.1653274968.1631085932-2069797801.1561632741&amp;_gl=1*ojuxx2*_ga*Mzk2OTM5MzIwLjE3NDEzMzc0MDI.*_ga_5L86TC9VW3*czE3NTMxNjU1MzQkbzUxJGcxJHQxNzUzMTY3MTMzJGo2MCRsMCRoNTQ3OTI3NTY4#product&amp;productId=131\" target=\"blank\" class=\"btn only-borders broken_link\" style=\"margin:20px auto!important;\" rel=\"noopener\">Acheter le voucher Easy Day<\/a>\n\n\n<a href=\"#\" class=\"btn btn-share \" container-id=\"sharingButtons_2\">\n    Partagez l'exp\u00e9rience    <i class=\"far fa-share-alt\"><\/i>\n<\/a>\n\n<a href=\"#\" class=\"btn-share sharing-button\" container-id=\"sharingButtons_2\">\n    <i class=\"far fa-share-alt\"><\/i>\n<\/a>\n\n<div class=\"sharing-buttons-content\" id=\"sharingButtons_2\">\n    <div class=\"content\">\n        <span class=\"close\"><i class=\"fas fa-times\"><\/i><\/span>\n        <span class=\"title\">Partagez avec votre ch\u00e9ri<\/span>\n\n        <a href=\"https:\/\/api.whatsapp.com\/send?text=J%27ai+trouv%C3%A9+l%27exp%C3%A9rience+d%27%C3%A9vasion+au+spa+parfaite%C2%A0%21+https%3A%2F%2Fwww.savoiaterme.it%2Ffr%2Feasy-day-acces-journee-spa-savoia%2F%3Futm_source%3Dshare_button%26utm_medium%3Dshare_button_website%26utm_campaign%3Dshare_button\" class=\"btn-share-social\" target=\"_blank\">\n            <i class=\"fab fa-whatsapp\"><\/i>\n            WhatsApp        <\/a>\n        <a href=\"https:\/\/t.me\/share\/url?url=https%3A%2F%2Fwww.savoiaterme.it%2Ffr%2Feasy-day-acces-journee-spa-savoia%2F%3Futm_source%3Dshare_button%26utm_medium%3Dshare_button_website%26utm_campaign%3Dshare_button&text=J%27ai+trouv%C3%A9+l%27exp%C3%A9rience+d%27%C3%A9vasion+au+spa+parfaite%C2%A0%21\" class=\"btn-share-social\" target=\"_blank\">\n            <i class=\"fab fa-telegram-plane\"><\/i>\n            Telegram        <\/a>\n        <a href=\"mailto:?subject=J%27ai+trouv%C3%A9+l%27exp%C3%A9rience+d%27%C3%A9vasion+au+spa+parfaite%C2%A0%21&body=https%3A%2F%2Fwww.savoiaterme.it%2Ffr%2Feasy-day-acces-journee-spa-savoia%2F%3Futm_source%3Dshare_button%26utm_medium%3Dshare_button_website%26utm_campaign%3Dshare_button\" class=\"btn-share-social\" target=\"_blank\">\n            <i class=\"fas fa-envelope\"><\/i>\n            Mail        <\/a>\n\n        <span class=\"title\">Informez vos amis de l'offre<\/span>\n\n                    <a href=\"https:\/\/www.facebook.com\/sharer\/sharer.php?u=https%3A%2F%2Fwww.savoiaterme.it%2Ffr%2Feasy-day-acces-journee-spa-savoia%2F%3Futm_source%3Dshare_button%26utm_medium%3Dshare_button_website%26utm_campaign%3Dshare_button&quote=\" class=\"btn-share-social\" target=\"_blank\">\n                <i class=\"fab fa-facebook\"><\/i>\n                Facebook            <\/a>\n        \n        <a href=\"https:\/\/www.savoiaterme.it\/fr\/easy-day-acces-journee-spa-savoia\/?utm_source=share_button&utm_medium=share_button_website&utm_campaign=share_button\" class=\"btn-share-social btn-copy-clipboard\" target=\"_blank\" copied-text=\"Copi\u00e9!\">\n            <i class=\"fal fa-link\"><\/i>\n            Copier le lien        <\/a>\n    <\/div>\n<\/div>\n\n<\/div>\n<\/div><\/div>\n\n<div  class=\"grids-section grids-is-advanced alignfull\" style=\"--_gs-gap-desktop:0px 0px;--_gs-m-desktop:0 0 0 0;--_gs-p-desktop:0 0 0 0;--_gs-bg-desktop:transparent none;--_gs-bg-xp-desktop:0px;--_gs-zi-desktop:auto;--_gs-d-desktop:block;--_gs-mw-desktop:calc(100% - 0 - 0);--_gs-gap-tablet:0px 0px;--_gs-m-tablet:0 0 0 0;--_gs-p-tablet:0 0 0 0;--_gs-bg-tablet:transparent none;--_gs-bg-xp-tablet:0px;--_gs-zi-tablet:auto;--_gs-d-tablet:block;--_gs-mw-tablet:calc(100% - 0 - 0);--_gs-gap-mobile:0px 0px;--_gs-m-mobile:10px 0 20px 0;--_gs-p-mobile:0 20px 0 20px;--_gs-bg-mobile:transparent none;--_gs-bg-xp-mobile:0px;--_gs-zi-mobile:auto;--_gs-d-mobile:block;--_gs-mw-mobile:calc(100% - 0 - 0);--_gs-columns:12;--_gs-rows:6\"><div class=\"grids-s-w_i\">\n<div class=\"grids-area\" style=\"--_ga-column:2\/7;--_ga-row:1\/7;--_ga-va:center;--_ga-m-desktop:0 20px 0 0;--_ga-p-desktop:0 0 0 0;--_ga-bg-desktop:transparent none;--_ga-zi-desktop:auto;--_ga-d-desktop:flex;--_ga-mw-desktop:calc(100% - 0 - 20px);--_ga-m-tablet:0 0px 0 0;--_ga-p-tablet:0 0 0 0;--_ga-bg-tablet:transparent none;--_ga-zi-tablet:auto;--_ga-d-tablet:flex;--_ga-mw-tablet:calc(100% - 0 - 0px);--_ga-m-mobile:0 0px 0 0;--_ga-p-mobile:20px 0 20px 0;--_ga-bg-mobile:transparent none;--_ga-zi-mobile:auto;--_ga-d-mobile:flex;--_ga-mw-mobile:calc(100% - 0 - 0px)\">\n\n<h2 class=\"wp-block-heading\" id=\"spa-oasi-del-relax\"><strong>\ud83c\udf74 Pause d\u00e9jeuner entre bien-\u00eatre et saveurs<\/strong><\/h2>\n\n\n\n<p>Prendre une pause d\u00e9jeuner pendant votre journ\u00e9e Easy Day fait partie de l\u2019exp\u00e9rience bien-\u00eatre.<br><br>\ud83e\udd57 <strong>The Club Bar<\/strong><br>\u00c0 c\u00f4t\u00e9 de l\u2019espace bien-\u00eatre, The Club Bar est id\u00e9al pour une pause l\u00e9g\u00e8re et rapide. Salades fra\u00eeches, sandwichs gourmets et plats froids \u00e0 savourer confortablement en peignoir, entre deux soins.<br>\ud83d\udc49 <a href=\"https:\/\/savoiaguest.savoiaterme.it\/fr\/menu-du-bar\/\" target=\"_blank\" rel=\"noreferrer noopener\">D\u00e9couvrez le menu du Club Bar<\/a><br><br>\ud83c\udf7d\ufe0f <strong>Restaurant \u201cIl Savoiardo\u201d<\/strong><br>Pour ceux qui recherchent une exp\u00e9rience gastronomique compl\u00e8te, Il Savoiardo propose un menu \u00e0 la carte inspir\u00e9 de la tradition v\u00e9nitienne et m\u00e9diterran\u00e9enne, dans un cadre \u00e9l\u00e9gant et apaisant.<br>\ud83d\udc49 <a href=\"https:\/\/savoiaguest.savoiaterme.it\/fr\/menu-du-restaurant\/\" target=\"_blank\" rel=\"noreferrer noopener\">D\u00e9couvrez le menu du jour<\/a><\/p>\n\n<\/div>\n\n<div class=\"grids-area\" style=\"--_ga-column:7\/12;--_ga-row:1\/7;--_ga-va:center;--_ga-m-desktop:0 0 0 20px;--_ga-p-desktop:0 0 0 0;--_ga-bg-desktop:transparent none;--_ga-zi-desktop:auto;--_ga-d-desktop:flex;--_ga-mw-desktop:calc(100% - 20px - 0);--_ga-m-tablet:0 0 0 0px;--_ga-p-tablet:0 0 0 0;--_ga-bg-tablet:transparent none;--_ga-zi-tablet:auto;--_ga-d-tablet:flex;--_ga-mw-tablet:calc(100% - 0px - 0);--_ga-m-mobile:0 0 0 0px;--_ga-p-mobile:0 0 0 0;--_ga-bg-mobile:transparent none;--_ga-zi-mobile:auto;--_ga-d-mobile:flex;--_ga-mw-mobile:calc(100% - 0px - 0)\">\n\n    <div class=\"custom-gallery-wrapper\">\n                <span class=\"enable-fullscreen\" onclick=\"showHideFotorama('custom-gallery_1', 0);\">\n            <i class=\"far fa-expand\"><\/i>\n        <\/span>\n                            <figure class=\"full-width gallery-wrapper-image gallery-wrapper-image-0\" onclick=\"showHideFotorama('custom-gallery_1', 0);\" style=\"background-color: #a17e6e;\">\n                <img decoding=\"async\" class=\"gallery-wrapper-image-small\" src=\"https:\/\/www.savoiaterme.it\/wp-content\/uploads\/2021\/10\/cucina-gourmet-ristorante-savoiardo-hotel-savoia-terme-abano.jpg\">\n            <\/figure>\n                                <figure class=\"full-width gallery-wrapper-image gallery-wrapper-image-1\" onclick=\"showHideFotorama('custom-gallery_1', 1);\" style=\"background-color: #7b7565;\">\n                <img decoding=\"async\" class=\"gallery-wrapper-image-small\" src=\"https:\/\/www.savoiaterme.it\/wp-content\/uploads\/2021\/10\/bar-gallery-piscina-aperitivo-hotel-savoia-terme-abano.jpg\">\n            <\/figure>\n                                <figure class=\"full-width gallery-wrapper-image gallery-wrapper-image-2\" onclick=\"showHideFotorama('custom-gallery_1', 2);\" style=\"background-color: #c39e82;\">\n                <img decoding=\"async\" class=\"gallery-wrapper-image-small\" src=\"https:\/\/www.savoiaterme.it\/wp-content\/uploads\/2021\/10\/cucina-gourmet-gallery-tartare-hotel-savoia-terme-abano.jpg\">\n            <\/figure>\n                        <\/div>\n\n    <div style=\"width:1px;height:1px;position:absolute;\" name=\"fotorama\" id=\"custom-gallery_1\" class=\"fotorama\" data-width=\"100%\"  data-nav=\"thumbs\"  data-allowfullscreen=\"true\" >\n                    <img decoding=\"async\" src=\"https:\/\/www.savoiaterme.it\/wp-content\/uploads\/2021\/10\/cucina-gourmet-ristorante-savoiardo-hotel-savoia-terme-abano.jpg\" class=\"attachment-full skip-lazy\" \/>\n                    <img decoding=\"async\" src=\"https:\/\/www.savoiaterme.it\/wp-content\/uploads\/2021\/10\/bar-gallery-piscina-aperitivo-hotel-savoia-terme-abano.jpg\" class=\"attachment-full skip-lazy\" \/>\n                    <img decoding=\"async\" src=\"https:\/\/www.savoiaterme.it\/wp-content\/uploads\/2021\/10\/cucina-gourmet-gallery-tartare-hotel-savoia-terme-abano.jpg\" class=\"attachment-full skip-lazy\" \/>\n            <\/div>\n\n\n\n<\/div>\n<\/div><\/div>\n\n<div  class=\"grids-section grids-is-advanced\" style=\"--_gs-gap-desktop:0px 0px;--_gs-m-desktop:0 0 0 0;--_gs-p-desktop:0 0 0 0;--_gs-bg-desktop:transparent none;--_gs-bg-xp-desktop:0px;--_gs-zi-desktop:auto;--_gs-d-desktop:block;--_gs-mw-desktop:calc(100% - 0 - 0);--_gs-gap-tablet:0px 0px;--_gs-m-tablet:0 0 0 0;--_gs-p-tablet:0 0 0 0;--_gs-bg-tablet:transparent none;--_gs-bg-xp-tablet:0px;--_gs-zi-tablet:auto;--_gs-d-tablet:block;--_gs-mw-tablet:calc(100% - 0 - 0);--_gs-gap-mobile:0px 0px;--_gs-m-mobile:0 0 0 0;--_gs-p-mobile:0 0 0 0;--_gs-bg-mobile:transparent none;--_gs-bg-xp-mobile:0px;--_gs-zi-mobile:auto;--_gs-d-mobile:block;--_gs-mw-mobile:calc(100% - 0 - 0);--_gs-columns:12;--_gs-rows:6\"><div class=\"grids-s-w_i\">\n<div class=\"grids-area\" style=\"--_ga-column:8\/12;--_ga-row:1\/7;--_ga-va:center;--_ga-m-desktop:0 0 0 0;--_ga-p-desktop:0 0 0 0;--_ga-bg-desktop:transparent none;--_ga-zi-desktop:auto;--_ga-d-desktop:flex;--_ga-mw-desktop:calc(100% - 0 - 0);--_ga-m-tablet:0 0 0 0;--_ga-p-tablet:0 0 0 0;--_ga-bg-tablet:transparent none;--_ga-zi-tablet:auto;--_ga-d-tablet:flex;--_ga-mw-tablet:calc(100% - 0 - 0);--_ga-m-mobile:0 0 0 0;--_ga-p-mobile:0 0 0 0;--_ga-bg-mobile:transparent none;--_ga-zi-mobile:auto;--_ga-d-mobile:flex;--_ga-mw-mobile:calc(100% - 0 - 0)\">\n\n<h3 class=\"wp-block-heading\"><strong>\ud83d\udc86\u200d\u2640\ufe0f Soins SPA : offrez-vous un moment encore plus sp\u00e9cial<\/strong><\/h3>\n\n\n\n<p>Si vous souhaitez enrichir votre journ\u00e9e Easy Day avec un soin exclusif, notre \u00e9quipe SPA est \u00e0 votre disposition pour vous aider \u00e0 choisir la formule la plus adapt\u00e9e. Massages relaxants, rituels r\u00e9g\u00e9n\u00e9rants, soins visage et corps : laissez-vous choyer par les gestes experts de nos praticiennes dans une ambiance intime et raffin\u00e9e.<br><br>\ud83d\udce7 R\u00e9servez votre soin en \u00e9crivant \u00e0 <a href=\"mailto:spa@savoiaterme.it\">spa@savoiaterme.it<\/a><br>\ud83d\udcde Ou appelez-nous au <strong><a href=\"tel:+390498231111\">+39 049 82 31 111<\/a><\/strong> (touche 2)<br>\ud83d\udc49 <a href=\"https:\/\/www.savoiaterme.it\/fr\/spa-menu\/\">D\u00e9couvrez tous les soins disponibles dans notre menu SPA<\/a><\/p>\n\n<\/div>\n\n<div class=\"grids-area\" style=\"--_ga-column:2\/7;--_ga-row:1\/7;--_ga-m-desktop:0 0 0 0;--_ga-p-desktop:0 0 0 0;--_ga-bg-desktop:transparent none;--_ga-zi-desktop:auto;--_ga-d-desktop:flex;--_ga-mw-desktop:calc(100% - 0 - 0);--_ga-m-tablet:0 0 0 0;--_ga-p-tablet:0 0 0 0;--_ga-bg-tablet:transparent none;--_ga-zi-tablet:auto;--_ga-d-tablet:flex;--_ga-mw-tablet:calc(100% - 0 - 0);--_ga-m-mobile:0 0 0 0;--_ga-p-mobile:0 0 0 0;--_ga-bg-mobile:transparent none;--_ga-zi-mobile:auto;--_ga-d-mobile:flex;--_ga-mw-mobile:calc(100% - 0 - 0)\">\n\n    <div class=\"custom-gallery-wrapper\">\n                <span class=\"enable-fullscreen\" onclick=\"showHideFotorama('custom-gallery_2', 0);\">\n            <i class=\"far fa-expand\"><\/i>\n        <\/span>\n                            <figure class=\"full-width gallery-wrapper-image gallery-wrapper-image-0\" onclick=\"showHideFotorama('custom-gallery_2', 0);\" style=\"background-color: #8e0e24;\">\n                <img decoding=\"async\" class=\"gallery-wrapper-image-small\" src=\"https:\/\/www.savoiaterme.it\/wp-content\/uploads\/2023\/09\/uomo-in-doccia-nella-spa-allhotel-savoia-terme.jpg\">\n            <\/figure>\n                                <figure class=\"full-width gallery-wrapper-image gallery-wrapper-image-1\" onclick=\"showHideFotorama('custom-gallery_2', 1);\" style=\"background-color: #382b5b;\">\n                <img decoding=\"async\" class=\"gallery-wrapper-image-small\" src=\"https:\/\/www.savoiaterme.it\/wp-content\/uploads\/2023\/09\/signora-in-zona-spa-emozionale-allhotel-savoia-di-abano-terme.jpg\">\n            <\/figure>\n                                <figure class=\"full-width gallery-wrapper-image gallery-wrapper-image-2\" onclick=\"showHideFotorama('custom-gallery_2', 2);\" style=\"background-color: #606b58;\">\n                <img decoding=\"async\" class=\"gallery-wrapper-image-small\" src=\"https:\/\/www.savoiaterme.it\/wp-content\/uploads\/2024\/02\/spa-wellness-savoia-6.jpg\">\n            <\/figure>\n                        <\/div>\n\n    <div style=\"width:1px;height:1px;position:absolute;\" name=\"fotorama\" id=\"custom-gallery_2\" class=\"fotorama\" data-width=\"100%\"  data-nav=\"thumbs\"  data-allowfullscreen=\"true\" >\n                    <img decoding=\"async\" src=\"https:\/\/www.savoiaterme.it\/wp-content\/uploads\/2023\/09\/uomo-in-doccia-nella-spa-allhotel-savoia-terme.jpg\" class=\"attachment-full skip-lazy\" \/>\n                    <img decoding=\"async\" src=\"https:\/\/www.savoiaterme.it\/wp-content\/uploads\/2023\/09\/signora-in-zona-spa-emozionale-allhotel-savoia-di-abano-terme.jpg\" class=\"attachment-full skip-lazy\" \/>\n                    <img decoding=\"async\" src=\"https:\/\/www.savoiaterme.it\/wp-content\/uploads\/2024\/02\/spa-wellness-savoia-6.jpg\" class=\"attachment-full skip-lazy\" \/>\n            <\/div>\n\n\n\n<\/div>\n<\/div><\/div>\n\n<div  class=\"grids-section grids-is-advanced\" style=\"--_gs-gap-desktop:0px 0px;--_gs-m-desktop:0 0 0 0;--_gs-p-desktop:0 0 0 0;--_gs-bg-desktop:transparent none;--_gs-bg-xp-desktop:0px;--_gs-zi-desktop:auto;--_gs-d-desktop:block;--_gs-mw-desktop:calc(100% - 0 - 0);--_gs-gap-tablet:0px 0px;--_gs-m-tablet:0 0 0 0;--_gs-p-tablet:0 0 0 0;--_gs-bg-tablet:transparent none;--_gs-bg-xp-tablet:0px;--_gs-zi-tablet:auto;--_gs-d-tablet:block;--_gs-mw-tablet:calc(100% - 0 - 0);--_gs-gap-mobile:0px 0px;--_gs-m-mobile:0 0 0 0;--_gs-p-mobile:0 0 0 0;--_gs-bg-mobile:transparent none;--_gs-bg-xp-mobile:0px;--_gs-zi-mobile:auto;--_gs-d-mobile:block;--_gs-mw-mobile:calc(100% - 0 - 0);--_gs-columns:12;--_gs-rows:6\"><div class=\"grids-s-w_i\">\n<div class=\"grids-area\" style=\"--_ga-column:2\/7;--_ga-row:1\/3;--_ga-m-desktop:0 0 0 0;--_ga-p-desktop:0 0 0 0;--_ga-bg-desktop:transparent none;--_ga-zi-desktop:auto;--_ga-d-desktop:flex;--_ga-mw-desktop:calc(100% - 0 - 0);--_ga-m-tablet:0 0 0 0;--_ga-p-tablet:0 0 0 0;--_ga-bg-tablet:transparent none;--_ga-zi-tablet:auto;--_ga-d-tablet:flex;--_ga-mw-tablet:calc(100% - 0 - 0);--_ga-m-mobile:0 0 0 0;--_ga-p-mobile:0 0 0 0;--_ga-bg-mobile:transparent none;--_ga-zi-mobile:auto;--_ga-d-mobile:flex;--_ga-mw-mobile:calc(100% - 0 - 0)\">\n\n<h3 class=\"wp-block-heading\"><strong>\u2139\ufe0f Informations utiles<\/strong><\/h3>\n\n\n\n<ul class=\"wp-block-list\">\n<li><em>R\u00e9servation possible uniquement \u00e0 <strong>proximit\u00e9 de la date souhait\u00e9e<\/strong><\/em><\/li>\n\n\n\n<li><em><strong>Acc\u00e8s autoris\u00e9 \u00e0 partir de 13 ans<\/strong> si accompagn\u00e9 d\u2019un parent<\/em><\/li>\n\n\n\n<li><em>Une pi\u00e8ce d\u2019identit\u00e9 valide est requise lors du check-in<\/em><\/li>\n\n\n\n<li><em>Il est interdit de plonger, jouer au ballon ou courir, afin de pr\u00e9server la tranquillit\u00e9 des lieux<\/em><\/li>\n\n\n\n<li><em>Nous vous prions de garder un ton de voix bas et d\u2019\u00e9teindre ou mettre en silencieux votre t\u00e9l\u00e9phone portable \u00e0 l\u2019int\u00e9rieur du SPA<\/em><\/li>\n\n\n\n<li><em>L\u2019acc\u00e8s au SPA n\u2019est pas autoris\u00e9 aux moins de 18 ans<\/em><\/li>\n\n\n\n<li><em>Le port du bonnet de bain n\u2019est pas obligatoire<\/em><\/li>\n<\/ul>\n\n<\/div>\n\n<div class=\"grids-area\" style=\"--_ga-column:8\/12;--_ga-row:1\/3;--_ga-m-desktop:0 0 0 0;--_ga-p-desktop:0 0 0 0;--_ga-bg-desktop:transparent none;--_ga-zi-desktop:auto;--_ga-d-desktop:flex;--_ga-mw-desktop:calc(100% - 0 - 0);--_ga-m-tablet:0 0 0 0;--_ga-p-tablet:0 0 0 0;--_ga-bg-tablet:transparent none;--_ga-zi-tablet:auto;--_ga-d-tablet:flex;--_ga-mw-tablet:calc(100% - 0 - 0);--_ga-m-mobile:0 0 0 0;--_ga-p-mobile:0 0 0 0;--_ga-bg-mobile:transparent none;--_ga-zi-mobile:auto;--_ga-d-mobile:flex;--_ga-mw-mobile:calc(100% - 0 - 0)\">\n\n<h3 class=\"wp-block-heading\"><strong>\ud83d\udcc5 Jours f\u00e9ri\u00e9s consid\u00e9r\u00e9s\u202f:<\/strong><\/h3>\n\n\n\n<ul class=\"wp-block-list\">\n<li><strong>P\u00c2QUES<\/strong> : 4, 5, 6 avril<\/li>\n\n\n\n<li><strong>F\u00caTE DE LA LIB\u00c9RATION<\/strong> : 25 avril<\/li>\n\n\n\n<li><strong>F\u00caTE DU TRAVAIL<\/strong> : 1er, 2 mai<\/li>\n\n\n\n<li><strong>FERRAGOSTO<\/strong> : 14, 15, 16 ao\u00fbt<\/li>\n\n\n\n<li><strong>TOUSSAINT<\/strong> : 31 octobre, 1er novembre<\/li>\n\n\n\n<li><strong>F\u00caTE DE L\u2019IMMACUL\u00c9E CONCEPTION<\/strong> : 5, 6, 7, 8 d\u00e9cembre<\/li>\n\n\n\n<li><strong>NO\u00cbL ET NOUVEL AN<\/strong> : du 24 d\u00e9cembre 2026 au 10 janvier 2027<\/li>\n<\/ul>\n\n<\/div>\n\n<div class=\"grids-area\" style=\"--_ga-column:2\/12;--_ga-row:4\/7;--_ga-m-desktop:0 0 0 0;--_ga-p-desktop:0 0 0 0;--_ga-bg-desktop:transparent none;--_ga-zi-desktop:auto;--_ga-d-desktop:flex;--_ga-mw-desktop:calc(100% - 0 - 0);--_ga-m-tablet:0 0 0 0;--_ga-p-tablet:0 0 0 0;--_ga-bg-tablet:transparent none;--_ga-zi-tablet:auto;--_ga-d-tablet:flex;--_ga-mw-tablet:calc(100% - 0 - 0);--_ga-m-mobile:0 0 0 0;--_ga-p-mobile:0 0 0 0;--_ga-bg-mobile:transparent none;--_ga-zi-mobile:auto;--_ga-d-mobile:flex;--_ga-mw-mobile:calc(100% - 0 - 0)\">\n\n<div style=\"height:50px\" aria-hidden=\"true\" class=\"wp-block-spacer\"><\/div>\n\n\n\n<a href=\"https:\/\/www.simplebooking.it\/ibe\/minishop\/?hid=5688&amp;lang=fr&amp;_ga=2.58432682.1653274968.1631085932-2069797801.1561632741&amp;_gl=1*ojuxx2*_ga*Mzk2OTM5MzIwLjE3NDEzMzc0MDI.*_ga_5L86TC9VW3*czE3NTMxNjU1MzQkbzUxJGcxJHQxNzUzMTY3MTMzJGo2MCRsMCRoNTQ3OTI3NTY4#product&amp;productId=131\" target=\"blank\" class=\"btn only-borders broken_link\" style=\"margin:20px auto!important;\" rel=\"noopener\">R\u00e9servez votre journ\u00e9e SPA d\u00e8s maintenant<\/a>\n\n<\/div>\n<\/div><\/div>\n\n<div  class=\"grids-section grids-is-advanced alignfull\" style=\"--_gs-gap-desktop:0px 0px;--_gs-m-desktop:0 0 0 0;--_gs-p-desktop:0 0 0 0;--_gs-bg-desktop:transparent none;--_gs-bg-xp-desktop:0px;--_gs-zi-desktop:auto;--_gs-d-desktop:none;--_gs-mw-desktop:calc(100% - 0 - 0);--_gs-gap-tablet:0px 0px;--_gs-m-tablet:0 0 0 0;--_gs-p-tablet:0 0 0 0;--_gs-bg-tablet:transparent none;--_gs-bg-xp-tablet:0px;--_gs-zi-tablet:auto;--_gs-d-tablet:none;--_gs-mw-tablet:calc(100% - 0 - 0);--_gs-gap-mobile:0px 0px;--_gs-m-mobile:10px 0 20px 0;--_gs-p-mobile:0 20px 0 20px;--_gs-bg-mobile:transparent none;--_gs-bg-xp-mobile:0px;--_gs-zi-mobile:auto;--_gs-d-mobile:none;--_gs-mw-mobile:calc(100% - 0 - 0);--_gs-columns:12;--_gs-rows:6\"><div class=\"grids-s-w_i\">\n<div class=\"grids-area\" style=\"--_ga-column:2\/7;--_ga-row:1\/3;--_ga-m-desktop:0 0 0 0;--_ga-p-desktop:0 0 0 0;--_ga-bg-desktop:transparent none;--_ga-zi-desktop:auto;--_ga-d-desktop:flex;--_ga-mw-desktop:calc(100% - 0 - 0);--_ga-m-tablet:0 0 0 0;--_ga-p-tablet:0 0 0 0;--_ga-bg-tablet:transparent none;--_ga-zi-tablet:auto;--_ga-d-tablet:flex;--_ga-mw-tablet:calc(100% - 0 - 0);--_ga-m-mobile:0 0 0 0;--_ga-p-mobile:0 0 0 0;--_ga-bg-mobile:transparent none;--_ga-zi-mobile:auto;--_ga-d-mobile:flex;--_ga-mw-mobile:calc(100% - 0 - 0)\">\n\n<h3 class=\"wp-block-heading\"><strong>\u2139\ufe0f Informazioni utili<\/strong><\/h3>\n\n\n\n<ul class=\"wp-block-list\">\n<li><em>Prenotazione <strong>solo sotto data<\/strong><\/em><\/li>\n\n\n\n<li><em>Accesso <strong>consentito a partire dai 13 anni<\/strong> se accompagnati dai genitori<\/em><\/li>\n\n\n\n<li><em>\u00c8 necessario esibire un documento d\u2019identit\u00e0 valido al check-in<\/em><\/li>\n\n\n\n<li><em>Non \u00e8 consentito tuffarsi, giocare a palla o correre, per garantire la serenit\u00e0 di tutti gli ospiti<\/em><\/li>\n\n\n\n<li><em>Si richiede di mantenere toni di voce bassi e spegnere o silenziare il cellulare all\u2019interno della SPA<\/em><\/li>\n\n\n\n<li><em>L\u2019accesso alla SPA non \u00e8 consentito ai minori di 18 anni<\/em><\/li>\n\n\n\n<li><em>La cuffia non \u00e8 obbligatoria<\/em><\/li>\n<\/ul>\n\n\n\n<div style=\"height:30px\" aria-hidden=\"true\" class=\"wp-block-spacer\"><\/div>\n\n\n\n<h3 class=\"wp-block-heading\"><strong>\ud83d\udcc5 Date considerate festive:<\/strong><\/h3>\n\n\n\n<ul class=\"wp-block-list\">\n<li><strong>Pasqua<\/strong>: 20 e 21 aprile<\/li>\n\n\n\n<li><strong>Festa della Liberazione<\/strong>: 25 aprile<\/li>\n\n\n\n<li><strong>Festa dei Lavoratori<\/strong>: 1 maggio<\/li>\n\n\n\n<li><strong>Festa della Repubblica<\/strong>: 31 maggio e 1\u00b0 giugno<\/li>\n\n\n\n<li><strong>Ferragosto<\/strong>: 14, 15, 16, 17 agosto<\/li>\n\n\n\n<li><strong>Ognissanti<\/strong>: dal 31 ottobre al 5 novembre<\/li>\n\n\n\n<li><strong>Immacolata<\/strong>: dal 5 all\u20198 dicembre<\/li>\n\n\n\n<li><strong>Periodo natalizio\/capodanno<\/strong>: dal 22 dicembre al 6 gennaio 2026<\/li>\n<\/ul>\n\n<\/div>\n\n<div class=\"grids-area\" style=\"--_ga-column:7\/12;--_ga-row:1\/7;--_ga-va:center;--_ga-m-desktop:0 0 0 20px;--_ga-p-desktop:0 0 0 0;--_ga-bg-desktop:transparent none;--_ga-zi-desktop:auto;--_ga-d-desktop:flex;--_ga-mw-desktop:calc(100% - 20px - 0);--_ga-m-tablet:0 0 0 0px;--_ga-p-tablet:0 0 0 0;--_ga-bg-tablet:transparent none;--_ga-zi-tablet:auto;--_ga-d-tablet:flex;--_ga-mw-tablet:calc(100% - 0px - 0);--_ga-m-mobile:0 0 0 0px;--_ga-p-mobile:0 0 0 0;--_ga-bg-mobile:transparent none;--_ga-zi-mobile:auto;--_ga-d-mobile:flex;--_ga-mw-mobile:calc(100% - 0px - 0)\">\n\n    <div class=\"custom-gallery-wrapper\">\n                <span class=\"enable-fullscreen\" onclick=\"showHideFotorama('custom-gallery_3', 0);\">\n            <i class=\"far fa-expand\"><\/i>\n        <\/span>\n                            <figure class=\"full-width gallery-wrapper-image gallery-wrapper-image-0\" onclick=\"showHideFotorama('custom-gallery_3', 0);\" style=\"background-color: #5e2d25;\">\n                <img decoding=\"async\" class=\"gallery-wrapper-image-small\" src=\"https:\/\/www.savoiaterme.it\/wp-content\/uploads\/2022\/02\/savoia-terme-abano-spa-gift-4.jpg\">\n            <\/figure>\n                                <figure class=\"full-width gallery-wrapper-image gallery-wrapper-image-1\" onclick=\"showHideFotorama('custom-gallery_3', 1);\" style=\"background-color: #8e5340;\">\n                <img decoding=\"async\" class=\"gallery-wrapper-image-small\" src=\"https:\/\/www.savoiaterme.it\/wp-content\/uploads\/2023\/09\/signora-si-fa-spalmare-il-fango-sul-braccio-allhotel-savoia-terme.jpg\">\n            <\/figure>\n                                <figure class=\"full-width gallery-wrapper-image gallery-wrapper-image-2\" onclick=\"showHideFotorama('custom-gallery_3', 2);\" style=\"background-color: #b99c98;\">\n                <img decoding=\"async\" class=\"gallery-wrapper-image-small\" src=\"https:\/\/www.savoiaterme.it\/wp-content\/uploads\/2021\/10\/DAY-SPA-2-hotel-savoia-terme-abano-terme.jpg\">\n            <\/figure>\n                        <\/div>\n\n    <div style=\"width:1px;height:1px;position:absolute;\" name=\"fotorama\" id=\"custom-gallery_3\" class=\"fotorama\" data-width=\"100%\"  data-nav=\"thumbs\"  data-allowfullscreen=\"true\" >\n                    <img decoding=\"async\" src=\"https:\/\/www.savoiaterme.it\/wp-content\/uploads\/2022\/02\/savoia-terme-abano-spa-gift-4.jpg\" class=\"attachment-full skip-lazy\" \/>\n                    <img decoding=\"async\" src=\"https:\/\/www.savoiaterme.it\/wp-content\/uploads\/2023\/09\/signora-si-fa-spalmare-il-fango-sul-braccio-allhotel-savoia-terme.jpg\" class=\"attachment-full skip-lazy\" \/>\n                    <img decoding=\"async\" src=\"https:\/\/www.savoiaterme.it\/wp-content\/uploads\/2021\/10\/DAY-SPA-2-hotel-savoia-terme-abano-terme.jpg\" class=\"attachment-full skip-lazy\" \/>\n            <\/div>\n\n\n\n<\/div>\n<\/div><\/div>\n\n<div  class=\"grids-section grids-is-advanced\" style=\"--_gs-gap-desktop:0px 0px;--_gs-m-desktop:0 0 0 0;--_gs-p-desktop:0 0 0 0;--_gs-bg-desktop:transparent none;--_gs-bg-xp-desktop:0px;--_gs-zi-desktop:auto;--_gs-d-desktop:none;--_gs-mw-desktop:calc(100% - 0 - 0);--_gs-gap-tablet:0px 0px;--_gs-m-tablet:0 0 0 0;--_gs-p-tablet:0 0 0 0;--_gs-bg-tablet:transparent none;--_gs-bg-xp-tablet:0px;--_gs-zi-tablet:auto;--_gs-d-tablet:none;--_gs-mw-tablet:calc(100% - 0 - 0);--_gs-gap-mobile:0px 0px;--_gs-m-mobile:0 0 0 0;--_gs-p-mobile:0 0 0 0;--_gs-bg-mobile:transparent none;--_gs-bg-xp-mobile:0px;--_gs-zi-mobile:auto;--_gs-d-mobile:none;--_gs-mw-mobile:calc(100% - 0 - 0);--_gs-columns:12;--_gs-rows:6\"><div class=\"grids-s-w_i\">\n<div class=\"grids-area\" style=\"--_ga-column:2\/7;--_ga-row:1\/3;--_ga-m-desktop:0 0 0 0;--_ga-p-desktop:0 0 0 0;--_ga-bg-desktop:transparent none;--_ga-zi-desktop:auto;--_ga-d-desktop:flex;--_ga-mw-desktop:calc(100% - 0 - 0);--_ga-m-tablet:0 0 0 0;--_ga-p-tablet:0 0 0 0;--_ga-bg-tablet:transparent none;--_ga-zi-tablet:auto;--_ga-d-tablet:flex;--_ga-mw-tablet:calc(100% - 0 - 0);--_ga-m-mobile:0 0 0 0;--_ga-p-mobile:0 0 0 0;--_ga-bg-mobile:transparent none;--_ga-zi-mobile:auto;--_ga-d-mobile:flex;--_ga-mw-mobile:calc(100% - 0 - 0)\">\n\n<h3 class=\"wp-block-heading\"><strong>\u2139\ufe0f Informazioni utili<\/strong><\/h3>\n\n\n\n<ul class=\"wp-block-list\">\n<li><em>Prenotazione <strong>solo sotto data<\/strong><\/em><\/li>\n\n\n\n<li><em>Accesso <strong>consentito a partire dai 13 anni<\/strong> se accompagnati dai genitori<\/em><\/li>\n\n\n\n<li><em>\u00c8 necessario esibire un documento d\u2019identit\u00e0 valido al check-in<\/em><\/li>\n\n\n\n<li><em>Non \u00e8 consentito tuffarsi, giocare a palla o correre, per garantire la serenit\u00e0 di tutti gli ospiti<\/em><\/li>\n\n\n\n<li><em>Si richiede di mantenere toni di voce bassi e spegnere o silenziare il cellulare all\u2019interno della SPA<\/em><\/li>\n\n\n\n<li><em>L\u2019accesso alla SPA non \u00e8 consentito ai minori di 18 anni<\/em><\/li>\n\n\n\n<li><em>La cuffia non \u00e8 obbligatoria<\/em><\/li>\n<\/ul>\n\n\n\n<div style=\"height:30px\" aria-hidden=\"true\" class=\"wp-block-spacer\"><\/div>\n\n\n\n<h3 class=\"wp-block-heading\"><strong>\ud83d\udcc5 Date considerate festive:<\/strong><\/h3>\n\n\n\n<ul class=\"wp-block-list\">\n<li><strong>Pasqua<\/strong>: 20 e 21 aprile<\/li>\n\n\n\n<li><strong>Festa della Liberazione<\/strong>: 25 aprile<\/li>\n\n\n\n<li><strong>Festa dei Lavoratori<\/strong>: 1 maggio<\/li>\n\n\n\n<li><strong>Festa della Repubblica<\/strong>: 31 maggio e 1\u00b0 giugno<\/li>\n\n\n\n<li><strong>Ferragosto<\/strong>: 14, 15, 16, 17 agosto<\/li>\n\n\n\n<li><strong>Ognissanti<\/strong>: dal 31 ottobre al 5 novembre<\/li>\n\n\n\n<li><strong>Immacolata<\/strong>: dal 5 all\u20198 dicembre<\/li>\n\n\n\n<li><strong>Periodo natalizio\/capodanno<\/strong>: dal 22 dicembre al 6 gennaio 2026<\/li>\n<\/ul>\n\n<\/div>\n\n<div class=\"grids-area\" style=\"--_ga-column:8\/12;--_ga-row:1\/7;--_ga-va:center;--_ga-m-desktop:0 0 0 0;--_ga-p-desktop:0 0 0 0;--_ga-bg-desktop:transparent none;--_ga-zi-desktop:auto;--_ga-d-desktop:flex;--_ga-mw-desktop:calc(100% - 0 - 0);--_ga-m-tablet:0 0 0 0;--_ga-p-tablet:0 0 0 0;--_ga-bg-tablet:transparent none;--_ga-zi-tablet:auto;--_ga-d-tablet:flex;--_ga-mw-tablet:calc(100% - 0 - 0);--_ga-m-mobile:0 0 0 0;--_ga-p-mobile:0 0 0 0;--_ga-bg-mobile:transparent none;--_ga-zi-mobile:auto;--_ga-d-mobile:flex;--_ga-mw-mobile:calc(100% - 0 - 0)\">\n\n<figure class=\"wp-block-image size-full\"><img style=\"background-color: #7a5b3e;\" loading=\"lazy\" decoding=\"async\" width=\"1800\" height=\"1200\" src=\"https:\/\/www.savoiaterme.it\/wp-content\/uploads\/2024\/02\/spa-wellness-savoia-1.jpg\" alt=\"\" class=\"wp-image-21693\" srcset=\"https:\/\/www.savoiaterme.it\/wp-content\/uploads\/2024\/02\/spa-wellness-savoia-1.jpg 1800w, https:\/\/www.savoiaterme.it\/wp-content\/uploads\/2024\/02\/spa-wellness-savoia-1-300x200.jpg 300w, https:\/\/www.savoiaterme.it\/wp-content\/uploads\/2024\/02\/spa-wellness-savoia-1-1024x683.jpg 1024w, https:\/\/www.savoiaterme.it\/wp-content\/uploads\/2024\/02\/spa-wellness-savoia-1-768x512.jpg 768w, https:\/\/www.savoiaterme.it\/wp-content\/uploads\/2024\/02\/spa-wellness-savoia-1-1536x1024.jpg 1536w, https:\/\/www.savoiaterme.it\/wp-content\/uploads\/2024\/02\/spa-wellness-savoia-1-1568x1045.jpg 1568w\" sizes=\"auto, (max-width: 1800px) 100vw, 1800px\" \/><\/figure>\n\n<\/div>\n<\/div><\/div>\n\n<div  class=\"grids-section grids-is-advanced\" style=\"--_gs-gap-desktop:0px 0px;--_gs-m-desktop:0 0 0 0;--_gs-p-desktop:0 0 0 0;--_gs-bg-desktop:transparent none;--_gs-bg-xp-desktop:0px;--_gs-zi-desktop:auto;--_gs-d-desktop:none;--_gs-mw-desktop:calc(100% - 0 - 0);--_gs-gap-tablet:0px 0px;--_gs-m-tablet:0 0 0 0;--_gs-p-tablet:0 0 0 0;--_gs-bg-tablet:transparent none;--_gs-bg-xp-tablet:0px;--_gs-zi-tablet:auto;--_gs-d-tablet:none;--_gs-mw-tablet:calc(100% - 0 - 0);--_gs-gap-mobile:0px 0px;--_gs-m-mobile:0 0 0 0;--_gs-p-mobile:0 0 0 0;--_gs-bg-mobile:transparent none;--_gs-bg-xp-mobile:0px;--_gs-zi-mobile:auto;--_gs-d-mobile:none;--_gs-mw-mobile:calc(100% - 0 - 0);--_gs-columns:12;--_gs-rows:6\"><div class=\"grids-s-w_i\">\n<div class=\"grids-area\" style=\"--_ga-column:2\/12;--_ga-row:1\/7;--_ga-m-desktop:0 0 0 0;--_ga-p-desktop:0 0 0 0;--_ga-bg-desktop:transparent none;--_ga-zi-desktop:auto;--_ga-d-desktop:flex;--_ga-mw-desktop:calc(100% - 0 - 0);--_ga-m-tablet:0 0 0 0;--_ga-p-tablet:0 0 0 0;--_ga-bg-tablet:transparent none;--_ga-zi-tablet:auto;--_ga-d-tablet:flex;--_ga-mw-tablet:calc(100% - 0 - 0);--_ga-m-mobile:0 0 0 0;--_ga-p-mobile:0 0 0 0;--_ga-bg-mobile:transparent none;--_ga-zi-mobile:auto;--_ga-d-mobile:flex;--_ga-mw-mobile:calc(100% - 0 - 0)\">\n\n<a href=\"https:\/\/www.simplebooking.it\/ibe\/minishop\/?hid=5688&amp;lang=it&amp;_ga=2.58432682.1653274968.1631085932-2069797801.1561632741&amp;_gl=1*ojuxx2*_ga*Mzk2OTM5MzIwLjE3NDEzMzc0MDI.*_ga_5L86TC9VW3*czE3NTMxNjU1MzQkbzUxJGcxJHQxNzUzMTY3MTMzJGo2MCRsMCRoNTQ3OTI3NTY4#product&amp;productId=131\" target=\"blank\" class=\"btn only-borders broken_link\" style=\"margin:auto!important;\" rel=\"noopener\">Prenota ora la tua giornata alla spa<\/a>\n\n<\/div>\n<\/div><\/div>\n\n<div  class=\"grids-section grids-is-advanced\" style=\"--_gs-gap-desktop:0px 0px;--_gs-m-desktop:0 0 0 0;--_gs-p-desktop:0 0 0 0;--_gs-bg-desktop:transparent none;--_gs-bg-xp-desktop:0px;--_gs-zi-desktop:auto;--_gs-d-desktop:none;--_gs-mw-desktop:calc(100% - 0 - 0);--_gs-gap-tablet:0px 0px;--_gs-m-tablet:0 0 0 0;--_gs-p-tablet:0 0 0 0;--_gs-bg-tablet:transparent none;--_gs-bg-xp-tablet:0px;--_gs-zi-tablet:auto;--_gs-d-tablet:none;--_gs-mw-tablet:calc(100% - 0 - 0);--_gs-gap-mobile:0px 0px;--_gs-m-mobile:0 0 0 0;--_gs-p-mobile:0 0 0 0;--_gs-bg-mobile:transparent none;--_gs-bg-xp-mobile:0px;--_gs-zi-mobile:auto;--_gs-d-mobile:none;--_gs-mw-mobile:calc(100% - 0 - 0);--_gs-columns:12;--_gs-rows:6\"><div class=\"grids-s-w_i\">\n<div class=\"grids-area\" style=\"--_ga-column:2\/12;--_ga-row:1\/2;--_ga-m-desktop:40px 0 0 0;--_ga-p-desktop:0 0 0 0;--_ga-bg-desktop:transparent none;--_ga-zi-desktop:auto;--_ga-d-desktop:flex;--_ga-mw-desktop:calc(100% - 0 - 0);--_ga-m-tablet:40px 0 0 0;--_ga-p-tablet:0 0 0 0;--_ga-bg-tablet:transparent none;--_ga-zi-tablet:auto;--_ga-d-tablet:flex;--_ga-mw-tablet:calc(100% - 0 - 0);--_ga-m-mobile:40px 0 0 0;--_ga-p-mobile:0 0 0 0;--_ga-bg-mobile:transparent none;--_ga-zi-mobile:auto;--_ga-d-mobile:flex;--_ga-mw-mobile:calc(100% - 0 - 0)\">\n\n<h2 class=\"wp-block-heading has-text-align-center\" id=\"day-spa\">Day Spa<\/h2>\n\n\n\n<h3 class=\"wp-block-heading has-text-align-center\" id=\"con-camera-d-appoggio\">con camera d&rsquo;appoggio<\/h3>\n\n\n\n<p class=\"has-text-align-center\"><strong>ATTENZIONE: siamo CHIUSI per la pausa stagionale dal 7 luglio al 24 luglio 2025 <\/strong>e <strong>dal 7 gennaio al 19 marzo 2026<\/strong><\/p>\n\n<\/div>\n\n<div class=\"grids-area\" style=\"--_ga-column:2\/12;--_ga-row:2\/3;--_ga-m-desktop:0 0 0 0;--_ga-p-desktop:0 0 0 0;--_ga-bg-desktop:transparent none;--_ga-zi-desktop:auto;--_ga-d-desktop:flex;--_ga-mw-desktop:calc(100% - 0 - 0);--_ga-m-tablet:0 0 0 0;--_ga-p-tablet:0 0 0 0;--_ga-bg-tablet:transparent none;--_ga-zi-tablet:auto;--_ga-d-tablet:flex;--_ga-mw-tablet:calc(100% - 0 - 0);--_ga-m-mobile:0 0 0 0;--_ga-p-mobile:0 0 0 0;--_ga-bg-mobile:transparent none;--_ga-zi-mobile:auto;--_ga-d-mobile:flex;--_ga-mw-mobile:calc(100% - 0 - 0)\">\n\r\n<div class=\"snodo-list-container\">\r\n\t\t\t\t<div class=\"snodo-list-container-single \">\r\n\t\t\t\t<a   class=\"snodo-list-container-single-img\" title=\"Easy Day \u2013 Ingresso Giornaliero SPA Savoia\">\r\n\t\t\t\t\t<figure class=\"full-width\">\r\n\t\t\t\t\t\t<img decoding=\"async\" src=\"https:\/\/www.savoiaterme.it\/wp-content\/uploads\/2021\/10\/easy-all-day-hotel-savoia-terme-abano-terme-banner.jpg\" \/>\r\n\t\t\t\t\t<\/figure>\r\n\t\t\t\t<\/a>\r\n\t\t\t\t\r\n\t\t\t\t<a   class=\"snodo-list-container-single-title\" title=\"Easy Day \u2013 Ingresso Giornaliero SPA Savoia\">\r\n\t\t\t\t\t<h3>Easy Day \u2013 Ingresso Giornaliero SPA Savoia<\/h3>\r\n\t\t\t\t<\/a>\r\n\r\n\t\t\t\t<div class=\"snodo-list-container-single-subtitle\">\r\n\t\t\t\t\t\t\t\t\t<\/div>\r\n\r\n\t\t\t\t<div class=\"snodo-list-container-single-short-description\">\r\n\t\t\t\t\t<p>Benessere totale senza soggiorno: piscine termali, SPA, fitness e relax nel cuore di Abano Terme.<br \/>\n<strong>A partire da \u20ac40<\/strong><\/p>\n<p><a class=\"btn only-borders\" style=\"display: block; text-align: center; margin: 20px auto !important; padding: 0;\" href=\"https:\/\/www.savoiaterme.it\/it\/easy-day-ingresso-giornaliero-spa-savoia\/\" rel=\"noopener\">Scopri i dettagli<\/a><\/p>\n\t\t\t\t<\/div>\r\n\r\n\t\t\t\t\t\t\t<\/div>\r\n\t\t\t\t\t\t<div class=\"snodo-list-container-single \">\r\n\t\t\t\t<a   class=\"snodo-list-container-single-img\" title=\"Easy Break \u2013 Ingresso Pomeridiano SPA Savoia\">\r\n\t\t\t\t\t<figure class=\"full-width\">\r\n\t\t\t\t\t\t<img decoding=\"async\" src=\"https:\/\/www.savoiaterme.it\/wp-content\/uploads\/2021\/10\/piscina-termale-esterna-abano-terme-hotel-savoia.jpg\" \/>\r\n\t\t\t\t\t<\/figure>\r\n\t\t\t\t<\/a>\r\n\t\t\t\t\r\n\t\t\t\t<a   class=\"snodo-list-container-single-title\" title=\"Easy Break \u2013 Ingresso Pomeridiano SPA Savoia\">\r\n\t\t\t\t\t<h3>Easy Break \u2013 Ingresso Pomeridiano SPA Savoia<\/h3>\r\n\t\t\t\t<\/a>\r\n\r\n\t\t\t\t<div class=\"snodo-list-container-single-subtitle\">\r\n\t\t\t\t\t\t\t\t\t<\/div>\r\n\r\n\t\t\t\t<div class=\"snodo-list-container-single-short-description\">\r\n\t\t\t\t\t<p>Il tuo pomeriggio di relax: piscine termali, SPA e benessere senza soggiorno, dalle 14:00 alle 22:00.<br \/>\n<strong>A partire da \u20ac35.<\/strong><br \/>\n<a class=\"btn only-borders\" style=\"display: block; text-align: center; margin: 20px auto !important; padding: 0;\" href=\"https:\/\/www.savoiaterme.it\/it\/easy-break-ingresso-pomeridiano-spa-savoia\/\" rel=\"noopener\">Scopri i dettagli<\/a><\/p>\n\t\t\t\t<\/div>\r\n\r\n\t\t\t\t\t\t\t<\/div>\r\n\t\t\t\t\t\t<div class=\"snodo-list-container-single \">\r\n\t\t\t\t<a   class=\"snodo-list-container-single-img\" title=\"Pool Night \u2013 Ingresso Serale SPA Savoia\">\r\n\t\t\t\t\t<figure class=\"full-width\">\r\n\t\t\t\t\t\t<img decoding=\"async\" src=\"https:\/\/www.savoiaterme.it\/wp-content\/uploads\/2022\/01\/piscine-termali-abano-terme-hotel-savoia-terme-1024x683-1.jpg\" \/>\r\n\t\t\t\t\t<\/figure>\r\n\t\t\t\t<\/a>\r\n\t\t\t\t\r\n\t\t\t\t<a   class=\"snodo-list-container-single-title\" title=\"Pool Night \u2013 Ingresso Serale SPA Savoia\">\r\n\t\t\t\t\t<h3>Pool Night \u2013 Ingresso Serale SPA Savoia<\/h3>\r\n\t\t\t\t<\/a>\r\n\r\n\t\t\t\t<div class=\"snodo-list-container-single-subtitle\">\r\n\t\t\t\t\t\t\t\t\t<\/div>\r\n\r\n\t\t\t\t<div class=\"snodo-list-container-single-short-description\">\r\n\t\t\t\t\t<p>Dalle 18 alle 22, vivi la magia delle piscine termali e della SPA sotto le stelle.<br \/>\n<strong>A partire da \u20ac30.<\/strong><br \/>\n<a class=\"btn only-borders\" style=\"display: block; text-align: center; margin: 20px auto !important; padding: 0;\" href=\"https:\/\/www.savoiaterme.it\/it\/pool-night-ingresso-serale-spa-savoia\/\" rel=\"noopener\">Scopri i dettagli<\/a><\/p>\n\t\t\t\t<\/div>\r\n\r\n\t\t\t\t\t\t\t<\/div>\r\n\t\t\t\r\n\t<\/div>\r\n\r\n\n\n<\/div>\n<\/div><\/div>","protected":false},"excerpt":{"rendered":"","protected":false},"author":26,"featured_media":3685,"parent":0,"menu_order":0,"comment_status":"closed","ping_status":"closed","template":"","meta":{"_acf_changed":false,"advgb_blocks_editor_width":"","advgb_blocks_columns_visual_guide":"","footnotes":""},"class_list":["post-30206","page","type-page","status-publish","has-post-thumbnail","hentry","entry"],"acf":{"page_custom_gallery":[{"page_custom_gallery_label":"","page_custom_gallery_photos":[4569,4671,4564]},{"page_custom_gallery_label":"","page_custom_gallery_photos":[17995,17990,21748]},{"page_custom_gallery_label":"","page_custom_gallery_photos":[8122,18398,3724]}],"element_single_page":[{"element_page_image":3685,"element_page_title":"Easy Day \u2013 Ingresso Giornaliero SPA Savoia","element_page_subtitle":"","element_page_content":"Benessere totale senza soggiorno: piscine termali, SPA, fitness e relax nel cuore di Abano Terme.\r\n<strong>A partire da \u20ac40<\/strong>\r\n\r\n<a class=\"btn only-borders\" style=\"display: block; text-align: center; margin: 20px auto !important; padding: 0;\" href=\"https:\/\/www.savoiaterme.it\/it\/easy-day-ingresso-giornaliero-spa-savoia\/\" rel=\"noopener\">Scopri i dettagli<\/a>","element_page_cta_content":" ","element_page_cta_link":"","element_page_cta_target_blank":false},{"element_page_image":4086,"element_page_title":"Easy Break \u2013 Ingresso Pomeridiano SPA Savoia","element_page_subtitle":"","element_page_content":"Il tuo pomeriggio di relax: piscine termali, SPA e benessere senza soggiorno, dalle 14:00 alle 22:00.\r\n<strong>A partire da \u20ac35.<\/strong>\r\n<a class=\"btn only-borders\" style=\"display: block; text-align: center; margin: 20px auto !important; padding: 0;\" href=\"https:\/\/www.savoiaterme.it\/it\/easy-break-ingresso-pomeridiano-spa-savoia\/\" rel=\"noopener\">Scopri i dettagli<\/a>","element_page_cta_content":"prenota","element_page_cta_link":"","element_page_cta_target_blank":false},{"element_page_image":7622,"element_page_title":"Pool Night \u2013 Ingresso Serale SPA Savoia","element_page_subtitle":"","element_page_content":"Dalle 18 alle 22, vivi la magia delle piscine termali e della SPA sotto le stelle.\r\n<strong>A partire da \u20ac30.<\/strong>\r\n<a class=\"btn only-borders\" style=\"display: block; text-align: center; margin: 20px auto !important; padding: 0;\" href=\"https:\/\/www.savoiaterme.it\/it\/pool-night-ingresso-serale-spa-savoia\/\" rel=\"noopener\">Scopri i dettagli<\/a>","element_page_cta_content":"prenota","element_page_cta_link":"","element_page_cta_target_blank":false}],"second_element_single_page":null},"yoast_head":"<!-- This site is optimized with the Yoast SEO plugin v25.7 - https:\/\/yoast.com\/wordpress\/plugins\/seo\/ -->\n<title>Acc\u00e8s Journ\u00e9e SPA \u00e0 Abano Terme \u2013 Easy Day | Hotel Savoia<\/title>\n<meta name=\"description\" content=\"Offrez-vous une journ\u00e9e de d\u00e9tente \u00e0 Abano Terme : piscines thermales, SPA et soins bien-\u00eatre sans s\u00e9jour. D\u00e9couvrez Easy Day \u00e0 l\u2019Hotel Savoia.\" \/>\n<meta name=\"robots\" content=\"index, follow, max-snippet:-1, max-image-preview:large, max-video-preview:-1\" \/>\n<link rel=\"canonical\" href=\"https:\/\/www.savoiaterme.it\/fr\/easy-day-acces-journee-spa-savoia\/\" \/>\n<meta property=\"og:locale\" content=\"fr_FR\" \/>\n<meta property=\"og:type\" content=\"article\" \/>\n<meta property=\"og:title\" content=\"Acc\u00e8s Journ\u00e9e SPA \u00e0 Abano Terme \u2013 Easy Day | Hotel Savoia\" \/>\n<meta property=\"og:description\" content=\"Offrez-vous une journ\u00e9e de d\u00e9tente \u00e0 Abano Terme : piscines thermales, SPA et soins bien-\u00eatre sans s\u00e9jour. D\u00e9couvrez Easy Day \u00e0 l\u2019Hotel Savoia.\" \/>\n<meta property=\"og:url\" content=\"https:\/\/www.savoiaterme.it\/fr\/easy-day-acces-journee-spa-savoia\/\" \/>\n<meta property=\"og:site_name\" content=\"Hotel Savoia Therm\u00e6 &amp; Spa\" \/>\n<meta property=\"article:modified_time\" content=\"2026-03-27T11:20:18+00:00\" \/>\n<meta property=\"og:image\" content=\"https:\/\/www.savoiaterme.it\/wp-content\/uploads\/2021\/10\/easy-all-day-hotel-savoia-terme-abano-terme-banner.jpg\" \/>\n\t<meta property=\"og:image:width\" content=\"2000\" \/>\n\t<meta property=\"og:image:height\" content=\"714\" \/>\n\t<meta property=\"og:image:type\" content=\"image\/jpeg\" \/>\n<meta name=\"twitter:card\" content=\"summary_large_image\" \/>\n<meta name=\"twitter:label1\" content=\"Dur\u00e9e de lecture estim\u00e9e\" \/>\n\t<meta name=\"twitter:data1\" content=\"6 minutes\" \/>\n<script type=\"application\/ld+json\" class=\"yoast-schema-graph\">{\"@context\":\"https:\/\/schema.org\",\"@graph\":[{\"@type\":\"WebPage\",\"@id\":\"https:\/\/www.savoiaterme.it\/fr\/easy-day-acces-journee-spa-savoia\/\",\"url\":\"https:\/\/www.savoiaterme.it\/fr\/easy-day-acces-journee-spa-savoia\/\",\"name\":\"Acc\u00e8s Journ\u00e9e SPA \u00e0 Abano Terme \u2013 Easy Day | Hotel Savoia\",\"isPartOf\":{\"@id\":\"https:\/\/www.savoiaterme.it\/fr\/#website\"},\"primaryImageOfPage\":{\"@id\":\"https:\/\/www.savoiaterme.it\/fr\/easy-day-acces-journee-spa-savoia\/#primaryimage\"},\"image\":{\"@id\":\"https:\/\/www.savoiaterme.it\/fr\/easy-day-acces-journee-spa-savoia\/#primaryimage\"},\"thumbnailUrl\":\"https:\/\/www.savoiaterme.it\/wp-content\/uploads\/2021\/10\/easy-all-day-hotel-savoia-terme-abano-terme-banner.jpg\",\"datePublished\":\"2025-07-22T09:26:37+00:00\",\"dateModified\":\"2026-03-27T11:20:18+00:00\",\"description\":\"Offrez-vous une journ\u00e9e de d\u00e9tente \u00e0 Abano Terme : piscines thermales, SPA et soins bien-\u00eatre sans s\u00e9jour. D\u00e9couvrez Easy Day \u00e0 l\u2019Hotel Savoia.\",\"breadcrumb\":{\"@id\":\"https:\/\/www.savoiaterme.it\/fr\/easy-day-acces-journee-spa-savoia\/#breadcrumb\"},\"inLanguage\":\"fr-FR\",\"potentialAction\":[{\"@type\":\"ReadAction\",\"target\":[\"https:\/\/www.savoiaterme.it\/fr\/easy-day-acces-journee-spa-savoia\/\"]}]},{\"@type\":\"ImageObject\",\"inLanguage\":\"fr-FR\",\"@id\":\"https:\/\/www.savoiaterme.it\/fr\/easy-day-acces-journee-spa-savoia\/#primaryimage\",\"url\":\"https:\/\/www.savoiaterme.it\/wp-content\/uploads\/2021\/10\/easy-all-day-hotel-savoia-terme-abano-terme-banner.jpg\",\"contentUrl\":\"https:\/\/www.savoiaterme.it\/wp-content\/uploads\/2021\/10\/easy-all-day-hotel-savoia-terme-abano-terme-banner.jpg\",\"width\":2000,\"height\":714},{\"@type\":\"BreadcrumbList\",\"@id\":\"https:\/\/www.savoiaterme.it\/fr\/easy-day-acces-journee-spa-savoia\/#breadcrumb\",\"itemListElement\":[{\"@type\":\"ListItem\",\"position\":1,\"name\":\"\",\"item\":\"https:\/\/www.savoiaterme.it\/fr\/\"},{\"@type\":\"ListItem\",\"position\":2,\"name\":\"Easy Day \u2013 Acc\u00e8s Journ\u00e9e SPA Savoia\"}]},{\"@type\":\"WebSite\",\"@id\":\"https:\/\/www.savoiaterme.it\/fr\/#website\",\"url\":\"https:\/\/www.savoiaterme.it\/fr\/\",\"name\":\"Hotel Savoia Therm\u00e6 &amp; Spa\",\"description\":\"ABANO TERME\",\"potentialAction\":[{\"@type\":\"SearchAction\",\"target\":{\"@type\":\"EntryPoint\",\"urlTemplate\":\"https:\/\/www.savoiaterme.it\/fr\/?s={search_term_string}\"},\"query-input\":{\"@type\":\"PropertyValueSpecification\",\"valueRequired\":true,\"valueName\":\"search_term_string\"}}],\"inLanguage\":\"fr-FR\"}]}<\/script>\n<!-- \/ Yoast SEO plugin. -->","yoast_head_json":{"title":"Acc\u00e8s Journ\u00e9e SPA \u00e0 Abano Terme \u2013 Easy Day | Hotel Savoia","description":"Offrez-vous une journ\u00e9e de d\u00e9tente \u00e0 Abano Terme : piscines thermales, SPA et soins bien-\u00eatre sans s\u00e9jour. D\u00e9couvrez Easy Day \u00e0 l\u2019Hotel Savoia.","robots":{"index":"index","follow":"follow","max-snippet":"max-snippet:-1","max-image-preview":"max-image-preview:large","max-video-preview":"max-video-preview:-1"},"canonical":"https:\/\/www.savoiaterme.it\/fr\/easy-day-acces-journee-spa-savoia\/","og_locale":"fr_FR","og_type":"article","og_title":"Acc\u00e8s Journ\u00e9e SPA \u00e0 Abano Terme \u2013 Easy Day | Hotel Savoia","og_description":"Offrez-vous une journ\u00e9e de d\u00e9tente \u00e0 Abano Terme : piscines thermales, SPA et soins bien-\u00eatre sans s\u00e9jour. D\u00e9couvrez Easy Day \u00e0 l\u2019Hotel Savoia.","og_url":"https:\/\/www.savoiaterme.it\/fr\/easy-day-acces-journee-spa-savoia\/","og_site_name":"Hotel Savoia Therm\u00e6 &amp; Spa","article_modified_time":"2026-03-27T11:20:18+00:00","og_image":[{"width":2000,"height":714,"url":"https:\/\/www.savoiaterme.it\/wp-content\/uploads\/2021\/10\/easy-all-day-hotel-savoia-terme-abano-terme-banner.jpg","type":"image\/jpeg"}],"twitter_card":"summary_large_image","twitter_misc":{"Dur\u00e9e de lecture estim\u00e9e":"6 minutes"},"schema":{"@context":"https:\/\/schema.org","@graph":[{"@type":"WebPage","@id":"https:\/\/www.savoiaterme.it\/fr\/easy-day-acces-journee-spa-savoia\/","url":"https:\/\/www.savoiaterme.it\/fr\/easy-day-acces-journee-spa-savoia\/","name":"Acc\u00e8s Journ\u00e9e SPA \u00e0 Abano Terme \u2013 Easy Day | Hotel Savoia","isPartOf":{"@id":"https:\/\/www.savoiaterme.it\/fr\/#website"},"primaryImageOfPage":{"@id":"https:\/\/www.savoiaterme.it\/fr\/easy-day-acces-journee-spa-savoia\/#primaryimage"},"image":{"@id":"https:\/\/www.savoiaterme.it\/fr\/easy-day-acces-journee-spa-savoia\/#primaryimage"},"thumbnailUrl":"https:\/\/www.savoiaterme.it\/wp-content\/uploads\/2021\/10\/easy-all-day-hotel-savoia-terme-abano-terme-banner.jpg","datePublished":"2025-07-22T09:26:37+00:00","dateModified":"2026-03-27T11:20:18+00:00","description":"Offrez-vous une journ\u00e9e de d\u00e9tente \u00e0 Abano Terme : piscines thermales, SPA et soins bien-\u00eatre sans s\u00e9jour. D\u00e9couvrez Easy Day \u00e0 l\u2019Hotel Savoia.","breadcrumb":{"@id":"https:\/\/www.savoiaterme.it\/fr\/easy-day-acces-journee-spa-savoia\/#breadcrumb"},"inLanguage":"fr-FR","potentialAction":[{"@type":"ReadAction","target":["https:\/\/www.savoiaterme.it\/fr\/easy-day-acces-journee-spa-savoia\/"]}]},{"@type":"ImageObject","inLanguage":"fr-FR","@id":"https:\/\/www.savoiaterme.it\/fr\/easy-day-acces-journee-spa-savoia\/#primaryimage","url":"https:\/\/www.savoiaterme.it\/wp-content\/uploads\/2021\/10\/easy-all-day-hotel-savoia-terme-abano-terme-banner.jpg","contentUrl":"https:\/\/www.savoiaterme.it\/wp-content\/uploads\/2021\/10\/easy-all-day-hotel-savoia-terme-abano-terme-banner.jpg","width":2000,"height":714},{"@type":"BreadcrumbList","@id":"https:\/\/www.savoiaterme.it\/fr\/easy-day-acces-journee-spa-savoia\/#breadcrumb","itemListElement":[{"@type":"ListItem","position":1,"name":"","item":"https:\/\/www.savoiaterme.it\/fr\/"},{"@type":"ListItem","position":2,"name":"Easy Day \u2013 Acc\u00e8s Journ\u00e9e SPA Savoia"}]},{"@type":"WebSite","@id":"https:\/\/www.savoiaterme.it\/fr\/#website","url":"https:\/\/www.savoiaterme.it\/fr\/","name":"Hotel Savoia Therm\u00e6 &amp; Spa","description":"ABANO TERME","potentialAction":[{"@type":"SearchAction","target":{"@type":"EntryPoint","urlTemplate":"https:\/\/www.savoiaterme.it\/fr\/?s={search_term_string}"},"query-input":{"@type":"PropertyValueSpecification","valueRequired":true,"valueName":"search_term_string"}}],"inLanguage":"fr-FR"}]}},"coauthors":[],"author_meta":{"author_link":"https:\/\/www.savoiaterme.it\/fr\/author\/mattia\/","display_name":"mattia"},"relative_dates":{"created":"Publi\u00e9 9 mois il y a","modified":"Mis \u00e0 jour 1 mois il y a"},"absolute_dates":{"created":"Publi\u00e9 le juillet 22, 2025","modified":"Mise \u00e0 jour le mars 27, 2026"},"absolute_dates_time":{"created":"Publi\u00e9 le juillet 22, 2025 11:26 am","modified":"Mise \u00e0 jour le mars 27, 2026 12:20 pm"},"featured_img_caption":"","featured_img":"https:\/\/www.savoiaterme.it\/wp-content\/uploads\/2021\/10\/easy-all-day-hotel-savoia-terme-abano-terme-banner-1568x560.jpg","series_order":"","_links":{"self":[{"href":"https:\/\/www.savoiaterme.it\/fr\/wp-json\/wp\/v2\/pages\/30206","targetHints":{"allow":["GET"]}}],"collection":[{"href":"https:\/\/www.savoiaterme.it\/fr\/wp-json\/wp\/v2\/pages"}],"about":[{"href":"https:\/\/www.savoiaterme.it\/fr\/wp-json\/wp\/v2\/types\/page"}],"author":[{"embeddable":true,"href":"https:\/\/www.savoiaterme.it\/fr\/wp-json\/wp\/v2\/users\/26"}],"replies":[{"embeddable":true,"href":"https:\/\/www.savoiaterme.it\/fr\/wp-json\/wp\/v2\/comments?post=30206"}],"version-history":[{"count":9,"href":"https:\/\/www.savoiaterme.it\/fr\/wp-json\/wp\/v2\/pages\/30206\/revisions"}],"predecessor-version":[{"id":33761,"href":"https:\/\/www.savoiaterme.it\/fr\/wp-json\/wp\/v2\/pages\/30206\/revisions\/33761"}],"wp:featuredmedia":[{"embeddable":true,"href":"https:\/\/www.savoiaterme.it\/fr\/wp-json\/wp\/v2\/media\/3685"}],"wp:attachment":[{"href":"https:\/\/www.savoiaterme.it\/fr\/wp-json\/wp\/v2\/media?parent=30206"}],"curies":[{"name":"wp","href":"https:\/\/api.w.org\/{rel}","templated":true}]}}