{"id":33617,"date":"2026-03-06T14:57:33","date_gmt":"2026-03-06T13:57:33","guid":{"rendered":"https:\/\/www.savoiaterme.it\/menu-di-pasqua-2026\/"},"modified":"2026-03-06T17:03:02","modified_gmt":"2026-03-06T16:03:02","slug":"menu-de-paques-2026","status":"publish","type":"page","link":"https:\/\/www.savoiaterme.it\/fr\/menu-de-paques-2026\/","title":{"rendered":"Menu de P\u00e2ques 2026"},"content":{"rendered":"<div  class=\"grids-section image-boxed-blur-background grids-is-advanced alignfull\" style=\"--_gs-gap-desktop:0px 0px;--_gs-m-desktop:0 0 0 0;--_gs-p-desktop:0 0 0 0;--_gs-bg-desktop:transparent url(https:\/\/www.savoiaterme.it\/wp-content\/uploads\/2026\/03\/sfondo-menu-di-pasqua.webp) no-repeat 50% 50%  \/ cover;--_gs-bg-xp-desktop:0px;--_gs-zi-desktop:auto;--_gs-d-desktop:block;--_gs-mw-desktop:calc(100% - 0 - 0);--_gs-gap-tablet:0px 0px;--_gs-m-tablet:0 0 0 0;--_gs-p-tablet:0 0 0 0;--_gs-bg-tablet:transparent url(https:\/\/www.savoiaterme.it\/wp-content\/uploads\/2026\/03\/sfondo-menu-di-pasqua.webp) no-repeat 50% 50%  \/ cover;--_gs-bg-xp-tablet:0px;--_gs-zi-tablet:auto;--_gs-d-tablet:block;--_gs-mw-tablet:calc(100% - 0 - 0);--_gs-gap-mobile:0px 0px;--_gs-m-mobile:0 0 0 0;--_gs-p-mobile:0 0 0 0;--_gs-bg-mobile:transparent url(https:\/\/www.savoiaterme.it\/wp-content\/uploads\/2026\/03\/sfondo-menu-di-pasqua.webp) no-repeat 50% 50%  \/ cover;--_gs-bg-xp-mobile:0px;--_gs-zi-mobile:auto;--_gs-d-mobile:block;--_gs-mw-mobile:calc(100% - 0 - 0);--_gs-columns:12;--_gs-rows:14\"><div class=\"grids-s-w_i\">\n<div class=\"grids-area\" style=\"--_ga-column:5\/9;--_ga-row:1\/15;--_ga-m-desktop:0 0 0 0;--_ga-p-desktop:0 50px 0 50px;--_ga-bg-desktop:transparent none;--_ga-zi-desktop:auto;--_ga-d-desktop:flex;--_ga-mw-desktop:calc(100% - 0 - 0);--_ga-m-tablet:0 0 0 0;--_ga-p-tablet:0 50px 0 50px;--_ga-bg-tablet:transparent none;--_ga-zi-tablet:auto;--_ga-d-tablet:flex;--_ga-mw-tablet:calc(100% - 0 - 0);--_ga-m-mobile:0 0 0 0;--_ga-p-mobile:0 20px 0 20px;--_ga-bg-mobile:transparent none;--_ga-zi-mobile:auto;--_ga-d-mobile:flex;--_ga-mw-mobile:calc(100% - 0 - 0)\">\n\n<div style=\"text-align:center;margin-bottom:20px;\">\n<lord-icon src=\"https:\/\/cdn.lordicon.com\/lmukodkg.json\" trigger=\"loop\" colors=\"primary:#F6E29F,secondary:#F6E29F\" style=\"width:100px;height:100px\"><\/lord-icon>\n<\/div>\n\n\n\n<h1 class=\"wp-block-heading has-text-align-center has-text-color\" style=\"color:#f6e29f\"><strong>D\u00e9jeuner de P\u00e2ques<\/strong><\/h1>\n\n\n\n<h2 class=\"wp-block-heading has-text-align-center has-text-color\" style=\"color:#fff7e1\"><strong>Restaurant Il Savoiardo \u2013 Abano Terme<br>5 Avril 2026<\/strong><\/h2>\n\n\n\n<p class=\"has-text-align-center has-white-color has-text-color\">\nLa Direction et le Personnel vous souhaitent de Joyeuses P\u00e2ques\n<\/p>\n\n\n\n<h3 class=\"wp-block-heading has-text-align-center has-text-color\" style=\"color:#fff7e1\"><strong>MENU<\/strong><\/h3>\n\n\n\n<p class=\"has-text-align-center has-white-color has-text-color\">\nL\u2019Ap\u00e9ritif \u00ab Chic \u00bb de P\u00e2ques avec sp\u00e9cialit\u00e9s de terre et de mer au Bar \u00ab The Club \u00bb\n<\/p>\n\n\n\n<h3 class=\"wp-block-heading has-text-align-center title-margin-top has-text-color\" style=\"color:#fff7e1\"><strong>ENTR\u00c9E AU CHOIX<\/strong><\/h3>\n\n\n\n<p class=\"has-text-align-center has-white-color has-text-color\">\n<strong style=\"color:#F6E19F\">Feuillet\u00e9 rustique \u00e0 la Pasqualina<\/strong><br>\navec salade croquante d\u2019asperges vertes et mimosa d\u2019\u0153uf\n<br><br>\n<strong style=\"color:#F6E19F\">Voiles de saumon fum\u00e9<\/strong><br>\navec fromage cr\u00e9meux persill\u00e9 aux orties et amandes grill\u00e9es\n<\/p>\n\n\n\n<h3 class=\"wp-block-heading has-text-align-center title-margin-top has-text-color\" style=\"color:#fff7e1\"><strong>PREMIER PLAT AU CHOIX<\/strong><\/h3>\n\n\n\n<p class=\"has-text-align-center has-white-color has-text-color\">\n<strong style=\"color:#F6E19F\">Risotto des Abbesses au Franciacorta<\/strong><br>\nherbes sauvages et cr\u00e8me onctueuse de stracciatella de bufflonne\n<br><br>\n<strong style=\"color:#F6E19F\">Lasagnettes blanches et vertes<\/strong><br>\navec rag\u00f9 d\u2019agneau, jambon brais\u00e9 au feu de bois et fleurs de courgette\n<\/p>\n\n\n\n<h3 class=\"wp-block-heading has-text-align-center title-margin-top has-text-color\" style=\"color:#fff7e1\"><strong>PLAT PRINCIPAL AU CHOIX<\/strong><\/h3>\n\n\n\n<p class=\"has-text-align-center has-white-color has-text-color\">\n<strong style=\"color:#F6E19F\">Noix de veau glac\u00e9e au miel<\/strong><br>\navec sauce aux champignons et touche d\u2019huile \u00e0 la truffe\n<br><br>\n<strong style=\"color:#F6E19F\">Turbant de bar<\/strong><br>\navec noix de Saint-Jacques et f\u00e8ves edamame\n<br><br>\nGarniture : <strong>Artichaut gratin\u00e9<\/strong>\n<\/p>\n\n\n\n<h3 class=\"wp-block-heading has-text-align-center title-margin-top has-text-color\" style=\"color:#fff7e1\"><strong>PR\u00c9-DESSERT<\/strong><\/h3>\n\n\n\n<p class=\"has-text-align-center has-white-color has-text-color\">\nSorbet aux fraises, fiordilatte et sambuca\n<\/p>\n\n\n\n<h3 class=\"wp-block-heading has-text-align-center title-margin-top has-text-color\" style=\"color:#fff7e1\"><strong>BUFFET DES GOURMANDISES<\/strong><\/h3>\n\n\n\n<p class=\"has-text-align-center has-white-color has-text-color\">\nFantaisie de fruits frais de saison\n<br><br>\nColomba pascale traditionnelle avec sauces d\u2019accompagnement\n<br><br>\n\u0152uf en chocolat et douceurs de P\u00e2ques\n<\/p>\n\n\n\n<div style=\"text-align:center;margin-top:10px;margin-bottom:20px;\">\n<lord-icon src=\"https:\/\/cdn.lordicon.com\/oiqhztxg.json\" trigger=\"loop\" colors=\"primary:#F6E29F,secondary:#F6E29F\" style=\"width:75px;height:75px\"><\/lord-icon>\n<\/div>\n\n\n\n<h3 class=\"wp-block-heading has-text-align-center has-text-color\" style=\"color:#fff7e1\"><strong>Les Conseils du Sommelier<\/strong><\/h3>\n\n\n\n<p class=\"has-text-align-center has-white-color has-text-color\">\n<strong style=\"color:#F6E19F\">Vins Blancs<\/strong><br>\nSauvignon del Collio DOC Felluga<br>\nPinot Grigio Ramato DOC Gaierhof\n<br><br>\n<strong style=\"color:#F6E19F\">Vins Rouges<\/strong><br>\nMerlot dei Colli Euganei DOC \u00ab Malter\u00e8n \u00bb Sengiari<br>\nCabernet dei Colli Euganei DOC \u00ab Girapoggio \u00bb Zanovello\n<br><br>\n<strong style=\"color:#F6E19F\">Bulles<\/strong><br>\nSpumante Cuv\u00e9e Sergio Mionetto Luxury Ed. Extra Dry<br>\nFior D\u2019Arancio Spumante Doux DOCG Borin\n<\/p>\n\n\n\n<h3 class=\"wp-block-heading has-text-align-center has-text-color\" style=\"color:#fff7e1\"><strong>Notre \u00c9quipe<\/strong><\/h3>\n\n\n\n<p class=\"has-text-align-center has-white-color has-text-color\">\nChef de Cuisine : <strong style=\"color:#F6E19F\">Andrea Dan<\/strong><br>\nMa\u00eetre : <strong style=\"color:#F6E19F\">Cristiano Gallimberti<\/strong><br>\nSommelier : <strong style=\"color:#F6E19F\">Giancarlo Dima<\/strong><br>\nChef Barman : <strong style=\"color:#F6E19F\">Stefano Marchioro<\/strong>\n<\/p>\n\n\n\n<a href=\"https:\/\/www.savoiaterme.it\/fr\/paques-2026\/\" class=\"btn btn-center\" rel=\"noopener\">D\u00c9COUVREZ LE PROGRAMME DES F\u00caTES<\/a>\n\n<\/div>\n<\/div><\/div>","protected":false},"excerpt":{"rendered":"","protected":false},"author":26,"featured_media":28189,"parent":0,"menu_order":0,"comment_status":"closed","ping_status":"closed","template":"","meta":{"_acf_changed":false,"advgb_blocks_editor_width":"","advgb_blocks_columns_visual_guide":"","footnotes":""},"class_list":["post-33617","page","type-page","status-publish","has-post-thumbnail","hentry","entry"],"acf":{"page_custom_gallery":null,"element_single_page":null,"second_element_single_page":null},"yoast_head":"<!-- This site is optimized with the Yoast SEO plugin v25.7 - https:\/\/yoast.com\/wordpress\/plugins\/seo\/ -->\n<title>Menu de P\u00e2ques 2026 - Hotel Savoia Therm\u00e6 &amp; Spa<\/title>\n<meta name=\"robots\" content=\"noindex, follow\" \/>\n<meta property=\"og:locale\" content=\"fr_FR\" \/>\n<meta property=\"og:type\" content=\"article\" \/>\n<meta property=\"og:title\" content=\"Menu de P\u00e2ques 2026 - Hotel Savoia Therm\u00e6 &amp; Spa\" \/>\n<meta property=\"og:url\" content=\"https:\/\/www.savoiaterme.it\/fr\/menu-de-paques-2026\/\" \/>\n<meta property=\"og:site_name\" content=\"Hotel Savoia Therm\u00e6 &amp; Spa\" \/>\n<meta property=\"article:modified_time\" content=\"2026-03-06T16:03:02+00:00\" \/>\n<meta property=\"og:image\" content=\"https:\/\/www.savoiaterme.it\/wp-content\/uploads\/2025\/02\/immagine-pasqua-savoia-2.webp\" \/>\n\t<meta property=\"og:image:width\" content=\"1792\" \/>\n\t<meta property=\"og:image:height\" content=\"1024\" \/>\n\t<meta property=\"og:image:type\" content=\"image\/webp\" \/>\n<meta name=\"twitter:card\" content=\"summary_large_image\" \/>\n<meta name=\"twitter:label1\" content=\"Dur\u00e9e de lecture estim\u00e9e\" \/>\n\t<meta name=\"twitter:data1\" content=\"2 minutes\" \/>\n<script type=\"application\/ld+json\" class=\"yoast-schema-graph\">{\"@context\":\"https:\/\/schema.org\",\"@graph\":[{\"@type\":\"WebPage\",\"@id\":\"https:\/\/www.savoiaterme.it\/fr\/menu-de-paques-2026\/\",\"url\":\"https:\/\/www.savoiaterme.it\/fr\/menu-de-paques-2026\/\",\"name\":\"Menu de P\u00e2ques 2026 - Hotel Savoia Therm\u00e6 &amp; Spa\",\"isPartOf\":{\"@id\":\"https:\/\/www.savoiaterme.it\/fr\/#website\"},\"primaryImageOfPage\":{\"@id\":\"https:\/\/www.savoiaterme.it\/fr\/menu-de-paques-2026\/#primaryimage\"},\"image\":{\"@id\":\"https:\/\/www.savoiaterme.it\/fr\/menu-de-paques-2026\/#primaryimage\"},\"thumbnailUrl\":\"https:\/\/www.savoiaterme.it\/wp-content\/uploads\/2025\/02\/immagine-pasqua-savoia-2.webp\",\"datePublished\":\"2026-03-06T13:57:33+00:00\",\"dateModified\":\"2026-03-06T16:03:02+00:00\",\"breadcrumb\":{\"@id\":\"https:\/\/www.savoiaterme.it\/fr\/menu-de-paques-2026\/#breadcrumb\"},\"inLanguage\":\"fr-FR\",\"potentialAction\":[{\"@type\":\"ReadAction\",\"target\":[\"https:\/\/www.savoiaterme.it\/fr\/menu-de-paques-2026\/\"]}]},{\"@type\":\"ImageObject\",\"inLanguage\":\"fr-FR\",\"@id\":\"https:\/\/www.savoiaterme.it\/fr\/menu-de-paques-2026\/#primaryimage\",\"url\":\"https:\/\/www.savoiaterme.it\/wp-content\/uploads\/2025\/02\/immagine-pasqua-savoia-2.webp\",\"contentUrl\":\"https:\/\/www.savoiaterme.it\/wp-content\/uploads\/2025\/02\/immagine-pasqua-savoia-2.webp\",\"width\":1792,\"height\":1024},{\"@type\":\"BreadcrumbList\",\"@id\":\"https:\/\/www.savoiaterme.it\/fr\/menu-de-paques-2026\/#breadcrumb\",\"itemListElement\":[{\"@type\":\"ListItem\",\"position\":1,\"name\":\"\",\"item\":\"https:\/\/www.savoiaterme.it\/fr\/\"},{\"@type\":\"ListItem\",\"position\":2,\"name\":\"Menu de P\u00e2ques 2026\"}]},{\"@type\":\"WebSite\",\"@id\":\"https:\/\/www.savoiaterme.it\/fr\/#website\",\"url\":\"https:\/\/www.savoiaterme.it\/fr\/\",\"name\":\"Hotel Savoia Therm\u00e6 &amp; Spa\",\"description\":\"ABANO TERME\",\"potentialAction\":[{\"@type\":\"SearchAction\",\"target\":{\"@type\":\"EntryPoint\",\"urlTemplate\":\"https:\/\/www.savoiaterme.it\/fr\/?s={search_term_string}\"},\"query-input\":{\"@type\":\"PropertyValueSpecification\",\"valueRequired\":true,\"valueName\":\"search_term_string\"}}],\"inLanguage\":\"fr-FR\"}]}<\/script>\n<!-- \/ Yoast SEO plugin. -->","yoast_head_json":{"title":"Menu de P\u00e2ques 2026 - Hotel Savoia Therm\u00e6 &amp; Spa","robots":{"index":"noindex","follow":"follow"},"og_locale":"fr_FR","og_type":"article","og_title":"Menu de P\u00e2ques 2026 - Hotel Savoia Therm\u00e6 &amp; Spa","og_url":"https:\/\/www.savoiaterme.it\/fr\/menu-de-paques-2026\/","og_site_name":"Hotel Savoia Therm\u00e6 &amp; Spa","article_modified_time":"2026-03-06T16:03:02+00:00","og_image":[{"width":1792,"height":1024,"url":"https:\/\/www.savoiaterme.it\/wp-content\/uploads\/2025\/02\/immagine-pasqua-savoia-2.webp","type":"image\/webp"}],"twitter_card":"summary_large_image","twitter_misc":{"Dur\u00e9e de lecture estim\u00e9e":"2 minutes"},"schema":{"@context":"https:\/\/schema.org","@graph":[{"@type":"WebPage","@id":"https:\/\/www.savoiaterme.it\/fr\/menu-de-paques-2026\/","url":"https:\/\/www.savoiaterme.it\/fr\/menu-de-paques-2026\/","name":"Menu de P\u00e2ques 2026 - Hotel Savoia Therm\u00e6 &amp; Spa","isPartOf":{"@id":"https:\/\/www.savoiaterme.it\/fr\/#website"},"primaryImageOfPage":{"@id":"https:\/\/www.savoiaterme.it\/fr\/menu-de-paques-2026\/#primaryimage"},"image":{"@id":"https:\/\/www.savoiaterme.it\/fr\/menu-de-paques-2026\/#primaryimage"},"thumbnailUrl":"https:\/\/www.savoiaterme.it\/wp-content\/uploads\/2025\/02\/immagine-pasqua-savoia-2.webp","datePublished":"2026-03-06T13:57:33+00:00","dateModified":"2026-03-06T16:03:02+00:00","breadcrumb":{"@id":"https:\/\/www.savoiaterme.it\/fr\/menu-de-paques-2026\/#breadcrumb"},"inLanguage":"fr-FR","potentialAction":[{"@type":"ReadAction","target":["https:\/\/www.savoiaterme.it\/fr\/menu-de-paques-2026\/"]}]},{"@type":"ImageObject","inLanguage":"fr-FR","@id":"https:\/\/www.savoiaterme.it\/fr\/menu-de-paques-2026\/#primaryimage","url":"https:\/\/www.savoiaterme.it\/wp-content\/uploads\/2025\/02\/immagine-pasqua-savoia-2.webp","contentUrl":"https:\/\/www.savoiaterme.it\/wp-content\/uploads\/2025\/02\/immagine-pasqua-savoia-2.webp","width":1792,"height":1024},{"@type":"BreadcrumbList","@id":"https:\/\/www.savoiaterme.it\/fr\/menu-de-paques-2026\/#breadcrumb","itemListElement":[{"@type":"ListItem","position":1,"name":"","item":"https:\/\/www.savoiaterme.it\/fr\/"},{"@type":"ListItem","position":2,"name":"Menu de P\u00e2ques 2026"}]},{"@type":"WebSite","@id":"https:\/\/www.savoiaterme.it\/fr\/#website","url":"https:\/\/www.savoiaterme.it\/fr\/","name":"Hotel Savoia Therm\u00e6 &amp; Spa","description":"ABANO TERME","potentialAction":[{"@type":"SearchAction","target":{"@type":"EntryPoint","urlTemplate":"https:\/\/www.savoiaterme.it\/fr\/?s={search_term_string}"},"query-input":{"@type":"PropertyValueSpecification","valueRequired":true,"valueName":"search_term_string"}}],"inLanguage":"fr-FR"}]}},"coauthors":[],"author_meta":{"author_link":"https:\/\/www.savoiaterme.it\/fr\/author\/mattia\/","display_name":"mattia"},"relative_dates":{"created":"Publi\u00e9 2 mois il y a","modified":"Mis \u00e0 jour 2 mois il y a"},"absolute_dates":{"created":"Publi\u00e9 le mars 6, 2026","modified":"Mise \u00e0 jour le mars 6, 2026"},"absolute_dates_time":{"created":"Publi\u00e9 le mars 6, 2026 2:57 pm","modified":"Mise \u00e0 jour le mars 6, 2026 5:03 pm"},"featured_img_caption":"","featured_img":"https:\/\/www.savoiaterme.it\/wp-content\/uploads\/2025\/02\/immagine-pasqua-savoia-2-1568x896.webp","series_order":"","_links":{"self":[{"href":"https:\/\/www.savoiaterme.it\/fr\/wp-json\/wp\/v2\/pages\/33617","targetHints":{"allow":["GET"]}}],"collection":[{"href":"https:\/\/www.savoiaterme.it\/fr\/wp-json\/wp\/v2\/pages"}],"about":[{"href":"https:\/\/www.savoiaterme.it\/fr\/wp-json\/wp\/v2\/types\/page"}],"author":[{"embeddable":true,"href":"https:\/\/www.savoiaterme.it\/fr\/wp-json\/wp\/v2\/users\/26"}],"replies":[{"embeddable":true,"href":"https:\/\/www.savoiaterme.it\/fr\/wp-json\/wp\/v2\/comments?post=33617"}],"version-history":[{"count":3,"href":"https:\/\/www.savoiaterme.it\/fr\/wp-json\/wp\/v2\/pages\/33617\/revisions"}],"predecessor-version":[{"id":33626,"href":"https:\/\/www.savoiaterme.it\/fr\/wp-json\/wp\/v2\/pages\/33617\/revisions\/33626"}],"wp:featuredmedia":[{"embeddable":true,"href":"https:\/\/www.savoiaterme.it\/fr\/wp-json\/wp\/v2\/media\/28189"}],"wp:attachment":[{"href":"https:\/\/www.savoiaterme.it\/fr\/wp-json\/wp\/v2\/media?parent=33617"}],"curies":[{"name":"wp","href":"https:\/\/api.w.org\/{rel}","templated":true}]}}