{"id":8688,"date":"2021-10-04T10:47:06","date_gmt":"2021-10-04T08:47:06","guid":{"rendered":"https:\/\/www.savoiaterme.it\/day-spa\/"},"modified":"2026-04-30T09:48:12","modified_gmt":"2026-04-30T07:48:12","slug":"day-spa","status":"publish","type":"page","link":"https:\/\/www.savoiaterme.it\/fr\/spa\/day-spa\/","title":{"rendered":"Day Spa &#038; Easy All Day"},"content":{"rendered":"<div  class=\"grids-section grids-is-advanced alignwide\" style=\"--_gs-gap-desktop:0px 0px;--_gs-m-desktop:0 0 20px 0;--_gs-p-desktop:0 0 0 0;--_gs-bg-desktop:#f7f6f8 none;--_gs-bg-xp-desktop:0px;--_gs-zi-desktop:auto;--_gs-d-desktop:block;--_gs-mw-desktop:calc(100% - 0 - 0);--_gs-gap-tablet:0px 0px;--_gs-m-tablet:0 0 20px 0;--_gs-p-tablet:0 0 0 0;--_gs-bg-tablet:#f7f6f8 none;--_gs-bg-xp-tablet:0px;--_gs-zi-tablet:auto;--_gs-d-tablet:block;--_gs-mw-tablet:calc(100% - 0 - 0);--_gs-gap-mobile:0px 0px;--_gs-m-mobile:0 0 20px 0;--_gs-p-mobile:0 0 0 0;--_gs-bg-mobile:#f7f6f8 none;--_gs-bg-xp-mobile:0px;--_gs-zi-mobile:auto;--_gs-d-mobile:block;--_gs-mw-mobile:calc(100% - 0 - 0);--_gs-columns:12;--_gs-rows:6\"><div class=\"grids-s-w_i\">\n<div class=\"grids-area\" style=\"--_ga-column:2\/12;--_ga-row:1\/2;--_ga-m-desktop:20px 0 0 0;--_ga-p-desktop:0 0 0 0;--_ga-bg-desktop:transparent none;--_ga-zi-desktop:auto;--_ga-d-desktop:flex;--_ga-mw-desktop:calc(100% - 0 - 0);--_ga-m-tablet:20px 0 0 0;--_ga-p-tablet:0 0 0 0;--_ga-bg-tablet:transparent none;--_ga-zi-tablet:auto;--_ga-d-tablet:flex;--_ga-mw-tablet:calc(100% - 0 - 0);--_ga-m-mobile:20px 0 0 0;--_ga-p-mobile:0 0 0 0;--_ga-bg-mobile:transparent none;--_ga-zi-mobile:auto;--_ga-d-mobile:flex;--_ga-mw-mobile:calc(100% - 0 - 0)\">\n\n<p><strong>ATTENTION : nous sommes FERM\u00c9S pour la pause saisonni\u00e8re du 7 janvier au 19 mars et du 6 juillet au 23 juillet 2026<\/strong> !<\/p>\n\n\n\n<h3 class=\"wp-block-heading\" id=\"concediti-il-piacere-di-una-pausa-rigenerante-in-una-delle-piu-affascinanti-terme-e-spa-di-abano\">Accordez-vous le plaisir d&rsquo;une pause r\u00e9g\u00e9n\u00e9rante dans l&rsquo;un des centres thermaux et spas les plus fascinants d&rsquo;Abano<\/h3>\n\n\n\n<p>Une <strong>journ\u00e9e<\/strong> enti\u00e8rement d\u00e9di\u00e9e au bien-\u00eatre gr\u00e2ce aux <strong>propositions journali\u00e8res<\/strong> de l&rsquo;H\u00f4tel Savoia Therm\u00e6 &amp; Spa, sans chambre.<\/p>\n\n\n\n<p>L&rsquo;occasion de vous baigner et de vous laisser bercer par les <strong>eaux chaudes de nos piscines thermales<\/strong> \u00e9quip\u00e9es de <strong>cascades<\/strong> et de <strong>bains \u00e0 remous<\/strong> ou de choisir de vous d\u00e9tendre au bord de la piscine au c\u0153ur de notre grand jardin.<\/p>\n\n\n\n<p>Et pour ceux qui recherchent une exp\u00e9rience inoubliable, nos <strong>massages<\/strong> et <strong>rituels<\/strong> de beaut\u00e9 vous plongeront dans un \u00e9tat de bien-\u00eatre intense et infini.<\/p>\n\n<\/div>\n<\/div><\/div>\n\n<div  class=\"grids-section image-boxed-blur-background grids-is-advanced alignfull\" style=\"--_gs-gap-desktop:0px 0px;--_gs-m-desktop:0 0 0 0;--_gs-p-desktop:0 0 0 0;--_gs-bg-desktop:transparent url(https:\/\/www.savoiaterme.it\/wp-content\/uploads\/2021\/10\/hotel-savoia-terme-abano-terme-programma-natale-2021.jpg) no-repeat 50% 50%  \/ cover;--_gs-bg-xp-desktop:0px;--_gs-zi-desktop:auto;--_gs-d-desktop:none;--_gs-mw-desktop:calc(100% - 0 - 0);--_gs-gap-tablet:0px 0px;--_gs-m-tablet:0 0 0 0;--_gs-p-tablet:0 0 0 0;--_gs-bg-tablet:transparent url(https:\/\/www.savoiaterme.it\/wp-content\/uploads\/2021\/10\/hotel-savoia-terme-abano-terme-programma-natale-2021.jpg) no-repeat 50% 50%  \/ cover;--_gs-bg-xp-tablet:0px;--_gs-zi-tablet:auto;--_gs-d-tablet:none;--_gs-mw-tablet:calc(100% - 0 - 0);--_gs-gap-mobile:0px 0px;--_gs-m-mobile:0 0 0 0;--_gs-p-mobile:0 0 0 0;--_gs-bg-mobile:transparent url(https:\/\/www.savoiaterme.it\/wp-content\/uploads\/2021\/10\/hotel-savoia-terme-abano-terme-programma-natale-2021.jpg) no-repeat 50% 50%  \/ cover;--_gs-bg-xp-mobile:0px;--_gs-zi-mobile:auto;--_gs-d-mobile:none;--_gs-mw-mobile:calc(100% - 0 - 0);--_gs-columns:12;--_gs-rows:6\"><div class=\"grids-s-w_i\">\n<div class=\"grids-area\" style=\"--_ga-column:5\/9;--_ga-row:1\/4;--_ga-m-desktop:0 0 0 0;--_ga-p-desktop:0 0 0 0;--_ga-bg-desktop:transparent none;--_ga-zi-desktop:auto;--_ga-d-desktop:flex;--_ga-mw-desktop:calc(100% - 0 - 0);--_ga-m-tablet:0 0 0 0;--_ga-p-tablet:0 0 0 0;--_ga-bg-tablet:transparent none;--_ga-zi-tablet:auto;--_ga-d-tablet:flex;--_ga-mw-tablet:calc(100% - 0 - 0);--_ga-m-mobile:0 0 0 0;--_ga-p-mobile:0 20px 0 20px;--_ga-bg-mobile:transparent none;--_ga-zi-mobile:auto;--_ga-d-mobile:flex;--_ga-mw-mobile:calc(100% - 0 - 0)\">\n\n<div style=\"text-align: center;\"><lord-icon src=\"https:\/\/cdn.lordicon.com\/elcmcjgg.json\" trigger=\"hover\" colors=\"primary:#ffffff,secondary:#ffffff\" style=\"width:150px;height:150px\">\r\n<\/lord-icon><\/div>\n\n\n\n<h2 class=\"wp-block-heading has-text-align-center\"><strong>No\u00ebl aux Thermes d&rsquo;Abano<\/strong><\/h2>\n\n\n\n<p class=\"has-text-align-center\">D\u00e9tente et magie pour un <strong>No\u00ebl <\/strong>sp\u00e9cial !<br>Day SPA avec piscines, sauna et d\u00e9jeuner gastronomique : <strong>d\u00e9couvrez notre offre<\/strong> !<\/p>\n\n\n\n<p class=\"has-text-align-center\"><\/p>\n\n\n\n<a href=\"https:\/\/www.savoiaterme.it\/fr\/?post_type=offer&amp;p=27190\" class=\"btn btn-center broken_link\" rel=\"noopener\">D\u00c9COUVREZ L\u2019OFFRE DE NO\u00cbL<\/a>\n\n<\/div>\n<\/div><\/div>\n\n<div  class=\"grids-section image-boxed-blur-background grids-is-advanced alignfull\" style=\"--_gs-gap-desktop:0px 0px;--_gs-m-desktop:0 0 0 0;--_gs-p-desktop:80px 0 80px 0;--_gs-bg-desktop:transparent url(https:\/\/www.savoiaterme.it\/wp-content\/uploads\/2024\/05\/abano-zen-savoia-terme.jpg) no-repeat 50% 50%  \/ cover;--_gs-bg-xp-desktop:0px;--_gs-zi-desktop:auto;--_gs-d-desktop:block;--_gs-mw-desktop:calc(100% - 0 - 0);--_gs-gap-tablet:0px 0px;--_gs-m-tablet:0 0 0 0;--_gs-p-tablet:80px 0 80px 0;--_gs-bg-tablet:transparent url(https:\/\/www.savoiaterme.it\/wp-content\/uploads\/2024\/05\/abano-zen-savoia-terme.jpg) no-repeat 50% 50%  \/ cover;--_gs-bg-xp-tablet:0px;--_gs-zi-tablet:auto;--_gs-d-tablet:block;--_gs-mw-tablet:calc(100% - 0 - 0);--_gs-gap-mobile:0px 0px;--_gs-m-mobile:0 0 0 0;--_gs-p-mobile:80px 0 80px 0;--_gs-bg-mobile:transparent url(https:\/\/www.savoiaterme.it\/wp-content\/uploads\/2024\/05\/abano-zen-savoia-terme.jpg) no-repeat 50% 50%  \/ cover;--_gs-bg-xp-mobile:0px;--_gs-zi-mobile:auto;--_gs-d-mobile:block;--_gs-mw-mobile:calc(100% - 0 - 0);--_gs-columns:12;--_gs-rows:6\"><div class=\"grids-s-w_i\">\n<div class=\"grids-area\" style=\"--_ga-column:5\/9;--_ga-row:1\/4;--_ga-m-desktop:0 0 0 0;--_ga-p-desktop:0 0 0 0;--_ga-bg-desktop:transparent none;--_ga-zi-desktop:auto;--_ga-d-desktop:flex;--_ga-mw-desktop:calc(100% - 0 - 0);--_ga-m-tablet:0 0 0 0;--_ga-p-tablet:0 0 0 0;--_ga-bg-tablet:transparent none;--_ga-zi-tablet:auto;--_ga-d-tablet:flex;--_ga-mw-tablet:calc(100% - 0 - 0);--_ga-m-mobile:0 0 0 0;--_ga-p-mobile:0 20px 0 20px;--_ga-bg-mobile:transparent none;--_ga-zi-mobile:auto;--_ga-d-mobile:flex;--_ga-mw-mobile:calc(100% - 0 - 0)\">\n\n<div style=\"text-align: center;\">\n<script src=\"https:\/\/cdn.lordicon.com\/lordicon.js\"><\/script>\n<lord-icon\nsrc=\"https:\/\/cdn.lordicon.com\/gjpeglhr.json\"\n    trigger=\"loop\"\ncolors=\"primary:#ffffff,secondary:#ffffff\"\n    style=\"width:150px;height:150px\">\n<\/lord-icon>\n<\/div>\n\n\n\n<h2 class=\"wp-block-heading has-text-align-center\">\ud83c\udf3f Bien-\u00eatre, Harmonie, Renaissance :<br>D\u00e9couvrez Abano Zen ! \ud83c\udf3f<\/h2>\n\n\n\n<p class=\"has-text-align-center\"><strong>Du 30 mai au 2 juin 2026 :<\/strong><br>m\u00e9ditation, yoga, sons et anciennes th\u00e9rapies orientales au c\u0153ur d\u2019Abano Terme.<\/p>\n\n\n\n<a href=\"https:\/\/www.savoiaterme.it\/fr\/abano-zen\/\" class=\"btn btn-center\" rel=\"noopener\">D\u00c9COUVREZ LE PROGRAMME D\u2019ABANO ZEN<\/a>\n\n\n\n<a href=\"https:\/\/www.savoiaterme.it\/fr\/offrir\/savoia-ayurveda\/\" class=\"btn btn-center\" rel=\"noopener\" target=\"_blank\">R\u00c9SERVEZ MAINTENANT VOTRE S\u00c9JOUR BIEN-\u00caTRE<\/a>\n\n<\/div>\n<\/div><\/div>\n\n<div  class=\"grids-section image-boxed-blur-background grids-is-advanced alignfull\" style=\"--_gs-gap-desktop:0px 0px;--_gs-m-desktop:0 0 0 0;--_gs-p-desktop:80px 0 80px 0;--_gs-bg-desktop:transparent url(https:\/\/www.savoiaterme.it\/wp-content\/uploads\/2025\/08\/close-up-of-couple-in-lotus-position-practicing-me-2025-03-18-16-29-15-utc-scaled.webp) no-repeat 50% 50%  \/ cover;--_gs-bg-xp-desktop:0px;--_gs-zi-desktop:auto;--_gs-d-desktop:none;--_gs-mw-desktop:calc(100% - 0 - 0);--_gs-gap-tablet:0px 0px;--_gs-m-tablet:0 0 0 0;--_gs-p-tablet:80px 0 80px 0;--_gs-bg-tablet:transparent url(https:\/\/www.savoiaterme.it\/wp-content\/uploads\/2025\/08\/close-up-of-couple-in-lotus-position-practicing-me-2025-03-18-16-29-15-utc-scaled.webp) no-repeat 50% 50%  \/ cover;--_gs-bg-xp-tablet:0px;--_gs-zi-tablet:auto;--_gs-d-tablet:none;--_gs-mw-tablet:calc(100% - 0 - 0);--_gs-gap-mobile:0px 0px;--_gs-m-mobile:0 0 0 0;--_gs-p-mobile:80px 0 80px 0;--_gs-bg-mobile:transparent url(https:\/\/www.savoiaterme.it\/wp-content\/uploads\/2025\/08\/close-up-of-couple-in-lotus-position-practicing-me-2025-03-18-16-29-15-utc-scaled.webp) no-repeat 50% 50%  \/ cover;--_gs-bg-xp-mobile:0px;--_gs-zi-mobile:auto;--_gs-d-mobile:none;--_gs-mw-mobile:calc(100% - 0 - 0);--_gs-columns:12;--_gs-rows:6\"><div class=\"grids-s-w_i\">\n<div class=\"grids-area\" style=\"--_ga-column:5\/9;--_ga-row:1\/4;--_ga-m-desktop:0 0 0 0;--_ga-p-desktop:0 0 0 0;--_ga-bg-desktop:transparent none;--_ga-zi-desktop:auto;--_ga-d-desktop:flex;--_ga-mw-desktop:calc(100% - 0 - 0);--_ga-m-tablet:0 0 0 0;--_ga-p-tablet:0 0 0 0;--_ga-bg-tablet:transparent none;--_ga-zi-tablet:auto;--_ga-d-tablet:flex;--_ga-mw-tablet:calc(100% - 0 - 0);--_ga-m-mobile:0 0 0 0;--_ga-p-mobile:0 20px 0 20px;--_ga-bg-mobile:transparent none;--_ga-zi-mobile:auto;--_ga-d-mobile:flex;--_ga-mw-mobile:calc(100% - 0 - 0)\">\n\n<div style=\"text-align: center;\">\n<script src=\"https:\/\/cdn.lordicon.com\/lordicon.js\"><\/script>\n<lord-icon\nsrc=\"https:\/\/cdn.lordicon.com\/gjpeglhr.json\"\n    trigger=\"hover\"\ncolors=\"primary:#ffffff,secondary:#ffffff\"\n    style=\"width:150px;height:150px\">\n<\/lord-icon>\n<\/div>\n\n\n\n<h2 class=\"wp-block-heading has-text-align-center\">\ud83c\udf3f Bien-\u00eatre, Harmonie, Renaissance :<br>D\u00e9couvrez Savoia Zen ! \ud83c\udf3f<\/h2>\n\n\n\n<p class=\"has-text-align-center\"><strong>Du <strong>2 au 8 septembre<\/strong> 2025 :<\/strong><br>m\u00e9ditation, yoga, sons et anciennes th\u00e9rapies orientales au c\u0153ur d\u2019Abano Terme.<\/p>\n\n\n\n<a href=\"https:\/\/www.savoiaterme.it\/fr\/savoia-zen-2025\/\" class=\"btn btn-center\" rel=\"noopener\">D\u00c9COUVREZ LE PROGRAMME DE SAVOIA ZEN<\/a>\n\n\n\n<a href=\"https:\/\/www.savoiaterme.it\/fr\/offrir\/savoia-ayurveda\/\" class=\"btn btn-center\" rel=\"noopener\" target=\"_blank\">R\u00c9SERVEZ D\u00c8S MAINTENANT VOTRE S\u00c9JOUR BIEN-\u00caTRE<\/a>\n\n<\/div>\n<\/div><\/div>\n\n<div  class=\"grids-section image-boxed-blur-background grids-is-advanced alignfull\" style=\"--_gs-gap-desktop:0px 0px;--_gs-m-desktop:0 0 0 0;--_gs-p-desktop:80px 0 80px 0;--_gs-bg-desktop:transparent url(https:\/\/www.savoiaterme.it\/wp-content\/uploads\/2025\/09\/Gemini_Generated_Image_djfpopdjfpopdjfp-Modificata-scaled.webp) no-repeat 50% 50%  \/ cover;--_gs-bg-xp-desktop:0px;--_gs-zi-desktop:auto;--_gs-d-desktop:none;--_gs-mw-desktop:calc(100% - 0 - 0);--_gs-gap-tablet:0px 0px;--_gs-m-tablet:0 0 0 0;--_gs-p-tablet:80px 0 80px 0;--_gs-bg-tablet:transparent url(https:\/\/www.savoiaterme.it\/wp-content\/uploads\/2025\/09\/Gemini_Generated_Image_djfpopdjfpopdjfp-Modificata-scaled.webp) no-repeat 50% 50%  \/ cover;--_gs-bg-xp-tablet:0px;--_gs-zi-tablet:auto;--_gs-d-tablet:none;--_gs-mw-tablet:calc(100% - 0 - 0);--_gs-gap-mobile:0px 0px;--_gs-m-mobile:0 0 0 0;--_gs-p-mobile:80px 0 80px 0;--_gs-bg-mobile:transparent url(https:\/\/www.savoiaterme.it\/wp-content\/uploads\/2025\/09\/Gemini_Generated_Image_djfpopdjfpopdjfp-Modificata-scaled.webp) no-repeat 50% 50%  \/ cover;--_gs-bg-xp-mobile:0px;--_gs-zi-mobile:auto;--_gs-d-mobile:none;--_gs-mw-mobile:calc(100% - 0 - 0);--_gs-columns:12;--_gs-rows:6\"><div class=\"grids-s-w_i\">\n<div class=\"grids-area\" style=\"--_ga-column:5\/9;--_ga-row:1\/4;--_ga-m-desktop:0 0 0 0;--_ga-p-desktop:0 0 0 0;--_ga-bg-desktop:transparent none;--_ga-zi-desktop:auto;--_ga-d-desktop:flex;--_ga-mw-desktop:calc(100% - 0 - 0);--_ga-m-tablet:0 0 0 0;--_ga-p-tablet:0 0 0 0;--_ga-bg-tablet:transparent none;--_ga-zi-tablet:auto;--_ga-d-tablet:flex;--_ga-mw-tablet:calc(100% - 0 - 0);--_ga-m-mobile:0 0 0 0;--_ga-p-mobile:0 20px 0 20px;--_ga-bg-mobile:transparent none;--_ga-zi-mobile:auto;--_ga-d-mobile:flex;--_ga-mw-mobile:calc(100% - 0 - 0)\">\n\n<div style=\"text-align: center;\">\n<script src=\"https:\/\/cdn.lordicon.com\/lordicon.js\"><\/script>\n<lord-icon\nsrc=\"https:\/\/cdn.lordicon.com\/amtwmsnc.json\"\n    trigger=\"loop\"\ncolors=\"primary:#ffffff,secondary:#ffffff\"\n    style=\"width:150px;height:150px\">\n<\/lord-icon>\n<\/div>\n\n\n\n<h2 class=\"wp-block-heading has-text-align-center\"><strong>\ud83c\udf83 Magie d\u2019Automne &amp; D\u00e9tente d\u2019Halloween \ud83c\udf83<\/strong><\/h2>\n\n\n\n<p class=\"has-text-align-center\"><strong>Du 31 octobre au 1er novembre 2025 :<\/strong><br>d\u00eener \u00e0 th\u00e8me Halloween, soir\u00e9es live &amp; dance et bien-\u00eatre exclusif au c\u0153ur d\u2019Abano Terme.<\/p>\n\n\n\n<a href=\"https:\/\/www.savoiaterme.it\/fr\/ponte-di-ognissanti-2025\/\" class=\"btn btn-center\" rel=\"noopener\">D\u00c9COUVREZ LE PROGRAMME DU PONT DE LA TOUSSAINT<\/a>\n\n\n\n<a href=\"https:\/\/simplebooking.savoiaterme.it\/ibe2\/hotel\/5688?lang=FR&amp;cur=EUR&amp;coupon=\" class=\"btn btn-center broken_link\" rel=\"noopener\" target=\"_blank\">R\u00c9SERVEZ MAINTENANT<\/a>\n\n<\/div>\n<\/div><\/div>\n\n<div  class=\"grids-section image-boxed-blur-background grids-is-advanced alignfull\" style=\"--_gs-gap-desktop:0px 0px;--_gs-m-desktop:0 0 0 0;--_gs-p-desktop:80px 0 80px 0;--_gs-bg-desktop:transparent url(https:\/\/www.savoiaterme.it\/wp-content\/uploads\/2025\/06\/agosto-hawaii-hotel-savoia-terme-2.webp) no-repeat 50% 50%  \/ cover;--_gs-bg-xp-desktop:0px;--_gs-zi-desktop:auto;--_gs-d-desktop:none;--_gs-mw-desktop:calc(100% - 0 - 0);--_gs-gap-tablet:0px 0px;--_gs-m-tablet:0 0 0 0;--_gs-p-tablet:80px 0 80px 0;--_gs-bg-tablet:transparent url(https:\/\/www.savoiaterme.it\/wp-content\/uploads\/2025\/06\/agosto-hawaii-hotel-savoia-terme-2.webp) no-repeat 50% 50%  \/ cover;--_gs-bg-xp-tablet:0px;--_gs-zi-tablet:auto;--_gs-d-tablet:none;--_gs-mw-tablet:calc(100% - 0 - 0);--_gs-gap-mobile:0px 0px;--_gs-m-mobile:0 0 0 0;--_gs-p-mobile:80px 0 80px 0;--_gs-bg-mobile:transparent url(https:\/\/www.savoiaterme.it\/wp-content\/uploads\/2025\/06\/agosto-hawaii-hotel-savoia-terme-2.webp) no-repeat 50% 50%  \/ cover;--_gs-bg-xp-mobile:0px;--_gs-zi-mobile:auto;--_gs-d-mobile:none;--_gs-mw-mobile:calc(100% - 0 - 0);--_gs-columns:12;--_gs-rows:6\"><div class=\"grids-s-w_i\">\n<div class=\"grids-area\" style=\"--_ga-column:5\/9;--_ga-row:1\/4;--_ga-m-desktop:0 0 0 0;--_ga-p-desktop:0 0 0 0;--_ga-bg-desktop:transparent none;--_ga-zi-desktop:auto;--_ga-d-desktop:flex;--_ga-mw-desktop:calc(100% - 0 - 0);--_ga-m-tablet:0 0 0 0;--_ga-p-tablet:0 0 0 0;--_ga-bg-tablet:transparent none;--_ga-zi-tablet:auto;--_ga-d-tablet:flex;--_ga-mw-tablet:calc(100% - 0 - 0);--_ga-m-mobile:0 0 0 0;--_ga-p-mobile:0 20px 0 20px;--_ga-bg-mobile:transparent none;--_ga-zi-mobile:auto;--_ga-d-mobile:flex;--_ga-mw-mobile:calc(100% - 0 - 0)\">\n\n<div style=\"text-align: center;\">\n<script src=\"https:\/\/cdn.lordicon.com\/lordicon.js\"><\/script>\n<lord-icon\nsrc=\"https:\/\/cdn.lordicon.com\/kmbgfvci.json\"\n    trigger=\"loop\"\ncolors=\"primary:#ffffff,secondary:#ffffff\"\n    style=\"width:150px;height:150px\">\n<\/lord-icon>\n<\/div>\n\n\n\n<h2 class=\"wp-block-heading has-text-align-center\">\ud83c\udf34 Ao\u00fbt et Ferragosto aux thermes \ud83c\udf34<\/h2>\n\n\n\n<p class=\"has-text-align-center\"><strong>Musique, saveurs et d\u00e9tente !<\/strong><br>D\u00e9couvrez les \u00e9v\u00e9nements exclusifs de la semaine de Ferragosto et vivez un \u00e9t\u00e9 inoubliable avec nous&#8230;<\/p>\n\n\n\n<a href=\"https:\/\/www.savoiaterme.it\/fr\/aout-et-ferragosto-2025-aux-thermes\/\" class=\"btn btn-center\" rel=\"noopener\">D\u00c9COUVREZ LE PROGRAMME D\u2019AO\u00dbT<\/a>\n\n\n\n<a href=\"https:\/\/simplebooking.savoiaterme.it\/ibe2\/hotel\/5688?lang=fr&amp;cur=EUR\" class=\"btn btn-center broken_link\" rel=\"noopener\" target=\"_blank\">R\u00c9SERVEZ VOTRE S\u00c9JOUR BIEN-\u00caTRE D\u00c8S MAINTENANT<\/a>\n\n<\/div>\n<\/div><\/div>\n\n<div  class=\"grids-section image-boxed-blur-background grids-is-advanced alignfull\" style=\"--_gs-gap-desktop:0px 0px;--_gs-m-desktop:0 0 0 0;--_gs-p-desktop:0 0 0 0;--_gs-bg-desktop:transparent url(https:\/\/www.savoiaterme.it\/wp-content\/uploads\/2024\/05\/abano-zen-savoia-terme.jpg) no-repeat 50% 50%  \/ cover;--_gs-bg-xp-desktop:0px;--_gs-zi-desktop:auto;--_gs-d-desktop:none;--_gs-mw-desktop:calc(100% - 0 - 0);--_gs-gap-tablet:0px 0px;--_gs-m-tablet:0 0 0 0;--_gs-p-tablet:0 0 0 0;--_gs-bg-tablet:transparent url(https:\/\/www.savoiaterme.it\/wp-content\/uploads\/2024\/05\/abano-zen-savoia-terme.jpg) no-repeat 50% 50%  \/ cover;--_gs-bg-xp-tablet:0px;--_gs-zi-tablet:auto;--_gs-d-tablet:none;--_gs-mw-tablet:calc(100% - 0 - 0);--_gs-gap-mobile:0px 0px;--_gs-m-mobile:0 0 0 0;--_gs-p-mobile:0 0 0 0;--_gs-bg-mobile:transparent url(https:\/\/www.savoiaterme.it\/wp-content\/uploads\/2024\/05\/abano-zen-savoia-terme.jpg) no-repeat 50% 50%  \/ cover;--_gs-bg-xp-mobile:0px;--_gs-zi-mobile:auto;--_gs-d-mobile:none;--_gs-mw-mobile:calc(100% - 0 - 0);--_gs-columns:12;--_gs-rows:6\"><div class=\"grids-s-w_i\">\n<div class=\"grids-area\" style=\"--_ga-column:5\/9;--_ga-row:1\/4;--_ga-m-desktop:0 0 0 0;--_ga-p-desktop:0 0 0 0;--_ga-bg-desktop:transparent none;--_ga-zi-desktop:auto;--_ga-d-desktop:flex;--_ga-mw-desktop:calc(100% - 0 - 0);--_ga-m-tablet:0 0 0 0;--_ga-p-tablet:0 0 0 0;--_ga-bg-tablet:transparent none;--_ga-zi-tablet:auto;--_ga-d-tablet:flex;--_ga-mw-tablet:calc(100% - 0 - 0);--_ga-m-mobile:0 0 0 0;--_ga-p-mobile:0 20px 0 20px;--_ga-bg-mobile:transparent none;--_ga-zi-mobile:auto;--_ga-d-mobile:flex;--_ga-mw-mobile:calc(100% - 0 - 0)\">\n\n<div style=\"text-align: center;\"><lord-icon src=\"https:\/\/cdn.lordicon.com\/nvqxuepq.json\" trigger=\"loop\" colors=\"primary:#ffffff,secondary:#ffffff\" style=\"width:150px;height:150px\">\n<\/lord-icon><\/div>\n\n\n\n<h2 class=\"wp-block-heading has-text-align-center\">Red\u00e9couvrez votre bien-\u00eatre gr\u00e2ce \u00e0 la m\u00e9ditation, au yoga et \u00e0 l\u2019ayurveda<\/h2>\n\n\n\n<p class=\"has-text-align-center\">Venez d\u00e9couvrir l\u2019<strong>Abano Zen<\/strong> au c\u0153ur d\u2019Abano Terme du&nbsp;31 mai au 9 juin.<\/p>\n\n\n\n<a href=\"\/fr\/?p=23617\" class=\"btn btn-center broken_link\" rel=\"noopener\">D\u00c9COUVREZ ABANO ZEN<\/a>\n\n<\/div>\n<\/div><\/div>\n\n<div  class=\"grids-section grids-is-advanced alignfull\" style=\"--_gs-gap-desktop:0px 0px;--_gs-m-desktop:0 0 0 0;--_gs-p-desktop:0 0 0 0;--_gs-bg-desktop:transparent none;--_gs-bg-xp-desktop:0px;--_gs-zi-desktop:auto;--_gs-d-desktop:block;--_gs-mw-desktop:calc(100% - 0 - 0);--_gs-gap-tablet:0px 0px;--_gs-m-tablet:0 0 0 0;--_gs-p-tablet:0 0 0 0;--_gs-bg-tablet:transparent none;--_gs-bg-xp-tablet:0px;--_gs-zi-tablet:auto;--_gs-d-tablet:block;--_gs-mw-tablet:calc(100% - 0 - 0);--_gs-gap-mobile:0px 0px;--_gs-m-mobile:20px 0 20px 0;--_gs-p-mobile:0 0 0 0;--_gs-bg-mobile:transparent none;--_gs-bg-xp-mobile:0px;--_gs-zi-mobile:auto;--_gs-d-mobile:block;--_gs-mw-mobile:calc(100% - 0 - 0);--_gs-columns:12;--_gs-rows:6\"><div class=\"grids-s-w_i\">\n<div class=\"grids-area\" style=\"--_ga-column:2\/7;--_ga-row:1\/7;--_ga-va:center;--_ga-m-desktop:0 20px 0 0;--_ga-p-desktop:0 0 0 0;--_ga-bg-desktop:transparent none;--_ga-zi-desktop:auto;--_ga-d-desktop:flex;--_ga-mw-desktop:calc(100% - 0 - 20px);--_ga-m-tablet:0 20px 0 0;--_ga-p-tablet:0 0 0 0;--_ga-bg-tablet:transparent none;--_ga-zi-tablet:auto;--_ga-d-tablet:flex;--_ga-mw-tablet:calc(100% - 0 - 20px);--_ga-m-mobile:0 20px 0 0;--_ga-p-mobile:20px 0 20px 0;--_ga-bg-mobile:transparent none;--_ga-zi-mobile:auto;--_ga-d-mobile:flex;--_ga-mw-mobile:calc(100% - 0 - 20px)\">\n\n<h2 class=\"wp-block-heading\" id=\"i-servizi-a-disposizione-dei-nostri-ospiti\">Les services \u00e0 la disposition de nos h\u00f4tes<\/h2>\n\n\n<div  class=\"grids-section grids-is-advanced\" style=\"--_gs-gap-desktop:0px 0px;--_gs-m-desktop:0 0 0 0;--_gs-p-desktop:0 0 0 0;--_gs-bg-desktop:transparent none;--_gs-bg-xp-desktop:0px;--_gs-zi-desktop:auto;--_gs-d-desktop:block;--_gs-mw-desktop:calc(100% - 0 - 0);--_gs-gap-tablet:0px 0px;--_gs-m-tablet:0 0 0 0;--_gs-p-tablet:0 0 0 0;--_gs-bg-tablet:transparent none;--_gs-bg-xp-tablet:0px;--_gs-zi-tablet:auto;--_gs-d-tablet:block;--_gs-mw-tablet:calc(100% - 0 - 0);--_gs-gap-mobile:0px 0px;--_gs-m-mobile:0 0 0 0;--_gs-p-mobile:0 0 0 0;--_gs-bg-mobile:transparent none;--_gs-bg-xp-mobile:0px;--_gs-zi-mobile:auto;--_gs-d-mobile:block;--_gs-mw-mobile:calc(100% - 0 - 0);--_gs-columns:12;--_gs-rows:6\"><div class=\"grids-s-w_i\">\n<div class=\"grids-area\" style=\"--_ga-column:1\/7;--_ga-row:1\/7;--_ga-m-desktop:0 20px 0 0;--_ga-p-desktop:0 0 0 0;--_ga-bg-desktop:transparent none;--_ga-zi-desktop:auto;--_ga-d-desktop:flex;--_ga-mw-desktop:calc(100% - 0 - 20px);--_ga-m-tablet:0 20px 0 0;--_ga-p-tablet:0 0 0 0;--_ga-bg-tablet:transparent none;--_ga-zi-tablet:auto;--_ga-d-tablet:flex;--_ga-mw-tablet:calc(100% - 0 - 20px);--_ga-m-mobile:0 20px 0 0;--_ga-p-mobile:0 0 0 0;--_ga-bg-mobile:transparent none;--_ga-zi-mobile:auto;--_ga-d-mobile:flex;--_ga-mw-mobile:calc(100% - 0 - 20px)\">\n\n<ul class=\"wp-block-list\">\n<li><strong><strong>Piscine thermale couverte communiquant<\/strong> <\/strong>avec une piscine d\u00e9couverte<\/li>\n\n\n\n<li>24 stations de <strong>bains \u00e0 remous et circuits<\/strong><\/li>\n\n\n\n<li><strong><strong>barils et cascades cervicales<\/strong><\/strong><\/li>\n\n\n\n<li><strong><strong>transats et parasols<\/strong> <\/strong>au bord de la piscine et dans le jardin thermal<\/li>\n\n\n\n<li><strong>Sauna et bain turc<\/strong><\/li>\n<\/ul>\n\n<\/div>\n\n<div class=\"grids-area\" style=\"--_ga-column:7\/13;--_ga-row:1\/7;--_ga-m-desktop:0 0 0 20px;--_ga-p-desktop:0 0 0 0;--_ga-bg-desktop:transparent none;--_ga-zi-desktop:auto;--_ga-d-desktop:flex;--_ga-mw-desktop:calc(100% - 20px - 0);--_ga-m-tablet:0 0 0 20px;--_ga-p-tablet:0 0 0 0;--_ga-bg-tablet:transparent none;--_ga-zi-tablet:auto;--_ga-d-tablet:flex;--_ga-mw-tablet:calc(100% - 20px - 0);--_ga-m-mobile:0 0 0 0px;--_ga-p-mobile:0 0 0 0;--_ga-bg-mobile:transparent none;--_ga-zi-mobile:auto;--_ga-d-mobile:flex;--_ga-mw-mobile:calc(100% - 0px - 0)\">\n\n<ul class=\"wp-block-list\">\n<li><strong><strong>Salle de sport <\/strong><\/strong>\u00e9quip\u00e9e Thecnogym\u00ae<\/li>\n\n\n\n<li><strong><strong>vestiaires<\/strong> <\/strong>avec casiers \u00e0 code et sanitaires\/douches d\u00e9di\u00e9s<\/li>\n\n\n\n<li><strong><strong>serviette et peignoir <\/strong><\/strong>fournis gratuitement<\/li>\n\n\n\n<li>tongs 5,00 \u20ac<\/li>\n<\/ul>\n\n<\/div>\n<\/div><\/div>\n<\/div>\n\n<div class=\"grids-area\" style=\"--_ga-column:7\/12;--_ga-row:1\/7;--_ga-va:center;--_ga-m-desktop:0 0 0 20px;--_ga-p-desktop:0 0 0 0;--_ga-bg-desktop:transparent none;--_ga-zi-desktop:auto;--_ga-d-desktop:flex;--_ga-mw-desktop:calc(100% - 20px - 0);--_ga-m-tablet:0 0 0 20px;--_ga-p-tablet:0 0 0 0;--_ga-bg-tablet:transparent none;--_ga-zi-tablet:auto;--_ga-d-tablet:flex;--_ga-mw-tablet:calc(100% - 20px - 0);--_ga-m-mobile:0 0 0 20px;--_ga-p-mobile:0 0 0 0;--_ga-bg-mobile:transparent none;--_ga-zi-mobile:auto;--_ga-d-mobile:flex;--_ga-mw-mobile:calc(100% - 20px - 0)\">\n<IfSoTrigger tid='18050' class=''  style='display:inline-block;'><\/IfSoTrigger>\n\n<\/div>\n<\/div><\/div>\n\n<div  class=\"grids-section grids-is-advanced\" style=\"--_gs-gap-desktop:0px 0px;--_gs-m-desktop:0 0 0 0;--_gs-p-desktop:0 0 0 0;--_gs-bg-desktop:transparent none;--_gs-bg-xp-desktop:0px;--_gs-zi-desktop:auto;--_gs-d-desktop:block;--_gs-mw-desktop:calc(100% - 0 - 0);--_gs-gap-tablet:0px 0px;--_gs-m-tablet:0 0 0 0;--_gs-p-tablet:0 0 0 0;--_gs-bg-tablet:transparent none;--_gs-bg-xp-tablet:0px;--_gs-zi-tablet:auto;--_gs-d-tablet:block;--_gs-mw-tablet:calc(100% - 0 - 0);--_gs-gap-mobile:0px 0px;--_gs-m-mobile:0 0 0 0;--_gs-p-mobile:0 0 0 0;--_gs-bg-mobile:transparent none;--_gs-bg-xp-mobile:0px;--_gs-zi-mobile:auto;--_gs-d-mobile:block;--_gs-mw-mobile:calc(100% - 0 - 0);--_gs-columns:12;--_gs-rows:6\"><div class=\"grids-s-w_i\">\n<div class=\"grids-area\" style=\"--_ga-column:2\/12;--_ga-row:1\/2;--_ga-m-desktop:40px 0 0 0;--_ga-p-desktop:0 0 0 0;--_ga-bg-desktop:transparent none;--_ga-zi-desktop:auto;--_ga-d-desktop:flex;--_ga-mw-desktop:calc(100% - 0 - 0);--_ga-m-tablet:40px 0 0 0;--_ga-p-tablet:0 0 0 0;--_ga-bg-tablet:transparent none;--_ga-zi-tablet:auto;--_ga-d-tablet:flex;--_ga-mw-tablet:calc(100% - 0 - 0);--_ga-m-mobile:40px 0 0 0;--_ga-p-mobile:0 0 0 0;--_ga-bg-mobile:transparent none;--_ga-zi-mobile:auto;--_ga-d-mobile:flex;--_ga-mw-mobile:calc(100% - 0 - 0)\">\n\n<h2 class=\"wp-block-heading has-text-align-center\" id=\"day-spa\">Day Spa<\/h2>\n\n\n\n<h3 class=\"wp-block-heading has-text-align-center\" id=\"con-camera-d-appoggio\">avec chambre<\/h3>\n\n<\/div>\n\n<div class=\"grids-area\" style=\"--_ga-column:2\/12;--_ga-row:2\/3;--_ga-m-desktop:0 0 0 0;--_ga-p-desktop:0 0 0 0;--_ga-bg-desktop:transparent none;--_ga-zi-desktop:auto;--_ga-d-desktop:flex;--_ga-mw-desktop:calc(100% - 0 - 0);--_ga-m-tablet:0 0 0 0;--_ga-p-tablet:0 0 0 0;--_ga-bg-tablet:transparent none;--_ga-zi-tablet:auto;--_ga-d-tablet:flex;--_ga-mw-tablet:calc(100% - 0 - 0);--_ga-m-mobile:0 0 0 0;--_ga-p-mobile:0 0 0 0;--_ga-bg-mobile:transparent none;--_ga-zi-mobile:auto;--_ga-d-mobile:flex;--_ga-mw-mobile:calc(100% - 0 - 0)\">\n\r\n<div class=\"snodo-list-container\">\r\n\t\t\t\t<div class=\"snodo-list-container-single \">\r\n\t\t\t\t<a href=\"https:\/\/www.simplebooking.it\/ibe\/minishop\/?hid=5688&lang=IT&_ga=2.16991420.468136896.1632986091-2061064080.1568724142#product&productId=120\"  class=\"snodo-list-container-single-img\" title=\"Day Spa 0\">\r\n\t\t\t\t\t<figure class=\"full-width\">\r\n\t\t\t\t\t\t<img decoding=\"async\" src=\"https:\/\/www.savoiaterme.it\/wp-content\/uploads\/2021\/10\/DAY-SPA-0-hotel-savoia-terme-abano-terme.jpg\" \/>\r\n\t\t\t\t\t<\/figure>\r\n\t\t\t\t<\/a>\r\n\t\t\t\t\r\n\t\t\t\t<a href=\"https:\/\/www.simplebooking.it\/ibe\/minishop\/?hid=5688&lang=IT&_ga=2.16991420.468136896.1632986091-2061064080.1568724142#product&productId=120\"  class=\"snodo-list-container-single-title\" title=\"Day Spa 0\">\r\n\t\t\t\t\t<h3>Day Spa 0<\/h3>\r\n\t\t\t\t<\/a>\r\n\r\n\t\t\t\t<div class=\"snodo-list-container-single-subtitle\">\r\n\t\t\t\t\t\t\t\t\t<\/div>\r\n\r\n\t\t\t\t<div class=\"snodo-list-container-single-short-description\">\r\n\t\t\t\t\t<div class=\"grid-info\">\n<div class=\"single-info\">\n<p>&nbsp;<\/p>\n<div class=\"info-content\"><strong>SPA <\/strong><\/div>\n<\/div>\n<\/div>\n<ul>\n<li><strong>1 chambre <\/strong>d&rsquo;h\u00f4tel \u00e0 disposition (de 10h00 \u00e0 21h00)<\/li>\n<li><strong>Kit SPA<\/strong> avec peignoir \u00e0 louer, tongs et serviette pour les piscines<\/li>\n<li><strong>SPA<\/strong> avec sauna, bain turc, douches \u00e9motionnelles, tunnel sensoriel avec parcours Kneipp<\/li>\n<li><strong>3 piscines thermales <\/strong>dont 2 communicantes, avec 24 stations de bains \u00e0 remous et cascades cervicales<\/li>\n<\/ul>\n<p><a class=\"read-more-link\">Mais encore&#8230;<\/a><\/p>\n<div class=\"read-more-text\">\n<ul>\n<li><strong>Salle de sport <\/strong>\u00e9quip\u00e9e Tecnogym\u00ae<\/li>\n<li><strong>Aquagym<\/strong> en piscine thermale<\/li>\n<li><strong>Infusions Bien-\u00eatre<\/strong> disponibles \u00e0 la Beauty Farm et \u201cFontaine de Vie\u201d avec l&rsquo;eau naturelle d\u2019Abano Terme dans le SPA, pour vous d\u00e9salt\u00e9rer<\/li>\n<\/ul>\n<p>mais encore&#8230;<\/p>\n<ul>\n<li><strong>Parking priv\u00e9 gratuit<\/strong> avec emplacements d\u00e9couverts<\/li>\n<li><strong>Wi-fi<\/strong><\/li>\n<li><strong>Digital Guest<\/strong>, \u00e0 savoir l\u2019APPLI pour g\u00e9rer votre exp\u00e9rience dans notre h\u00f4tel<\/li>\n<\/ul>\n<p><strong>PRIX<\/strong><\/p>\n<p style=\"color: #86267a;\"><strong>NOUVELLES<\/strong>! Divisez le paiement en <strong>3 mensualit\u00e9s<\/strong> avec <strong>Scalapay<\/strong>.<\/p>\n<p><strong>Lundi\u00a0 &#8211; vendredi : <\/strong>55,00 \u20ac<\/p>\n<p><strong>Samedi &#8211; dimanche<\/strong> 65,00 \u20ac<\/p>\n<p><strong>Jours f\u00e9ri\u00e9s : <\/strong>85,00 \u20ac<br \/>\n&nbsp;<br \/>\n<b>Les dates suivantes sont consid\u00e9r\u00e9es comme jours f\u00e9ri\u00e9s<\/b><strong> :<\/strong><\/p>\n<h6>P\u00c2QUES : 4, 5, 6 avril <br \/>F\u00caTE DE LA LIB\u00c9RATION : 25 avril <br \/>F\u00caTE DU TRAVAIL : 1, 2 mai <br \/>FERRAGOSTO : 14, 15, 16 ao\u00fbt <br \/>TOUSSAINT : 31 octobre, 1er novembre <br \/>F\u00caTE DE L\u2019IMMACUL\u00c9E CONCEPTION : 5, 6, 7, 8 d\u00e9cembre <br \/>NO\u00cbL ET NOUVEL AN : du 24 d\u00e9cembre 2026 au 10 janvier 2027<\/h6>\n<p> <strong>ATTENTION :<\/strong> La r\u00e9servation est possible uniquement \u00e0 l\u2019approche de la date choisie.<\/p>\n<p><strong>L\u2019acc\u00e8s est autoris\u00e9 \u00e0 partir de 13 ans<\/strong><\/p>\n<\/div>\n<p>&nbsp;<\/p>\n\t\t\t\t<\/div>\r\n\r\n\t\t\t\t\t\t\t\t\t<a href=\"https:\/\/www.simplebooking.it\/ibe\/minishop\/?hid=5688&lang=IT&_ga=2.16991420.468136896.1632986091-2061064080.1568724142#product&productId=120\"  title=\"Day Spa 0\" class=\"btn snodo-list-container-single-button\">\r\n\t\t\t\t\t\tACHETEZ EN LIGNE\t\t\t\t\t<\/a>\r\n\t\t\t\t\t\t\t<\/div>\r\n\t\t\t\t\t\t<div class=\"snodo-list-container-single \">\r\n\t\t\t\t<a href=\"https:\/\/www.simplebooking.it\/ibe\/minishop\/?hid=5688&lang=IT&_ga=2.89334430.468136896.1632986091-2061064080.1568724142#product&productId=129\"  class=\"snodo-list-container-single-img\" title=\"Day Spa 1\">\r\n\t\t\t\t\t<figure class=\"full-width\">\r\n\t\t\t\t\t\t<img decoding=\"async\" src=\"https:\/\/www.savoiaterme.it\/wp-content\/uploads\/2021\/10\/DAY-SPA-1-hotel-savoia-terme-abano-terme.jpg\" \/>\r\n\t\t\t\t\t<\/figure>\r\n\t\t\t\t<\/a>\r\n\t\t\t\t\r\n\t\t\t\t<a href=\"https:\/\/www.simplebooking.it\/ibe\/minishop\/?hid=5688&lang=IT&_ga=2.89334430.468136896.1632986091-2061064080.1568724142#product&productId=129\"  class=\"snodo-list-container-single-title\" title=\"Day Spa 1\">\r\n\t\t\t\t\t<h3>Day Spa 1<\/h3>\r\n\t\t\t\t<\/a>\r\n\r\n\t\t\t\t<div class=\"snodo-list-container-single-subtitle\">\r\n\t\t\t\t\t\t\t\t\t<\/div>\r\n\r\n\t\t\t\t<div class=\"snodo-list-container-single-short-description\">\r\n\t\t\t\t\t<div class=\"grid-info\">\n<div class=\"single-info\">\n<p>&nbsp;<\/p>\n<div class=\"info-content\"><strong>SPA &#8211; D\u00c9JEUNER<\/strong><\/div>\n<\/div>\n<\/div>\n<ul>\n<li><strong>1 chambre d&rsquo;h\u00f4tel \u00e0 disposition <\/strong>(de 10h00 \u00e0 21h00)<\/li>\n<li><strong>1 d\u00e9jeuner dans notre restaurant Il Savoiardo <\/strong>(ouvert de 12h30 \u00e0 13h30) boissons exclues<\/li>\n<li><strong>Kit SPA<\/strong> avec peignoir \u00e0 louer, tongs et serviette pour les piscines<\/li>\n<li><strong>SPA<\/strong> avec sauna, bain turc, douches \u00e9motionnelles, tunnel sensoriel avec parcours Kneipp<\/li>\n<\/ul>\n<p><a class=\"read-more-link\">Mais encore&#8230;<\/a><\/p>\n<div class=\"read-more-text\">\n<ul>\n<li><strong>3 piscines thermales<\/strong>, dont 2 communicantes, avec 24 stations bains \u00e0 remous et cascades cervicales<\/li>\n<li><strong>Salle de sport<\/strong>\u00a0\u00e9quip\u00e9eTecnogym\u00ae<\/li>\n<li><strong>Aquagym<\/strong> en piscine thermale<\/li>\n<li><strong>Infusions Bien-\u00eatre<\/strong> disponibles \u00e0 la Beauty Farm et \u201cFontaine de Vie\u201d avec l&rsquo;eau naturelle d\u2019Abano Terme dans le SPA, pour vous d\u00e9salt\u00e9rer<\/li>\n<\/ul>\n<p>mais encore&#8230;<\/p>\n<ul>\n<li><strong>Parking priv\u00e9 gratuit<\/strong> avec emplacements d\u00e9couverts<\/li>\n<li><strong>Wi-fi<\/strong><\/li>\n<li><strong>Digital Guest<\/strong>, \u00e0 savoir l&rsquo;APPLI pour g\u00e9rer votre exp\u00e9rience dans notre h\u00f4tel<\/li>\n<\/ul>\n<p><strong>PRIX<\/strong><\/p>\n<p style=\"color: #86267a;\"><strong>NOUVELLES<\/strong>! Divisez le paiement en <strong>3 mensualit\u00e9s<\/strong> avec <strong>Scalapay<\/strong>.<\/p>\n<p><strong>Lundi &#8211; vendredi : <\/strong>85,00 \u20ac<br \/>\n<strong>Samedi &#8211; dimanche :<\/strong> 95,00 \u20ac<br \/>\n<strong>Jours f\u00e9ri\u00e9s : <\/strong>115,00 \u20ac<br \/>\n&nbsp;<br \/>\n<b>Les dates suivantes sont consid\u00e9r\u00e9es comme jours f\u00e9ri\u00e9s<\/b><strong> :<\/strong><\/p>\n<h6>P\u00c2QUES : 4, 5, 6 avril <br \/>F\u00caTE DE LA LIB\u00c9RATION : 25 avril <br \/>F\u00caTE DU TRAVAIL : 1, 2 mai <br \/>FERRAGOSTO : 14, 15, 16 ao\u00fbt <br \/>TOUSSAINT : 31 octobre, 1er novembre <br \/>F\u00caTE DE L\u2019IMMACUL\u00c9E CONCEPTION : 5, 6, 7, 8 d\u00e9cembre <br \/>NO\u00cbL ET NOUVEL AN : du 24 d\u00e9cembre 2026 au 10 janvier 2027<\/h6>\n<p> <strong>ATTENTION :<\/strong> La r\u00e9servation est possible uniquement \u00e0 l\u2019approche de la date choisie.<\/p>\n<p><strong>L\u2019acc\u00e8s est autoris\u00e9 \u00e0 partir de 13 ans<\/strong><\/p>\n<p>&nbsp;<\/p>\n<\/div>\n\t\t\t\t<\/div>\r\n\r\n\t\t\t\t\t\t\t\t\t<a href=\"https:\/\/www.simplebooking.it\/ibe\/minishop\/?hid=5688&lang=IT&_ga=2.89334430.468136896.1632986091-2061064080.1568724142#product&productId=129\"  title=\"Day Spa 1\" class=\"btn snodo-list-container-single-button\">\r\n\t\t\t\t\t\tACHETEZ EN LIGNE\t\t\t\t\t<\/a>\r\n\t\t\t\t\t\t\t<\/div>\r\n\t\t\t\t\t\t<div class=\"snodo-list-container-single \">\r\n\t\t\t\t<a href=\"https:\/\/www.simplebooking.it\/ibe\/minishop\/?hid=5688&lang=IT&_ga=2.121399693.468136896.1632986091-2061064080.1568724142#product&productId=130\"  class=\"snodo-list-container-single-img\" title=\"DAY SPA 2\">\r\n\t\t\t\t\t<figure class=\"full-width\">\r\n\t\t\t\t\t\t<img decoding=\"async\" src=\"https:\/\/www.savoiaterme.it\/wp-content\/uploads\/2021\/10\/DAY-SPA-2-hotel-savoia-terme-abano-terme.jpg\" \/>\r\n\t\t\t\t\t<\/figure>\r\n\t\t\t\t<\/a>\r\n\t\t\t\t\r\n\t\t\t\t<a href=\"https:\/\/www.simplebooking.it\/ibe\/minishop\/?hid=5688&lang=IT&_ga=2.121399693.468136896.1632986091-2061064080.1568724142#product&productId=130\"  class=\"snodo-list-container-single-title\" title=\"DAY SPA 2\">\r\n\t\t\t\t\t<h3>DAY SPA 2<\/h3>\r\n\t\t\t\t<\/a>\r\n\r\n\t\t\t\t<div class=\"snodo-list-container-single-subtitle\">\r\n\t\t\t\t\t\t\t\t\t<\/div>\r\n\r\n\t\t\t\t<div class=\"snodo-list-container-single-short-description\">\r\n\t\t\t\t\t<div class=\"grid-info\">\n<div class=\"single-info\">\n<p>&nbsp;<\/p>\n<div class=\"info-content\"><strong>SPA &#8211; D\u00c9JEUNER \u2013 MASSAGE 1 H<\/strong><\/div>\n<\/div>\n<\/div>\n<ul>\n<li><strong>1 <\/strong><strong>chambre d&rsquo;h\u00f4tel<\/strong> \u00e0 disposition (de 10h00 \u00e0 21h00)<\/li>\n<li><strong>1<\/strong> <strong>d\u00e9jeuner <\/strong>dans notre restaurant Il Savoiardo (ouvert\u00a0 de 12h30 \u00e0 13h30) boissons exclues<\/li>\n<li><strong>1 massage antistress<\/strong> de 50 minutes<\/li>\n<li><strong>Kit SPA<\/strong> avec peignoir \u00e0 louer, tongs et serviette pour les piscines<\/li>\n<\/ul>\n<p><a class=\"read-more-link\">Mais encore&#8230;<\/a><\/p>\n<div class=\"read-more-text\">\n<ul>\n<li><strong>SPA<\/strong> avec sauna, bain turc, douches \u00e9motionnelles, tunnel sensoriel avec parcours Kneipp<\/li>\n<li><strong>3 piscines thermales <\/strong>dont 2 communicantes, avec 24 stations de bains \u00e0 remous et cascades cervicales<\/li>\n<li><strong>Salle de sport <\/strong>\u00e9quip\u00e9e Tecnogym\u00ae<\/li>\n<li><strong>Aquagym<\/strong> en piscine thermale<\/li>\n<li><strong>Infusions Bien-\u00eatre<\/strong> disponibles \u00e0 la Beauty Farm et \u201cFontaine de Vie\u201d avec l&rsquo;eau naturelle d\u2019Abano Terme dans le SPA, pour vous d\u00e9salt\u00e9rer<\/li>\n<\/ul>\n<p>mais encore&#8230;<\/p>\n<ul>\n<li><strong>Parking priv\u00e9 gratuit<\/strong> avec emplacements d\u00e9couverts<\/li>\n<li><strong>Wi-fi<\/strong><\/li>\n<li><strong>Digital Guest<\/strong>, \u00e0 savoir l\u2019APPLI pour g\u00e9rer votre exp\u00e9rience dans notre h\u00f4tel<\/li>\n<\/ul>\n<p><strong>PRIX<\/strong><\/p>\n<p style=\"color: #86267a;\"><strong>NOUVELLES<\/strong>! Divisez le paiement en <strong>3 mensualit\u00e9s<\/strong> avec <strong>Scalapay<\/strong>.<\/p>\n<p><strong>Lundi &#8211; vendredi : <\/strong>150,00 \u20ac<br \/>\n<strong>Samedi &#8211; Dimanche :<\/strong> 160,00 \u20ac<br \/>\n<strong>Jours f\u00e9ri\u00e9s : <\/strong>180,00 \u20ac<br \/>\n&nbsp;<br \/>\n<b>Les dates suivantes sont consid\u00e9r\u00e9es comme jours f\u00e9ri\u00e9s<\/b><strong> :<\/strong><\/p>\n<h6>P\u00c2QUES : 4, 5, 6 avril <br \/>F\u00caTE DE LA LIB\u00c9RATION : 25 avril <br \/>F\u00caTE DU TRAVAIL : 1, 2 mai <br \/>FERRAGOSTO : 14, 15, 16 ao\u00fbt <br \/>TOUSSAINT : 31 octobre, 1er novembre <br \/>F\u00caTE DE L\u2019IMMACUL\u00c9E CONCEPTION : 5, 6, 7, 8 d\u00e9cembre <br \/>NO\u00cbL ET NOUVEL AN : du 24 d\u00e9cembre 2026 au 10 janvier 2027<\/h6>\n<p> <strong>ATTENTION :<\/strong> La r\u00e9servation est possible uniquement \u00e0 l\u2019approche de la date choisie.<\/p>\n<p><strong>L\u2019acc\u00e8s est autoris\u00e9 \u00e0 partir de 13 ans<\/strong><\/p>\n<\/div>\n\t\t\t\t<\/div>\r\n\r\n\t\t\t\t\t\t\t\t\t<a href=\"https:\/\/www.simplebooking.it\/ibe\/minishop\/?hid=5688&lang=IT&_ga=2.121399693.468136896.1632986091-2061064080.1568724142#product&productId=130\"  title=\"DAY SPA 2\" class=\"btn snodo-list-container-single-button\">\r\n\t\t\t\t\t\tACHETEZ EN LIGNE\t\t\t\t\t<\/a>\r\n\t\t\t\t\t\t\t<\/div>\r\n\t\t\t\r\n\t<\/div>\r\n\r\n\n\n<\/div>\n<\/div><\/div>\n\n<div  class=\"grids-section grids-is-advanced alignfull advgb-dyn-ff4c8ff0\" style=\"--_gs-gap-desktop:0px 0px;--_gs-m-desktop:0 0 0 0;--_gs-p-desktop:0 0 0 0;--_gs-bg-desktop:#f7f6f8 none;--_gs-bg-xp-desktop:0px;--_gs-zi-desktop:auto;--_gs-d-desktop:none;--_gs-mw-desktop:calc(100% - 0 - 0);--_gs-gap-tablet:0px 0px;--_gs-m-tablet:0 0 0 0;--_gs-p-tablet:0 0 0 0;--_gs-bg-tablet:#f7f6f8 none;--_gs-bg-xp-tablet:0px;--_gs-zi-tablet:auto;--_gs-d-tablet:none;--_gs-mw-tablet:calc(100% - 0 - 0);--_gs-gap-mobile:0px 0px;--_gs-m-mobile:20px 0 20px 0;--_gs-p-mobile:0 0 0 0;--_gs-bg-mobile:#f7f6f8 none;--_gs-bg-xp-mobile:0px;--_gs-zi-mobile:auto;--_gs-d-mobile:none;--_gs-mw-mobile:calc(100% - 0 - 0);--_gs-columns:12;--_gs-rows:6\"><div class=\"grids-s-w_i\">\n<div class=\"grids-area\" style=\"--_ga-column:2\/7;--_ga-row:1\/7;--_ga-va:center;--_ga-m-desktop:0 20px 0 0;--_ga-p-desktop:0 0 0 0;--_ga-bg-desktop:transparent none;--_ga-zi-desktop:auto;--_ga-d-desktop:flex;--_ga-mw-desktop:calc(100% - 0 - 20px);--_ga-m-tablet:0 0px 0 0;--_ga-p-tablet:0 0 0 0;--_ga-bg-tablet:transparent none;--_ga-zi-tablet:auto;--_ga-d-tablet:flex;--_ga-mw-tablet:calc(100% - 0 - 0px);--_ga-m-mobile:0 0px 0 0;--_ga-p-mobile:20px 0 20px 0;--_ga-bg-mobile:transparent none;--_ga-zi-mobile:auto;--_ga-d-mobile:flex;--_ga-mw-mobile:calc(100% - 0 - 0px)\">\n\n<div style=\"height:10px\" aria-hidden=\"true\" class=\"wp-block-spacer\"><\/div>\n\n\n\n<h2 class=\"wp-block-heading\">Vivez la magie de No\u00ebl entre bien-\u00eatre, d\u00e9tente et la chaleur des eaux thermales.<\/h2>\n\n\n\n<p>25 D\u00c9CEMBRE 2025<\/p>\n\n\n\n<p><strong>Une journ\u00e9e de pure d\u00e9tente<\/strong><\/p>\n\n\n\n<h3 class=\"wp-block-heading has-text-color has-link-color wp-elements-1a3c4c1f6825a1018d019c6bc6428894\" style=\"color:#832579\"><strong>Voici ce qui vous attend\u2026<\/strong><\/h3>\n\n\n\n<ul class=\"wp-block-list\">\n<li>1 chambre d\u2019h\u00f4tel \u00e0 votre disposition (de 10h00 \u00e0 21h00)<\/li>\n\n\n\n<li>Kit SPA avec peignoir, chaussons, serviette pour les piscines et sac SPA<\/li>\n\n\n\n<li>12h00 \u2013 Ap\u00e9ritif Chic de No\u00ebl au bar \u00ab The Club \u00bb<\/li>\n\n\n\n<li>12h30 \u2013 D\u00e9jeuner de No\u00ebl traditionnel avec buffet de \u00ab p\u00e9ch\u00e9s gourmands \u00bb typiques des f\u00eates<\/li>\n\n\n\n<li>Acc\u00e8s libre au SPA avec sauna, hammam, douches \u00e9motionnelles, tunnel sensoriel avec parcours Kneipp<\/li>\n\n\n\n<li>Acc\u00e8s libre aux 3 piscines thermales, dont 2 communicantes, avec 24 postes d\u2019hydromassage et cascades cervicales<\/li>\n<\/ul>\n\n\n\n<p><strong>\u00c0 partir de 145,00 \u20ac<\/strong><br>L\u2019acc\u00e8s est autoris\u00e9<strong> \u00e0 partir de 13 ans<\/strong>.<br>Une pi\u00e8ce d\u2019identit\u00e9 est requise.<br><br>Pour r\u00e9server, appelez le n\u00b0 <a href=\"tel:+390498231111\">049 82 31 111<\/a> ou \u00e9crivez \u00e0 <a href=\"mailto:info@savoiaterme.it\">info@savoiaterme.it<\/a><\/p>\n\n\n\n<a href=\"https:\/\/www.simplebooking.it\/ibe\/minishop\/?hid=5688&amp;lang=FR#\/product&amp;productId=3738\" id=\"spa\" class=\"btn broken_link\" target=\"_blank\" rel=\"noopener noreferrer\">\n   R\u00c9SERVEZ MAINTENANT\n<\/a>\n\n<\/div>\n\n<div class=\"grids-area\" style=\"--_ga-column:7\/12;--_ga-row:1\/7;--_ga-va:center;--_ga-m-desktop:0 0 0 20px;--_ga-p-desktop:0 0 0 0;--_ga-bg-desktop:transparent none;--_ga-zi-desktop:auto;--_ga-d-desktop:flex;--_ga-mw-desktop:calc(100% - 20px - 0);--_ga-m-tablet:0 0 0 0px;--_ga-p-tablet:0 0 0 0;--_ga-bg-tablet:transparent none;--_ga-zi-tablet:auto;--_ga-d-tablet:flex;--_ga-mw-tablet:calc(100% - 0px - 0);--_ga-m-mobile:0 0 0 0px;--_ga-p-mobile:0 0 0 0;--_ga-bg-mobile:transparent none;--_ga-zi-mobile:auto;--_ga-d-mobile:flex;--_ga-mw-mobile:calc(100% - 0px - 0)\">\n\n<figure class=\"wp-block-image size-full image-background-overlay-effect\"><img style=\"background-color: #60405e;\" loading=\"lazy\" decoding=\"async\" width=\"1800\" height=\"1200\" src=\"https:\/\/www.savoiaterme.it\/wp-content\/uploads\/2025\/12\/NATALE-1800X1200.jpg\" alt=\"\" class=\"wp-image-32182\" srcset=\"https:\/\/www.savoiaterme.it\/wp-content\/uploads\/2025\/12\/NATALE-1800X1200.jpg 1800w, https:\/\/www.savoiaterme.it\/wp-content\/uploads\/2025\/12\/NATALE-1800X1200-300x200.jpg 300w, https:\/\/www.savoiaterme.it\/wp-content\/uploads\/2025\/12\/NATALE-1800X1200-1024x683.jpg 1024w, https:\/\/www.savoiaterme.it\/wp-content\/uploads\/2025\/12\/NATALE-1800X1200-768x512.jpg 768w, https:\/\/www.savoiaterme.it\/wp-content\/uploads\/2025\/12\/NATALE-1800X1200-1536x1024.jpg 1536w, https:\/\/www.savoiaterme.it\/wp-content\/uploads\/2025\/12\/NATALE-1800X1200-1568x1045.jpg 1568w\" sizes=\"auto, (max-width: 1800px) 100vw, 1800px\" \/><\/figure>\n\n<\/div>\n<\/div><\/div>\n\n<div  class=\"grids-section grids-is-advanced alignfull advgb-dyn-ff4c8ff0\" style=\"--_gs-gap-desktop:0px 0px;--_gs-m-desktop:0 0 0 0;--_gs-p-desktop:0 0 0 0;--_gs-bg-desktop:#f7f6f8 none;--_gs-bg-xp-desktop:0px;--_gs-zi-desktop:auto;--_gs-d-desktop:none;--_gs-mw-desktop:calc(100% - 0 - 0);--_gs-gap-tablet:0px 0px;--_gs-m-tablet:0 0 0 0;--_gs-p-tablet:0 0 0 0;--_gs-bg-tablet:#f7f6f8 none;--_gs-bg-xp-tablet:0px;--_gs-zi-tablet:auto;--_gs-d-tablet:none;--_gs-mw-tablet:calc(100% - 0 - 0);--_gs-gap-mobile:0px 0px;--_gs-m-mobile:20px 0 20px 0;--_gs-p-mobile:0 0 0 0;--_gs-bg-mobile:#f7f6f8 none;--_gs-bg-xp-mobile:0px;--_gs-zi-mobile:auto;--_gs-d-mobile:none;--_gs-mw-mobile:calc(100% - 0 - 0);--_gs-columns:12;--_gs-rows:6\"><div class=\"grids-s-w_i\">\n<div class=\"grids-area\" style=\"--_ga-column:2\/7;--_ga-row:1\/7;--_ga-va:center;--_ga-m-desktop:0 20px 0 0;--_ga-p-desktop:0 0 0 0;--_ga-bg-desktop:transparent none;--_ga-zi-desktop:auto;--_ga-d-desktop:flex;--_ga-mw-desktop:calc(100% - 0 - 20px);--_ga-m-tablet:0 0px 0 0;--_ga-p-tablet:0 0 0 0;--_ga-bg-tablet:transparent none;--_ga-zi-tablet:auto;--_ga-d-tablet:flex;--_ga-mw-tablet:calc(100% - 0 - 0px);--_ga-m-mobile:0 0px 0 0;--_ga-p-mobile:20px 0 20px 0;--_ga-bg-mobile:transparent none;--_ga-zi-mobile:auto;--_ga-d-mobile:flex;--_ga-mw-mobile:calc(100% - 0 - 0px)\">\n\n<div style=\"height:10px\" aria-hidden=\"true\" class=\"wp-block-spacer\"><\/div>\n\n\n\n<p class=\"has-text-color has-link-color wp-elements-c3c87e5316161f4456c14d8e15309b6e\" style=\"color:#832579\"><em><strong>Nouveaut\u00e9!<\/strong><\/em><\/p>\n\n\n\n<h2 class=\"wp-block-heading\">Day Spa \u2013 DJ-SET sp\u00e9cial \u201970-\u201980-\u201990<\/h2>\n\n\n\n<p>16 AO\u00dbT 2025<\/p>\n\n\n\n<p><em><strong>Passez ce samedi avec nous !<\/strong><\/em><\/p>\n\n\n\n<p><strong>Piscines 9h00 \u2013 22h00 \u2013 Spa 10h00 \u2013 20h00<\/strong><\/p>\n\n\n\n<div style=\"height:10px\" aria-hidden=\"true\" class=\"wp-block-spacer\"><\/div>\n\n\n\n<h3 class=\"wp-block-heading has-text-color has-link-color wp-elements-cd744a03ea32960aa3b6b07d91dec509\" style=\"color:#832579\"><strong>Happy Hour &amp; DJ-SET (\u00e0 partir de 17h00)<\/strong><\/h3>\n\n\n\n<ul class=\"wp-block-list\">\n<li><strong>1 chambre d\u2019h\u00f4tel<\/strong> \u00e0 disposition (de 10h00 \u00e0 21h00)<\/li>\n\n\n\n<li><strong>Kit Spa <\/strong>avec peignoir, chaussons, serviette de piscine et sac Spa<\/li>\n\n\n\n<li><strong>Spa<\/strong> avec sauna, bain turc, douches \u00e9motionnelles, tunnel sensoriel avec parcours Kneipp<\/li>\n\n\n\n<li><strong>3 piscines thermales<\/strong>, dont 2 communicantes, avec 24 postes d\u2019hydromassage et cascades cervicales<\/li>\n\n\n\n<li>Le port du bonnet de bain n\u2019est pas obligatoire<\/li>\n<\/ul>\n\n\n\n<p><strong>65,00 \u20ac par personne<\/strong><br>Acc\u00e8s autoris\u00e9 <strong>\u00e0 partir de 13 ans<\/strong>.<br>Une pi\u00e8ce d\u2019identit\u00e9 est requise.<\/p>\n\n\n\n<div style=\"height:10px\" aria-hidden=\"true\" class=\"wp-block-spacer\"><\/div>\n\n\n\n<p>Pour r\u00e9server, appelez le <a href=\"tel:+390498231111\">+39 049 82 31 111<\/a> ou \u00e9crivez \u00e0 <a href=\"mailto:info@savoiaterme.it\">info@savoiaterme.it<\/a><\/p>\n\n\n\n<a href=\"https:\/\/www.savoiaterme.it\/fr\/contacts\/\" id=\"spa\" class=\"btn\">R\u00c9SERVEZ<\/a>\n\n<\/div>\n\n<div class=\"grids-area\" style=\"--_ga-column:7\/12;--_ga-row:1\/7;--_ga-va:center;--_ga-m-desktop:0 0 0 20px;--_ga-p-desktop:0 0 0 0;--_ga-bg-desktop:transparent none;--_ga-zi-desktop:auto;--_ga-d-desktop:flex;--_ga-mw-desktop:calc(100% - 20px - 0);--_ga-m-tablet:0 0 0 0px;--_ga-p-tablet:0 0 0 0;--_ga-bg-tablet:transparent none;--_ga-zi-tablet:auto;--_ga-d-tablet:flex;--_ga-mw-tablet:calc(100% - 0px - 0);--_ga-m-mobile:0 0 0 0px;--_ga-p-mobile:0 0 0 0;--_ga-bg-mobile:transparent none;--_ga-zi-mobile:auto;--_ga-d-mobile:flex;--_ga-mw-mobile:calc(100% - 0px - 0)\">\n\n<figure class=\"wp-block-image size-large image-background-overlay-effect\"><img style=\"background-color: #727362;\" loading=\"lazy\" decoding=\"async\" width=\"1024\" height=\"683\" src=\"https:\/\/www.savoiaterme.it\/wp-content\/uploads\/2024\/08\/easy-day-ferragosto-savoia-1024x683.jpg\" alt=\"\" class=\"wp-image-24747\" srcset=\"https:\/\/www.savoiaterme.it\/wp-content\/uploads\/2024\/08\/easy-day-ferragosto-savoia-1024x683.jpg 1024w, https:\/\/www.savoiaterme.it\/wp-content\/uploads\/2024\/08\/easy-day-ferragosto-savoia-300x200.jpg 300w, https:\/\/www.savoiaterme.it\/wp-content\/uploads\/2024\/08\/easy-day-ferragosto-savoia-768x512.jpg 768w, https:\/\/www.savoiaterme.it\/wp-content\/uploads\/2024\/08\/easy-day-ferragosto-savoia-1536x1024.jpg 1536w, https:\/\/www.savoiaterme.it\/wp-content\/uploads\/2024\/08\/easy-day-ferragosto-savoia-1568x1045.jpg 1568w, https:\/\/www.savoiaterme.it\/wp-content\/uploads\/2024\/08\/easy-day-ferragosto-savoia.jpg 1800w\" sizes=\"auto, (max-width: 1024px) 100vw, 1024px\" \/><\/figure>\n\n<\/div>\n<\/div><\/div>\n\n<div  id=\"easy-all-day\" class=\"grids-section grids-is-advanced\" style=\"--_gs-gap-desktop:0px 0px;--_gs-m-desktop:0 0 0 0;--_gs-p-desktop:0 0 0 0;--_gs-bg-desktop:transparent none;--_gs-bg-xp-desktop:0px;--_gs-zi-desktop:auto;--_gs-d-desktop:block;--_gs-mw-desktop:calc(100% - 0 - 0);--_gs-gap-tablet:0px 0px;--_gs-m-tablet:0 0 0 0;--_gs-p-tablet:0 0 0 0;--_gs-bg-tablet:transparent none;--_gs-bg-xp-tablet:0px;--_gs-zi-tablet:auto;--_gs-d-tablet:block;--_gs-mw-tablet:calc(100% - 0 - 0);--_gs-gap-mobile:0px 0px;--_gs-m-mobile:0 0 0 0;--_gs-p-mobile:0 0 0 0;--_gs-bg-mobile:transparent none;--_gs-bg-xp-mobile:0px;--_gs-zi-mobile:auto;--_gs-d-mobile:block;--_gs-mw-mobile:calc(100% - 0 - 0);--_gs-columns:12;--_gs-rows:6\"><div class=\"grids-s-w_i\">\n<div class=\"grids-area\" style=\"--_ga-column:2\/12;--_ga-row:1\/2;--_ga-m-desktop:0 0 0 0;--_ga-p-desktop:0 0 0 0;--_ga-bg-desktop:transparent none;--_ga-zi-desktop:auto;--_ga-d-desktop:flex;--_ga-mw-desktop:calc(100% - 0 - 0);--_ga-m-tablet:0 0 0 0;--_ga-p-tablet:0 0 0 0;--_ga-bg-tablet:transparent none;--_ga-zi-tablet:auto;--_ga-d-tablet:flex;--_ga-mw-tablet:calc(100% - 0 - 0);--_ga-m-mobile:0 0 0 0;--_ga-p-mobile:0 0 0 0;--_ga-bg-mobile:transparent none;--_ga-zi-mobile:auto;--_ga-d-mobile:flex;--_ga-mw-mobile:calc(100% - 0 - 0)\">\n\n<h2 class=\"wp-block-heading has-text-align-center\" id=\"easy-all-day\">Easy All Day<\/h2>\n\n\n\n<h3 class=\"wp-block-heading has-text-align-center\" id=\"senza-camera-d-appoggio\">sans chambre<\/h3>\n\n<\/div>\n\n<div class=\"grids-area\" style=\"--_ga-column:2\/12;--_ga-row:2\/3;--_ga-m-desktop:0 0 0 0;--_ga-p-desktop:0 0 0 0;--_ga-bg-desktop:transparent none;--_ga-zi-desktop:auto;--_ga-d-desktop:flex;--_ga-mw-desktop:calc(100% - 0 - 0);--_ga-m-tablet:0 0 0 0;--_ga-p-tablet:0 0 0 0;--_ga-bg-tablet:transparent none;--_ga-zi-tablet:auto;--_ga-d-tablet:flex;--_ga-mw-tablet:calc(100% - 0 - 0);--_ga-m-mobile:0 0 0 0;--_ga-p-mobile:0 0 0 0;--_ga-bg-mobile:transparent none;--_ga-zi-mobile:auto;--_ga-d-mobile:flex;--_ga-mw-mobile:calc(100% - 0 - 0)\">\n\r\n<div class=\"snodo-list-container\">\r\n\t\t\t\t<div class=\"snodo-list-container-single \">\r\n\t\t\t\t<a   class=\"snodo-list-container-single-img\" title=\"Easy Day \u2013 Acc\u00e8s Journ\u00e9e SPA Savoia\">\r\n\t\t\t\t\t<figure class=\"full-width\">\r\n\t\t\t\t\t\t<img decoding=\"async\" src=\"https:\/\/www.savoiaterme.it\/wp-content\/uploads\/2021\/10\/easy-all-day-hotel-savoia-terme-abano-terme-banner.jpg\" \/>\r\n\t\t\t\t\t<\/figure>\r\n\t\t\t\t<\/a>\r\n\t\t\t\t\r\n\t\t\t\t<a   class=\"snodo-list-container-single-title\" title=\"Easy Day \u2013 Acc\u00e8s Journ\u00e9e SPA Savoia\">\r\n\t\t\t\t\t<h3>Easy Day \u2013 Acc\u00e8s Journ\u00e9e SPA Savoia<\/h3>\r\n\t\t\t\t<\/a>\r\n\r\n\t\t\t\t<div class=\"snodo-list-container-single-subtitle\">\r\n\t\t\t\t\t\t\t\t\t<\/div>\r\n\r\n\t\t\t\t<div class=\"snodo-list-container-single-short-description\">\r\n\t\t\t\t\t<p>Bien-\u00eatre total sans nuit\u00e9e : piscines thermales, SPA, fitness et d\u00e9tente au c\u0153ur d\u2019Abano Terme.<br \/>\n<strong>\u00c0 partir de 40\u202f\u20ac<\/strong><\/p>\n<p><a class=\"btn only-borders\" style=\"display: block; text-align: center; margin: 20px auto !important; padding: 0;\" href=\"https:\/\/www.savoiaterme.it\/fr\/easy-day-acces-journee-spa-savoia\/\" rel=\"noopener\">Voir les d\u00e9tails<\/a><\/p>\n\t\t\t\t<\/div>\r\n\r\n\t\t\t\t\t\t\t<\/div>\r\n\t\t\t\t\t\t<div class=\"snodo-list-container-single \">\r\n\t\t\t\t<a   class=\"snodo-list-container-single-img\" title=\"Easy Break \u2013 Acc\u00e8s Apr\u00e8s-midi SPA Savoia\">\r\n\t\t\t\t\t<figure class=\"full-width\">\r\n\t\t\t\t\t\t<img decoding=\"async\" src=\"https:\/\/www.savoiaterme.it\/wp-content\/uploads\/2025\/01\/Coppia-rilassata-in-piscina.webp\" \/>\r\n\t\t\t\t\t<\/figure>\r\n\t\t\t\t<\/a>\r\n\t\t\t\t\r\n\t\t\t\t<a   class=\"snodo-list-container-single-title\" title=\"Easy Break \u2013 Acc\u00e8s Apr\u00e8s-midi SPA Savoia\">\r\n\t\t\t\t\t<h3>Easy Break \u2013 Acc\u00e8s Apr\u00e8s-midi SPA Savoia<\/h3>\r\n\t\t\t\t<\/a>\r\n\r\n\t\t\t\t<div class=\"snodo-list-container-single-subtitle\">\r\n\t\t\t\t\t\t\t\t\t<\/div>\r\n\r\n\t\t\t\t<div class=\"snodo-list-container-single-short-description\">\r\n\t\t\t\t\t<p>Votre apr\u00e8s-midi de d\u00e9tente : piscines thermales, SPA et bien-\u00eatre sans nuit\u00e9e, de 14h00 \u00e0 22h00.<br \/>\n<strong>\u00c0 partir de 35\u202f\u20ac<\/strong><br \/>\n<a class=\"btn only-borders\" style=\"display: block; text-align: center; margin: 20px auto !important; padding: 0;\" href=\"https:\/\/www.savoiaterme.it\/fr\/easy-break-acces-apres-midi-spa-savoia\/\" rel=\"noopener\">Voir les d\u00e9tails<\/a><\/p>\n\t\t\t\t<\/div>\r\n\r\n\t\t\t\t\t\t\t<\/div>\r\n\t\t\t\t\t\t<div class=\"snodo-list-container-single \">\r\n\t\t\t\t<a   class=\"snodo-list-container-single-img\" title=\"Pool Night \u2013 Acc\u00e8s Soir\u00e9e SPA Savoia\">\r\n\t\t\t\t\t<figure class=\"full-width\">\r\n\t\t\t\t\t\t<img decoding=\"async\" src=\"https:\/\/www.savoiaterme.it\/wp-content\/uploads\/2022\/01\/piscine-termali-abano-terme-hotel-savoia-terme-1024x683-1.jpg\" \/>\r\n\t\t\t\t\t<\/figure>\r\n\t\t\t\t<\/a>\r\n\t\t\t\t\r\n\t\t\t\t<a   class=\"snodo-list-container-single-title\" title=\"Pool Night \u2013 Acc\u00e8s Soir\u00e9e SPA Savoia\">\r\n\t\t\t\t\t<h3>Pool Night \u2013 Acc\u00e8s Soir\u00e9e SPA Savoia<\/h3>\r\n\t\t\t\t<\/a>\r\n\r\n\t\t\t\t<div class=\"snodo-list-container-single-subtitle\">\r\n\t\t\t\t\t\t\t\t\t<\/div>\r\n\r\n\t\t\t\t<div class=\"snodo-list-container-single-short-description\">\r\n\t\t\t\t\t<p>De 19h00 \u00e0 22h00, vivez la magie des piscines thermales et du SPA sous les \u00e9toiles.<br \/>\n<strong>\u00c0 partir de 30\u202f\u20ac<\/strong><br \/>\n<a class=\"btn only-borders\" style=\"display: block; text-align: center; margin: 20px auto !important; padding: 0;\" href=\"https:\/\/www.savoiaterme.it\/fr\/pool-night-acces-soiree-spa-savoia\/\" rel=\"noopener\">Voir les d\u00e9tails<\/a><\/p>\n\t\t\t\t<\/div>\r\n\r\n\t\t\t\t\t\t\t<\/div>\r\n\t\t\t\r\n\t<\/div>\r\n\r\n\n\n<\/div>\n<\/div><\/div>\n\n<div  class=\"grids-section grids-is-advanced alignwide\" style=\"--_gs-gap-desktop:0px 0px;--_gs-m-desktop:0 0 0 0;--_gs-p-desktop:0 0 0 0;--_gs-bg-desktop:transparent none;--_gs-bg-xp-desktop:0px;--_gs-zi-desktop:auto;--_gs-d-desktop:block;--_gs-mw-desktop:calc(100% - 0 - 0);--_gs-gap-tablet:0px 0px;--_gs-m-tablet:0 0 0 0;--_gs-p-tablet:0 0 0 0;--_gs-bg-tablet:transparent none;--_gs-bg-xp-tablet:0px;--_gs-zi-tablet:auto;--_gs-d-tablet:block;--_gs-mw-tablet:calc(100% - 0 - 0);--_gs-gap-mobile:0px 0px;--_gs-m-mobile:0 0 0 0;--_gs-p-mobile:0 0 0 0;--_gs-bg-mobile:transparent none;--_gs-bg-xp-mobile:0px;--_gs-zi-mobile:auto;--_gs-d-mobile:block;--_gs-mw-mobile:calc(100% - 0 - 0);--_gs-columns:12;--_gs-rows:6\"><div class=\"grids-s-w_i\">\n<div class=\"grids-area\" style=\"--_ga-column:1\/14;--_ga-row:1\/8;--_ga-m-desktop:0 0 0 0;--_ga-p-desktop:0 0 0 0;--_ga-bg-desktop:transparent none;--_ga-zi-desktop:auto;--_ga-d-desktop:flex;--_ga-mw-desktop:calc(100% - 0 - 0);--_ga-m-tablet:0 0 0 0;--_ga-p-tablet:0 0 0 0;--_ga-bg-tablet:transparent none;--_ga-zi-tablet:auto;--_ga-d-tablet:flex;--_ga-mw-tablet:calc(100% - 0 - 0);--_ga-m-mobile:0 0 0 0;--_ga-p-mobile:0 0 0 0;--_ga-bg-mobile:transparent none;--_ga-zi-mobile:auto;--_ga-d-mobile:flex;--_ga-mw-mobile:calc(100% - 0 - 0)\"><\/div>\n<\/div><\/div>\n\n<div  class=\"grids-section grids-is-advanced alignwide\" style=\"--_gs-gap-desktop:0px 0px;--_gs-m-desktop:0 0 0 0;--_gs-p-desktop:0 0 0 0;--_gs-bg-desktop:transparent none;--_gs-bg-xp-desktop:0px;--_gs-zi-desktop:auto;--_gs-d-desktop:block;--_gs-mw-desktop:calc(100% - 0 - 0);--_gs-gap-tablet:0px 0px;--_gs-m-tablet:0 0 0 0;--_gs-p-tablet:0 0 0 0;--_gs-bg-tablet:transparent none;--_gs-bg-xp-tablet:0px;--_gs-zi-tablet:auto;--_gs-d-tablet:block;--_gs-mw-tablet:calc(100% - 0 - 0);--_gs-gap-mobile:0px 0px;--_gs-m-mobile:0 0 0 0;--_gs-p-mobile:0 0 0 0;--_gs-bg-mobile:transparent none;--_gs-bg-xp-mobile:0px;--_gs-zi-mobile:auto;--_gs-d-mobile:block;--_gs-mw-mobile:calc(100% - 0 - 0);--_gs-columns:12;--_gs-rows:6\"><div class=\"grids-s-w_i\">\n<div class=\"grids-area btn-center\" style=\"--_ga-column:2\/12;--_ga-row:1\/2;--_ga-m-desktop:0 0 0 0;--_ga-p-desktop:0 0 0 0;--_ga-bg-desktop:transparent none;--_ga-zi-desktop:auto;--_ga-d-desktop:flex;--_ga-mw-desktop:calc(100% - 0 - 0);--_ga-m-tablet:0 0 0 0;--_ga-p-tablet:0 0 0 0;--_ga-bg-tablet:transparent none;--_ga-zi-tablet:auto;--_ga-d-tablet:flex;--_ga-mw-tablet:calc(100% - 0 - 0);--_ga-m-mobile:0 0 0 0;--_ga-p-mobile:0 0 0 0;--_ga-bg-mobile:transparent none;--_ga-zi-mobile:auto;--_ga-d-mobile:flex;--_ga-mw-mobile:calc(100% - 0 - 0)\">\n\n<h2 class=\"wp-block-heading has-text-align-center\" id=\"scopri-tutti-i-nostri-pacchetti-giornalieri-online\">D\u00e9couvrez tous nos forfaits journaliers en ligne<\/h2>\n\n\n\n<a href=\"https:\/\/www.simplebooking.it\/ibe\/minishop\/?hid=5688&amp;lang=it&amp;_ga=2.58432682.1653274968.1631085932-2069797801.1561632741#\" class=\"btn btn-center broken_link\">D\u00c9COUVREZ NOS FORFAITS JOURNALIERS<\/a>\n\n<\/div>\n<\/div><\/div>\n\n<div  class=\"grids-section image-boxed-blur-background grids-is-advanced alignfull\" style=\"--_gs-gap-desktop:0px 0px;--_gs-m-desktop:0 0 0 0;--_gs-p-desktop:0 0 0 0;--_gs-bg-desktop:transparent url(https:\/\/www.savoiaterme.it\/wp-content\/uploads\/2021\/11\/savoia-sfondo.jpg) no-repeat 50% 50%  \/ cover;--_gs-bg-xp-desktop:0px;--_gs-zi-desktop:auto;--_gs-d-desktop:block;--_gs-mw-desktop:calc(100% - 0 - 0);--_gs-gap-tablet:0px 0px;--_gs-m-tablet:0 0 0 0;--_gs-p-tablet:0 0 0 0;--_gs-bg-tablet:transparent url(https:\/\/www.savoiaterme.it\/wp-content\/uploads\/2021\/11\/savoia-sfondo.jpg) no-repeat 50% 50%  \/ cover;--_gs-bg-xp-tablet:0px;--_gs-zi-tablet:auto;--_gs-d-tablet:block;--_gs-mw-tablet:calc(100% - 0 - 0);--_gs-gap-mobile:0px 0px;--_gs-m-mobile:0 0 0 0;--_gs-p-mobile:0 0 0 0;--_gs-bg-mobile:transparent url(https:\/\/www.savoiaterme.it\/wp-content\/uploads\/2021\/11\/savoia-sfondo.jpg) no-repeat 50% 50%  \/ cover;--_gs-bg-xp-mobile:0px;--_gs-zi-mobile:auto;--_gs-d-mobile:block;--_gs-mw-mobile:calc(100% - 0 - 0);--_gs-columns:12;--_gs-rows:6\"><div class=\"grids-s-w_i\">\n<div class=\"grids-area\" style=\"--_ga-column:5\/9;--_ga-row:1\/4;--_ga-m-desktop:0 0 0 0;--_ga-p-desktop:0 0 0 0;--_ga-bg-desktop:transparent none;--_ga-zi-desktop:auto;--_ga-d-desktop:flex;--_ga-mw-desktop:calc(100% - 0 - 0);--_ga-m-tablet:0 0 0 0;--_ga-p-tablet:0 0 0 0;--_ga-bg-tablet:transparent none;--_ga-zi-tablet:auto;--_ga-d-tablet:flex;--_ga-mw-tablet:calc(100% - 0 - 0);--_ga-m-mobile:0 0 0 0;--_ga-p-mobile:0 20px 0 20px;--_ga-bg-mobile:transparent none;--_ga-zi-mobile:auto;--_ga-d-mobile:flex;--_ga-mw-mobile:calc(100% - 0 - 0)\">\n\n<h2 class=\"wp-block-heading has-text-align-center\" id=\"momenti-magicida-vivere-al-savoia-spa\">Des moments magiques \u00e0 vivre au Savoia Spa<\/h2>\n\n\n\n<p class=\"has-text-align-center\">Offrez-vous &#8211; une journ\u00e9e bien-\u00eatre, <strong>sans obligation de prendre une chambre pour la nuit <\/strong>!<\/p>\n\n\n\n<p class=\"has-text-align-center\">Le centre bien-\u00eatre de l&rsquo;H\u00f4tel Savoia Therm\u00e6 &amp; Spa \u00e0 Abano Terme offre la possibilit\u00e9 de se livrer \u00e0 des moments de pure d\u00e9tente et de passer une <strong>journ\u00e9e aux thermes<\/strong> dans notre Spa exclusif \u201cOasis de d\u00e9tente\u201d, sans obligation de loger \u00e0 l&rsquo;h\u00f4tel !<\/p>\n\n\n\n<a href=\"https:\/\/www.savoiaterme.it\/fr\/spa\/spa-oasis-de-detente\/\" class=\"btn btn-center\">SAVOIA SPA<\/a>\n\n<\/div>\n<\/div><\/div>\n\n<div  class=\"grids-section grids-is-advanced alignfull\" style=\"--_gs-gap-desktop:0px 0px;--_gs-m-desktop:0 0 0 0;--_gs-p-desktop:0 0 0 0;--_gs-bg-desktop:transparent none;--_gs-bg-xp-desktop:0px;--_gs-zi-desktop:auto;--_gs-d-desktop:block;--_gs-mw-desktop:calc(100% - 0 - 0);--_gs-gap-tablet:0px 0px;--_gs-m-tablet:0 0 0 0;--_gs-p-tablet:0 0 0 0;--_gs-bg-tablet:transparent none;--_gs-bg-xp-tablet:0px;--_gs-zi-tablet:auto;--_gs-d-tablet:block;--_gs-mw-tablet:calc(100% - 0 - 0);--_gs-gap-mobile:0px 0px;--_gs-m-mobile:20px 0 20px 0;--_gs-p-mobile:0 0 0 0;--_gs-bg-mobile:transparent none;--_gs-bg-xp-mobile:0px;--_gs-zi-mobile:auto;--_gs-d-mobile:block;--_gs-mw-mobile:calc(100% - 0 - 0);--_gs-columns:12;--_gs-rows:6\"><div class=\"grids-s-w_i\">\n<div class=\"grids-area\" style=\"--_ga-column:2\/7;--_ga-row:1\/7;--_ga-va:center;--_ga-m-desktop:0 20px 0 0;--_ga-p-desktop:0 0 0 0;--_ga-bg-desktop:transparent none;--_ga-zi-desktop:auto;--_ga-d-desktop:flex;--_ga-mw-desktop:calc(100% - 0 - 20px);--_ga-m-tablet:0 20px 0 0;--_ga-p-tablet:0 0 0 0;--_ga-bg-tablet:transparent none;--_ga-zi-tablet:auto;--_ga-d-tablet:flex;--_ga-mw-tablet:calc(100% - 0 - 20px);--_ga-m-mobile:0 20px 0 0;--_ga-p-mobile:20px 0 20px 0;--_ga-bg-mobile:transparent none;--_ga-zi-mobile:auto;--_ga-d-mobile:flex;--_ga-mw-mobile:calc(100% - 0 - 20px)\">\n\n<h2 class=\"wp-block-heading\" id=\"i-sapori-del-savoia\">Les saveurs du Savoia<\/h2>\n\n\n\n<p>Un <strong>d\u00e9jeuner l\u00e9ger <\/strong>au c\u0153ur d\u2019un sc\u00e9nario enchanteur et en pleine nature ? Envie d\u2019un <strong>cocktail en bord de piscine <\/strong>? Notre <strong>The Club Bar<\/strong> est ouvert tous les jours pour offrir \u00e0 ses h\u00f4tes un rafra\u00eechissement rapide \u00e0 d\u00e9guster <strong>m\u00eame en peignoir<\/strong>.<\/p>\n\n\n\n<p>Le restaurant <strong>Il Savoiardo<\/strong> est pr\u00eat \u00e0 surprendre m\u00eame les palais les plus raffin\u00e9s avec sa <strong>cuisine gourmet<\/strong>. Un <strong>menu recherch\u00e9 et raffin\u00e9<\/strong>, fruit d&rsquo;un travail minutieux et passionn\u00e9, attentif aux mati\u00e8res premi\u00e8res.<\/p>\n\n\n\n<p>De la pr\u00e9sentation du plat \u00e0 la cr\u00e9ativit\u00e9 des associations de saveurs, <strong>chaque d\u00e9tail est soigneusement choisi<\/strong>, pour une cuisine qui va au-del\u00e0 des traditions, offrant \u00e0 ses convives la magie de nouvelles \u00e9motions.<\/p>\n\n\n\n<div class=\"inline-buttons left-aligned\">\n<a href=\"https:\/\/www.savoiaterme.it\/fr\/gourmet\/\" class=\"btn\">D\u00c9COUVREZ NOTRE CUISINE<\/a>\n<a href=\"https:\/\/savoiaguest.savoiaterme.it\/fr\/menu-du-restaurant\/\" target=\"blank\" class=\"btn only-borders\" rel=\"noopener\">D\u00c9COUVREZ LE MENU SUR L&rsquo;APPLI<\/a>\n<\/div>\n\n<\/div>\n\n<div class=\"grids-area\" style=\"--_ga-column:7\/12;--_ga-row:1\/7;--_ga-va:center;--_ga-m-desktop:0 0 0 20px;--_ga-p-desktop:0 0 0 0;--_ga-bg-desktop:transparent none;--_ga-zi-desktop:auto;--_ga-d-desktop:flex;--_ga-mw-desktop:calc(100% - 20px - 0);--_ga-m-tablet:0 0 0 20px;--_ga-p-tablet:0 0 0 0;--_ga-bg-tablet:transparent none;--_ga-zi-tablet:auto;--_ga-d-tablet:flex;--_ga-mw-tablet:calc(100% - 20px - 0);--_ga-m-mobile:0 0 0 20px;--_ga-p-mobile:0 0 0 0;--_ga-bg-mobile:transparent none;--_ga-zi-mobile:auto;--_ga-d-mobile:flex;--_ga-mw-mobile:calc(100% - 20px - 0)\">\n<IfSoTrigger tid='18161' class=''  style='display:inline-block;'><\/IfSoTrigger>\n\n<\/div>\n<\/div><\/div>\n\n<div  class=\"grids-section grids-is-advanced alignwide\" style=\"--_gs-gap-desktop:0px 0px;--_gs-m-desktop:0 0 0 0;--_gs-p-desktop:0 0 0 0;--_gs-bg-desktop:transparent none;--_gs-bg-xp-desktop:0px;--_gs-zi-desktop:auto;--_gs-d-desktop:block;--_gs-mw-desktop:calc(100% - 0 - 0);--_gs-gap-tablet:0px 0px;--_gs-m-tablet:0 0 0 0;--_gs-p-tablet:0 0 0 0;--_gs-bg-tablet:transparent none;--_gs-bg-xp-tablet:0px;--_gs-zi-tablet:auto;--_gs-d-tablet:block;--_gs-mw-tablet:calc(100% - 0 - 0);--_gs-gap-mobile:0px 0px;--_gs-m-mobile:0 0 0 0;--_gs-p-mobile:0 0 0 0;--_gs-bg-mobile:transparent none;--_gs-bg-xp-mobile:0px;--_gs-zi-mobile:auto;--_gs-d-mobile:block;--_gs-mw-mobile:calc(100% - 0 - 0);--_gs-columns:12;--_gs-rows:6\"><div class=\"grids-s-w_i\">\n<div class=\"grids-area\" style=\"--_ga-column:2\/12;--_ga-row:1\/2;--_ga-m-desktop:0 0 0 0;--_ga-p-desktop:0 0 0 0;--_ga-bg-desktop:transparent none;--_ga-zi-desktop:auto;--_ga-d-desktop:flex;--_ga-mw-desktop:calc(100% - 0 - 0);--_ga-m-tablet:0 0 0 0;--_ga-p-tablet:0 0 0 0;--_ga-bg-tablet:transparent none;--_ga-zi-tablet:auto;--_ga-d-tablet:flex;--_ga-mw-tablet:calc(100% - 0 - 0);--_ga-m-mobile:0 0 0 0;--_ga-p-mobile:0 0 0 0;--_ga-bg-mobile:transparent none;--_ga-zi-mobile:auto;--_ga-d-mobile:flex;--_ga-mw-mobile:calc(100% - 0 - 0)\">\n\n<h2 class=\"wp-block-heading\" id=\"altre-informazioni\">Autres informations<\/h2>\n\n\n\n<p>Pour permettre \u00e0 chacun de se d\u00e9tendre et de profiter de nos piscines thermales et de l&rsquo;environnement qui l&rsquo;entoure, nos h\u00f4tes <strong>sont tenus de respecter les consignes suivantes<\/strong> :<\/p>\n\n<\/div>\n\n<div class=\"grids-area\" style=\"--_ga-column:2\/7;--_ga-row:2\/7;--_ga-m-desktop:0 20px 0 0;--_ga-p-desktop:0 0 0 0;--_ga-bg-desktop:transparent none;--_ga-zi-desktop:auto;--_ga-d-desktop:flex;--_ga-mw-desktop:calc(100% - 0 - 20px);--_ga-m-tablet:0 20px 0 0;--_ga-p-tablet:0 0 0 0;--_ga-bg-tablet:transparent none;--_ga-zi-tablet:auto;--_ga-d-tablet:flex;--_ga-mw-tablet:calc(100% - 0 - 20px);--_ga-m-mobile:0 20px 0 0;--_ga-p-mobile:0 0 0 0;--_ga-bg-mobile:transparent none;--_ga-zi-mobile:auto;--_ga-d-mobile:flex;--_ga-mw-mobile:calc(100% - 0 - 20px)\">\n\n<ul class=\"wp-block-list\">\n<li>Lire le r\u00e8glement affich\u00e9 \u00e0 la piscine. Notre \u00e9quipe est autoris\u00e9e \u00e0 faire respecter les r\u00e8gles !<\/li>\n\n\n\n<li>L&rsquo;acc\u00e8s au Spa n&rsquo;est pas autoris\u00e9 aux moins de 18 ans.<\/li>\n\n\n\n<li>L&rsquo;entr\u00e9e est valable du moment de l&rsquo;acc\u00e8s au moment de la sortie : il est interdit d&rsquo;entrer et de sortir plusieurs fois dans la journ\u00e9e.<\/li>\n\n\n\n<li>La direction n&rsquo;est pas responsable des objets laiss\u00e9s sans surveillance hors des casiers.<\/li>\n\n\n\n<li>Il est interdit de fumer \u00e0 l&rsquo;int\u00e9rieur des piscines couvertes et dans les espaces communicant avec l&rsquo;h\u00f4tel.<\/li>\n<\/ul>\n\n\n\n<ul class=\"wp-block-list\">\n<li>Douche obligatoire avant d&rsquo;entrer dans l&rsquo;eau.<\/li>\n\n\n\n<li>Il est interdit de plonger, de jouer au ballon et de courir dans le respect de la d\u00e9tente des autres et pour des raisons de s\u00e9curit\u00e9. Il est important de respecter le silence, d&rsquo;\u00e9viter les bruits, de baisser le volume du t\u00e9l\u00e9phone portable et de parler \u00e0 voix basse.<\/li>\n\n\n\n<li>Afin de permettre un s\u00e9jour agr\u00e9able dans nos piscines, nous demandons de ne pas occuper les bains \u00e0 remous trop longtemps et de permettre \u00e0 tous les clients de les utiliser. <\/li>\n\n\n\n<li>L&rsquo;acc\u00e8s en soir\u00e9e n&rsquo;est pas autoris\u00e9 aux personnes \u00e2g\u00e9es de moins de 18 ans.<\/li>\n<\/ul>\n\n<\/div>\n\n<div class=\"grids-area\" style=\"--_ga-column:7\/12;--_ga-row:2\/7;--_ga-m-desktop:0 0 0 20px;--_ga-p-desktop:0 0 0 0;--_ga-bg-desktop:transparent none;--_ga-zi-desktop:auto;--_ga-d-desktop:flex;--_ga-mw-desktop:calc(100% - 20px - 0);--_ga-m-tablet:0 0 0 20px;--_ga-p-tablet:0 0 0 0;--_ga-bg-tablet:transparent none;--_ga-zi-tablet:auto;--_ga-d-tablet:flex;--_ga-mw-tablet:calc(100% - 20px - 0);--_ga-m-mobile:0 0 0 0px;--_ga-p-mobile:0 0 0 0;--_ga-bg-mobile:transparent none;--_ga-zi-mobile:auto;--_ga-d-mobile:flex;--_ga-mw-mobile:calc(100% - 0px - 0)\">\n\n<ul class=\"wp-block-list\">\n<li>Il est permis d&rsquo;occuper un seul lit et un matelas par personne.<\/li>\n\n\n\n<li>Il est interdit de consommer sa propre nourriture et ses propres boissons.<\/li>\n\n\n\n<li>La piscine couverte d&rsquo;eau thermale sal\u00e9e bromo-iodique a une profondeur maximale de 140 centim\u00e8tres, \u00e0 une temp\u00e9rature de 34-36\u00b0C.<\/li>\n\n\n\n<li>La piscine d\u00e9couverte d&rsquo;eau thermale sal\u00e9e bromo-iodique a une profondeur maximale de 140 centim\u00e8tres, \u00e0 une temp\u00e9rature de 34-36\u00b0 C communiquant avec la piscine couverte.<\/li>\n\n\n\n<li>La petite piscine d\u00e9couverte d&rsquo;eau thermale sal\u00e9e bromo-iodique a une profondeur maximale de 150 centim\u00e8tres, \u00e0 une temp\u00e9rature de 27-29\u00b0 C pour les mois les plus chauds.<\/li>\n\n\n\n<li>Aquagym \u00e0 16h45 du mardi au vendredi et \u00e0 16h00 le samedi.<\/li>\n\n\n\n<li>Salle de sport : tous les jours de 8h30 \u00e0 23h00. Les personnes de moins de 14 ans ne sont pas autoris\u00e9es \u00e0 utiliser la salle de sport. Pendant les activit\u00e9s la salle de sport est r\u00e9serv\u00e9e exclusivement aux activit\u00e9s. Il est interdit d&rsquo;utiliser les appareils de cardio-fitness de la salle de sport plus de 20 minutes par appareil. Il est interdit d&rsquo;utiliser la salle de sport en maillot de bain, peignoir et tongs.<\/li>\n<\/ul>\n\n<\/div>\n<\/div><\/div>\n\n<div  class=\"grids-section grids-is-advanced alignwide\" style=\"--_gs-gap-desktop:0px 0px;--_gs-m-desktop:0 0 0 0;--_gs-p-desktop:0 0 0 0;--_gs-bg-desktop:transparent none;--_gs-bg-xp-desktop:0px;--_gs-zi-desktop:auto;--_gs-d-desktop:block;--_gs-mw-desktop:calc(100% - 0 - 0);--_gs-gap-tablet:0px 0px;--_gs-m-tablet:0 0 0 0;--_gs-p-tablet:0 0 0 0;--_gs-bg-tablet:transparent none;--_gs-bg-xp-tablet:0px;--_gs-zi-tablet:auto;--_gs-d-tablet:block;--_gs-mw-tablet:calc(100% - 0 - 0);--_gs-gap-mobile:0px 0px;--_gs-m-mobile:0 0 0 0;--_gs-p-mobile:0 0 0 0;--_gs-bg-mobile:transparent none;--_gs-bg-xp-mobile:0px;--_gs-zi-mobile:auto;--_gs-d-mobile:block;--_gs-mw-mobile:calc(100% - 0 - 0);--_gs-columns:12;--_gs-rows:6\"><div class=\"grids-s-w_i\">\n<div class=\"grids-area\" style=\"--_ga-column:2\/12;--_ga-row:1\/2;--_ga-m-desktop:0 0 -40px 0;--_ga-p-desktop:0 0 0 0;--_ga-bg-desktop:transparent none;--_ga-zi-desktop:auto;--_ga-d-desktop:flex;--_ga-mw-desktop:calc(100% - 0 - 0);--_ga-m-tablet:0 0 -40px 0;--_ga-p-tablet:0 0 0 0;--_ga-bg-tablet:transparent none;--_ga-zi-tablet:auto;--_ga-d-tablet:flex;--_ga-mw-tablet:calc(100% - 0 - 0);--_ga-m-mobile:0 0 -40px 0;--_ga-p-mobile:0 0 0 0;--_ga-bg-mobile:transparent none;--_ga-zi-mobile:auto;--_ga-d-mobile:flex;--_ga-mw-mobile:calc(100% - 0 - 0)\">\n\n<h2 class=\"wp-block-heading has-text-align-center\" id=\"scegli-un-indimenticabile-esperienza-nella-nostra-struttura\">Choisissez une exp\u00e9rience inoubliable dans notre structure<\/h2>\n\n<\/div>\n<\/div><\/div>\n\n<div  class=\"grids-section grids-is-advanced alignfull\" style=\"--_gs-gap-desktop:0px 0px;--_gs-m-desktop:0 0 0 0;--_gs-p-desktop:0 0 0 0;--_gs-bg-desktop:transparent none;--_gs-bg-xp-desktop:0px;--_gs-zi-desktop:auto;--_gs-d-desktop:block;--_gs-mw-desktop:calc(100% - 0 - 0);--_gs-gap-tablet:0px 0px;--_gs-m-tablet:0 0 0 0;--_gs-p-tablet:0 0 0 0;--_gs-bg-tablet:transparent none;--_gs-bg-xp-tablet:0px;--_gs-zi-tablet:auto;--_gs-d-tablet:block;--_gs-mw-tablet:calc(100% - 0 - 0);--_gs-gap-mobile:0px 0px;--_gs-m-mobile:0 0 0 0;--_gs-p-mobile:0 0 0 0;--_gs-bg-mobile:transparent none;--_gs-bg-xp-mobile:0px;--_gs-zi-mobile:auto;--_gs-d-mobile:block;--_gs-mw-mobile:calc(100% - 0 - 0);--_gs-columns:12;--_gs-rows:6\"><div class=\"grids-s-w_i\">\n<div class=\"grids-area\" style=\"--_ga-column:2\/12;--_ga-row:1\/7;--_ga-m-desktop:0 0 0 0;--_ga-p-desktop:0 0 0 0;--_ga-bg-desktop:transparent none;--_ga-zi-desktop:auto;--_ga-d-desktop:flex;--_ga-mw-desktop:calc(100% - 0 - 0);--_ga-m-tablet:0 0 0 0;--_ga-p-tablet:0 0 0 0;--_ga-bg-tablet:transparent none;--_ga-zi-tablet:auto;--_ga-d-tablet:flex;--_ga-mw-tablet:calc(100% - 0 - 0);--_ga-m-mobile:0 0 0 0;--_ga-p-mobile:0 0 0 0;--_ga-bg-mobile:transparent none;--_ga-zi-mobile:auto;--_ga-d-mobile:flex;--_ga-mw-mobile:calc(100% - 0 - 0)\">\n<IfSoTrigger tid='7883' class=''  style='display:inline-block;'><\/IfSoTrigger>\n\n<\/div>\n<\/div><\/div>\n\n<div  class=\"grids-section grids-is-advanced\" style=\"--_gs-gap-desktop:0px 0px;--_gs-m-desktop:0 0 0 0;--_gs-p-desktop:0 0 0 0;--_gs-bg-desktop:transparent none;--_gs-bg-xp-desktop:0px;--_gs-zi-desktop:auto;--_gs-d-desktop:block;--_gs-mw-desktop:calc(100% - 0 - 0);--_gs-gap-tablet:0px 0px;--_gs-m-tablet:0 0 0 0;--_gs-p-tablet:0 0 0 0;--_gs-bg-tablet:transparent none;--_gs-bg-xp-tablet:0px;--_gs-zi-tablet:auto;--_gs-d-tablet:block;--_gs-mw-tablet:calc(100% - 0 - 0);--_gs-gap-mobile:0px 0px;--_gs-m-mobile:0 0 0 0;--_gs-p-mobile:0 0 0 0;--_gs-bg-mobile:transparent none;--_gs-bg-xp-mobile:0px;--_gs-zi-mobile:auto;--_gs-d-mobile:block;--_gs-mw-mobile:calc(100% - 0 - 0);--_gs-columns:12;--_gs-rows:6\"><div class=\"grids-s-w_i\">\n<div class=\"grids-area\" style=\"--_ga-column:1\/13;--_ga-row:1\/7;--_ga-m-desktop:0 0 0 0;--_ga-p-desktop:0 0 0 0;--_ga-bg-desktop:transparent none;--_ga-zi-desktop:auto;--_ga-d-desktop:flex;--_ga-mw-desktop:calc(100% - 0 - 0);--_ga-m-tablet:0 0 0 0;--_ga-p-tablet:0 0 0 0;--_ga-bg-tablet:transparent none;--_ga-zi-tablet:auto;--_ga-d-tablet:flex;--_ga-mw-tablet:calc(100% - 0 - 0);--_ga-m-mobile:0 0 0 0;--_ga-p-mobile:0 0 0 0;--_ga-bg-mobile:transparent none;--_ga-zi-mobile:auto;--_ga-d-mobile:flex;--_ga-mw-mobile:calc(100% - 0 - 0)\">\n\r\n    <div class=\"related-pages-container\">\r\n                                    <div class=\"single-related-page-container\" style=\"background-image:url('https:\/\/www.savoiaterme.it\/wp-content\/uploads\/2021\/09\/spa-oasi-del-relax-hotel-savoia-terme-abano-banner.jpg');\">\r\n                    <a href=\"https:\/\/www.savoiaterme.it\/fr\/spa\/spa-oasis-de-detente\/\" target=\"_blank\">\r\n                        <h2 class=\"related-page-title\">\r\n                            Spa Oasis de d\u00e9tente                        <\/h2>\r\n                    <\/a>\r\n                <\/div>\r\n                                                <div class=\"single-related-page-container\" style=\"background-image:url('https:\/\/www.savoiaterme.it\/wp-content\/uploads\/2021\/09\/esperienze-in-spa-hotel-savoia-terme-abano-terme.jpg');\">\r\n                    <a href=\"https:\/\/www.savoiaterme.it\/fr\/experiences-dans-notre-spa\/\" target=\"_blank\">\r\n                        <h2 class=\"related-page-title\">\r\n                            Exp\u00e9riences dans notre Spa                        <\/h2>\r\n                    <\/a>\r\n                <\/div>\r\n                                                <div class=\"single-related-page-container\" style=\"background-image:url('https:\/\/www.savoiaterme.it\/wp-content\/uploads\/2021\/10\/piscine-termali-abano-terme-hotel-savoia-terme.jpg');\">\r\n                    <a href=\"https:\/\/www.savoiaterme.it\/fr\/piscines-thermales\/\" target=\"_blank\">\r\n                        <h2 class=\"related-page-title\">\r\n                            Piscines                        <\/h2>\r\n                    <\/a>\r\n                <\/div>\r\n                        <\/div>\r\n\n\n<\/div>\n<\/div><\/div>","protected":false},"excerpt":{"rendered":"","protected":false},"author":1,"featured_media":3685,"parent":8740,"menu_order":0,"comment_status":"closed","ping_status":"closed","template":"","meta":{"_acf_changed":false,"advgb_blocks_editor_width":"","advgb_blocks_columns_visual_guide":"","footnotes":""},"class_list":["post-8688","page","type-page","status-publish","has-post-thumbnail","hentry","entry"],"acf":{"page_custom_gallery":[{"page_custom_gallery_label":"BAR OUVERT JUSQU\u2019\u00c0 MINUIT","page_custom_gallery_photos":[3667,3662,2584]},{"page_custom_gallery_label":"BAR OUVERT JUSQU\u2019\u00c0 MINUIT","page_custom_gallery_photos":[17725,18024,18019]},{"page_custom_gallery_label":"BAR OUVERT JUSQU\u2019\u00c0 MINUIT","page_custom_gallery_photos":[18044,18039,18029]}],"element_single_page":[{"element_page_image":3708,"element_page_title":"Day Spa 0","element_page_subtitle":"","element_page_content":"<div class=\"grid-info\">\r\n<div class=\"single-info\">\r\n\r\n&nbsp;\r\n<div class=\"info-content\"><strong>SPA <\/strong><\/div>\r\n<\/div>\r\n<\/div>\r\n<ul>\r\n \t<li><strong>1 chambre <\/strong>d'h\u00f4tel \u00e0 disposition (de 10h00 \u00e0 21h00)<\/li>\r\n \t<li><strong>Kit SPA<\/strong> avec peignoir \u00e0 louer, tongs et serviette pour les piscines<\/li>\r\n \t<li><strong>SPA<\/strong> avec sauna, bain turc, douches \u00e9motionnelles, tunnel sensoriel avec parcours Kneipp<\/li>\r\n \t<li><strong>3 piscines thermales <\/strong>dont 2 communicantes, avec 24 stations de bains \u00e0 remous et cascades cervicales<\/li>\r\n<\/ul>\r\n<a class=\"read-more-link\">Mais encore...<\/a>\r\n<div class=\"read-more-text\">\r\n<ul>\r\n \t<li><strong>Salle de sport <\/strong>\u00e9quip\u00e9e Tecnogym\u00ae<\/li>\r\n \t<li><strong>Aquagym<\/strong> en piscine thermale<\/li>\r\n \t<li><strong>Infusions Bien-\u00eatre<\/strong> disponibles \u00e0 la Beauty Farm et \u201cFontaine de Vie\u201d avec l'eau naturelle d\u2019Abano Terme dans le SPA, pour vous d\u00e9salt\u00e9rer<\/li>\r\n<\/ul>\r\nmais encore...\r\n<ul>\r\n \t<li><strong>Parking priv\u00e9 gratuit<\/strong> avec emplacements d\u00e9couverts<\/li>\r\n \t<li><strong>Wi-fi<\/strong><\/li>\r\n \t<li><strong>Digital Guest<\/strong>, \u00e0 savoir l\u2019APPLI pour g\u00e9rer votre exp\u00e9rience dans notre h\u00f4tel<\/li>\r\n<\/ul>\r\n<strong>PRIX<\/strong>\r\n<p style=\"color: #86267a;\"><strong>NOUVELLES<\/strong>! Divisez le paiement en <strong>3 mensualit\u00e9s<\/strong> avec <strong>Scalapay<\/strong>.<\/p>\r\n<strong>Lundi\u00a0 - vendredi : <\/strong>55,00 \u20ac\r\n\r\n<strong>Samedi - dimanche<\/strong> 65,00 \u20ac\r\n\r\n<strong>Jours f\u00e9ri\u00e9s : <\/strong>85,00 \u20ac\r\n&nbsp;\r\n<b>Les dates suivantes sont consid\u00e9r\u00e9es comme jours f\u00e9ri\u00e9s<\/b><strong> :<\/strong>\r\n\r\n<h6>P\u00c2QUES : 4, 5, 6 avril <br>F\u00caTE DE LA LIB\u00c9RATION : 25 avril <br>F\u00caTE DU TRAVAIL : 1, 2 mai <br>FERRAGOSTO : 14, 15, 16 ao\u00fbt <br>TOUSSAINT : 31 octobre, 1er novembre <br>F\u00caTE DE L\u2019IMMACUL\u00c9E CONCEPTION : 5, 6, 7, 8 d\u00e9cembre <br>NO\u00cbL ET NOUVEL AN : du 24 d\u00e9cembre 2026 au 10 janvier 2027<\/h6> <strong>ATTENTION :<\/strong> La r\u00e9servation est possible uniquement \u00e0 l\u2019approche de la date choisie.\r\n\r\n<strong>L\u2019acc\u00e8s est autoris\u00e9 \u00e0 partir de 13 ans<\/strong>\r\n\r\n<\/div>\r\n&nbsp;","element_page_cta_content":"ACHETEZ EN LIGNE","element_page_cta_link":"https:\/\/www.simplebooking.it\/ibe\/minishop\/?hid=5688&lang=IT&_ga=2.16991420.468136896.1632986091-2061064080.1568724142#product&productId=120","element_page_cta_target_blank":false},{"element_page_image":3715,"element_page_title":"Day Spa 1","element_page_subtitle":"","element_page_content":"<div class=\"grid-info\">\r\n<div class=\"single-info\">\r\n\r\n&nbsp;\r\n<div class=\"info-content\"><strong>SPA - D\u00c9JEUNER<\/strong><\/div>\r\n<\/div>\r\n<\/div>\r\n<ul>\r\n \t<li><strong>1 chambre d'h\u00f4tel \u00e0 disposition <\/strong>(de 10h00 \u00e0 21h00)<\/li>\r\n \t<li><strong>1 d\u00e9jeuner dans notre restaurant Il Savoiardo <\/strong>(ouvert de 12h30 \u00e0 13h30) boissons exclues<\/li>\r\n \t<li><strong>Kit SPA<\/strong> avec peignoir \u00e0 louer, tongs et serviette pour les piscines<\/li>\r\n \t<li><strong>SPA<\/strong> avec sauna, bain turc, douches \u00e9motionnelles, tunnel sensoriel avec parcours Kneipp<\/li>\r\n<\/ul>\r\n<a class=\"read-more-link\">Mais encore...<\/a>\r\n<div class=\"read-more-text\">\r\n<ul>\r\n \t<li><strong>3 piscines thermales<\/strong>, dont 2 communicantes, avec 24 stations bains \u00e0 remous et cascades cervicales<\/li>\r\n \t<li><strong>Salle de sport<\/strong>\u00a0\u00e9quip\u00e9eTecnogym\u00ae<\/li>\r\n \t<li><strong>Aquagym<\/strong> en piscine thermale<\/li>\r\n \t<li><strong>Infusions Bien-\u00eatre<\/strong> disponibles \u00e0 la Beauty Farm et \u201cFontaine de Vie\u201d avec l'eau naturelle d\u2019Abano Terme dans le SPA, pour vous d\u00e9salt\u00e9rer<\/li>\r\n<\/ul>\r\nmais encore...\r\n<ul>\r\n \t<li><strong>Parking priv\u00e9 gratuit<\/strong> avec emplacements d\u00e9couverts<\/li>\r\n \t<li><strong>Wi-fi<\/strong><\/li>\r\n \t<li><strong>Digital Guest<\/strong>, \u00e0 savoir l'APPLI pour g\u00e9rer votre exp\u00e9rience dans notre h\u00f4tel<\/li>\r\n<\/ul>\r\n<strong>PRIX<\/strong>\r\n<p style=\"color: #86267a;\"><strong>NOUVELLES<\/strong>! Divisez le paiement en <strong>3 mensualit\u00e9s<\/strong> avec <strong>Scalapay<\/strong>.<\/p>\r\n<strong>Lundi - vendredi : <\/strong>85,00 \u20ac\r\n<strong>Samedi - dimanche :<\/strong> 95,00 \u20ac\r\n<strong>Jours f\u00e9ri\u00e9s : <\/strong>115,00 \u20ac\r\n&nbsp;\r\n<b>Les dates suivantes sont consid\u00e9r\u00e9es comme jours f\u00e9ri\u00e9s<\/b><strong> :<\/strong>\r\n\r\n<h6>P\u00c2QUES : 4, 5, 6 avril <br>F\u00caTE DE LA LIB\u00c9RATION : 25 avril <br>F\u00caTE DU TRAVAIL : 1, 2 mai <br>FERRAGOSTO : 14, 15, 16 ao\u00fbt <br>TOUSSAINT : 31 octobre, 1er novembre <br>F\u00caTE DE L\u2019IMMACUL\u00c9E CONCEPTION : 5, 6, 7, 8 d\u00e9cembre <br>NO\u00cbL ET NOUVEL AN : du 24 d\u00e9cembre 2026 au 10 janvier 2027<\/h6> <strong>ATTENTION :<\/strong> La r\u00e9servation est possible uniquement \u00e0 l\u2019approche de la date choisie.\r\n\r\n<strong>L\u2019acc\u00e8s est autoris\u00e9 \u00e0 partir de 13 ans<\/strong>\r\n\r\n&nbsp;\r\n\r\n<\/div>","element_page_cta_content":"ACHETEZ EN LIGNE","element_page_cta_link":"https:\/\/www.simplebooking.it\/ibe\/minishop\/?hid=5688&lang=IT&_ga=2.89334430.468136896.1632986091-2061064080.1568724142#product&productId=129","element_page_cta_target_blank":false},{"element_page_image":3724,"element_page_title":"DAY SPA 2","element_page_subtitle":"","element_page_content":"<div class=\"grid-info\">\r\n<div class=\"single-info\">\r\n\r\n&nbsp;\r\n<div class=\"info-content\"><strong>SPA - D\u00c9JEUNER \u2013 MASSAGE 1 H<\/strong><\/div>\r\n<\/div>\r\n<\/div>\r\n<ul>\r\n \t<li><strong>1 <\/strong><strong>chambre d'h\u00f4tel<\/strong> \u00e0 disposition (de 10h00 \u00e0 21h00)<\/li>\r\n \t<li><strong>1<\/strong> <strong>d\u00e9jeuner <\/strong>dans notre restaurant Il Savoiardo (ouvert\u00a0 de 12h30 \u00e0 13h30) boissons exclues<\/li>\r\n \t<li><strong>1 massage antistress<\/strong> de 50 minutes<\/li>\r\n \t<li><strong>Kit SPA<\/strong> avec peignoir \u00e0 louer, tongs et serviette pour les piscines<\/li>\r\n<\/ul>\r\n<a class=\"read-more-link\">Mais encore...<\/a>\r\n<div class=\"read-more-text\">\r\n<ul>\r\n \t<li><strong>SPA<\/strong> avec sauna, bain turc, douches \u00e9motionnelles, tunnel sensoriel avec parcours Kneipp<\/li>\r\n \t<li><strong>3 piscines thermales <\/strong>dont 2 communicantes, avec 24 stations de bains \u00e0 remous et cascades cervicales<\/li>\r\n \t<li><strong>Salle de sport <\/strong>\u00e9quip\u00e9e Tecnogym\u00ae<\/li>\r\n \t<li><strong>Aquagym<\/strong> en piscine thermale<\/li>\r\n \t<li><strong>Infusions Bien-\u00eatre<\/strong> disponibles \u00e0 la Beauty Farm et \u201cFontaine de Vie\u201d avec l'eau naturelle d\u2019Abano Terme dans le SPA, pour vous d\u00e9salt\u00e9rer<\/li>\r\n<\/ul>\r\nmais encore...\r\n<ul>\r\n \t<li><strong>Parking priv\u00e9 gratuit<\/strong> avec emplacements d\u00e9couverts<\/li>\r\n \t<li><strong>Wi-fi<\/strong><\/li>\r\n \t<li><strong>Digital Guest<\/strong>, \u00e0 savoir l\u2019APPLI pour g\u00e9rer votre exp\u00e9rience dans notre h\u00f4tel<\/li>\r\n<\/ul>\r\n<strong>PRIX<\/strong>\r\n<p style=\"color: #86267a;\"><strong>NOUVELLES<\/strong>! Divisez le paiement en <strong>3 mensualit\u00e9s<\/strong> avec <strong>Scalapay<\/strong>.<\/p>\r\n<strong>Lundi - vendredi : <\/strong>150,00 \u20ac\r\n<strong>Samedi - Dimanche :<\/strong> 160,00 \u20ac\r\n<strong>Jours f\u00e9ri\u00e9s : <\/strong>180,00 \u20ac\r\n&nbsp;\r\n<b>Les dates suivantes sont consid\u00e9r\u00e9es comme jours f\u00e9ri\u00e9s<\/b><strong> :<\/strong>\r\n\r\n<h6>P\u00c2QUES : 4, 5, 6 avril <br>F\u00caTE DE LA LIB\u00c9RATION : 25 avril <br>F\u00caTE DU TRAVAIL : 1, 2 mai <br>FERRAGOSTO : 14, 15, 16 ao\u00fbt <br>TOUSSAINT : 31 octobre, 1er novembre <br>F\u00caTE DE L\u2019IMMACUL\u00c9E CONCEPTION : 5, 6, 7, 8 d\u00e9cembre <br>NO\u00cbL ET NOUVEL AN : du 24 d\u00e9cembre 2026 au 10 janvier 2027<\/h6> <strong>ATTENTION :<\/strong> La r\u00e9servation est possible uniquement \u00e0 l\u2019approche de la date choisie.\r\n\r\n<strong>L\u2019acc\u00e8s est autoris\u00e9 \u00e0 partir de 13 ans<\/strong>\r\n\r\n<\/div>","element_page_cta_content":"ACHETEZ EN LIGNE","element_page_cta_link":"https:\/\/www.simplebooking.it\/ibe\/minishop\/?hid=5688&lang=IT&_ga=2.121399693.468136896.1632986091-2061064080.1568724142#product&productId=130","element_page_cta_target_blank":false}],"second_element_single_page":[{"element_page_image":3685,"element_page_title":"Easy Day \u2013 Acc\u00e8s Journ\u00e9e SPA Savoia","element_page_subtitle":"","element_page_content":"Bien-\u00eatre total sans nuit\u00e9e : piscines thermales, SPA, fitness et d\u00e9tente au c\u0153ur d\u2019Abano Terme.\r\n<strong>\u00c0 partir de 40\u202f\u20ac<\/strong>\r\n\r\n<a class=\"btn only-borders\" style=\"display: block; text-align: center; margin: 20px auto !important; padding: 0;\" href=\"https:\/\/www.savoiaterme.it\/fr\/easy-day-acces-journee-spa-savoia\/\" rel=\"noopener\">Voir les d\u00e9tails<\/a>","element_page_cta_content":"","element_page_cta_link":"","element_page_cta_target_blank":false},{"element_page_image":27645,"element_page_title":"Easy Break \u2013 Acc\u00e8s Apr\u00e8s-midi SPA Savoia","element_page_subtitle":"","element_page_content":"Votre apr\u00e8s-midi de d\u00e9tente : piscines thermales, SPA et bien-\u00eatre sans nuit\u00e9e, de 14h00 \u00e0 22h00.\r\n<strong>\u00c0 partir de 35\u202f\u20ac<\/strong>\r\n<a class=\"btn only-borders\" style=\"display: block; text-align: center; margin: 20px auto !important; padding: 0;\" href=\"https:\/\/www.savoiaterme.it\/fr\/easy-break-acces-apres-midi-spa-savoia\/\" rel=\"noopener\">Voir les d\u00e9tails<\/a>","element_page_cta_content":"","element_page_cta_link":"","element_page_cta_target_blank":false},{"element_page_image":7622,"element_page_title":"Pool Night \u2013 Acc\u00e8s Soir\u00e9e SPA Savoia","element_page_subtitle":"","element_page_content":"De 19h00 \u00e0 22h00, vivez la magie des piscines thermales et du SPA sous les \u00e9toiles.\r\n<strong>\u00c0 partir de 30\u202f\u20ac<\/strong>\r\n<a class=\"btn only-borders\" style=\"display: block; text-align: center; margin: 20px auto !important; padding: 0;\" href=\"https:\/\/www.savoiaterme.it\/fr\/pool-night-acces-soiree-spa-savoia\/\" rel=\"noopener\">Voir les d\u00e9tails<\/a>","element_page_cta_content":"","element_page_cta_link":"","element_page_cta_target_blank":false}]},"yoast_head":"<!-- This site is optimized with the Yoast SEO plugin v25.7 - https:\/\/yoast.com\/wordpress\/plugins\/seo\/ -->\n<title>Day Spa &amp; Easy All Day \u00e0 Abano Terme - Hotel Savoia Therm\u00e6 &amp; Spa<\/title>\n<meta name=\"description\" content=\"Offrez-vous une journ\u00e9e d\u00e9di\u00e9e au bien-\u00eatre dans notre Spa exclusif avec piscines (ouvertes jusqu&#039;\u00e0 23h00), sans obligation de loger \u00e0 l&#039;h\u00f4tel pendant la nuit\" \/>\n<meta name=\"robots\" content=\"index, follow, max-snippet:-1, max-image-preview:large, max-video-preview:-1\" \/>\n<link rel=\"canonical\" href=\"https:\/\/www.savoiaterme.it\/fr\/spa\/day-spa\/\" \/>\n<meta property=\"og:locale\" content=\"fr_FR\" \/>\n<meta property=\"og:type\" content=\"article\" \/>\n<meta property=\"og:title\" content=\"Day Spa &amp; Easy All Day \u00e0 Abano Terme - Hotel Savoia Therm\u00e6 &amp; Spa\" \/>\n<meta property=\"og:description\" content=\"Offrez-vous une journ\u00e9e d\u00e9di\u00e9e au bien-\u00eatre dans notre Spa exclusif avec piscines (ouvertes jusqu&#039;\u00e0 23h00), sans obligation de loger \u00e0 l&#039;h\u00f4tel pendant la nuit\" \/>\n<meta property=\"og:url\" content=\"https:\/\/www.savoiaterme.it\/fr\/spa\/day-spa\/\" \/>\n<meta property=\"og:site_name\" content=\"Hotel Savoia Therm\u00e6 &amp; Spa\" \/>\n<meta property=\"article:modified_time\" content=\"2026-04-30T07:48:12+00:00\" \/>\n<meta property=\"og:image\" content=\"https:\/\/www.savoiaterme.it\/wp-content\/uploads\/2021\/10\/easy-all-day-hotel-savoia-terme-abano-terme-banner.jpg\" \/>\n\t<meta property=\"og:image:width\" content=\"2000\" \/>\n\t<meta property=\"og:image:height\" content=\"714\" \/>\n\t<meta property=\"og:image:type\" content=\"image\/jpeg\" \/>\n<meta name=\"twitter:card\" content=\"summary_large_image\" \/>\n<meta name=\"twitter:label1\" content=\"Dur\u00e9e de lecture estim\u00e9e\" \/>\n\t<meta name=\"twitter:data1\" content=\"8 minutes\" \/>\n<script type=\"application\/ld+json\" class=\"yoast-schema-graph\">{\"@context\":\"https:\/\/schema.org\",\"@graph\":[{\"@type\":\"WebPage\",\"@id\":\"https:\/\/www.savoiaterme.it\/fr\/spa\/day-spa\/\",\"url\":\"https:\/\/www.savoiaterme.it\/fr\/spa\/day-spa\/\",\"name\":\"Day Spa & Easy All Day \u00e0 Abano Terme - Hotel Savoia Therm\u00e6 &amp; Spa\",\"isPartOf\":{\"@id\":\"https:\/\/www.savoiaterme.it\/fr\/#website\"},\"primaryImageOfPage\":{\"@id\":\"https:\/\/www.savoiaterme.it\/fr\/spa\/day-spa\/#primaryimage\"},\"image\":{\"@id\":\"https:\/\/www.savoiaterme.it\/fr\/spa\/day-spa\/#primaryimage\"},\"thumbnailUrl\":\"https:\/\/www.savoiaterme.it\/wp-content\/uploads\/2021\/10\/easy-all-day-hotel-savoia-terme-abano-terme-banner.jpg\",\"datePublished\":\"2021-10-04T08:47:06+00:00\",\"dateModified\":\"2026-04-30T07:48:12+00:00\",\"description\":\"Offrez-vous une journ\u00e9e d\u00e9di\u00e9e au bien-\u00eatre dans notre Spa exclusif avec piscines (ouvertes jusqu'\u00e0 23h00), sans obligation de loger \u00e0 l'h\u00f4tel pendant la nuit\",\"breadcrumb\":{\"@id\":\"https:\/\/www.savoiaterme.it\/fr\/spa\/day-spa\/#breadcrumb\"},\"inLanguage\":\"fr-FR\",\"potentialAction\":[{\"@type\":\"ReadAction\",\"target\":[\"https:\/\/www.savoiaterme.it\/fr\/spa\/day-spa\/\"]}]},{\"@type\":\"ImageObject\",\"inLanguage\":\"fr-FR\",\"@id\":\"https:\/\/www.savoiaterme.it\/fr\/spa\/day-spa\/#primaryimage\",\"url\":\"https:\/\/www.savoiaterme.it\/wp-content\/uploads\/2021\/10\/easy-all-day-hotel-savoia-terme-abano-terme-banner.jpg\",\"contentUrl\":\"https:\/\/www.savoiaterme.it\/wp-content\/uploads\/2021\/10\/easy-all-day-hotel-savoia-terme-abano-terme-banner.jpg\",\"width\":2000,\"height\":714},{\"@type\":\"BreadcrumbList\",\"@id\":\"https:\/\/www.savoiaterme.it\/fr\/spa\/day-spa\/#breadcrumb\",\"itemListElement\":[{\"@type\":\"ListItem\",\"position\":1,\"name\":\"\",\"item\":\"https:\/\/www.savoiaterme.it\/fr\/\"},{\"@type\":\"ListItem\",\"position\":2,\"name\":\"Thermes &#038; Spa\",\"item\":\"https:\/\/www.savoiaterme.it\/fr\/spa\/\"},{\"@type\":\"ListItem\",\"position\":3,\"name\":\"Day Spa &#038; Easy All Day\"}]},{\"@type\":\"WebSite\",\"@id\":\"https:\/\/www.savoiaterme.it\/fr\/#website\",\"url\":\"https:\/\/www.savoiaterme.it\/fr\/\",\"name\":\"Hotel Savoia Therm\u00e6 &amp; Spa\",\"description\":\"ABANO TERME\",\"potentialAction\":[{\"@type\":\"SearchAction\",\"target\":{\"@type\":\"EntryPoint\",\"urlTemplate\":\"https:\/\/www.savoiaterme.it\/fr\/?s={search_term_string}\"},\"query-input\":{\"@type\":\"PropertyValueSpecification\",\"valueRequired\":true,\"valueName\":\"search_term_string\"}}],\"inLanguage\":\"fr-FR\"}]}<\/script>\n<!-- \/ Yoast SEO plugin. -->","yoast_head_json":{"title":"Day Spa & Easy All Day \u00e0 Abano Terme - Hotel Savoia Therm\u00e6 &amp; Spa","description":"Offrez-vous une journ\u00e9e d\u00e9di\u00e9e au bien-\u00eatre dans notre Spa exclusif avec piscines (ouvertes jusqu'\u00e0 23h00), sans obligation de loger \u00e0 l'h\u00f4tel pendant la nuit","robots":{"index":"index","follow":"follow","max-snippet":"max-snippet:-1","max-image-preview":"max-image-preview:large","max-video-preview":"max-video-preview:-1"},"canonical":"https:\/\/www.savoiaterme.it\/fr\/spa\/day-spa\/","og_locale":"fr_FR","og_type":"article","og_title":"Day Spa & Easy All Day \u00e0 Abano Terme - Hotel Savoia Therm\u00e6 &amp; Spa","og_description":"Offrez-vous une journ\u00e9e d\u00e9di\u00e9e au bien-\u00eatre dans notre Spa exclusif avec piscines (ouvertes jusqu'\u00e0 23h00), sans obligation de loger \u00e0 l'h\u00f4tel pendant la nuit","og_url":"https:\/\/www.savoiaterme.it\/fr\/spa\/day-spa\/","og_site_name":"Hotel Savoia Therm\u00e6 &amp; Spa","article_modified_time":"2026-04-30T07:48:12+00:00","og_image":[{"width":2000,"height":714,"url":"https:\/\/www.savoiaterme.it\/wp-content\/uploads\/2021\/10\/easy-all-day-hotel-savoia-terme-abano-terme-banner.jpg","type":"image\/jpeg"}],"twitter_card":"summary_large_image","twitter_misc":{"Dur\u00e9e de lecture estim\u00e9e":"8 minutes"},"schema":{"@context":"https:\/\/schema.org","@graph":[{"@type":"WebPage","@id":"https:\/\/www.savoiaterme.it\/fr\/spa\/day-spa\/","url":"https:\/\/www.savoiaterme.it\/fr\/spa\/day-spa\/","name":"Day Spa & Easy All Day \u00e0 Abano Terme - Hotel Savoia Therm\u00e6 &amp; Spa","isPartOf":{"@id":"https:\/\/www.savoiaterme.it\/fr\/#website"},"primaryImageOfPage":{"@id":"https:\/\/www.savoiaterme.it\/fr\/spa\/day-spa\/#primaryimage"},"image":{"@id":"https:\/\/www.savoiaterme.it\/fr\/spa\/day-spa\/#primaryimage"},"thumbnailUrl":"https:\/\/www.savoiaterme.it\/wp-content\/uploads\/2021\/10\/easy-all-day-hotel-savoia-terme-abano-terme-banner.jpg","datePublished":"2021-10-04T08:47:06+00:00","dateModified":"2026-04-30T07:48:12+00:00","description":"Offrez-vous une journ\u00e9e d\u00e9di\u00e9e au bien-\u00eatre dans notre Spa exclusif avec piscines (ouvertes jusqu'\u00e0 23h00), sans obligation de loger \u00e0 l'h\u00f4tel pendant la nuit","breadcrumb":{"@id":"https:\/\/www.savoiaterme.it\/fr\/spa\/day-spa\/#breadcrumb"},"inLanguage":"fr-FR","potentialAction":[{"@type":"ReadAction","target":["https:\/\/www.savoiaterme.it\/fr\/spa\/day-spa\/"]}]},{"@type":"ImageObject","inLanguage":"fr-FR","@id":"https:\/\/www.savoiaterme.it\/fr\/spa\/day-spa\/#primaryimage","url":"https:\/\/www.savoiaterme.it\/wp-content\/uploads\/2021\/10\/easy-all-day-hotel-savoia-terme-abano-terme-banner.jpg","contentUrl":"https:\/\/www.savoiaterme.it\/wp-content\/uploads\/2021\/10\/easy-all-day-hotel-savoia-terme-abano-terme-banner.jpg","width":2000,"height":714},{"@type":"BreadcrumbList","@id":"https:\/\/www.savoiaterme.it\/fr\/spa\/day-spa\/#breadcrumb","itemListElement":[{"@type":"ListItem","position":1,"name":"","item":"https:\/\/www.savoiaterme.it\/fr\/"},{"@type":"ListItem","position":2,"name":"Thermes &#038; Spa","item":"https:\/\/www.savoiaterme.it\/fr\/spa\/"},{"@type":"ListItem","position":3,"name":"Day Spa &#038; Easy All Day"}]},{"@type":"WebSite","@id":"https:\/\/www.savoiaterme.it\/fr\/#website","url":"https:\/\/www.savoiaterme.it\/fr\/","name":"Hotel Savoia Therm\u00e6 &amp; Spa","description":"ABANO TERME","potentialAction":[{"@type":"SearchAction","target":{"@type":"EntryPoint","urlTemplate":"https:\/\/www.savoiaterme.it\/fr\/?s={search_term_string}"},"query-input":{"@type":"PropertyValueSpecification","valueRequired":true,"valueName":"search_term_string"}}],"inLanguage":"fr-FR"}]}},"coauthors":[],"author_meta":{"author_link":"https:\/\/www.savoiaterme.it\/fr\/author\/sav014-t3rm294k\/","display_name":"sav014-t3rm294k"},"relative_dates":{"created":"Publi\u00e9 5 ans il y a","modified":"Mis \u00e0 jour 38 minutes il y a"},"absolute_dates":{"created":"Publi\u00e9 le octobre 4, 2021","modified":"Mise \u00e0 jour le avril 30, 2026"},"absolute_dates_time":{"created":"Publi\u00e9 le octobre 4, 2021 10:47 am","modified":"Mise \u00e0 jour le avril 30, 2026 9:48 am"},"featured_img_caption":"","featured_img":"https:\/\/www.savoiaterme.it\/wp-content\/uploads\/2021\/10\/easy-all-day-hotel-savoia-terme-abano-terme-banner-1568x560.jpg","series_order":"","_links":{"self":[{"href":"https:\/\/www.savoiaterme.it\/fr\/wp-json\/wp\/v2\/pages\/8688","targetHints":{"allow":["GET"]}}],"collection":[{"href":"https:\/\/www.savoiaterme.it\/fr\/wp-json\/wp\/v2\/pages"}],"about":[{"href":"https:\/\/www.savoiaterme.it\/fr\/wp-json\/wp\/v2\/types\/page"}],"author":[{"embeddable":true,"href":"https:\/\/www.savoiaterme.it\/fr\/wp-json\/wp\/v2\/users\/1"}],"replies":[{"embeddable":true,"href":"https:\/\/www.savoiaterme.it\/fr\/wp-json\/wp\/v2\/comments?post=8688"}],"version-history":[{"count":34,"href":"https:\/\/www.savoiaterme.it\/fr\/wp-json\/wp\/v2\/pages\/8688\/revisions"}],"predecessor-version":[{"id":34242,"href":"https:\/\/www.savoiaterme.it\/fr\/wp-json\/wp\/v2\/pages\/8688\/revisions\/34242"}],"up":[{"embeddable":true,"href":"https:\/\/www.savoiaterme.it\/fr\/wp-json\/wp\/v2\/pages\/8740"}],"wp:featuredmedia":[{"embeddable":true,"href":"https:\/\/www.savoiaterme.it\/fr\/wp-json\/wp\/v2\/media\/3685"}],"wp:attachment":[{"href":"https:\/\/www.savoiaterme.it\/fr\/wp-json\/wp\/v2\/media?parent=8688"}],"curies":[{"name":"wp","href":"https:\/\/api.w.org\/{rel}","templated":true}]}}