{"id":33533,"date":"2026-03-06T14:57:33","date_gmt":"2026-03-06T13:57:33","guid":{"rendered":"https:\/\/www.savoiaterme.it\/?page_id=33533"},"modified":"2026-03-06T17:09:30","modified_gmt":"2026-03-06T16:09:30","slug":"menu-di-pasqua-2026","status":"publish","type":"page","link":"https:\/\/www.savoiaterme.it\/it\/menu-di-pasqua-2026\/","title":{"rendered":"Men\u00f9 di Pasqua 2026"},"content":{"rendered":"<div  class=\"grids-section image-boxed-blur-background grids-is-advanced alignfull\" style=\"--_gs-gap-desktop:0px 0px;--_gs-m-desktop:0 0 0 0;--_gs-p-desktop:0 0 0 0;--_gs-bg-desktop:transparent url(https:\/\/www.savoiaterme.it\/wp-content\/uploads\/2026\/03\/sfondo-menu-di-pasqua.webp) no-repeat 50% 50%  \/ cover;--_gs-bg-xp-desktop:0px;--_gs-zi-desktop:auto;--_gs-d-desktop:block;--_gs-mw-desktop:calc(100% - 0 - 0);--_gs-gap-tablet:0px 0px;--_gs-m-tablet:0 0 0 0;--_gs-p-tablet:0 0 0 0;--_gs-bg-tablet:transparent url(https:\/\/www.savoiaterme.it\/wp-content\/uploads\/2026\/03\/sfondo-menu-di-pasqua.webp) no-repeat 50% 50%  \/ cover;--_gs-bg-xp-tablet:0px;--_gs-zi-tablet:auto;--_gs-d-tablet:block;--_gs-mw-tablet:calc(100% - 0 - 0);--_gs-gap-mobile:0px 0px;--_gs-m-mobile:0 0 0 0;--_gs-p-mobile:0 0 0 0;--_gs-bg-mobile:transparent url(https:\/\/www.savoiaterme.it\/wp-content\/uploads\/2026\/03\/sfondo-menu-di-pasqua.webp) no-repeat 50% 50%  \/ cover;--_gs-bg-xp-mobile:0px;--_gs-zi-mobile:auto;--_gs-d-mobile:block;--_gs-mw-mobile:calc(100% - 0 - 0);--_gs-columns:12;--_gs-rows:14\"><div class=\"grids-s-w_i\">\n<div class=\"grids-area\" style=\"--_ga-column:5\/9;--_ga-row:1\/15;--_ga-m-desktop:0 0 0 0;--_ga-p-desktop:0 50px 0 50px;--_ga-bg-desktop:transparent none;--_ga-zi-desktop:auto;--_ga-d-desktop:flex;--_ga-mw-desktop:calc(100% - 0 - 0);--_ga-m-tablet:0 0 0 0;--_ga-p-tablet:0 50px 0 50px;--_ga-bg-tablet:transparent none;--_ga-zi-tablet:auto;--_ga-d-tablet:flex;--_ga-mw-tablet:calc(100% - 0 - 0);--_ga-m-mobile:0 0 0 0;--_ga-p-mobile:0 20px 0 20px;--_ga-bg-mobile:transparent none;--_ga-zi-mobile:auto;--_ga-d-mobile:flex;--_ga-mw-mobile:calc(100% - 0 - 0)\">\n\n<div style=\"text-align:center;margin-bottom:20px;\">\n<lord-icon src=\"https:\/\/cdn.lordicon.com\/lmukodkg.json\" trigger=\"loop\" colors=\"primary:#F6E29F,secondary:#F6E29F\" style=\"width:100px;height:100px\"><\/lord-icon>\n<\/div>\n\n\n\n<h1 class=\"wp-block-heading has-text-align-center has-text-color\" style=\"color:#f6e29f\"><strong>Il Pranzo di Pasqua<\/strong><\/h1>\n\n\n\n<h2 class=\"wp-block-heading has-text-align-center has-text-color\" style=\"color:#fff7e1\"><strong>Ristorante Il Savoiardo \u2013 Abano Terme<br>5 Aprile 2026<\/strong><\/h2>\n\n\n\n<p class=\"has-text-align-center has-white-color has-text-color\">\nLa Direzione e lo Staff vi augurano Buona Pasqua\n<\/p>\n\n\n\n<h3 class=\"wp-block-heading has-text-align-center has-text-color\" style=\"color:#fff7e1\"><strong>MENU<\/strong><\/h3>\n\n\n\n<p class=\"has-text-align-center has-white-color has-text-color\">\nL\u2019Aperitivo \u201cChic\u201d di Pasqua con specialit\u00e0 di terra e di mare al Bar \u201cThe Club\u201d\n<\/p>\n\n\n\n<h3 class=\"wp-block-heading has-text-align-center title-margin-top has-text-color\" style=\"color:#fff7e1\"><strong>L\u2019ANTIPASTO A SCELTA<\/strong><\/h3>\n\n\n\n<p class=\"has-text-align-center has-white-color has-text-color\">\n<strong style=\"color:#F6E19F\">Il Rustico di pasta sfoglia alla Pasqualina<\/strong><br>\ncon insalatina croccante di asparagi verdi e mimosa d\u2019uovo\n<br><br>\n<strong style=\"color:#F6E19F\">Le Vele di salmone affumicato<\/strong><br>\ncon formaggio cremoso erborinato alle ortiche e mandorle tostate\n<\/p>\n\n\n\n<h3 class=\"wp-block-heading has-text-align-center title-margin-top has-text-color\" style=\"color:#fff7e1\"><strong>IL PRIMO PIATTO A SCELTA<\/strong><\/h3>\n\n\n\n<p class=\"has-text-align-center has-white-color has-text-color\">\n<strong style=\"color:#F6E19F\">Il Risotto delle Abadesse al Franciacorta<\/strong><br>\nerbette spontanee e crema fluida di stracciatella di bufala\n<br><br>\n<strong style=\"color:#F6E19F\">Le Lasagnette bianche e verdi<\/strong><br>\ncon rag\u00f9 di agnello, prosciutto cotto alla brace e fiori di zucca\n<\/p>\n\n\n\n<h3 class=\"wp-block-heading has-text-align-center title-margin-top has-text-color\" style=\"color:#fff7e1\"><strong>IL SECONDO PIATTO A SCELTA<\/strong><\/h3>\n\n\n\n<p class=\"has-text-align-center has-white-color has-text-color\">\n<strong style=\"color:#F6E19F\">Il Girello di vitello glassato al miele<\/strong><br>\ncon salsa ai funghi e nota di olio al tartufo\n<br><br>\n<strong style=\"color:#F6E19F\">Il Turbante di spigola<\/strong><br>\ncon canestrelli e fagioli edamame\n<br><br>\nIl Contorno: <strong>Il Carciofo al gratin<\/strong>\n<\/p>\n\n\n\n<h3 class=\"wp-block-heading has-text-align-center title-margin-top has-text-color\" style=\"color:#fff7e1\"><strong>IL PRE-DESSERT<\/strong><\/h3>\n\n\n\n<p class=\"has-text-align-center has-white-color has-text-color\">\nIl Sorbetto alle fragole fior di latte e sambuca\n<\/p>\n\n\n\n<h3 class=\"wp-block-heading has-text-align-center title-margin-top has-text-color\" style=\"color:#fff7e1\"><strong>IL BUFFET DEI PECCATI DI GOLA<\/strong><\/h3>\n\n\n\n<p class=\"has-text-align-center has-white-color has-text-color\">\nLa Fantasia di frutta fresca di stagione\n<br><br>\nLa Colomba Pasquale con salse in abbinamento\n<br><br>\nL\u2019Uovo al cioccolato e le Delizie di Pasqua\n<\/p>\n\n\n\n<div style=\"text-align:center;margin-top:10px;margin-bottom:20px;\">\n<lord-icon src=\"https:\/\/cdn.lordicon.com\/oiqhztxg.json\" trigger=\"loop\" colors=\"primary:#F6E29F,secondary:#F6E29F\" style=\"width:75px;height:75px\"><\/lord-icon>\n<\/div>\n\n\n\n<h3 class=\"wp-block-heading has-text-align-center has-text-color\" style=\"color:#fff7e1\"><strong>I Consigli del Sommelier<\/strong><\/h3>\n\n\n\n<p class=\"has-text-align-center has-white-color has-text-color\">\n<strong style=\"color:#F6E19F\">Bianchi<\/strong><br>\nSauvignon del Collio DOC Felluga<br>\nPinot Grigio Ramato DOC Gaierhof\n<br><br>\n<strong style=\"color:#F6E19F\">Rossi<\/strong><br>\nMerlot dei Colli Euganei DOC \u201cMalter\u00e8n\u201d Sengiari<br>\nCabernet dei Colli Euganei DOC \u201cGirapoggio\u201d Zanovello\n<br><br>\n<strong style=\"color:#F6E19F\">Bollicine<\/strong><br>\nSpumante Cuv\u00e9e Sergio Mionetto Luxury Ed. Extra Dry<br>\nFior D\u2019Arancio Spumante Dolce DOCG Borin\n<\/p>\n\n\n\n<h3 class=\"wp-block-heading has-text-align-center has-text-color\" style=\"color:#fff7e1\"><strong>Il nostro Team<\/strong><\/h3>\n\n\n\n<p class=\"has-text-align-center has-white-color has-text-color\">\nChef de Cuisine: <strong style=\"color:#F6E19F\">Andrea Dan<\/strong><br>\nMa\u00eetre: <strong style=\"color:#F6E19F\">Cristiano Gallimberti<\/strong><br>\nSommelier: <strong style=\"color:#F6E19F\">Giancarlo Dima<\/strong><br>\nHead Barman: <strong style=\"color:#F6E19F\">Stefano Marchioro<\/strong>\n<\/p>\n\n\n\n<a href=\"https:\/\/www.savoiaterme.it\/it\/pasqua-2026\/\" class=\"btn btn-center\" rel=\"noopener\">SCOPRI IL PROGRAMMA DELLE FESTE<\/a>\n\n<\/div>\n<\/div><\/div>","protected":false},"excerpt":{"rendered":"","protected":false},"author":26,"featured_media":28187,"parent":0,"menu_order":0,"comment_status":"closed","ping_status":"closed","template":"","meta":{"_acf_changed":false,"advgb_blocks_editor_width":"","advgb_blocks_columns_visual_guide":"","footnotes":""},"class_list":["post-33533","page","type-page","status-publish","has-post-thumbnail","hentry","entry"],"acf":{"page_custom_gallery":null,"element_single_page":null,"second_element_single_page":null},"yoast_head":"<!-- This site is optimized with the Yoast SEO plugin v25.7 - https:\/\/yoast.com\/wordpress\/plugins\/seo\/ -->\n<title>Men\u00f9 di Pasqua 2026 - Hotel Savoia Therm\u00e6 &amp; Spa<\/title>\n<meta name=\"robots\" content=\"noindex, follow\" \/>\n<meta property=\"og:locale\" content=\"it_IT\" \/>\n<meta property=\"og:type\" content=\"article\" \/>\n<meta property=\"og:title\" content=\"Men\u00f9 di Pasqua 2026 - Hotel Savoia Therm\u00e6 &amp; Spa\" \/>\n<meta property=\"og:url\" content=\"https:\/\/www.savoiaterme.it\/it\/menu-di-pasqua-2026\/\" \/>\n<meta property=\"og:site_name\" content=\"Hotel Savoia Therm\u00e6 &amp; Spa\" \/>\n<meta property=\"article:modified_time\" content=\"2026-03-06T16:09:30+00:00\" \/>\n<meta property=\"og:image\" content=\"https:\/\/www.savoiaterme.it\/wp-content\/uploads\/2025\/02\/immagine-pasqua-savoia-2.webp\" \/>\n\t<meta property=\"og:image:width\" content=\"1792\" \/>\n\t<meta property=\"og:image:height\" content=\"1024\" \/>\n\t<meta property=\"og:image:type\" content=\"image\/webp\" \/>\n<meta name=\"twitter:card\" content=\"summary_large_image\" \/>\n<meta name=\"twitter:label1\" content=\"Tempo di lettura stimato\" \/>\n\t<meta name=\"twitter:data1\" content=\"2 minuti\" \/>\n<script type=\"application\/ld+json\" class=\"yoast-schema-graph\">{\"@context\":\"https:\/\/schema.org\",\"@graph\":[{\"@type\":\"WebPage\",\"@id\":\"https:\/\/www.savoiaterme.it\/it\/menu-di-pasqua-2026\/\",\"url\":\"https:\/\/www.savoiaterme.it\/it\/menu-di-pasqua-2026\/\",\"name\":\"Men\u00f9 di Pasqua 2026 - Hotel Savoia Therm\u00e6 &amp; Spa\",\"isPartOf\":{\"@id\":\"https:\/\/www.savoiaterme.it\/it\/#website\"},\"primaryImageOfPage\":{\"@id\":\"https:\/\/www.savoiaterme.it\/it\/menu-di-pasqua-2026\/#primaryimage\"},\"image\":{\"@id\":\"https:\/\/www.savoiaterme.it\/it\/menu-di-pasqua-2026\/#primaryimage\"},\"thumbnailUrl\":\"https:\/\/www.savoiaterme.it\/wp-content\/uploads\/2025\/02\/immagine-pasqua-savoia-2.webp\",\"datePublished\":\"2026-03-06T13:57:33+00:00\",\"dateModified\":\"2026-03-06T16:09:30+00:00\",\"breadcrumb\":{\"@id\":\"https:\/\/www.savoiaterme.it\/it\/menu-di-pasqua-2026\/#breadcrumb\"},\"inLanguage\":\"it-IT\",\"potentialAction\":[{\"@type\":\"ReadAction\",\"target\":[\"https:\/\/www.savoiaterme.it\/it\/menu-di-pasqua-2026\/\"]}]},{\"@type\":\"ImageObject\",\"inLanguage\":\"it-IT\",\"@id\":\"https:\/\/www.savoiaterme.it\/it\/menu-di-pasqua-2026\/#primaryimage\",\"url\":\"https:\/\/www.savoiaterme.it\/wp-content\/uploads\/2025\/02\/immagine-pasqua-savoia-2.webp\",\"contentUrl\":\"https:\/\/www.savoiaterme.it\/wp-content\/uploads\/2025\/02\/immagine-pasqua-savoia-2.webp\",\"width\":1792,\"height\":1024},{\"@type\":\"BreadcrumbList\",\"@id\":\"https:\/\/www.savoiaterme.it\/it\/menu-di-pasqua-2026\/#breadcrumb\",\"itemListElement\":[{\"@type\":\"ListItem\",\"position\":1,\"name\":\"\",\"item\":\"https:\/\/www.savoiaterme.it\/it\/\"},{\"@type\":\"ListItem\",\"position\":2,\"name\":\"Men\u00f9 di Pasqua 2026\"}]},{\"@type\":\"WebSite\",\"@id\":\"https:\/\/www.savoiaterme.it\/it\/#website\",\"url\":\"https:\/\/www.savoiaterme.it\/it\/\",\"name\":\"Hotel Savoia Therm\u00e6 &amp; Spa\",\"description\":\"ABANO TERME\",\"potentialAction\":[{\"@type\":\"SearchAction\",\"target\":{\"@type\":\"EntryPoint\",\"urlTemplate\":\"https:\/\/www.savoiaterme.it\/it\/?s={search_term_string}\"},\"query-input\":{\"@type\":\"PropertyValueSpecification\",\"valueRequired\":true,\"valueName\":\"search_term_string\"}}],\"inLanguage\":\"it-IT\"}]}<\/script>\n<!-- \/ Yoast SEO plugin. -->","yoast_head_json":{"title":"Men\u00f9 di Pasqua 2026 - Hotel Savoia Therm\u00e6 &amp; Spa","robots":{"index":"noindex","follow":"follow"},"og_locale":"it_IT","og_type":"article","og_title":"Men\u00f9 di Pasqua 2026 - Hotel Savoia Therm\u00e6 &amp; Spa","og_url":"https:\/\/www.savoiaterme.it\/it\/menu-di-pasqua-2026\/","og_site_name":"Hotel Savoia Therm\u00e6 &amp; Spa","article_modified_time":"2026-03-06T16:09:30+00:00","og_image":[{"width":1792,"height":1024,"url":"https:\/\/www.savoiaterme.it\/wp-content\/uploads\/2025\/02\/immagine-pasqua-savoia-2.webp","type":"image\/webp"}],"twitter_card":"summary_large_image","twitter_misc":{"Tempo di lettura stimato":"2 minuti"},"schema":{"@context":"https:\/\/schema.org","@graph":[{"@type":"WebPage","@id":"https:\/\/www.savoiaterme.it\/it\/menu-di-pasqua-2026\/","url":"https:\/\/www.savoiaterme.it\/it\/menu-di-pasqua-2026\/","name":"Men\u00f9 di Pasqua 2026 - Hotel Savoia Therm\u00e6 &amp; Spa","isPartOf":{"@id":"https:\/\/www.savoiaterme.it\/it\/#website"},"primaryImageOfPage":{"@id":"https:\/\/www.savoiaterme.it\/it\/menu-di-pasqua-2026\/#primaryimage"},"image":{"@id":"https:\/\/www.savoiaterme.it\/it\/menu-di-pasqua-2026\/#primaryimage"},"thumbnailUrl":"https:\/\/www.savoiaterme.it\/wp-content\/uploads\/2025\/02\/immagine-pasqua-savoia-2.webp","datePublished":"2026-03-06T13:57:33+00:00","dateModified":"2026-03-06T16:09:30+00:00","breadcrumb":{"@id":"https:\/\/www.savoiaterme.it\/it\/menu-di-pasqua-2026\/#breadcrumb"},"inLanguage":"it-IT","potentialAction":[{"@type":"ReadAction","target":["https:\/\/www.savoiaterme.it\/it\/menu-di-pasqua-2026\/"]}]},{"@type":"ImageObject","inLanguage":"it-IT","@id":"https:\/\/www.savoiaterme.it\/it\/menu-di-pasqua-2026\/#primaryimage","url":"https:\/\/www.savoiaterme.it\/wp-content\/uploads\/2025\/02\/immagine-pasqua-savoia-2.webp","contentUrl":"https:\/\/www.savoiaterme.it\/wp-content\/uploads\/2025\/02\/immagine-pasqua-savoia-2.webp","width":1792,"height":1024},{"@type":"BreadcrumbList","@id":"https:\/\/www.savoiaterme.it\/it\/menu-di-pasqua-2026\/#breadcrumb","itemListElement":[{"@type":"ListItem","position":1,"name":"","item":"https:\/\/www.savoiaterme.it\/it\/"},{"@type":"ListItem","position":2,"name":"Men\u00f9 di Pasqua 2026"}]},{"@type":"WebSite","@id":"https:\/\/www.savoiaterme.it\/it\/#website","url":"https:\/\/www.savoiaterme.it\/it\/","name":"Hotel Savoia Therm\u00e6 &amp; Spa","description":"ABANO TERME","potentialAction":[{"@type":"SearchAction","target":{"@type":"EntryPoint","urlTemplate":"https:\/\/www.savoiaterme.it\/it\/?s={search_term_string}"},"query-input":{"@type":"PropertyValueSpecification","valueRequired":true,"valueName":"search_term_string"}}],"inLanguage":"it-IT"}]}},"coauthors":[],"author_meta":{"author_link":"https:\/\/www.savoiaterme.it\/it\/author\/mattia\/","display_name":"mattia"},"relative_dates":{"created":"Pubblicato 2 mesi fa","modified":"Aggiornato 2 mesi fa"},"absolute_dates":{"created":"Pubblicato il Marzo 6, 2026","modified":"Aggiornato il Marzo 6, 2026"},"absolute_dates_time":{"created":"Pubblicato il Marzo 6, 2026 2:57 pm","modified":"Aggiornato il Marzo 6, 2026 5:09 pm"},"featured_img_caption":"","featured_img":"https:\/\/www.savoiaterme.it\/wp-content\/uploads\/2025\/02\/immagine-pasqua-savoia-2-1568x896.webp","series_order":"","_links":{"self":[{"href":"https:\/\/www.savoiaterme.it\/it\/wp-json\/wp\/v2\/pages\/33533","targetHints":{"allow":["GET"]}}],"collection":[{"href":"https:\/\/www.savoiaterme.it\/it\/wp-json\/wp\/v2\/pages"}],"about":[{"href":"https:\/\/www.savoiaterme.it\/it\/wp-json\/wp\/v2\/types\/page"}],"author":[{"embeddable":true,"href":"https:\/\/www.savoiaterme.it\/it\/wp-json\/wp\/v2\/users\/26"}],"replies":[{"embeddable":true,"href":"https:\/\/www.savoiaterme.it\/it\/wp-json\/wp\/v2\/comments?post=33533"}],"version-history":[{"count":15,"href":"https:\/\/www.savoiaterme.it\/it\/wp-json\/wp\/v2\/pages\/33533\/revisions"}],"predecessor-version":[{"id":33632,"href":"https:\/\/www.savoiaterme.it\/it\/wp-json\/wp\/v2\/pages\/33533\/revisions\/33632"}],"wp:featuredmedia":[{"embeddable":true,"href":"https:\/\/www.savoiaterme.it\/it\/wp-json\/wp\/v2\/media\/28187"}],"wp:attachment":[{"href":"https:\/\/www.savoiaterme.it\/it\/wp-json\/wp\/v2\/media?parent=33533"}],"curies":[{"name":"wp","href":"https:\/\/api.w.org\/{rel}","templated":true}]}}