{"id":4533,"date":"2021-10-08T16:12:02","date_gmt":"2021-10-08T14:12:02","guid":{"rendered":"https:\/\/www.savoiaterme.it\/?page_id=4533"},"modified":"2026-03-27T15:38:07","modified_gmt":"2026-03-27T14:38:07","slug":"colazione","status":"publish","type":"page","link":"https:\/\/www.savoiaterme.it\/it\/gourmet\/colazione\/","title":{"rendered":"Una colazione genuina"},"content":{"rendered":"<div  class=\"grids-section grids-is-advanced alignfull\" style=\"--_gs-gap-desktop:0px 0px;--_gs-m-desktop:0 0 0 0;--_gs-p-desktop:0 0 0 0;--_gs-bg-desktop:transparent none;--_gs-bg-xp-desktop:0px;--_gs-zi-desktop:auto;--_gs-d-desktop:block;--_gs-mw-desktop:calc(100% - 0 - 0);--_gs-gap-tablet:0px 0px;--_gs-m-tablet:0 0 0 0;--_gs-p-tablet:0 0 0 0;--_gs-bg-tablet:transparent none;--_gs-bg-xp-tablet:0px;--_gs-zi-tablet:auto;--_gs-d-tablet:block;--_gs-mw-tablet:calc(100% - 0 - 0);--_gs-gap-mobile:0px 0px;--_gs-m-mobile:20px 0 20px 0;--_gs-p-mobile:0 0 0 0;--_gs-bg-mobile:transparent none;--_gs-bg-xp-mobile:0px;--_gs-zi-mobile:auto;--_gs-d-mobile:block;--_gs-mw-mobile:calc(100% - 0 - 0);--_gs-columns:12;--_gs-rows:6\"><div class=\"grids-s-w_i\">\n<div class=\"grids-area\" style=\"--_ga-column:2\/7;--_ga-row:1\/7;--_ga-va:center;--_ga-m-desktop:0 20px 0 0;--_ga-p-desktop:0 0 0 0;--_ga-bg-desktop:transparent none;--_ga-zi-desktop:auto;--_ga-d-desktop:flex;--_ga-mw-desktop:calc(100% - 0 - 20px);--_ga-m-tablet:0 20px 0 0;--_ga-p-tablet:0 0 0 0;--_ga-bg-tablet:transparent none;--_ga-zi-tablet:auto;--_ga-d-tablet:flex;--_ga-mw-tablet:calc(100% - 0 - 20px);--_ga-m-mobile:0 0px 0 0;--_ga-p-mobile:0 0 0 0;--_ga-bg-mobile:transparent none;--_ga-zi-mobile:auto;--_ga-d-mobile:flex;--_ga-mw-mobile:calc(100% - 0 - 0px)\">\n\n<p>La colazione,<strong> un lento rito<\/strong> dove gli aromi e il profumo del mondo del <strong>caff\u00e8<\/strong>, del <strong>t\u00e8 <\/strong>e della <strong>cioccolata calda<\/strong> vi augureranno un dolce e sano risveglio, accompagnati dai profumi del forno dei<strong> plum-cakes<\/strong>, delle <strong>crostate<\/strong>, delle <strong>brioches<\/strong>, dei <strong>biscotti <\/strong>e dei <strong>dolci <\/strong>oltre che dei diversi tipi di pane e fette biscottate.<\/p>\n\n\n\n<p>La nostra colazione si contraddistingue per <strong>prodotti freschi e di alta qualit\u00e0<\/strong> non solo negli alimenti da forno ma anche negli assortimenti di <strong>marmellate<\/strong>, <strong>cioccolata<\/strong>, <strong>yogurt<\/strong>, <strong>cereali e muesli<\/strong>, diversi succhi di frutta, macedonia di frutta e frutta sciroppata.<\/p>\n\n<\/div>\n\n<div class=\"grids-area\" style=\"--_ga-column:7\/12;--_ga-row:1\/7;--_ga-va:center;--_ga-m-desktop:0 0 0 20px;--_ga-p-desktop:0 0 0 0;--_ga-bg-desktop:transparent none;--_ga-zi-desktop:auto;--_ga-d-desktop:flex;--_ga-mw-desktop:calc(100% - 20px - 0);--_ga-m-tablet:0 0 0 20px;--_ga-p-tablet:0 0 0 0;--_ga-bg-tablet:transparent none;--_ga-zi-tablet:auto;--_ga-d-tablet:flex;--_ga-mw-tablet:calc(100% - 20px - 0);--_ga-m-mobile:0 0 0 0px;--_ga-p-mobile:0 0 0 0;--_ga-bg-mobile:transparent none;--_ga-zi-mobile:auto;--_ga-d-mobile:flex;--_ga-mw-mobile:calc(100% - 0px - 0)\">\n<IfSoTrigger tid='17634' class=''  style='display:inline-block;'><\/IfSoTrigger>\n\n<\/div>\n<\/div><\/div>\n\n<div  class=\"grids-section grids-is-advanced alignfull\" style=\"--_gs-gap-desktop:0px 0px;--_gs-m-desktop:0 0 0 0;--_gs-p-desktop:0 0 0 0;--_gs-bg-desktop:transparent none;--_gs-bg-xp-desktop:0px;--_gs-zi-desktop:auto;--_gs-d-desktop:block;--_gs-mw-desktop:calc(100% - 0 - 0);--_gs-gap-tablet:0px 0px;--_gs-m-tablet:0 0 0 0;--_gs-p-tablet:0 0 0 0;--_gs-bg-tablet:transparent none;--_gs-bg-xp-tablet:0px;--_gs-zi-tablet:auto;--_gs-d-tablet:block;--_gs-mw-tablet:calc(100% - 0 - 0);--_gs-gap-mobile:0px 0px;--_gs-m-mobile:0 0 0 0;--_gs-p-mobile:0 0 0 0;--_gs-bg-mobile:transparent none;--_gs-bg-xp-mobile:0px;--_gs-zi-mobile:auto;--_gs-d-mobile:block;--_gs-mw-mobile:calc(100% - 0 - 0);--_gs-columns:12;--_gs-rows:6\"><div class=\"grids-s-w_i\">\n<div class=\"grids-area\" style=\"--_ga-column:7\/12;--_ga-row:1\/7;--_ga-va:center;--_ga-m-desktop:0 0 0 20px;--_ga-p-desktop:0 0 0 0;--_ga-bg-desktop:transparent none;--_ga-zi-desktop:auto;--_ga-d-desktop:flex;--_ga-mw-desktop:calc(100% - 20px - 0);--_ga-m-tablet:0 0 0 20px;--_ga-p-tablet:0 0 0 0;--_ga-bg-tablet:transparent none;--_ga-zi-tablet:auto;--_ga-d-tablet:flex;--_ga-mw-tablet:calc(100% - 20px - 0);--_ga-m-mobile:0 0 0 0px;--_ga-p-mobile:0 0 0 0;--_ga-bg-mobile:transparent none;--_ga-zi-mobile:auto;--_ga-d-mobile:flex;--_ga-mw-mobile:calc(100% - 0px - 0)\">\n\n<p>Ma la colazione Savoia non \u00e8 solo all\u2019italiana: le <strong>tradizioni internazionali<\/strong> si fondono proponendo svariate qualit\u00e0 di <strong>formaggi e salumi<\/strong> con <strong>uova e verdura fresca<\/strong>.<\/p>\n\n\n\n<p>Una particolare attenzione per coloro che necessitano di<strong> cibi dedicati<\/strong> per eventuali <strong>intolleranze <\/strong>alimentari o <strong>allergie<\/strong>. Vi preghiamo di <strong>informarci delle vostre esigenze<\/strong> alimentari al momento della <strong>prenotazione<\/strong>.<\/p>\n\n\n\n<ul class=\"wp-block-list\">\n<li> La prima colazione a <strong>buffet <\/strong>\u00e8 servita <strong>dalle ore 7:30 alle 10:00<\/strong> nella sala dedicata (1\u00b0 piano).<\/li>\n\n\n\n<li>Se dovete partire prima fatecelo sapere\u2026 vi faremo trovare di sicuro qualcosa di pronto!<\/li>\n\n\n\n<li>Su richiesta la prima colazione pu\u00f2 essere <strong>servita in camera<\/strong> (servizio \u20ac 5,00 per persona).<\/li>\n<\/ul>\n\n<\/div>\n\n<div class=\"grids-area\" style=\"--_ga-column:2\/7;--_ga-row:1\/7;--_ga-va:center;--_ga-m-desktop:0 20px 0 0;--_ga-p-desktop:0 0 0 0;--_ga-bg-desktop:transparent none;--_ga-zi-desktop:auto;--_ga-d-desktop:flex;--_ga-mw-desktop:calc(100% - 0 - 20px);--_ga-m-tablet:0 20px 0 0;--_ga-p-tablet:0 0 0 0;--_ga-bg-tablet:transparent none;--_ga-zi-tablet:auto;--_ga-d-tablet:flex;--_ga-mw-tablet:calc(100% - 0 - 20px);--_ga-m-mobile:0 0px 0 0;--_ga-p-mobile:0 0 0 0;--_ga-bg-mobile:transparent none;--_ga-zi-mobile:auto;--_ga-d-mobile:flex;--_ga-mw-mobile:calc(100% - 0 - 0px)\">\n<IfSoTrigger tid='17637' class=''  style='display:inline-block;'><\/IfSoTrigger>\n\n<\/div>\n<\/div><\/div>\n\n<div  class=\"grids-section image-boxed-blur-background grids-is-advanced alignfull\" style=\"--_gs-gap-desktop:0px 0px;--_gs-m-desktop:0 0 0 0;--_gs-p-desktop:0 0 0 0;--_gs-bg-desktop:transparent url(https:\/\/www.savoiaterme.it\/wp-content\/uploads\/2021\/10\/colazione-CUR-hotel-savoia-terme-abano-terme.jpg) no-repeat 50% 50%  \/ cover;--_gs-bg-xp-desktop:0px;--_gs-zi-desktop:auto;--_gs-d-desktop:block;--_gs-mw-desktop:calc(100% - 0 - 0);--_gs-gap-tablet:0px 0px;--_gs-m-tablet:0 0 0 0;--_gs-p-tablet:0 0 0 0;--_gs-bg-tablet:transparent url(https:\/\/www.savoiaterme.it\/wp-content\/uploads\/2021\/10\/colazione-CUR-hotel-savoia-terme-abano-terme.jpg) no-repeat 50% 50%  \/ cover;--_gs-bg-xp-tablet:0px;--_gs-zi-tablet:auto;--_gs-d-tablet:block;--_gs-mw-tablet:calc(100% - 0 - 0);--_gs-gap-mobile:0px 0px;--_gs-m-mobile:0 0 0 0;--_gs-p-mobile:0 0 0 0;--_gs-bg-mobile:transparent url(https:\/\/www.savoiaterme.it\/wp-content\/uploads\/2021\/10\/colazione-CUR-hotel-savoia-terme-abano-terme.jpg) no-repeat 50% 50%  \/ cover;--_gs-bg-xp-mobile:0px;--_gs-zi-mobile:auto;--_gs-d-mobile:block;--_gs-mw-mobile:calc(100% - 0 - 0);--_gs-columns:12;--_gs-rows:6\"><div class=\"grids-s-w_i\">\n<div class=\"grids-area\" style=\"--_ga-column:5\/9;--_ga-row:1\/4;--_ga-m-desktop:0 0 0 0;--_ga-p-desktop:0 0 0 0;--_ga-bg-desktop:transparent none;--_ga-zi-desktop:auto;--_ga-d-desktop:flex;--_ga-mw-desktop:calc(100% - 0 - 0);--_ga-m-tablet:0 0 0 0;--_ga-p-tablet:0 0 0 0;--_ga-bg-tablet:transparent none;--_ga-zi-tablet:auto;--_ga-d-tablet:flex;--_ga-mw-tablet:calc(100% - 0 - 0);--_ga-m-mobile:0 0 0 0;--_ga-p-mobile:0 20px 0 20px;--_ga-bg-mobile:transparent none;--_ga-zi-mobile:auto;--_ga-d-mobile:flex;--_ga-mw-mobile:calc(100% - 0 - 0)\">\n\n<h2 class=\"wp-block-heading has-text-align-center\" id=\"la-prima-colazione-in-camera\">La prima colazione in camera<\/h2>\n\n\n\n<p class=\"has-text-align-center\">Ti piacerebbe essere <strong>servito direttamente in camera<\/strong>?<\/p>\n\n\n\n<p class=\"has-text-align-center\"><strong>Prenota la prima colazione <\/strong>tramite la nostra App!<\/p>\n\n\n\n<p class=\"has-text-align-center\">La colazione \u00e8 il pasto pi\u00f9 importante della giornata, per questo offriamo un servizio che supera le aspettative.<br>Orario, dolce o salato, th\u00e8 o caff\u00e8 li scegli tu!<\/p>\n\n\n\n<p class=\"has-text-align-center\"><b><u><a href=\"mailto: info@savoiaterme.it\">Invia una mail per richiedere la colazione in camera!<\/a><\/u><\/b><\/p>\n\n\n\n<a href=\"https:\/\/savoiaguest.savoiaterme.it\/servizi-in-camera\/\" target=\"blank\" class=\"btn btn-center\" rel=\"noopener\">GUARDA IL MENU COLAZIONE<\/a>\n\n<\/div>\n<\/div><\/div>\n\n<div  class=\"grids-section grids-is-advanced\" style=\"--_gs-gap-desktop:0px 0px;--_gs-m-desktop:0 0 0 0;--_gs-p-desktop:0 0 0 0;--_gs-bg-desktop:transparent none;--_gs-bg-xp-desktop:0px;--_gs-zi-desktop:auto;--_gs-d-desktop:block;--_gs-mw-desktop:calc(100% - 0 - 0);--_gs-gap-tablet:0px 0px;--_gs-m-tablet:0 0 0 0;--_gs-p-tablet:0 0 0 0;--_gs-bg-tablet:transparent none;--_gs-bg-xp-tablet:0px;--_gs-zi-tablet:auto;--_gs-d-tablet:block;--_gs-mw-tablet:calc(100% - 0 - 0);--_gs-gap-mobile:0px 0px;--_gs-m-mobile:0 0 0 0;--_gs-p-mobile:0 0 0 0;--_gs-bg-mobile:transparent none;--_gs-bg-xp-mobile:0px;--_gs-zi-mobile:auto;--_gs-d-mobile:block;--_gs-mw-mobile:calc(100% - 0 - 0);--_gs-columns:12;--_gs-rows:6\"><div class=\"grids-s-w_i\">\n<div class=\"grids-area\" style=\"--_ga-column:1\/13;--_ga-row:1\/7;--_ga-m-desktop:0 0 0 0;--_ga-p-desktop:0 0 0 0;--_ga-bg-desktop:transparent none;--_ga-zi-desktop:auto;--_ga-d-desktop:flex;--_ga-mw-desktop:calc(100% - 0 - 0);--_ga-m-tablet:0 0 0 0;--_ga-p-tablet:0 0 0 0;--_ga-bg-tablet:transparent none;--_ga-zi-tablet:auto;--_ga-d-tablet:flex;--_ga-mw-tablet:calc(100% - 0 - 0);--_ga-m-mobile:0 0 0 0;--_ga-p-mobile:0 0 0 0;--_ga-bg-mobile:transparent none;--_ga-zi-mobile:auto;--_ga-d-mobile:flex;--_ga-mw-mobile:calc(100% - 0 - 0)\">\n\r\n    <div class=\"related-pages-container\">\r\n                                    <div class=\"single-related-page-container\" style=\"background-image:url('https:\/\/www.savoiaterme.it\/wp-content\/uploads\/2021\/10\/the-club-bar-hotel-savoia-terme-abano-terme.jpg');\">\r\n                    <a href=\"https:\/\/www.savoiaterme.it\/it\/gourmet\/the-club-bar\/\" target=\"_blank\">\r\n                        <h2 class=\"related-page-title\">\r\n                            The Club Bar & Lunch                        <\/h2>\r\n                    <\/a>\r\n                <\/div>\r\n                                                <div class=\"single-related-page-container\" style=\"background-image:url('https:\/\/www.savoiaterme.it\/wp-content\/uploads\/2021\/10\/ristorante-il-savoiardo-hotel-savoia-terme-abano-terme-2.jpg');\">\r\n                    <a href=\"https:\/\/www.savoiaterme.it\/it\/gourmet\/ristorante-il-savoiardo\/\" target=\"_blank\">\r\n                        <h2 class=\"related-page-title\">\r\n                            Ristorante \"Il Savoiardo\"                        <\/h2>\r\n                    <\/a>\r\n                <\/div>\r\n                                                <div class=\"single-related-page-container\" style=\"background-image:url('https:\/\/www.savoiaterme.it\/wp-content\/uploads\/2021\/10\/cucina-gourmet-hotel-savoia-terme-abano-terme.jpg');\">\r\n                    <a href=\"https:\/\/www.savoiaterme.it\/it\/gourmet\/\" target=\"_blank\">\r\n                        <h2 class=\"related-page-title\">\r\n                            Cucina gourmet                        <\/h2>\r\n                    <\/a>\r\n                <\/div>\r\n                        <\/div>\r\n\n\n<\/div>\n<\/div><\/div>","protected":false},"excerpt":{"rendered":"","protected":false},"author":1,"featured_media":4720,"parent":4385,"menu_order":0,"comment_status":"closed","ping_status":"closed","template":"","meta":{"_acf_changed":false,"advgb_blocks_editor_width":"","advgb_blocks_columns_visual_guide":"","footnotes":""},"class_list":["post-4533","page","type-page","status-publish","has-post-thumbnail","hentry","entry"],"acf":{"page_custom_gallery":[{"page_custom_gallery_label":"","page_custom_gallery_photos":[4459,4610,4464]},{"page_custom_gallery_label":"","page_custom_gallery_photos":[4459,17587,17592]},{"page_custom_gallery_label":"","page_custom_gallery_photos":[4469,4620,4615]},{"page_custom_gallery_label":"","page_custom_gallery_photos":[4459,17622,17617]},{"page_custom_gallery_label":"","page_custom_gallery_photos":[4469,17602,17597]},{"page_custom_gallery_label":"","page_custom_gallery_photos":[4469,17612,17627]}],"element_single_page":null,"second_element_single_page":null},"yoast_head":"<!-- This site is optimized with the Yoast SEO plugin v25.7 - https:\/\/yoast.com\/wordpress\/plugins\/seo\/ -->\n<title>Una colazione genuina e ricca - Hotel Savoia Therm\u00e6 &amp; Spa<\/title>\n<meta name=\"description\" content=\"L&#039;Hotel Savoia Therm\u00e6 &amp; SPA ti propone un ricco buffet a colazione per viziare il vostro palato gi\u00e0 dal primo mattino.\" \/>\n<meta name=\"robots\" content=\"index, follow, max-snippet:-1, max-image-preview:large, max-video-preview:-1\" \/>\n<link rel=\"canonical\" href=\"https:\/\/www.savoiaterme.it\/it\/gourmet\/colazione\/\" \/>\n<meta property=\"og:locale\" content=\"it_IT\" \/>\n<meta property=\"og:type\" content=\"article\" \/>\n<meta property=\"og:title\" content=\"Una colazione genuina e ricca - Hotel Savoia Therm\u00e6 &amp; Spa\" \/>\n<meta property=\"og:description\" content=\"L&#039;Hotel Savoia Therm\u00e6 &amp; SPA ti propone un ricco buffet a colazione per viziare il vostro palato gi\u00e0 dal primo mattino.\" \/>\n<meta property=\"og:url\" content=\"https:\/\/www.savoiaterme.it\/it\/gourmet\/colazione\/\" \/>\n<meta property=\"og:site_name\" content=\"Hotel Savoia Therm\u00e6 &amp; Spa\" \/>\n<meta property=\"article:modified_time\" content=\"2026-03-27T14:38:07+00:00\" \/>\n<meta property=\"og:image\" content=\"https:\/\/www.savoiaterme.it\/wp-content\/uploads\/2021\/10\/colazione-hotel-savoia-terme-abano-terme.jpg\" \/>\n\t<meta property=\"og:image:width\" content=\"2000\" \/>\n\t<meta property=\"og:image:height\" content=\"714\" \/>\n\t<meta property=\"og:image:type\" content=\"image\/jpeg\" \/>\n<meta name=\"twitter:card\" content=\"summary_large_image\" \/>\n<meta name=\"twitter:label1\" content=\"Tempo di lettura stimato\" \/>\n\t<meta name=\"twitter:data1\" content=\"2 minuti\" \/>\n<script type=\"application\/ld+json\" class=\"yoast-schema-graph\">{\"@context\":\"https:\/\/schema.org\",\"@graph\":[{\"@type\":\"WebPage\",\"@id\":\"https:\/\/www.savoiaterme.it\/it\/gourmet\/colazione\/\",\"url\":\"https:\/\/www.savoiaterme.it\/it\/gourmet\/colazione\/\",\"name\":\"Una colazione genuina e ricca - Hotel Savoia Therm\u00e6 &amp; Spa\",\"isPartOf\":{\"@id\":\"https:\/\/www.savoiaterme.it\/it\/#website\"},\"primaryImageOfPage\":{\"@id\":\"https:\/\/www.savoiaterme.it\/it\/gourmet\/colazione\/#primaryimage\"},\"image\":{\"@id\":\"https:\/\/www.savoiaterme.it\/it\/gourmet\/colazione\/#primaryimage\"},\"thumbnailUrl\":\"https:\/\/www.savoiaterme.it\/wp-content\/uploads\/2021\/10\/colazione-hotel-savoia-terme-abano-terme.jpg\",\"datePublished\":\"2021-10-08T14:12:02+00:00\",\"dateModified\":\"2026-03-27T14:38:07+00:00\",\"description\":\"L'Hotel Savoia Therm\u00e6 & SPA ti propone un ricco buffet a colazione per viziare il vostro palato gi\u00e0 dal primo mattino.\",\"breadcrumb\":{\"@id\":\"https:\/\/www.savoiaterme.it\/it\/gourmet\/colazione\/#breadcrumb\"},\"inLanguage\":\"it-IT\",\"potentialAction\":[{\"@type\":\"ReadAction\",\"target\":[\"https:\/\/www.savoiaterme.it\/it\/gourmet\/colazione\/\"]}]},{\"@type\":\"ImageObject\",\"inLanguage\":\"it-IT\",\"@id\":\"https:\/\/www.savoiaterme.it\/it\/gourmet\/colazione\/#primaryimage\",\"url\":\"https:\/\/www.savoiaterme.it\/wp-content\/uploads\/2021\/10\/colazione-hotel-savoia-terme-abano-terme.jpg\",\"contentUrl\":\"https:\/\/www.savoiaterme.it\/wp-content\/uploads\/2021\/10\/colazione-hotel-savoia-terme-abano-terme.jpg\",\"width\":2000,\"height\":714},{\"@type\":\"BreadcrumbList\",\"@id\":\"https:\/\/www.savoiaterme.it\/it\/gourmet\/colazione\/#breadcrumb\",\"itemListElement\":[{\"@type\":\"ListItem\",\"position\":1,\"name\":\"\",\"item\":\"https:\/\/www.savoiaterme.it\/it\/\"},{\"@type\":\"ListItem\",\"position\":2,\"name\":\"Cucina gourmet: il benessere comincia a tavola\",\"item\":\"https:\/\/www.savoiaterme.it\/it\/gourmet\/\"},{\"@type\":\"ListItem\",\"position\":3,\"name\":\"Una colazione genuina\"}]},{\"@type\":\"WebSite\",\"@id\":\"https:\/\/www.savoiaterme.it\/it\/#website\",\"url\":\"https:\/\/www.savoiaterme.it\/it\/\",\"name\":\"Hotel Savoia Therm\u00e6 &amp; Spa\",\"description\":\"ABANO TERME\",\"potentialAction\":[{\"@type\":\"SearchAction\",\"target\":{\"@type\":\"EntryPoint\",\"urlTemplate\":\"https:\/\/www.savoiaterme.it\/it\/?s={search_term_string}\"},\"query-input\":{\"@type\":\"PropertyValueSpecification\",\"valueRequired\":true,\"valueName\":\"search_term_string\"}}],\"inLanguage\":\"it-IT\"}]}<\/script>\n<!-- \/ Yoast SEO plugin. -->","yoast_head_json":{"title":"Una colazione genuina e ricca - Hotel Savoia Therm\u00e6 &amp; Spa","description":"L'Hotel Savoia Therm\u00e6 & SPA ti propone un ricco buffet a colazione per viziare il vostro palato gi\u00e0 dal primo mattino.","robots":{"index":"index","follow":"follow","max-snippet":"max-snippet:-1","max-image-preview":"max-image-preview:large","max-video-preview":"max-video-preview:-1"},"canonical":"https:\/\/www.savoiaterme.it\/it\/gourmet\/colazione\/","og_locale":"it_IT","og_type":"article","og_title":"Una colazione genuina e ricca - Hotel Savoia Therm\u00e6 &amp; Spa","og_description":"L'Hotel Savoia Therm\u00e6 & SPA ti propone un ricco buffet a colazione per viziare il vostro palato gi\u00e0 dal primo mattino.","og_url":"https:\/\/www.savoiaterme.it\/it\/gourmet\/colazione\/","og_site_name":"Hotel Savoia Therm\u00e6 &amp; Spa","article_modified_time":"2026-03-27T14:38:07+00:00","og_image":[{"width":2000,"height":714,"url":"https:\/\/www.savoiaterme.it\/wp-content\/uploads\/2021\/10\/colazione-hotel-savoia-terme-abano-terme.jpg","type":"image\/jpeg"}],"twitter_card":"summary_large_image","twitter_misc":{"Tempo di lettura stimato":"2 minuti"},"schema":{"@context":"https:\/\/schema.org","@graph":[{"@type":"WebPage","@id":"https:\/\/www.savoiaterme.it\/it\/gourmet\/colazione\/","url":"https:\/\/www.savoiaterme.it\/it\/gourmet\/colazione\/","name":"Una colazione genuina e ricca - Hotel Savoia Therm\u00e6 &amp; Spa","isPartOf":{"@id":"https:\/\/www.savoiaterme.it\/it\/#website"},"primaryImageOfPage":{"@id":"https:\/\/www.savoiaterme.it\/it\/gourmet\/colazione\/#primaryimage"},"image":{"@id":"https:\/\/www.savoiaterme.it\/it\/gourmet\/colazione\/#primaryimage"},"thumbnailUrl":"https:\/\/www.savoiaterme.it\/wp-content\/uploads\/2021\/10\/colazione-hotel-savoia-terme-abano-terme.jpg","datePublished":"2021-10-08T14:12:02+00:00","dateModified":"2026-03-27T14:38:07+00:00","description":"L'Hotel Savoia Therm\u00e6 & SPA ti propone un ricco buffet a colazione per viziare il vostro palato gi\u00e0 dal primo mattino.","breadcrumb":{"@id":"https:\/\/www.savoiaterme.it\/it\/gourmet\/colazione\/#breadcrumb"},"inLanguage":"it-IT","potentialAction":[{"@type":"ReadAction","target":["https:\/\/www.savoiaterme.it\/it\/gourmet\/colazione\/"]}]},{"@type":"ImageObject","inLanguage":"it-IT","@id":"https:\/\/www.savoiaterme.it\/it\/gourmet\/colazione\/#primaryimage","url":"https:\/\/www.savoiaterme.it\/wp-content\/uploads\/2021\/10\/colazione-hotel-savoia-terme-abano-terme.jpg","contentUrl":"https:\/\/www.savoiaterme.it\/wp-content\/uploads\/2021\/10\/colazione-hotel-savoia-terme-abano-terme.jpg","width":2000,"height":714},{"@type":"BreadcrumbList","@id":"https:\/\/www.savoiaterme.it\/it\/gourmet\/colazione\/#breadcrumb","itemListElement":[{"@type":"ListItem","position":1,"name":"","item":"https:\/\/www.savoiaterme.it\/it\/"},{"@type":"ListItem","position":2,"name":"Cucina gourmet: il benessere comincia a tavola","item":"https:\/\/www.savoiaterme.it\/it\/gourmet\/"},{"@type":"ListItem","position":3,"name":"Una colazione genuina"}]},{"@type":"WebSite","@id":"https:\/\/www.savoiaterme.it\/it\/#website","url":"https:\/\/www.savoiaterme.it\/it\/","name":"Hotel Savoia Therm\u00e6 &amp; Spa","description":"ABANO TERME","potentialAction":[{"@type":"SearchAction","target":{"@type":"EntryPoint","urlTemplate":"https:\/\/www.savoiaterme.it\/it\/?s={search_term_string}"},"query-input":{"@type":"PropertyValueSpecification","valueRequired":true,"valueName":"search_term_string"}}],"inLanguage":"it-IT"}]}},"coauthors":[],"author_meta":{"author_link":"https:\/\/www.savoiaterme.it\/it\/author\/sav014-t3rm294k\/","display_name":"sav014-t3rm294k"},"relative_dates":{"created":"Pubblicato 5 anni fa","modified":"Aggiornato 1 mese fa"},"absolute_dates":{"created":"Pubblicato il Ottobre 8, 2021","modified":"Aggiornato il Marzo 27, 2026"},"absolute_dates_time":{"created":"Pubblicato il Ottobre 8, 2021 4:12 pm","modified":"Aggiornato il Marzo 27, 2026 3:38 pm"},"featured_img_caption":"","featured_img":"https:\/\/www.savoiaterme.it\/wp-content\/uploads\/2021\/10\/colazione-hotel-savoia-terme-abano-terme-1568x560.jpg","series_order":"","_links":{"self":[{"href":"https:\/\/www.savoiaterme.it\/it\/wp-json\/wp\/v2\/pages\/4533","targetHints":{"allow":["GET"]}}],"collection":[{"href":"https:\/\/www.savoiaterme.it\/it\/wp-json\/wp\/v2\/pages"}],"about":[{"href":"https:\/\/www.savoiaterme.it\/it\/wp-json\/wp\/v2\/types\/page"}],"author":[{"embeddable":true,"href":"https:\/\/www.savoiaterme.it\/it\/wp-json\/wp\/v2\/users\/1"}],"replies":[{"embeddable":true,"href":"https:\/\/www.savoiaterme.it\/it\/wp-json\/wp\/v2\/comments?post=4533"}],"version-history":[{"count":1,"href":"https:\/\/www.savoiaterme.it\/it\/wp-json\/wp\/v2\/pages\/4533\/revisions"}],"predecessor-version":[{"id":33837,"href":"https:\/\/www.savoiaterme.it\/it\/wp-json\/wp\/v2\/pages\/4533\/revisions\/33837"}],"up":[{"embeddable":true,"href":"https:\/\/www.savoiaterme.it\/it\/wp-json\/wp\/v2\/pages\/4385"}],"wp:featuredmedia":[{"embeddable":true,"href":"https:\/\/www.savoiaterme.it\/it\/wp-json\/wp\/v2\/media\/4720"}],"wp:attachment":[{"href":"https:\/\/www.savoiaterme.it\/it\/wp-json\/wp\/v2\/media?parent=4533"}],"curies":[{"name":"wp","href":"https:\/\/api.w.org\/{rel}","templated":true}]}}